{"id":10,"date":"2024-10-16T15:25:33","date_gmt":"2024-10-16T15:25:33","guid":{"rendered":"https:\/\/rabat-maroc.net\/rabat-maroc-V2\/home\/"},"modified":"2024-11-26T16:00:12","modified_gmt":"2024-11-26T16:00:12","slug":"home","status":"publish","type":"page","link":"https:\/\/rabat-maroc.net\/rabat-maroc-V2\/","title":{"rendered":"Home"},"content":{"rendered":"\t\t<div data-elementor-type=\"wp-page\" data-elementor-id=\"10\" class=\"elementor elementor-10\">\n\t\t\t\t<div class=\"elementor-element elementor-element-c86ebe9 e-flex e-con-boxed e-con e-parent\" data-id=\"c86ebe9\" data-element_type=\"container\" data-e-type=\"container\">\n\t\t\t\t\t<div class=\"e-con-inner\">\n\t\t\t\t<div class=\"elementor-element elementor-element-556a3ba elementor-widget-divider--view-line elementor-widget elementor-widget-divider\" data-id=\"556a3ba\" data-element_type=\"widget\" data-e-type=\"widget\" data-widget_type=\"divider.default\">\n\t\t\t\t<div class=\"elementor-widget-container\">\n\t\t\t\t\t\t\t<div class=\"elementor-divider\">\n\t\t\t<span class=\"elementor-divider-separator\">\n\t\t\t\t\t\t<\/span>\n\t\t<\/div>\n\t\t\t\t\t\t<\/div>\n\t\t\t\t<\/div>\n\t\t\t\t\t<\/div>\n\t\t\t\t<\/div>\n\t\t\t\t<section class=\"elementor-section elementor-top-section elementor-element elementor-element-wt2f15w elementor-section-boxed elementor-section-height-default elementor-section-height-default\" data-id=\"wt2f15w\" data-element_type=\"section\" data-e-type=\"section\" data-settings=\"{&quot;background_background&quot;:&quot;classic&quot;}\">\n\t\t\t\t\t\t\t<div class=\"elementor-background-overlay\"><\/div>\n\t\t\t\t\t\t\t<div class=\"elementor-container elementor-column-gap-default\">\n\t\t\t\t\t<div class=\"elementor-column elementor-col-100 elementor-top-column elementor-element elementor-element-78af2ff\" data-id=\"78af2ff\" data-element_type=\"column\" data-e-type=\"column\">\n\t\t\t<div class=\"elementor-widget-wrap elementor-element-populated\">\n\t\t\t\t\t\t<div class=\"elementor-element elementor-element-58ba8f4 elementor-widget elementor-widget-heading\" data-id=\"58ba8f4\" data-element_type=\"widget\" data-e-type=\"widget\" data-widget_type=\"heading.default\">\n\t\t\t\t<div class=\"elementor-widget-container\">\n\t\t\t\t\t<h1 class=\"elementor-heading-title elementor-size-default\">Rabat de Lyautey \u00e0 Mohammed VI<\/h1>\t\t\t\t<\/div>\n\t\t\t\t<\/div>\n\t\t\t\t<div class=\"elementor-element elementor-element-97cc7d6 elementor-widget elementor-widget-text-editor\" data-id=\"97cc7d6\" data-element_type=\"widget\" data-e-type=\"widget\" data-widget_type=\"text-editor.default\">\n\t\t\t\t<div class=\"elementor-widget-container\">\n\t\t\t\t\t\t\t\t\t<p>portail de Rabat, tourisme, histoire et culture.<\/p>\t\t\t\t\t\t\t\t<\/div>\n\t\t\t\t<\/div>\n\t\t\t\t<div class=\"elementor-element elementor-element-c4c3581 elementor-align-center elementor-widget elementor-widget-button\" data-id=\"c4c3581\" data-element_type=\"widget\" data-e-type=\"widget\" data-widget_type=\"button.default\">\n\t\t\t\t<div class=\"elementor-widget-container\">\n\t\t\t\t\t\t\t\t\t<div class=\"elementor-button-wrapper\">\n\t\t\t\t\t<a class=\"elementor-button elementor-button-link elementor-size-sm\" href=\"#\">\n\t\t\t\t\t\t<span class=\"elementor-button-content-wrapper\">\n\t\t\t\t\t\t\t\t\t<span class=\"elementor-button-text\">Plus d'information<\/span>\n\t\t\t\t\t<\/span>\n\t\t\t\t\t<\/a>\n\t\t\t\t<\/div>\n\t\t\t\t\t\t\t\t<\/div>\n\t\t\t\t<\/div>\n\t\t\t\t\t<\/div>\n\t\t<\/div>\n\t\t\t\t\t<\/div>\n\t\t<\/section>\n\t\t<div class=\"elementor-element elementor-element-7a3e92a e-flex e-con-boxed e-con e-parent\" data-id=\"7a3e92a\" data-element_type=\"container\" data-e-type=\"container\">\n\t\t\t\t\t<div class=\"e-con-inner\">\n\t\t\t\t\t<\/div>\n\t\t\t\t<\/div>\n\t\t\t\t<section class=\"elementor-section elementor-top-section elementor-element elementor-element-i3gmtg1 elementor-section-content-middle elementor-section-boxed elementor-section-height-default elementor-section-height-default elementor-invisible\" data-id=\"i3gmtg1\" data-element_type=\"section\" data-e-type=\"section\" data-settings=\"{&quot;background_background&quot;:&quot;classic&quot;,&quot;animation&quot;:&quot;zoomInDown&quot;}\">\n\t\t\t\t\t\t\t<div class=\"elementor-background-overlay\"><\/div>\n\t\t\t\t\t\t\t<div class=\"elementor-container elementor-column-gap-no\">\n\t\t\t\t\t<div class=\"elementor-column elementor-col-100 elementor-top-column elementor-element elementor-element-60772b1\" data-id=\"60772b1\" data-element_type=\"column\" data-e-type=\"column\">\n\t\t\t<div class=\"elementor-widget-wrap elementor-element-populated\">\n\t\t\t\t\t\t<div class=\"elementor-element elementor-element-7872c98 elementor-widget elementor-widget-heading\" data-id=\"7872c98\" data-element_type=\"widget\" data-e-type=\"widget\" data-widget_type=\"heading.default\">\n\t\t\t\t<div class=\"elementor-widget-container\">\n\t\t\t\t\t<h2 class=\"elementor-heading-title elementor-size-default\">LES SITES INCONTOURNABLES<\/h2>\t\t\t\t<\/div>\n\t\t\t\t<\/div>\n\t\t\t\t<section class=\"elementor-section elementor-inner-section elementor-element elementor-element-0834d95 elementor-section-boxed elementor-section-height-default elementor-section-height-default\" data-id=\"0834d95\" data-element_type=\"section\" data-e-type=\"section\">\n\t\t\t\t\t\t<div class=\"elementor-container elementor-column-gap-no\">\n\t\t\t\t\t<div class=\"elementor-column elementor-col-25 elementor-inner-column elementor-element elementor-element-9f2b31d\" data-id=\"9f2b31d\" data-element_type=\"column\" data-e-type=\"column\">\n\t\t\t<div class=\"elementor-widget-wrap elementor-element-populated\">\n\t\t\t\t\t\t<div class=\"elementor-element elementor-element-1eaee11 elementor-widget elementor-widget-image\" data-id=\"1eaee11\" data-element_type=\"widget\" data-e-type=\"widget\" data-widget_type=\"image.default\">\n\t\t\t\t<div class=\"elementor-widget-container\">\n\t\t\t\t\t\t\t\t\t\t\t\t\t\t\t<img fetchpriority=\"high\" decoding=\"async\" width=\"800\" height=\"500\" src=\"https:\/\/rabat-maroc.net\/rabat-maroc-V2\/wp-content\/uploads\/2024\/10\/chellah-400-250-9-1.jpg\" class=\"attachment-large size-large wp-image-1154\" alt=\"chellah : Un minaret en briques rouges se dresse au milieu de ruines anciennes, avec une colline verdoyante en arri\u00e8re-plan.\" srcset=\"https:\/\/rabat-maroc.net\/rabat-maroc-V2\/wp-content\/uploads\/2024\/10\/chellah-400-250-9-1.jpg 800w, https:\/\/rabat-maroc.net\/rabat-maroc-V2\/wp-content\/uploads\/2024\/10\/chellah-400-250-9-1-300x188.webp 300w, https:\/\/rabat-maroc.net\/rabat-maroc-V2\/wp-content\/uploads\/2024\/10\/chellah-400-250-9-1-768x480.webp 768w\" sizes=\"(max-width: 800px) 100vw, 800px\" \/>\t\t\t\t\t\t\t\t\t\t\t\t\t\t\t<\/div>\n\t\t\t\t<\/div>\n\t\t\t\t<div class=\"elementor-element elementor-element-03e7550 elementor-widget elementor-widget-heading\" data-id=\"03e7550\" data-element_type=\"widget\" data-e-type=\"widget\" data-widget_type=\"heading.default\">\n\t\t\t\t<div class=\"elementor-widget-container\">\n\t\t\t\t\t<h3 class=\"elementor-heading-title elementor-size-default\">Le Chellah<\/h3>\t\t\t\t<\/div>\n\t\t\t\t<\/div>\n\t\t\t\t<div class=\"elementor-element elementor-element-f9417bc elementor-widget elementor-widget-text-editor\" data-id=\"f9417bc\" data-element_type=\"widget\" data-e-type=\"widget\" data-widget_type=\"text-editor.default\">\n\t\t\t\t<div class=\"elementor-widget-container\">\n\t\t\t\t\t\t\t\t\t<p><span style=\"text-decoration: underline;\"><em>Myst\u00e8res et l\u00e9gendes, ruines romaines et n\u00e9cropole m\u00e9rinide : <\/em><\/span>D\u00e9couvrez le site \u00e0 la tomb\u00e9e de la nuit, le d\u00e9cor est spectaculaire voire impressionnant, et l\u2019on comprend mieux pourquoi cet endroit suscite myst\u00e8res et l\u00e9gendes.<\/p><p><a title=\"chellah\" href=\"https:\/\/rabat-maroc.net\/rabat-maroc-V2\/chellah\/\"><strong><span style=\"text-decoration: underline;\">Lire la suite<\/span><\/strong> &#8230;<\/a><\/p>\t\t\t\t\t\t\t\t<\/div>\n\t\t\t\t<\/div>\n\t\t\t\t\t<\/div>\n\t\t<\/div>\n\t\t\t\t<div class=\"elementor-column elementor-col-25 elementor-inner-column elementor-element elementor-element-988710c\" data-id=\"988710c\" data-element_type=\"column\" data-e-type=\"column\">\n\t\t\t<div class=\"elementor-widget-wrap elementor-element-populated\">\n\t\t\t\t\t\t<div class=\"elementor-element elementor-element-adf7c99 elementor-widget elementor-widget-image\" data-id=\"adf7c99\" data-element_type=\"widget\" data-e-type=\"widget\" data-widget_type=\"image.default\">\n\t\t\t\t<div class=\"elementor-widget-container\">\n\t\t\t\t\t\t\t\t\t\t\t\t\t\t\t<img decoding=\"async\" width=\"800\" height=\"500\" src=\"https:\/\/rabat-maroc.net\/rabat-maroc-V2\/wp-content\/uploads\/2024\/10\/oudayas-400-250-12-1.webp\" class=\"attachment-large size-large wp-image-1158\" alt=\"La kasbah des Oudaya(s), ou Ouda\u00efa(s)\" srcset=\"https:\/\/rabat-maroc.net\/rabat-maroc-V2\/wp-content\/uploads\/2024\/10\/oudayas-400-250-12-1.webp 800w, https:\/\/rabat-maroc.net\/rabat-maroc-V2\/wp-content\/uploads\/2024\/10\/oudayas-400-250-12-1-300x188.webp 300w, https:\/\/rabat-maroc.net\/rabat-maroc-V2\/wp-content\/uploads\/2024\/10\/oudayas-400-250-12-1-768x480.webp 768w\" sizes=\"(max-width: 800px) 100vw, 800px\" \/>\t\t\t\t\t\t\t\t\t\t\t\t\t\t\t<\/div>\n\t\t\t\t<\/div>\n\t\t\t\t<div class=\"elementor-element elementor-element-36b7580 elementor-widget elementor-widget-heading\" data-id=\"36b7580\" data-element_type=\"widget\" data-e-type=\"widget\" data-widget_type=\"heading.default\">\n\t\t\t\t<div class=\"elementor-widget-container\">\n\t\t\t\t\t<h3 class=\"elementor-heading-title elementor-size-default\">Les Oudayas<\/h3>\t\t\t\t<\/div>\n\t\t\t\t<\/div>\n\t\t\t\t<div class=\"elementor-element elementor-element-8b13322 elementor-widget elementor-widget-text-editor\" data-id=\"8b13322\" data-element_type=\"widget\" data-e-type=\"widget\" data-widget_type=\"text-editor.default\">\n\t\t\t\t<div class=\"elementor-widget-container\">\n\t\t\t\t\t\t\t\t\t<p><span style=\"text-decoration: underline;\"><em>La forteresse imprenable des corsaires de Sal\u00e9 :<\/em><\/span>\u00a0S&rsquo;il n\u2019y avait qu\u2019une chose \u00e0 voir \u00e0 Rabat (quelle id\u00e9e saugrenue !), alors faudrait-il aller aux Ouda\u00efas. Cette Kasbah, ancien repaire des terribles corsaires de Sal\u00e9 est devenue le lieu le plus paisible de Rabat.<\/p><p><a title=\"OUDAYAS LA KASBAH DE RABAT\" href=\"https:\/\/rabat-maroc.net\/rabat-maroc-V2\/oudayas-la-kasbah-de-rabat\/\"><span style=\"text-decoration: underline;\"><strong>Lire la suite &#8230;<\/strong><\/span><\/a><\/p>\t\t\t\t\t\t\t\t<\/div>\n\t\t\t\t<\/div>\n\t\t\t\t\t<\/div>\n\t\t<\/div>\n\t\t\t\t<div class=\"elementor-column elementor-col-25 elementor-inner-column elementor-element elementor-element-e78192b\" data-id=\"e78192b\" data-element_type=\"column\" data-e-type=\"column\">\n\t\t\t<div class=\"elementor-widget-wrap elementor-element-populated\">\n\t\t\t\t\t\t<div class=\"elementor-element elementor-element-859f95d elementor-widget elementor-widget-image\" data-id=\"859f95d\" data-element_type=\"widget\" data-e-type=\"widget\" data-widget_type=\"image.default\">\n\t\t\t\t<div class=\"elementor-widget-container\">\n\t\t\t\t\t\t\t\t\t\t\t\t\t\t\t<img decoding=\"async\" width=\"800\" height=\"500\" src=\"https:\/\/rabat-maroc.net\/rabat-maroc-V2\/wp-content\/uploads\/2024\/10\/tour-hassan-400-250-3-1.jpg\" class=\"attachment-large size-large wp-image-1165\" alt=\"La Tour Hassan\" srcset=\"https:\/\/rabat-maroc.net\/rabat-maroc-V2\/wp-content\/uploads\/2024\/10\/tour-hassan-400-250-3-1.jpg 800w, https:\/\/rabat-maroc.net\/rabat-maroc-V2\/wp-content\/uploads\/2024\/10\/tour-hassan-400-250-3-1-300x188.webp 300w, https:\/\/rabat-maroc.net\/rabat-maroc-V2\/wp-content\/uploads\/2024\/10\/tour-hassan-400-250-3-1-768x480.webp 768w\" sizes=\"(max-width: 800px) 100vw, 800px\" \/>\t\t\t\t\t\t\t\t\t\t\t\t\t\t\t<\/div>\n\t\t\t\t<\/div>\n\t\t\t\t<div class=\"elementor-element elementor-element-b46873a elementor-widget elementor-widget-heading\" data-id=\"b46873a\" data-element_type=\"widget\" data-e-type=\"widget\" data-widget_type=\"heading.default\">\n\t\t\t\t<div class=\"elementor-widget-container\">\n\t\t\t\t\t<h3 class=\"elementor-heading-title elementor-size-default\">La Tour Hassan<\/h3>\t\t\t\t<\/div>\n\t\t\t\t<\/div>\n\t\t\t\t<div class=\"elementor-element elementor-element-34061c0 elementor-widget elementor-widget-text-editor\" data-id=\"34061c0\" data-element_type=\"widget\" data-e-type=\"widget\" data-widget_type=\"text-editor.default\">\n\t\t\t\t<div class=\"elementor-widget-container\">\n\t\t\t\t\t\t\t\t\t<p><em><span style=\"text-decoration: underline;\">La Tour Hassan, une oeuvre architecturale unique<\/span><\/em> : La Tour Hassan est bien plus qu\u2019un minaret. C\u2019est toute la puissance de l\u2019empire almohade que le cr\u00e9ateur de cet impressionnant minaret a voulu exprimer en \u00e9rigeant cette \u00ab tour \u00bb au bord de l\u2019oc\u00e9an telle un phare.<\/p><p><a title=\"TOUR HASSAN de Rabat\" href=\"https:\/\/rabat-maroc.net\/rabat-maroc-V2\/tour-hassan-de-rabat\/\"><span style=\"text-decoration: underline;\"><strong>Lire la suite &#8230;<\/strong><\/span><\/a><\/p>\t\t\t\t\t\t\t\t<\/div>\n\t\t\t\t<\/div>\n\t\t\t\t\t<\/div>\n\t\t<\/div>\n\t\t\t\t<div class=\"elementor-column elementor-col-25 elementor-inner-column elementor-element elementor-element-8ee4ec1\" data-id=\"8ee4ec1\" data-element_type=\"column\" data-e-type=\"column\">\n\t\t\t<div class=\"elementor-widget-wrap elementor-element-populated\">\n\t\t\t\t\t\t<div class=\"elementor-element elementor-element-cbfa00e elementor-widget elementor-widget-image\" data-id=\"cbfa00e\" data-element_type=\"widget\" data-e-type=\"widget\" data-widget_type=\"image.default\">\n\t\t\t\t<div class=\"elementor-widget-container\">\n\t\t\t\t\t\t\t\t\t\t\t\t\t\t\t<img loading=\"lazy\" decoding=\"async\" width=\"800\" height=\"500\" src=\"https:\/\/rabat-maroc.net\/rabat-maroc-V2\/wp-content\/uploads\/2024\/10\/bouregreg_400-250-4-1.jpg\" class=\"attachment-large size-large wp-image-1188\" alt=\"BOUREGREG, l\u2019immuable lien entre Rabat et Sal\u00e9 :\" srcset=\"https:\/\/rabat-maroc.net\/rabat-maroc-V2\/wp-content\/uploads\/2024\/10\/bouregreg_400-250-4-1.jpg 800w, https:\/\/rabat-maroc.net\/rabat-maroc-V2\/wp-content\/uploads\/2024\/10\/bouregreg_400-250-4-1-300x188.webp 300w, https:\/\/rabat-maroc.net\/rabat-maroc-V2\/wp-content\/uploads\/2024\/10\/bouregreg_400-250-4-1-768x480.webp 768w\" sizes=\"(max-width: 800px) 100vw, 800px\" \/>\t\t\t\t\t\t\t\t\t\t\t\t\t\t\t<\/div>\n\t\t\t\t<\/div>\n\t\t\t\t<div class=\"elementor-element elementor-element-2edef0d elementor-widget elementor-widget-heading\" data-id=\"2edef0d\" data-element_type=\"widget\" data-e-type=\"widget\" data-widget_type=\"heading.default\">\n\t\t\t\t<div class=\"elementor-widget-container\">\n\t\t\t\t\t<h3 class=\"elementor-heading-title elementor-size-default\">Le Bouregreg<\/h3>\t\t\t\t<\/div>\n\t\t\t\t<\/div>\n\t\t\t\t<div class=\"elementor-element elementor-element-af0c249 elementor-widget elementor-widget-text-editor\" data-id=\"af0c249\" data-element_type=\"widget\" data-e-type=\"widget\" data-widget_type=\"text-editor.default\">\n\t\t\t\t<div class=\"elementor-widget-container\">\n\t\t\t\t\t\t\t\t\t<p><em><span style=\"text-decoration: underline;\">BOUREGREG, l\u2019immuable lien entre Rabat et Sal\u00e9<\/span><\/em> : L\u2018oued Bouregreg s\u2019appelait dans l\u2019antiquit\u00e9, Oued Sala (la rivi\u00e8re sal\u00e9e). Trait d\u2019union, cordon ombilical ou fronti\u00e8re, l\u2019attribut accol\u00e9 au Bouregreg pour qualifier la liaison parfois tumultueuse entre Rabat et Sal\u00e9 est toujours imag\u00e9.<\/p><p><a title=\"bouregreg\" href=\"https:\/\/rabat-maroc.net\/rabat-maroc-V2\/bouregreg\/\"><span style=\"text-decoration: underline;\"><strong>Lire la suite &#8230;<\/strong><\/span><\/a><\/p>\t\t\t\t\t\t\t\t<\/div>\n\t\t\t\t<\/div>\n\t\t\t\t\t<\/div>\n\t\t<\/div>\n\t\t\t\t\t<\/div>\n\t\t<\/section>\n\t\t\t\t\t<\/div>\n\t\t<\/div>\n\t\t\t\t\t<\/div>\n\t\t<\/section>\n\t\t<div class=\"elementor-element elementor-element-a90ad13 e-flex e-con-boxed e-con e-parent\" data-id=\"a90ad13\" data-element_type=\"container\" data-e-type=\"container\">\n\t\t\t\t\t<div class=\"e-con-inner\">\n\t\t\t\t<div class=\"elementor-element elementor-element-b939cce elementor-widget-divider--view-line elementor-widget elementor-widget-divider\" data-id=\"b939cce\" data-element_type=\"widget\" data-e-type=\"widget\" data-widget_type=\"divider.default\">\n\t\t\t\t<div class=\"elementor-widget-container\">\n\t\t\t\t\t\t\t<div class=\"elementor-divider\">\n\t\t\t<span class=\"elementor-divider-separator\">\n\t\t\t\t\t\t<\/span>\n\t\t<\/div>\n\t\t\t\t\t\t<\/div>\n\t\t\t\t<\/div>\n\t\t\t\t\t<\/div>\n\t\t\t\t<\/div>\n\t\t\t\t<section class=\"elementor-section elementor-top-section elementor-element elementor-element-bcgyv6z elementor-section-content-middle elementor-section-boxed elementor-section-height-default elementor-section-height-default elementor-invisible\" data-id=\"bcgyv6z\" data-element_type=\"section\" data-e-type=\"section\" data-settings=\"{&quot;background_background&quot;:&quot;classic&quot;,&quot;animation&quot;:&quot;zoomInDown&quot;}\">\n\t\t\t\t\t\t\t<div class=\"elementor-background-overlay\"><\/div>\n\t\t\t\t\t\t\t<div class=\"elementor-container elementor-column-gap-no\">\n\t\t\t\t\t<div class=\"elementor-column elementor-col-100 elementor-top-column elementor-element elementor-element-60772b1\" data-id=\"60772b1\" data-element_type=\"column\" data-e-type=\"column\">\n\t\t\t<div class=\"elementor-widget-wrap elementor-element-populated\">\n\t\t\t\t\t\t<div class=\"elementor-element elementor-element-7872c98 elementor-widget elementor-widget-heading\" data-id=\"7872c98\" data-element_type=\"widget\" data-e-type=\"widget\" data-widget_type=\"heading.default\">\n\t\t\t\t<div class=\"elementor-widget-container\">\n\t\t\t\t\t<h2 class=\"elementor-heading-title elementor-size-default\">Les lieux de Rabat les plus fr\u00e9quent\u00e9s.<\/h2>\t\t\t\t<\/div>\n\t\t\t\t<\/div>\n\t\t\t\t<section class=\"elementor-section elementor-inner-section elementor-element elementor-element-0834d95 elementor-section-boxed elementor-section-height-default elementor-section-height-default\" data-id=\"0834d95\" data-element_type=\"section\" data-e-type=\"section\">\n\t\t\t\t\t\t<div class=\"elementor-container elementor-column-gap-no\">\n\t\t\t\t\t<div class=\"elementor-column elementor-col-25 elementor-inner-column elementor-element elementor-element-9f2b31d\" data-id=\"9f2b31d\" data-element_type=\"column\" data-e-type=\"column\">\n\t\t\t<div class=\"elementor-widget-wrap elementor-element-populated\">\n\t\t\t\t\t\t<div class=\"elementor-element elementor-element-1eaee11 elementor-widget elementor-widget-image\" data-id=\"1eaee11\" data-element_type=\"widget\" data-e-type=\"widget\" data-widget_type=\"image.default\">\n\t\t\t\t<div class=\"elementor-widget-container\">\n\t\t\t\t\t\t\t\t\t\t\t\t\t\t\t<img loading=\"lazy\" decoding=\"async\" width=\"1024\" height=\"640\" src=\"https:\/\/rabat-maroc.net\/rabat-maroc-V2\/wp-content\/uploads\/2024\/10\/mausolee-M5-400-250-2-scaled-1-1024x640.webp\" class=\"attachment-large size-large wp-image-1182\" alt=\"Le Mausol\u00e9e Mohammed V \u00e0 Rabat, entour\u00e9 de colonnes anciennes et d&#039;un ciel d\u00e9gag\u00e9.\" srcset=\"https:\/\/rabat-maroc.net\/rabat-maroc-V2\/wp-content\/uploads\/2024\/10\/mausolee-M5-400-250-2-scaled-1-1024x640.webp 1024w, https:\/\/rabat-maroc.net\/rabat-maroc-V2\/wp-content\/uploads\/2024\/10\/mausolee-M5-400-250-2-scaled-1-300x188.webp 300w, https:\/\/rabat-maroc.net\/rabat-maroc-V2\/wp-content\/uploads\/2024\/10\/mausolee-M5-400-250-2-scaled-1-768x480.webp 768w, https:\/\/rabat-maroc.net\/rabat-maroc-V2\/wp-content\/uploads\/2024\/10\/mausolee-M5-400-250-2-scaled-1-1536x960.webp 1536w, https:\/\/rabat-maroc.net\/rabat-maroc-V2\/wp-content\/uploads\/2024\/10\/mausolee-M5-400-250-2-scaled-1.webp 1920w\" sizes=\"(max-width: 1024px) 100vw, 1024px\" \/>\t\t\t\t\t\t\t\t\t\t\t\t\t\t\t<\/div>\n\t\t\t\t<\/div>\n\t\t\t\t<div class=\"elementor-element elementor-element-03e7550 elementor-widget elementor-widget-heading\" data-id=\"03e7550\" data-element_type=\"widget\" data-e-type=\"widget\" data-widget_type=\"heading.default\">\n\t\t\t\t<div class=\"elementor-widget-container\">\n\t\t\t\t\t<h3 class=\"elementor-heading-title elementor-size-default\">Le Mausol\u00e9e Mohammed V<\/h3>\t\t\t\t<\/div>\n\t\t\t\t<\/div>\n\t\t\t\t<div class=\"elementor-element elementor-element-f9417bc elementor-widget elementor-widget-text-editor\" data-id=\"f9417bc\" data-element_type=\"widget\" data-e-type=\"widget\" data-widget_type=\"text-editor.default\">\n\t\t\t\t<div class=\"elementor-widget-container\">\n\t\t\t\t\t\t\t\t\t<p><span style=\"text-decoration: underline;\"><em>Le Mausol\u00e9e du p\u00e8re de l&rsquo;ind\u00e9pendance du Maroc<\/em><\/span> : Marocains de tous \u00e2ges viennent ici se recueillir dans un mouvement perp\u00e9tuel, sur les tombeaux des rois Mohamed V et Hassan II et du prince Moulay Abdellah.<\/p><p><a title=\"MAUSOLEE MOHAMMED V\" href=\"https:\/\/rabat-maroc.net\/rabat-maroc-V2\/mausolee-mohammed-v\/\"><span style=\"text-decoration: underline;\"><strong>Lire la suite &#8230;<\/strong><\/span><\/a><\/p>\t\t\t\t\t\t\t\t<\/div>\n\t\t\t\t<\/div>\n\t\t\t\t\t<\/div>\n\t\t<\/div>\n\t\t\t\t<div class=\"elementor-column elementor-col-25 elementor-inner-column elementor-element elementor-element-988710c\" data-id=\"988710c\" data-element_type=\"column\" data-e-type=\"column\">\n\t\t\t<div class=\"elementor-widget-wrap elementor-element-populated\">\n\t\t\t\t\t\t<div class=\"elementor-element elementor-element-adf7c99 elementor-widget elementor-widget-image\" data-id=\"adf7c99\" data-element_type=\"widget\" data-e-type=\"widget\" data-widget_type=\"image.default\">\n\t\t\t\t<div class=\"elementor-widget-container\">\n\t\t\t\t\t\t\t\t\t\t\t\t\t\t\t<img loading=\"lazy\" decoding=\"async\" width=\"800\" height=\"500\" src=\"https:\/\/rabat-maroc.net\/rabat-maroc-V2\/wp-content\/uploads\/2024\/10\/medina-rabat-400-250-2.jpg\" class=\"attachment-large size-large wp-image-1184\" alt=\"Un march\u00e9 couvert anim\u00e9 dans la m\u00e9dina de Rabat, avec des \u00e9tals de v\u00eatements et des visiteurs.\" srcset=\"https:\/\/rabat-maroc.net\/rabat-maroc-V2\/wp-content\/uploads\/2024\/10\/medina-rabat-400-250-2.jpg 800w, https:\/\/rabat-maroc.net\/rabat-maroc-V2\/wp-content\/uploads\/2024\/10\/medina-rabat-400-250-2-300x188.webp 300w, https:\/\/rabat-maroc.net\/rabat-maroc-V2\/wp-content\/uploads\/2024\/10\/medina-rabat-400-250-2-768x480.webp 768w\" sizes=\"(max-width: 800px) 100vw, 800px\" \/>\t\t\t\t\t\t\t\t\t\t\t\t\t\t\t<\/div>\n\t\t\t\t<\/div>\n\t\t\t\t<div class=\"elementor-element elementor-element-36b7580 elementor-widget elementor-widget-heading\" data-id=\"36b7580\" data-element_type=\"widget\" data-e-type=\"widget\" data-widget_type=\"heading.default\">\n\t\t\t\t<div class=\"elementor-widget-container\">\n\t\t\t\t\t<h3 class=\"elementor-heading-title elementor-size-default\">La m\u00e9dina<\/h3>\t\t\t\t<\/div>\n\t\t\t\t<\/div>\n\t\t\t\t<div class=\"elementor-element elementor-element-8b13322 elementor-widget elementor-widget-text-editor\" data-id=\"8b13322\" data-element_type=\"widget\" data-e-type=\"widget\" data-widget_type=\"text-editor.default\">\n\t\t\t\t<div class=\"elementor-widget-container\">\n\t\t\t\t\t\t\t\t\t<p><span style=\"text-decoration: underline;\"><em>La m\u00e9dina de Rabat, la ville andalouse<\/em><\/span> : La m\u00e9dina de Rabat n&rsquo;est peut-\u00eatre pas le c\u0153ur historique de la ville de Rabat, mais c\u2019est sans nul doute ici que vous y trouverez son \u00e2me, celle d\u2019une ville andalouse qui a fond\u00e9, dans ces quartiers, son unit\u00e9.<\/p><p><a title=\"medina-lame-de-rabat\" href=\"https:\/\/rabat-maroc.net\/rabat-maroc-V2\/medina-lame-de-rabat\/\"><span style=\"text-decoration: underline;\"><strong>Lire la suite &#8230;<\/strong><\/span><\/a><\/p>\t\t\t\t\t\t\t\t<\/div>\n\t\t\t\t<\/div>\n\t\t\t\t\t<\/div>\n\t\t<\/div>\n\t\t\t\t<div class=\"elementor-column elementor-col-25 elementor-inner-column elementor-element elementor-element-e78192b\" data-id=\"e78192b\" data-element_type=\"column\" data-e-type=\"column\">\n\t\t\t<div class=\"elementor-widget-wrap elementor-element-populated\">\n\t\t\t\t\t\t<div class=\"elementor-element elementor-element-859f95d elementor-widget elementor-widget-image\" data-id=\"859f95d\" data-element_type=\"widget\" data-e-type=\"widget\" data-widget_type=\"image.default\">\n\t\t\t\t<div class=\"elementor-widget-container\">\n\t\t\t\t\t\t\t\t\t\t\t\t\t\t\t<img loading=\"lazy\" decoding=\"async\" width=\"800\" height=\"500\" src=\"https:\/\/rabat-maroc.net\/rabat-maroc-V2\/wp-content\/uploads\/2024\/10\/palais-royal-400-250-1.jpg\" class=\"attachment-large size-large wp-image-1192\" alt=\"Vue du Palais Royal de Rabat avec son architecture majestueuse et le Mechouar en premier plan.\" srcset=\"https:\/\/rabat-maroc.net\/rabat-maroc-V2\/wp-content\/uploads\/2024\/10\/palais-royal-400-250-1.jpg 800w, https:\/\/rabat-maroc.net\/rabat-maroc-V2\/wp-content\/uploads\/2024\/10\/palais-royal-400-250-1-300x188.webp 300w, https:\/\/rabat-maroc.net\/rabat-maroc-V2\/wp-content\/uploads\/2024\/10\/palais-royal-400-250-1-768x480.webp 768w\" sizes=\"(max-width: 800px) 100vw, 800px\" \/>\t\t\t\t\t\t\t\t\t\t\t\t\t\t\t<\/div>\n\t\t\t\t<\/div>\n\t\t\t\t<div class=\"elementor-element elementor-element-b46873a elementor-widget elementor-widget-heading\" data-id=\"b46873a\" data-element_type=\"widget\" data-e-type=\"widget\" data-widget_type=\"heading.default\">\n\t\t\t\t<div class=\"elementor-widget-container\">\n\t\t\t\t\t<h3 class=\"elementor-heading-title elementor-size-default\">Le Palais Royal de Rabat<\/h3>\t\t\t\t<\/div>\n\t\t\t\t<\/div>\n\t\t\t\t<div class=\"elementor-element elementor-element-34061c0 elementor-widget elementor-widget-text-editor\" data-id=\"34061c0\" data-element_type=\"widget\" data-e-type=\"widget\" data-widget_type=\"text-editor.default\">\n\t\t\t\t<div class=\"elementor-widget-container\">\n\t\t\t\t\t\t\t\t\t<p><span style=\"text-decoration: underline;\"><em>Dar El Makhzen, le palais royal de Rabat<\/em><\/span> : Le D\u00e2r-al-Makhzen, palais royal et si\u00e8ge du gouvernement o\u00f9 travaillent et r\u00e9sident plus de deux mille personnes est de construction r\u00e9cente puisqu\u2019il date de 1864 et a \u00e9t\u00e9 \u00e9rig\u00e9 sur les ruines de l\u2019ancien palais. Devant la porte d\u2019entr\u00e9e du palais, le Mechouar, parvis sur lequel se d\u00e9roulent les principales f\u00eates en l\u2019honneur du Roi.<\/p><p><a title=\"dar-al-mahkzen\" href=\"https:\/\/rabat-maroc.net\/rabat-maroc-V2\/dar-al-mahkzen\/\"><span style=\"text-decoration: underline;\"><strong>Lire la suite &#8230;<\/strong><\/span><\/a><\/p>\t\t\t\t\t\t\t\t<\/div>\n\t\t\t\t<\/div>\n\t\t\t\t\t<\/div>\n\t\t<\/div>\n\t\t\t\t<div class=\"elementor-column elementor-col-25 elementor-inner-column elementor-element elementor-element-8ee4ec1\" data-id=\"8ee4ec1\" data-element_type=\"column\" data-e-type=\"column\">\n\t\t\t<div class=\"elementor-widget-wrap elementor-element-populated\">\n\t\t\t\t\t\t<div class=\"elementor-element elementor-element-cbfa00e elementor-widget elementor-widget-image\" data-id=\"cbfa00e\" data-element_type=\"widget\" data-e-type=\"widget\" data-widget_type=\"image.default\">\n\t\t\t\t<div class=\"elementor-widget-container\">\n\t\t\t\t\t\t\t\t\t\t\t\t\t\t\t<img loading=\"lazy\" decoding=\"async\" width=\"800\" height=\"500\" src=\"https:\/\/rabat-maroc.net\/rabat-maroc-V2\/wp-content\/uploads\/2024\/10\/parcs-jardins-rabat-400-250-2jpg.jpg\" class=\"attachment-large size-large wp-image-1193\" alt=\"Muraille historique en terre rouge avec des cr\u00e9neaux, bord\u00e9e d&#039;arbres et d&#039;une pelouse verte.\" srcset=\"https:\/\/rabat-maroc.net\/rabat-maroc-V2\/wp-content\/uploads\/2024\/10\/parcs-jardins-rabat-400-250-2jpg.jpg 800w, https:\/\/rabat-maroc.net\/rabat-maroc-V2\/wp-content\/uploads\/2024\/10\/parcs-jardins-rabat-400-250-2jpg-300x188.webp 300w, https:\/\/rabat-maroc.net\/rabat-maroc-V2\/wp-content\/uploads\/2024\/10\/parcs-jardins-rabat-400-250-2jpg-768x480.webp 768w\" sizes=\"(max-width: 800px) 100vw, 800px\" \/>\t\t\t\t\t\t\t\t\t\t\t\t\t\t\t<\/div>\n\t\t\t\t<\/div>\n\t\t\t\t<div class=\"elementor-element elementor-element-2edef0d elementor-widget elementor-widget-heading\" data-id=\"2edef0d\" data-element_type=\"widget\" data-e-type=\"widget\" data-widget_type=\"heading.default\">\n\t\t\t\t<div class=\"elementor-widget-container\">\n\t\t\t\t\t<h3 class=\"elementor-heading-title elementor-size-default\">Les Parcs et jardins publics de Rabat<\/h3>\t\t\t\t<\/div>\n\t\t\t\t<\/div>\n\t\t\t\t<div class=\"elementor-element elementor-element-af0c249 elementor-widget elementor-widget-text-editor\" data-id=\"af0c249\" data-element_type=\"widget\" data-e-type=\"widget\" data-widget_type=\"text-editor.default\">\n\t\t\t\t<div class=\"elementor-widget-container\">\n\t\t\t\t\t\t\t\t\t<p><span style=\"text-decoration: underline;\"><em>Parcs et espaces verts de Rabat la cit\u00e9 jardin<\/em><\/span> : Rabat ci\u00e9 jardin vous fera profiter de ses nombreux jardins et parcs publics, parc Hassan II, parc Nouzhat Hassan au centre-ville, jardin d&rsquo;essais botaniques d&rsquo;Agdal, jardins Andalous des Oudayas, jardins de la Tour Hassan, jardin exotique de Bouknadel, murailles Almohades etc.<\/p><p><a title=\"parc-hassan2-rabat\" href=\"https:\/\/rabat-maroc.net\/rabat-maroc-V2\/parc-hassan2-rabat\/\"><span style=\"text-decoration: underline;\"><strong>Lire la suite &#8230;<\/strong><\/span><\/a><\/p>\t\t\t\t\t\t\t\t<\/div>\n\t\t\t\t<\/div>\n\t\t\t\t\t<\/div>\n\t\t<\/div>\n\t\t\t\t\t<\/div>\n\t\t<\/section>\n\t\t\t\t\t<\/div>\n\t\t<\/div>\n\t\t\t\t\t<\/div>\n\t\t<\/section>\n\t\t<div class=\"elementor-element elementor-element-6bab136 e-flex e-con-boxed e-con e-parent\" data-id=\"6bab136\" data-element_type=\"container\" data-e-type=\"container\">\n\t\t\t\t\t<div class=\"e-con-inner\">\n\t\t\t\t<div class=\"elementor-element elementor-element-52da3e8 elementor-widget elementor-widget-heading\" data-id=\"52da3e8\" data-element_type=\"widget\" data-e-type=\"widget\" data-widget_type=\"heading.default\">\n\t\t\t\t<div class=\"elementor-widget-container\">\n\t\t\t\t\t<h2 class=\"elementor-heading-title elementor-size-default\">Rabat, osez la d\u00e9couverte<\/h2>\t\t\t\t<\/div>\n\t\t\t\t<\/div>\n\t\t\t\t\t<\/div>\n\t\t\t\t<\/div>\n\t\t\t\t<section class=\"elementor-section elementor-top-section elementor-element elementor-element-9bvsnzh elementor-section-content-middle elementor-reverse-mobile elementor-section-boxed elementor-section-height-default elementor-section-height-default elementor-invisible\" data-id=\"9bvsnzh\" data-element_type=\"section\" data-e-type=\"section\" data-settings=\"{&quot;background_background&quot;:&quot;classic&quot;,&quot;animation&quot;:&quot;fadeInLeft&quot;}\">\n\t\t\t\t\t\t\t<div class=\"elementor-background-overlay\"><\/div>\n\t\t\t\t\t\t\t<div class=\"elementor-container elementor-column-gap-no\">\n\t\t\t\t\t<div class=\"elementor-column elementor-col-50 elementor-top-column elementor-element elementor-element-b0b74d8\" data-id=\"b0b74d8\" data-element_type=\"column\" data-e-type=\"column\">\n\t\t\t<div class=\"elementor-widget-wrap elementor-element-populated\">\n\t\t\t\t\t\t<div class=\"elementor-element elementor-element-bfed4c6 elementor-widget elementor-widget-heading\" data-id=\"bfed4c6\" data-element_type=\"widget\" data-e-type=\"widget\" data-widget_type=\"heading.default\">\n\t\t\t\t<div class=\"elementor-widget-container\">\n\t\t\t\t\t<h2 class=\"elementor-heading-title elementor-size-default\">Rabat<\/h2>\t\t\t\t<\/div>\n\t\t\t\t<\/div>\n\t\t\t\t<div class=\"elementor-element elementor-element-327f367 elementor-widget elementor-widget-text-editor\" data-id=\"327f367\" data-element_type=\"widget\" data-e-type=\"widget\" data-widget_type=\"text-editor.default\">\n\t\t\t\t<div class=\"elementor-widget-container\">\n\t\t\t\t\t\t\t\t\t<p><em><strong>S<\/strong><\/em>&lsquo;abandonner au plaisir de la d\u00e9ambulation, sans trop conna\u00eetre sa destination ou se pr\u00e9occuper du temps, c\u2019est souvent ce que le touriste r\u00eave de r\u00e9aliser au Maroc, sans jamais oser. Rabat vous permet de succomber \u00e0 ce fantasme.<\/p><p><em><strong>S<\/strong><\/em>elon la philosophie islamique, d\u00e9placez vous \u00e0 Rabat en adoptant la notion \u201cespace temps\u201d du marocain. Ne projetez aucun d\u00e9placement trop pr\u00e9cis que la volont\u00e9 d\u2019Allah pourrait annihiler : quand rien n\u2019est pr\u00e9vu, aucun \u00e9v\u00e9nement ne vient engendrer de frustation !<\/p><p><em><strong>L<\/strong><\/em>es petites rues des derbs de la m\u00e9dina, les art\u00e8res bord\u00e9es d\u2019immeubles \u201cart d\u00e9co\u201d ou \u201chispano-mauresque\u201d de la ville nouvelle ou les all\u00e9es pi\u00e9tonnes le long des murailles almohades seront le th\u00e9\u00e2tre surprenant de vos d\u00e9placements vagabonds.<\/p><p><em><strong>C<\/strong><\/em>ar marcher dans Rabat est plus qu\u2019un agr\u00e9able exercice physique, c\u2019est une fa\u00e7on de se transporter dans un autre monde, presque un acte de m\u00e9ditation. Suivre la foule dans les souks color\u00e9s et odorants de la m\u00e9dina, ou se faufiler dans l\u2019ombre des ruelles de la Kasbah des Oudayas est une \u201caventure touristique\u201d que vous vivrez intens\u00e9ment, sans guide ni GPS, au gr\u00e9 de vos seules envies et inspirations.<\/p><p>\u00a0<\/p>\t\t\t\t\t\t\t\t<\/div>\n\t\t\t\t<\/div>\n\t\t\t\t\t<\/div>\n\t\t<\/div>\n\t\t\t\t<div class=\"elementor-column elementor-col-50 elementor-top-column elementor-element elementor-element-51962fb\" data-id=\"51962fb\" data-element_type=\"column\" data-e-type=\"column\" data-settings=\"{&quot;background_background&quot;:&quot;classic&quot;}\">\n\t\t\t<div class=\"elementor-widget-wrap elementor-element-populated\">\n\t\t\t\t\t\t<div class=\"elementor-element elementor-element-6315460 elementor-widget elementor-widget-image\" data-id=\"6315460\" data-element_type=\"widget\" data-e-type=\"widget\" data-widget_type=\"image.default\">\n\t\t\t\t<div class=\"elementor-widget-container\">\n\t\t\t\t\t\t\t\t\t\t\t\t\t\t\t<img loading=\"lazy\" decoding=\"async\" width=\"300\" height=\"400\" src=\"https:\/\/rabat-maroc.net\/rabat-maroc-V2\/wp-content\/uploads\/2024\/10\/ravat-laudace-de-la-decouverte-2022.webp\" class=\"attachment-full size-full wp-image-1207\" alt=\"Rue commer\u00e7ante anim\u00e9e dans la m\u00e9dina de Rabat avec des passants et des boutiques traditionnelles sous auvents\" srcset=\"https:\/\/rabat-maroc.net\/rabat-maroc-V2\/wp-content\/uploads\/2024\/10\/ravat-laudace-de-la-decouverte-2022.webp 300w, https:\/\/rabat-maroc.net\/rabat-maroc-V2\/wp-content\/uploads\/2024\/10\/ravat-laudace-de-la-decouverte-2022-225x300.webp 225w\" sizes=\"(max-width: 300px) 100vw, 300px\" \/>\t\t\t\t\t\t\t\t\t\t\t\t\t\t\t<\/div>\n\t\t\t\t<\/div>\n\t\t\t\t\t<\/div>\n\t\t<\/div>\n\t\t\t\t\t<\/div>\n\t\t<\/section>\n\t\t<div class=\"elementor-element elementor-element-16034c1 e-flex e-con-boxed e-con e-parent\" data-id=\"16034c1\" data-element_type=\"container\" data-e-type=\"container\">\n\t\t\t\t\t<div class=\"e-con-inner\">\n\t\t\t\t<div class=\"elementor-element elementor-element-6dbdfd1 elementor-widget elementor-widget-heading\" data-id=\"6dbdfd1\" data-element_type=\"widget\" data-e-type=\"widget\" data-widget_type=\"heading.default\">\n\t\t\t\t<div class=\"elementor-widget-container\">\n\t\t\t\t\t<h2 class=\"elementor-heading-title elementor-size-default\">Rabat, la lumi\u00e8re et les couleurs<\/h2>\t\t\t\t<\/div>\n\t\t\t\t<\/div>\n\t\t\t\t\t<\/div>\n\t\t\t\t<\/div>\n\t\t\t\t<section class=\"elementor-section elementor-top-section elementor-element elementor-element-7eaf0bf elementor-section-content-middle elementor-reverse-mobile elementor-section-boxed elementor-section-height-default elementor-section-height-default elementor-invisible\" data-id=\"7eaf0bf\" data-element_type=\"section\" data-e-type=\"section\" data-settings=\"{&quot;background_background&quot;:&quot;classic&quot;,&quot;animation&quot;:&quot;fadeInLeft&quot;}\">\n\t\t\t\t\t\t\t<div class=\"elementor-background-overlay\"><\/div>\n\t\t\t\t\t\t\t<div class=\"elementor-container elementor-column-gap-no\">\n\t\t\t\t\t<div class=\"elementor-column elementor-col-50 elementor-top-column elementor-element elementor-element-f9a7359\" data-id=\"f9a7359\" data-element_type=\"column\" data-e-type=\"column\">\n\t\t\t<div class=\"elementor-widget-wrap elementor-element-populated\">\n\t\t\t\t\t\t<div class=\"elementor-element elementor-element-11b9512 elementor-widget elementor-widget-heading\" data-id=\"11b9512\" data-element_type=\"widget\" data-e-type=\"widget\" data-widget_type=\"heading.default\">\n\t\t\t\t<div class=\"elementor-widget-container\">\n\t\t\t\t\t<h2 class=\"elementor-heading-title elementor-size-default\">Rabat<\/h2>\t\t\t\t<\/div>\n\t\t\t\t<\/div>\n\t\t\t\t<div class=\"elementor-element elementor-element-da0bca6 elementor-widget elementor-widget-text-editor\" data-id=\"da0bca6\" data-element_type=\"widget\" data-e-type=\"widget\" data-widget_type=\"text-editor.default\">\n\t\t\t\t<div class=\"elementor-widget-container\">\n\t\t\t\t\t\t\t\t\t<p><em><strong>A<\/strong><\/em>u Maroc, le soleil est souvent ardent, mais \u00e0 Rabat il est temp\u00e9r\u00e9 par l\u2019air oc\u00e9anique pour faire chatoyer les couleurs et vous permettre de ne faire chauffer que les seules cartes m\u00e9moires de vos appareils photos.<\/p><p><em><strong>\u00c0<\/strong><\/em> Rabat, toutes les d\u00e9clinaisons des infinies nuances des teintes du Maroc explosent dans un festival permanent de couleurs.<\/p><p><em><strong>R<\/strong><\/em>abat est la seule ville du Maroc \u00e0 offrir ce contraste saisissant entre la couleur ocre des murailles almohades et le bleu des murs andalous.<\/p><p><em><strong>C<\/strong><\/em>ar si vous pourrez trouver l\u2019une ou l\u2019autre de ces deux couleurs dominantes un peu partout au Maroc, historiquement elles ne sont r\u00e9unies que dans une seule ville imp\u00e9riale marocaine et c\u2019est la particularit\u00e9 de Rabat, \u00e0 la fois almohade et andalouse .<\/p>\t\t\t\t\t\t\t\t<\/div>\n\t\t\t\t<\/div>\n\t\t\t\t\t<\/div>\n\t\t<\/div>\n\t\t\t\t<div class=\"elementor-column elementor-col-50 elementor-top-column elementor-element elementor-element-fc87186\" data-id=\"fc87186\" data-element_type=\"column\" data-e-type=\"column\" data-settings=\"{&quot;background_background&quot;:&quot;classic&quot;}\">\n\t\t\t<div class=\"elementor-widget-wrap elementor-element-populated\">\n\t\t\t\t\t\t<div class=\"elementor-element elementor-element-73cdc2a elementor-widget elementor-widget-image\" data-id=\"73cdc2a\" data-element_type=\"widget\" data-e-type=\"widget\" data-widget_type=\"image.default\">\n\t\t\t\t<div class=\"elementor-widget-container\">\n\t\t\t\t\t\t\t\t\t\t\t\t\t\t\t<img loading=\"lazy\" decoding=\"async\" width=\"300\" height=\"396\" src=\"https:\/\/rabat-maroc.net\/rabat-maroc-V2\/wp-content\/uploads\/2024\/10\/rabat-coloris-luminescents-300.webp\" class=\"attachment-full size-full wp-image-1214\" alt=\"Ruelle pittoresque aux maisons blanches et bleues, typique de l&#039;architecture m\u00e9diterran\u00e9enne.\" srcset=\"https:\/\/rabat-maroc.net\/rabat-maroc-V2\/wp-content\/uploads\/2024\/10\/rabat-coloris-luminescents-300.webp 300w, https:\/\/rabat-maroc.net\/rabat-maroc-V2\/wp-content\/uploads\/2024\/10\/rabat-coloris-luminescents-300-227x300.webp 227w\" sizes=\"(max-width: 300px) 100vw, 300px\" \/>\t\t\t\t\t\t\t\t\t\t\t\t\t\t\t<\/div>\n\t\t\t\t<\/div>\n\t\t\t\t\t<\/div>\n\t\t<\/div>\n\t\t\t\t\t<\/div>\n\t\t<\/section>\n\t\t<div class=\"elementor-element elementor-element-88c3e95 e-flex e-con-boxed e-con e-parent\" data-id=\"88c3e95\" data-element_type=\"container\" data-e-type=\"container\">\n\t\t\t\t\t<div class=\"e-con-inner\">\n\t\t\t\t<div class=\"elementor-element elementor-element-b01d98e elementor-widget elementor-widget-heading\" data-id=\"b01d98e\" data-element_type=\"widget\" data-e-type=\"widget\" data-widget_type=\"heading.default\">\n\t\t\t\t<div class=\"elementor-widget-container\">\n\t\t\t\t\t<h2 class=\"elementor-heading-title elementor-size-default\">Rabat, l\u2019histoire et les l\u00e9gendes<\/h2>\t\t\t\t<\/div>\n\t\t\t\t<\/div>\n\t\t\t\t\t<\/div>\n\t\t\t\t<\/div>\n\t\t\t\t<section class=\"elementor-section elementor-top-section elementor-element elementor-element-bd4d15e elementor-section-content-middle elementor-reverse-mobile elementor-section-boxed elementor-section-height-default elementor-section-height-default elementor-invisible\" data-id=\"bd4d15e\" data-element_type=\"section\" data-e-type=\"section\" data-settings=\"{&quot;background_background&quot;:&quot;classic&quot;,&quot;animation&quot;:&quot;zoomInUp&quot;}\">\n\t\t\t\t\t\t\t<div class=\"elementor-background-overlay\"><\/div>\n\t\t\t\t\t\t\t<div class=\"elementor-container elementor-column-gap-no\">\n\t\t\t\t\t<div class=\"elementor-column elementor-col-50 elementor-top-column elementor-element elementor-element-1fc1ab3\" data-id=\"1fc1ab3\" data-element_type=\"column\" data-e-type=\"column\">\n\t\t\t<div class=\"elementor-widget-wrap elementor-element-populated\">\n\t\t\t\t\t\t<div class=\"elementor-element elementor-element-90cbf26 elementor-widget elementor-widget-heading\" data-id=\"90cbf26\" data-element_type=\"widget\" data-e-type=\"widget\" data-widget_type=\"heading.default\">\n\t\t\t\t<div class=\"elementor-widget-container\">\n\t\t\t\t\t<h2 class=\"elementor-heading-title elementor-size-default\">Rabat<\/h2>\t\t\t\t<\/div>\n\t\t\t\t<\/div>\n\t\t\t\t<div class=\"elementor-element elementor-element-a56d225 elementor-widget elementor-widget-text-editor\" data-id=\"a56d225\" data-element_type=\"widget\" data-e-type=\"widget\" data-widget_type=\"text-editor.default\">\n\t\t\t\t<div class=\"elementor-widget-container\">\n\t\t\t\t\t\t\t\t\t<p><em><strong>\u00c0<\/strong><\/em> Rabat, l\u2019histoire du Maroc de l\u2019antiquit\u00e9 \u00e0 nos jours, vous surprendra au d\u00e9tour de chaque ruelle, de la m\u00e9dina aux Oudayas jusqu\u2019aux art\u00e8res de la ville nouvelle, et vous transportera dans l\u2019univers onirique de l\u2019imaginaire.<\/p><p><em><strong>E<\/strong><\/em>n longeant les quais du port de Rabat, dans le soleil flamboyant du cr\u00e9puscule, vous apercevrez, au d\u00e9tour de la sqala, l\u2019\u00e9l\u00e9gante silhouette du ch\u00e9bec d\u2019un corsaire de Sal\u00e9, la cale lourdement charg\u00e9e, franchir de mani\u00e8re intr\u00e9pide les eaux agit\u00e9es de la redoutable barre oc\u00e9anique.<\/p><p><em><strong>S<\/strong><\/em>ur l\u2019esplanade silencieuse de la Tour Hassan, r\u00e9sonneront tout \u00e0 coup dans vos oreilles les cris vibrants des milliers de combattants des arm\u00e9es de Yacoub El Mansour partant \u00e0 la conqu\u00eate des terres hispaniques d\u2019Al Andalus.<\/p><p><em><strong>I<\/strong><\/em>ci, la l\u00e9gende caresse l\u2019histoire et vous renvoie \u00e0 tout moment effluves odorantes et \u00e9motions color\u00e9es pour vous entra\u00eener dans un tourbillon enivrant empli de sons, d\u2019images et de senteurs.<\/p>\t\t\t\t\t\t\t\t<\/div>\n\t\t\t\t<\/div>\n\t\t\t\t\t<\/div>\n\t\t<\/div>\n\t\t\t\t<div class=\"elementor-column elementor-col-50 elementor-top-column elementor-element elementor-element-97c47d4\" data-id=\"97c47d4\" data-element_type=\"column\" data-e-type=\"column\" data-settings=\"{&quot;background_background&quot;:&quot;classic&quot;}\">\n\t\t\t<div class=\"elementor-widget-wrap elementor-element-populated\">\n\t\t\t\t\t\t<div class=\"elementor-element elementor-element-69675ab elementor-widget elementor-widget-image\" data-id=\"69675ab\" data-element_type=\"widget\" data-e-type=\"widget\" data-widget_type=\"image.default\">\n\t\t\t\t<div class=\"elementor-widget-container\">\n\t\t\t\t\t\t\t\t\t\t\t\t\t\t\t<img loading=\"lazy\" decoding=\"async\" width=\"300\" height=\"400\" src=\"https:\/\/rabat-maroc.net\/rabat-maroc-V2\/wp-content\/uploads\/2024\/10\/rabat-la-ville-des-corsaires-2022-1.webp\" class=\"attachment-full size-full wp-image-1224\" alt=\"Vue panoramique de Rabat au coucher du soleil, avec des bateaux amarr\u00e9s sur le fleuve Bouregreg et la silhouette de la ville en arri\u00e8re-plan.\" srcset=\"https:\/\/rabat-maroc.net\/rabat-maroc-V2\/wp-content\/uploads\/2024\/10\/rabat-la-ville-des-corsaires-2022-1.webp 300w, https:\/\/rabat-maroc.net\/rabat-maroc-V2\/wp-content\/uploads\/2024\/10\/rabat-la-ville-des-corsaires-2022-1-225x300.webp 225w\" sizes=\"(max-width: 300px) 100vw, 300px\" \/>\t\t\t\t\t\t\t\t\t\t\t\t\t\t\t<\/div>\n\t\t\t\t<\/div>\n\t\t\t\t\t<\/div>\n\t\t<\/div>\n\t\t\t\t\t<\/div>\n\t\t<\/section>\n\t\t<div class=\"elementor-element elementor-element-44ba061 e-flex e-con-boxed e-con e-parent\" data-id=\"44ba061\" data-element_type=\"container\" data-e-type=\"container\">\n\t\t\t\t\t<div class=\"e-con-inner\">\n\t\t\t\t<div class=\"elementor-element elementor-element-0068817 elementor-widget elementor-widget-heading\" data-id=\"0068817\" data-element_type=\"widget\" data-e-type=\"widget\" data-widget_type=\"heading.default\">\n\t\t\t\t<div class=\"elementor-widget-container\">\n\t\t\t\t\t<h2 class=\"elementor-heading-title elementor-size-default\">Rabat, les fontaines et les jardins<\/h2>\t\t\t\t<\/div>\n\t\t\t\t<\/div>\n\t\t\t\t\t<\/div>\n\t\t\t\t<\/div>\n\t\t\t\t<section class=\"elementor-section elementor-top-section elementor-element elementor-element-bdb4d4c elementor-section-content-middle elementor-reverse-mobile elementor-section-boxed elementor-section-height-default elementor-section-height-default elementor-invisible\" data-id=\"bdb4d4c\" data-element_type=\"section\" data-e-type=\"section\" data-settings=\"{&quot;background_background&quot;:&quot;classic&quot;,&quot;animation&quot;:&quot;zoomInLeft&quot;}\">\n\t\t\t\t\t\t\t<div class=\"elementor-background-overlay\"><\/div>\n\t\t\t\t\t\t\t<div class=\"elementor-container elementor-column-gap-no\">\n\t\t\t\t\t<div class=\"elementor-column elementor-col-50 elementor-top-column elementor-element elementor-element-8699691\" data-id=\"8699691\" data-element_type=\"column\" data-e-type=\"column\">\n\t\t\t<div class=\"elementor-widget-wrap elementor-element-populated\">\n\t\t\t\t\t\t<div class=\"elementor-element elementor-element-6ad28ea elementor-widget elementor-widget-heading\" data-id=\"6ad28ea\" data-element_type=\"widget\" data-e-type=\"widget\" data-widget_type=\"heading.default\">\n\t\t\t\t<div class=\"elementor-widget-container\">\n\t\t\t\t\t<h2 class=\"elementor-heading-title elementor-size-default\">Rabat<\/h2>\t\t\t\t<\/div>\n\t\t\t\t<\/div>\n\t\t\t\t<div class=\"elementor-element elementor-element-2654019 elementor-widget elementor-widget-text-editor\" data-id=\"2654019\" data-element_type=\"widget\" data-e-type=\"widget\" data-widget_type=\"text-editor.default\">\n\t\t\t\t<div class=\"elementor-widget-container\">\n\t\t\t\t\t\t\t\t\t<p><em><strong>D<\/strong><\/em>ans les traditions culturelles du Maroc, le jardin et les fontaines figurent en bonne place et jouent un r\u00f4le pr\u00e9pond\u00e9rant.<\/p><p><em><strong>S<\/strong><\/em>ervis par un doux climat, les habitants de Rabat ont su d\u00e9velopper cet art de vivre. Chaque Rbati est un horticulteur en puissance et \u00e0 d\u00e9faut de poss\u00e9der un jardin luxuriant, perp\u00e9tue de mani\u00e8re naturelle et parfois modeste cette relation privil\u00e9gi\u00e9e avec les plantes, les fleurs et l\u2019eau.<\/p><p><em><strong>R<\/strong><\/em>abat est donc naturellement devenue une cit\u00e9-jardin, o\u00f9 les parcs et fontaines publiques sont aussi nombreux que les parterres et massifs de fleurs, et le plus petit rebord de fen\u00eatre aussi fleuri que le recoin d\u2019un patio de riad.<\/p><p><em><strong>E<\/strong><\/em>n tissant une trame urbaine verte et bleue ininterrompue, Rabat vous offre partout et en toute saison une v\u00e9g\u00e9tation embaumante et le rafra\u00eechissement du ruissellement des eaux de ses fontaines.<\/p>\t\t\t\t\t\t\t\t<\/div>\n\t\t\t\t<\/div>\n\t\t\t\t\t<\/div>\n\t\t<\/div>\n\t\t\t\t<div class=\"elementor-column elementor-col-50 elementor-top-column elementor-element elementor-element-21bc48d\" data-id=\"21bc48d\" data-element_type=\"column\" data-e-type=\"column\" data-settings=\"{&quot;background_background&quot;:&quot;classic&quot;}\">\n\t\t\t<div class=\"elementor-widget-wrap elementor-element-populated\">\n\t\t\t\t\t\t<div class=\"elementor-element elementor-element-4fbb9e9 elementor-widget elementor-widget-image\" data-id=\"4fbb9e9\" data-element_type=\"widget\" data-e-type=\"widget\" data-widget_type=\"image.default\">\n\t\t\t\t<div class=\"elementor-widget-container\">\n\t\t\t\t\t\t\t\t\t\t\t\t\t\t\t<img loading=\"lazy\" decoding=\"async\" width=\"300\" height=\"402\" src=\"https:\/\/rabat-maroc.net\/rabat-maroc-V2\/wp-content\/uploads\/2024\/10\/rabat-trame-verte-bleue-300.jpg\" class=\"attachment-full size-full wp-image-1234\" alt=\"Maison traditionnelle marocaine avec des murs blancs, des accents bleus et une v\u00e9g\u00e9tation luxuriante.\" srcset=\"https:\/\/rabat-maroc.net\/rabat-maroc-V2\/wp-content\/uploads\/2024\/10\/rabat-trame-verte-bleue-300.jpg 300w, https:\/\/rabat-maroc.net\/rabat-maroc-V2\/wp-content\/uploads\/2024\/10\/rabat-trame-verte-bleue-300-224x300.webp 224w\" sizes=\"(max-width: 300px) 100vw, 300px\" \/>\t\t\t\t\t\t\t\t\t\t\t\t\t\t\t<\/div>\n\t\t\t\t<\/div>\n\t\t\t\t\t<\/div>\n\t\t<\/div>\n\t\t\t\t\t<\/div>\n\t\t<\/section>\n\t\t<div class=\"elementor-element elementor-element-490bc2f e-flex e-con-boxed e-con e-parent\" data-id=\"490bc2f\" data-element_type=\"container\" data-e-type=\"container\">\n\t\t\t\t\t<div class=\"e-con-inner\">\n\t\t\t\t<div class=\"elementor-element elementor-element-f560d87 elementor-widget elementor-widget-heading\" data-id=\"f560d87\" data-element_type=\"widget\" data-e-type=\"widget\" data-widget_type=\"heading.default\">\n\t\t\t\t<div class=\"elementor-widget-container\">\n\t\t\t\t\t<h2 class=\"elementor-heading-title elementor-size-default\">RABAT PATRIMOINE MONDIAL DE L\u2019UNESCO<\/h2>\t\t\t\t<\/div>\n\t\t\t\t<\/div>\n\t\t\t\t\t<\/div>\n\t\t\t\t<\/div>\n\t\t\t\t<section class=\"elementor-section elementor-top-section elementor-element elementor-element-8gby1ct elementor-reverse-mobile elementor-section-boxed elementor-section-height-default elementor-section-height-default elementor-invisible\" data-id=\"8gby1ct\" data-element_type=\"section\" data-e-type=\"section\" data-settings=\"{&quot;background_background&quot;:&quot;classic&quot;,&quot;animation&quot;:&quot;zoomInRight&quot;}\">\n\t\t\t\t\t\t\t<div class=\"elementor-background-overlay\"><\/div>\n\t\t\t\t\t\t\t<div class=\"elementor-container elementor-column-gap-default\">\n\t\t\t\t\t<div class=\"elementor-column elementor-col-50 elementor-top-column elementor-element elementor-element-90eaed0\" data-id=\"90eaed0\" data-element_type=\"column\" data-e-type=\"column\" data-settings=\"{&quot;background_background&quot;:&quot;classic&quot;}\">\n\t\t\t<div class=\"elementor-widget-wrap elementor-element-populated\">\n\t\t\t\t\t\t<div class=\"elementor-element elementor-element-940e0ea elementor-widget elementor-widget-image\" data-id=\"940e0ea\" data-element_type=\"widget\" data-e-type=\"widget\" data-widget_type=\"image.default\">\n\t\t\t\t<div class=\"elementor-widget-container\">\n\t\t\t\t\t\t\t\t\t\t\t\t\t\t\t<img loading=\"lazy\" decoding=\"async\" width=\"300\" height=\"200\" src=\"https:\/\/rabat-maroc.net\/rabat-maroc-V2\/wp-content\/uploads\/2024\/10\/parc-moulay-slimane-2-300-2019.webp\" class=\"attachment-full size-full wp-image-1622\" alt=\"Jardin luxuriant avec des plantes tropicales, des palmiers et un chemin pav\u00e9 menant \u00e0 une porte d\u00e9cor\u00e9e.\" \/>\t\t\t\t\t\t\t\t\t\t\t\t\t\t\t<\/div>\n\t\t\t\t<\/div>\n\t\t\t\t<div class=\"elementor-element elementor-element-72749b3 elementor-vertical-align-top elementor-widget elementor-widget-image-box\" data-id=\"72749b3\" data-element_type=\"widget\" data-e-type=\"widget\" data-widget_type=\"image-box.default\">\n\t\t\t\t<div class=\"elementor-widget-container\">\n\t\t\t\t\t<div class=\"elementor-image-box-wrapper\"><div class=\"elementor-image-box-content\"><p class=\"elementor-image-box-description\"><em><strong>L<\/strong><\/em>\u2019entr\u00e9e sur le territoire marocain n\u2019est plus conditionn\u00e9e depuis le 30 septembre 2022 par l\u2019obligation de pr\u00e9senter un pass vaccinal valide ou le r\u00e9sultat n\u00e9gatif d\u2019un test PCR pour les voyageurs non vaccin\u00e9s ou n\u2019ayant pas un sch\u00e9ma vaccinal complet. Aucune obligation sanitaire ne p\u00e8se donc d\u00e9sormais sur les voyageurs pour p\u00e9n\u00e9trer sur le territoire marocain.<\/p><\/div><\/div>\t\t\t\t<\/div>\n\t\t\t\t<\/div>\n\t\t\t\t\t<\/div>\n\t\t<\/div>\n\t\t\t\t<div class=\"elementor-column elementor-col-50 elementor-top-column elementor-element elementor-element-07a0040\" data-id=\"07a0040\" data-element_type=\"column\" data-e-type=\"column\">\n\t\t\t<div class=\"elementor-widget-wrap elementor-element-populated\">\n\t\t\t\t\t\t<div class=\"elementor-element elementor-element-f7680ac elementor-widget elementor-widget-heading\" data-id=\"f7680ac\" data-element_type=\"widget\" data-e-type=\"widget\" data-widget_type=\"heading.default\">\n\t\t\t\t<div class=\"elementor-widget-container\">\n\t\t\t\t\t<h2 class=\"elementor-heading-title elementor-size-default\">Plus d'informations\u200b<\/h2>\t\t\t\t<\/div>\n\t\t\t\t<\/div>\n\t\t\t\t<div class=\"elementor-element elementor-element-0054d63 elementor-widget elementor-widget-text-editor\" data-id=\"0054d63\" data-element_type=\"widget\" data-e-type=\"widget\" data-widget_type=\"text-editor.default\">\n\t\t\t\t<div class=\"elementor-widget-container\">\n\t\t\t\t\t\t\t\t\t<p>Pour classer Rabat au Patrimoine mondial en 2012, l\u2019UNESCO a retenu un ensemble divers de sites r\u00e9partis dans toute la ville : <a title=\"le-jardin-dessais-agdal\" href=\"https:\/\/rabat-maroc.net\/rabat-maroc-V2\/le-jardin-dessais-agdal\/\">le Jardin d\u2019Essais<\/a> et <a title=\"le-jardin-du-triangle-de-vue-nouzhat-hassan\" href=\"https:\/\/rabat-maroc.net\/rabat-maroc-V2\/le-jardin-du-triangle-de-vue-nouzhat-hassan\/\">les jardins historiques<\/a>, <a title=\"av-mohammed-v\" href=\"https:\/\/rabat-maroc.net\/rabat-maroc-V2\/av-mohammed-v\/\">la ville moderne<\/a> pour sa qualit\u00e9 architecturale et novatrice, <a title=\"quartier-habous-diour-jamaa\" href=\"https:\/\/rabat-maroc.net\/rabat-maroc-V2\/quartier-habous-diour-jamaa\/\">le quartier des Habous de Diour<\/a><a title=\"quartier-habous-diour-jamaa\" href=\"https:\/\/rabat-maroc.net\/rabat-maroc-V2\/quartier-habous-diour-jamaa\/\"> Jama\u00e2<\/a> , <a title=\"medina-lame-de-rabat\" href=\"https:\/\/rabat-maroc.net\/rabat-maroc-V2\/medina-lame-de-rabat\/\">la m\u00e9dina<\/a>, <a title=\"TOUR HASSAN de Rabat\" href=\"https:\/\/rabat-maroc.net\/rabat-maroc-V2\/tour-hassan-de-rabat\/\">la Tour Hassan<\/a>, <a title=\"OUDAYAS LA KASBAH DE RABAT\" href=\"https:\/\/rabat-maroc.net\/rabat-maroc-V2\/oudayas-la-kasbah-de-rabat\/\">la Kasbah des Oudayas<\/a>, <a title=\"bab-oudaia-place-du-souk-el-ghezel\" href=\"https:\/\/rabat-maroc.net\/rabat-maroc-V2\/bab-oudaia-place-du-souk-el-ghezel\/\">les remparts et les portes almohades<\/a> et <a title=\"chellah\" href=\"https:\/\/rabat-maroc.net\/rabat-maroc-V2\/chellah\/\">le site arch\u00e9ologique de Chellah<\/a> etc.<\/p>\t\t\t\t\t\t\t\t<\/div>\n\t\t\t\t<\/div>\n\t\t\t\t<div class=\"elementor-element elementor-element-192e42a elementor-widget elementor-widget-text-editor\" data-id=\"192e42a\" data-element_type=\"widget\" data-e-type=\"widget\" data-widget_type=\"text-editor.default\">\n\t\t\t\t<div class=\"elementor-widget-container\">\n\t\t\t\t\t\t\t\t\t<p><em><strong>C<\/strong><\/em>ette inscription de Rabat a permis une plus grande valorisation du patrimoine culturel national, mat\u00e9riel et immat\u00e9riel et a confirm\u00e9 la position historique et civilisationnelle de la capitale du Maroc, en tant que patrimoine humain et symbole de la coexistence.<\/p><p><em><strong>E<\/strong><\/em>n compl\u00e9ment de l\u2019honneur fait \u00e0 la Ville de Rabat par l\u2019UNESCO en 2012, l\u2019Organisation du monde islamique pour l\u2019\u00e9ducation, les sciences et la culture (ISESCO) a, elle aussi, le 17 d\u00e9cembre 2019, inscrit Rabat, dans la liste du patrimoine du monde islamique. Ce m\u00eame organisme vient, par ailleurs, de la d\u00e9signer capitale culturelle du monde islamique pour l\u2019ann\u00e9e 2022.<\/p>\t\t\t\t\t\t\t\t<\/div>\n\t\t\t\t<\/div>\n\t\t\t\t<section class=\"elementor-section elementor-inner-section elementor-element elementor-element-f88cdc2 elementor-section-boxed elementor-section-height-default elementor-section-height-default\" data-id=\"f88cdc2\" data-element_type=\"section\" data-e-type=\"section\">\n\t\t\t\t\t\t<div class=\"elementor-container elementor-column-gap-default\">\n\t\t\t\t\t<div class=\"elementor-column elementor-col-50 elementor-inner-column elementor-element elementor-element-058dd3f\" data-id=\"058dd3f\" data-element_type=\"column\" data-e-type=\"column\">\n\t\t\t<div class=\"elementor-widget-wrap elementor-element-populated\">\n\t\t\t\t\t\t<div class=\"elementor-element elementor-element-ee75782 elementor-widget-divider--view-line elementor-widget elementor-widget-divider\" data-id=\"ee75782\" data-element_type=\"widget\" data-e-type=\"widget\" data-widget_type=\"divider.default\">\n\t\t\t\t<div class=\"elementor-widget-container\">\n\t\t\t\t\t\t\t<div class=\"elementor-divider\">\n\t\t\t<span class=\"elementor-divider-separator\">\n\t\t\t\t\t\t<\/span>\n\t\t<\/div>\n\t\t\t\t\t\t<\/div>\n\t\t\t\t<\/div>\n\t\t\t\t<div class=\"elementor-element elementor-element-de85a53 elementor-vertical-align-top elementor-widget elementor-widget-image-box\" data-id=\"de85a53\" data-element_type=\"widget\" data-e-type=\"widget\" data-widget_type=\"image-box.default\">\n\t\t\t\t<div class=\"elementor-widget-container\">\n\t\t\t\t\t<div class=\"elementor-image-box-wrapper\"><div class=\"elementor-image-box-content\"><p class=\"elementor-image-box-description\">Avant de visiter ou revisiter Rabat, prenez le temps de parcourir le site www.rabat-maroc.net d\u00e9di\u00e9 \u00e0 Rabat, capitale du Maroc.567<\/p><\/div><\/div>\t\t\t\t<\/div>\n\t\t\t\t<\/div>\n\t\t\t\t\t<\/div>\n\t\t<\/div>\n\t\t\t\t<div class=\"elementor-column elementor-col-50 elementor-inner-column elementor-element elementor-element-b378305\" data-id=\"b378305\" data-element_type=\"column\" data-e-type=\"column\">\n\t\t\t<div class=\"elementor-widget-wrap elementor-element-populated\">\n\t\t\t\t\t\t<div class=\"elementor-element elementor-element-f2b0e46 elementor-widget-divider--view-line elementor-widget elementor-widget-divider\" data-id=\"f2b0e46\" data-element_type=\"widget\" data-e-type=\"widget\" data-widget_type=\"divider.default\">\n\t\t\t\t<div class=\"elementor-widget-container\">\n\t\t\t\t\t\t\t<div class=\"elementor-divider\">\n\t\t\t<span class=\"elementor-divider-separator\">\n\t\t\t\t\t\t<\/span>\n\t\t<\/div>\n\t\t\t\t\t\t<\/div>\n\t\t\t\t<\/div>\n\t\t\t\t<div class=\"elementor-element elementor-element-270462c elementor-vertical-align-top elementor-widget elementor-widget-image-box\" data-id=\"270462c\" data-element_type=\"widget\" data-e-type=\"widget\" data-widget_type=\"image-box.default\">\n\t\t\t\t<div class=\"elementor-widget-container\">\n\t\t\t\t\t<div class=\"elementor-image-box-wrapper\"><div class=\"elementor-image-box-content\"><p class=\"elementor-image-box-description\">Le Royaume du Maroc a rouvert ses fronti\u00e8res maritimes (depuis le 18 avril 2022) et a\u00e9riennes.\n\n<\/p><\/div><\/div>\t\t\t\t<\/div>\n\t\t\t\t<\/div>\n\t\t\t\t\t<\/div>\n\t\t<\/div>\n\t\t\t\t\t<\/div>\n\t\t<\/section>\n\t\t\t\t\t<\/div>\n\t\t<\/div>\n\t\t\t\t\t<\/div>\n\t\t<\/section>\n\t\t<div class=\"elementor-element elementor-element-d4112d8 e-flex e-con-boxed e-con e-parent\" data-id=\"d4112d8\" data-element_type=\"container\" data-e-type=\"container\">\n\t\t\t\t\t<div class=\"e-con-inner\">\n\t\t\t\t<div class=\"elementor-element elementor-element-91f504d elementor-widget-divider--view-line elementor-widget elementor-widget-divider\" data-id=\"91f504d\" data-element_type=\"widget\" data-e-type=\"widget\" data-widget_type=\"divider.default\">\n\t\t\t\t<div class=\"elementor-widget-container\">\n\t\t\t\t\t\t\t<div class=\"elementor-divider\">\n\t\t\t<span class=\"elementor-divider-separator\">\n\t\t\t\t\t\t<\/span>\n\t\t<\/div>\n\t\t\t\t\t\t<\/div>\n\t\t\t\t<\/div>\n\t\t\t\t\t<\/div>\n\t\t\t\t<\/div>\n\t\t\t\t<section class=\"elementor-section elementor-top-section elementor-element elementor-element-w242j2d elementor-section-content-middle elementor-reverse-mobile elementor-section-boxed elementor-section-height-default elementor-section-height-default elementor-invisible\" data-id=\"w242j2d\" data-element_type=\"section\" data-e-type=\"section\" data-settings=\"{&quot;background_background&quot;:&quot;classic&quot;,&quot;animation&quot;:&quot;fadeInUp&quot;}\">\n\t\t\t\t\t\t\t<div class=\"elementor-background-overlay\"><\/div>\n\t\t\t\t\t\t\t<div class=\"elementor-container elementor-column-gap-no\">\n\t\t\t\t\t<div class=\"elementor-column elementor-col-50 elementor-top-column elementor-element elementor-element-0c36485\" data-id=\"0c36485\" data-element_type=\"column\" data-e-type=\"column\">\n\t\t\t<div class=\"elementor-widget-wrap elementor-element-populated\">\n\t\t\t\t\t\t<div class=\"elementor-element elementor-element-124b988 elementor-widget elementor-widget-heading\" data-id=\"124b988\" data-element_type=\"widget\" data-e-type=\"widget\" data-widget_type=\"heading.default\">\n\t\t\t\t<div class=\"elementor-widget-container\">\n\t\t\t\t\t<h2 class=\"elementor-heading-title elementor-size-default\">SEISME D\u2019AL HAOUZ<\/h2>\t\t\t\t<\/div>\n\t\t\t\t<\/div>\n\t\t\t\t<div class=\"elementor-element elementor-element-de68298 elementor-widget elementor-widget-text-editor\" data-id=\"de68298\" data-element_type=\"widget\" data-e-type=\"widget\" data-widget_type=\"text-editor.default\">\n\t\t\t\t<div class=\"elementor-widget-container\">\n\t\t\t\t\t\t\t\t\t<p>Pour un don au profit des sinistr\u00e9s du s\u00e9isme du Maroc,<\/p><p>Banque Alimentaire du Maroc : <a href=\"https:\/\/banquealimentaire.ma\/donation\/\" target=\"_blank\" rel=\"noopener\"><span style=\"text-decoration: underline;\"><em><strong>https:\/\/banquealimentaire.ma\/donation\/<\/strong><\/em><\/span><\/a><\/p>\t\t\t\t\t\t\t\t<\/div>\n\t\t\t\t<\/div>\n\t\t\t\t<div class=\"elementor-element elementor-element-8a02e68 elementor-widget elementor-widget-button\" data-id=\"8a02e68\" data-element_type=\"widget\" data-e-type=\"widget\" data-widget_type=\"button.default\">\n\t\t\t\t<div class=\"elementor-widget-container\">\n\t\t\t\t\t\t\t\t\t<div class=\"elementor-button-wrapper\">\n\t\t\t\t\t<a class=\"elementor-button elementor-button-link elementor-size-sm\" href=\"https:\/\/banquealimentaire.ma\/donation\/\" target=\"_blank\">\n\t\t\t\t\t\t<span class=\"elementor-button-content-wrapper\">\n\t\t\t\t\t\t\t\t\t<span class=\"elementor-button-text\">Faire un don<\/span>\n\t\t\t\t\t<\/span>\n\t\t\t\t\t<\/a>\n\t\t\t\t<\/div>\n\t\t\t\t\t\t\t\t<\/div>\n\t\t\t\t<\/div>\n\t\t\t\t\t<\/div>\n\t\t<\/div>\n\t\t\t\t<div class=\"elementor-column elementor-col-50 elementor-top-column elementor-element elementor-element-26fcf8e\" data-id=\"26fcf8e\" data-element_type=\"column\" data-e-type=\"column\">\n\t\t\t<div class=\"elementor-widget-wrap elementor-element-populated\">\n\t\t\t\t\t\t<div class=\"elementor-element elementor-element-ff4cfca elementor-widget elementor-widget-image\" data-id=\"ff4cfca\" data-element_type=\"widget\" data-e-type=\"widget\" data-widget_type=\"image.default\">\n\t\t\t\t<div class=\"elementor-widget-container\">\n\t\t\t\t\t\t\t\t\t\t\t\t\t\t\t<img loading=\"lazy\" decoding=\"async\" width=\"447\" height=\"259\" src=\"https:\/\/rabat-maroc.net\/rabat-maroc-V2\/wp-content\/uploads\/2024\/10\/banque-alimentaire-maroc.jpg\" class=\"attachment-large size-large wp-image-1247\" alt=\"Banque Alimentaire\" srcset=\"https:\/\/rabat-maroc.net\/rabat-maroc-V2\/wp-content\/uploads\/2024\/10\/banque-alimentaire-maroc.jpg 447w, https:\/\/rabat-maroc.net\/rabat-maroc-V2\/wp-content\/uploads\/2024\/10\/banque-alimentaire-maroc-300x174.jpg 300w\" sizes=\"(max-width: 447px) 100vw, 447px\" \/>\t\t\t\t\t\t\t\t\t\t\t\t\t\t\t<\/div>\n\t\t\t\t<\/div>\n\t\t\t\t\t<\/div>\n\t\t<\/div>\n\t\t\t\t\t<\/div>\n\t\t<\/section>\n\t\t<div class=\"elementor-element elementor-element-ce78735 e-flex e-con-boxed elementor-invisible e-con e-parent\" data-id=\"ce78735\" data-element_type=\"container\" data-e-type=\"container\" data-settings=\"{&quot;animation&quot;:&quot;fadeInRight&quot;}\">\n\t\t\t\t\t<div class=\"e-con-inner\">\n\t\t<div class=\"elementor-element elementor-element-6512071 e-con-full e-flex e-con e-child\" data-id=\"6512071\" data-element_type=\"container\" data-e-type=\"container\">\n\t\t\t\t<div class=\"elementor-element elementor-element-ad6e080 elementor-widget__width-inherit elementor-widget elementor-widget-text-editor\" data-id=\"ad6e080\" data-element_type=\"widget\" data-e-type=\"widget\" data-widget_type=\"text-editor.default\">\n\t\t\t\t<div class=\"elementor-widget-container\">\n\t\t\t\t\t\t\t\t\t<p><strong>TEL QUEL .Ma<\/strong> publie en ligne une cartographie (ci-contre), \u00e9labor\u00e9e par l\u2019association TARGA AIDE, des douars touch\u00e9s par le s\u00e9isme avec la r\u00e9partition des habitants, carte interactive que l\u2019on peut ouvrir sur GOOGLE EARTH pour plus de d\u00e9tails.<\/p><p>Vous pouvez t\u00e9l\u00e9charger \u00e0 cette adresse une liste exhaustive, en format EXCEl, des localit\u00e9s situ\u00e9es de 0 \u00e0 100 km de l\u2019\u00e9picentre du s\u00e9isme : <a href=\"https:\/\/rabat-maroc.net\/rabat-maroc-V2\/wp-content\/uploads\/2024\/11\/listes-localites-seisme-maroc-2023-1.xlsx\" target=\"_blank\" rel=\"noopener\"><span style=\"text-decoration: underline;\"><em><strong>liste des localit\u00e9s touch\u00e9es par le s\u00e9isme<\/strong><\/em><\/span><\/a>.<\/p><p>L\u2019association Targa-Aide a par ailleurs d\u00e9cid\u00e9 de transformer tous ses bureaux r\u00e9gionaux en cellules de crise pour assurer la collecte et l\u2019acheminement des dons afin de porter assistance aux zones sinistr\u00e9es.<br \/>Toute personne d\u00e9sirant contribuer \u00e0 cette initiative peut prendre contact avec l\u2019association aux coordonn\u00e9es suivantes : <a href=\"https:\/\/www.targa-aide.net\/\" target=\"_blank\" rel=\"noopener\"><span style=\"text-decoration: underline;\"><em><strong>https:\/\/www.targa-aide.net\/<\/strong><\/em><\/span><\/a><\/p>\t\t\t\t\t\t\t\t<\/div>\n\t\t\t\t<\/div>\n\t\t\t\t<\/div>\n\t\t\t\t\t<\/div>\n\t\t\t\t<\/div>\n\t\t<div class=\"elementor-element elementor-element-65388a2 e-flex e-con-boxed e-con e-parent\" data-id=\"65388a2\" data-element_type=\"container\" data-e-type=\"container\">\n\t\t\t\t\t<div class=\"e-con-inner\">\n\t\t\t\t<div class=\"elementor-element elementor-element-9b9bdd0 elementor-widget elementor-widget-text-editor\" data-id=\"9b9bdd0\" data-element_type=\"widget\" data-e-type=\"widget\" data-widget_type=\"text-editor.default\">\n\t\t\t\t<div class=\"elementor-widget-container\">\n\t\t\t\t\t\t\t\t\t<iframe src=\"https:\/\/www.google.com\/maps\/d\/embed?mid=1kZrQiHyjpQDz9Pwhn5oxueTpQXYNlB8&#038;ehbc=2E312F\" width=\"640\" height=\"480\"><\/iframe>\t\t\t\t\t\t\t\t<\/div>\n\t\t\t\t<\/div>\n\t\t\t\t\t<\/div>\n\t\t\t\t<\/div>\n\t\t\t\t<\/div>\n\t\t","protected":false},"excerpt":{"rendered":"<p>Rabat de Lyautey \u00e0 Mohammed VI portail de Rabat, tourisme, histoire et culture. Plus d&rsquo;information LES SITES INCONTOURNABLES Le Chellah Myst\u00e8res et l\u00e9gendes, ruines romaines et n\u00e9cropole m\u00e9rinide : D\u00e9couvrez le site \u00e0 la tomb\u00e9e de la nuit, le d\u00e9cor est spectaculaire voire impressionnant, et l\u2019on comprend mieux pourquoi cet endroit suscite myst\u00e8res et l\u00e9gendes. [&hellip;]<\/p>\n","protected":false},"author":1,"featured_media":0,"parent":0,"menu_order":0,"comment_status":"closed","ping_status":"closed","template":"","meta":{"_uag_custom_page_level_css":"","_monsterinsights_skip_tracking":false,"_monsterinsights_sitenote_active":false,"_monsterinsights_sitenote_note":"","_monsterinsights_sitenote_category":0,"_uf_show_specific_survey":0,"_uf_disable_surveys":false,"site-sidebar-layout":"no-sidebar","site-content-layout":"plain-container","ast-site-content-layout":"full-width-container","site-content-style":"unboxed","site-sidebar-style":"unboxed","ast-global-header-display":"","ast-banner-title-visibility":"","ast-main-header-display":"","ast-hfb-above-header-display":"","ast-hfb-below-header-display":"","ast-hfb-mobile-header-display":"","site-post-title":"disabled","ast-breadcrumbs-content":"","ast-featured-img":"","footer-sml-layout":"","theme-transparent-header-meta":"enabled","adv-header-id-meta":"","stick-header-meta":"","header-above-stick-meta":"","header-main-stick-meta":"","header-below-stick-meta":"","astra-migrate-meta-layouts":"set","ast-page-background-enabled":"default","ast-page-background-meta":{"desktop":{"background-color":"","background-image":"","background-repeat":"repeat","background-position":"center center","background-size":"auto","background-attachment":"scroll","background-type":"","background-media":"","overlay-type":"","overlay-color":"","overlay-opacity":"","overlay-gradient":""},"tablet":{"background-color":"","background-image":"","background-repeat":"repeat","background-position":"center center","background-size":"auto","background-attachment":"scroll","background-type":"","background-media":"","overlay-type":"","overlay-color":"","overlay-opacity":"","overlay-gradient":""},"mobile":{"background-color":"","background-image":"","background-repeat":"repeat","background-position":"center center","background-size":"auto","background-attachment":"scroll","background-type":"","background-media":"","overlay-type":"","overlay-color":"","overlay-opacity":"","overlay-gradient":""}},"ast-content-background-meta":{"desktop":{"background-color":"var(--ast-global-color-5)","background-image":"","background-repeat":"repeat","background-position":"center center","background-size":"auto","background-attachment":"scroll","background-type":"","background-media":"","overlay-type":"","overlay-color":"","overlay-opacity":"","overlay-gradient":""},"tablet":{"background-color":"var(--ast-global-color-5)","background-image":"","background-repeat":"repeat","background-position":"center center","background-size":"auto","background-attachment":"scroll","background-type":"","background-media":"","overlay-type":"","overlay-color":"","overlay-opacity":"","overlay-gradient":""},"mobile":{"background-color":"var(--ast-global-color-5)","background-image":"","background-repeat":"repeat","background-position":"center center","background-size":"auto","background-attachment":"scroll","background-type":"","background-media":"","overlay-type":"","overlay-color":"","overlay-opacity":"","overlay-gradient":""}},"footnotes":""},"class_list":["post-10","page","type-page","status-publish","hentry"],"aioseo_notices":[],"uagb_featured_image_src":{"full":false,"thumbnail":false,"medium":false,"medium_large":false,"large":false,"1536x1536":false,"2048x2048":false},"uagb_author_info":{"display_name":"wmetequkjwqb","author_link":"https:\/\/rabat-maroc.net\/rabat-maroc-V2\/author\/wmetequkjwqb\/"},"uagb_comment_info":0,"uagb_excerpt":"Rabat de Lyautey \u00e0 Mohammed VI portail de Rabat, tourisme, histoire et culture. Plus d&rsquo;information LES SITES INCONTOURNABLES Le Chellah Myst\u00e8res et l\u00e9gendes, ruines romaines et n\u00e9cropole m\u00e9rinide : D\u00e9couvrez le site \u00e0 la tomb\u00e9e de la nuit, le d\u00e9cor est spectaculaire voire impressionnant, et l\u2019on comprend mieux pourquoi cet endroit suscite myst\u00e8res et l\u00e9gendes.\u2026","jetpack_sharing_enabled":true,"_links":{"self":[{"href":"https:\/\/rabat-maroc.net\/rabat-maroc-V2\/wp-json\/wp\/v2\/pages\/10","targetHints":{"allow":["GET"]}}],"collection":[{"href":"https:\/\/rabat-maroc.net\/rabat-maroc-V2\/wp-json\/wp\/v2\/pages"}],"about":[{"href":"https:\/\/rabat-maroc.net\/rabat-maroc-V2\/wp-json\/wp\/v2\/types\/page"}],"author":[{"embeddable":true,"href":"https:\/\/rabat-maroc.net\/rabat-maroc-V2\/wp-json\/wp\/v2\/users\/1"}],"replies":[{"embeddable":true,"href":"https:\/\/rabat-maroc.net\/rabat-maroc-V2\/wp-json\/wp\/v2\/comments?post=10"}],"version-history":[{"count":393,"href":"https:\/\/rabat-maroc.net\/rabat-maroc-V2\/wp-json\/wp\/v2\/pages\/10\/revisions"}],"predecessor-version":[{"id":7467,"href":"https:\/\/rabat-maroc.net\/rabat-maroc-V2\/wp-json\/wp\/v2\/pages\/10\/revisions\/7467"}],"wp:attachment":[{"href":"https:\/\/rabat-maroc.net\/rabat-maroc-V2\/wp-json\/wp\/v2\/media?parent=10"}],"curies":[{"name":"wp","href":"https:\/\/api.w.org\/{rel}","templated":true}]}}