{"id":1919,"date":"2024-10-18T15:10:35","date_gmt":"2024-10-18T15:10:35","guid":{"rendered":"https:\/\/rabat-maroc.net\/rabat-maroc-V2\/?page_id=1919"},"modified":"2024-11-04T13:29:34","modified_gmt":"2024-11-04T13:29:34","slug":"mausolee-mohammed-v","status":"publish","type":"page","link":"https:\/\/rabat-maroc.net\/rabat-maroc-V2\/mausolee-mohammed-v\/","title":{"rendered":"MAUSOLEE MOHAMMED V"},"content":{"rendered":"\t\t<div data-elementor-type=\"wp-page\" data-elementor-id=\"1919\" class=\"elementor elementor-1919\">\n\t\t\t\t\t\t<section class=\"elementor-section elementor-top-section elementor-element elementor-element-wt2f15w elementor-section-boxed elementor-section-height-default elementor-section-height-default\" data-id=\"wt2f15w\" data-element_type=\"section\" data-e-type=\"section\" data-settings=\"{&quot;background_background&quot;:&quot;classic&quot;}\">\n\t\t\t\t\t\t\t<div class=\"elementor-background-overlay\"><\/div>\n\t\t\t\t\t\t\t<div class=\"elementor-container elementor-column-gap-default\">\n\t\t\t\t\t<div class=\"elementor-column elementor-col-100 elementor-top-column elementor-element elementor-element-78af2ff\" data-id=\"78af2ff\" data-element_type=\"column\" data-e-type=\"column\">\n\t\t\t<div class=\"elementor-widget-wrap elementor-element-populated\">\n\t\t\t\t\t\t<div class=\"elementor-element elementor-element-58ba8f4 elementor-widget elementor-widget-heading\" data-id=\"58ba8f4\" data-element_type=\"widget\" data-e-type=\"widget\" data-widget_type=\"heading.default\">\n\t\t\t\t<div class=\"elementor-widget-container\">\n\t\t\t\t\t<h1 class=\"elementor-heading-title elementor-size-default\">Rabat de Lyautey \u00e0 Mohammed VI<\/h1>\t\t\t\t<\/div>\n\t\t\t\t<\/div>\n\t\t\t\t<div class=\"elementor-element elementor-element-97cc7d6 elementor-widget elementor-widget-text-editor\" data-id=\"97cc7d6\" data-element_type=\"widget\" data-e-type=\"widget\" data-widget_type=\"text-editor.default\">\n\t\t\t\t<div class=\"elementor-widget-container\">\n\t\t\t\t\t\t\t\t\t<p>portail de Rabat, tourisme, histoire et culture.<\/p>\t\t\t\t\t\t\t\t<\/div>\n\t\t\t\t<\/div>\n\t\t\t\t<div class=\"elementor-element elementor-element-c4c3581 elementor-align-center elementor-widget elementor-widget-button\" data-id=\"c4c3581\" data-element_type=\"widget\" data-e-type=\"widget\" data-widget_type=\"button.default\">\n\t\t\t\t<div class=\"elementor-widget-container\">\n\t\t\t\t\t\t\t\t\t<div class=\"elementor-button-wrapper\">\n\t\t\t\t\t<a class=\"elementor-button elementor-button-link elementor-size-sm\" href=\"#\">\n\t\t\t\t\t\t<span class=\"elementor-button-content-wrapper\">\n\t\t\t\t\t\t\t\t\t<span class=\"elementor-button-text\">Plus d'information<\/span>\n\t\t\t\t\t<\/span>\n\t\t\t\t\t<\/a>\n\t\t\t\t<\/div>\n\t\t\t\t\t\t\t\t<\/div>\n\t\t\t\t<\/div>\n\t\t\t\t\t<\/div>\n\t\t<\/div>\n\t\t\t\t\t<\/div>\n\t\t<\/section>\n\t\t<div class=\"elementor-element elementor-element-fbc811d e-flex e-con-boxed e-con e-parent\" data-id=\"fbc811d\" data-element_type=\"container\" data-e-type=\"container\">\n\t\t\t\t\t<div class=\"e-con-inner\">\n\t\t\t\t<div class=\"elementor-element elementor-element-0707830 elementor-widget-divider--view-line elementor-widget elementor-widget-divider\" data-id=\"0707830\" data-element_type=\"widget\" data-e-type=\"widget\" data-widget_type=\"divider.default\">\n\t\t\t\t<div class=\"elementor-widget-container\">\n\t\t\t\t\t\t\t<div class=\"elementor-divider\">\n\t\t\t<span class=\"elementor-divider-separator\">\n\t\t\t\t\t\t<\/span>\n\t\t<\/div>\n\t\t\t\t\t\t<\/div>\n\t\t\t\t<\/div>\n\t\t\t\t\t<\/div>\n\t\t\t\t<\/div>\n\t\t\t\t<section class=\"elementor-section elementor-top-section elementor-element elementor-element-or6b5ds elementor-section-content-middle elementor-reverse-mobile elementor-section-boxed elementor-section-height-default elementor-section-height-default elementor-invisible\" data-id=\"or6b5ds\" data-element_type=\"section\" data-e-type=\"section\" data-settings=\"{&quot;background_background&quot;:&quot;classic&quot;,&quot;animation&quot;:&quot;swing&quot;}\">\n\t\t\t\t\t\t\t<div class=\"elementor-background-overlay\"><\/div>\n\t\t\t\t\t\t\t<div class=\"elementor-container elementor-column-gap-default\">\n\t\t\t\t\t<div class=\"elementor-column elementor-col-100 elementor-top-column elementor-element elementor-element-084e730\" data-id=\"084e730\" data-element_type=\"column\" data-e-type=\"column\">\n\t\t\t<div class=\"elementor-widget-wrap elementor-element-populated\">\n\t\t\t\t\t\t<div class=\"elementor-element elementor-element-c50dabc elementor-widget elementor-widget-heading\" data-id=\"c50dabc\" data-element_type=\"widget\" data-e-type=\"widget\" data-widget_type=\"heading.default\">\n\t\t\t\t<div class=\"elementor-widget-container\">\n\t\t\t\t\t<h2 class=\"elementor-heading-title elementor-size-default\">Le Mausol\u00e9e Mohammed V, p\u00e8re de l\u2019ind\u00e9pendance<\/h2>\t\t\t\t<\/div>\n\t\t\t\t<\/div>\n\t\t\t\t\t<\/div>\n\t\t<\/div>\n\t\t\t\t\t<\/div>\n\t\t<\/section>\n\t\t\t\t<section class=\"elementor-section elementor-top-section elementor-element elementor-element-l51vyll elementor-section-content-middle elementor-section-boxed elementor-section-height-default elementor-section-height-default elementor-invisible\" data-id=\"l51vyll\" data-element_type=\"section\" data-e-type=\"section\" data-settings=\"{&quot;background_background&quot;:&quot;classic&quot;,&quot;animation&quot;:&quot;swing&quot;}\">\n\t\t\t\t\t\t\t<div class=\"elementor-background-overlay\"><\/div>\n\t\t\t\t\t\t\t<div class=\"elementor-container elementor-column-gap-no\">\n\t\t\t\t\t<div class=\"elementor-column elementor-col-33 elementor-top-column elementor-element elementor-element-00fe61f\" data-id=\"00fe61f\" data-element_type=\"column\" data-e-type=\"column\">\n\t\t\t<div class=\"elementor-widget-wrap elementor-element-populated\">\n\t\t\t\t\t\t<div class=\"elementor-element elementor-element-f0ae45e elementor-widget elementor-widget-image\" data-id=\"f0ae45e\" data-element_type=\"widget\" data-e-type=\"widget\" data-widget_type=\"image.default\">\n\t\t\t\t<div class=\"elementor-widget-container\">\n\t\t\t\t\t\t\t\t\t\t\t\t\t\t\t\t<a href=\"https:\/\/rabat-maroc.net\/rabat-maroc-V2\/wp-content\/uploads\/2024\/10\/tour_hassan_mausolee-large.jpg\" data-elementor-open-lightbox=\"yes\" data-elementor-lightbox-title=\"tour_hassan_mausolee-large\" data-e-action-hash=\"#elementor-action%3Aaction%3Dlightbox%26settings%3DeyJpZCI6MTk0MCwidXJsIjoiaHR0cHM6XC9cL3JhYmF0LW1hcm9jLm5ldFwvcmFiYXQtbWFyb2MtVjJcL3dwLWNvbnRlbnRcL3VwbG9hZHNcLzIwMjRcLzEwXC90b3VyX2hhc3Nhbl9tYXVzb2xlZS1sYXJnZS5qcGcifQ%3D%3D\">\n\t\t\t\t\t\t\t<img decoding=\"async\" width=\"159\" height=\"300\" src=\"https:\/\/rabat-maroc.net\/rabat-maroc-V2\/wp-content\/uploads\/2024\/10\/tour_hassan_mausolee-large.jpg\" class=\"attachment-large size-large wp-image-1940\" alt=\"\" \/>\t\t\t\t\t\t\t\t<\/a>\n\t\t\t\t\t\t\t\t\t\t\t\t\t\t\t<\/div>\n\t\t\t\t<\/div>\n\t\t\t\t\t<\/div>\n\t\t<\/div>\n\t\t\t\t<div class=\"elementor-column elementor-col-33 elementor-top-column elementor-element elementor-element-77f9305\" data-id=\"77f9305\" data-element_type=\"column\" data-e-type=\"column\">\n\t\t\t<div class=\"elementor-widget-wrap elementor-element-populated\">\n\t\t\t\t\t\t<div class=\"elementor-element elementor-element-4d5532e elementor-widget elementor-widget-image\" data-id=\"4d5532e\" data-element_type=\"widget\" data-e-type=\"widget\" data-widget_type=\"image.default\">\n\t\t\t\t<div class=\"elementor-widget-container\">\n\t\t\t\t\t\t\t\t\t\t\t\t\t\t\t\t<a href=\"https:\/\/rabat-maroc.net\/rabat-maroc-V2\/wp-content\/uploads\/2024\/10\/titre-le-mausolee-4.gif\" data-elementor-open-lightbox=\"yes\" data-elementor-lightbox-title=\"titre-le-mausolee-4\" data-e-action-hash=\"#elementor-action%3Aaction%3Dlightbox%26settings%3DeyJpZCI6MTkzOCwidXJsIjoiaHR0cHM6XC9cL3JhYmF0LW1hcm9jLm5ldFwvcmFiYXQtbWFyb2MtVjJcL3dwLWNvbnRlbnRcL3VwbG9hZHNcLzIwMjRcLzEwXC90aXRyZS1sZS1tYXVzb2xlZS00LmdpZiJ9\">\n\t\t\t\t\t\t\t<img fetchpriority=\"high\" decoding=\"async\" width=\"436\" height=\"148\" src=\"https:\/\/rabat-maroc.net\/rabat-maroc-V2\/wp-content\/uploads\/2024\/10\/titre-le-mausolee-4.gif\" class=\"attachment-large size-large wp-image-1938\" alt=\"titre le mausolee\" \/>\t\t\t\t\t\t\t\t<\/a>\n\t\t\t\t\t\t\t\t\t\t\t\t\t\t\t<\/div>\n\t\t\t\t<\/div>\n\t\t\t\t\t<\/div>\n\t\t<\/div>\n\t\t\t\t<div class=\"elementor-column elementor-col-33 elementor-top-column elementor-element elementor-element-92c59ca\" data-id=\"92c59ca\" data-element_type=\"column\" data-e-type=\"column\">\n\t\t\t<div class=\"elementor-widget-wrap elementor-element-populated\">\n\t\t\t\t\t\t<div class=\"elementor-element elementor-element-d3779df elementor-widget elementor-widget-image\" data-id=\"d3779df\" data-element_type=\"widget\" data-e-type=\"widget\" data-widget_type=\"image.default\">\n\t\t\t\t<div class=\"elementor-widget-container\">\n\t\t\t\t\t\t\t\t\t\t\t\t\t\t\t\t<a href=\"https:\/\/rabat-maroc.net\/rabat-maroc-V2\/wp-content\/uploads\/2024\/10\/mohammed-5-large.jpg\" data-elementor-open-lightbox=\"yes\" data-elementor-lightbox-title=\"mohammed-5-large\" data-e-action-hash=\"#elementor-action%3Aaction%3Dlightbox%26settings%3DeyJpZCI6MTkzNSwidXJsIjoiaHR0cHM6XC9cL3JhYmF0LW1hcm9jLm5ldFwvcmFiYXQtbWFyb2MtVjJcL3dwLWNvbnRlbnRcL3VwbG9hZHNcLzIwMjRcLzEwXC9tb2hhbW1lZC01LWxhcmdlLmpwZyJ9\">\n\t\t\t\t\t\t\t<img decoding=\"async\" width=\"327\" height=\"360\" src=\"https:\/\/rabat-maroc.net\/rabat-maroc-V2\/wp-content\/uploads\/2024\/10\/mohammed-5-large.jpg\" class=\"attachment-large size-large wp-image-1935\" alt=\"mohammed 5 large\" srcset=\"https:\/\/rabat-maroc.net\/rabat-maroc-V2\/wp-content\/uploads\/2024\/10\/mohammed-5-large.jpg 327w, https:\/\/rabat-maroc.net\/rabat-maroc-V2\/wp-content\/uploads\/2024\/10\/mohammed-5-large-273x300.jpg 273w\" sizes=\"(max-width: 327px) 100vw, 327px\" \/>\t\t\t\t\t\t\t\t<\/a>\n\t\t\t\t\t\t\t\t\t\t\t\t\t\t\t<\/div>\n\t\t\t\t<\/div>\n\t\t\t\t\t<\/div>\n\t\t<\/div>\n\t\t\t\t\t<\/div>\n\t\t<\/section>\n\t\t<div class=\"elementor-element elementor-element-0fbbddb e-flex e-con-boxed e-con e-parent\" data-id=\"0fbbddb\" data-element_type=\"container\" data-e-type=\"container\">\n\t\t\t\t\t<div class=\"e-con-inner\">\n\t\t\t\t<div class=\"elementor-element elementor-element-6d6a6f2 elementor-widget-divider--view-line elementor-widget elementor-widget-divider\" data-id=\"6d6a6f2\" data-element_type=\"widget\" data-e-type=\"widget\" data-widget_type=\"divider.default\">\n\t\t\t\t<div class=\"elementor-widget-container\">\n\t\t\t\t\t\t\t<div class=\"elementor-divider\">\n\t\t\t<span class=\"elementor-divider-separator\">\n\t\t\t\t\t\t<\/span>\n\t\t<\/div>\n\t\t\t\t\t\t<\/div>\n\t\t\t\t<\/div>\n\t\t\t\t\t<\/div>\n\t\t\t\t<\/div>\n\t\t\t\t<section class=\"elementor-section elementor-top-section elementor-element elementor-element-e2f2b31 elementor-section-content-middle elementor-reverse-mobile elementor-section-boxed elementor-section-height-default elementor-section-height-default elementor-invisible\" data-id=\"e2f2b31\" data-element_type=\"section\" data-e-type=\"section\" data-settings=\"{&quot;background_background&quot;:&quot;classic&quot;,&quot;animation&quot;:&quot;zoomInUp&quot;}\">\n\t\t\t\t\t\t\t<div class=\"elementor-background-overlay\"><\/div>\n\t\t\t\t\t\t\t<div class=\"elementor-container elementor-column-gap-no\">\n\t\t\t\t\t<div class=\"elementor-column elementor-col-50 elementor-top-column elementor-element elementor-element-c1c8e32\" data-id=\"c1c8e32\" data-element_type=\"column\" data-e-type=\"column\">\n\t\t\t<div class=\"elementor-widget-wrap elementor-element-populated\">\n\t\t\t\t\t\t<div class=\"elementor-element elementor-element-0612778 elementor-widget elementor-widget-text-editor\" data-id=\"0612778\" data-element_type=\"widget\" data-e-type=\"widget\" data-widget_type=\"text-editor.default\">\n\t\t\t\t<div class=\"elementor-widget-container\">\n\t\t\t\t\t\t\t\t\t<p><strong>P<\/strong>ouvait-il y avoir un endroit plus prestigieux que l\u2019esplanade de la mosqu\u00e9e Hass\u00e2ne, pour abriter le tombeau du plus populaire des sultans et rois du Maroc, Mohammed V, p\u00e8re de l\u2019ind\u00e9pendance, mort \u00e0 Rabat des suites d\u2019une intervention chirurgicale le<a href=\"https:\/\/www.rabat-maroc.net\/petite-histoire-de-rabat-et-du-maroc-old\/dates-cles-1956-1961\/\">\u00a0<strong>26 f\u00e9vrier 1961<\/strong><\/a>\u00a0?<\/p><p><strong>D<\/strong>ix ans auront \u00e9t\u00e9 n\u00e9cessaires pour achever le monument con\u00e7u par un architecte d\u2019origine Vietnamienne VO TOAN, mais \u00e9rig\u00e9 dans un classicisme des plus purs.<\/p><p><strong>L<\/strong>\u00e9g\u00e8rement sur\u00e9lev\u00e9, faisant face \u00e0 l\u2019oc\u00e9an et aux colonnades de la Tour Hassan, le mausol\u00e9e Mohammed V est b\u00e2ti en marbre blanc d\u2019Italie et coiff\u00e9 d\u2019un toit pyramidal recouvert de tuiles vertes, symbole de la royaut\u00e9.<\/p>\t\t\t\t\t\t\t\t<\/div>\n\t\t\t\t<\/div>\n\t\t\t\t\t<\/div>\n\t\t<\/div>\n\t\t\t\t<div class=\"elementor-column elementor-col-50 elementor-top-column elementor-element elementor-element-797416f\" data-id=\"797416f\" data-element_type=\"column\" data-e-type=\"column\">\n\t\t\t<div class=\"elementor-widget-wrap elementor-element-populated\">\n\t\t\t\t\t\t<div class=\"elementor-element elementor-element-e41dbd3 elementor-widget elementor-widget-image\" data-id=\"e41dbd3\" data-element_type=\"widget\" data-e-type=\"widget\" data-widget_type=\"image.default\">\n\t\t\t\t<div class=\"elementor-widget-container\">\n\t\t\t\t\t\t\t\t\t\t\t\t\t\t\t\t<a href=\"https:\/\/rabat-maroc.net\/rabat-maroc-V2\/wp-content\/uploads\/2024\/10\/mausolee-marocaines-2019.jpg\" data-elementor-open-lightbox=\"yes\" data-elementor-lightbox-title=\"mausolee-marocaines-2019\" data-e-action-hash=\"#elementor-action%3Aaction%3Dlightbox%26settings%3DeyJpZCI6MTkzMywidXJsIjoiaHR0cHM6XC9cL3JhYmF0LW1hcm9jLm5ldFwvcmFiYXQtbWFyb2MtVjJcL3dwLWNvbnRlbnRcL3VwbG9hZHNcLzIwMjRcLzEwXC9tYXVzb2xlZS1tYXJvY2FpbmVzLTIwMTkuanBnIn0%3D\">\n\t\t\t\t\t\t\t<img loading=\"lazy\" decoding=\"async\" width=\"398\" height=\"600\" src=\"https:\/\/rabat-maroc.net\/rabat-maroc-V2\/wp-content\/uploads\/2024\/10\/mausolee-marocaines-2019.jpg\" class=\"attachment-large size-large wp-image-1933\" alt=\"mausolee marocaines\" srcset=\"https:\/\/rabat-maroc.net\/rabat-maroc-V2\/wp-content\/uploads\/2024\/10\/mausolee-marocaines-2019.jpg 398w, https:\/\/rabat-maroc.net\/rabat-maroc-V2\/wp-content\/uploads\/2024\/10\/mausolee-marocaines-2019-199x300.jpg 199w\" sizes=\"(max-width: 398px) 100vw, 398px\" \/>\t\t\t\t\t\t\t\t<\/a>\n\t\t\t\t\t\t\t\t\t\t\t\t\t\t\t<\/div>\n\t\t\t\t<\/div>\n\t\t\t\t\t<\/div>\n\t\t<\/div>\n\t\t\t\t\t<\/div>\n\t\t<\/section>\n\t\t<div class=\"elementor-element elementor-element-26b9b7f e-flex e-con-boxed e-con e-parent\" data-id=\"26b9b7f\" data-element_type=\"container\" data-e-type=\"container\">\n\t\t\t\t\t<div class=\"e-con-inner\">\n\t\t\t\t<div class=\"elementor-element elementor-element-d8c0a64 elementor-widget-divider--view-line elementor-widget elementor-widget-divider\" data-id=\"d8c0a64\" data-element_type=\"widget\" data-e-type=\"widget\" data-widget_type=\"divider.default\">\n\t\t\t\t<div class=\"elementor-widget-container\">\n\t\t\t\t\t\t\t<div class=\"elementor-divider\">\n\t\t\t<span class=\"elementor-divider-separator\">\n\t\t\t\t\t\t<\/span>\n\t\t<\/div>\n\t\t\t\t\t\t<\/div>\n\t\t\t\t<\/div>\n\t\t\t\t\t<\/div>\n\t\t\t\t<\/div>\n\t\t\t\t<section class=\"elementor-section elementor-top-section elementor-element elementor-element-y2xjwoc elementor-section-content-middle elementor-section-boxed elementor-section-height-default elementor-section-height-default elementor-invisible\" data-id=\"y2xjwoc\" data-element_type=\"section\" data-e-type=\"section\" data-settings=\"{&quot;background_background&quot;:&quot;classic&quot;,&quot;animation&quot;:&quot;zoomInUp&quot;}\">\n\t\t\t\t\t\t\t<div class=\"elementor-background-overlay\"><\/div>\n\t\t\t\t\t\t\t<div class=\"elementor-container elementor-column-gap-no\">\n\t\t\t\t\t<div class=\"elementor-column elementor-col-50 elementor-top-column elementor-element elementor-element-d5abc8a\" data-id=\"d5abc8a\" data-element_type=\"column\" data-e-type=\"column\">\n\t\t\t<div class=\"elementor-widget-wrap elementor-element-populated\">\n\t\t\t\t\t\t<div class=\"elementor-element elementor-element-78825ce elementor-widget elementor-widget-image\" data-id=\"78825ce\" data-element_type=\"widget\" data-e-type=\"widget\" data-widget_type=\"image.default\">\n\t\t\t\t<div class=\"elementor-widget-container\">\n\t\t\t\t\t\t\t\t\t\t\t\t\t\t\t\t<a href=\"https:\/\/rabat-maroc.net\/rabat-maroc-V2\/wp-content\/uploads\/2024\/10\/plafond-mausolee-M5-large.jpg\" data-elementor-open-lightbox=\"yes\" data-elementor-lightbox-title=\"plafond-mausolee-M5-large\" data-e-action-hash=\"#elementor-action%3Aaction%3Dlightbox%26settings%3DeyJpZCI6MTkzNiwidXJsIjoiaHR0cHM6XC9cL3JhYmF0LW1hcm9jLm5ldFwvcmFiYXQtbWFyb2MtVjJcL3dwLWNvbnRlbnRcL3VwbG9hZHNcLzIwMjRcLzEwXC9wbGFmb25kLW1hdXNvbGVlLU01LWxhcmdlLmpwZyJ9\">\n\t\t\t\t\t\t\t<img loading=\"lazy\" decoding=\"async\" width=\"450\" height=\"299\" src=\"https:\/\/rabat-maroc.net\/rabat-maroc-V2\/wp-content\/uploads\/2024\/10\/plafond-mausolee-M5-large.jpg\" class=\"attachment-full size-full wp-image-1936\" alt=\"plafond mausolee M5 large\" srcset=\"https:\/\/rabat-maroc.net\/rabat-maroc-V2\/wp-content\/uploads\/2024\/10\/plafond-mausolee-M5-large.jpg 450w, https:\/\/rabat-maroc.net\/rabat-maroc-V2\/wp-content\/uploads\/2024\/10\/plafond-mausolee-M5-large-300x199.jpg 300w\" sizes=\"(max-width: 450px) 100vw, 450px\" \/>\t\t\t\t\t\t\t\t<\/a>\n\t\t\t\t\t\t\t\t\t\t\t\t\t\t\t<\/div>\n\t\t\t\t<\/div>\n\t\t\t\t\t<\/div>\n\t\t<\/div>\n\t\t\t\t<div class=\"elementor-column elementor-col-50 elementor-top-column elementor-element elementor-element-1f377f6\" data-id=\"1f377f6\" data-element_type=\"column\" data-e-type=\"column\">\n\t\t\t<div class=\"elementor-widget-wrap elementor-element-populated\">\n\t\t\t\t\t\t<div class=\"elementor-element elementor-element-a16f8e5 elementor-widget elementor-widget-text-editor\" data-id=\"a16f8e5\" data-element_type=\"widget\" data-e-type=\"widget\" data-widget_type=\"text-editor.default\">\n\t\t\t\t<div class=\"elementor-widget-container\">\n\t\t\t\t\t\t\t\t\t<p><strong>U<\/strong>n escalier conduit \u00e0 la chambre fun\u00e9raire, grande salle carr\u00e9e sous la coupole recouverte de dalles de granit noir de Norv\u00e8ge, ceintur\u00e9e d\u2019une galerie d\u2019o\u00f9 le public peut d\u00e9couvrir le sarcophage dans lequel repose la d\u00e9pouille du d\u00e9funt roi Mohammed V.<\/p><p><strong>D<\/strong>ans les angles de la salle se trouve aussi le tombeau en marbre blanc du prince Moulay Abdellah, un des fils de Mohammed V, d\u00e9c\u00e9d\u00e9 le 20 d\u00e9cembre 1983. Depuis le 30 Juillet 1999, la d\u00e9pouille du roi Hassan II est venue rejoindre celles de son fr\u00e8re cadet et de son p\u00e8re.<\/p>\t\t\t\t\t\t\t\t<\/div>\n\t\t\t\t<\/div>\n\t\t\t\t\t<\/div>\n\t\t<\/div>\n\t\t\t\t\t<\/div>\n\t\t<\/section>\n\t\t<div class=\"elementor-element elementor-element-7949c84 e-flex e-con-boxed e-con e-parent\" data-id=\"7949c84\" data-element_type=\"container\" data-e-type=\"container\">\n\t\t\t\t\t<div class=\"e-con-inner\">\n\t\t\t\t<div class=\"elementor-element elementor-element-dfca0d8 elementor-widget-divider--view-line elementor-widget elementor-widget-divider\" data-id=\"dfca0d8\" data-element_type=\"widget\" data-e-type=\"widget\" data-widget_type=\"divider.default\">\n\t\t\t\t<div class=\"elementor-widget-container\">\n\t\t\t\t\t\t\t<div class=\"elementor-divider\">\n\t\t\t<span class=\"elementor-divider-separator\">\n\t\t\t\t\t\t<\/span>\n\t\t<\/div>\n\t\t\t\t\t\t<\/div>\n\t\t\t\t<\/div>\n\t\t\t\t\t<\/div>\n\t\t\t\t<\/div>\n\t\t\t\t<section class=\"elementor-section elementor-top-section elementor-element elementor-element-dc9a5e4 elementor-section-content-middle elementor-section-boxed elementor-section-height-default elementor-section-height-default elementor-invisible\" data-id=\"dc9a5e4\" data-element_type=\"section\" data-e-type=\"section\" data-settings=\"{&quot;background_background&quot;:&quot;classic&quot;,&quot;animation&quot;:&quot;zoomInUp&quot;}\">\n\t\t\t\t\t\t\t<div class=\"elementor-background-overlay\"><\/div>\n\t\t\t\t\t\t\t<div class=\"elementor-container elementor-column-gap-no\">\n\t\t\t\t\t<div class=\"elementor-column elementor-col-33 elementor-top-column elementor-element elementor-element-980ea1e\" data-id=\"980ea1e\" data-element_type=\"column\" data-e-type=\"column\">\n\t\t\t<div class=\"elementor-widget-wrap elementor-element-populated\">\n\t\t\t\t\t\t<div class=\"elementor-element elementor-element-a22c7bc elementor-widget elementor-widget-image\" data-id=\"a22c7bc\" data-element_type=\"widget\" data-e-type=\"widget\" data-widget_type=\"image.default\">\n\t\t\t\t<div class=\"elementor-widget-container\">\n\t\t\t\t\t\t\t\t\t\t\t\t\t\t\t\t<a href=\"https:\/\/rabat-maroc.net\/rabat-maroc-V2\/wp-content\/uploads\/2024\/10\/portes_mausolee-large.jpg\" data-elementor-open-lightbox=\"yes\" data-elementor-lightbox-title=\"portes_mausolee-large\" data-e-action-hash=\"#elementor-action%3Aaction%3Dlightbox%26settings%3DeyJpZCI6MTkzNywidXJsIjoiaHR0cHM6XC9cL3JhYmF0LW1hcm9jLm5ldFwvcmFiYXQtbWFyb2MtVjJcL3dwLWNvbnRlbnRcL3VwbG9hZHNcLzIwMjRcLzEwXC9wb3J0ZXNfbWF1c29sZWUtbGFyZ2UuanBnIn0%3D\">\n\t\t\t\t\t\t\t<img loading=\"lazy\" decoding=\"async\" width=\"600\" height=\"450\" src=\"https:\/\/rabat-maroc.net\/rabat-maroc-V2\/wp-content\/uploads\/2024\/10\/portes_mausolee-large.jpg\" class=\"attachment-large size-large wp-image-1937\" alt=\"portes mausolee large\" srcset=\"https:\/\/rabat-maroc.net\/rabat-maroc-V2\/wp-content\/uploads\/2024\/10\/portes_mausolee-large.jpg 600w, https:\/\/rabat-maroc.net\/rabat-maroc-V2\/wp-content\/uploads\/2024\/10\/portes_mausolee-large-300x225.jpg 300w\" sizes=\"(max-width: 600px) 100vw, 600px\" \/>\t\t\t\t\t\t\t\t<\/a>\n\t\t\t\t\t\t\t\t\t\t\t\t\t\t\t<\/div>\n\t\t\t\t<\/div>\n\t\t\t\t\t<\/div>\n\t\t<\/div>\n\t\t\t\t<div class=\"elementor-column elementor-col-33 elementor-top-column elementor-element elementor-element-6d6c7ca\" data-id=\"6d6c7ca\" data-element_type=\"column\" data-e-type=\"column\">\n\t\t\t<div class=\"elementor-widget-wrap elementor-element-populated\">\n\t\t\t\t\t\t<div class=\"elementor-element elementor-element-a51d44d elementor-widget elementor-widget-image\" data-id=\"a51d44d\" data-element_type=\"widget\" data-e-type=\"widget\" data-widget_type=\"image.default\">\n\t\t\t\t<div class=\"elementor-widget-container\">\n\t\t\t\t\t\t\t\t\t\t\t\t\t\t\t\t<a href=\"https:\/\/rabat-maroc.net\/rabat-maroc-V2\/wp-content\/uploads\/2024\/10\/lustre-mausolee-mohammed5.jpg\" data-elementor-open-lightbox=\"yes\" data-elementor-lightbox-title=\"lustre-mausolee-mohammed5\" data-e-action-hash=\"#elementor-action%3Aaction%3Dlightbox%26settings%3DeyJpZCI6MTkyOSwidXJsIjoiaHR0cHM6XC9cL3JhYmF0LW1hcm9jLm5ldFwvcmFiYXQtbWFyb2MtVjJcL3dwLWNvbnRlbnRcL3VwbG9hZHNcLzIwMjRcLzEwXC9sdXN0cmUtbWF1c29sZWUtbW9oYW1tZWQ1LmpwZyJ9\">\n\t\t\t\t\t\t\t<img loading=\"lazy\" decoding=\"async\" width=\"400\" height=\"266\" src=\"https:\/\/rabat-maroc.net\/rabat-maroc-V2\/wp-content\/uploads\/2024\/10\/lustre-mausolee-mohammed5.jpg\" class=\"attachment-large size-large wp-image-1929\" alt=\"\" srcset=\"https:\/\/rabat-maroc.net\/rabat-maroc-V2\/wp-content\/uploads\/2024\/10\/lustre-mausolee-mohammed5.jpg 400w, https:\/\/rabat-maroc.net\/rabat-maroc-V2\/wp-content\/uploads\/2024\/10\/lustre-mausolee-mohammed5-300x200.jpg 300w\" sizes=\"(max-width: 400px) 100vw, 400px\" \/>\t\t\t\t\t\t\t\t<\/a>\n\t\t\t\t\t\t\t\t\t\t\t\t\t\t\t<\/div>\n\t\t\t\t<\/div>\n\t\t\t\t\t<\/div>\n\t\t<\/div>\n\t\t\t\t<div class=\"elementor-column elementor-col-33 elementor-top-column elementor-element elementor-element-151471b\" data-id=\"151471b\" data-element_type=\"column\" data-e-type=\"column\">\n\t\t\t<div class=\"elementor-widget-wrap elementor-element-populated\">\n\t\t\t\t\t\t<div class=\"elementor-element elementor-element-028fb16 elementor-widget elementor-widget-image\" data-id=\"028fb16\" data-element_type=\"widget\" data-e-type=\"widget\" data-widget_type=\"image.default\">\n\t\t\t\t<div class=\"elementor-widget-container\">\n\t\t\t\t\t\t\t\t\t\t\t\t\t\t\t\t<a href=\"https:\/\/rabat-maroc.net\/rabat-maroc-V2\/wp-content\/uploads\/2024\/10\/tombeau-mohammed-v-large.jpg\" data-elementor-open-lightbox=\"yes\" data-elementor-lightbox-title=\"tombeau-mohammed-v-large\" data-e-action-hash=\"#elementor-action%3Aaction%3Dlightbox%26settings%3DeyJpZCI6MTkzOSwidXJsIjoiaHR0cHM6XC9cL3JhYmF0LW1hcm9jLm5ldFwvcmFiYXQtbWFyb2MtVjJcL3dwLWNvbnRlbnRcL3VwbG9hZHNcLzIwMjRcLzEwXC90b21iZWF1LW1vaGFtbWVkLXYtbGFyZ2UuanBnIn0%3D\">\n\t\t\t\t\t\t\t<img loading=\"lazy\" decoding=\"async\" width=\"400\" height=\"300\" src=\"https:\/\/rabat-maroc.net\/rabat-maroc-V2\/wp-content\/uploads\/2024\/10\/tombeau-mohammed-v-large.jpg\" class=\"attachment-large size-large wp-image-1939\" alt=\"tombeau mohammed v large\" srcset=\"https:\/\/rabat-maroc.net\/rabat-maroc-V2\/wp-content\/uploads\/2024\/10\/tombeau-mohammed-v-large.jpg 400w, https:\/\/rabat-maroc.net\/rabat-maroc-V2\/wp-content\/uploads\/2024\/10\/tombeau-mohammed-v-large-300x225.jpg 300w\" sizes=\"(max-width: 400px) 100vw, 400px\" \/>\t\t\t\t\t\t\t\t<\/a>\n\t\t\t\t\t\t\t\t\t\t\t\t\t\t\t<\/div>\n\t\t\t\t<\/div>\n\t\t\t\t\t<\/div>\n\t\t<\/div>\n\t\t\t\t\t<\/div>\n\t\t<\/section>\n\t\t<div class=\"elementor-element elementor-element-c04dd98 e-flex e-con-boxed e-con e-parent\" data-id=\"c04dd98\" data-element_type=\"container\" data-e-type=\"container\">\n\t\t\t\t\t<div class=\"e-con-inner\">\n\t\t\t\t<div class=\"elementor-element elementor-element-4e82ea9 elementor-widget-divider--view-line elementor-widget elementor-widget-divider\" data-id=\"4e82ea9\" data-element_type=\"widget\" data-e-type=\"widget\" data-widget_type=\"divider.default\">\n\t\t\t\t<div class=\"elementor-widget-container\">\n\t\t\t\t\t\t\t<div class=\"elementor-divider\">\n\t\t\t<span class=\"elementor-divider-separator\">\n\t\t\t\t\t\t<\/span>\n\t\t<\/div>\n\t\t\t\t\t\t<\/div>\n\t\t\t\t<\/div>\n\t\t\t\t\t<\/div>\n\t\t\t\t<\/div>\n\t\t\t\t<section class=\"elementor-section elementor-top-section elementor-element elementor-element-62c3cd2 elementor-section-content-middle elementor-reverse-mobile elementor-section-boxed elementor-section-height-default elementor-section-height-default elementor-invisible\" data-id=\"62c3cd2\" data-element_type=\"section\" data-e-type=\"section\" data-settings=\"{&quot;background_background&quot;:&quot;classic&quot;,&quot;animation&quot;:&quot;zoomInUp&quot;}\">\n\t\t\t\t\t\t\t<div class=\"elementor-background-overlay\"><\/div>\n\t\t\t\t\t\t\t<div class=\"elementor-container elementor-column-gap-no\">\n\t\t\t\t\t<div class=\"elementor-column elementor-col-50 elementor-top-column elementor-element elementor-element-e0ea254\" data-id=\"e0ea254\" data-element_type=\"column\" data-e-type=\"column\">\n\t\t\t<div class=\"elementor-widget-wrap elementor-element-populated\">\n\t\t\t\t\t\t<div class=\"elementor-element elementor-element-f0e7c4e elementor-widget elementor-widget-text-editor\" data-id=\"f0e7c4e\" data-element_type=\"widget\" data-e-type=\"widget\" data-widget_type=\"text-editor.default\">\n\t\t\t\t<div class=\"elementor-widget-container\">\n\t\t\t\t\t\t\t\t\t<p><strong>D<\/strong>ans la tradition des n\u00e9cropoles royales, la r\u00e9alisation de ce mausol\u00e9e fait appel aux techniques ancestrales des artisans marocains : coupoles d\u2019acajou et de c\u00e8dre plaqu\u00e9es de feuilles d\u2019or, frises calligraphiques, zelliges polychromes, colonnettes de marbre \u2026<\/p><p><strong>M<\/strong>arocains de tous \u00e2ges viennent ici se recueillir dans un mouvement perp\u00e9tuel, sur les tombeaux des rois et du prince.<\/p>\t\t\t\t\t\t\t\t<\/div>\n\t\t\t\t<\/div>\n\t\t\t\t\t<\/div>\n\t\t<\/div>\n\t\t\t\t<div class=\"elementor-column elementor-col-50 elementor-top-column elementor-element elementor-element-e1edc9e\" data-id=\"e1edc9e\" data-element_type=\"column\" data-e-type=\"column\">\n\t\t\t<div class=\"elementor-widget-wrap elementor-element-populated\">\n\t\t\t\t\t\t<div class=\"elementor-element elementor-element-de041f9 elementor-widget elementor-widget-image\" data-id=\"de041f9\" data-element_type=\"widget\" data-e-type=\"widget\" data-widget_type=\"image.default\">\n\t\t\t\t<div class=\"elementor-widget-container\">\n\t\t\t\t\t\t\t\t\t\t\t\t\t\t\t\t<a href=\"https:\/\/rabat-maroc.net\/rabat-maroc-V2\/wp-content\/uploads\/2024\/10\/gardes-releve-mausolee-large.jpg\" data-elementor-open-lightbox=\"yes\" data-elementor-lightbox-title=\"gardes-releve-mausolee-large\" data-e-action-hash=\"#elementor-action%3Aaction%3Dlightbox%26settings%3DeyJpZCI6MTkyOCwidXJsIjoiaHR0cHM6XC9cL3JhYmF0LW1hcm9jLm5ldFwvcmFiYXQtbWFyb2MtVjJcL3dwLWNvbnRlbnRcL3VwbG9hZHNcLzIwMjRcLzEwXC9nYXJkZXMtcmVsZXZlLW1hdXNvbGVlLWxhcmdlLmpwZyJ9\">\n\t\t\t\t\t\t\t<img loading=\"lazy\" decoding=\"async\" width=\"500\" height=\"278\" src=\"https:\/\/rabat-maroc.net\/rabat-maroc-V2\/wp-content\/uploads\/2024\/10\/gardes-releve-mausolee-large.jpg\" class=\"attachment-large size-large wp-image-1928\" alt=\"\" srcset=\"https:\/\/rabat-maroc.net\/rabat-maroc-V2\/wp-content\/uploads\/2024\/10\/gardes-releve-mausolee-large.jpg 500w, https:\/\/rabat-maroc.net\/rabat-maroc-V2\/wp-content\/uploads\/2024\/10\/gardes-releve-mausolee-large-300x167.jpg 300w\" sizes=\"(max-width: 500px) 100vw, 500px\" \/>\t\t\t\t\t\t\t\t<\/a>\n\t\t\t\t\t\t\t\t\t\t\t\t\t\t\t<\/div>\n\t\t\t\t<\/div>\n\t\t\t\t\t<\/div>\n\t\t<\/div>\n\t\t\t\t\t<\/div>\n\t\t<\/section>\n\t\t<div class=\"elementor-element elementor-element-bb7fbcf e-flex e-con-boxed e-con e-parent\" data-id=\"bb7fbcf\" data-element_type=\"container\" data-e-type=\"container\">\n\t\t\t\t\t<div class=\"e-con-inner\">\n\t\t\t\t<div class=\"elementor-element elementor-element-d113c67 elementor-widget-divider--view-line elementor-widget elementor-widget-divider\" data-id=\"d113c67\" data-element_type=\"widget\" data-e-type=\"widget\" data-widget_type=\"divider.default\">\n\t\t\t\t<div class=\"elementor-widget-container\">\n\t\t\t\t\t\t\t<div class=\"elementor-divider\">\n\t\t\t<span class=\"elementor-divider-separator\">\n\t\t\t\t\t\t<\/span>\n\t\t<\/div>\n\t\t\t\t\t\t<\/div>\n\t\t\t\t<\/div>\n\t\t\t\t\t<\/div>\n\t\t\t\t<\/div>\n\t\t\t\t<section class=\"elementor-section elementor-top-section elementor-element elementor-element-itz1izl elementor-section-content-middle elementor-section-boxed elementor-section-height-default elementor-section-height-default elementor-invisible\" data-id=\"itz1izl\" data-element_type=\"section\" data-e-type=\"section\" data-settings=\"{&quot;background_background&quot;:&quot;classic&quot;,&quot;animation&quot;:&quot;zoomInUp&quot;}\">\n\t\t\t\t\t\t\t<div class=\"elementor-background-overlay\"><\/div>\n\t\t\t\t\t\t\t<div class=\"elementor-container elementor-column-gap-no\">\n\t\t\t\t\t<div class=\"elementor-column elementor-col-33 elementor-top-column elementor-element elementor-element-00fe61f\" data-id=\"00fe61f\" data-element_type=\"column\" data-e-type=\"column\">\n\t\t\t<div class=\"elementor-widget-wrap elementor-element-populated\">\n\t\t\t\t\t\t<div class=\"elementor-element elementor-element-f0ae45e elementor-widget elementor-widget-image\" data-id=\"f0ae45e\" data-element_type=\"widget\" data-e-type=\"widget\" data-widget_type=\"image.default\">\n\t\t\t\t<div class=\"elementor-widget-container\">\n\t\t\t\t\t\t\t\t\t\t\t\t\t\t\t\t<a href=\"https:\/\/rabat-maroc.net\/rabat-maroc-V2\/wp-content\/uploads\/2024\/10\/mausolee-interieur-2-large.jpg\" data-elementor-open-lightbox=\"yes\" data-elementor-lightbox-title=\"mausolee-interieur-2-large\" data-e-action-hash=\"#elementor-action%3Aaction%3Dlightbox%26settings%3DeyJpZCI6MTkzMCwidXJsIjoiaHR0cHM6XC9cL3JhYmF0LW1hcm9jLm5ldFwvcmFiYXQtbWFyb2MtVjJcL3dwLWNvbnRlbnRcL3VwbG9hZHNcLzIwMjRcLzEwXC9tYXVzb2xlZS1pbnRlcmlldXItMi1sYXJnZS5qcGcifQ%3D%3D\">\n\t\t\t\t\t\t\t<img loading=\"lazy\" decoding=\"async\" width=\"500\" height=\"374\" src=\"https:\/\/rabat-maroc.net\/rabat-maroc-V2\/wp-content\/uploads\/2024\/10\/mausolee-interieur-2-large.jpg\" class=\"attachment-large size-large wp-image-1930\" alt=\"\" srcset=\"https:\/\/rabat-maroc.net\/rabat-maroc-V2\/wp-content\/uploads\/2024\/10\/mausolee-interieur-2-large.jpg 500w, https:\/\/rabat-maroc.net\/rabat-maroc-V2\/wp-content\/uploads\/2024\/10\/mausolee-interieur-2-large-300x224.jpg 300w\" sizes=\"(max-width: 500px) 100vw, 500px\" \/>\t\t\t\t\t\t\t\t<\/a>\n\t\t\t\t\t\t\t\t\t\t\t\t\t\t\t<\/div>\n\t\t\t\t<\/div>\n\t\t\t\t\t<\/div>\n\t\t<\/div>\n\t\t\t\t<div class=\"elementor-column elementor-col-33 elementor-top-column elementor-element elementor-element-77f9305\" data-id=\"77f9305\" data-element_type=\"column\" data-e-type=\"column\">\n\t\t\t<div class=\"elementor-widget-wrap elementor-element-populated\">\n\t\t\t\t\t\t<div class=\"elementor-element elementor-element-4d5532e elementor-widget elementor-widget-image\" data-id=\"4d5532e\" data-element_type=\"widget\" data-e-type=\"widget\" data-widget_type=\"image.default\">\n\t\t\t\t<div class=\"elementor-widget-container\">\n\t\t\t\t\t\t\t\t\t\t\t\t\t\t\t\t<a href=\"https:\/\/rabat-maroc.net\/rabat-maroc-V2\/wp-content\/uploads\/2024\/10\/encensoir_mausolee_M5-large-2-large-2-large.jpg\" data-elementor-open-lightbox=\"yes\" data-elementor-lightbox-title=\"encensoir_mausolee_M5-large-2-large-2-large\" data-e-action-hash=\"#elementor-action%3Aaction%3Dlightbox%26settings%3DeyJpZCI6MTkyNiwidXJsIjoiaHR0cHM6XC9cL3JhYmF0LW1hcm9jLm5ldFwvcmFiYXQtbWFyb2MtVjJcL3dwLWNvbnRlbnRcL3VwbG9hZHNcLzIwMjRcLzEwXC9lbmNlbnNvaXJfbWF1c29sZWVfTTUtbGFyZ2UtMi1sYXJnZS0yLWxhcmdlLmpwZyJ9\">\n\t\t\t\t\t\t\t<img loading=\"lazy\" decoding=\"async\" width=\"199\" height=\"300\" src=\"https:\/\/rabat-maroc.net\/rabat-maroc-V2\/wp-content\/uploads\/2024\/10\/encensoir_mausolee_M5-large-2-large-2-large.jpg\" class=\"attachment-large size-large wp-image-1926\" alt=\"encensoir mausolee M5 larde 2\" \/>\t\t\t\t\t\t\t\t<\/a>\n\t\t\t\t\t\t\t\t\t\t\t\t\t\t\t<\/div>\n\t\t\t\t<\/div>\n\t\t\t\t\t<\/div>\n\t\t<\/div>\n\t\t\t\t<div class=\"elementor-column elementor-col-33 elementor-top-column elementor-element elementor-element-92c59ca\" data-id=\"92c59ca\" data-element_type=\"column\" data-e-type=\"column\">\n\t\t\t<div class=\"elementor-widget-wrap elementor-element-populated\">\n\t\t\t\t\t\t<div class=\"elementor-element elementor-element-0a3ffde elementor-widget elementor-widget-text-editor\" data-id=\"0a3ffde\" data-element_type=\"widget\" data-e-type=\"widget\" data-widget_type=\"text-editor.default\">\n\t\t\t\t<div class=\"elementor-widget-container\">\n\t\t\t\t\t\t\t\t\t<p><strong>L<\/strong>e choix de ce lieu pour accueillir le tombeau du roi Mohammed V n\u2019a pas \u00e9t\u00e9 le fruit du hasard.<\/p><p><strong>C<\/strong>et endroit est hautement symbolique pour le peuple marocain. C\u2019est en effet, ici, \u00e0 la\u00a0<strong><a href=\"https:\/\/www.rabat-maroc.net\/la_tour_hassan2\/\">Tour Hassan,<\/a><\/strong>\u00a0que Mohammed V dirigea la premi\u00e8re pri\u00e8re du vendredi, apr\u00e8s son retour d\u2019exil de Madagascar avant la d\u00e9claration d\u2019ind\u00e9pendance (<strong><a href=\"https:\/\/www.rabat-maroc.net\/rabathier_18_novembre_1955\/\">voir les photos de la c\u00e9r\u00e9monie du 18 novembre 1955 sur le site<\/a><\/strong>).<\/p><p><strong>I<\/strong>l t\u00e9moigne du profond attachement qu\u2019avait le roi Mohammed V, Fassi d\u2019origine, pour la ville de Rabat et ses habitants.<\/p>\t\t\t\t\t\t\t\t<\/div>\n\t\t\t\t<\/div>\n\t\t\t\t\t<\/div>\n\t\t<\/div>\n\t\t\t\t\t<\/div>\n\t\t<\/section>\n\t\t<div class=\"elementor-element elementor-element-3ae9777 e-flex e-con-boxed e-con e-parent\" data-id=\"3ae9777\" data-element_type=\"container\" data-e-type=\"container\">\n\t\t\t\t\t<div class=\"e-con-inner\">\n\t\t\t\t<div class=\"elementor-element elementor-element-2d89b9e elementor-widget-divider--view-line elementor-widget elementor-widget-divider\" data-id=\"2d89b9e\" data-element_type=\"widget\" data-e-type=\"widget\" data-widget_type=\"divider.default\">\n\t\t\t\t<div class=\"elementor-widget-container\">\n\t\t\t\t\t\t\t<div class=\"elementor-divider\">\n\t\t\t<span class=\"elementor-divider-separator\">\n\t\t\t\t\t\t<\/span>\n\t\t<\/div>\n\t\t\t\t\t\t<\/div>\n\t\t\t\t<\/div>\n\t\t\t\t\t<\/div>\n\t\t\t\t<\/div>\n\t\t\t\t<section class=\"elementor-section elementor-top-section elementor-element elementor-element-y2hwzm1 elementor-section-content-top elementor-section-boxed elementor-section-height-default elementor-section-height-default elementor-invisible\" data-id=\"y2hwzm1\" data-element_type=\"section\" data-e-type=\"section\" data-settings=\"{&quot;background_background&quot;:&quot;classic&quot;,&quot;animation&quot;:&quot;zoomInUp&quot;}\">\n\t\t\t\t\t\t\t<div class=\"elementor-background-overlay\"><\/div>\n\t\t\t\t\t\t\t<div class=\"elementor-container elementor-column-gap-wide\">\n\t\t\t\t\t<div class=\"elementor-column elementor-col-25 elementor-top-column elementor-element elementor-element-b0fc45e\" data-id=\"b0fc45e\" data-element_type=\"column\" data-e-type=\"column\">\n\t\t\t<div class=\"elementor-widget-wrap elementor-element-populated\">\n\t\t\t\t\t\t<div class=\"elementor-element elementor-element-940f239 elementor-widget elementor-widget-image\" data-id=\"940f239\" data-element_type=\"widget\" data-e-type=\"widget\" data-widget_type=\"image.default\">\n\t\t\t\t<div class=\"elementor-widget-container\">\n\t\t\t\t\t\t\t\t\t\t\t\t\t\t\t\t<a href=\"https:\/\/rabat-maroc.net\/rabat-maroc-V2\/wp-content\/uploads\/2024\/10\/fontaines-mausolee-600-1.jpg\" data-elementor-open-lightbox=\"yes\" data-elementor-lightbox-title=\"fontaines-mausolee-600-1\" data-e-action-hash=\"#elementor-action%3Aaction%3Dlightbox%26settings%3DeyJpZCI6MTkyNywidXJsIjoiaHR0cHM6XC9cL3JhYmF0LW1hcm9jLm5ldFwvcmFiYXQtbWFyb2MtVjJcL3dwLWNvbnRlbnRcL3VwbG9hZHNcLzIwMjRcLzEwXC9mb250YWluZXMtbWF1c29sZWUtNjAwLTEuanBnIn0%3D\">\n\t\t\t\t\t\t\t<img loading=\"lazy\" decoding=\"async\" width=\"600\" height=\"399\" src=\"https:\/\/rabat-maroc.net\/rabat-maroc-V2\/wp-content\/uploads\/2024\/10\/fontaines-mausolee-600-1.jpg\" class=\"attachment-full size-full wp-image-1927\" alt=\"\" srcset=\"https:\/\/rabat-maroc.net\/rabat-maroc-V2\/wp-content\/uploads\/2024\/10\/fontaines-mausolee-600-1.jpg 600w, https:\/\/rabat-maroc.net\/rabat-maroc-V2\/wp-content\/uploads\/2024\/10\/fontaines-mausolee-600-1-300x200.jpg 300w\" sizes=\"(max-width: 600px) 100vw, 600px\" \/>\t\t\t\t\t\t\t\t<\/a>\n\t\t\t\t\t\t\t\t\t\t\t\t\t\t\t<\/div>\n\t\t\t\t<\/div>\n\t\t\t\t\t<\/div>\n\t\t<\/div>\n\t\t\t\t<div class=\"elementor-column elementor-col-25 elementor-top-column elementor-element elementor-element-f633001\" data-id=\"f633001\" data-element_type=\"column\" data-e-type=\"column\">\n\t\t\t<div class=\"elementor-widget-wrap elementor-element-populated\">\n\t\t\t\t\t\t<div class=\"elementor-element elementor-element-e0e85ce elementor-widget elementor-widget-image\" data-id=\"e0e85ce\" data-element_type=\"widget\" data-e-type=\"widget\" data-widget_type=\"image.default\">\n\t\t\t\t<div class=\"elementor-widget-container\">\n\t\t\t\t\t\t\t\t\t\t\t\t\t\t\t\t<a href=\"https:\/\/rabat-maroc.net\/rabat-maroc-V2\/wp-content\/uploads\/2024\/10\/mausolee-m5-garde-2019.jpg\" data-elementor-open-lightbox=\"yes\" data-elementor-lightbox-title=\"mausolee-m5-garde-2019\" data-e-action-hash=\"#elementor-action%3Aaction%3Dlightbox%26settings%3DeyJpZCI6MTkzMiwidXJsIjoiaHR0cHM6XC9cL3JhYmF0LW1hcm9jLm5ldFwvcmFiYXQtbWFyb2MtVjJcL3dwLWNvbnRlbnRcL3VwbG9hZHNcLzIwMjRcLzEwXC9tYXVzb2xlZS1tNS1nYXJkZS0yMDE5LmpwZyJ9\">\n\t\t\t\t\t\t\t<img loading=\"lazy\" decoding=\"async\" width=\"400\" height=\"600\" src=\"https:\/\/rabat-maroc.net\/rabat-maroc-V2\/wp-content\/uploads\/2024\/10\/mausolee-m5-garde-2019.jpg\" class=\"attachment-full size-full wp-image-1932\" alt=\"\" srcset=\"https:\/\/rabat-maroc.net\/rabat-maroc-V2\/wp-content\/uploads\/2024\/10\/mausolee-m5-garde-2019.jpg 400w, https:\/\/rabat-maroc.net\/rabat-maroc-V2\/wp-content\/uploads\/2024\/10\/mausolee-m5-garde-2019-200x300.jpg 200w\" sizes=\"(max-width: 400px) 100vw, 400px\" \/>\t\t\t\t\t\t\t\t<\/a>\n\t\t\t\t\t\t\t\t\t\t\t\t\t\t\t<\/div>\n\t\t\t\t<\/div>\n\t\t\t\t\t<\/div>\n\t\t<\/div>\n\t\t\t\t<div class=\"elementor-column elementor-col-25 elementor-top-column elementor-element elementor-element-da4fcd5\" data-id=\"da4fcd5\" data-element_type=\"column\" data-e-type=\"column\">\n\t\t\t<div class=\"elementor-widget-wrap elementor-element-populated\">\n\t\t\t\t\t\t<div class=\"elementor-element elementor-element-3a56048 elementor-widget elementor-widget-image\" data-id=\"3a56048\" data-element_type=\"widget\" data-e-type=\"widget\" data-widget_type=\"image.default\">\n\t\t\t\t<div class=\"elementor-widget-container\">\n\t\t\t\t\t\t\t\t\t\t\t\t\t\t\t\t<a href=\"https:\/\/rabat-maroc.net\/rabat-maroc-V2\/wp-content\/uploads\/2024\/10\/mausolee-M5-face-2-large.jpg\" data-elementor-open-lightbox=\"yes\" data-elementor-lightbox-title=\"mausolee-M5-face-2-large\" data-e-action-hash=\"#elementor-action%3Aaction%3Dlightbox%26settings%3DeyJpZCI6MTkzMSwidXJsIjoiaHR0cHM6XC9cL3JhYmF0LW1hcm9jLm5ldFwvcmFiYXQtbWFyb2MtVjJcL3dwLWNvbnRlbnRcL3VwbG9hZHNcLzIwMjRcLzEwXC9tYXVzb2xlZS1NNS1mYWNlLTItbGFyZ2UuanBnIn0%3D\">\n\t\t\t\t\t\t\t<img loading=\"lazy\" decoding=\"async\" width=\"450\" height=\"337\" src=\"https:\/\/rabat-maroc.net\/rabat-maroc-V2\/wp-content\/uploads\/2024\/10\/mausolee-M5-face-2-large.jpg\" class=\"attachment-full size-full wp-image-1931\" alt=\"\" srcset=\"https:\/\/rabat-maroc.net\/rabat-maroc-V2\/wp-content\/uploads\/2024\/10\/mausolee-M5-face-2-large.jpg 450w, https:\/\/rabat-maroc.net\/rabat-maroc-V2\/wp-content\/uploads\/2024\/10\/mausolee-M5-face-2-large-300x225.jpg 300w\" sizes=\"(max-width: 450px) 100vw, 450px\" \/>\t\t\t\t\t\t\t\t<\/a>\n\t\t\t\t\t\t\t\t\t\t\t\t\t\t\t<\/div>\n\t\t\t\t<\/div>\n\t\t\t\t\t<\/div>\n\t\t<\/div>\n\t\t\t\t<div class=\"elementor-column elementor-col-25 elementor-top-column elementor-element elementor-element-e3349d8\" data-id=\"e3349d8\" data-element_type=\"column\" data-e-type=\"column\">\n\t\t\t<div class=\"elementor-widget-wrap elementor-element-populated\">\n\t\t\t\t\t\t<div class=\"elementor-element elementor-element-56f1542 elementor-widget elementor-widget-image\" data-id=\"56f1542\" data-element_type=\"widget\" data-e-type=\"widget\" data-widget_type=\"image.default\">\n\t\t\t\t<div class=\"elementor-widget-container\">\n\t\t\t\t\t\t\t\t\t\t\t\t\t\t\t\t<a href=\"https:\/\/rabat-maroc.net\/rabat-maroc-V2\/wp-content\/uploads\/2024\/10\/mausolee-nuit-garde-374.jpg\" data-elementor-open-lightbox=\"yes\" data-elementor-lightbox-title=\"mausolee-nuit-garde-374\" data-e-action-hash=\"#elementor-action%3Aaction%3Dlightbox%26settings%3DeyJpZCI6MTkzNCwidXJsIjoiaHR0cHM6XC9cL3JhYmF0LW1hcm9jLm5ldFwvcmFiYXQtbWFyb2MtVjJcL3dwLWNvbnRlbnRcL3VwbG9hZHNcLzIwMjRcLzEwXC9tYXVzb2xlZS1udWl0LWdhcmRlLTM3NC5qcGcifQ%3D%3D\">\n\t\t\t\t\t\t\t<img loading=\"lazy\" decoding=\"async\" width=\"374\" height=\"240\" src=\"https:\/\/rabat-maroc.net\/rabat-maroc-V2\/wp-content\/uploads\/2024\/10\/mausolee-nuit-garde-374.jpg\" class=\"attachment-full size-full wp-image-1934\" alt=\"mausolee nuit garde\" srcset=\"https:\/\/rabat-maroc.net\/rabat-maroc-V2\/wp-content\/uploads\/2024\/10\/mausolee-nuit-garde-374.jpg 374w, https:\/\/rabat-maroc.net\/rabat-maroc-V2\/wp-content\/uploads\/2024\/10\/mausolee-nuit-garde-374-300x193.jpg 300w\" sizes=\"(max-width: 374px) 100vw, 374px\" \/>\t\t\t\t\t\t\t\t<\/a>\n\t\t\t\t\t\t\t\t\t\t\t\t\t\t\t<\/div>\n\t\t\t\t<\/div>\n\t\t\t\t\t<\/div>\n\t\t<\/div>\n\t\t\t\t\t<\/div>\n\t\t<\/section>\n\t\t<div class=\"elementor-element elementor-element-37f0b32 e-flex e-con-boxed e-con e-parent\" data-id=\"37f0b32\" data-element_type=\"container\" data-e-type=\"container\">\n\t\t\t\t\t<div class=\"e-con-inner\">\n\t\t\t\t<div class=\"elementor-element elementor-element-dccecea elementor-widget-divider--view-line elementor-widget elementor-widget-divider\" data-id=\"dccecea\" data-element_type=\"widget\" data-e-type=\"widget\" data-widget_type=\"divider.default\">\n\t\t\t\t<div class=\"elementor-widget-container\">\n\t\t\t\t\t\t\t<div class=\"elementor-divider\">\n\t\t\t<span class=\"elementor-divider-separator\">\n\t\t\t\t\t\t<\/span>\n\t\t<\/div>\n\t\t\t\t\t\t<\/div>\n\t\t\t\t<\/div>\n\t\t\t\t\t<\/div>\n\t\t\t\t<\/div>\n\t\t\t\t<\/div>\n\t\t","protected":false},"excerpt":{"rendered":"<p>Rabat de Lyautey \u00e0 Mohammed VI portail de Rabat, tourisme, histoire et culture. Plus d&rsquo;information Le Mausol\u00e9e Mohammed V, p\u00e8re de l\u2019ind\u00e9pendance Pouvait-il y avoir un endroit plus prestigieux que l\u2019esplanade de la mosqu\u00e9e Hass\u00e2ne, pour abriter le tombeau du plus populaire des sultans et rois du Maroc, Mohammed V, p\u00e8re de l\u2019ind\u00e9pendance, mort \u00e0 [&hellip;]<\/p>\n","protected":false},"author":1,"featured_media":0,"parent":0,"menu_order":0,"comment_status":"closed","ping_status":"closed","template":"","meta":{"_uag_custom_page_level_css":"","_monsterinsights_skip_tracking":false,"_monsterinsights_sitenote_active":false,"_monsterinsights_sitenote_note":"","_monsterinsights_sitenote_category":0,"_uf_show_specific_survey":0,"_uf_disable_surveys":false,"site-sidebar-layout":"no-sidebar","site-content-layout":"plain-container","ast-site-content-layout":"full-width-container","site-content-style":"unboxed","site-sidebar-style":"unboxed","ast-global-header-display":"","ast-banner-title-visibility":"","ast-main-header-display":"","ast-hfb-above-header-display":"","ast-hfb-below-header-display":"","ast-hfb-mobile-header-display":"","site-post-title":"disabled","ast-breadcrumbs-content":"","ast-featured-img":"","footer-sml-layout":"","theme-transparent-header-meta":"enabled","adv-header-id-meta":"","stick-header-meta":"","header-above-stick-meta":"","header-main-stick-meta":"","header-below-stick-meta":"","astra-migrate-meta-layouts":"set","ast-page-background-enabled":"default","ast-page-background-meta":{"desktop":{"background-color":"","background-image":"","background-repeat":"repeat","background-position":"center center","background-size":"auto","background-attachment":"scroll","background-type":"","background-media":"","overlay-type":"","overlay-color":"","overlay-opacity":"","overlay-gradient":""},"tablet":{"background-color":"","background-image":"","background-repeat":"repeat","background-position":"center center","background-size":"auto","background-attachment":"scroll","background-type":"","background-media":"","overlay-type":"","overlay-color":"","overlay-opacity":"","overlay-gradient":""},"mobile":{"background-color":"","background-image":"","background-repeat":"repeat","background-position":"center center","background-size":"auto","background-attachment":"scroll","background-type":"","background-media":"","overlay-type":"","overlay-color":"","overlay-opacity":"","overlay-gradient":""}},"ast-content-background-meta":{"desktop":{"background-color":"var(--ast-global-color-5)","background-image":"","background-repeat":"repeat","background-position":"center center","background-size":"auto","background-attachment":"scroll","background-type":"","background-media":"","overlay-type":"","overlay-color":"","overlay-opacity":"","overlay-gradient":""},"tablet":{"background-color":"var(--ast-global-color-5)","background-image":"","background-repeat":"repeat","background-position":"center center","background-size":"auto","background-attachment":"scroll","background-type":"","background-media":"","overlay-type":"","overlay-color":"","overlay-opacity":"","overlay-gradient":""},"mobile":{"background-color":"var(--ast-global-color-5)","background-image":"","background-repeat":"repeat","background-position":"center center","background-size":"auto","background-attachment":"scroll","background-type":"","background-media":"","overlay-type":"","overlay-color":"","overlay-opacity":"","overlay-gradient":""}},"footnotes":""},"class_list":["post-1919","page","type-page","status-publish","hentry"],"aioseo_notices":[],"uagb_featured_image_src":{"full":false,"thumbnail":false,"medium":false,"medium_large":false,"large":false,"1536x1536":false,"2048x2048":false},"uagb_author_info":{"display_name":"wmetequkjwqb","author_link":"https:\/\/rabat-maroc.net\/rabat-maroc-V2\/author\/wmetequkjwqb\/"},"uagb_comment_info":0,"uagb_excerpt":"Rabat de Lyautey \u00e0 Mohammed VI portail de Rabat, tourisme, histoire et culture. Plus d&rsquo;information Le Mausol\u00e9e Mohammed V, p\u00e8re de l\u2019ind\u00e9pendance Pouvait-il y avoir un endroit plus prestigieux que l\u2019esplanade de la mosqu\u00e9e Hass\u00e2ne, pour abriter le tombeau du plus populaire des sultans et rois du Maroc, Mohammed V, p\u00e8re de l\u2019ind\u00e9pendance, mort \u00e0\u2026","jetpack_sharing_enabled":true,"_links":{"self":[{"href":"https:\/\/rabat-maroc.net\/rabat-maroc-V2\/wp-json\/wp\/v2\/pages\/1919","targetHints":{"allow":["GET"]}}],"collection":[{"href":"https:\/\/rabat-maroc.net\/rabat-maroc-V2\/wp-json\/wp\/v2\/pages"}],"about":[{"href":"https:\/\/rabat-maroc.net\/rabat-maroc-V2\/wp-json\/wp\/v2\/types\/page"}],"author":[{"embeddable":true,"href":"https:\/\/rabat-maroc.net\/rabat-maroc-V2\/wp-json\/wp\/v2\/users\/1"}],"replies":[{"embeddable":true,"href":"https:\/\/rabat-maroc.net\/rabat-maroc-V2\/wp-json\/wp\/v2\/comments?post=1919"}],"version-history":[{"count":64,"href":"https:\/\/rabat-maroc.net\/rabat-maroc-V2\/wp-json\/wp\/v2\/pages\/1919\/revisions"}],"predecessor-version":[{"id":6184,"href":"https:\/\/rabat-maroc.net\/rabat-maroc-V2\/wp-json\/wp\/v2\/pages\/1919\/revisions\/6184"}],"wp:attachment":[{"href":"https:\/\/rabat-maroc.net\/rabat-maroc-V2\/wp-json\/wp\/v2\/media?parent=1919"}],"curies":[{"name":"wp","href":"https:\/\/api.w.org\/{rel}","templated":true}]}}