{"id":1992,"date":"2024-10-18T16:53:11","date_gmt":"2024-10-18T16:53:11","guid":{"rendered":"https:\/\/rabat-maroc.net\/rabat-maroc-V2\/?page_id=1992"},"modified":"2024-11-04T12:31:32","modified_gmt":"2024-11-04T12:31:32","slug":"guide-touristique","status":"publish","type":"page","link":"https:\/\/rabat-maroc.net\/rabat-maroc-V2\/guide-touristique\/","title":{"rendered":"guide-touristique"},"content":{"rendered":"\t\t<div data-elementor-type=\"wp-page\" data-elementor-id=\"1992\" class=\"elementor elementor-1992\">\n\t\t\t\t\t\t<section class=\"elementor-section elementor-top-section elementor-element elementor-element-wt2f15w elementor-section-boxed elementor-section-height-default elementor-section-height-default\" data-id=\"wt2f15w\" data-element_type=\"section\" data-e-type=\"section\" data-settings=\"{&quot;background_background&quot;:&quot;classic&quot;}\">\n\t\t\t\t\t\t\t<div class=\"elementor-background-overlay\"><\/div>\n\t\t\t\t\t\t\t<div class=\"elementor-container elementor-column-gap-default\">\n\t\t\t\t\t<div class=\"elementor-column elementor-col-100 elementor-top-column elementor-element elementor-element-78af2ff\" data-id=\"78af2ff\" data-element_type=\"column\" data-e-type=\"column\">\n\t\t\t<div class=\"elementor-widget-wrap elementor-element-populated\">\n\t\t\t\t\t\t<div class=\"elementor-element elementor-element-58ba8f4 elementor-widget elementor-widget-heading\" data-id=\"58ba8f4\" data-element_type=\"widget\" data-e-type=\"widget\" data-widget_type=\"heading.default\">\n\t\t\t\t<div class=\"elementor-widget-container\">\n\t\t\t\t\t<h1 class=\"elementor-heading-title elementor-size-default\">Rabat de Lyautey \u00e0 Mohammed VI<\/h1>\t\t\t\t<\/div>\n\t\t\t\t<\/div>\n\t\t\t\t<div class=\"elementor-element elementor-element-97cc7d6 elementor-widget elementor-widget-text-editor\" data-id=\"97cc7d6\" data-element_type=\"widget\" data-e-type=\"widget\" data-widget_type=\"text-editor.default\">\n\t\t\t\t<div class=\"elementor-widget-container\">\n\t\t\t\t\t\t\t\t\t<p>portail de Rabat, tourisme, histoire et culture.<\/p>\t\t\t\t\t\t\t\t<\/div>\n\t\t\t\t<\/div>\n\t\t\t\t<div class=\"elementor-element elementor-element-c4c3581 elementor-align-center elementor-widget elementor-widget-button\" data-id=\"c4c3581\" data-element_type=\"widget\" data-e-type=\"widget\" data-widget_type=\"button.default\">\n\t\t\t\t<div class=\"elementor-widget-container\">\n\t\t\t\t\t\t\t\t\t<div class=\"elementor-button-wrapper\">\n\t\t\t\t\t<a class=\"elementor-button elementor-button-link elementor-size-sm\" href=\"#\">\n\t\t\t\t\t\t<span class=\"elementor-button-content-wrapper\">\n\t\t\t\t\t\t\t\t\t<span class=\"elementor-button-text\">Plus d'information<\/span>\n\t\t\t\t\t<\/span>\n\t\t\t\t\t<\/a>\n\t\t\t\t<\/div>\n\t\t\t\t\t\t\t\t<\/div>\n\t\t\t\t<\/div>\n\t\t\t\t\t<\/div>\n\t\t<\/div>\n\t\t\t\t\t<\/div>\n\t\t<\/section>\n\t\t<div class=\"elementor-element elementor-element-090e413 e-flex e-con-boxed e-con e-parent\" data-id=\"090e413\" data-element_type=\"container\" data-e-type=\"container\">\n\t\t\t\t\t<div class=\"e-con-inner\">\n\t\t\t\t<div class=\"elementor-element elementor-element-01ce018 elementor-widget-divider--view-line elementor-widget elementor-widget-divider\" data-id=\"01ce018\" data-element_type=\"widget\" data-e-type=\"widget\" data-widget_type=\"divider.default\">\n\t\t\t\t<div class=\"elementor-widget-container\">\n\t\t\t\t\t\t\t<div class=\"elementor-divider\">\n\t\t\t<span class=\"elementor-divider-separator\">\n\t\t\t\t\t\t<\/span>\n\t\t<\/div>\n\t\t\t\t\t\t<\/div>\n\t\t\t\t<\/div>\n\t\t\t\t\t<\/div>\n\t\t\t\t<\/div>\n\t\t\t\t<section class=\"elementor-section elementor-top-section elementor-element elementor-element-usa5606 elementor-section-content-top elementor-section-boxed elementor-section-height-default elementor-section-height-default elementor-invisible\" data-id=\"usa5606\" data-element_type=\"section\" data-e-type=\"section\" data-settings=\"{&quot;background_background&quot;:&quot;classic&quot;,&quot;animation&quot;:&quot;rotateInUpRight&quot;}\">\n\t\t\t\t\t\t\t<div class=\"elementor-background-overlay\"><\/div>\n\t\t\t\t\t\t\t<div class=\"elementor-container elementor-column-gap-no\">\n\t\t\t\t\t<div class=\"elementor-column elementor-col-100 elementor-top-column elementor-element elementor-element-5312e3d\" data-id=\"5312e3d\" data-element_type=\"column\" data-e-type=\"column\">\n\t\t\t<div class=\"elementor-widget-wrap elementor-element-populated\">\n\t\t\t\t\t\t<div class=\"elementor-element elementor-element-f8e2218 elementor-widget elementor-widget-heading\" data-id=\"f8e2218\" data-element_type=\"widget\" data-e-type=\"widget\" data-widget_type=\"heading.default\">\n\t\t\t\t<div class=\"elementor-widget-container\">\n\t\t\t\t\t<h2 class=\"elementor-heading-title elementor-size-default\">Guide touristique de Rabat<\/h2>\t\t\t\t<\/div>\n\t\t\t\t<\/div>\n\t\t\t\t<div class=\"elementor-element elementor-element-14524f7 elementor-widget elementor-widget-text-editor\" data-id=\"14524f7\" data-element_type=\"widget\" data-e-type=\"widget\" data-widget_type=\"text-editor.default\">\n\t\t\t\t<div class=\"elementor-widget-container\">\n\t\t\t\t\t\t\t\t\t<h4>LES QUATRE SITES TOURISTIQUES INCONTOURNABLES DE RABAT\u2026 \u00e0\u00a0 voir en un seul jour.<\/h4>\t\t\t\t\t\t\t\t<\/div>\n\t\t\t\t<\/div>\n\t\t\t\t\t<\/div>\n\t\t<\/div>\n\t\t\t\t\t<\/div>\n\t\t<\/section>\n\t\t\t\t<section class=\"elementor-section elementor-top-section elementor-element elementor-element-n7qd4fd elementor-section-content-top elementor-section-boxed elementor-section-height-default elementor-section-height-default elementor-invisible\" data-id=\"n7qd4fd\" data-element_type=\"section\" data-e-type=\"section\" data-settings=\"{&quot;background_background&quot;:&quot;classic&quot;,&quot;animation&quot;:&quot;zoomInUp&quot;}\">\n\t\t\t\t\t\t\t<div class=\"elementor-background-overlay\"><\/div>\n\t\t\t\t\t\t\t<div class=\"elementor-container elementor-column-gap-wide\">\n\t\t\t\t\t<div class=\"elementor-column elementor-col-25 elementor-top-column elementor-element elementor-element-b0fc45e\" data-id=\"b0fc45e\" data-element_type=\"column\" data-e-type=\"column\">\n\t\t\t<div class=\"elementor-widget-wrap elementor-element-populated\">\n\t\t\t\t\t\t<div class=\"elementor-element elementor-element-940f239 elementor-widget elementor-widget-image\" data-id=\"940f239\" data-element_type=\"widget\" data-e-type=\"widget\" data-widget_type=\"image.default\">\n\t\t\t\t<div class=\"elementor-widget-container\">\n\t\t\t\t\t\t\t\t\t\t\t\t\t\t\t<img fetchpriority=\"high\" decoding=\"async\" width=\"300\" height=\"200\" src=\"https:\/\/rabat-maroc.net\/rabat-maroc-V2\/wp-content\/uploads\/2024\/10\/tour-hassan-mausolee-300-2019-1.jpg\" class=\"attachment-full size-full wp-image-2128\" alt=\"tour hassan mausolee\" \/>\t\t\t\t\t\t\t\t\t\t\t\t\t\t\t<\/div>\n\t\t\t\t<\/div>\n\t\t\t\t<div class=\"elementor-element elementor-element-673530d elementor-widget elementor-widget-text-editor\" data-id=\"673530d\" data-element_type=\"widget\" data-e-type=\"widget\" data-widget_type=\"text-editor.default\">\n\t\t\t\t<div class=\"elementor-widget-container\">\n\t\t\t\t\t\t\t\t\t<p>TOUR HASSAN, et MAUSOLEE MOHAMMED V, prestigieuse mosqu\u00e9e Almohade et tombeau du roi le plus populaire, beau et \u00e9mouvant\u2026<\/p><p><a title=\"TOUR HASSAN de Rabat\" href=\"https:\/\/rabat-maroc.net\/rabat-maroc-V2\/tour-hassan-de-rabat\/\"><span style=\"text-decoration: underline;\"><strong>Lire plus&#8230;<\/strong><\/span><\/a><\/p>\t\t\t\t\t\t\t\t<\/div>\n\t\t\t\t<\/div>\n\t\t\t\t\t<\/div>\n\t\t<\/div>\n\t\t\t\t<div class=\"elementor-column elementor-col-25 elementor-top-column elementor-element elementor-element-f633001\" data-id=\"f633001\" data-element_type=\"column\" data-e-type=\"column\">\n\t\t\t<div class=\"elementor-widget-wrap elementor-element-populated\">\n\t\t\t\t\t\t<div class=\"elementor-element elementor-element-e0e85ce elementor-widget elementor-widget-image\" data-id=\"e0e85ce\" data-element_type=\"widget\" data-e-type=\"widget\" data-widget_type=\"image.default\">\n\t\t\t\t<div class=\"elementor-widget-container\">\n\t\t\t\t\t\t\t\t\t\t\t\t\t\t\t<img decoding=\"async\" width=\"300\" height=\"200\" src=\"https:\/\/rabat-maroc.net\/rabat-maroc-V2\/wp-content\/uploads\/2024\/10\/rives-bouregreg-2-300-2019-1.jpg\" class=\"attachment-full size-full wp-image-2125\" alt=\"\" \/>\t\t\t\t\t\t\t\t\t\t\t\t\t\t\t<\/div>\n\t\t\t\t<\/div>\n\t\t\t\t<div class=\"elementor-element elementor-element-a194d72 elementor-widget elementor-widget-text-editor\" data-id=\"a194d72\" data-element_type=\"widget\" data-e-type=\"widget\" data-widget_type=\"text-editor.default\">\n\t\t\t\t<div class=\"elementor-widget-container\">\n\t\t\t\t\t\t\t\t\t<p>Les RIVES DU BOUREGREG, de jour comme de nuit, sont le spectacle permanent de la vie locale, celle de Rabat comme celle de Sal\u00e9\u2026<\/p><p><a title=\"bouregreg\" href=\"https:\/\/rabat-maroc.net\/rabat-maroc-V2\/bouregreg\/\"><span style=\"text-decoration: underline;\"><strong>Lire plus&#8230;<\/strong><\/span><\/a><\/p>\t\t\t\t\t\t\t\t<\/div>\n\t\t\t\t<\/div>\n\t\t\t\t\t<\/div>\n\t\t<\/div>\n\t\t\t\t<div class=\"elementor-column elementor-col-25 elementor-top-column elementor-element elementor-element-da4fcd5\" data-id=\"da4fcd5\" data-element_type=\"column\" data-e-type=\"column\">\n\t\t\t<div class=\"elementor-widget-wrap elementor-element-populated\">\n\t\t\t\t\t\t<div class=\"elementor-element elementor-element-3a56048 elementor-widget elementor-widget-image\" data-id=\"3a56048\" data-element_type=\"widget\" data-e-type=\"widget\" data-widget_type=\"image.default\">\n\t\t\t\t<div class=\"elementor-widget-container\">\n\t\t\t\t\t\t\t\t\t\t\t\t\t\t\t<img decoding=\"async\" width=\"300\" height=\"200\" src=\"https:\/\/rabat-maroc.net\/rabat-maroc-V2\/wp-content\/uploads\/2024\/10\/kasbah-oudayas-300-2013-1.jpg\" class=\"attachment-full size-full wp-image-2178\" alt=\"kasbah oudayas\" \/>\t\t\t\t\t\t\t\t\t\t\t\t\t\t\t<\/div>\n\t\t\t\t<\/div>\n\t\t\t\t<div class=\"elementor-element elementor-element-a37d843 elementor-widget elementor-widget-text-editor\" data-id=\"a37d843\" data-element_type=\"widget\" data-e-type=\"widget\" data-widget_type=\"text-editor.default\">\n\t\t\t\t<div class=\"elementor-widget-container\">\n\t\t\t\t\t\t\t\t\t<p>La KASBAH DES OUDAYAS, une forteresse militaire imprenable, d\u00e9sormais assi\u00e9g\u00e9e quotidiennement par les touristes et les Rbatis.<\/p><p><a title=\"OUDAYAS LA KASBAH DE RABAT\" href=\"https:\/\/rabat-maroc.net\/rabat-maroc-V2\/oudayas-la-kasbah-de-rabat\/\"><span style=\"text-decoration: underline;\"><strong>Lire plus&#8230;<\/strong><\/span><\/a><\/p>\t\t\t\t\t\t\t\t<\/div>\n\t\t\t\t<\/div>\n\t\t\t\t\t<\/div>\n\t\t<\/div>\n\t\t\t\t<div class=\"elementor-column elementor-col-25 elementor-top-column elementor-element elementor-element-e3349d8\" data-id=\"e3349d8\" data-element_type=\"column\" data-e-type=\"column\">\n\t\t\t<div class=\"elementor-widget-wrap elementor-element-populated\">\n\t\t\t\t\t\t<div class=\"elementor-element elementor-element-56f1542 elementor-widget elementor-widget-image\" data-id=\"56f1542\" data-element_type=\"widget\" data-e-type=\"widget\" data-widget_type=\"image.default\">\n\t\t\t\t<div class=\"elementor-widget-container\">\n\t\t\t\t\t\t\t\t\t\t\t\t\t\t\t<img loading=\"lazy\" decoding=\"async\" width=\"300\" height=\"200\" src=\"https:\/\/rabat-maroc.net\/rabat-maroc-V2\/wp-content\/uploads\/2024\/10\/chellah-300-200-2019-1.jpg\" class=\"attachment-full size-full wp-image-2168\" alt=\"\" \/>\t\t\t\t\t\t\t\t\t\t\t\t\t\t\t<\/div>\n\t\t\t\t<\/div>\n\t\t\t\t<div class=\"elementor-element elementor-element-4d04634 elementor-widget elementor-widget-text-editor\" data-id=\"4d04634\" data-element_type=\"widget\" data-e-type=\"widget\" data-widget_type=\"text-editor.default\">\n\t\t\t\t<div class=\"elementor-widget-container\">\n\t\t\t\t\t\t\t\t\t<p>Le CHELLAH, n\u00e9cropole M\u00e9rinide \u00e9rig\u00e9e sur des ruines romaines, le site romantique le plus paisible de Rabat.<\/p><p><a title=\"chellah\" href=\"https:\/\/rabat-maroc.net\/rabat-maroc-V2\/chellah\/\"><span style=\"text-decoration: underline;\"><strong>Lire plus&#8230;<\/strong><\/span><\/a><\/p>\t\t\t\t\t\t\t\t<\/div>\n\t\t\t\t<\/div>\n\t\t\t\t\t<\/div>\n\t\t<\/div>\n\t\t\t\t\t<\/div>\n\t\t<\/section>\n\t\t<div class=\"elementor-element elementor-element-b76129e e-flex e-con-boxed e-con e-parent\" data-id=\"b76129e\" data-element_type=\"container\" data-e-type=\"container\">\n\t\t\t\t\t<div class=\"e-con-inner\">\n\t\t\t\t<div class=\"elementor-element elementor-element-add68d2 elementor-widget-divider--view-line elementor-widget elementor-widget-divider\" data-id=\"add68d2\" data-element_type=\"widget\" data-e-type=\"widget\" data-widget_type=\"divider.default\">\n\t\t\t\t<div class=\"elementor-widget-container\">\n\t\t\t\t\t\t\t<div class=\"elementor-divider\">\n\t\t\t<span class=\"elementor-divider-separator\">\n\t\t\t\t\t\t<\/span>\n\t\t<\/div>\n\t\t\t\t\t\t<\/div>\n\t\t\t\t<\/div>\n\t\t\t\t\t<\/div>\n\t\t\t\t<\/div>\n\t\t\t\t<section class=\"elementor-section elementor-top-section elementor-element elementor-element-3726e3f elementor-section-content-top elementor-section-boxed elementor-section-height-default elementor-section-height-default\" data-id=\"3726e3f\" data-element_type=\"section\" data-e-type=\"section\" data-settings=\"{&quot;background_background&quot;:&quot;classic&quot;}\">\n\t\t\t\t\t\t\t<div class=\"elementor-background-overlay\"><\/div>\n\t\t\t\t\t\t\t<div class=\"elementor-container elementor-column-gap-no\">\n\t\t\t\t\t<div class=\"elementor-column elementor-col-100 elementor-top-column elementor-element elementor-element-cf5c037\" data-id=\"cf5c037\" data-element_type=\"column\" data-e-type=\"column\">\n\t\t\t<div class=\"elementor-widget-wrap elementor-element-populated\">\n\t\t\t\t\t\t<div class=\"elementor-element elementor-element-158c023 elementor-widget elementor-widget-text-editor\" data-id=\"158c023\" data-element_type=\"widget\" data-e-type=\"widget\" data-widget_type=\"text-editor.default\">\n\t\t\t\t<div class=\"elementor-widget-container\">\n\t\t\t\t\t\t\t\t\t<h4>LES QUATRE RUES LES PLUS PITTORESQUES DE LA MEDINA DE RABAT&#8230;<\/h4>\t\t\t\t\t\t\t\t<\/div>\n\t\t\t\t<\/div>\n\t\t\t\t\t<\/div>\n\t\t<\/div>\n\t\t\t\t\t<\/div>\n\t\t<\/section>\n\t\t\t\t<section class=\"elementor-section elementor-top-section elementor-element elementor-element-52421f8 elementor-section-content-top elementor-section-boxed elementor-section-height-default elementor-section-height-default elementor-invisible\" data-id=\"52421f8\" data-element_type=\"section\" data-e-type=\"section\" data-settings=\"{&quot;background_background&quot;:&quot;classic&quot;,&quot;animation&quot;:&quot;zoomInUp&quot;}\">\n\t\t\t\t\t\t\t<div class=\"elementor-background-overlay\"><\/div>\n\t\t\t\t\t\t\t<div class=\"elementor-container elementor-column-gap-wide\">\n\t\t\t\t\t<div class=\"elementor-column elementor-col-25 elementor-top-column elementor-element elementor-element-bb2e88d\" data-id=\"bb2e88d\" data-element_type=\"column\" data-e-type=\"column\">\n\t\t\t<div class=\"elementor-widget-wrap elementor-element-populated\">\n\t\t\t\t\t\t<div class=\"elementor-element elementor-element-a78f6a9 elementor-widget elementor-widget-image\" data-id=\"a78f6a9\" data-element_type=\"widget\" data-e-type=\"widget\" data-widget_type=\"image.default\">\n\t\t\t\t<div class=\"elementor-widget-container\">\n\t\t\t\t\t\t\t\t\t\t\t\t\t\t\t<img loading=\"lazy\" decoding=\"async\" width=\"300\" height=\"200\" src=\"https:\/\/rabat-maroc.net\/rabat-maroc-V2\/wp-content\/uploads\/2024\/10\/boukroune-300-200-2019-1-1.jpg\" class=\"attachment-full size-full wp-image-2167\" alt=\"boukroune\" \/>\t\t\t\t\t\t\t\t\t\t\t\t\t\t\t<\/div>\n\t\t\t\t<\/div>\n\t\t\t\t<div class=\"elementor-element elementor-element-6ba82cd elementor-widget elementor-widget-text-editor\" data-id=\"6ba82cd\" data-element_type=\"widget\" data-e-type=\"widget\" data-widget_type=\"text-editor.default\">\n\t\t\t\t<div class=\"elementor-widget-container\">\n\t\t\t\t\t\t\t\t\t<p>Rue BOUKROUNE, le ventre et le coeur de la m\u00e9dina de Rabat, un march\u00e9 de plein vent sympathique et all\u00e9chant\u2026<\/p><p><a title=\"el-gza-boukroune-sidi-fatah\" href=\"https:\/\/rabat-maroc.net\/rabat-maroc-V2\/el-gza-boukroune-sidi-fatah-2\/\"><span style=\"text-decoration: underline;\"><strong>Lire plus&#8230;<\/strong><\/span><\/a><\/p>\t\t\t\t\t\t\t\t<\/div>\n\t\t\t\t<\/div>\n\t\t\t\t\t<\/div>\n\t\t<\/div>\n\t\t\t\t<div class=\"elementor-column elementor-col-25 elementor-top-column elementor-element elementor-element-73fd957\" data-id=\"73fd957\" data-element_type=\"column\" data-e-type=\"column\">\n\t\t\t<div class=\"elementor-widget-wrap elementor-element-populated\">\n\t\t\t\t\t\t<div class=\"elementor-element elementor-element-ba50794 elementor-widget elementor-widget-image\" data-id=\"ba50794\" data-element_type=\"widget\" data-e-type=\"widget\" data-widget_type=\"image.default\">\n\t\t\t\t<div class=\"elementor-widget-container\">\n\t\t\t\t\t\t\t\t\t\t\t\t\t\t\t<img loading=\"lazy\" decoding=\"async\" width=\"300\" height=\"201\" src=\"https:\/\/rabat-maroc.net\/rabat-maroc-V2\/wp-content\/uploads\/2024\/10\/souika-300-2019-2-1.jpg\" class=\"attachment-full size-full wp-image-2127\" alt=\"souika\" \/>\t\t\t\t\t\t\t\t\t\t\t\t\t\t\t<\/div>\n\t\t\t\t<\/div>\n\t\t\t\t<div class=\"elementor-element elementor-element-fd41120 elementor-widget elementor-widget-text-editor\" data-id=\"fd41120\" data-element_type=\"widget\" data-e-type=\"widget\" data-widget_type=\"text-editor.default\">\n\t\t\t\t<div class=\"elementor-widget-container\">\n\t\t\t\t\t\t\t\t\t<p>Rues SOUIKA et SOUK SEBBATE, le vrai souk de Rabat o\u00f9 vous trouverez tout et m\u00eame ce que vous ne recherchez pas.<\/p><p><a title=\"souika-souk-sebbate-fredj-derb-el-fassi\" href=\"https:\/\/rabat-maroc.net\/rabat-maroc-V2\/souika-souk-sebbate-fredj-derb-el-fassi\/\"><span style=\"text-decoration: underline;\"><strong>Lire plus&#8230;<\/strong><\/span><\/a><\/p>\t\t\t\t\t\t\t\t<\/div>\n\t\t\t\t<\/div>\n\t\t\t\t\t<\/div>\n\t\t<\/div>\n\t\t\t\t<div class=\"elementor-column elementor-col-25 elementor-top-column elementor-element elementor-element-a633f83\" data-id=\"a633f83\" data-element_type=\"column\" data-e-type=\"column\">\n\t\t\t<div class=\"elementor-widget-wrap elementor-element-populated\">\n\t\t\t\t\t\t<div class=\"elementor-element elementor-element-64c7307 elementor-widget elementor-widget-image\" data-id=\"64c7307\" data-element_type=\"widget\" data-e-type=\"widget\" data-widget_type=\"image.default\">\n\t\t\t\t<div class=\"elementor-widget-container\">\n\t\t\t\t\t\t\t\t\t\t\t\t\t\t\t<img loading=\"lazy\" decoding=\"async\" width=\"300\" height=\"200\" src=\"https:\/\/rabat-maroc.net\/rabat-maroc-V2\/wp-content\/uploads\/2024\/10\/sidi-fatah-300-2019-1.jpg\" class=\"attachment-full size-full wp-image-2126\" alt=\"sidi fatah\" \/>\t\t\t\t\t\t\t\t\t\t\t\t\t\t\t<\/div>\n\t\t\t\t<\/div>\n\t\t\t\t<div class=\"elementor-element elementor-element-12c5ea9 elementor-widget elementor-widget-text-editor\" data-id=\"12c5ea9\" data-element_type=\"widget\" data-e-type=\"widget\" data-widget_type=\"text-editor.default\">\n\t\t\t\t<div class=\"elementor-widget-container\">\n\t\t\t\t\t\t\t\t\t<p>Rue SIDI FATAH, quartier des artisans, \u00e0 parcourir pour admirer un bijou architectural, la mosqu\u00e9e Moulay Mekki.<\/p><p><a title=\"el-gza-boukroune-sidi-fatah\" href=\"https:\/\/rabat-maroc.net\/rabat-maroc-V2\/el-gza-boukroune-sidi-fatah-3\/\"><span style=\"text-decoration: underline;\"><strong>Lire plus&#8230;<\/strong><\/span><\/a><\/p>\t\t\t\t\t\t\t\t<\/div>\n\t\t\t\t<\/div>\n\t\t\t\t\t<\/div>\n\t\t<\/div>\n\t\t\t\t<div class=\"elementor-column elementor-col-25 elementor-top-column elementor-element elementor-element-2582481\" data-id=\"2582481\" data-element_type=\"column\" data-e-type=\"column\">\n\t\t\t<div class=\"elementor-widget-wrap elementor-element-populated\">\n\t\t\t\t\t\t<div class=\"elementor-element elementor-element-95eeb94 elementor-widget elementor-widget-image\" data-id=\"95eeb94\" data-element_type=\"widget\" data-e-type=\"widget\" data-widget_type=\"image.default\">\n\t\t\t\t<div class=\"elementor-widget-container\">\n\t\t\t\t\t\t\t\t\t\t\t\t\t\t\t<img loading=\"lazy\" decoding=\"async\" width=\"300\" height=\"200\" src=\"https:\/\/rabat-maroc.net\/rabat-maroc-V2\/wp-content\/uploads\/2024\/10\/el-mellah-oukassa-300-2019-1-1.jpg\" class=\"attachment-full size-full wp-image-2169\" alt=\"el mellah\" \/>\t\t\t\t\t\t\t\t\t\t\t\t\t\t\t<\/div>\n\t\t\t\t<\/div>\n\t\t\t\t<div class=\"elementor-element elementor-element-734baa8 elementor-widget elementor-widget-text-editor\" data-id=\"734baa8\" data-element_type=\"widget\" data-e-type=\"widget\" data-widget_type=\"text-editor.default\">\n\t\t\t\t<div class=\"elementor-widget-container\">\n\t\t\t\t\t\t\t\t\t<p>Rues EL MELLAH et OUKASSA, pour red\u00e9couvrir l\u2019ancien quartier juif en pleine r\u00e9novation et ses tr\u00e9sors<strong>.<\/strong><\/p><p><a title=\"mellah\" href=\"https:\/\/rabat-maroc.net\/rabat-maroc-V2\/mellah-2\/\"><span style=\"text-decoration: underline;\"><strong>Lire plus&#8230;<\/strong><\/span><\/a><\/p>\t\t\t\t\t\t\t\t<\/div>\n\t\t\t\t<\/div>\n\t\t\t\t\t<\/div>\n\t\t<\/div>\n\t\t\t\t\t<\/div>\n\t\t<\/section>\n\t\t<div class=\"elementor-element elementor-element-56bb650 e-flex e-con-boxed e-con e-parent\" data-id=\"56bb650\" data-element_type=\"container\" data-e-type=\"container\">\n\t\t\t\t\t<div class=\"e-con-inner\">\n\t\t\t\t<div class=\"elementor-element elementor-element-ce833f9 elementor-widget-divider--view-line elementor-widget elementor-widget-divider\" data-id=\"ce833f9\" data-element_type=\"widget\" data-e-type=\"widget\" data-widget_type=\"divider.default\">\n\t\t\t\t<div class=\"elementor-widget-container\">\n\t\t\t\t\t\t\t<div class=\"elementor-divider\">\n\t\t\t<span class=\"elementor-divider-separator\">\n\t\t\t\t\t\t<\/span>\n\t\t<\/div>\n\t\t\t\t\t\t<\/div>\n\t\t\t\t<\/div>\n\t\t\t\t\t<\/div>\n\t\t\t\t<\/div>\n\t\t\t\t<section class=\"elementor-section elementor-top-section elementor-element elementor-element-06051cf elementor-section-content-top elementor-section-boxed elementor-section-height-default elementor-section-height-default\" data-id=\"06051cf\" data-element_type=\"section\" data-e-type=\"section\" data-settings=\"{&quot;background_background&quot;:&quot;classic&quot;}\">\n\t\t\t\t\t\t\t<div class=\"elementor-background-overlay\"><\/div>\n\t\t\t\t\t\t\t<div class=\"elementor-container elementor-column-gap-no\">\n\t\t\t\t\t<div class=\"elementor-column elementor-col-100 elementor-top-column elementor-element elementor-element-ce440c7\" data-id=\"ce440c7\" data-element_type=\"column\" data-e-type=\"column\">\n\t\t\t<div class=\"elementor-widget-wrap elementor-element-populated\">\n\t\t\t\t\t\t<div class=\"elementor-element elementor-element-b43f24f elementor-widget elementor-widget-text-editor\" data-id=\"b43f24f\" data-element_type=\"widget\" data-e-type=\"widget\" data-widget_type=\"text-editor.default\">\n\t\t\t\t<div class=\"elementor-widget-container\">\n\t\t\t\t\t\t\t\t\t<h4><strong>LES QUATRE PLUS BELLES PORTES DE RABAT\u2026<\/strong><\/h4>\t\t\t\t\t\t\t\t<\/div>\n\t\t\t\t<\/div>\n\t\t\t\t\t<\/div>\n\t\t<\/div>\n\t\t\t\t\t<\/div>\n\t\t<\/section>\n\t\t\t\t<section class=\"elementor-section elementor-top-section elementor-element elementor-element-2efa9c2 elementor-section-content-top elementor-section-boxed elementor-section-height-default elementor-section-height-default elementor-invisible\" data-id=\"2efa9c2\" data-element_type=\"section\" data-e-type=\"section\" data-settings=\"{&quot;background_background&quot;:&quot;classic&quot;,&quot;animation&quot;:&quot;zoomInUp&quot;}\">\n\t\t\t\t\t\t\t<div class=\"elementor-background-overlay\"><\/div>\n\t\t\t\t\t\t\t<div class=\"elementor-container elementor-column-gap-wide\">\n\t\t\t\t\t<div class=\"elementor-column elementor-col-25 elementor-top-column elementor-element elementor-element-23dedf0\" data-id=\"23dedf0\" data-element_type=\"column\" data-e-type=\"column\">\n\t\t\t<div class=\"elementor-widget-wrap elementor-element-populated\">\n\t\t\t\t\t\t<div class=\"elementor-element elementor-element-df36c5a elementor-widget elementor-widget-image\" data-id=\"df36c5a\" data-element_type=\"widget\" data-e-type=\"widget\" data-widget_type=\"image.default\">\n\t\t\t\t<div class=\"elementor-widget-container\">\n\t\t\t\t\t\t\t\t\t\t\t\t\t\t\t<img loading=\"lazy\" decoding=\"async\" width=\"300\" height=\"200\" src=\"https:\/\/rabat-maroc.net\/rabat-maroc-V2\/wp-content\/uploads\/2024\/10\/bab-oudayas-2-300-2019-1.jpg\" class=\"attachment-full size-full wp-image-2165\" alt=\"\" \/>\t\t\t\t\t\t\t\t\t\t\t\t\t\t\t<\/div>\n\t\t\t\t<\/div>\n\t\t\t\t<div class=\"elementor-element elementor-element-b450ca9 elementor-widget elementor-widget-heading\" data-id=\"b450ca9\" data-element_type=\"widget\" data-e-type=\"widget\" data-widget_type=\"heading.default\">\n\t\t\t\t<div class=\"elementor-widget-container\">\n\t\t\t\t\t<h3 class=\"elementor-heading-title elementor-size-default\">BAB EL KEBIR<\/h3>\t\t\t\t<\/div>\n\t\t\t\t<\/div>\n\t\t\t\t<div class=\"elementor-element elementor-element-cc95e74 elementor-widget elementor-widget-text-editor\" data-id=\"cc95e74\" data-element_type=\"widget\" data-e-type=\"widget\" data-widget_type=\"text-editor.default\">\n\t\t\t\t<div class=\"elementor-widget-container\">\n\t\t\t\t\t\t\t\t\t<p>la porte la plus richement d\u00e9cor\u00e9e, contrairement \u00e0 la tradition almohade, aussi bien c\u00f4t\u00e9 ville que c\u00f4t\u00e9 int\u00e9rieur (Oudayas).<\/p><p><a title=\"bab-oudaia-place-du-souk-el-ghezel\" href=\"https:\/\/rabat-maroc.net\/rabat-maroc-V2\/bab-oudaia-place-du-souk-el-ghezel\/\"><span style=\"text-decoration: underline;\"><strong>Lire plus&#8230;<\/strong><\/span><\/a><\/p>\t\t\t\t\t\t\t\t<\/div>\n\t\t\t\t<\/div>\n\t\t\t\t\t<\/div>\n\t\t<\/div>\n\t\t\t\t<div class=\"elementor-column elementor-col-25 elementor-top-column elementor-element elementor-element-e6e43d3\" data-id=\"e6e43d3\" data-element_type=\"column\" data-e-type=\"column\">\n\t\t\t<div class=\"elementor-widget-wrap elementor-element-populated\">\n\t\t\t\t\t\t<div class=\"elementor-element elementor-element-b443253 elementor-widget elementor-widget-image\" data-id=\"b443253\" data-element_type=\"widget\" data-e-type=\"widget\" data-widget_type=\"image.default\">\n\t\t\t\t<div class=\"elementor-widget-container\">\n\t\t\t\t\t\t\t\t\t\t\t\t\t\t\t<img loading=\"lazy\" decoding=\"async\" width=\"300\" height=\"200\" src=\"https:\/\/rabat-maroc.net\/rabat-maroc-V2\/wp-content\/uploads\/2024\/10\/bab-rouah-1-300-2019-1.jpg\" class=\"attachment-full size-full wp-image-2166\" alt=\"bab rouah\" \/>\t\t\t\t\t\t\t\t\t\t\t\t\t\t\t<\/div>\n\t\t\t\t<\/div>\n\t\t\t\t<div class=\"elementor-element elementor-element-153a0c8 elementor-widget elementor-widget-heading\" data-id=\"153a0c8\" data-element_type=\"widget\" data-e-type=\"widget\" data-widget_type=\"heading.default\">\n\t\t\t\t<div class=\"elementor-widget-container\">\n\t\t\t\t\t<h3 class=\"elementor-heading-title elementor-size-default\">BAB ROUAH<\/h3>\t\t\t\t<\/div>\n\t\t\t\t<\/div>\n\t\t\t\t<div class=\"elementor-element elementor-element-66ecad8 elementor-widget elementor-widget-text-editor\" data-id=\"66ecad8\" data-element_type=\"widget\" data-e-type=\"widget\" data-widget_type=\"text-editor.default\">\n\t\t\t\t<div class=\"elementor-widget-container\">\n\t\t\t\t\t\t\t\t\t<p>la seule porte de l\u2019enceinte Almohade qui restait ouverte en permanence, aujourd\u2019hui galerie d\u2019art.<\/p><p><a title=\"bab-al-rouah\" href=\"https:\/\/rabat-maroc.net\/rabat-maroc-V2\/bab-al-rouah\/\"><span style=\"text-decoration: underline;\"><strong>Lire plus&#8230;<\/strong><\/span><\/a><\/p>\t\t\t\t\t\t\t\t<\/div>\n\t\t\t\t<\/div>\n\t\t\t\t\t<\/div>\n\t\t<\/div>\n\t\t\t\t<div class=\"elementor-column elementor-col-25 elementor-top-column elementor-element elementor-element-348e988\" data-id=\"348e988\" data-element_type=\"column\" data-e-type=\"column\">\n\t\t\t<div class=\"elementor-widget-wrap elementor-element-populated\">\n\t\t\t\t\t\t<div class=\"elementor-element elementor-element-0e7854b elementor-widget elementor-widget-image\" data-id=\"0e7854b\" data-element_type=\"widget\" data-e-type=\"widget\" data-widget_type=\"image.default\">\n\t\t\t\t<div class=\"elementor-widget-container\">\n\t\t\t\t\t\t\t\t\t\t\t\t\t\t\t<img loading=\"lazy\" decoding=\"async\" width=\"300\" height=\"201\" src=\"https:\/\/rabat-maroc.net\/rabat-maroc-V2\/wp-content\/uploads\/2024\/10\/bab-el-had-300-2019-1.jpg\" class=\"attachment-full size-full wp-image-2164\" alt=\"\" \/>\t\t\t\t\t\t\t\t\t\t\t\t\t\t\t<\/div>\n\t\t\t\t<\/div>\n\t\t\t\t<div class=\"elementor-element elementor-element-64e2c0b elementor-widget elementor-widget-heading\" data-id=\"64e2c0b\" data-element_type=\"widget\" data-e-type=\"widget\" data-widget_type=\"heading.default\">\n\t\t\t\t<div class=\"elementor-widget-container\">\n\t\t\t\t\t<h3 class=\"elementor-heading-title elementor-size-default\">BAB EL HAD<\/h3>\t\t\t\t<\/div>\n\t\t\t\t<\/div>\n\t\t\t\t<div class=\"elementor-element elementor-element-7c1b742 elementor-widget elementor-widget-text-editor\" data-id=\"7c1b742\" data-element_type=\"widget\" data-e-type=\"widget\" data-widget_type=\"text-editor.default\">\n\t\t\t\t<div class=\"elementor-widget-container\">\n\t\t\t\t\t\t\t\t\t<p>la seule porte de l\u2019enceinte Almohade qui a conserv\u00e9 sa fonction de porte, et la plus anim\u00e9e\u2026<\/p><p><a title=\"bab-el-had-bab-tajine-el-gza-bab-bouiba-lalla-oum-kenbach\" href=\"https:\/\/rabat-maroc.net\/rabat-maroc-V2\/bab-el-had-bab-tajine-el-gza-bab-bouiba-lalla-oum-kenbach\/\"><span style=\"text-decoration: underline;\"><strong>Lire plus&#8230;<\/strong><\/span><\/a><\/p>\t\t\t\t\t\t\t\t<\/div>\n\t\t\t\t<\/div>\n\t\t\t\t\t<\/div>\n\t\t<\/div>\n\t\t\t\t<div class=\"elementor-column elementor-col-25 elementor-top-column elementor-element elementor-element-3ae22e4\" data-id=\"3ae22e4\" data-element_type=\"column\" data-e-type=\"column\">\n\t\t\t<div class=\"elementor-widget-wrap elementor-element-populated\">\n\t\t\t\t\t\t<div class=\"elementor-element elementor-element-aceaf9d elementor-widget elementor-widget-image\" data-id=\"aceaf9d\" data-element_type=\"widget\" data-e-type=\"widget\" data-widget_type=\"image.default\">\n\t\t\t\t<div class=\"elementor-widget-container\">\n\t\t\t\t\t\t\t\t\t\t\t\t\t\t\t<img loading=\"lazy\" decoding=\"async\" width=\"300\" height=\"200\" src=\"https:\/\/rabat-maroc.net\/rabat-maroc-V2\/wp-content\/uploads\/2024\/10\/porte-octogonale-chellah3-300-2019-1.jpg\" class=\"attachment-full size-full wp-image-2136\" alt=\"porte octogonale chellah\" \/>\t\t\t\t\t\t\t\t\t\t\t\t\t\t\t<\/div>\n\t\t\t\t<\/div>\n\t\t\t\t<div class=\"elementor-element elementor-element-8489fa2 elementor-widget elementor-widget-heading\" data-id=\"8489fa2\" data-element_type=\"widget\" data-e-type=\"widget\" data-widget_type=\"heading.default\">\n\t\t\t\t<div class=\"elementor-widget-container\">\n\t\t\t\t\t<h3 class=\"elementor-heading-title elementor-size-default\">BAB SIDI YAHIA<\/h3>\t\t\t\t<\/div>\n\t\t\t\t<\/div>\n\t\t\t\t<div class=\"elementor-element elementor-element-61c5b69 elementor-widget elementor-widget-text-editor\" data-id=\"61c5b69\" data-element_type=\"widget\" data-e-type=\"widget\" data-widget_type=\"text-editor.default\">\n\t\t\t\t<div class=\"elementor-widget-container\">\n\t\t\t\t\t\t\t\t\t<p><span class=\"citation\">la porte principale de l\u2019<\/span><span class=\"citation\">enceinte du Chellah,\u00a0<\/span><span class=\"citation\">rare vestige de la pr\u00e9sence M\u00e9rinide \u00e0 Rabat.<\/span><\/p><p><a title=\"chellah\" href=\"https:\/\/rabat-maroc.net\/rabat-maroc-V2\/chellah\/\"><span style=\"text-decoration: underline;\"><strong>Lire plus&#8230;<\/strong><\/span><\/a><\/p>\t\t\t\t\t\t\t\t<\/div>\n\t\t\t\t<\/div>\n\t\t\t\t\t<\/div>\n\t\t<\/div>\n\t\t\t\t\t<\/div>\n\t\t<\/section>\n\t\t<div class=\"elementor-element elementor-element-e581e6b e-flex e-con-boxed e-con e-parent\" data-id=\"e581e6b\" data-element_type=\"container\" data-e-type=\"container\">\n\t\t\t\t\t<div class=\"e-con-inner\">\n\t\t\t\t<div class=\"elementor-element elementor-element-89113d4 elementor-widget-divider--view-line elementor-widget elementor-widget-divider\" data-id=\"89113d4\" data-element_type=\"widget\" data-e-type=\"widget\" data-widget_type=\"divider.default\">\n\t\t\t\t<div class=\"elementor-widget-container\">\n\t\t\t\t\t\t\t<div class=\"elementor-divider\">\n\t\t\t<span class=\"elementor-divider-separator\">\n\t\t\t\t\t\t<\/span>\n\t\t<\/div>\n\t\t\t\t\t\t<\/div>\n\t\t\t\t<\/div>\n\t\t\t\t\t<\/div>\n\t\t\t\t<\/div>\n\t\t\t\t<section class=\"elementor-section elementor-top-section elementor-element elementor-element-5f13acc elementor-section-content-top elementor-section-boxed elementor-section-height-default elementor-section-height-default\" data-id=\"5f13acc\" data-element_type=\"section\" data-e-type=\"section\" data-settings=\"{&quot;background_background&quot;:&quot;classic&quot;}\">\n\t\t\t\t\t\t\t<div class=\"elementor-background-overlay\"><\/div>\n\t\t\t\t\t\t\t<div class=\"elementor-container elementor-column-gap-no\">\n\t\t\t\t\t<div class=\"elementor-column elementor-col-100 elementor-top-column elementor-element elementor-element-b52b6da\" data-id=\"b52b6da\" data-element_type=\"column\" data-e-type=\"column\">\n\t\t\t<div class=\"elementor-widget-wrap elementor-element-populated\">\n\t\t\t\t\t\t<div class=\"elementor-element elementor-element-e2e4661 elementor-widget elementor-widget-text-editor\" data-id=\"e2e4661\" data-element_type=\"widget\" data-e-type=\"widget\" data-widget_type=\"text-editor.default\">\n\t\t\t\t<div class=\"elementor-widget-container\">\n\t\t\t\t\t\t\t\t\t<h4>LES QUATRE FONTAINES LES\u00a0<\/strong><strong>PLUS SEDUISANTES\u00a0<\/strong><strong>DE RABAT\u2026<\/h4>\t\t\t\t\t\t\t\t<\/div>\n\t\t\t\t<\/div>\n\t\t\t\t\t<\/div>\n\t\t<\/div>\n\t\t\t\t\t<\/div>\n\t\t<\/section>\n\t\t\t\t<section class=\"elementor-section elementor-top-section elementor-element elementor-element-99c038d elementor-section-content-top elementor-section-boxed elementor-section-height-default elementor-section-height-default elementor-invisible\" data-id=\"99c038d\" data-element_type=\"section\" data-e-type=\"section\" data-settings=\"{&quot;background_background&quot;:&quot;classic&quot;,&quot;animation&quot;:&quot;zoomInUp&quot;}\">\n\t\t\t\t\t\t\t<div class=\"elementor-background-overlay\"><\/div>\n\t\t\t\t\t\t\t<div class=\"elementor-container elementor-column-gap-wide\">\n\t\t\t\t\t<div class=\"elementor-column elementor-col-25 elementor-top-column elementor-element elementor-element-01810f1\" data-id=\"01810f1\" data-element_type=\"column\" data-e-type=\"column\">\n\t\t\t<div class=\"elementor-widget-wrap elementor-element-populated\">\n\t\t\t\t\t\t<div class=\"elementor-element elementor-element-0279b73 elementor-widget elementor-widget-image\" data-id=\"0279b73\" data-element_type=\"widget\" data-e-type=\"widget\" data-widget_type=\"image.default\">\n\t\t\t\t<div class=\"elementor-widget-container\">\n\t\t\t\t\t\t\t\t\t\t\t\t\t\t\t<img loading=\"lazy\" decoding=\"async\" width=\"300\" height=\"200\" src=\"https:\/\/rabat-maroc.net\/rabat-maroc-V2\/wp-content\/uploads\/2024\/10\/fontaine-harrarine-consuls-1-300-2005-1.jpg\" class=\"attachment-full size-full wp-image-2172\" alt=\"fontaine harrarine\" \/>\t\t\t\t\t\t\t\t\t\t\t\t\t\t\t<\/div>\n\t\t\t\t<\/div>\n\t\t\t\t<div class=\"elementor-element elementor-element-73311c8 elementor-widget elementor-widget-text-editor\" data-id=\"73311c8\" data-element_type=\"widget\" data-e-type=\"widget\" data-widget_type=\"text-editor.default\">\n\t\t\t\t<div class=\"elementor-widget-container\">\n\t\t\t\t\t\t\t\t\t<p>Fontaine \u00e0 l\u2019angle de la rue des Consuls et de la rue Harrarine, devant laquelle a lieu chaque jeudi matin le souk aux tapis.<\/p><p><a title=\"consuls-msimer-derb-el-hout-fondouks-zaouia-tijania\" href=\"https:\/\/rabat-maroc.net\/rabat-maroc-V2\/consuls-msimer-derb-el-hout-fondouks-zaouia-tijania-2\/\"><span style=\"text-decoration: underline;\"><strong>Lire plus&#8230;<\/strong><\/span><\/a><\/p>\t\t\t\t\t\t\t\t<\/div>\n\t\t\t\t<\/div>\n\t\t\t\t\t<\/div>\n\t\t<\/div>\n\t\t\t\t<div class=\"elementor-column elementor-col-25 elementor-top-column elementor-element elementor-element-3bf54b1\" data-id=\"3bf54b1\" data-element_type=\"column\" data-e-type=\"column\">\n\t\t\t<div class=\"elementor-widget-wrap elementor-element-populated\">\n\t\t\t\t\t\t<div class=\"elementor-element elementor-element-9d54443 elementor-widget elementor-widget-image\" data-id=\"9d54443\" data-element_type=\"widget\" data-e-type=\"widget\" data-widget_type=\"image.default\">\n\t\t\t\t<div class=\"elementor-widget-container\">\n\t\t\t\t\t\t\t\t\t\t\t\t\t\t\t<img loading=\"lazy\" decoding=\"async\" width=\"300\" height=\"200\" src=\"https:\/\/rabat-maroc.net\/rabat-maroc-V2\/wp-content\/uploads\/2024\/10\/fontaine-mosque-alwazarin-1-300-2019-1.jpg\" class=\"attachment-full size-full wp-image-2173\" alt=\"\" \/>\t\t\t\t\t\t\t\t\t\t\t\t\t\t\t<\/div>\n\t\t\t\t<\/div>\n\t\t\t\t<div class=\"elementor-element elementor-element-dd36a75 elementor-widget elementor-widget-text-editor\" data-id=\"dd36a75\" data-element_type=\"widget\" data-e-type=\"widget\" data-widget_type=\"text-editor.default\">\n\t\t\t\t<div class=\"elementor-widget-container\">\n\t\t\t\t\t\t\t\t\t<p>Fontaine adoss\u00e9e \u00e0 la mosqu\u00e9e Alwazarin de la rue des Consuls, une des plus anciennes et la mieux conserv\u00e9e de Rabat.<\/p><p><a title=\"consuls-msimer-derb-el-hout-fondouks-zaouia-tijania\" href=\"https:\/\/rabat-maroc.net\/rabat-maroc-V2\/consuls-msimer-derb-el-hout-fondouks-zaouia-tijania-3\/\"><span style=\"text-decoration: underline;\"><strong>Lire plus&#8230;<\/strong><\/span><\/a><\/p>\t\t\t\t\t\t\t\t<\/div>\n\t\t\t\t<\/div>\n\t\t\t\t\t<\/div>\n\t\t<\/div>\n\t\t\t\t<div class=\"elementor-column elementor-col-25 elementor-top-column elementor-element elementor-element-689f02b\" data-id=\"689f02b\" data-element_type=\"column\" data-e-type=\"column\">\n\t\t\t<div class=\"elementor-widget-wrap elementor-element-populated\">\n\t\t\t\t\t\t<div class=\"elementor-element elementor-element-fc83309 elementor-widget elementor-widget-image\" data-id=\"fc83309\" data-element_type=\"widget\" data-e-type=\"widget\" data-widget_type=\"image.default\">\n\t\t\t\t<div class=\"elementor-widget-container\">\n\t\t\t\t\t\t\t\t\t\t\t\t\t\t\t<img loading=\"lazy\" decoding=\"async\" width=\"300\" height=\"200\" src=\"https:\/\/rabat-maroc.net\/rabat-maroc-V2\/wp-content\/uploads\/2024\/10\/fontaine-rue-souika-2010-1.jpg\" class=\"attachment-full size-full wp-image-2174\" alt=\"\" \/>\t\t\t\t\t\t\t\t\t\t\t\t\t\t\t<\/div>\n\t\t\t\t<\/div>\n\t\t\t\t<div class=\"elementor-element elementor-element-8c349fa elementor-widget elementor-widget-text-editor\" data-id=\"8c349fa\" data-element_type=\"widget\" data-e-type=\"widget\" data-widget_type=\"text-editor.default\">\n\t\t\t\t<div class=\"elementor-widget-container\">\n\t\t\t\t\t\t\t\t\t<p>Fontaine de la rue Sou\u00efka, cach\u00e9e la plupart du temps par les marchands de v\u00eatements qui installent leurs \u00e9tals devant.<\/p><p><a title=\"souika-souk-sebbate-fredj-derb-el-fassi\" href=\"https:\/\/rabat-maroc.net\/rabat-maroc-V2\/souika-souk-sebbate-fredj-derb-el-fassi-2\/\"><span style=\"text-decoration: underline;\"><strong>Lire plus&#8230;<\/strong><\/span><\/a><\/p>\t\t\t\t\t\t\t\t<\/div>\n\t\t\t\t<\/div>\n\t\t\t\t\t<\/div>\n\t\t<\/div>\n\t\t\t\t<div class=\"elementor-column elementor-col-25 elementor-top-column elementor-element elementor-element-6cccc08\" data-id=\"6cccc08\" data-element_type=\"column\" data-e-type=\"column\">\n\t\t\t<div class=\"elementor-widget-wrap elementor-element-populated\">\n\t\t\t\t\t\t<div class=\"elementor-element elementor-element-99752ef elementor-widget elementor-widget-image\" data-id=\"99752ef\" data-element_type=\"widget\" data-e-type=\"widget\" data-widget_type=\"image.default\">\n\t\t\t\t<div class=\"elementor-widget-container\">\n\t\t\t\t\t\t\t\t\t\t\t\t\t\t\t<img loading=\"lazy\" decoding=\"async\" width=\"300\" height=\"200\" src=\"https:\/\/rabat-maroc.net\/rabat-maroc-V2\/wp-content\/uploads\/2024\/10\/fontaine-skaia-bel-mekki-1-300-2007-1.jpg\" class=\"attachment-full size-full wp-image-2175\" alt=\"fontaine skaia mekki\" \/>\t\t\t\t\t\t\t\t\t\t\t\t\t\t\t<\/div>\n\t\t\t\t<\/div>\n\t\t\t\t<div class=\"elementor-element elementor-element-88b5e24 elementor-widget elementor-widget-text-editor\" data-id=\"88b5e24\" data-element_type=\"widget\" data-e-type=\"widget\" data-widget_type=\"text-editor.default\">\n\t\t\t\t<div class=\"elementor-widget-container\">\n\t\t\t\t\t\t\t\t\t<p>Fontaine rue Ska\u00efa Bel Mekki devant Dar Mrini, bien mise en valeur et tr\u00e8s visible depuis la rue Hornacheros.<\/p><p><a title=\"el-alou-skaia-bel-mekki-el-daoudi\" href=\"https:\/\/rabat-maroc.net\/rabat-maroc-V2\/el-alou-skaia-bel-mekki-el-daoudi-2\/\"><span style=\"text-decoration: underline;\"><strong>Lire plus&#8230;<\/strong><\/span><\/a><\/p>\t\t\t\t\t\t\t\t<\/div>\n\t\t\t\t<\/div>\n\t\t\t\t\t<\/div>\n\t\t<\/div>\n\t\t\t\t\t<\/div>\n\t\t<\/section>\n\t\t<div class=\"elementor-element elementor-element-2a948e1 e-flex e-con-boxed e-con e-parent\" data-id=\"2a948e1\" data-element_type=\"container\" data-e-type=\"container\">\n\t\t\t\t\t<div class=\"e-con-inner\">\n\t\t\t\t<div class=\"elementor-element elementor-element-0029ab1 elementor-widget-divider--view-line elementor-widget elementor-widget-divider\" data-id=\"0029ab1\" data-element_type=\"widget\" data-e-type=\"widget\" data-widget_type=\"divider.default\">\n\t\t\t\t<div class=\"elementor-widget-container\">\n\t\t\t\t\t\t\t<div class=\"elementor-divider\">\n\t\t\t<span class=\"elementor-divider-separator\">\n\t\t\t\t\t\t<\/span>\n\t\t<\/div>\n\t\t\t\t\t\t<\/div>\n\t\t\t\t<\/div>\n\t\t\t\t\t<\/div>\n\t\t\t\t<\/div>\n\t\t\t\t<section class=\"elementor-section elementor-top-section elementor-element elementor-element-bb57496 elementor-section-content-top elementor-section-boxed elementor-section-height-default elementor-section-height-default\" data-id=\"bb57496\" data-element_type=\"section\" data-e-type=\"section\" data-settings=\"{&quot;background_background&quot;:&quot;classic&quot;}\">\n\t\t\t\t\t\t\t<div class=\"elementor-background-overlay\"><\/div>\n\t\t\t\t\t\t\t<div class=\"elementor-container elementor-column-gap-no\">\n\t\t\t\t\t<div class=\"elementor-column elementor-col-100 elementor-top-column elementor-element elementor-element-1b798c4\" data-id=\"1b798c4\" data-element_type=\"column\" data-e-type=\"column\">\n\t\t\t<div class=\"elementor-widget-wrap elementor-element-populated\">\n\t\t\t\t\t\t<div class=\"elementor-element elementor-element-22804d0 elementor-widget elementor-widget-text-editor\" data-id=\"22804d0\" data-element_type=\"widget\" data-e-type=\"widget\" data-widget_type=\"text-editor.default\">\n\t\t\t\t<div class=\"elementor-widget-container\">\n\t\t\t\t\t\t\t\t\t<h4>LES QUATRE PARCS ET JARDINS DE RABAT\u00a0LES PLUS ATTACHANTS&#8230;<\/h4>\t\t\t\t\t\t\t\t<\/div>\n\t\t\t\t<\/div>\n\t\t\t\t\t<\/div>\n\t\t<\/div>\n\t\t\t\t\t<\/div>\n\t\t<\/section>\n\t\t\t\t<section class=\"elementor-section elementor-top-section elementor-element elementor-element-cdcab4f elementor-section-content-top elementor-section-boxed elementor-section-height-default elementor-section-height-default elementor-invisible\" data-id=\"cdcab4f\" data-element_type=\"section\" data-e-type=\"section\" data-settings=\"{&quot;background_background&quot;:&quot;classic&quot;,&quot;animation&quot;:&quot;zoomInUp&quot;}\">\n\t\t\t\t\t\t\t<div class=\"elementor-background-overlay\"><\/div>\n\t\t\t\t\t\t\t<div class=\"elementor-container elementor-column-gap-wide\">\n\t\t\t\t\t<div class=\"elementor-column elementor-col-25 elementor-top-column elementor-element elementor-element-cee3712\" data-id=\"cee3712\" data-element_type=\"column\" data-e-type=\"column\">\n\t\t\t<div class=\"elementor-widget-wrap elementor-element-populated\">\n\t\t\t\t\t\t<div class=\"elementor-element elementor-element-13583e2 elementor-widget elementor-widget-image\" data-id=\"13583e2\" data-element_type=\"widget\" data-e-type=\"widget\" data-widget_type=\"image.default\">\n\t\t\t\t<div class=\"elementor-widget-container\">\n\t\t\t\t\t\t\t\t\t\t\t\t\t\t\t<img loading=\"lazy\" decoding=\"async\" width=\"300\" height=\"200\" src=\"https:\/\/rabat-maroc.net\/rabat-maroc-V2\/wp-content\/uploads\/2024\/10\/parc-hassan2-1-300-2019-1.jpg\" class=\"attachment-full size-full wp-image-2134\" alt=\"park hassan 2\" \/>\t\t\t\t\t\t\t\t\t\t\t\t\t\t\t<\/div>\n\t\t\t\t<\/div>\n\t\t\t\t<div class=\"elementor-element elementor-element-0e185e6 elementor-widget elementor-widget-text-editor\" data-id=\"0e185e6\" data-element_type=\"widget\" data-e-type=\"widget\" data-widget_type=\"text-editor.default\">\n\t\t\t\t<div class=\"elementor-widget-container\">\n\t\t\t\t\t\t\t\t\t<p>Le PARC HASSAN II est un parc d\u2019avant-garde car il allie espaces verts, terrains de sport, activit\u00e9s ludiques et culturelles. Les Rbatis devront se l\u2019approprier ce qui ne saurait tarder.<\/p><p><a title=\"parc-hassan2-rabat\" href=\"https:\/\/rabat-maroc.net\/rabat-maroc-V2\/parc-hassan2-rabat\/\"><span style=\"text-decoration: underline;\"><strong>Lire plus&#8230;<\/strong><\/span><\/a><\/p>\t\t\t\t\t\t\t\t<\/div>\n\t\t\t\t<\/div>\n\t\t\t\t\t<\/div>\n\t\t<\/div>\n\t\t\t\t<div class=\"elementor-column elementor-col-25 elementor-top-column elementor-element elementor-element-96104b6\" data-id=\"96104b6\" data-element_type=\"column\" data-e-type=\"column\">\n\t\t\t<div class=\"elementor-widget-wrap elementor-element-populated\">\n\t\t\t\t\t\t<div class=\"elementor-element elementor-element-2f96616 elementor-widget elementor-widget-image\" data-id=\"2f96616\" data-element_type=\"widget\" data-e-type=\"widget\" data-widget_type=\"image.default\">\n\t\t\t\t<div class=\"elementor-widget-container\">\n\t\t\t\t\t\t\t\t\t\t\t\t\t\t\t<img loading=\"lazy\" decoding=\"async\" width=\"300\" height=\"200\" src=\"https:\/\/rabat-maroc.net\/rabat-maroc-V2\/wp-content\/uploads\/2024\/10\/jardin-essais-5-300-2019-1.jpg\" class=\"attachment-full size-full wp-image-2176\" alt=\"\" \/>\t\t\t\t\t\t\t\t\t\t\t\t\t\t\t<\/div>\n\t\t\t\t<\/div>\n\t\t\t\t<div class=\"elementor-element elementor-element-ed92824 elementor-widget elementor-widget-text-editor\" data-id=\"ed92824\" data-element_type=\"widget\" data-e-type=\"widget\" data-widget_type=\"text-editor.default\">\n\t\t\t\t<div class=\"elementor-widget-container\">\n\t\t\t\t\t\t\t\t\t<p>JARDIN D\u2019ESSAIS BOTANIQUES : si les milliers d\u2019esp\u00e8ces v\u00e9g\u00e9tales diverses ne vous s\u00e9duisent pas, vous y viendrez pour ses bassins remplis de n\u00e9nuphars et de grenouilles.<\/p><p><a title=\"le-jardin-dessais-agdal\" href=\"https:\/\/rabat-maroc.net\/rabat-maroc-V2\/le-jardin-dessais-agdal\/\"><span style=\"text-decoration: underline;\"><strong>Lire plus&#8230;<\/strong><\/span><\/a><\/p>\t\t\t\t\t\t\t\t<\/div>\n\t\t\t\t<\/div>\n\t\t\t\t\t<\/div>\n\t\t<\/div>\n\t\t\t\t<div class=\"elementor-column elementor-col-25 elementor-top-column elementor-element elementor-element-587a6aa\" data-id=\"587a6aa\" data-element_type=\"column\" data-e-type=\"column\">\n\t\t\t<div class=\"elementor-widget-wrap elementor-element-populated\">\n\t\t\t\t\t\t<div class=\"elementor-element elementor-element-cf6ad6f elementor-widget elementor-widget-image\" data-id=\"cf6ad6f\" data-element_type=\"widget\" data-e-type=\"widget\" data-widget_type=\"image.default\">\n\t\t\t\t<div class=\"elementor-widget-container\">\n\t\t\t\t\t\t\t\t\t\t\t\t\t\t\t<img loading=\"lazy\" decoding=\"async\" width=\"300\" height=\"200\" src=\"https:\/\/rabat-maroc.net\/rabat-maroc-V2\/wp-content\/uploads\/2024\/10\/parc-moulay-slimane-2-300-2019-1.jpg\" class=\"attachment-full size-full wp-image-2135\" alt=\"parc moulay\" \/>\t\t\t\t\t\t\t\t\t\t\t\t\t\t\t<\/div>\n\t\t\t\t<\/div>\n\t\t\t\t<div class=\"elementor-element elementor-element-40d70c0 elementor-widget elementor-widget-text-editor\" data-id=\"40d70c0\" data-element_type=\"widget\" data-e-type=\"widget\" data-widget_type=\"text-editor.default\">\n\t\t\t\t<div class=\"elementor-widget-container\">\n\t\t\t\t\t\t\t\t\t<p>PARC MOULAY SLIMANE. En plein coeur de la m\u00e9dina, pr\u00e8s de la mosqu\u00e9e du m\u00eame nom, un petit jardin, avec une v\u00e9g\u00e9tation luxuriante au milieu des souks agit\u00e9s.<\/p><p><a title=\"bab-el-had-bab-tajine-el-gza-bab-bouiba-lalla-oum-kenbach\" href=\"https:\/\/rabat-maroc.net\/rabat-maroc-V2\/bab-el-had-bab-tajine-el-gza-bab-bouiba-lalla-oum-kenbach-2\/\"><span style=\"text-decoration: underline;\"><strong>Lire plus&#8230;<\/strong><\/span><\/a><\/p>\t\t\t\t\t\t\t\t<\/div>\n\t\t\t\t<\/div>\n\t\t\t\t\t<\/div>\n\t\t<\/div>\n\t\t\t\t<div class=\"elementor-column elementor-col-25 elementor-top-column elementor-element elementor-element-7f0d916\" data-id=\"7f0d916\" data-element_type=\"column\" data-e-type=\"column\">\n\t\t\t<div class=\"elementor-widget-wrap elementor-element-populated\">\n\t\t\t\t\t\t<div class=\"elementor-element elementor-element-15e3d45 elementor-widget elementor-widget-image\" data-id=\"15e3d45\" data-element_type=\"widget\" data-e-type=\"widget\" data-widget_type=\"image.default\">\n\t\t\t\t<div class=\"elementor-widget-container\">\n\t\t\t\t\t\t\t\t\t\t\t\t\t\t\t<img loading=\"lazy\" decoding=\"async\" width=\"300\" height=\"200\" src=\"https:\/\/rabat-maroc.net\/rabat-maroc-V2\/wp-content\/uploads\/2024\/10\/nouzat-hassan-1-300-2019-1.jpg\" class=\"attachment-full size-full wp-image-2133\" alt=\"nouzat hassan\" \/>\t\t\t\t\t\t\t\t\t\t\t\t\t\t\t<\/div>\n\t\t\t\t<\/div>\n\t\t\t\t<div class=\"elementor-element elementor-element-029995b elementor-widget elementor-widget-text-editor\" data-id=\"029995b\" data-element_type=\"widget\" data-e-type=\"widget\" data-widget_type=\"text-editor.default\">\n\t\t\t\t<div class=\"elementor-widget-container\">\n\t\t\t\t\t\t\t\t\t<p>NOUZHAT HASSAN. Le parc du triangle de vue est le plus populaire et le plus central des jardins de Rabat. Magnifiquement r\u00e9habilit\u00e9, un vrai espace de fra\u00eecheur.<\/p><p><a title=\"le-jardin-du-triangle-de-vue-nouzhat-hassan\" href=\"https:\/\/rabat-maroc.net\/rabat-maroc-V2\/le-jardin-du-triangle-de-vue-nouzhat-hassan\/\"><span style=\"text-decoration: underline;\"><strong>Lire plus&#8230;<\/strong><\/span><\/a><\/p>\t\t\t\t\t\t\t\t<\/div>\n\t\t\t\t<\/div>\n\t\t\t\t\t<\/div>\n\t\t<\/div>\n\t\t\t\t\t<\/div>\n\t\t<\/section>\n\t\t<div class=\"elementor-element elementor-element-cca413a e-flex e-con-boxed e-con e-parent\" data-id=\"cca413a\" data-element_type=\"container\" data-e-type=\"container\">\n\t\t\t\t\t<div class=\"e-con-inner\">\n\t\t\t\t<div class=\"elementor-element elementor-element-8a64718 elementor-widget-divider--view-line elementor-widget elementor-widget-divider\" data-id=\"8a64718\" data-element_type=\"widget\" data-e-type=\"widget\" data-widget_type=\"divider.default\">\n\t\t\t\t<div class=\"elementor-widget-container\">\n\t\t\t\t\t\t\t<div class=\"elementor-divider\">\n\t\t\t<span class=\"elementor-divider-separator\">\n\t\t\t\t\t\t<\/span>\n\t\t<\/div>\n\t\t\t\t\t\t<\/div>\n\t\t\t\t<\/div>\n\t\t\t\t\t<\/div>\n\t\t\t\t<\/div>\n\t\t\t\t<section class=\"elementor-section elementor-top-section elementor-element elementor-element-0ede121 elementor-section-content-top elementor-section-boxed elementor-section-height-default elementor-section-height-default\" data-id=\"0ede121\" data-element_type=\"section\" data-e-type=\"section\" data-settings=\"{&quot;background_background&quot;:&quot;classic&quot;}\">\n\t\t\t\t\t\t\t<div class=\"elementor-background-overlay\"><\/div>\n\t\t\t\t\t\t\t<div class=\"elementor-container elementor-column-gap-no\">\n\t\t\t\t\t<div class=\"elementor-column elementor-col-100 elementor-top-column elementor-element elementor-element-103a690\" data-id=\"103a690\" data-element_type=\"column\" data-e-type=\"column\">\n\t\t\t<div class=\"elementor-widget-wrap elementor-element-populated\">\n\t\t\t\t\t\t<div class=\"elementor-element elementor-element-7ff390c elementor-widget elementor-widget-text-editor\" data-id=\"7ff390c\" data-element_type=\"widget\" data-e-type=\"widget\" data-widget_type=\"text-editor.default\">\n\t\t\t\t<div class=\"elementor-widget-container\">\n\t\t\t\t\t\t\t\t\t<h4>LES QUATRE MOSQUEES LES\u00a0PLUS REMARQUABLES\u00a0DE RABAT\u2026<\/h4>\t\t\t\t\t\t\t\t<\/div>\n\t\t\t\t<\/div>\n\t\t\t\t\t<\/div>\n\t\t<\/div>\n\t\t\t\t\t<\/div>\n\t\t<\/section>\n\t\t\t\t<section class=\"elementor-section elementor-top-section elementor-element elementor-element-8859afc elementor-section-content-top elementor-section-boxed elementor-section-height-default elementor-section-height-default elementor-invisible\" data-id=\"8859afc\" data-element_type=\"section\" data-e-type=\"section\" data-settings=\"{&quot;background_background&quot;:&quot;classic&quot;,&quot;animation&quot;:&quot;zoomInUp&quot;}\">\n\t\t\t\t\t\t\t<div class=\"elementor-background-overlay\"><\/div>\n\t\t\t\t\t\t\t<div class=\"elementor-container elementor-column-gap-wide\">\n\t\t\t\t\t<div class=\"elementor-column elementor-col-25 elementor-top-column elementor-element elementor-element-8292283\" data-id=\"8292283\" data-element_type=\"column\" data-e-type=\"column\">\n\t\t\t<div class=\"elementor-widget-wrap elementor-element-populated\">\n\t\t\t\t\t\t<div class=\"elementor-element elementor-element-a1806b5 elementor-widget elementor-widget-image\" data-id=\"a1806b5\" data-element_type=\"widget\" data-e-type=\"widget\" data-widget_type=\"image.default\">\n\t\t\t\t<div class=\"elementor-widget-container\">\n\t\t\t\t\t\t\t\t\t\t\t\t\t\t\t<img loading=\"lazy\" decoding=\"async\" width=\"300\" height=\"200\" src=\"https:\/\/rabat-maroc.net\/rabat-maroc-V2\/wp-content\/uploads\/2024\/10\/mosquee-lalla-soukaina-300-2018-1.jpg\" class=\"attachment-full size-full wp-image-2162\" alt=\"\" \/>\t\t\t\t\t\t\t\t\t\t\t\t\t\t\t<\/div>\n\t\t\t\t<\/div>\n\t\t\t\t<div class=\"elementor-element elementor-element-ca3e754 elementor-widget elementor-widget-text-editor\" data-id=\"ca3e754\" data-element_type=\"widget\" data-e-type=\"widget\" data-widget_type=\"text-editor.default\">\n\t\t\t\t<div class=\"elementor-widget-container\">\n\t\t\t\t\t\t\t\t\t<p>La mosqu\u00e9e LALLA SOUKAINA, dans le quartier Souissi,\u00a0 est la vitrine du savoir-faire des artisans marocains\u2026 magnifique !<\/p><p><a title=\"mosquee-lalla-soukaina\" href=\"https:\/\/rabat-maroc.net\/rabat-maroc-V2\/mosquee-lalla-soukaina\/\"><span style=\"text-decoration: underline;\"><strong>Lire plus&#8230;<\/strong><\/span><\/a><\/p>\t\t\t\t\t\t\t\t<\/div>\n\t\t\t\t<\/div>\n\t\t\t\t\t<\/div>\n\t\t<\/div>\n\t\t\t\t<div class=\"elementor-column elementor-col-25 elementor-top-column elementor-element elementor-element-b11b196\" data-id=\"b11b196\" data-element_type=\"column\" data-e-type=\"column\">\n\t\t\t<div class=\"elementor-widget-wrap elementor-element-populated\">\n\t\t\t\t\t\t<div class=\"elementor-element elementor-element-292592a elementor-widget elementor-widget-image\" data-id=\"292592a\" data-element_type=\"widget\" data-e-type=\"widget\" data-widget_type=\"image.default\">\n\t\t\t\t<div class=\"elementor-widget-container\">\n\t\t\t\t\t\t\t\t\t\t\t\t\t\t\t<img loading=\"lazy\" decoding=\"async\" width=\"300\" height=\"200\" src=\"https:\/\/rabat-maroc.net\/rabat-maroc-V2\/wp-content\/uploads\/2024\/10\/mosque-ahl-fas-2-300-2016-1.jpg\" class=\"attachment-full size-full wp-image-2161\" alt=\"\" \/>\t\t\t\t\t\t\t\t\t\t\t\t\t\t\t<\/div>\n\t\t\t\t<\/div>\n\t\t\t\t<div class=\"elementor-element elementor-element-952a11f elementor-widget elementor-widget-text-editor\" data-id=\"952a11f\" data-element_type=\"widget\" data-e-type=\"widget\" data-widget_type=\"text-editor.default\">\n\t\t\t\t<div class=\"elementor-widget-container\">\n\t\t\t\t\t\t\t\t\t<p>L\u2019\u00e9l\u00e9gante mosqu\u00e9e AHL FES du m\u00e9chouar est la mosqu\u00e9e du palais royal, celle que le roi du Maroc fr\u00e9quente r\u00e9guli\u00e8rement.<\/p><p><a title=\"mosquee-du-mechouar-ahl-fas\" href=\"https:\/\/rabat-maroc.net\/rabat-maroc-V2\/mosquee-du-mechouar-ahl-fas\/\"><span style=\"text-decoration: underline;\"><strong>Lire plus&#8230;<\/strong><\/span><\/a><\/p>\t\t\t\t\t\t\t\t<\/div>\n\t\t\t\t<\/div>\n\t\t\t\t\t<\/div>\n\t\t<\/div>\n\t\t\t\t<div class=\"elementor-column elementor-col-25 elementor-top-column elementor-element elementor-element-0805e3b\" data-id=\"0805e3b\" data-element_type=\"column\" data-e-type=\"column\">\n\t\t\t<div class=\"elementor-widget-wrap elementor-element-populated\">\n\t\t\t\t\t\t<div class=\"elementor-element elementor-element-ad9ada6 elementor-widget elementor-widget-image\" data-id=\"ad9ada6\" data-element_type=\"widget\" data-e-type=\"widget\" data-widget_type=\"image.default\">\n\t\t\t\t<div class=\"elementor-widget-container\">\n\t\t\t\t\t\t\t\t\t\t\t\t\t\t\t<img loading=\"lazy\" decoding=\"async\" width=\"300\" height=\"201\" src=\"https:\/\/rabat-maroc.net\/rabat-maroc-V2\/wp-content\/uploads\/2024\/10\/zaouia-tijania-2-300-2019-1.jpg\" class=\"attachment-full size-full wp-image-2130\" alt=\"zaouia tijania\" \/>\t\t\t\t\t\t\t\t\t\t\t\t\t\t\t<\/div>\n\t\t\t\t<\/div>\n\t\t\t\t<div class=\"elementor-element elementor-element-b6b3490 elementor-widget elementor-widget-text-editor\" data-id=\"b6b3490\" data-element_type=\"widget\" data-e-type=\"widget\" data-widget_type=\"text-editor.default\">\n\t\t\t\t<div class=\"elementor-widget-container\">\n\t\t\t\t\t\t\t\t\t<p>La\u00a0discr\u00e8te\u00a0Zaouia TIJANIA AL ATIKA, rue Harrarine, remarquable par ses zelliges de couleurs et panneaux d\u2019entrelacs.<\/p><p><a href=\"#\"><span style=\"text-decoration: underline;\"><strong>Lire plus&#8230;<\/strong><\/span><\/a><\/p>\t\t\t\t\t\t\t\t<\/div>\n\t\t\t\t<\/div>\n\t\t\t\t\t<\/div>\n\t\t<\/div>\n\t\t\t\t<div class=\"elementor-column elementor-col-25 elementor-top-column elementor-element elementor-element-38e0f42\" data-id=\"38e0f42\" data-element_type=\"column\" data-e-type=\"column\">\n\t\t\t<div class=\"elementor-widget-wrap elementor-element-populated\">\n\t\t\t\t\t\t<div class=\"elementor-element elementor-element-8786841 elementor-widget elementor-widget-image\" data-id=\"8786841\" data-element_type=\"widget\" data-e-type=\"widget\" data-widget_type=\"image.default\">\n\t\t\t\t<div class=\"elementor-widget-container\">\n\t\t\t\t\t\t\t\t\t\t\t\t\t\t\t<img loading=\"lazy\" decoding=\"async\" width=\"300\" height=\"200\" src=\"https:\/\/rabat-maroc.net\/rabat-maroc-V2\/wp-content\/uploads\/2024\/10\/mosquee-moulay-mekki1-300-2019-1-1.jpg\" class=\"attachment-full size-full wp-image-2163\" alt=\"mosquee moulay mekki\" \/>\t\t\t\t\t\t\t\t\t\t\t\t\t\t\t<\/div>\n\t\t\t\t<\/div>\n\t\t\t\t<div class=\"elementor-element elementor-element-737baa9 elementor-widget elementor-widget-text-editor\" data-id=\"737baa9\" data-element_type=\"widget\" data-e-type=\"widget\" data-widget_type=\"text-editor.default\">\n\t\t\t\t<div class=\"elementor-widget-container\">\n\t\t\t\t\t\t\t\t\t<p>La Mosqu\u00e9e MOULAY MEKKI vaut pour la richesse de sa d\u00e9coration et de ses anciennes peintures sur bois r\u00e9cemment restaur\u00e9es.<\/p><p><a title=\"el-alou-skaia-bel-mekki-el-daoudi\" href=\"https:\/\/rabat-maroc.net\/rabat-maroc-V2\/el-alou-skaia-bel-mekki-el-daoudi-3\/\"><span style=\"text-decoration: underline;\"><strong>Lire plus&#8230;<\/strong><\/span><\/a><\/p>\t\t\t\t\t\t\t\t<\/div>\n\t\t\t\t<\/div>\n\t\t\t\t\t<\/div>\n\t\t<\/div>\n\t\t\t\t\t<\/div>\n\t\t<\/section>\n\t\t<div class=\"elementor-element elementor-element-9d28d76 e-flex e-con-boxed e-con e-parent\" data-id=\"9d28d76\" data-element_type=\"container\" data-e-type=\"container\">\n\t\t\t\t\t<div class=\"e-con-inner\">\n\t\t\t\t<div class=\"elementor-element elementor-element-9e3a925 elementor-widget-divider--view-line elementor-widget elementor-widget-divider\" data-id=\"9e3a925\" data-element_type=\"widget\" data-e-type=\"widget\" data-widget_type=\"divider.default\">\n\t\t\t\t<div class=\"elementor-widget-container\">\n\t\t\t\t\t\t\t<div class=\"elementor-divider\">\n\t\t\t<span class=\"elementor-divider-separator\">\n\t\t\t\t\t\t<\/span>\n\t\t<\/div>\n\t\t\t\t\t\t<\/div>\n\t\t\t\t<\/div>\n\t\t\t\t\t<\/div>\n\t\t\t\t<\/div>\n\t\t\t\t<section class=\"elementor-section elementor-top-section elementor-element elementor-element-3eaf08b elementor-section-content-top elementor-section-boxed elementor-section-height-default elementor-section-height-default\" data-id=\"3eaf08b\" data-element_type=\"section\" data-e-type=\"section\" data-settings=\"{&quot;background_background&quot;:&quot;classic&quot;}\">\n\t\t\t\t\t\t\t<div class=\"elementor-background-overlay\"><\/div>\n\t\t\t\t\t\t\t<div class=\"elementor-container elementor-column-gap-no\">\n\t\t\t\t\t<div class=\"elementor-column elementor-col-100 elementor-top-column elementor-element elementor-element-bd38a5d\" data-id=\"bd38a5d\" data-element_type=\"column\" data-e-type=\"column\">\n\t\t\t<div class=\"elementor-widget-wrap elementor-element-populated\">\n\t\t\t\t\t\t<div class=\"elementor-element elementor-element-dc9936b elementor-widget elementor-widget-text-editor\" data-id=\"dc9936b\" data-element_type=\"widget\" data-e-type=\"widget\" data-widget_type=\"text-editor.default\">\n\t\t\t\t<div class=\"elementor-widget-container\">\n\t\t\t\t\t\t\t\t\t<h4>LES QUATRE MUSEES A VOIR A RABAT\u2026<\/h4>\t\t\t\t\t\t\t\t<\/div>\n\t\t\t\t<\/div>\n\t\t\t\t\t<\/div>\n\t\t<\/div>\n\t\t\t\t\t<\/div>\n\t\t<\/section>\n\t\t\t\t<section class=\"elementor-section elementor-top-section elementor-element elementor-element-5afa81c elementor-section-content-top elementor-section-boxed elementor-section-height-default elementor-section-height-default elementor-invisible\" data-id=\"5afa81c\" data-element_type=\"section\" data-e-type=\"section\" data-settings=\"{&quot;background_background&quot;:&quot;classic&quot;,&quot;animation&quot;:&quot;zoomInUp&quot;}\">\n\t\t\t\t\t\t\t<div class=\"elementor-background-overlay\"><\/div>\n\t\t\t\t\t\t\t<div class=\"elementor-container elementor-column-gap-wide\">\n\t\t\t\t\t<div class=\"elementor-column elementor-col-25 elementor-top-column elementor-element elementor-element-625afab\" data-id=\"625afab\" data-element_type=\"column\" data-e-type=\"column\">\n\t\t\t<div class=\"elementor-widget-wrap elementor-element-populated\">\n\t\t\t\t\t\t<div class=\"elementor-element elementor-element-36927a1 elementor-widget elementor-widget-image\" data-id=\"36927a1\" data-element_type=\"widget\" data-e-type=\"widget\" data-widget_type=\"image.default\">\n\t\t\t\t<div class=\"elementor-widget-container\">\n\t\t\t\t\t\t\t\t\t\t\t\t\t\t\t\t<a href=\"https:\/\/rabat-maroc.net\/rabat-maroc-V2\/wp-content\/uploads\/2024\/10\/mm6-1-300-2015-1.jpg\" data-elementor-open-lightbox=\"yes\" data-elementor-lightbox-title=\"mm6-1-300-2015\" data-e-action-hash=\"#elementor-action%3Aaction%3Dlightbox%26settings%3DeyJpZCI6MjE2MCwidXJsIjoiaHR0cHM6XC9cL3JhYmF0LW1hcm9jLm5ldFwvcmFiYXQtbWFyb2MtVjJcL3dwLWNvbnRlbnRcL3VwbG9hZHNcLzIwMjRcLzEwXC9tbTYtMS0zMDAtMjAxNS0xLmpwZyJ9\">\n\t\t\t\t\t\t\t<img loading=\"lazy\" decoding=\"async\" width=\"300\" height=\"201\" src=\"https:\/\/rabat-maroc.net\/rabat-maroc-V2\/wp-content\/uploads\/2024\/10\/mm6-1-300-2015-1.jpg\" class=\"attachment-full size-full wp-image-2160\" alt=\"\" \/>\t\t\t\t\t\t\t\t<\/a>\n\t\t\t\t\t\t\t\t\t\t\t\t\t\t\t<\/div>\n\t\t\t\t<\/div>\n\t\t\t\t<div class=\"elementor-element elementor-element-73e7dfa elementor-widget elementor-widget-text-editor\" data-id=\"73e7dfa\" data-element_type=\"widget\" data-e-type=\"widget\" data-widget_type=\"text-editor.default\">\n\t\t\t\t<div class=\"elementor-widget-container\">\n\t\t\t\t\t\t\t\t\t<p>Le Mus\u00e9e Mohammed VI d\u2019art moderne et contemporain de Rabat est le plus moderne du Maroc, une r\u00e9f\u00e9rence internationale en mati\u00e8re d\u2019art contemporain.<\/p><p><a href=\"#\"><span style=\"text-decoration: underline;\"><strong>Lire plus&#8230;<\/strong><\/span><\/a><\/p>\t\t\t\t\t\t\t\t<\/div>\n\t\t\t\t<\/div>\n\t\t\t\t\t<\/div>\n\t\t<\/div>\n\t\t\t\t<div class=\"elementor-column elementor-col-25 elementor-top-column elementor-element elementor-element-b9f200b\" data-id=\"b9f200b\" data-element_type=\"column\" data-e-type=\"column\">\n\t\t\t<div class=\"elementor-widget-wrap elementor-element-populated\">\n\t\t\t\t\t\t<div class=\"elementor-element elementor-element-8684ac9 elementor-widget elementor-widget-image\" data-id=\"8684ac9\" data-element_type=\"widget\" data-e-type=\"widget\" data-widget_type=\"image.default\">\n\t\t\t\t<div class=\"elementor-widget-container\">\n\t\t\t\t\t\t\t\t\t\t\t\t\t\t\t\t<a href=\"https:\/\/rabat-maroc.net\/rabat-maroc-V2\/wp-content\/uploads\/2024\/10\/villa-des-arts-300-2019-1.jpg\" data-elementor-open-lightbox=\"yes\" data-elementor-lightbox-title=\"villa-des-arts-300-2019\" data-e-action-hash=\"#elementor-action%3Aaction%3Dlightbox%26settings%3DeyJpZCI6MjEyOSwidXJsIjoiaHR0cHM6XC9cL3JhYmF0LW1hcm9jLm5ldFwvcmFiYXQtbWFyb2MtVjJcL3dwLWNvbnRlbnRcL3VwbG9hZHNcLzIwMjRcLzEwXC92aWxsYS1kZXMtYXJ0cy0zMDAtMjAxOS0xLmpwZyJ9\">\n\t\t\t\t\t\t\t<img loading=\"lazy\" decoding=\"async\" width=\"300\" height=\"200\" src=\"https:\/\/rabat-maroc.net\/rabat-maroc-V2\/wp-content\/uploads\/2024\/10\/villa-des-arts-300-2019-1.jpg\" class=\"attachment-full size-full wp-image-2129\" alt=\"villa des arts\" \/>\t\t\t\t\t\t\t\t<\/a>\n\t\t\t\t\t\t\t\t\t\t\t\t\t\t\t<\/div>\n\t\t\t\t<\/div>\n\t\t\t\t<div class=\"elementor-element elementor-element-dbc070c elementor-widget elementor-widget-text-editor\" data-id=\"dbc070c\" data-element_type=\"widget\" data-e-type=\"widget\" data-widget_type=\"text-editor.default\">\n\t\t\t\t<div class=\"elementor-widget-container\">\n\t\t\t\t\t\t\t\t\t<p>La Villa des Arts de Rabat, est un espace avant-gardiste qui conforte Rabat comme capitale de l\u2019art moderne et contemporain.<\/p><p><a href=\"#\"><span style=\"text-decoration: underline;\"><strong>Lire plus&#8230;<\/strong><\/span><\/a><\/p>\t\t\t\t\t\t\t\t<\/div>\n\t\t\t\t<\/div>\n\t\t\t\t\t<\/div>\n\t\t<\/div>\n\t\t\t\t<div class=\"elementor-column elementor-col-25 elementor-top-column elementor-element elementor-element-40049b4\" data-id=\"40049b4\" data-element_type=\"column\" data-e-type=\"column\">\n\t\t\t<div class=\"elementor-widget-wrap elementor-element-populated\">\n\t\t\t\t\t\t<div class=\"elementor-element elementor-element-5ef3738 elementor-widget elementor-widget-image\" data-id=\"5ef3738\" data-element_type=\"widget\" data-e-type=\"widget\" data-widget_type=\"image.default\">\n\t\t\t\t<div class=\"elementor-widget-container\">\n\t\t\t\t\t\t\t\t\t\t\t\t\t\t\t\t<a href=\"https:\/\/rabat-maroc.net\/rabat-maroc-V2\/wp-content\/uploads\/2024\/10\/musee-archeologique-rabat-300-1.jpg\" data-elementor-open-lightbox=\"yes\" data-elementor-lightbox-title=\"musee-archeologique-rabat-300\" data-e-action-hash=\"#elementor-action%3Aaction%3Dlightbox%26settings%3DeyJpZCI6MjEzMSwidXJsIjoiaHR0cHM6XC9cL3JhYmF0LW1hcm9jLm5ldFwvcmFiYXQtbWFyb2MtVjJcL3dwLWNvbnRlbnRcL3VwbG9hZHNcLzIwMjRcLzEwXC9tdXNlZS1hcmNoZW9sb2dpcXVlLXJhYmF0LTMwMC0xLmpwZyJ9\">\n\t\t\t\t\t\t\t<img loading=\"lazy\" decoding=\"async\" width=\"300\" height=\"200\" src=\"https:\/\/rabat-maroc.net\/rabat-maroc-V2\/wp-content\/uploads\/2024\/10\/musee-archeologique-rabat-300-1.jpg\" class=\"attachment-full size-full wp-image-2131\" alt=\"\" \/>\t\t\t\t\t\t\t\t<\/a>\n\t\t\t\t\t\t\t\t\t\t\t\t\t\t\t<\/div>\n\t\t\t\t<\/div>\n\t\t\t\t<div class=\"elementor-element elementor-element-b675c3f elementor-widget elementor-widget-text-editor\" data-id=\"b675c3f\" data-element_type=\"widget\" data-e-type=\"widget\" data-widget_type=\"text-editor.default\">\n\t\t\t\t<div class=\"elementor-widget-container\">\n\t\t\t\t\t\t\t\t\t<p>Le Mus\u00e9e arch\u00e9ologique de Rabat devenue Mus\u00e9e de l\u2019histoire et des civilisations, met en avant la riche collection arch\u00e9ologique du Maroc.<\/p><p><a href=\"#\"><span style=\"text-decoration: underline;\"><strong>Lire plus&#8230;<\/strong><\/span><\/a><\/p>\t\t\t\t\t\t\t\t<\/div>\n\t\t\t\t<\/div>\n\t\t\t\t\t<\/div>\n\t\t<\/div>\n\t\t\t\t<div class=\"elementor-column elementor-col-25 elementor-top-column elementor-element elementor-element-b2dcca2\" data-id=\"b2dcca2\" data-element_type=\"column\" data-e-type=\"column\">\n\t\t\t<div class=\"elementor-widget-wrap elementor-element-populated\">\n\t\t\t\t\t\t<div class=\"elementor-element elementor-element-9ce3f73 elementor-widget elementor-widget-image\" data-id=\"9ce3f73\" data-element_type=\"widget\" data-e-type=\"widget\" data-widget_type=\"image.default\">\n\t\t\t\t<div class=\"elementor-widget-container\">\n\t\t\t\t\t\t\t\t\t\t\t\t\t\t\t\t<a href=\"https:\/\/rabat-maroc.net\/rabat-maroc-V2\/wp-content\/uploads\/2024\/10\/musee-bank-al-magribh-300-1.jpg\" data-elementor-open-lightbox=\"yes\" data-elementor-lightbox-title=\"musee-bank-al-magribh-300\" data-e-action-hash=\"#elementor-action%3Aaction%3Dlightbox%26settings%3DeyJpZCI6MjEzMiwidXJsIjoiaHR0cHM6XC9cL3JhYmF0LW1hcm9jLm5ldFwvcmFiYXQtbWFyb2MtVjJcL3dwLWNvbnRlbnRcL3VwbG9hZHNcLzIwMjRcLzEwXC9tdXNlZS1iYW5rLWFsLW1hZ3JpYmgtMzAwLTEuanBnIn0%3D\">\n\t\t\t\t\t\t\t<img loading=\"lazy\" decoding=\"async\" width=\"301\" height=\"201\" src=\"https:\/\/rabat-maroc.net\/rabat-maroc-V2\/wp-content\/uploads\/2024\/10\/musee-bank-al-magribh-300-1.jpg\" class=\"attachment-full size-full wp-image-2132\" alt=\"musee bank al magribh\" \/>\t\t\t\t\t\t\t\t<\/a>\n\t\t\t\t\t\t\t\t\t\t\t\t\t\t\t<\/div>\n\t\t\t\t<\/div>\n\t\t\t\t<div class=\"elementor-element elementor-element-3331a3d elementor-widget elementor-widget-text-editor\" data-id=\"3331a3d\" data-element_type=\"widget\" data-e-type=\"widget\" data-widget_type=\"text-editor.default\">\n\t\t\t\t<div class=\"elementor-widget-container\">\n\t\t\t\t\t\t\t\t\t<p>Au Mus\u00e9e de Bank Al-Maghrib de Rabat, la vaste collection numismatique et artistique vous plonge dans plusieurs si\u00e8cles d\u2019histoire du Maroc.<\/p><p><a href=\"#\"><span style=\"text-decoration: underline;\"><strong>Lire plus&#8230;<\/strong><\/span><\/a><\/p>\t\t\t\t\t\t\t\t<\/div>\n\t\t\t\t<\/div>\n\t\t\t\t\t<\/div>\n\t\t<\/div>\n\t\t\t\t\t<\/div>\n\t\t<\/section>\n\t\t<div class=\"elementor-element elementor-element-cd516ab e-flex e-con-boxed e-con e-parent\" data-id=\"cd516ab\" data-element_type=\"container\" data-e-type=\"container\">\n\t\t\t\t\t<div class=\"e-con-inner\">\n\t\t\t\t<div class=\"elementor-element elementor-element-7070af8 elementor-widget-divider--view-line elementor-widget elementor-widget-divider\" data-id=\"7070af8\" data-element_type=\"widget\" data-e-type=\"widget\" data-widget_type=\"divider.default\">\n\t\t\t\t<div class=\"elementor-widget-container\">\n\t\t\t\t\t\t\t<div class=\"elementor-divider\">\n\t\t\t<span class=\"elementor-divider-separator\">\n\t\t\t\t\t\t<\/span>\n\t\t<\/div>\n\t\t\t\t\t\t<\/div>\n\t\t\t\t<\/div>\n\t\t\t\t\t<\/div>\n\t\t\t\t<\/div>\n\t\t\t\t<section class=\"elementor-section elementor-top-section elementor-element elementor-element-464c1c6 elementor-section-content-top elementor-section-boxed elementor-section-height-default elementor-section-height-default\" data-id=\"464c1c6\" data-element_type=\"section\" data-e-type=\"section\" data-settings=\"{&quot;background_background&quot;:&quot;classic&quot;}\">\n\t\t\t\t\t\t\t<div class=\"elementor-background-overlay\"><\/div>\n\t\t\t\t\t\t\t<div class=\"elementor-container elementor-column-gap-no\">\n\t\t\t\t\t<div class=\"elementor-column elementor-col-100 elementor-top-column elementor-element elementor-element-e86b8dd\" data-id=\"e86b8dd\" data-element_type=\"column\" data-e-type=\"column\">\n\t\t\t<div class=\"elementor-widget-wrap elementor-element-populated\">\n\t\t\t\t\t\t<div class=\"elementor-element elementor-element-f25b5cb elementor-widget elementor-widget-text-editor\" data-id=\"f25b5cb\" data-element_type=\"widget\" data-e-type=\"widget\" data-widget_type=\"text-editor.default\">\n\t\t\t\t<div class=\"elementor-widget-container\">\n\t\t\t\t\t\t\t\t\t<h4>LES QUATRE PLUS GRANDS EVENEMENTS CULTURELS DE RABAT\u2026<\/h4>\t\t\t\t\t\t\t\t<\/div>\n\t\t\t\t<\/div>\n\t\t\t\t\t<\/div>\n\t\t<\/div>\n\t\t\t\t\t<\/div>\n\t\t<\/section>\n\t\t\t\t<section class=\"elementor-section elementor-top-section elementor-element elementor-element-89b8032 elementor-section-content-top elementor-section-boxed elementor-section-height-default elementor-section-height-default elementor-invisible\" data-id=\"89b8032\" data-element_type=\"section\" data-e-type=\"section\" data-settings=\"{&quot;background_background&quot;:&quot;classic&quot;,&quot;animation&quot;:&quot;zoomInUp&quot;}\">\n\t\t\t\t\t\t\t<div class=\"elementor-background-overlay\"><\/div>\n\t\t\t\t\t\t\t<div class=\"elementor-container elementor-column-gap-wide\">\n\t\t\t\t\t<div class=\"elementor-column elementor-col-25 elementor-top-column elementor-element elementor-element-5a92847\" data-id=\"5a92847\" data-element_type=\"column\" data-e-type=\"column\">\n\t\t\t<div class=\"elementor-widget-wrap elementor-element-populated\">\n\t\t\t\t\t\t<div class=\"elementor-element elementor-element-260aafe elementor-widget elementor-widget-image\" data-id=\"260aafe\" data-element_type=\"widget\" data-e-type=\"widget\" data-widget_type=\"image.default\">\n\t\t\t\t<div class=\"elementor-widget-container\">\n\t\t\t\t\t\t\t\t\t\t\t\t\t\t\t<img loading=\"lazy\" decoding=\"async\" width=\"300\" height=\"200\" src=\"https:\/\/rabat-maroc.net\/rabat-maroc-V2\/wp-content\/uploads\/2024\/10\/mawazine-300-2020-1.jpg\" class=\"attachment-full size-full wp-image-2159\" alt=\"\" \/>\t\t\t\t\t\t\t\t\t\t\t\t\t\t\t<\/div>\n\t\t\t\t<\/div>\n\t\t\t\t<div class=\"elementor-element elementor-element-be9b56f elementor-widget elementor-widget-text-editor\" data-id=\"be9b56f\" data-element_type=\"widget\" data-e-type=\"widget\" data-widget_type=\"text-editor.default\">\n\t\t\t\t<div class=\"elementor-widget-container\">\n\t\t\t\t\t\t\t\t\t<p>Le festival Mawazine rythmes du monde, le plus grand festival de musique du monde, des centaines d\u2019artistes de genres musicaux diff\u00e9rents, des sc\u00e8nes multiples dans toute la ville, plusieurs millions de spectateurs\u2026 de la folie\u00a0 !<\/p><p><a href=\"https:\/\/web.facebook.com\/festivalmawazineofficiel\/?_rdc=1&amp;_rdr\" target=\"_blank\" rel=\"noopener\"><span style=\"text-decoration: underline;\"><strong>Lire plus&#8230;<\/strong><\/span><\/a><\/p>\t\t\t\t\t\t\t\t<\/div>\n\t\t\t\t<\/div>\n\t\t\t\t\t<\/div>\n\t\t<\/div>\n\t\t\t\t<div class=\"elementor-column elementor-col-25 elementor-top-column elementor-element elementor-element-884a4ba\" data-id=\"884a4ba\" data-element_type=\"column\" data-e-type=\"column\">\n\t\t\t<div class=\"elementor-widget-wrap elementor-element-populated\">\n\t\t\t\t\t\t<div class=\"elementor-element elementor-element-4dd022f elementor-widget elementor-widget-image\" data-id=\"4dd022f\" data-element_type=\"widget\" data-e-type=\"widget\" data-widget_type=\"image.default\">\n\t\t\t\t<div class=\"elementor-widget-container\">\n\t\t\t\t\t\t\t\t\t\t\t\t\t\t\t<img loading=\"lazy\" decoding=\"async\" width=\"300\" height=\"205\" src=\"https:\/\/rabat-maroc.net\/rabat-maroc-V2\/wp-content\/uploads\/2024\/10\/festival-jazz-chellah-300-2019-1.jpg\" class=\"attachment-full size-full wp-image-2171\" alt=\"\" \/>\t\t\t\t\t\t\t\t\t\t\t\t\t\t\t<\/div>\n\t\t\t\t<\/div>\n\t\t\t\t<div class=\"elementor-element elementor-element-42bbbcd elementor-widget elementor-widget-text-editor\" data-id=\"42bbbcd\" data-element_type=\"widget\" data-e-type=\"widget\" data-widget_type=\"text-editor.default\">\n\t\t\t\t<div class=\"elementor-widget-container\">\n\t\t\t\t\t\t\t\t\t<p>Sur le site du Chellah, tous les ans, \u00e0 la fin de l\u2019\u00e9t\u00e9, a lieu le festival\u00a0 \u201cJazz au Chellah\u201d. Un festival de renomm\u00e9e internationale dans un cadre feutr\u00e9 convenant particuli\u00e8rement bien \u00e0 ce genre musical.<\/p><p><a href=\"https:\/\/web.facebook.com\/JazzauChellah\/?_rdc=1&amp;_rdr\" target=\"_blank\" rel=\"noopener\"><span style=\"text-decoration: underline;\"><strong>Lire plus&#8230;<\/strong><\/span><\/a><\/p>\t\t\t\t\t\t\t\t<\/div>\n\t\t\t\t<\/div>\n\t\t\t\t\t<\/div>\n\t\t<\/div>\n\t\t\t\t<div class=\"elementor-column elementor-col-25 elementor-top-column elementor-element elementor-element-1f2e047\" data-id=\"1f2e047\" data-element_type=\"column\" data-e-type=\"column\">\n\t\t\t<div class=\"elementor-widget-wrap elementor-element-populated\">\n\t\t\t\t\t\t<div class=\"elementor-element elementor-element-a8106de elementor-widget elementor-widget-image\" data-id=\"a8106de\" data-element_type=\"widget\" data-e-type=\"widget\" data-widget_type=\"image.default\">\n\t\t\t\t<div class=\"elementor-widget-container\">\n\t\t\t\t\t\t\t\t\t\t\t\t\t\t\t<img loading=\"lazy\" decoding=\"async\" width=\"300\" height=\"201\" src=\"https:\/\/rabat-maroc.net\/rabat-maroc-V2\/wp-content\/uploads\/2024\/10\/jidar-2-300-2019-1.jpg\" class=\"attachment-full size-full wp-image-2177\" alt=\"jidar\" \/>\t\t\t\t\t\t\t\t\t\t\t\t\t\t\t<\/div>\n\t\t\t\t<\/div>\n\t\t\t\t<div class=\"elementor-element elementor-element-7d41093 elementor-widget elementor-widget-text-editor\" data-id=\"7d41093\" data-element_type=\"widget\" data-e-type=\"widget\" data-widget_type=\"text-editor.default\">\n\t\t\t\t<div class=\"elementor-widget-container\">\n\t\t\t\t\t\t\t\t\t<p>Un exceptionnel festival de Street Art \u201cJidar-Rabat Street Art\u201d :\u00a0 une dizaine de pignons d\u2019immeubles de Rabat accueille\u00a0ces incroyables fresques sur b\u00e9ton\u00a0d\u2019artistes du monde entier, destin\u00e9es pour certaines \u00e0 devenir p\u00e9rennes.\u00a0La Huiti\u00e8me \u00e9dition de Jidar Rabat Street Art Festival se tiendra du 18 au 28 mai 2023.<\/p><p><a href=\"https:\/\/lecube-art.com\/artiste\/festival-jidar\/\" target=\"_blank\" rel=\"noopener\"><span style=\"text-decoration: underline;\"><strong>Lire plus&#8230;<\/strong><\/span><\/a><\/p>\t\t\t\t\t\t\t\t<\/div>\n\t\t\t\t<\/div>\n\t\t\t\t\t<\/div>\n\t\t<\/div>\n\t\t\t\t<div class=\"elementor-column elementor-col-25 elementor-top-column elementor-element elementor-element-ea152bb\" data-id=\"ea152bb\" data-element_type=\"column\" data-e-type=\"column\">\n\t\t\t<div class=\"elementor-widget-wrap elementor-element-populated\">\n\t\t\t\t\t\t<div class=\"elementor-element elementor-element-4d2c25b elementor-widget elementor-widget-image\" data-id=\"4d2c25b\" data-element_type=\"widget\" data-e-type=\"widget\" data-widget_type=\"image.default\">\n\t\t\t\t<div class=\"elementor-widget-container\">\n\t\t\t\t\t\t\t\t\t\t\t\t\t\t\t<img loading=\"lazy\" decoding=\"async\" width=\"300\" height=\"200\" src=\"https:\/\/rabat-maroc.net\/rabat-maroc-V2\/wp-content\/uploads\/2024\/10\/festival-international-cinema-dauteur-Rabat-1.jpg\" class=\"attachment-full size-full wp-image-2170\" alt=\"\" \/>\t\t\t\t\t\t\t\t\t\t\t\t\t\t\t<\/div>\n\t\t\t\t<\/div>\n\t\t\t\t<div class=\"elementor-element elementor-element-0cbefaf elementor-widget elementor-widget-text-editor\" data-id=\"0cbefaf\" data-element_type=\"widget\" data-e-type=\"widget\" data-widget_type=\"text-editor.default\">\n\t\t\t\t<div class=\"elementor-widget-container\">\n\t\t\t\t\t\t\t\t\t<p>Le Festival International de Cin\u00e9ma d\u2019Auteur de Rabat (FICAR) en est \u00e0 sa 24\u00e8me \u00e9dition : programme de qualit\u00e9, jury de renom, palmar\u00e8s prestigieux. Le FICAR a trouv\u00e9 sa place parmi les \u00e9v\u00e9nements culturels marquants du Maroc.<\/p><p><a href=\"https:\/\/web.facebook.com\/festivalderabat?_rdc=1&amp;_rdr#\" target=\"_blank\" rel=\"noopener\"><span style=\"text-decoration: underline;\"><strong>Lire plus&#8230;<\/strong><\/span><\/a><\/p>\t\t\t\t\t\t\t\t<\/div>\n\t\t\t\t<\/div>\n\t\t\t\t\t<\/div>\n\t\t<\/div>\n\t\t\t\t\t<\/div>\n\t\t<\/section>\n\t\t<div class=\"elementor-element elementor-element-30eb63a e-flex e-con-boxed e-con e-parent\" data-id=\"30eb63a\" data-element_type=\"container\" data-e-type=\"container\">\n\t\t\t\t\t<div class=\"e-con-inner\">\n\t\t\t\t<div class=\"elementor-element elementor-element-333dbb2 elementor-widget-divider--view-line elementor-widget elementor-widget-divider\" data-id=\"333dbb2\" data-element_type=\"widget\" data-e-type=\"widget\" data-widget_type=\"divider.default\">\n\t\t\t\t<div class=\"elementor-widget-container\">\n\t\t\t\t\t\t\t<div class=\"elementor-divider\">\n\t\t\t<span class=\"elementor-divider-separator\">\n\t\t\t\t\t\t<\/span>\n\t\t<\/div>\n\t\t\t\t\t\t<\/div>\n\t\t\t\t<\/div>\n\t\t\t\t\t<\/div>\n\t\t\t\t<\/div>\n\t\t\t\t<section class=\"elementor-section elementor-top-section elementor-element elementor-element-0hdshfi elementor-section-content-top elementor-section-boxed elementor-section-height-default elementor-section-height-default elementor-invisible\" data-id=\"0hdshfi\" data-element_type=\"section\" data-e-type=\"section\" data-settings=\"{&quot;background_background&quot;:&quot;classic&quot;,&quot;animation&quot;:&quot;fadeInRight&quot;}\">\n\t\t\t\t\t\t\t<div class=\"elementor-background-overlay\"><\/div>\n\t\t\t\t\t\t\t<div class=\"elementor-container elementor-column-gap-no\">\n\t\t\t\t\t<div class=\"elementor-column elementor-col-100 elementor-top-column elementor-element elementor-element-5312e3d\" data-id=\"5312e3d\" data-element_type=\"column\" data-e-type=\"column\">\n\t\t\t<div class=\"elementor-widget-wrap elementor-element-populated\">\n\t\t\t\t\t\t<div class=\"elementor-element elementor-element-f8e2218 elementor-widget elementor-widget-heading\" data-id=\"f8e2218\" data-element_type=\"widget\" data-e-type=\"widget\" data-widget_type=\"heading.default\">\n\t\t\t\t<div class=\"elementor-widget-container\">\n\t\t\t\t\t<h2 class=\"elementor-heading-title elementor-size-default\">LES SITES TOURISTIQUES DE RABAT A DECOUVRIR,\nSI VOUS DISPOSEZ DE PLUS D\u2019UNE JOURNEE\u2026<\/h2>\t\t\t\t<\/div>\n\t\t\t\t<\/div>\n\t\t\t\t<div class=\"elementor-element elementor-element-14524f7 elementor-widget elementor-widget-text-editor\" data-id=\"14524f7\" data-element_type=\"widget\" data-e-type=\"widget\" data-widget_type=\"text-editor.default\">\n\t\t\t\t<div class=\"elementor-widget-container\">\n\t\t\t\t\t\t\t\t\t<ul id=\"menu-menu-visite-rabat\" class=\"et-menu nav et_disable_top_tier upwards\">\n \t<a href=\"https:\/\/www.rabat-maroc.net\/dar-al-mahkzen\/\">Dar al Makhzen \u2013 Palais Royal<\/a>\n \t<a href=\"https:\/\/www.rabat-maroc.net\/mosquee-du-mechouar-ahl-fas\/\">Mosqu\u00e9e du mechouar Ahl Fas<\/a>\n \t<a href=\"https:\/\/www.rabat-maroc.net\/mosquee-al-sounna-lycee-moulay-youssef\/\">Mosqu\u00e9e Al-Sounna-lycee Moulay Youssef<\/a>\n \t<a href=\"https:\/\/www.rabat-maroc.net\/mm6\/\">Mus\u00e9e Mohammed VI d\u2019art moderne et contemporain<\/a>\n \t<a href=\"https:\/\/www.rabat-maroc.net\/bab-al-rouah\/\">Bab Er Rouah<\/a>\n \t<a href=\"https:\/\/www.rabat-maroc.net\/mosquee-lalla-soukaina\/\">Mosqu\u00e9e Lalla Souka\u00efna<\/a>\n \t<a href=\"https:\/\/www.rabat-maroc.net\/gare-rabat-ville-place-des-alaouites-2\/\">Gare de Rabat-ville<\/a>\n \t<a href=\"https:\/\/www.rabat-maroc.net\/gare-rabat-agdal\/\">Gare Rabat-Agdal<\/a>\n \t<a href=\"https:\/\/www.rabat-maroc.net\/taxis-bleus\/\">Les taxis bleus de Rabat<\/a>\n \t<a href=\"https:\/\/www.rabat-maroc.net\/le-tramway-de-rabat-sale-2\/\">le-tramway-de-rabat-sale\/<\/a>\n \t<a href=\"https:\/\/www.rabat-maroc.net\/bibliotheque-nationale-du-royaume-du-maroc-de-rabat\/\">Biblioth\u00e8que Nationale du Royaume du Maroc<\/a>\n \t<a href=\"https:\/\/www.rabat-maroc.net\/complexe-des-potiers-de-sale\/\">Complexe des potiers d\u2019Oulja Sal\u00e9<\/a>\n \t<a href=\"https:\/\/www.rabat-maroc.net\/golf-dar-es-salam\/\">Golf Dar Es-Salam<\/a>\n \t<a href=\"https:\/\/www.rabat-maroc.net\/jardins-exotiques-de-bouknadel\/\">Les jardins exotiques de Bouknadel<\/a>\n \t<a href=\"https:\/\/www.rabat-maroc.net\/les-jardins-de-la-tour-hassan\/\">Les jardins de la Tour Hassan<\/a>\n \t<a href=\"https:\/\/www.rabat-maroc.net\/mosquee-hassan-interieur-mausolee-mohammed-v\/\">Mosqu\u00e9e Hassan<\/a>\n \t<a href=\"https:\/\/www.rabat-maroc.net\/le-jardin-dessais-agdal\/\">Le jardin d\u2019Essais Botaniques de l\u2019Agdal<\/a>\n \t<a href=\"https:\/\/www.rabat-maroc.net\/zoo-de-rabat\/\">Zoo de Rabat \u2013 jardin zoologique national de Rabat<\/a>\n \t<a href=\"https:\/\/www.rabat-maroc.net\/le-cafe-maure-jardin-des-oudayas\/\">Le caf\u00e9 Maure du jardin des Oudayas<\/a>\n \t<a href=\"https:\/\/www.rabat-maroc.net\/le-jardin-des-oudayas-2\/\">Jardin Andalou des Oudayas \u2013 2\u00e8me partie<\/a>\n \t<a href=\"https:\/\/www.rabat-maroc.net\/le-jardin-des-oudayas-1-2\/\">Le jardin Andalou des Oudayas \u2013 1\u00e8re partie<\/a>\n \t<a href=\"https:\/\/www.rabat-maroc.net\/bab-oudaia-place-du-souk-el-ghezel\/\">Bab Ouda\u00efas \u2013 Bab El Kebir \u2013 anciennement place du Souk El Ghezel<\/a>\n \t<a href=\"https:\/\/www.rabat-maroc.net\/palais-de-la-kasbah-des-oudayas\/\">Palais de la Kasbah des Oudayas- Mus\u00e9e national des bijoux<\/a>\n \t<a href=\"https:\/\/www.rabat-maroc.net\/le-jardin-du-triangle-de-vue-nouzhat-hassan\/\">Nouzhat Hassan \u2013 le jardin du triangle de vue<\/a>\n <a href=\"https:\/\/www.rabat-maroc.net\/quartier-habous-diour-jamaa\/\">Quartier Habous Diour Jama\u00e2 \u2013 patrimoine mondial de l\u2019UNESCO<\/a>\n <a href=\"https:\/\/www.rabat-maroc.net\/musee-archeologique-musee-de-lhistoire-et-des-civilisations\/\">Mus\u00e9e Arch\u00e9ologique \u2013\u00a0Mus\u00e9e de l\u2019histoire et des civilisations<\/a>\n <a href=\"https:\/\/www.rabat-maroc.net\/mega-mall\/\">Mega Mall de Rabat<\/a>\n \t<a href=\"https:\/\/www.rabat-maroc.net\/medina-mellah\/\">M\u00e9dina \u2013 le Mellah<\/a>\n \t<a title=\"Boulevard El Alou\" href=\"https:\/\/www.rabat-maroc.net\/boulevard-el-alou\/\">Quartier de la m\u00e9dina : Boulevard El Alou<\/a>\n \t<a href=\"https:\/\/www.rabat-maroc.net\/musee-de-la-monnaie\/\">Mus\u00e9e de la monnaie<\/a>\n \t<a href=\"https:\/\/www.rabat-maroc.net\/artisans-de-rabat\/\">Les artisans de Rabat<\/a>\n <a href=\"https:\/\/www.rabat-maroc.net\/bouregreg-pecheurs\/\">Le Bouregreg, p\u00eacheurs et barcassiers<\/a>\n <a href=\"https:\/\/www.rabat-maroc.net\/port-de-peche-de-sale\/\">Port de p\u00eache de Sal\u00e9<\/a>\n <a href=\"https:\/\/www.rabat-maroc.net\/marina-bouregreg-de-rabat-sale\/\">Marina Bouregreg de Rabat-Sal\u00e9<\/a>\n <a href=\"https:\/\/www.rabat-maroc.net\/lamenagement-du-bouregreg\/\">L\u2019am\u00e9nagement du Bouregreg<\/a>\n <a href=\"https:\/\/www.rabat-maroc.net\/locean-les-plages\/\">L\u2019oc\u00e9an \u2013 les plages<\/a>\n <a href=\"https:\/\/www.rabat-maroc.net\/av-mohammed-v-rue-el-gza-medina\/\">Avenue Mohammed V et son prolongement rue El Gza dans la m\u00e9dina<\/a>\n <a href=\"https:\/\/www.rabat-maroc.net\/cathedrale-saint-pierre-place-pietri-le-marche-aux-fleurs\/\">Cath\u00e9drale Saint-Pierre- Place du Golan \u2013 Place Pietri \u2013 march\u00e9 aux fleurs<\/a>\n <a href=\"https:\/\/www.rabat-maroc.net\/av-hassan-ii\/\">Avenue Hassan II \u2013 Mur des Andalous<\/a>\n <a href=\"https:\/\/www.rabat-maroc.net\/av-mohammed-v-partie-etroite\/\">Avenue Mohammed V (partie \u00e9troite) \u2013 av. Allal Ben Abdellah-<\/a>\n <a href=\"https:\/\/www.rabat-maroc.net\/av-mohammed-v\/\">Avenue Mohammed V \u2013 partie haute<\/a>\n <a href=\"https:\/\/www.rabat-maroc.net\/villa-des-arts-de-rabat\/\">Villa des Arts de Rabat<\/a>\n <a href=\"https:\/\/www.rabat-maroc.net\/parc-hassan2-rabat\/\">Le Parc Hassan II de Rabat<\/a>\n<\/ul>\t\t\t\t\t\t\t\t<\/div>\n\t\t\t\t<\/div>\n\t\t\t\t\t<\/div>\n\t\t<\/div>\n\t\t\t\t\t<\/div>\n\t\t<\/section>\n\t\t<div class=\"elementor-element elementor-element-1896603 e-flex e-con-boxed e-con e-parent\" data-id=\"1896603\" data-element_type=\"container\" data-e-type=\"container\">\n\t\t\t\t\t<div class=\"e-con-inner\">\n\t\t\t\t<div class=\"elementor-element elementor-element-fc6b4bc elementor-widget-divider--view-line elementor-widget elementor-widget-divider\" data-id=\"fc6b4bc\" data-element_type=\"widget\" data-e-type=\"widget\" data-widget_type=\"divider.default\">\n\t\t\t\t<div class=\"elementor-widget-container\">\n\t\t\t\t\t\t\t<div class=\"elementor-divider\">\n\t\t\t<span class=\"elementor-divider-separator\">\n\t\t\t\t\t\t<\/span>\n\t\t<\/div>\n\t\t\t\t\t\t<\/div>\n\t\t\t\t<\/div>\n\t\t\t\t\t<\/div>\n\t\t\t\t<\/div>\n\t\t\t\t<\/div>\n\t\t","protected":false},"excerpt":{"rendered":"<p>Rabat de Lyautey \u00e0 Mohammed VI portail de Rabat, tourisme, histoire et culture. Plus d&rsquo;information Guide touristique de Rabat LES QUATRE SITES TOURISTIQUES INCONTOURNABLES DE RABAT\u2026 \u00e0\u00a0 voir en un seul jour. TOUR HASSAN, et MAUSOLEE MOHAMMED V, prestigieuse mosqu\u00e9e Almohade et tombeau du roi le plus populaire, beau et \u00e9mouvant\u2026 Lire plus&#8230; Les RIVES [&hellip;]<\/p>\n","protected":false},"author":1,"featured_media":0,"parent":0,"menu_order":0,"comment_status":"closed","ping_status":"closed","template":"","meta":{"_uag_custom_page_level_css":"","_monsterinsights_skip_tracking":false,"_monsterinsights_sitenote_active":false,"_monsterinsights_sitenote_note":"","_monsterinsights_sitenote_category":0,"_uf_show_specific_survey":0,"_uf_disable_surveys":false,"site-sidebar-layout":"no-sidebar","site-content-layout":"plain-container","ast-site-content-layout":"full-width-container","site-content-style":"unboxed","site-sidebar-style":"unboxed","ast-global-header-display":"","ast-banner-title-visibility":"","ast-main-header-display":"","ast-hfb-above-header-display":"","ast-hfb-below-header-display":"","ast-hfb-mobile-header-display":"","site-post-title":"disabled","ast-breadcrumbs-content":"","ast-featured-img":"","footer-sml-layout":"","theme-transparent-header-meta":"enabled","adv-header-id-meta":"","stick-header-meta":"","header-above-stick-meta":"","header-main-stick-meta":"","header-below-stick-meta":"","astra-migrate-meta-layouts":"set","ast-page-background-enabled":"default","ast-page-background-meta":{"desktop":{"background-color":"","background-image":"","background-repeat":"repeat","background-position":"center center","background-size":"auto","background-attachment":"scroll","background-type":"","background-media":"","overlay-type":"","overlay-color":"","overlay-opacity":"","overlay-gradient":""},"tablet":{"background-color":"","background-image":"","background-repeat":"repeat","background-position":"center center","background-size":"auto","background-attachment":"scroll","background-type":"","background-media":"","overlay-type":"","overlay-color":"","overlay-opacity":"","overlay-gradient":""},"mobile":{"background-color":"","background-image":"","background-repeat":"repeat","background-position":"center center","background-size":"auto","background-attachment":"scroll","background-type":"","background-media":"","overlay-type":"","overlay-color":"","overlay-opacity":"","overlay-gradient":""}},"ast-content-background-meta":{"desktop":{"background-color":"var(--ast-global-color-5)","background-image":"","background-repeat":"repeat","background-position":"center center","background-size":"auto","background-attachment":"scroll","background-type":"","background-media":"","overlay-type":"","overlay-color":"","overlay-opacity":"","overlay-gradient":""},"tablet":{"background-color":"var(--ast-global-color-5)","background-image":"","background-repeat":"repeat","background-position":"center center","background-size":"auto","background-attachment":"scroll","background-type":"","background-media":"","overlay-type":"","overlay-color":"","overlay-opacity":"","overlay-gradient":""},"mobile":{"background-color":"var(--ast-global-color-5)","background-image":"","background-repeat":"repeat","background-position":"center center","background-size":"auto","background-attachment":"scroll","background-type":"","background-media":"","overlay-type":"","overlay-color":"","overlay-opacity":"","overlay-gradient":""}},"footnotes":""},"class_list":["post-1992","page","type-page","status-publish","hentry"],"aioseo_notices":[],"uagb_featured_image_src":{"full":false,"thumbnail":false,"medium":false,"medium_large":false,"large":false,"1536x1536":false,"2048x2048":false},"uagb_author_info":{"display_name":"wmetequkjwqb","author_link":"https:\/\/rabat-maroc.net\/rabat-maroc-V2\/author\/wmetequkjwqb\/"},"uagb_comment_info":0,"uagb_excerpt":"Rabat de Lyautey \u00e0 Mohammed VI portail de Rabat, tourisme, histoire et culture. Plus d&rsquo;information Guide touristique de Rabat LES QUATRE SITES TOURISTIQUES INCONTOURNABLES DE RABAT\u2026 \u00e0\u00a0 voir en un seul jour. TOUR HASSAN, et MAUSOLEE MOHAMMED V, prestigieuse mosqu\u00e9e Almohade et tombeau du roi le plus populaire, beau et \u00e9mouvant\u2026 Lire plus&#8230; Les RIVES\u2026","jetpack_sharing_enabled":true,"_links":{"self":[{"href":"https:\/\/rabat-maroc.net\/rabat-maroc-V2\/wp-json\/wp\/v2\/pages\/1992","targetHints":{"allow":["GET"]}}],"collection":[{"href":"https:\/\/rabat-maroc.net\/rabat-maroc-V2\/wp-json\/wp\/v2\/pages"}],"about":[{"href":"https:\/\/rabat-maroc.net\/rabat-maroc-V2\/wp-json\/wp\/v2\/types\/page"}],"author":[{"embeddable":true,"href":"https:\/\/rabat-maroc.net\/rabat-maroc-V2\/wp-json\/wp\/v2\/users\/1"}],"replies":[{"embeddable":true,"href":"https:\/\/rabat-maroc.net\/rabat-maroc-V2\/wp-json\/wp\/v2\/comments?post=1992"}],"version-history":[{"count":370,"href":"https:\/\/rabat-maroc.net\/rabat-maroc-V2\/wp-json\/wp\/v2\/pages\/1992\/revisions"}],"predecessor-version":[{"id":6097,"href":"https:\/\/rabat-maroc.net\/rabat-maroc-V2\/wp-json\/wp\/v2\/pages\/1992\/revisions\/6097"}],"wp:attachment":[{"href":"https:\/\/rabat-maroc.net\/rabat-maroc-V2\/wp-json\/wp\/v2\/media?parent=1992"}],"curies":[{"name":"wp","href":"https:\/\/api.w.org\/{rel}","templated":true}]}}