{"id":2461,"date":"2024-10-21T09:19:55","date_gmt":"2024-10-21T09:19:55","guid":{"rendered":"https:\/\/rabat-maroc.net\/rabat-maroc-V2\/?page_id=2461"},"modified":"2024-11-04T19:28:25","modified_gmt":"2024-11-04T19:28:25","slug":"medina-lame-de-rabat","status":"publish","type":"page","link":"https:\/\/rabat-maroc.net\/rabat-maroc-V2\/medina-lame-de-rabat\/","title":{"rendered":"medina-lame-de-rabat"},"content":{"rendered":"\t\t<div data-elementor-type=\"wp-page\" data-elementor-id=\"2461\" class=\"elementor elementor-2461\">\n\t\t\t\t\t\t<section class=\"elementor-section elementor-top-section elementor-element elementor-element-wt2f15w elementor-section-boxed elementor-section-height-default elementor-section-height-default\" data-id=\"wt2f15w\" data-element_type=\"section\" data-e-type=\"section\" data-settings=\"{&quot;background_background&quot;:&quot;classic&quot;}\">\n\t\t\t\t\t\t\t<div class=\"elementor-background-overlay\"><\/div>\n\t\t\t\t\t\t\t<div class=\"elementor-container elementor-column-gap-default\">\n\t\t\t\t\t<div class=\"elementor-column elementor-col-100 elementor-top-column elementor-element elementor-element-78af2ff\" data-id=\"78af2ff\" data-element_type=\"column\" data-e-type=\"column\">\n\t\t\t<div class=\"elementor-widget-wrap elementor-element-populated\">\n\t\t\t\t\t\t<div class=\"elementor-element elementor-element-58ba8f4 elementor-widget elementor-widget-heading\" data-id=\"58ba8f4\" data-element_type=\"widget\" data-e-type=\"widget\" data-widget_type=\"heading.default\">\n\t\t\t\t<div class=\"elementor-widget-container\">\n\t\t\t\t\t<h1 class=\"elementor-heading-title elementor-size-default\">Rabat de Lyautey \u00e0 Mohammed VI<\/h1>\t\t\t\t<\/div>\n\t\t\t\t<\/div>\n\t\t\t\t<div class=\"elementor-element elementor-element-97cc7d6 elementor-widget elementor-widget-text-editor\" data-id=\"97cc7d6\" data-element_type=\"widget\" data-e-type=\"widget\" data-widget_type=\"text-editor.default\">\n\t\t\t\t<div class=\"elementor-widget-container\">\n\t\t\t\t\t\t\t\t\t<p>portail de Rabat, tourisme, histoire et culture.<\/p>\t\t\t\t\t\t\t\t<\/div>\n\t\t\t\t<\/div>\n\t\t\t\t<div class=\"elementor-element elementor-element-c4c3581 elementor-align-center elementor-widget elementor-widget-button\" data-id=\"c4c3581\" data-element_type=\"widget\" data-e-type=\"widget\" data-widget_type=\"button.default\">\n\t\t\t\t<div class=\"elementor-widget-container\">\n\t\t\t\t\t\t\t\t\t<div class=\"elementor-button-wrapper\">\n\t\t\t\t\t<a class=\"elementor-button elementor-button-link elementor-size-sm\" href=\"#\">\n\t\t\t\t\t\t<span class=\"elementor-button-content-wrapper\">\n\t\t\t\t\t\t\t\t\t<span class=\"elementor-button-text\">Plus d'information<\/span>\n\t\t\t\t\t<\/span>\n\t\t\t\t\t<\/a>\n\t\t\t\t<\/div>\n\t\t\t\t\t\t\t\t<\/div>\n\t\t\t\t<\/div>\n\t\t\t\t\t<\/div>\n\t\t<\/div>\n\t\t\t\t\t<\/div>\n\t\t<\/section>\n\t\t<div class=\"elementor-element elementor-element-b208350 e-flex e-con-boxed e-con e-parent\" data-id=\"b208350\" data-element_type=\"container\" data-e-type=\"container\">\n\t\t\t\t\t<div class=\"e-con-inner\">\n\t\t\t\t<div class=\"elementor-element elementor-element-bed5d70 elementor-widget-divider--view-line elementor-widget elementor-widget-divider\" data-id=\"bed5d70\" data-element_type=\"widget\" data-e-type=\"widget\" data-widget_type=\"divider.default\">\n\t\t\t\t<div class=\"elementor-widget-container\">\n\t\t\t\t\t\t\t<div class=\"elementor-divider\">\n\t\t\t<span class=\"elementor-divider-separator\">\n\t\t\t\t\t\t<\/span>\n\t\t<\/div>\n\t\t\t\t\t\t<\/div>\n\t\t\t\t<\/div>\n\t\t\t\t\t<\/div>\n\t\t\t\t<\/div>\n\t\t\t\t<section class=\"elementor-section elementor-top-section elementor-element elementor-element-yhy07ip elementor-section-content-top elementor-section-boxed elementor-section-height-default elementor-section-height-default\" data-id=\"yhy07ip\" data-element_type=\"section\" data-e-type=\"section\" data-settings=\"{&quot;background_background&quot;:&quot;classic&quot;}\">\n\t\t\t\t\t\t\t<div class=\"elementor-background-overlay\"><\/div>\n\t\t\t\t\t\t\t<div class=\"elementor-container elementor-column-gap-no\">\n\t\t\t\t\t<div class=\"elementor-column elementor-col-100 elementor-top-column elementor-element elementor-element-5312e3d\" data-id=\"5312e3d\" data-element_type=\"column\" data-e-type=\"column\">\n\t\t\t<div class=\"elementor-widget-wrap elementor-element-populated\">\n\t\t\t\t\t\t<div class=\"elementor-element elementor-element-f8e2218 elementor-invisible elementor-widget elementor-widget-heading\" data-id=\"f8e2218\" data-element_type=\"widget\" data-e-type=\"widget\" data-settings=\"{&quot;_animation&quot;:&quot;bounceInUp&quot;}\" data-widget_type=\"heading.default\">\n\t\t\t\t<div class=\"elementor-widget-container\">\n\t\t\t\t\t<h2 class=\"elementor-heading-title elementor-size-default\">M\u00e9dina, l\u2019\u00e2me de Rabat<\/h2>\t\t\t\t<\/div>\n\t\t\t\t<\/div>\n\t\t\t\t\t<\/div>\n\t\t<\/div>\n\t\t\t\t\t<\/div>\n\t\t<\/section>\n\t\t\t\t<section class=\"elementor-section elementor-top-section elementor-element elementor-element-502c949 elementor-section-content-middle elementor-section-boxed elementor-section-height-default elementor-section-height-default elementor-invisible\" data-id=\"502c949\" data-element_type=\"section\" data-e-type=\"section\" data-settings=\"{&quot;background_background&quot;:&quot;classic&quot;,&quot;animation&quot;:&quot;lightSpeedIn&quot;}\">\n\t\t\t\t\t\t\t<div class=\"elementor-background-overlay\"><\/div>\n\t\t\t\t\t\t\t<div class=\"elementor-container elementor-column-gap-no\">\n\t\t\t\t\t<div class=\"elementor-column elementor-col-100 elementor-top-column elementor-element elementor-element-5f8cea8\" data-id=\"5f8cea8\" data-element_type=\"column\" data-e-type=\"column\">\n\t\t\t<div class=\"elementor-widget-wrap elementor-element-populated\">\n\t\t\t\t\t\t<div class=\"elementor-element elementor-element-66788ad elementor-widget elementor-widget-image\" data-id=\"66788ad\" data-element_type=\"widget\" data-e-type=\"widget\" data-widget_type=\"image.default\">\n\t\t\t\t<div class=\"elementor-widget-container\">\n\t\t\t\t\t\t\t\t\t\t\t\t\t\t\t<img fetchpriority=\"high\" decoding=\"async\" width=\"1000\" height=\"405\" src=\"https:\/\/rabat-maroc.net\/rabat-maroc-V2\/wp-content\/uploads\/2024\/10\/medina-rabat-titre-boukroune.jpg\" class=\"attachment-full size-full wp-image-2483\" alt=\"\" srcset=\"https:\/\/rabat-maroc.net\/rabat-maroc-V2\/wp-content\/uploads\/2024\/10\/medina-rabat-titre-boukroune.jpg 1000w, https:\/\/rabat-maroc.net\/rabat-maroc-V2\/wp-content\/uploads\/2024\/10\/medina-rabat-titre-boukroune-300x122.jpg 300w, https:\/\/rabat-maroc.net\/rabat-maroc-V2\/wp-content\/uploads\/2024\/10\/medina-rabat-titre-boukroune-768x311.jpg 768w\" sizes=\"(max-width: 1000px) 100vw, 1000px\" \/>\t\t\t\t\t\t\t\t\t\t\t\t\t\t\t<\/div>\n\t\t\t\t<\/div>\n\t\t\t\t\t<\/div>\n\t\t<\/div>\n\t\t\t\t\t<\/div>\n\t\t<\/section>\n\t\t<div class=\"elementor-element elementor-element-ff3bb5c e-flex e-con-boxed e-con e-parent\" data-id=\"ff3bb5c\" data-element_type=\"container\" data-e-type=\"container\">\n\t\t\t\t\t<div class=\"e-con-inner\">\n\t\t\t\t<div class=\"elementor-element elementor-element-e478da5 elementor-widget-divider--view-line elementor-widget elementor-widget-divider\" data-id=\"e478da5\" data-element_type=\"widget\" data-e-type=\"widget\" data-widget_type=\"divider.default\">\n\t\t\t\t<div class=\"elementor-widget-container\">\n\t\t\t\t\t\t\t<div class=\"elementor-divider\">\n\t\t\t<span class=\"elementor-divider-separator\">\n\t\t\t\t\t\t<\/span>\n\t\t<\/div>\n\t\t\t\t\t\t<\/div>\n\t\t\t\t<\/div>\n\t\t\t\t\t<\/div>\n\t\t\t\t<\/div>\n\t\t\t\t<section class=\"elementor-section elementor-top-section elementor-element elementor-element-xroa1g6 elementor-section-content-top elementor-section-boxed elementor-section-height-default elementor-section-height-default elementor-invisible\" data-id=\"xroa1g6\" data-element_type=\"section\" data-e-type=\"section\" data-settings=\"{&quot;background_background&quot;:&quot;classic&quot;,&quot;animation&quot;:&quot;bounceInUp&quot;}\">\n\t\t\t\t\t\t\t<div class=\"elementor-background-overlay\"><\/div>\n\t\t\t\t\t\t\t<div class=\"elementor-container elementor-column-gap-no\">\n\t\t\t\t\t<div class=\"elementor-column elementor-col-100 elementor-top-column elementor-element elementor-element-5312e3d\" data-id=\"5312e3d\" data-element_type=\"column\" data-e-type=\"column\">\n\t\t\t<div class=\"elementor-widget-wrap elementor-element-populated\">\n\t\t\t\t\t\t<div class=\"elementor-element elementor-element-f8e2218 elementor-widget elementor-widget-heading\" data-id=\"f8e2218\" data-element_type=\"widget\" data-e-type=\"widget\" data-widget_type=\"heading.default\">\n\t\t\t\t<div class=\"elementor-widget-container\">\n\t\t\t\t\t<h2 class=\"elementor-heading-title elementor-size-default\">Une m\u00e9dina r\u00e9habilit\u00e9e dans la tradition<\/h2>\t\t\t\t<\/div>\n\t\t\t\t<\/div>\n\t\t\t\t<div class=\"elementor-element elementor-element-14524f7 elementor-widget elementor-widget-text-editor\" data-id=\"14524f7\" data-element_type=\"widget\" data-e-type=\"widget\" data-widget_type=\"text-editor.default\">\n\t\t\t\t<div class=\"elementor-widget-container\">\n\t\t\t\t\t\t\t\t\t<p><strong>S<\/strong>i vous ne connaissez pas\u00a0<strong>Rabat<\/strong>\u00a0et que vous souhaitez visiter sa m\u00e9dina, il faut tout de suite dissiper un malentendu. Ne comptez pas retrouver ici tout ce que vous avez lu, vu ou connu de la m\u00e9dina de\u00a0<strong>F\u00e8s<\/strong>\u00a0(IX\u00e8me si\u00e8cle) ou m\u00eame de\u00a0<strong>Marrakech<\/strong>\u00a0(X\u00e8me si\u00e8cle). Les m\u00e9dinas de\u00a0<strong>F\u00e8s<\/strong>\u00a0et de\u00a0<strong>Marrakech<\/strong>, ainsi que celle de\u00a0<strong>T\u00e9touan<\/strong>, inscrites au\u00a0<strong>patrimoine mondial de l\u2019UNESCO<\/strong>\u00a0sont tout simplement exceptionnelles et vous ne retrouverez cette dimension dans aucune autre ville du Maroc m\u00eame si la Ville de Rabat a, elle aussi, \u00e9t\u00e9 inscrite au patrimoine mondial de l\u2019UNESCO en 2012 avec sa m\u00e9dina et cinq autres sites de la Ville.<\/p><p><strong>E<\/strong>n revanche, si vous souhaitez vous impr\u00e9gner de l\u2019atmosph\u00e8re d\u2019une m\u00e9dina traditionnelle comme il en existe de nombreuses au Maroc et dans le Maghreb de mani\u00e8re g\u00e9n\u00e9rale, visitez celle de Rabat, elle vous comblera. Elle est d\u2019autant plus agr\u00e9able \u00e0 parcourir qu\u2019elle a b\u00e9n\u00e9fici\u00e9 d\u2019un important programme de r\u00e9habilitation qui s\u2019ach\u00e8ve. Promouvoir le rayonnement culturel et touristique de la m\u00e9dina et am\u00e9liorer les conditions de vie et de travail de ses habitants \u00e9taient les objectifs de ce programme. Au total, ce sont 625 millions de dirhams qui ont \u00e9t\u00e9 investis dans ces travaux.<\/p>\t\t\t\t\t\t\t\t<\/div>\n\t\t\t\t<\/div>\n\t\t\t\t\t<\/div>\n\t\t<\/div>\n\t\t\t\t\t<\/div>\n\t\t<\/section>\n\t\t<div class=\"elementor-element elementor-element-8d35252 e-flex e-con-boxed e-con e-parent\" data-id=\"8d35252\" data-element_type=\"container\" data-e-type=\"container\">\n\t\t\t\t\t<div class=\"e-con-inner\">\n\t\t\t\t<div class=\"elementor-element elementor-element-38a4a29 elementor-widget-divider--view-line elementor-widget elementor-widget-divider\" data-id=\"38a4a29\" data-element_type=\"widget\" data-e-type=\"widget\" data-widget_type=\"divider.default\">\n\t\t\t\t<div class=\"elementor-widget-container\">\n\t\t\t\t\t\t\t<div class=\"elementor-divider\">\n\t\t\t<span class=\"elementor-divider-separator\">\n\t\t\t\t\t\t<\/span>\n\t\t<\/div>\n\t\t\t\t\t\t<\/div>\n\t\t\t\t<\/div>\n\t\t\t\t\t<\/div>\n\t\t\t\t<\/div>\n\t\t\t\t<section class=\"elementor-section elementor-top-section elementor-element elementor-element-dq4v8qv elementor-section-content-middle elementor-section-boxed elementor-section-height-default elementor-section-height-default elementor-invisible\" data-id=\"dq4v8qv\" data-element_type=\"section\" data-e-type=\"section\" data-settings=\"{&quot;background_background&quot;:&quot;classic&quot;,&quot;animation&quot;:&quot;bounceInUp&quot;}\">\n\t\t\t\t\t\t\t<div class=\"elementor-background-overlay\"><\/div>\n\t\t\t\t\t\t\t<div class=\"elementor-container elementor-column-gap-no\">\n\t\t\t\t\t<div class=\"elementor-column elementor-col-33 elementor-top-column elementor-element elementor-element-2fe83d4\" data-id=\"2fe83d4\" data-element_type=\"column\" data-e-type=\"column\">\n\t\t\t<div class=\"elementor-widget-wrap elementor-element-populated\">\n\t\t\t\t\t\t<div class=\"elementor-element elementor-element-7904552 elementor-widget elementor-widget-image\" data-id=\"7904552\" data-element_type=\"widget\" data-e-type=\"widget\" data-widget_type=\"image.default\">\n\t\t\t\t<div class=\"elementor-widget-container\">\n\t\t\t\t\t\t\t\t\t\t\t\t\t\t\t\t<a href=\"https:\/\/rabat-maroc.net\/rabat-maroc-V2\/wp-content\/uploads\/2024\/10\/bab-el-alou-1-large.jpg\" data-elementor-open-lightbox=\"yes\" data-elementor-lightbox-title=\"bab-el-alou-1-large\" data-e-action-hash=\"#elementor-action%3Aaction%3Dlightbox%26settings%3DeyJpZCI6MjQ2OSwidXJsIjoiaHR0cHM6XC9cL3JhYmF0LW1hcm9jLm5ldFwvcmFiYXQtbWFyb2MtVjJcL3dwLWNvbnRlbnRcL3VwbG9hZHNcLzIwMjRcLzEwXC9iYWItZWwtYWxvdS0xLWxhcmdlLmpwZyJ9\">\n\t\t\t\t\t\t\t<img decoding=\"async\" width=\"384\" height=\"288\" src=\"https:\/\/rabat-maroc.net\/rabat-maroc-V2\/wp-content\/uploads\/2024\/10\/bab-el-alou-1-large.jpg\" class=\"attachment-full size-full wp-image-2469\" alt=\"bab el alou\" srcset=\"https:\/\/rabat-maroc.net\/rabat-maroc-V2\/wp-content\/uploads\/2024\/10\/bab-el-alou-1-large.jpg 384w, https:\/\/rabat-maroc.net\/rabat-maroc-V2\/wp-content\/uploads\/2024\/10\/bab-el-alou-1-large-300x225.jpg 300w\" sizes=\"(max-width: 384px) 100vw, 384px\" \/>\t\t\t\t\t\t\t\t<\/a>\n\t\t\t\t\t\t\t\t\t\t\t\t\t\t\t<\/div>\n\t\t\t\t<\/div>\n\t\t\t\t<div class=\"elementor-element elementor-element-948ae46 elementor-widget elementor-widget-text-editor\" data-id=\"948ae46\" data-element_type=\"widget\" data-e-type=\"widget\" data-widget_type=\"text-editor.default\">\n\t\t\t\t<div class=\"elementor-widget-container\">\n\t\t\t\t\t\t\t\t\t<p>Bab El Alou est une des deux portes monumentales almohades d\u2019acc\u00e8s \u00e0 la m\u00e9dina avec Bab El Had.<\/p>\t\t\t\t\t\t\t\t<\/div>\n\t\t\t\t<\/div>\n\t\t\t\t\t<\/div>\n\t\t<\/div>\n\t\t\t\t<div class=\"elementor-column elementor-col-33 elementor-top-column elementor-element elementor-element-7c492c6\" data-id=\"7c492c6\" data-element_type=\"column\" data-e-type=\"column\">\n\t\t\t<div class=\"elementor-widget-wrap elementor-element-populated\">\n\t\t\t\t\t\t<div class=\"elementor-element elementor-element-501a0b7 elementor-widget elementor-widget-image\" data-id=\"501a0b7\" data-element_type=\"widget\" data-e-type=\"widget\" data-widget_type=\"image.default\">\n\t\t\t\t<div class=\"elementor-widget-container\">\n\t\t\t\t\t\t\t\t\t\t\t\t\t\t\t\t<a href=\"https:\/\/rabat-maroc.net\/rabat-maroc-V2\/wp-content\/uploads\/2024\/10\/DSC2225-large-4.jpg\" data-elementor-open-lightbox=\"yes\" data-elementor-lightbox-title=\"DSC2225-large-4\" data-e-action-hash=\"#elementor-action%3Aaction%3Dlightbox%26settings%3DeyJpZCI6MjQ3MSwidXJsIjoiaHR0cHM6XC9cL3JhYmF0LW1hcm9jLm5ldFwvcmFiYXQtbWFyb2MtVjJcL3dwLWNvbnRlbnRcL3VwbG9hZHNcLzIwMjRcLzEwXC9EU0MyMjI1LWxhcmdlLTQuanBnIn0%3D\">\n\t\t\t\t\t\t\t<img decoding=\"async\" width=\"301\" height=\"199\" src=\"https:\/\/rabat-maroc.net\/rabat-maroc-V2\/wp-content\/uploads\/2024\/10\/DSC2225-large-4.jpg\" class=\"attachment-full size-full wp-image-2471\" alt=\"DSC225 large\" \/>\t\t\t\t\t\t\t\t<\/a>\n\t\t\t\t\t\t\t\t\t\t\t\t\t\t\t<\/div>\n\t\t\t\t<\/div>\n\t\t\t\t<div class=\"elementor-element elementor-element-a83a2af elementor-widget elementor-widget-text-editor\" data-id=\"a83a2af\" data-element_type=\"widget\" data-e-type=\"widget\" data-widget_type=\"text-editor.default\">\n\t\t\t\t<div class=\"elementor-widget-container\">\n\t\t\t\t\t\t\t\t\t<p>Bab el Had (porte du dimanche) : elle est encore la seule porte amohade qui soit encore en fonction telle qu\u2019elle existait lors sa r\u00e9alisation.<\/p>\t\t\t\t\t\t\t\t<\/div>\n\t\t\t\t<\/div>\n\t\t\t\t\t<\/div>\n\t\t<\/div>\n\t\t\t\t<div class=\"elementor-column elementor-col-33 elementor-top-column elementor-element elementor-element-49af9cc\" data-id=\"49af9cc\" data-element_type=\"column\" data-e-type=\"column\">\n\t\t\t<div class=\"elementor-widget-wrap elementor-element-populated\">\n\t\t\t\t\t\t<div class=\"elementor-element elementor-element-f1d9a42 elementor-widget elementor-widget-image\" data-id=\"f1d9a42\" data-element_type=\"widget\" data-e-type=\"widget\" data-widget_type=\"image.default\">\n\t\t\t\t<div class=\"elementor-widget-container\">\n\t\t\t\t\t\t\t\t\t\t\t\t\t\t\t\t<a href=\"https:\/\/rabat-maroc.net\/rabat-maroc-V2\/wp-content\/uploads\/2024\/10\/bab-chellah-2017-800.jpg\" data-elementor-open-lightbox=\"yes\" data-elementor-lightbox-title=\"bab-chellah-2017-800\" data-e-action-hash=\"#elementor-action%3Aaction%3Dlightbox%26settings%3DeyJpZCI6MjQ2OCwidXJsIjoiaHR0cHM6XC9cL3JhYmF0LW1hcm9jLm5ldFwvcmFiYXQtbWFyb2MtVjJcL3dwLWNvbnRlbnRcL3VwbG9hZHNcLzIwMjRcLzEwXC9iYWItY2hlbGxhaC0yMDE3LTgwMC5qcGcifQ%3D%3D\">\n\t\t\t\t\t\t\t<img loading=\"lazy\" decoding=\"async\" width=\"800\" height=\"600\" src=\"https:\/\/rabat-maroc.net\/rabat-maroc-V2\/wp-content\/uploads\/2024\/10\/bab-chellah-2017-800.jpg\" class=\"attachment-full size-full wp-image-2468\" alt=\"bab chellah\" srcset=\"https:\/\/rabat-maroc.net\/rabat-maroc-V2\/wp-content\/uploads\/2024\/10\/bab-chellah-2017-800.jpg 800w, https:\/\/rabat-maroc.net\/rabat-maroc-V2\/wp-content\/uploads\/2024\/10\/bab-chellah-2017-800-300x225.jpg 300w, https:\/\/rabat-maroc.net\/rabat-maroc-V2\/wp-content\/uploads\/2024\/10\/bab-chellah-2017-800-768x576.jpg 768w\" sizes=\"(max-width: 800px) 100vw, 800px\" \/>\t\t\t\t\t\t\t\t<\/a>\n\t\t\t\t\t\t\t\t\t\t\t\t\t\t\t<\/div>\n\t\t\t\t<\/div>\n\t\t\t\t<div class=\"elementor-element elementor-element-1d40486 elementor-widget elementor-widget-text-editor\" data-id=\"1d40486\" data-element_type=\"widget\" data-e-type=\"widget\" data-widget_type=\"text-editor.default\">\n\t\t\t\t<div class=\"elementor-widget-container\">\n\t\t\t\t\t\t\t\t\t<p>Bab Chellah, la plus \u00e9l\u00e9gante des portes du mur des Andalous qui donne un acc\u00e8s direct \u00e0 Jemaa El Kebir, la plus ancienne mosqu\u00e9e de la m\u00e9dina.<\/p>\t\t\t\t\t\t\t\t<\/div>\n\t\t\t\t<\/div>\n\t\t\t\t\t<\/div>\n\t\t<\/div>\n\t\t\t\t\t<\/div>\n\t\t<\/section>\n\t\t<div class=\"elementor-element elementor-element-6db7e92 e-flex e-con-boxed e-con e-parent\" data-id=\"6db7e92\" data-element_type=\"container\" data-e-type=\"container\">\n\t\t\t\t\t<div class=\"e-con-inner\">\n\t\t\t\t<div class=\"elementor-element elementor-element-cdcb234 elementor-widget-divider--view-line elementor-widget elementor-widget-divider\" data-id=\"cdcb234\" data-element_type=\"widget\" data-e-type=\"widget\" data-widget_type=\"divider.default\">\n\t\t\t\t<div class=\"elementor-widget-container\">\n\t\t\t\t\t\t\t<div class=\"elementor-divider\">\n\t\t\t<span class=\"elementor-divider-separator\">\n\t\t\t\t\t\t<\/span>\n\t\t<\/div>\n\t\t\t\t\t\t<\/div>\n\t\t\t\t<\/div>\n\t\t\t\t\t<\/div>\n\t\t\t\t<\/div>\n\t\t\t\t<section class=\"elementor-section elementor-top-section elementor-element elementor-element-28a3569 elementor-section-content-top elementor-section-boxed elementor-section-height-default elementor-section-height-default elementor-invisible\" data-id=\"28a3569\" data-element_type=\"section\" data-e-type=\"section\" data-settings=\"{&quot;background_background&quot;:&quot;classic&quot;,&quot;animation&quot;:&quot;bounceInUp&quot;}\">\n\t\t\t\t\t\t\t<div class=\"elementor-background-overlay\"><\/div>\n\t\t\t\t\t\t\t<div class=\"elementor-container elementor-column-gap-no\">\n\t\t\t\t\t<div class=\"elementor-column elementor-col-100 elementor-top-column elementor-element elementor-element-9159bd9\" data-id=\"9159bd9\" data-element_type=\"column\" data-e-type=\"column\">\n\t\t\t<div class=\"elementor-widget-wrap elementor-element-populated\">\n\t\t\t\t\t\t<div class=\"elementor-element elementor-element-b598981 elementor-widget elementor-widget-heading\" data-id=\"b598981\" data-element_type=\"widget\" data-e-type=\"widget\" data-widget_type=\"heading.default\">\n\t\t\t\t<div class=\"elementor-widget-container\">\n\t\t\t\t\t<h2 class=\"elementor-heading-title elementor-size-default\">Une m\u00e9dina bien prot\u00e9g\u00e9e<\/h2>\t\t\t\t<\/div>\n\t\t\t\t<\/div>\n\t\t\t\t<div class=\"elementor-element elementor-element-bdce153 elementor-widget elementor-widget-text-editor\" data-id=\"bdce153\" data-element_type=\"widget\" data-e-type=\"widget\" data-widget_type=\"text-editor.default\">\n\t\t\t\t<div class=\"elementor-widget-container\">\n\t\t\t\t\t\t\t\t\t<p><strong>B<\/strong>ord\u00e9e au nord par le\u00a0<a href=\"https:\/\/www.rabat-maroc.net\/bouregreg\/\"><strong>Bouregreg<\/strong><\/a>, prot\u00e9g\u00e9e de l\u2019oc\u00e9an par les murs d\u2019enceintes de la<a href=\"https:\/\/www.rabat-maroc.net\/oudayas\/\"><strong>\u00a0Kasbah des Oudaya<\/strong><\/a>, elle est ceintur\u00e9e \u00e0 l\u2019ouest par les murailles\u00a0<strong>Almohades<\/strong>, et au Sud \u00a0par le\u00a0<a href=\"https:\/\/www.rabat-maroc.net\/av-hassan-ii\/\"><strong>mur des Andalous<\/strong>\u00a0<\/a>qui s\u00e9pare la ville nouvelle de la ville ancienne.<\/p><p><strong>R<\/strong>ares sont les m\u00e9dinas aussi bien prot\u00e9g\u00e9es que celle de Rabat. Ce sont les\u00a0<strong><a href=\"https:\/\/www.rabat-maroc.net\/petite-histoire-de-rabat-et-du-maroc\/\">Moriscos<\/a><\/strong>, ces Andalous chass\u00e9s d\u2019Espagne par Philippe III au XVII\u00e8me si\u00e8cle et r\u00e9fugi\u00e9s \u00e0 Rabat qui ont cr\u00e9\u00e9 la m\u00e9dina.<\/p><p><strong>L<\/strong>e territoire situ\u00e9 \u00e0 l\u2019int\u00e9rieur de l\u2019enceinte Almohade \u00e9tant trop vaste et trop difficile \u00e0 d\u00e9fendre, ils ont \u00e9rig\u00e9 une muraille, le\u00a0<strong><a href=\"https:\/\/www.rabat-maroc.net\/av-hassan-ii\/\">\u201cmur des Andalous\u201d<\/a><\/strong>\u00a0long de 1400 m\u00e8tres, et ont nomm\u00e9 aussit\u00f4t ce nouvel espace \u201cSal\u00e9 le Neuf\u201d par opposition \u00e0 \u201cSal\u00e9 le vieux\u201d (l\u2019actuelle Sal\u00e9).<\/p><p><strong>A<\/strong>\u00a0l\u2019ouest, le long des murailles Almohades du XII\u00e8me si\u00e8cle \u00e9difi\u00e9es par\u00a0<a href=\"https:\/\/www.rabat-maroc.net\/petite-histoire-de-rabat-et-du-maroc\/\"><strong>Yacoub El Mansour<\/strong><\/a>, on p\u00e9n\u00e8tre dans la m\u00e9dina par deux portes monumentales,\u00a0<strong>Bab El Alou<\/strong>\u00a0et\u00a0<strong>Bab El Had.<\/strong><\/p>\t\t\t\t\t\t\t\t<\/div>\n\t\t\t\t<\/div>\n\t\t\t\t\t<\/div>\n\t\t<\/div>\n\t\t\t\t\t<\/div>\n\t\t<\/section>\n\t\t<div class=\"elementor-element elementor-element-0e41d0f e-flex e-con-boxed e-con e-parent\" data-id=\"0e41d0f\" data-element_type=\"container\" data-e-type=\"container\">\n\t\t\t\t\t<div class=\"e-con-inner\">\n\t\t\t\t<div class=\"elementor-element elementor-element-11088f4 elementor-widget-divider--view-line elementor-widget elementor-widget-divider\" data-id=\"11088f4\" data-element_type=\"widget\" data-e-type=\"widget\" data-widget_type=\"divider.default\">\n\t\t\t\t<div class=\"elementor-widget-container\">\n\t\t\t\t\t\t\t<div class=\"elementor-divider\">\n\t\t\t<span class=\"elementor-divider-separator\">\n\t\t\t\t\t\t<\/span>\n\t\t<\/div>\n\t\t\t\t\t\t<\/div>\n\t\t\t\t<\/div>\n\t\t\t\t\t<\/div>\n\t\t\t\t<\/div>\n\t\t\t\t<section class=\"elementor-section elementor-top-section elementor-element elementor-element-s21na9h elementor-section-content-top elementor-section-boxed elementor-section-height-default elementor-section-height-default elementor-invisible\" data-id=\"s21na9h\" data-element_type=\"section\" data-e-type=\"section\" data-settings=\"{&quot;background_background&quot;:&quot;classic&quot;,&quot;animation&quot;:&quot;bounceInUp&quot;}\">\n\t\t\t\t\t\t\t<div class=\"elementor-background-overlay\"><\/div>\n\t\t\t\t\t\t\t<div class=\"elementor-container elementor-column-gap-wide\">\n\t\t\t\t\t<div class=\"elementor-column elementor-col-25 elementor-top-column elementor-element elementor-element-b0fc45e\" data-id=\"b0fc45e\" data-element_type=\"column\" data-e-type=\"column\">\n\t\t\t<div class=\"elementor-widget-wrap elementor-element-populated\">\n\t\t\t\t\t\t<div class=\"elementor-element elementor-element-940f239 elementor-widget elementor-widget-image\" data-id=\"940f239\" data-element_type=\"widget\" data-e-type=\"widget\" data-widget_type=\"image.default\">\n\t\t\t\t<div class=\"elementor-widget-container\">\n\t\t\t\t\t\t\t\t\t\t\t\t\t\t\t\t<a href=\"https:\/\/rabat-maroc.net\/rabat-maroc-V2\/wp-content\/uploads\/2024\/10\/marche_central_femme_enfant-2-large-1.jpg\" data-elementor-open-lightbox=\"yes\" data-elementor-lightbox-title=\"marche_central_femme_enfant-2-large-1\" data-e-action-hash=\"#elementor-action%3Aaction%3Dlightbox%26settings%3DeyJpZCI6MjQ4MCwidXJsIjoiaHR0cHM6XC9cL3JhYmF0LW1hcm9jLm5ldFwvcmFiYXQtbWFyb2MtVjJcL3dwLWNvbnRlbnRcL3VwbG9hZHNcLzIwMjRcLzEwXC9tYXJjaGVfY2VudHJhbF9mZW1tZV9lbmZhbnQtMi1sYXJnZS0xLmpwZyJ9\">\n\t\t\t\t\t\t\t<img loading=\"lazy\" decoding=\"async\" width=\"250\" height=\"167\" src=\"https:\/\/rabat-maroc.net\/rabat-maroc-V2\/wp-content\/uploads\/2024\/10\/marche_central_femme_enfant-2-large-1.jpg\" class=\"attachment-full size-full wp-image-2480\" alt=\"marche central femme enfant\" \/>\t\t\t\t\t\t\t\t<\/a>\n\t\t\t\t\t\t\t\t\t\t\t\t\t\t\t<\/div>\n\t\t\t\t<\/div>\n\t\t\t\t\t<\/div>\n\t\t<\/div>\n\t\t\t\t<div class=\"elementor-column elementor-col-25 elementor-top-column elementor-element elementor-element-f633001\" data-id=\"f633001\" data-element_type=\"column\" data-e-type=\"column\">\n\t\t\t<div class=\"elementor-widget-wrap elementor-element-populated\">\n\t\t\t\t\t\t<div class=\"elementor-element elementor-element-e0e85ce elementor-widget elementor-widget-image\" data-id=\"e0e85ce\" data-element_type=\"widget\" data-e-type=\"widget\" data-widget_type=\"image.default\">\n\t\t\t\t<div class=\"elementor-widget-container\">\n\t\t\t\t\t\t\t\t\t\t\t\t\t\t\t\t<a href=\"https:\/\/rabat-maroc.net\/rabat-maroc-V2\/wp-content\/uploads\/2024\/10\/marche_central_vieux_vendeu-2-large-1.jpg\" data-elementor-open-lightbox=\"yes\" data-elementor-lightbox-title=\"marche_central_vieux_vendeu-2-large-1\" data-e-action-hash=\"#elementor-action%3Aaction%3Dlightbox%26settings%3DeyJpZCI6MjQ4MSwidXJsIjoiaHR0cHM6XC9cL3JhYmF0LW1hcm9jLm5ldFwvcmFiYXQtbWFyb2MtVjJcL3dwLWNvbnRlbnRcL3VwbG9hZHNcLzIwMjRcLzEwXC9tYXJjaGVfY2VudHJhbF92aWV1eF92ZW5kZXUtMi1sYXJnZS0xLmpwZyJ9\">\n\t\t\t\t\t\t\t<img loading=\"lazy\" decoding=\"async\" width=\"250\" height=\"167\" src=\"https:\/\/rabat-maroc.net\/rabat-maroc-V2\/wp-content\/uploads\/2024\/10\/marche_central_vieux_vendeu-2-large-1.jpg\" class=\"attachment-full size-full wp-image-2481\" alt=\"marche centrale vieux vendeur\" \/>\t\t\t\t\t\t\t\t<\/a>\n\t\t\t\t\t\t\t\t\t\t\t\t\t\t\t<\/div>\n\t\t\t\t<\/div>\n\t\t\t\t\t<\/div>\n\t\t<\/div>\n\t\t\t\t<div class=\"elementor-column elementor-col-25 elementor-top-column elementor-element elementor-element-da4fcd5\" data-id=\"da4fcd5\" data-element_type=\"column\" data-e-type=\"column\">\n\t\t\t<div class=\"elementor-widget-wrap elementor-element-populated\">\n\t\t\t\t\t\t<div class=\"elementor-element elementor-element-3a56048 elementor-widget elementor-widget-image\" data-id=\"3a56048\" data-element_type=\"widget\" data-e-type=\"widget\" data-widget_type=\"image.default\">\n\t\t\t\t<div class=\"elementor-widget-container\">\n\t\t\t\t\t\t\t\t\t\t\t\t\t\t\t\t<a href=\"https:\/\/rabat-maroc.net\/rabat-maroc-V2\/wp-content\/uploads\/2024\/10\/marche-olives-2-large-large-1.jpg\" data-elementor-open-lightbox=\"yes\" data-elementor-lightbox-title=\"marche-olives-2-large-large-1\" data-e-action-hash=\"#elementor-action%3Aaction%3Dlightbox%26settings%3DeyJpZCI6MjQ4MiwidXJsIjoiaHR0cHM6XC9cL3JhYmF0LW1hcm9jLm5ldFwvcmFiYXQtbWFyb2MtVjJcL3dwLWNvbnRlbnRcL3VwbG9hZHNcLzIwMjRcLzEwXC9tYXJjaGUtb2xpdmVzLTItbGFyZ2UtbGFyZ2UtMS5qcGcifQ%3D%3D\">\n\t\t\t\t\t\t\t<img loading=\"lazy\" decoding=\"async\" width=\"250\" height=\"166\" src=\"https:\/\/rabat-maroc.net\/rabat-maroc-V2\/wp-content\/uploads\/2024\/10\/marche-olives-2-large-large-1.jpg\" class=\"attachment-full size-full wp-image-2482\" alt=\"marche olives 2 large large\" \/>\t\t\t\t\t\t\t\t<\/a>\n\t\t\t\t\t\t\t\t\t\t\t\t\t\t\t<\/div>\n\t\t\t\t<\/div>\n\t\t\t\t\t<\/div>\n\t\t<\/div>\n\t\t\t\t<div class=\"elementor-column elementor-col-25 elementor-top-column elementor-element elementor-element-e3349d8\" data-id=\"e3349d8\" data-element_type=\"column\" data-e-type=\"column\">\n\t\t\t<div class=\"elementor-widget-wrap elementor-element-populated\">\n\t\t\t\t\t\t<div class=\"elementor-element elementor-element-56f1542 elementor-widget elementor-widget-image\" data-id=\"56f1542\" data-element_type=\"widget\" data-e-type=\"widget\" data-widget_type=\"image.default\">\n\t\t\t\t<div class=\"elementor-widget-container\">\n\t\t\t\t\t\t\t\t\t\t\t\t\t\t\t\t<a href=\"https:\/\/rabat-maroc.net\/rabat-maroc-V2\/wp-content\/uploads\/2024\/10\/marchand_orange_andalous-2-large-large-1.jpg\" data-elementor-open-lightbox=\"yes\" data-elementor-lightbox-title=\"marchand_orange_andalous-2-large-large-1\" data-e-action-hash=\"#elementor-action%3Aaction%3Dlightbox%26settings%3DeyJpZCI6MjQ3OSwidXJsIjoiaHR0cHM6XC9cL3JhYmF0LW1hcm9jLm5ldFwvcmFiYXQtbWFyb2MtVjJcL3dwLWNvbnRlbnRcL3VwbG9hZHNcLzIwMjRcLzEwXC9tYXJjaGFuZF9vcmFuZ2VfYW5kYWxvdXMtMi1sYXJnZS1sYXJnZS0xLmpwZyJ9\">\n\t\t\t\t\t\t\t<img loading=\"lazy\" decoding=\"async\" width=\"250\" height=\"166\" src=\"https:\/\/rabat-maroc.net\/rabat-maroc-V2\/wp-content\/uploads\/2024\/10\/marchand_orange_andalous-2-large-large-1.jpg\" class=\"attachment-full size-full wp-image-2479\" alt=\"marchand orange andalous\" \/>\t\t\t\t\t\t\t\t<\/a>\n\t\t\t\t\t\t\t\t\t\t\t\t\t\t\t<\/div>\n\t\t\t\t<\/div>\n\t\t\t\t\t<\/div>\n\t\t<\/div>\n\t\t\t\t\t<\/div>\n\t\t<\/section>\n\t\t<div class=\"elementor-element elementor-element-737f75c e-flex e-con-boxed e-con e-parent\" data-id=\"737f75c\" data-element_type=\"container\" data-e-type=\"container\">\n\t\t\t\t\t<div class=\"e-con-inner\">\n\t\t\t\t<div class=\"elementor-element elementor-element-e82006c elementor-widget-divider--view-line elementor-widget elementor-widget-divider\" data-id=\"e82006c\" data-element_type=\"widget\" data-e-type=\"widget\" data-widget_type=\"divider.default\">\n\t\t\t\t<div class=\"elementor-widget-container\">\n\t\t\t\t\t\t\t<div class=\"elementor-divider\">\n\t\t\t<span class=\"elementor-divider-separator\">\n\t\t\t\t\t\t<\/span>\n\t\t<\/div>\n\t\t\t\t\t\t<\/div>\n\t\t\t\t<\/div>\n\t\t\t\t\t<\/div>\n\t\t\t\t<\/div>\n\t\t\t\t<section class=\"elementor-section elementor-top-section elementor-element elementor-element-8728e58 elementor-section-content-top elementor-section-boxed elementor-section-height-default elementor-section-height-default elementor-invisible\" data-id=\"8728e58\" data-element_type=\"section\" data-e-type=\"section\" data-settings=\"{&quot;background_background&quot;:&quot;classic&quot;,&quot;animation&quot;:&quot;bounceInUp&quot;}\">\n\t\t\t\t\t\t\t<div class=\"elementor-background-overlay\"><\/div>\n\t\t\t\t\t\t\t<div class=\"elementor-container elementor-column-gap-no\">\n\t\t\t\t\t<div class=\"elementor-column elementor-col-100 elementor-top-column elementor-element elementor-element-cd19990\" data-id=\"cd19990\" data-element_type=\"column\" data-e-type=\"column\">\n\t\t\t<div class=\"elementor-widget-wrap elementor-element-populated\">\n\t\t\t\t\t\t<div class=\"elementor-element elementor-element-1639f4b elementor-widget elementor-widget-heading\" data-id=\"1639f4b\" data-element_type=\"widget\" data-e-type=\"widget\" data-widget_type=\"heading.default\">\n\t\t\t\t<div class=\"elementor-widget-container\">\n\t\t\t\t\t<h2 class=\"elementor-heading-title elementor-size-default\">Le Mur des Andalous et le march\u00e9 central<\/h2>\t\t\t\t<\/div>\n\t\t\t\t<\/div>\n\t\t\t\t<div class=\"elementor-element elementor-element-f2531c5 elementor-widget elementor-widget-text-editor\" data-id=\"f2531c5\" data-element_type=\"widget\" data-e-type=\"widget\" data-settings=\"{&quot;_animation&quot;:&quot;none&quot;}\" data-widget_type=\"text-editor.default\">\n\t\t\t\t<div class=\"elementor-widget-container\">\n\t\t\t\t\t\t\t\t\t<p><strong>L<\/strong>e long du Mur des Andalous (actuelle avenue Hassan II), plusieurs portes ont \u00e9t\u00e9 perc\u00e9es mais seules deux portes sont dans leur \u00e9tat initial. La plus typique et la plus \u00e9l\u00e9gante est\u00a0<strong>Bab Chellah<\/strong>\u00a0qui vous plonge au coeur de la m\u00e9dina.\u00a0<\/p><p><strong>L<\/strong>a m\u00e9dina n\u2019a pa subi de modifications majeures depuis sa cr\u00e9ation.\u00a0En faisant de Rabat la capitale du Maroc,\u00a0<a href=\"https:\/\/www.rabat-maroc.net\/petite-histoire-de-rabat-et-du-maroc\/dates-cles-du-protectorat-du-maroc-de-1912-a-1927-du-traite-de-fes-a-lavenement-de-sidi-mohammed\/\"><strong>Lyautey<\/strong><\/a>, comme dans les autres grandes villes du pays, n\u2019a pas souhait\u00e9 modifier l\u2019aspect de la m\u00e9dina. Il a impos\u00e9 \u00e0\u00a0<strong>Henri Prost<\/strong>, le grand urbaniste du protectorat, de ne pas toucher \u00e0 ces quartiers. Ce souci de ne pas d\u00e9t\u00e9riorer le patrimoine architectural et culturel du Maroc \u00e9tait \u00e0 son honneur, mais il a eu un grave inconv\u00e9nient.\u00a0En s\u00e9parant villes europ\u00e9ennes et m\u00e9dinas, on a rejet\u00e9 \u00e0 l\u2019ext\u00e9rieur des villes les populations nouvelles venues des zones rurales et qui n\u2019ont pas trouv\u00e9 de place \u00e0 l\u2019int\u00e9rieur des m\u00e9dinas. Les bidonvilles, le mal actuel du Maroc, sont n\u00e9s pendant le protectorat et sont, malheureusement, une cons\u00e9quence de cette politique.<\/p><div><a href=\"https:\/\/www.high-endrolex.com\/14\"><span style=\"text-decoration: underline;\"><strong>https:\/\/www.high-endrolex.com\/14<\/strong><\/span><\/a><\/div><p><strong>Q<\/strong>uelques modifications ont cependant \u00e9t\u00e9 apport\u00e9es \u00e0 la m\u00e9dina de Rabat, notamment lors de la cr\u00e9ation \u00e0 l\u2019emplacement de l\u2019<strong>Ousaa<\/strong>, march\u00e9 local traditionnel, d\u2019un march\u00e9 couvert \u00e0 l\u2019occidentale. Une partie du mur Andalou fut d\u00e9truit \u00e0 cet effet pour cr\u00e9er une ouverture vers ce march\u00e9, depuis l\u2019avenue longeant le mur des Andalous.\u00a0Le march\u00e9 central construit au d\u00e9but du XX\u00e8me si\u00e8cle subsiste encore et offre une alternative au souk traditionnel.<\/p>\t\t\t\t\t\t\t\t<\/div>\n\t\t\t\t<\/div>\n\t\t\t\t\t<\/div>\n\t\t<\/div>\n\t\t\t\t\t<\/div>\n\t\t<\/section>\n\t\t<div class=\"elementor-element elementor-element-1c988aa e-flex e-con-boxed e-con e-parent\" data-id=\"1c988aa\" data-element_type=\"container\" data-e-type=\"container\">\n\t\t\t\t\t<div class=\"e-con-inner\">\n\t\t\t\t<div class=\"elementor-element elementor-element-8e0c68c elementor-widget-divider--view-line elementor-widget elementor-widget-divider\" data-id=\"8e0c68c\" data-element_type=\"widget\" data-e-type=\"widget\" data-widget_type=\"divider.default\">\n\t\t\t\t<div class=\"elementor-widget-container\">\n\t\t\t\t\t\t\t<div class=\"elementor-divider\">\n\t\t\t<span class=\"elementor-divider-separator\">\n\t\t\t\t\t\t<\/span>\n\t\t<\/div>\n\t\t\t\t\t\t<\/div>\n\t\t\t\t<\/div>\n\t\t\t\t\t<\/div>\n\t\t\t\t<\/div>\n\t\t\t\t<section class=\"elementor-section elementor-top-section elementor-element elementor-element-ocbfjhf elementor-section-content-top elementor-section-boxed elementor-section-height-default elementor-section-height-default elementor-invisible\" data-id=\"ocbfjhf\" data-element_type=\"section\" data-e-type=\"section\" data-settings=\"{&quot;background_background&quot;:&quot;classic&quot;,&quot;animation&quot;:&quot;bounceInUp&quot;}\">\n\t\t\t\t\t\t\t<div class=\"elementor-background-overlay\"><\/div>\n\t\t\t\t\t\t\t<div class=\"elementor-container elementor-column-gap-wide\">\n\t\t\t\t\t<div class=\"elementor-column elementor-col-25 elementor-top-column elementor-element elementor-element-b0fc45e\" data-id=\"b0fc45e\" data-element_type=\"column\" data-e-type=\"column\">\n\t\t\t<div class=\"elementor-widget-wrap elementor-element-populated\">\n\t\t\t\t\t\t<div class=\"elementor-element elementor-element-940f239 elementor-widget elementor-widget-image\" data-id=\"940f239\" data-element_type=\"widget\" data-e-type=\"widget\" data-widget_type=\"image.default\">\n\t\t\t\t<div class=\"elementor-widget-container\">\n\t\t\t\t\t\t\t\t\t\t\t\t\t\t\t\t<a href=\"https:\/\/rabat-maroc.net\/rabat-maroc-V2\/wp-content\/uploads\/2024\/10\/rue-souika4-nlle-mosquee-1-1.jpg\" data-elementor-open-lightbox=\"yes\" data-elementor-lightbox-title=\"rue-souika4-nlle-mosquee-1\" data-e-action-hash=\"#elementor-action%3Aaction%3Dlightbox%26settings%3DeyJpZCI6MjQ5MywidXJsIjoiaHR0cHM6XC9cL3JhYmF0LW1hcm9jLm5ldFwvcmFiYXQtbWFyb2MtVjJcL3dwLWNvbnRlbnRcL3VwbG9hZHNcLzIwMjRcLzEwXC9ydWUtc291aWthNC1ubGxlLW1vc3F1ZWUtMS0xLmpwZyJ9\">\n\t\t\t\t\t\t\t<img loading=\"lazy\" decoding=\"async\" width=\"132\" height=\"199\" src=\"https:\/\/rabat-maroc.net\/rabat-maroc-V2\/wp-content\/uploads\/2024\/10\/rue-souika4-nlle-mosquee-1-1.jpg\" class=\"attachment-full size-full wp-image-2493\" alt=\"rue souika 4 nile mosquee\" \/>\t\t\t\t\t\t\t\t<\/a>\n\t\t\t\t\t\t\t\t\t\t\t\t\t\t\t<\/div>\n\t\t\t\t<\/div>\n\t\t\t\t<div class=\"elementor-element elementor-element-673530d elementor-widget elementor-widget-text-editor\" data-id=\"673530d\" data-element_type=\"widget\" data-e-type=\"widget\" data-widget_type=\"text-editor.default\">\n\t\t\t\t<div class=\"elementor-widget-container\">\n\t\t\t\t\t\t\t\t\t<p>Ici la plus r\u00e9cente des mosqu\u00e9es de la m\u00e9dina. Sur la m\u00eame rue avant souk Sebbate, la mosqu\u00e9e \u00a0Jemaa El Kebir est la plus ancienne de Rabat.<\/p>\t\t\t\t\t\t\t\t<\/div>\n\t\t\t\t<\/div>\n\t\t\t\t\t<\/div>\n\t\t<\/div>\n\t\t\t\t<div class=\"elementor-column elementor-col-25 elementor-top-column elementor-element elementor-element-f633001\" data-id=\"f633001\" data-element_type=\"column\" data-e-type=\"column\">\n\t\t\t<div class=\"elementor-widget-wrap elementor-element-populated\">\n\t\t\t\t\t\t<div class=\"elementor-element elementor-element-e0e85ce elementor-widget elementor-widget-image\" data-id=\"e0e85ce\" data-element_type=\"widget\" data-e-type=\"widget\" data-widget_type=\"image.default\">\n\t\t\t\t<div class=\"elementor-widget-container\">\n\t\t\t\t\t\t\t\t\t\t\t\t\t\t\t\t<a href=\"https:\/\/rabat-maroc.net\/rabat-maroc-V2\/wp-content\/uploads\/2024\/10\/rue-souika-nlle-mosquee-2-1-1.jpg\" data-elementor-open-lightbox=\"yes\" data-elementor-lightbox-title=\"rue-souika-nlle-mosquee-2-1\" data-e-action-hash=\"#elementor-action%3Aaction%3Dlightbox%26settings%3DeyJpZCI6MjQ5MiwidXJsIjoiaHR0cHM6XC9cL3JhYmF0LW1hcm9jLm5ldFwvcmFiYXQtbWFyb2MtVjJcL3dwLWNvbnRlbnRcL3VwbG9hZHNcLzIwMjRcLzEwXC9ydWUtc291aWthLW5sbGUtbW9zcXVlZS0yLTEtMS5qcGcifQ%3D%3D\">\n\t\t\t\t\t\t\t<img loading=\"lazy\" decoding=\"async\" width=\"248\" height=\"166\" src=\"https:\/\/rabat-maroc.net\/rabat-maroc-V2\/wp-content\/uploads\/2024\/10\/rue-souika-nlle-mosquee-2-1-1.jpg\" class=\"attachment-full size-full wp-image-2492\" alt=\"\" \/>\t\t\t\t\t\t\t\t<\/a>\n\t\t\t\t\t\t\t\t\t\t\t\t\t\t\t<\/div>\n\t\t\t\t<\/div>\n\t\t\t\t<div class=\"elementor-element elementor-element-a194d72 elementor-widget elementor-widget-text-editor\" data-id=\"a194d72\" data-element_type=\"widget\" data-e-type=\"widget\" data-widget_type=\"text-editor.default\">\n\t\t\t\t<div class=\"elementor-widget-container\">\n\t\t\t\t\t\t\t\t\t<p>La rue Souika (petit souk) avec une nouvelle mosqu\u00e9e qui apparait dans le paysage urbain de la m\u00e9dina.<\/p>\t\t\t\t\t\t\t\t<\/div>\n\t\t\t\t<\/div>\n\t\t\t\t\t<\/div>\n\t\t<\/div>\n\t\t\t\t<div class=\"elementor-column elementor-col-25 elementor-top-column elementor-element elementor-element-da4fcd5\" data-id=\"da4fcd5\" data-element_type=\"column\" data-e-type=\"column\">\n\t\t\t<div class=\"elementor-widget-wrap elementor-element-populated\">\n\t\t\t\t\t\t<div class=\"elementor-element elementor-element-3a56048 elementor-widget elementor-widget-image\" data-id=\"3a56048\" data-element_type=\"widget\" data-e-type=\"widget\" data-widget_type=\"image.default\">\n\t\t\t\t<div class=\"elementor-widget-container\">\n\t\t\t\t\t\t\t\t\t\t\t\t\t\t\t\t<a href=\"https:\/\/rabat-maroc.net\/rabat-maroc-V2\/wp-content\/uploads\/2024\/10\/rue_souikra3-1.jpg\" data-elementor-open-lightbox=\"yes\" data-elementor-lightbox-title=\"rue_souikra3-1\" data-e-action-hash=\"#elementor-action%3Aaction%3Dlightbox%26settings%3DeyJpZCI6MjQ5MCwidXJsIjoiaHR0cHM6XC9cL3JhYmF0LW1hcm9jLm5ldFwvcmFiYXQtbWFyb2MtVjJcL3dwLWNvbnRlbnRcL3VwbG9hZHNcLzIwMjRcLzEwXC9ydWVfc291aWtyYTMtMS5qcGcifQ%3D%3D\">\n\t\t\t\t\t\t\t<img loading=\"lazy\" decoding=\"async\" width=\"250\" height=\"167\" src=\"https:\/\/rabat-maroc.net\/rabat-maroc-V2\/wp-content\/uploads\/2024\/10\/rue_souikra3-1.jpg\" class=\"attachment-full size-full wp-image-2490\" alt=\"rue souikra3\" \/>\t\t\t\t\t\t\t\t<\/a>\n\t\t\t\t\t\t\t\t\t\t\t\t\t\t\t<\/div>\n\t\t\t\t<\/div>\n\t\t\t\t<div class=\"elementor-element elementor-element-a37d843 elementor-widget elementor-widget-text-editor\" data-id=\"a37d843\" data-element_type=\"widget\" data-e-type=\"widget\" data-widget_type=\"text-editor.default\">\n\t\t\t\t<div class=\"elementor-widget-container\">\n\t\t\t\t\t\t\t\t\t<p>Mosqu\u00e9e Moulay Slimane (au fond) dans la 1\u00e8re partie de la rue Souika.<\/p>\t\t\t\t\t\t\t\t<\/div>\n\t\t\t\t<\/div>\n\t\t\t\t\t<\/div>\n\t\t<\/div>\n\t\t\t\t<div class=\"elementor-column elementor-col-25 elementor-top-column elementor-element elementor-element-e3349d8\" data-id=\"e3349d8\" data-element_type=\"column\" data-e-type=\"column\">\n\t\t\t<div class=\"elementor-widget-wrap elementor-element-populated\">\n\t\t\t\t\t\t<div class=\"elementor-element elementor-element-56f1542 elementor-widget elementor-widget-image\" data-id=\"56f1542\" data-element_type=\"widget\" data-e-type=\"widget\" data-widget_type=\"image.default\">\n\t\t\t\t<div class=\"elementor-widget-container\">\n\t\t\t\t\t\t\t\t\t\t\t\t\t\t\t\t<a href=\"https:\/\/rabat-maroc.net\/rabat-maroc-V2\/wp-content\/uploads\/2024\/10\/porteur_d_eau-2-large-1.jpg\" data-elementor-open-lightbox=\"yes\" data-elementor-lightbox-title=\"porteur_d_eau-2-large-1\" data-e-action-hash=\"#elementor-action%3Aaction%3Dlightbox%26settings%3DeyJpZCI6MjQ4NywidXJsIjoiaHR0cHM6XC9cL3JhYmF0LW1hcm9jLm5ldFwvcmFiYXQtbWFyb2MtVjJcL3dwLWNvbnRlbnRcL3VwbG9hZHNcLzIwMjRcLzEwXC9wb3J0ZXVyX2RfZWF1LTItbGFyZ2UtMS5qcGcifQ%3D%3D\">\n\t\t\t\t\t\t\t<img loading=\"lazy\" decoding=\"async\" width=\"250\" height=\"167\" src=\"https:\/\/rabat-maroc.net\/rabat-maroc-V2\/wp-content\/uploads\/2024\/10\/porteur_d_eau-2-large-1.jpg\" class=\"attachment-full size-full wp-image-2487\" alt=\"porteur d eau 2 large\" \/>\t\t\t\t\t\t\t\t<\/a>\n\t\t\t\t\t\t\t\t\t\t\t\t\t\t\t<\/div>\n\t\t\t\t<\/div>\n\t\t\t\t<div class=\"elementor-element elementor-element-4d04634 elementor-widget elementor-widget-text-editor\" data-id=\"4d04634\" data-element_type=\"widget\" data-e-type=\"widget\" data-widget_type=\"text-editor.default\">\n\t\t\t\t<div class=\"elementor-widget-container\">\n\t\t\t\t\t\t\t\t\t<p>Un des derniers porteurs d\u2019eau de Rabat se reposant sur le bord de la fontaine en mosa\u00efques de la rue Sou\u00efka<\/p>\t\t\t\t\t\t\t\t<\/div>\n\t\t\t\t<\/div>\n\t\t\t\t\t<\/div>\n\t\t<\/div>\n\t\t\t\t\t<\/div>\n\t\t<\/section>\n\t\t<div class=\"elementor-element elementor-element-59c7116 e-flex e-con-boxed e-con e-parent\" data-id=\"59c7116\" data-element_type=\"container\" data-e-type=\"container\">\n\t\t\t\t\t<div class=\"e-con-inner\">\n\t\t\t\t<div class=\"elementor-element elementor-element-f70eaef elementor-widget-divider--view-line elementor-widget elementor-widget-divider\" data-id=\"f70eaef\" data-element_type=\"widget\" data-e-type=\"widget\" data-widget_type=\"divider.default\">\n\t\t\t\t<div class=\"elementor-widget-container\">\n\t\t\t\t\t\t\t<div class=\"elementor-divider\">\n\t\t\t<span class=\"elementor-divider-separator\">\n\t\t\t\t\t\t<\/span>\n\t\t<\/div>\n\t\t\t\t\t\t<\/div>\n\t\t\t\t<\/div>\n\t\t\t\t\t<\/div>\n\t\t\t\t<\/div>\n\t\t\t\t<section class=\"elementor-section elementor-top-section elementor-element elementor-element-e1f248a elementor-section-content-top elementor-section-boxed elementor-section-height-default elementor-section-height-default elementor-invisible\" data-id=\"e1f248a\" data-element_type=\"section\" data-e-type=\"section\" data-settings=\"{&quot;background_background&quot;:&quot;classic&quot;,&quot;animation&quot;:&quot;bounceInUp&quot;}\">\n\t\t\t\t\t\t\t<div class=\"elementor-background-overlay\"><\/div>\n\t\t\t\t\t\t\t<div class=\"elementor-container elementor-column-gap-no\">\n\t\t\t\t\t<div class=\"elementor-column elementor-col-100 elementor-top-column elementor-element elementor-element-cadb099\" data-id=\"cadb099\" data-element_type=\"column\" data-e-type=\"column\">\n\t\t\t<div class=\"elementor-widget-wrap elementor-element-populated\">\n\t\t\t\t\t\t<div class=\"elementor-element elementor-element-a597b31 elementor-widget elementor-widget-heading\" data-id=\"a597b31\" data-element_type=\"widget\" data-e-type=\"widget\" data-widget_type=\"heading.default\">\n\t\t\t\t<div class=\"elementor-widget-container\">\n\t\t\t\t\t<h2 class=\"elementor-heading-title elementor-size-default\">Rue Souika et Souk Sebbate<\/h2>\t\t\t\t<\/div>\n\t\t\t\t<\/div>\n\t\t\t\t<div class=\"elementor-element elementor-element-9a5607e elementor-widget elementor-widget-text-editor\" data-id=\"9a5607e\" data-element_type=\"widget\" data-e-type=\"widget\" data-settings=\"{&quot;_animation&quot;:&quot;none&quot;}\" data-widget_type=\"text-editor.default\">\n\t\t\t\t<div class=\"elementor-widget-container\">\n\t\t\t\t\t\t\t\t\t<p><strong>L<\/strong>a m\u00e9dina a une superficie d\u2019environ 50 hectares, il est donc facile de s\u2019y rep\u00e9rer et de s\u2019y d\u00e9placer sans prendre le risque de s\u2019\u00e9garer. Ici, point n\u2019est besoin de guide, et personne ne vous le proposera.<br \/><strong>T<\/strong>rois rues principales traversent la m\u00e9dina : une rue parall\u00e8le au mur des Andalous, la\u00a0<strong>rue Souika<\/strong>\u00a0qui devient rue du Souk Sebbate, et \u00e0 ses deux extr\u00e9mit\u00e9s deux voies perpendiculaires, la\u00a0<strong>rue Sidi Fatah<\/strong>\u00a0vers le Boulevard El Alou, et la\u00a0<strong>rue des Consuls<\/strong>\u00a0qui vous emm\u00e8nera \u00e0 la\u00a0<a href=\"https:\/\/www.rabat-maroc.net\/oudayas\/\"><strong>casbah des Oudayas<\/strong><\/a>.<br \/><strong>R<\/strong>abat n\u2019est pas d\u00e9pourvue de centres commerciaux occidentaux (l\u2019hypermarch\u00e9 Marjane et des supermarch\u00e9s \u00e0 l\u2019Agdal). Pourtant, les Rbatis sont encore nombreux \u00e0 emprunter cet axe commer\u00e7ant que sont la rue\u00a0<strong>Souika<\/strong>\u00a0(petit souk) et son prolongement\u00a0<strong>Souk Sebbate<\/strong>\u00a0(souk aux chaussures). Apr\u00e8s Souk Sebbate, la r\u00e9novation de la m\u00e9dina se poursuit avec la rue Souika, mais aussi sur tous les axes principaux,\u00a0<strong>rue Sidi Fatah<\/strong>\u00a0et\u00a0<strong>rue El Gza<\/strong>\u00a0et \u00e0 certaines ruelles adjacentes.<\/p><p><strong>L<\/strong>es touristes privil\u00e9gient la\u00a0<strong>rue des Consuls<\/strong>. Bord\u00e9e d\u2019\u00e9chopes de marchands et d\u2019artisans, de kissaria, elle propose des articles nettement moins chers mais tout aussi jolis qu\u2019\u00e0 F\u00e8s ou Marrakech. Mais surtout, elle est \u00e9vocatrice de moments d\u2019histoire tr\u00e8s forts car elle \u00e9tait le quartier des europ\u00e9ens et des juifs au XVII\u00e8me si\u00e8cle.<\/p>\t\t\t\t\t\t\t\t<\/div>\n\t\t\t\t<\/div>\n\t\t\t\t\t<\/div>\n\t\t<\/div>\n\t\t\t\t\t<\/div>\n\t\t<\/section>\n\t\t<div class=\"elementor-element elementor-element-3ac742f e-flex e-con-boxed e-con e-parent\" data-id=\"3ac742f\" data-element_type=\"container\" data-e-type=\"container\">\n\t\t\t\t\t<div class=\"e-con-inner\">\n\t\t\t\t<div class=\"elementor-element elementor-element-9aa05b0 elementor-widget-divider--view-line elementor-widget elementor-widget-divider\" data-id=\"9aa05b0\" data-element_type=\"widget\" data-e-type=\"widget\" data-widget_type=\"divider.default\">\n\t\t\t\t<div class=\"elementor-widget-container\">\n\t\t\t\t\t\t\t<div class=\"elementor-divider\">\n\t\t\t<span class=\"elementor-divider-separator\">\n\t\t\t\t\t\t<\/span>\n\t\t<\/div>\n\t\t\t\t\t\t<\/div>\n\t\t\t\t<\/div>\n\t\t\t\t\t<\/div>\n\t\t\t\t<\/div>\n\t\t\t\t<section class=\"elementor-section elementor-top-section elementor-element elementor-element-56e95cb elementor-section-content-top elementor-section-boxed elementor-section-height-default elementor-section-height-default elementor-invisible\" data-id=\"56e95cb\" data-element_type=\"section\" data-e-type=\"section\" data-settings=\"{&quot;background_background&quot;:&quot;classic&quot;,&quot;animation&quot;:&quot;bounceInUp&quot;}\">\n\t\t\t\t\t\t\t<div class=\"elementor-background-overlay\"><\/div>\n\t\t\t\t\t\t\t<div class=\"elementor-container elementor-column-gap-wide\">\n\t\t\t\t\t<div class=\"elementor-column elementor-col-25 elementor-top-column elementor-element elementor-element-3828853\" data-id=\"3828853\" data-element_type=\"column\" data-e-type=\"column\">\n\t\t\t<div class=\"elementor-widget-wrap elementor-element-populated\">\n\t\t\t\t\t\t<div class=\"elementor-element elementor-element-2798384 elementor-widget elementor-widget-image\" data-id=\"2798384\" data-element_type=\"widget\" data-e-type=\"widget\" data-widget_type=\"image.default\">\n\t\t\t\t<div class=\"elementor-widget-container\">\n\t\t\t\t\t\t\t\t\t\t\t\t\t\t\t\t<a href=\"https:\/\/rabat-maroc.net\/rabat-maroc-V2\/wp-content\/uploads\/2024\/10\/mosquee-al-Jamaa-al-kabir-2017.jpg\" data-elementor-open-lightbox=\"yes\" data-elementor-lightbox-title=\"mosquee-al-Jamaa-al-kabir-2017\" data-e-action-hash=\"#elementor-action%3Aaction%3Dlightbox%26settings%3DeyJpZCI6MjQ4NCwidXJsIjoiaHR0cHM6XC9cL3JhYmF0LW1hcm9jLm5ldFwvcmFiYXQtbWFyb2MtVjJcL3dwLWNvbnRlbnRcL3VwbG9hZHNcLzIwMjRcLzEwXC9tb3NxdWVlLWFsLUphbWFhLWFsLWthYmlyLTIwMTcuanBnIn0%3D\">\n\t\t\t\t\t\t\t<img loading=\"lazy\" decoding=\"async\" width=\"600\" height=\"800\" src=\"https:\/\/rabat-maroc.net\/rabat-maroc-V2\/wp-content\/uploads\/2024\/10\/mosquee-al-Jamaa-al-kabir-2017.jpg\" class=\"attachment-full size-full wp-image-2484\" alt=\"mosquee al jamaa al kabir\" srcset=\"https:\/\/rabat-maroc.net\/rabat-maroc-V2\/wp-content\/uploads\/2024\/10\/mosquee-al-Jamaa-al-kabir-2017.jpg 600w, https:\/\/rabat-maroc.net\/rabat-maroc-V2\/wp-content\/uploads\/2024\/10\/mosquee-al-Jamaa-al-kabir-2017-225x300.jpg 225w\" sizes=\"(max-width: 600px) 100vw, 600px\" \/>\t\t\t\t\t\t\t\t<\/a>\n\t\t\t\t\t\t\t\t\t\t\t\t\t\t\t<\/div>\n\t\t\t\t<\/div>\n\t\t\t\t<div class=\"elementor-element elementor-element-621560f elementor-widget__width-initial elementor-widget elementor-widget-text-editor\" data-id=\"621560f\" data-element_type=\"widget\" data-e-type=\"widget\" data-widget_type=\"text-editor.default\">\n\t\t\t\t<div class=\"elementor-widget-container\">\n\t\t\t\t\t\t\t\t\t<p>La grande mosqu\u00e9e Al-Jama\u00e2 al-Kabir sur la rue Souika, appel\u00e9e aussi mosqu\u00e9e des cordonniers car pr\u00e8s du souk des cuirs, date du 13\u00e8me si\u00e8cle avec de nombreux remaniements. Elle est la plus ancienne de la m\u00e9dina et la plus ancienne de Rabat avec Jemaa El-Atiqa aux Oudayas qui elle date du 12\u00e8me si\u00e8cle\u2026<\/p>\t\t\t\t\t\t\t\t<\/div>\n\t\t\t\t<\/div>\n\t\t\t\t\t<\/div>\n\t\t<\/div>\n\t\t\t\t<div class=\"elementor-column elementor-col-25 elementor-top-column elementor-element elementor-element-dd3b713\" data-id=\"dd3b713\" data-element_type=\"column\" data-e-type=\"column\">\n\t\t\t<div class=\"elementor-widget-wrap elementor-element-populated\">\n\t\t\t\t\t\t<div class=\"elementor-element elementor-element-51c2a3d elementor-widget elementor-widget-image\" data-id=\"51c2a3d\" data-element_type=\"widget\" data-e-type=\"widget\" data-widget_type=\"image.default\">\n\t\t\t\t<div class=\"elementor-widget-container\">\n\t\t\t\t\t\t\t\t\t\t\t\t\t\t\t\t<a href=\"https:\/\/rabat-maroc.net\/rabat-maroc-V2\/wp-content\/uploads\/2024\/10\/souika-jemaa-moulay-slimane-1.jpg\" data-elementor-open-lightbox=\"yes\" data-elementor-lightbox-title=\"souika-jemaa-moulay-slimane\" data-e-action-hash=\"#elementor-action%3Aaction%3Dlightbox%26settings%3DeyJpZCI6MjQ5NSwidXJsIjoiaHR0cHM6XC9cL3JhYmF0LW1hcm9jLm5ldFwvcmFiYXQtbWFyb2MtVjJcL3dwLWNvbnRlbnRcL3VwbG9hZHNcLzIwMjRcLzEwXC9zb3Vpa2EtamVtYWEtbW91bGF5LXNsaW1hbmUtMS5qcGcifQ%3D%3D\">\n\t\t\t\t\t\t\t<img loading=\"lazy\" decoding=\"async\" width=\"450\" height=\"600\" src=\"https:\/\/rabat-maroc.net\/rabat-maroc-V2\/wp-content\/uploads\/2024\/10\/souika-jemaa-moulay-slimane-1.jpg\" class=\"attachment-full size-full wp-image-2495\" alt=\"\" srcset=\"https:\/\/rabat-maroc.net\/rabat-maroc-V2\/wp-content\/uploads\/2024\/10\/souika-jemaa-moulay-slimane-1.jpg 450w, https:\/\/rabat-maroc.net\/rabat-maroc-V2\/wp-content\/uploads\/2024\/10\/souika-jemaa-moulay-slimane-1-225x300.jpg 225w\" sizes=\"(max-width: 450px) 100vw, 450px\" \/>\t\t\t\t\t\t\t\t<\/a>\n\t\t\t\t\t\t\t\t\t\t\t\t\t\t\t<\/div>\n\t\t\t\t<\/div>\n\t\t\t\t\t<\/div>\n\t\t<\/div>\n\t\t\t\t<div class=\"elementor-column elementor-col-25 elementor-top-column elementor-element elementor-element-55434e0\" data-id=\"55434e0\" data-element_type=\"column\" data-e-type=\"column\">\n\t\t\t<div class=\"elementor-widget-wrap elementor-element-populated\">\n\t\t\t\t\t\t<div class=\"elementor-element elementor-element-e1253f6 elementor-widget elementor-widget-image\" data-id=\"e1253f6\" data-element_type=\"widget\" data-e-type=\"widget\" data-widget_type=\"image.default\">\n\t\t\t\t<div class=\"elementor-widget-container\">\n\t\t\t\t\t\t\t\t\t\t\t\t\t\t\t\t<a href=\"https:\/\/rabat-maroc.net\/rabat-maroc-V2\/wp-content\/uploads\/2024\/10\/mosquee-kouira.jpg\" data-elementor-open-lightbox=\"yes\" data-elementor-lightbox-title=\"mosquee-kouira\" data-e-action-hash=\"#elementor-action%3Aaction%3Dlightbox%26settings%3DeyJpZCI6MjQ4NSwidXJsIjoiaHR0cHM6XC9cL3JhYmF0LW1hcm9jLm5ldFwvcmFiYXQtbWFyb2MtVjJcL3dwLWNvbnRlbnRcL3VwbG9hZHNcLzIwMjRcLzEwXC9tb3NxdWVlLWtvdWlyYS5qcGcifQ%3D%3D\">\n\t\t\t\t\t\t\t<img loading=\"lazy\" decoding=\"async\" width=\"450\" height=\"600\" src=\"https:\/\/rabat-maroc.net\/rabat-maroc-V2\/wp-content\/uploads\/2024\/10\/mosquee-kouira.jpg\" class=\"attachment-full size-full wp-image-2485\" alt=\"mosquee kuira\" srcset=\"https:\/\/rabat-maroc.net\/rabat-maroc-V2\/wp-content\/uploads\/2024\/10\/mosquee-kouira.jpg 450w, https:\/\/rabat-maroc.net\/rabat-maroc-V2\/wp-content\/uploads\/2024\/10\/mosquee-kouira-225x300.jpg 225w\" sizes=\"(max-width: 450px) 100vw, 450px\" \/>\t\t\t\t\t\t\t\t<\/a>\n\t\t\t\t\t\t\t\t\t\t\t\t\t\t\t<\/div>\n\t\t\t\t<\/div>\n\t\t\t\t<div class=\"elementor-element elementor-element-d5ef08c elementor-widget__width-initial elementor-widget elementor-widget-text-editor\" data-id=\"d5ef08c\" data-element_type=\"widget\" data-e-type=\"widget\" data-widget_type=\"text-editor.default\">\n\t\t\t\t<div class=\"elementor-widget-container\">\n\t\t\t\t\t\t\t\t\t<p>La rue Souk Sebbate sous son nouvel aspect : plafond\u00a0travaill\u00e9\u00a0en bois d\u2019essence rare, sol pav\u00e9, lumi\u00e8re naturelle diffuse filtr\u00e9e par des moucharabieh donnent \u00e0 ce souk des cuirs un environnement fonctionnel fid\u00e8le aux traditions.<\/p>\t\t\t\t\t\t\t\t<\/div>\n\t\t\t\t<\/div>\n\t\t\t\t\t<\/div>\n\t\t<\/div>\n\t\t\t\t<div class=\"elementor-column elementor-col-25 elementor-top-column elementor-element elementor-element-81f48d6\" data-id=\"81f48d6\" data-element_type=\"column\" data-e-type=\"column\">\n\t\t\t<div class=\"elementor-widget-wrap elementor-element-populated\">\n\t\t\t\t\t\t<div class=\"elementor-element elementor-element-44281c2 elementor-widget elementor-widget-image\" data-id=\"44281c2\" data-element_type=\"widget\" data-e-type=\"widget\" data-widget_type=\"image.default\">\n\t\t\t\t<div class=\"elementor-widget-container\">\n\t\t\t\t\t\t\t\t\t\t\t\t\t\t\t\t<a href=\"https:\/\/rabat-maroc.net\/rabat-maroc-V2\/wp-content\/uploads\/2024\/10\/souk-sebbate2-2018-800-1.jpg\" data-elementor-open-lightbox=\"yes\" data-elementor-lightbox-title=\"souk-sebbate2-2018-800\" data-e-action-hash=\"#elementor-action%3Aaction%3Dlightbox%26settings%3DeyJpZCI6MjQ5NiwidXJsIjoiaHR0cHM6XC9cL3JhYmF0LW1hcm9jLm5ldFwvcmFiYXQtbWFyb2MtVjJcL3dwLWNvbnRlbnRcL3VwbG9hZHNcLzIwMjRcLzEwXC9zb3VrLXNlYmJhdGUyLTIwMTgtODAwLTEuanBnIn0%3D\">\n\t\t\t\t\t\t\t<img loading=\"lazy\" decoding=\"async\" width=\"600\" height=\"800\" src=\"https:\/\/rabat-maroc.net\/rabat-maroc-V2\/wp-content\/uploads\/2024\/10\/souk-sebbate2-2018-800-1.jpg\" class=\"attachment-full size-full wp-image-2496\" alt=\"souk sebbate2\" srcset=\"https:\/\/rabat-maroc.net\/rabat-maroc-V2\/wp-content\/uploads\/2024\/10\/souk-sebbate2-2018-800-1.jpg 600w, https:\/\/rabat-maroc.net\/rabat-maroc-V2\/wp-content\/uploads\/2024\/10\/souk-sebbate2-2018-800-1-225x300.jpg 225w\" sizes=\"(max-width: 600px) 100vw, 600px\" \/>\t\t\t\t\t\t\t\t<\/a>\n\t\t\t\t\t\t\t\t\t\t\t\t\t\t\t<\/div>\n\t\t\t\t<\/div>\n\t\t\t\t\t<\/div>\n\t\t<\/div>\n\t\t\t\t\t<\/div>\n\t\t<\/section>\n\t\t<div class=\"elementor-element elementor-element-8d1fa6d e-flex e-con-boxed e-con e-parent\" data-id=\"8d1fa6d\" data-element_type=\"container\" data-e-type=\"container\">\n\t\t\t\t\t<div class=\"e-con-inner\">\n\t\t\t\t<div class=\"elementor-element elementor-element-7445321 elementor-widget-divider--view-line elementor-widget elementor-widget-divider\" data-id=\"7445321\" data-element_type=\"widget\" data-e-type=\"widget\" data-widget_type=\"divider.default\">\n\t\t\t\t<div class=\"elementor-widget-container\">\n\t\t\t\t\t\t\t<div class=\"elementor-divider\">\n\t\t\t<span class=\"elementor-divider-separator\">\n\t\t\t\t\t\t<\/span>\n\t\t<\/div>\n\t\t\t\t\t\t<\/div>\n\t\t\t\t<\/div>\n\t\t\t\t\t<\/div>\n\t\t\t\t<\/div>\n\t\t\t\t<section class=\"elementor-section elementor-top-section elementor-element elementor-element-735ae99 elementor-section-content-top elementor-section-boxed elementor-section-height-default elementor-section-height-default elementor-invisible\" data-id=\"735ae99\" data-element_type=\"section\" data-e-type=\"section\" data-settings=\"{&quot;background_background&quot;:&quot;classic&quot;,&quot;animation&quot;:&quot;bounceInUp&quot;}\">\n\t\t\t\t\t\t\t<div class=\"elementor-background-overlay\"><\/div>\n\t\t\t\t\t\t\t<div class=\"elementor-container elementor-column-gap-wide\">\n\t\t\t\t\t<div class=\"elementor-column elementor-col-25 elementor-top-column elementor-element elementor-element-b61cc04\" data-id=\"b61cc04\" data-element_type=\"column\" data-e-type=\"column\">\n\t\t\t<div class=\"elementor-widget-wrap elementor-element-populated\">\n\t\t\t\t\t\t<div class=\"elementor-element elementor-element-4a08651 elementor-widget elementor-widget-image\" data-id=\"4a08651\" data-element_type=\"widget\" data-e-type=\"widget\" data-widget_type=\"image.default\">\n\t\t\t\t<div class=\"elementor-widget-container\">\n\t\t\t\t\t\t\t\t\t\t\t\t\t\t\t\t<a href=\"https:\/\/rabat-maroc.net\/rabat-maroc-V2\/wp-content\/uploads\/2024\/10\/rue-des-consuls-large-1.jpg\" data-elementor-open-lightbox=\"yes\" data-elementor-lightbox-title=\"rue-des-consuls-large-1\" data-e-action-hash=\"#elementor-action%3Aaction%3Dlightbox%26settings%3DeyJpZCI6MjQ5MSwidXJsIjoiaHR0cHM6XC9cL3JhYmF0LW1hcm9jLm5ldFwvcmFiYXQtbWFyb2MtVjJcL3dwLWNvbnRlbnRcL3VwbG9hZHNcLzIwMjRcLzEwXC9ydWUtZGVzLWNvbnN1bHMtbGFyZ2UtMS5qcGcifQ%3D%3D\">\n\t\t\t\t\t\t\t<img loading=\"lazy\" decoding=\"async\" width=\"300\" height=\"199\" src=\"https:\/\/rabat-maroc.net\/rabat-maroc-V2\/wp-content\/uploads\/2024\/10\/rue-des-consuls-large-1.jpg\" class=\"attachment-full size-full wp-image-2491\" alt=\"rue des consuls large\" \/>\t\t\t\t\t\t\t\t<\/a>\n\t\t\t\t\t\t\t\t\t\t\t\t\t\t\t<\/div>\n\t\t\t\t<\/div>\n\t\t\t\t\t<\/div>\n\t\t<\/div>\n\t\t\t\t<div class=\"elementor-column elementor-col-25 elementor-top-column elementor-element elementor-element-d1aadd2\" data-id=\"d1aadd2\" data-element_type=\"column\" data-e-type=\"column\">\n\t\t\t<div class=\"elementor-widget-wrap elementor-element-populated\">\n\t\t\t\t\t\t<div class=\"elementor-element elementor-element-63222cd elementor-widget elementor-widget-image\" data-id=\"63222cd\" data-element_type=\"widget\" data-e-type=\"widget\" data-widget_type=\"image.default\">\n\t\t\t\t<div class=\"elementor-widget-container\">\n\t\t\t\t\t\t\t\t\t\t\t\t\t\t\t\t<a href=\"https:\/\/rabat-maroc.net\/rabat-maroc-V2\/wp-content\/uploads\/2024\/10\/lanternes_colorees-1.jpg\" data-elementor-open-lightbox=\"yes\" data-elementor-lightbox-title=\"lanternes_colorees-1\" data-e-action-hash=\"#elementor-action%3Aaction%3Dlightbox%26settings%3DeyJpZCI6MjQ3OCwidXJsIjoiaHR0cHM6XC9cL3JhYmF0LW1hcm9jLm5ldFwvcmFiYXQtbWFyb2MtVjJcL3dwLWNvbnRlbnRcL3VwbG9hZHNcLzIwMjRcLzEwXC9sYW50ZXJuZXNfY29sb3JlZXMtMS5qcGcifQ%3D%3D\">\n\t\t\t\t\t\t\t<img loading=\"lazy\" decoding=\"async\" width=\"250\" height=\"166\" src=\"https:\/\/rabat-maroc.net\/rabat-maroc-V2\/wp-content\/uploads\/2024\/10\/lanternes_colorees-1.jpg\" class=\"attachment-full size-full wp-image-2478\" alt=\"lanternes colorees\" \/>\t\t\t\t\t\t\t\t<\/a>\n\t\t\t\t\t\t\t\t\t\t\t\t\t\t\t<\/div>\n\t\t\t\t<\/div>\n\t\t\t\t\t<\/div>\n\t\t<\/div>\n\t\t\t\t<div class=\"elementor-column elementor-col-25 elementor-top-column elementor-element elementor-element-84487e6\" data-id=\"84487e6\" data-element_type=\"column\" data-e-type=\"column\">\n\t\t\t<div class=\"elementor-widget-wrap elementor-element-populated\">\n\t\t\t\t\t\t<div class=\"elementor-element elementor-element-a6f3128 elementor-widget elementor-widget-image\" data-id=\"a6f3128\" data-element_type=\"widget\" data-e-type=\"widget\" data-widget_type=\"image.default\">\n\t\t\t\t<div class=\"elementor-widget-container\">\n\t\t\t\t\t\t\t\t\t\t\t\t\t\t\t\t<a href=\"https:\/\/rabat-maroc.net\/rabat-maroc-V2\/wp-content\/uploads\/2024\/10\/impasse-tazi-large-1.jpg\" data-elementor-open-lightbox=\"yes\" data-elementor-lightbox-title=\"impasse-tazi-large-1\" data-e-action-hash=\"#elementor-action%3Aaction%3Dlightbox%26settings%3DeyJpZCI6MjQ3MywidXJsIjoiaHR0cHM6XC9cL3JhYmF0LW1hcm9jLm5ldFwvcmFiYXQtbWFyb2MtVjJcL3dwLWNvbnRlbnRcL3VwbG9hZHNcLzIwMjRcLzEwXC9pbXBhc3NlLXRhemktbGFyZ2UtMS5qcGcifQ%3D%3D\">\n\t\t\t\t\t\t\t<img loading=\"lazy\" decoding=\"async\" width=\"400\" height=\"266\" src=\"https:\/\/rabat-maroc.net\/rabat-maroc-V2\/wp-content\/uploads\/2024\/10\/impasse-tazi-large-1.jpg\" class=\"attachment-full size-full wp-image-2473\" alt=\"impasse tazi large\" srcset=\"https:\/\/rabat-maroc.net\/rabat-maroc-V2\/wp-content\/uploads\/2024\/10\/impasse-tazi-large-1.jpg 400w, https:\/\/rabat-maroc.net\/rabat-maroc-V2\/wp-content\/uploads\/2024\/10\/impasse-tazi-large-1-300x200.jpg 300w\" sizes=\"(max-width: 400px) 100vw, 400px\" \/>\t\t\t\t\t\t\t\t<\/a>\n\t\t\t\t\t\t\t\t\t\t\t\t\t\t\t<\/div>\n\t\t\t\t<\/div>\n\t\t\t\t\t<\/div>\n\t\t<\/div>\n\t\t\t\t<div class=\"elementor-column elementor-col-25 elementor-top-column elementor-element elementor-element-21351c0\" data-id=\"21351c0\" data-element_type=\"column\" data-e-type=\"column\">\n\t\t\t<div class=\"elementor-widget-wrap elementor-element-populated\">\n\t\t\t\t\t\t<div class=\"elementor-element elementor-element-07fbe70 elementor-widget elementor-widget-image\" data-id=\"07fbe70\" data-element_type=\"widget\" data-e-type=\"widget\" data-widget_type=\"image.default\">\n\t\t\t\t<div class=\"elementor-widget-container\">\n\t\t\t\t\t\t\t\t\t\t\t\t\t\t\t\t<a href=\"https:\/\/rabat-maroc.net\/rabat-maroc-V2\/wp-content\/uploads\/2024\/10\/kissaria-moline-large-1.jpg\" data-elementor-open-lightbox=\"yes\" data-elementor-lightbox-title=\"kissaria-moline-large-1\" data-e-action-hash=\"#elementor-action%3Aaction%3Dlightbox%26settings%3DeyJpZCI6MjQ3NywidXJsIjoiaHR0cHM6XC9cL3JhYmF0LW1hcm9jLm5ldFwvcmFiYXQtbWFyb2MtVjJcL3dwLWNvbnRlbnRcL3VwbG9hZHNcLzIwMjRcLzEwXC9raXNzYXJpYS1tb2xpbmUtbGFyZ2UtMS5qcGcifQ%3D%3D\">\n\t\t\t\t\t\t\t<img loading=\"lazy\" decoding=\"async\" width=\"400\" height=\"300\" src=\"https:\/\/rabat-maroc.net\/rabat-maroc-V2\/wp-content\/uploads\/2024\/10\/kissaria-moline-large-1.jpg\" class=\"attachment-full size-full wp-image-2477\" alt=\"kissaria moline large\" srcset=\"https:\/\/rabat-maroc.net\/rabat-maroc-V2\/wp-content\/uploads\/2024\/10\/kissaria-moline-large-1.jpg 400w, https:\/\/rabat-maroc.net\/rabat-maroc-V2\/wp-content\/uploads\/2024\/10\/kissaria-moline-large-1-300x225.jpg 300w\" sizes=\"(max-width: 400px) 100vw, 400px\" \/>\t\t\t\t\t\t\t\t<\/a>\n\t\t\t\t\t\t\t\t\t\t\t\t\t\t\t<\/div>\n\t\t\t\t<\/div>\n\t\t\t\t\t<\/div>\n\t\t<\/div>\n\t\t\t\t\t<\/div>\n\t\t<\/section>\n\t\t<div class=\"elementor-element elementor-element-afe9555 e-flex e-con-boxed e-con e-parent\" data-id=\"afe9555\" data-element_type=\"container\" data-e-type=\"container\">\n\t\t\t\t\t<div class=\"e-con-inner\">\n\t\t\t\t<div class=\"elementor-element elementor-element-5bccf72 elementor-widget-divider--view-line elementor-widget elementor-widget-divider\" data-id=\"5bccf72\" data-element_type=\"widget\" data-e-type=\"widget\" data-widget_type=\"divider.default\">\n\t\t\t\t<div class=\"elementor-widget-container\">\n\t\t\t\t\t\t\t<div class=\"elementor-divider\">\n\t\t\t<span class=\"elementor-divider-separator\">\n\t\t\t\t\t\t<\/span>\n\t\t<\/div>\n\t\t\t\t\t\t<\/div>\n\t\t\t\t<\/div>\n\t\t\t\t\t<\/div>\n\t\t\t\t<\/div>\n\t\t\t\t<section class=\"elementor-section elementor-top-section elementor-element elementor-element-b990fe9 elementor-section-content-top elementor-section-boxed elementor-section-height-default elementor-section-height-default elementor-invisible\" data-id=\"b990fe9\" data-element_type=\"section\" data-e-type=\"section\" data-settings=\"{&quot;background_background&quot;:&quot;classic&quot;,&quot;animation&quot;:&quot;bounceInUp&quot;}\">\n\t\t\t\t\t\t\t<div class=\"elementor-background-overlay\"><\/div>\n\t\t\t\t\t\t\t<div class=\"elementor-container elementor-column-gap-no\">\n\t\t\t\t\t<div class=\"elementor-column elementor-col-100 elementor-top-column elementor-element elementor-element-28835f7\" data-id=\"28835f7\" data-element_type=\"column\" data-e-type=\"column\">\n\t\t\t<div class=\"elementor-widget-wrap elementor-element-populated\">\n\t\t\t\t\t\t<div class=\"elementor-element elementor-element-fc2896d elementor-widget elementor-widget-heading\" data-id=\"fc2896d\" data-element_type=\"widget\" data-e-type=\"widget\" data-widget_type=\"heading.default\">\n\t\t\t\t<div class=\"elementor-widget-container\">\n\t\t\t\t\t<h2 class=\"elementor-heading-title elementor-size-default\">La Rue des Consuls<\/h2>\t\t\t\t<\/div>\n\t\t\t\t<\/div>\n\t\t\t\t<div class=\"elementor-element elementor-element-9010308 elementor-widget elementor-widget-text-editor\" data-id=\"9010308\" data-element_type=\"widget\" data-e-type=\"widget\" data-settings=\"{&quot;_animation&quot;:&quot;none&quot;}\" data-widget_type=\"text-editor.default\">\n\t\t\t\t<div class=\"elementor-widget-container\">\n\t\t\t\t\t\t\t\t\t<p><strong>L<\/strong>a rue des Consuls a une histoire et c\u2019est ce qui\u00a0lui\u00a0donne son charme. Cette rue est ainsi nomm\u00e9e parce que les diplomates \u00e9tangers \u00e9taient tenus d\u2019y r\u00e9sider au XVII\u00e8me si\u00e8cle.<\/p><p><strong>A<\/strong>\u00a0cela une explication simple : \u00e0 cette \u00e9poque l\u2019activit\u00e9 principale de Sal\u00e9 le Neuf (Rabat) \u00e9tait la piraterie et la prise d\u2019esclaves. Ces derniers \u00e9taient vendus aux ench\u00e8res sur la\u00a0<a href=\"https:\/\/www.rabat-maroc.net\/bab-oudaia-place-du-souk-el-ghezel\/\"><strong>place du Souk El Ghezel<\/strong><\/a>\u00a0(devant les Oudaya). Mais les captifs chr\u00e9tiens ne devenaient pas (en principe) esclaves. Selon un trait\u00e9 sign\u00e9 avec le Sultan, ils devaient \u00eatre rachet\u00e9s par les diplomates de leur pays qui disposaient alors d\u2019un budget pour ces rachats. Pour des raisons de commodit\u00e9, ces diplomates se trouvaient donc \u00e0 quelques dizaines de m\u00e8tres du lieu de \u201cn\u00e9gociation\u201d. Cette rue d\u00e9j\u00e0 tr\u00e8s active \u00e9tait une des rares \u00e0 \u00eatre pav\u00e9e.<\/p><p><strong>L<\/strong>ouis Ch\u00e9nier, le p\u00e8re du po\u00e8te Andr\u00e9 Ch\u00e9nier y f\u00fbt repr\u00e9sentant du Roi de France de 1768 \u00e0 1781. La n\u00e9gociation des rachats de captifs \u00e9tait sa principale activit\u00e9 et il y excellait m\u00eame tellement que le Sultan, exc\u00e9d\u00e9, le renvoya en France manu militari.<\/p><p><strong>A<\/strong>\u00a0partir de la rue des Consuls, d\u00e9bouche un certain nombre de ruelles abritant de petits ateliers, permettant ainsi \u00e0 des artisans de maintenir leur savoir-faire et leur art, dans des conditions souvent difficiles. C\u2019est l\u00e0 aussi que se situent les fondouks et kissaria abritant les ateliers de cuir : fondouk A\u00efssa, fondouk des tailleurs, kissaria Moline\u2026<\/p><p><strong>C<\/strong>\u2018est toujours avec la gentillesse caract\u00e9ristique des Rbatis qu\u2019ils vous recevront et vous feront visiter leur atelier. Tous les objets ci-dessus ont \u00e9t\u00e9 fabriqu\u00e9s ici, dans les ateliers de la m\u00e9dina. La rue des Consuls, c\u2019est aussi le lieu de vente des c\u00e9l\u00e8bres\u00a0<strong>tapis de Rabat<\/strong>, toujours en laine et de couleur rouge. Tous les jeudis a lieu la vente dans la rue, et les tapis sont d\u00e9ploy\u00e9s \u00e0 m\u00eame le sol sous le regard des femmes qui ont confectionn\u00e9 ces tapis dans leurs ateliers, mais qui laissent aux hommes le soin de \u201cn\u00e9gocier\u201d leurs propres oeuvres.<\/p>\t\t\t\t\t\t\t\t<\/div>\n\t\t\t\t<\/div>\n\t\t\t\t\t<\/div>\n\t\t<\/div>\n\t\t\t\t\t<\/div>\n\t\t<\/section>\n\t\t\t\t<section class=\"elementor-section elementor-top-section elementor-element elementor-element-s9d681r elementor-section-content-middle elementor-section-boxed elementor-section-height-default elementor-section-height-default elementor-invisible\" data-id=\"s9d681r\" data-element_type=\"section\" data-e-type=\"section\" data-settings=\"{&quot;background_background&quot;:&quot;classic&quot;,&quot;animation&quot;:&quot;bounceInUp&quot;}\">\n\t\t\t\t\t\t\t<div class=\"elementor-background-overlay\"><\/div>\n\t\t\t\t\t\t\t<div class=\"elementor-container elementor-column-gap-no\">\n\t\t\t\t\t<div class=\"elementor-column elementor-col-50 elementor-top-column elementor-element elementor-element-d5abc8a\" data-id=\"d5abc8a\" data-element_type=\"column\" data-e-type=\"column\">\n\t\t\t<div class=\"elementor-widget-wrap elementor-element-populated\">\n\t\t\t\t\t\t<div class=\"elementor-element elementor-element-78825ce elementor-widget elementor-widget-image\" data-id=\"78825ce\" data-element_type=\"widget\" data-e-type=\"widget\" data-widget_type=\"image.default\">\n\t\t\t\t<div class=\"elementor-widget-container\">\n\t\t\t\t\t\t\t\t\t\t\t\t\t\t\t\t<a href=\"https:\/\/rabat-maroc.net\/rabat-maroc-V2\/wp-content\/uploads\/2024\/10\/vente-tapis-rue-des-consuls-3-large-1-1.jpg\" data-elementor-open-lightbox=\"yes\" data-elementor-lightbox-title=\"vente-tapis-rue-des-consuls-3-large-1\" data-e-action-hash=\"#elementor-action%3Aaction%3Dlightbox%26settings%3DeyJpZCI6MjQ5NywidXJsIjoiaHR0cHM6XC9cL3JhYmF0LW1hcm9jLm5ldFwvcmFiYXQtbWFyb2MtVjJcL3dwLWNvbnRlbnRcL3VwbG9hZHNcLzIwMjRcLzEwXC92ZW50ZS10YXBpcy1ydWUtZGVzLWNvbnN1bHMtMy1sYXJnZS0xLTEuanBnIn0%3D\">\n\t\t\t\t\t\t\t<img loading=\"lazy\" decoding=\"async\" width=\"300\" height=\"400\" src=\"https:\/\/rabat-maroc.net\/rabat-maroc-V2\/wp-content\/uploads\/2024\/10\/vente-tapis-rue-des-consuls-3-large-1-1.jpg\" class=\"attachment-full size-full wp-image-2497\" alt=\"\" srcset=\"https:\/\/rabat-maroc.net\/rabat-maroc-V2\/wp-content\/uploads\/2024\/10\/vente-tapis-rue-des-consuls-3-large-1-1.jpg 300w, https:\/\/rabat-maroc.net\/rabat-maroc-V2\/wp-content\/uploads\/2024\/10\/vente-tapis-rue-des-consuls-3-large-1-1-225x300.jpg 225w\" sizes=\"(max-width: 300px) 100vw, 300px\" \/>\t\t\t\t\t\t\t\t<\/a>\n\t\t\t\t\t\t\t\t\t\t\t\t\t\t\t<\/div>\n\t\t\t\t<\/div>\n\t\t\t\t\t<\/div>\n\t\t<\/div>\n\t\t\t\t<div class=\"elementor-column elementor-col-50 elementor-top-column elementor-element elementor-element-1f377f6\" data-id=\"1f377f6\" data-element_type=\"column\" data-e-type=\"column\">\n\t\t\t<div class=\"elementor-widget-wrap elementor-element-populated\">\n\t\t\t\t\t\t<div class=\"elementor-element elementor-element-a16f8e5 elementor-widget elementor-widget-text-editor\" data-id=\"a16f8e5\" data-element_type=\"widget\" data-e-type=\"widget\" data-widget_type=\"text-editor.default\">\n\t\t\t\t<div class=\"elementor-widget-container\">\n\t\t\t\t\t\t\t\t\t<p>La c\u00e9l\u00e8bre vo\u00fbte en verre plein cintre soutenue par une arcature de fer datait des ann\u00e9es 20 et a \u00e9t\u00e9 d\u00e9mont\u00e9e. Cette photo est d\u00e9sormais une image d\u2019archive.<\/p>\t\t\t\t\t\t\t\t<\/div>\n\t\t\t\t<\/div>\n\t\t\t\t\t<\/div>\n\t\t<\/div>\n\t\t\t\t\t<\/div>\n\t\t<\/section>\n\t\t\t\t<section class=\"elementor-section elementor-top-section elementor-element elementor-element-b699a0b elementor-section-content-middle elementor-section-boxed elementor-section-height-default elementor-section-height-default elementor-invisible\" data-id=\"b699a0b\" data-element_type=\"section\" data-e-type=\"section\" data-settings=\"{&quot;background_background&quot;:&quot;classic&quot;,&quot;animation&quot;:&quot;bounceInUp&quot;}\">\n\t\t\t\t\t\t\t<div class=\"elementor-background-overlay\"><\/div>\n\t\t\t\t\t\t\t<div class=\"elementor-container elementor-column-gap-no\">\n\t\t\t\t\t<div class=\"elementor-column elementor-col-50 elementor-top-column elementor-element elementor-element-e61c4b4\" data-id=\"e61c4b4\" data-element_type=\"column\" data-e-type=\"column\">\n\t\t\t<div class=\"elementor-widget-wrap elementor-element-populated\">\n\t\t\t\t\t\t<div class=\"elementor-element elementor-element-9a5f539 elementor-widget elementor-widget-image\" data-id=\"9a5f539\" data-element_type=\"widget\" data-e-type=\"widget\" data-widget_type=\"image.default\">\n\t\t\t\t<div class=\"elementor-widget-container\">\n\t\t\t\t\t\t\t\t\t\t\t\t\t\t\t\t<a href=\"https:\/\/rabat-maroc.net\/rabat-maroc-V2\/wp-content\/uploads\/2024\/10\/rabat-consuls-2019-452.jpg\" data-elementor-open-lightbox=\"yes\" data-elementor-lightbox-title=\"rabat-consuls-2019-452\" data-e-action-hash=\"#elementor-action%3Aaction%3Dlightbox%26settings%3DeyJpZCI6MjQ4OCwidXJsIjoiaHR0cHM6XC9cL3JhYmF0LW1hcm9jLm5ldFwvcmFiYXQtbWFyb2MtVjJcL3dwLWNvbnRlbnRcL3VwbG9hZHNcLzIwMjRcLzEwXC9yYWJhdC1jb25zdWxzLTIwMTktNDUyLmpwZyJ9\">\n\t\t\t\t\t\t\t<img loading=\"lazy\" decoding=\"async\" width=\"339\" height=\"452\" src=\"https:\/\/rabat-maroc.net\/rabat-maroc-V2\/wp-content\/uploads\/2024\/10\/rabat-consuls-2019-452.jpg\" class=\"attachment-full size-full wp-image-2488\" alt=\"rabat consuls\" srcset=\"https:\/\/rabat-maroc.net\/rabat-maroc-V2\/wp-content\/uploads\/2024\/10\/rabat-consuls-2019-452.jpg 339w, https:\/\/rabat-maroc.net\/rabat-maroc-V2\/wp-content\/uploads\/2024\/10\/rabat-consuls-2019-452-225x300.jpg 225w\" sizes=\"(max-width: 339px) 100vw, 339px\" \/>\t\t\t\t\t\t\t\t<\/a>\n\t\t\t\t\t\t\t\t\t\t\t\t\t\t\t<\/div>\n\t\t\t\t<\/div>\n\t\t\t\t\t<\/div>\n\t\t<\/div>\n\t\t\t\t<div class=\"elementor-column elementor-col-50 elementor-top-column elementor-element elementor-element-38de3a8\" data-id=\"38de3a8\" data-element_type=\"column\" data-e-type=\"column\">\n\t\t\t<div class=\"elementor-widget-wrap elementor-element-populated\">\n\t\t\t\t\t\t<div class=\"elementor-element elementor-element-41ad27c elementor-widget elementor-widget-text-editor\" data-id=\"41ad27c\" data-element_type=\"widget\" data-e-type=\"widget\" data-widget_type=\"text-editor.default\">\n\t\t\t\t<div class=\"elementor-widget-container\">\n\t\t\t\t\t\t\t\t\t<p>La rue des Consuls, la plus embl\u00e9matique et la plus touristique, sera la derni\u00e8re grande art\u00e8re de la m\u00e9dina a \u00eatre r\u00e9nov\u00e9e.<\/p>\t\t\t\t\t\t\t\t<\/div>\n\t\t\t\t<\/div>\n\t\t\t\t\t<\/div>\n\t\t<\/div>\n\t\t\t\t\t<\/div>\n\t\t<\/section>\n\t\t<div class=\"elementor-element elementor-element-00ac7be e-flex e-con-boxed e-con e-parent\" data-id=\"00ac7be\" data-element_type=\"container\" data-e-type=\"container\">\n\t\t\t\t\t<div class=\"e-con-inner\">\n\t\t\t\t<div class=\"elementor-element elementor-element-465ad7e elementor-widget-divider--view-line elementor-widget elementor-widget-divider\" data-id=\"465ad7e\" data-element_type=\"widget\" data-e-type=\"widget\" data-widget_type=\"divider.default\">\n\t\t\t\t<div class=\"elementor-widget-container\">\n\t\t\t\t\t\t\t<div class=\"elementor-divider\">\n\t\t\t<span class=\"elementor-divider-separator\">\n\t\t\t\t\t\t<\/span>\n\t\t<\/div>\n\t\t\t\t\t\t<\/div>\n\t\t\t\t<\/div>\n\t\t\t\t\t<\/div>\n\t\t\t\t<\/div>\n\t\t\t\t<section class=\"elementor-section elementor-top-section elementor-element elementor-element-59707bc elementor-section-content-top elementor-section-boxed elementor-section-height-default elementor-section-height-default elementor-invisible\" data-id=\"59707bc\" data-element_type=\"section\" data-e-type=\"section\" data-settings=\"{&quot;background_background&quot;:&quot;classic&quot;,&quot;animation&quot;:&quot;bounceInUp&quot;}\">\n\t\t\t\t\t\t\t<div class=\"elementor-background-overlay\"><\/div>\n\t\t\t\t\t\t\t<div class=\"elementor-container elementor-column-gap-wide\">\n\t\t\t\t\t<div class=\"elementor-column elementor-col-25 elementor-top-column elementor-element elementor-element-3c20bd5\" data-id=\"3c20bd5\" data-element_type=\"column\" data-e-type=\"column\">\n\t\t\t<div class=\"elementor-widget-wrap elementor-element-populated\">\n\t\t\t\t\t\t<div class=\"elementor-element elementor-element-e15c990 elementor-widget elementor-widget-image\" data-id=\"e15c990\" data-element_type=\"widget\" data-e-type=\"widget\" data-widget_type=\"image.default\">\n\t\t\t\t<div class=\"elementor-widget-container\">\n\t\t\t\t\t\t\t\t\t\t\t\t\t\t\t\t<a href=\"https:\/\/rabat-maroc.net\/rabat-maroc-V2\/wp-content\/uploads\/2024\/10\/fontaine-rue-des-consuls-large-1.jpg\" data-elementor-open-lightbox=\"yes\" data-elementor-lightbox-title=\"fontaine-rue-des-consuls-large-1\" data-e-action-hash=\"#elementor-action%3Aaction%3Dlightbox%26settings%3DeyJpZCI6MjQ3MiwidXJsIjoiaHR0cHM6XC9cL3JhYmF0LW1hcm9jLm5ldFwvcmFiYXQtbWFyb2MtVjJcL3dwLWNvbnRlbnRcL3VwbG9hZHNcLzIwMjRcLzEwXC9mb250YWluZS1ydWUtZGVzLWNvbnN1bHMtbGFyZ2UtMS5qcGcifQ%3D%3D\">\n\t\t\t\t\t\t\t<img loading=\"lazy\" decoding=\"async\" width=\"300\" height=\"200\" src=\"https:\/\/rabat-maroc.net\/rabat-maroc-V2\/wp-content\/uploads\/2024\/10\/fontaine-rue-des-consuls-large-1.jpg\" class=\"attachment-full size-full wp-image-2472\" alt=\"fontaine rue des consuls large\" \/>\t\t\t\t\t\t\t\t<\/a>\n\t\t\t\t\t\t\t\t\t\t\t\t\t\t\t<\/div>\n\t\t\t\t<\/div>\n\t\t\t\t\t<\/div>\n\t\t<\/div>\n\t\t\t\t<div class=\"elementor-column elementor-col-25 elementor-top-column elementor-element elementor-element-38d2adc\" data-id=\"38d2adc\" data-element_type=\"column\" data-e-type=\"column\">\n\t\t\t<div class=\"elementor-widget-wrap elementor-element-populated\">\n\t\t\t\t\t\t<div class=\"elementor-element elementor-element-5855c50 elementor-widget elementor-widget-image\" data-id=\"5855c50\" data-element_type=\"widget\" data-e-type=\"widget\" data-widget_type=\"image.default\">\n\t\t\t\t<div class=\"elementor-widget-container\">\n\t\t\t\t\t\t\t\t\t\t\t\t\t\t\t\t<a href=\"https:\/\/rabat-maroc.net\/rabat-maroc-V2\/wp-content\/uploads\/2024\/10\/souflets-large-1-1.jpg\" data-elementor-open-lightbox=\"yes\" data-elementor-lightbox-title=\"souflets-large-1\" data-e-action-hash=\"#elementor-action%3Aaction%3Dlightbox%26settings%3DeyJpZCI6MjQ5NCwidXJsIjoiaHR0cHM6XC9cL3JhYmF0LW1hcm9jLm5ldFwvcmFiYXQtbWFyb2MtVjJcL3dwLWNvbnRlbnRcL3VwbG9hZHNcLzIwMjRcLzEwXC9zb3VmbGV0cy1sYXJnZS0xLTEuanBnIn0%3D\">\n\t\t\t\t\t\t\t<img loading=\"lazy\" decoding=\"async\" width=\"250\" height=\"167\" src=\"https:\/\/rabat-maroc.net\/rabat-maroc-V2\/wp-content\/uploads\/2024\/10\/souflets-large-1-1.jpg\" class=\"attachment-full size-full wp-image-2494\" alt=\"souflers large\" \/>\t\t\t\t\t\t\t\t<\/a>\n\t\t\t\t\t\t\t\t\t\t\t\t\t\t\t<\/div>\n\t\t\t\t<\/div>\n\t\t\t\t\t<\/div>\n\t\t<\/div>\n\t\t\t\t<div class=\"elementor-column elementor-col-25 elementor-top-column elementor-element elementor-element-deb6fd7\" data-id=\"deb6fd7\" data-element_type=\"column\" data-e-type=\"column\">\n\t\t\t<div class=\"elementor-widget-wrap elementor-element-populated\">\n\t\t\t\t\t\t<div class=\"elementor-element elementor-element-8120120 elementor-widget elementor-widget-image\" data-id=\"8120120\" data-element_type=\"widget\" data-e-type=\"widget\" data-widget_type=\"image.default\">\n\t\t\t\t<div class=\"elementor-widget-container\">\n\t\t\t\t\t\t\t\t\t\t\t\t\t\t\t\t<a href=\"https:\/\/rabat-maroc.net\/rabat-maroc-V2\/wp-content\/uploads\/2024\/10\/rue_sebbaghine-large-1.jpg\" data-elementor-open-lightbox=\"yes\" data-elementor-lightbox-title=\"rue_sebbaghine-large-1\" data-e-action-hash=\"#elementor-action%3Aaction%3Dlightbox%26settings%3DeyJpZCI6MjQ4OSwidXJsIjoiaHR0cHM6XC9cL3JhYmF0LW1hcm9jLm5ldFwvcmFiYXQtbWFyb2MtVjJcL3dwLWNvbnRlbnRcL3VwbG9hZHNcLzIwMjRcLzEwXC9ydWVfc2ViYmFnaGluZS1sYXJnZS0xLmpwZyJ9\">\n\t\t\t\t\t\t\t<img loading=\"lazy\" decoding=\"async\" width=\"250\" height=\"167\" src=\"https:\/\/rabat-maroc.net\/rabat-maroc-V2\/wp-content\/uploads\/2024\/10\/rue_sebbaghine-large-1.jpg\" class=\"attachment-full size-full wp-image-2489\" alt=\"\" \/>\t\t\t\t\t\t\t\t<\/a>\n\t\t\t\t\t\t\t\t\t\t\t\t\t\t\t<\/div>\n\t\t\t\t<\/div>\n\t\t\t\t\t<\/div>\n\t\t<\/div>\n\t\t\t\t<div class=\"elementor-column elementor-col-25 elementor-top-column elementor-element elementor-element-410b683\" data-id=\"410b683\" data-element_type=\"column\" data-e-type=\"column\">\n\t\t\t<div class=\"elementor-widget-wrap elementor-element-populated\">\n\t\t\t\t\t\t<div class=\"elementor-element elementor-element-7fd3fb7 elementor-widget elementor-widget-image\" data-id=\"7fd3fb7\" data-element_type=\"widget\" data-e-type=\"widget\" data-widget_type=\"image.default\">\n\t\t\t\t<div class=\"elementor-widget-container\">\n\t\t\t\t\t\t\t\t\t\t\t\t\t\t\t\t<a href=\"https:\/\/rabat-maroc.net\/rabat-maroc-V2\/wp-content\/uploads\/2024\/10\/bab_el_bhar-large-1.jpg\" data-elementor-open-lightbox=\"yes\" data-elementor-lightbox-title=\"bab_el_bhar-large-1\" data-e-action-hash=\"#elementor-action%3Aaction%3Dlightbox%26settings%3DeyJpZCI6MjQ2NywidXJsIjoiaHR0cHM6XC9cL3JhYmF0LW1hcm9jLm5ldFwvcmFiYXQtbWFyb2MtVjJcL3dwLWNvbnRlbnRcL3VwbG9hZHNcLzIwMjRcLzEwXC9iYWJfZWxfYmhhci1sYXJnZS0xLmpwZyJ9\">\n\t\t\t\t\t\t\t<img loading=\"lazy\" decoding=\"async\" width=\"250\" height=\"166\" src=\"https:\/\/rabat-maroc.net\/rabat-maroc-V2\/wp-content\/uploads\/2024\/10\/bab_el_bhar-large-1.jpg\" class=\"attachment-full size-full wp-image-2467\" alt=\"\" \/>\t\t\t\t\t\t\t\t<\/a>\n\t\t\t\t\t\t\t\t\t\t\t\t\t\t\t<\/div>\n\t\t\t\t<\/div>\n\t\t\t\t\t<\/div>\n\t\t<\/div>\n\t\t\t\t\t<\/div>\n\t\t<\/section>\n\t\t<div class=\"elementor-element elementor-element-7342e3e e-flex e-con-boxed e-con e-parent\" data-id=\"7342e3e\" data-element_type=\"container\" data-e-type=\"container\">\n\t\t\t\t\t<div class=\"e-con-inner\">\n\t\t\t\t<div class=\"elementor-element elementor-element-764d1c9 elementor-widget-divider--view-line elementor-widget elementor-widget-divider\" data-id=\"764d1c9\" data-element_type=\"widget\" data-e-type=\"widget\" data-widget_type=\"divider.default\">\n\t\t\t\t<div class=\"elementor-widget-container\">\n\t\t\t\t\t\t\t<div class=\"elementor-divider\">\n\t\t\t<span class=\"elementor-divider-separator\">\n\t\t\t\t\t\t<\/span>\n\t\t<\/div>\n\t\t\t\t\t\t<\/div>\n\t\t\t\t<\/div>\n\t\t\t\t\t<\/div>\n\t\t\t\t<\/div>\n\t\t\t\t<section class=\"elementor-section elementor-top-section elementor-element elementor-element-cf8f67c elementor-section-content-top elementor-section-boxed elementor-section-height-default elementor-section-height-default elementor-invisible\" data-id=\"cf8f67c\" data-element_type=\"section\" data-e-type=\"section\" data-settings=\"{&quot;background_background&quot;:&quot;classic&quot;,&quot;animation&quot;:&quot;bounceInUp&quot;}\">\n\t\t\t\t\t\t\t<div class=\"elementor-background-overlay\"><\/div>\n\t\t\t\t\t\t\t<div class=\"elementor-container elementor-column-gap-no\">\n\t\t\t\t\t<div class=\"elementor-column elementor-col-100 elementor-top-column elementor-element elementor-element-6882748\" data-id=\"6882748\" data-element_type=\"column\" data-e-type=\"column\">\n\t\t\t<div class=\"elementor-widget-wrap elementor-element-populated\">\n\t\t\t\t\t\t<div class=\"elementor-element elementor-element-9a68307 elementor-widget elementor-widget-heading\" data-id=\"9a68307\" data-element_type=\"widget\" data-e-type=\"widget\" data-widget_type=\"heading.default\">\n\t\t\t\t<div class=\"elementor-widget-container\">\n\t\t\t\t\t<h2 class=\"elementor-heading-title elementor-size-default\">Bab El Bahr et la rue Sebbaghine<\/h2>\t\t\t\t<\/div>\n\t\t\t\t<\/div>\n\t\t\t\t<div class=\"elementor-element elementor-element-d78a844 elementor-widget elementor-widget-text-editor\" data-id=\"d78a844\" data-element_type=\"widget\" data-e-type=\"widget\" data-settings=\"{&quot;_animation&quot;:&quot;none&quot;}\" data-widget_type=\"text-editor.default\">\n\t\t\t\t<div class=\"elementor-widget-container\">\n\t\t\t\t\t\t\t\t\t<p>En prolongeant la rue des Consuls par la rue\u00a0<strong>Oukassa,<\/strong>\u00a0vous vous trouverez dans l\u2019ancien quartier juif du<strong><a href=\"https:\/\/www.rabat-maroc.net\/medina-mellah\/\">\u00a0Mellah<\/a><\/strong>, \u00e0 la pointe de la m\u00e9dina, o\u00f9 vivaient autrefois plusieurs milliers de juifs. Ils ont d\u00e9sormais pratiquement tous quitt\u00e9 ce quartier et la plupart sont partis vers Israel, apr\u00e8s la fondation de l\u2019Etat H\u00e9breu dans les ann\u00e9es 1950.<\/p><p>Sur votre gauche en venant des\u00a0<a href=\"https:\/\/www.rabat-maroc.net\/oudayas\/\"><strong>Oudaya<\/strong><\/a>, vous pourrez aussi emprunter la rue\u00a0<strong>Sebbaghine<\/strong>\u00a0ou rue des teinturiers et par une des plus anciennes portes de la m\u00e9dina,\u00a0<strong>Bab el Bahr,<\/strong>\u00a0la \u201cporte de la mer\u201d, vous donnerez sur l\u2019ancien port de Rabat, mais une avenue qui longe le\u00a0<strong><a href=\"https:\/\/www.rabat-maroc.net\/bouregreg\/\">Bouregreg<\/a><\/strong>\u00a0a remplac\u00e9 le port. C\u2019est par cette porte que les \u00e9trangers venant de l\u2019ext\u00e9rieur, de F\u00e8s ou de Marrakech, d\u00e9barquaient directement depuis le fleuve.<\/p>\t\t\t\t\t\t\t\t<\/div>\n\t\t\t\t<\/div>\n\t\t\t\t\t<\/div>\n\t\t<\/div>\n\t\t\t\t\t<\/div>\n\t\t<\/section>\n\t\t<div class=\"elementor-element elementor-element-3bcd287 e-flex e-con-boxed e-con e-parent\" data-id=\"3bcd287\" data-element_type=\"container\" data-e-type=\"container\">\n\t\t\t\t\t<div class=\"e-con-inner\">\n\t\t\t\t<div class=\"elementor-element elementor-element-c925be1 elementor-widget-divider--view-line elementor-widget elementor-widget-divider\" data-id=\"c925be1\" data-element_type=\"widget\" data-e-type=\"widget\" data-widget_type=\"divider.default\">\n\t\t\t\t<div class=\"elementor-widget-container\">\n\t\t\t\t\t\t\t<div class=\"elementor-divider\">\n\t\t\t<span class=\"elementor-divider-separator\">\n\t\t\t\t\t\t<\/span>\n\t\t<\/div>\n\t\t\t\t\t\t<\/div>\n\t\t\t\t<\/div>\n\t\t\t\t\t<\/div>\n\t\t\t\t<\/div>\n\t\t\t\t<section class=\"elementor-section elementor-top-section elementor-element elementor-element-fb674c5 elementor-section-content-middle elementor-section-boxed elementor-section-height-default elementor-section-height-default elementor-invisible\" data-id=\"fb674c5\" data-element_type=\"section\" data-e-type=\"section\" data-settings=\"{&quot;background_background&quot;:&quot;classic&quot;,&quot;animation&quot;:&quot;bounceInUp&quot;}\">\n\t\t\t\t\t\t\t<div class=\"elementor-background-overlay\"><\/div>\n\t\t\t\t\t\t\t<div class=\"elementor-container elementor-column-gap-no\">\n\t\t\t\t\t<div class=\"elementor-column elementor-col-50 elementor-top-column elementor-element elementor-element-f0331d9\" data-id=\"f0331d9\" data-element_type=\"column\" data-e-type=\"column\">\n\t\t\t<div class=\"elementor-widget-wrap elementor-element-populated\">\n\t\t\t\t\t\t<div class=\"elementor-element elementor-element-b745ef7 elementor-widget elementor-widget-image\" data-id=\"b745ef7\" data-element_type=\"widget\" data-e-type=\"widget\" data-widget_type=\"image.default\">\n\t\t\t\t<div class=\"elementor-widget-container\">\n\t\t\t\t\t\t\t\t\t\t\t\t\t\t\t\t<a href=\"https:\/\/rabat-maroc.net\/rabat-maroc-V2\/wp-content\/uploads\/2024\/10\/jemaa-moulay-mekki-sidi-fatah-2019.jpg\" data-elementor-open-lightbox=\"yes\" data-elementor-lightbox-title=\"jemaa-moulay-mekki-sidi-fatah-2019\" data-e-action-hash=\"#elementor-action%3Aaction%3Dlightbox%26settings%3DeyJpZCI6MjQ3NiwidXJsIjoiaHR0cHM6XC9cL3JhYmF0LW1hcm9jLm5ldFwvcmFiYXQtbWFyb2MtVjJcL3dwLWNvbnRlbnRcL3VwbG9hZHNcLzIwMjRcLzEwXC9qZW1hYS1tb3VsYXktbWVra2ktc2lkaS1mYXRhaC0yMDE5LmpwZyJ9\">\n\t\t\t\t\t\t\t<img loading=\"lazy\" decoding=\"async\" width=\"400\" height=\"600\" src=\"https:\/\/rabat-maroc.net\/rabat-maroc-V2\/wp-content\/uploads\/2024\/10\/jemaa-moulay-mekki-sidi-fatah-2019.jpg\" class=\"attachment-full size-full wp-image-2476\" alt=\"\" srcset=\"https:\/\/rabat-maroc.net\/rabat-maroc-V2\/wp-content\/uploads\/2024\/10\/jemaa-moulay-mekki-sidi-fatah-2019.jpg 400w, https:\/\/rabat-maroc.net\/rabat-maroc-V2\/wp-content\/uploads\/2024\/10\/jemaa-moulay-mekki-sidi-fatah-2019-200x300.jpg 200w\" sizes=\"(max-width: 400px) 100vw, 400px\" \/>\t\t\t\t\t\t\t\t<\/a>\n\t\t\t\t\t\t\t\t\t\t\t\t\t\t\t<\/div>\n\t\t\t\t<\/div>\n\t\t\t\t\t<\/div>\n\t\t<\/div>\n\t\t\t\t<div class=\"elementor-column elementor-col-50 elementor-top-column elementor-element elementor-element-8c37cb9\" data-id=\"8c37cb9\" data-element_type=\"column\" data-e-type=\"column\">\n\t\t\t<div class=\"elementor-widget-wrap elementor-element-populated\">\n\t\t\t\t\t\t<div class=\"elementor-element elementor-element-4bc4fce elementor-widget elementor-widget-text-editor\" data-id=\"4bc4fce\" data-element_type=\"widget\" data-e-type=\"widget\" data-widget_type=\"text-editor.default\">\n\t\t\t\t<div class=\"elementor-widget-container\">\n\t\t\t\t\t\t\t\t\t<p>La rue Sidi Fatah o\u00f9 se trouve la Jemaa Moulay Mekki est int\u00e9gr\u00e9e au programme de r\u00e9novation de la m\u00e9dina de Rabat.<\/p>\t\t\t\t\t\t\t\t<\/div>\n\t\t\t\t<\/div>\n\t\t\t\t\t<\/div>\n\t\t<\/div>\n\t\t\t\t\t<\/div>\n\t\t<\/section>\n\t\t\t\t<section class=\"elementor-section elementor-top-section elementor-element elementor-element-ec2496f elementor-section-content-top elementor-section-boxed elementor-section-height-default elementor-section-height-default elementor-invisible\" data-id=\"ec2496f\" data-element_type=\"section\" data-e-type=\"section\" data-settings=\"{&quot;background_background&quot;:&quot;classic&quot;,&quot;animation&quot;:&quot;bounceInUp&quot;}\">\n\t\t\t\t\t\t\t<div class=\"elementor-background-overlay\"><\/div>\n\t\t\t\t\t\t\t<div class=\"elementor-container elementor-column-gap-wide\">\n\t\t\t\t\t<div class=\"elementor-column elementor-col-25 elementor-top-column elementor-element elementor-element-d726641\" data-id=\"d726641\" data-element_type=\"column\" data-e-type=\"column\">\n\t\t\t<div class=\"elementor-widget-wrap elementor-element-populated\">\n\t\t\t\t\t\t<div class=\"elementor-element elementor-element-c13611f elementor-widget elementor-widget-image\" data-id=\"c13611f\" data-element_type=\"widget\" data-e-type=\"widget\" data-widget_type=\"image.default\">\n\t\t\t\t<div class=\"elementor-widget-container\">\n\t\t\t\t\t\t\t\t\t\t\t\t\t\t\t\t<a href=\"https:\/\/rabat-maroc.net\/rabat-maroc-V2\/wp-content\/uploads\/2024\/10\/jemaa-moulay-mekki-plafond-2019.jpg\" data-elementor-open-lightbox=\"yes\" data-elementor-lightbox-title=\"jemaa-moulay-mekki-plafond-2019\" data-e-action-hash=\"#elementor-action%3Aaction%3Dlightbox%26settings%3DeyJpZCI6MjQ3NSwidXJsIjoiaHR0cHM6XC9cL3JhYmF0LW1hcm9jLm5ldFwvcmFiYXQtbWFyb2MtVjJcL3dwLWNvbnRlbnRcL3VwbG9hZHNcLzIwMjRcLzEwXC9qZW1hYS1tb3VsYXktbWVra2ktcGxhZm9uZC0yMDE5LmpwZyJ9\">\n\t\t\t\t\t\t\t<img loading=\"lazy\" decoding=\"async\" width=\"400\" height=\"600\" src=\"https:\/\/rabat-maroc.net\/rabat-maroc-V2\/wp-content\/uploads\/2024\/10\/jemaa-moulay-mekki-plafond-2019.jpg\" class=\"attachment-full size-full wp-image-2475\" alt=\"jemaa moulay mekki plafond\" srcset=\"https:\/\/rabat-maroc.net\/rabat-maroc-V2\/wp-content\/uploads\/2024\/10\/jemaa-moulay-mekki-plafond-2019.jpg 400w, https:\/\/rabat-maroc.net\/rabat-maroc-V2\/wp-content\/uploads\/2024\/10\/jemaa-moulay-mekki-plafond-2019-200x300.jpg 200w\" sizes=\"(max-width: 400px) 100vw, 400px\" \/>\t\t\t\t\t\t\t\t<\/a>\n\t\t\t\t\t\t\t\t\t\t\t\t\t\t\t<\/div>\n\t\t\t\t<\/div>\n\t\t\t\t<div class=\"elementor-element elementor-element-6b8d10f elementor-widget elementor-widget-text-editor\" data-id=\"6b8d10f\" data-element_type=\"widget\" data-e-type=\"widget\" data-widget_type=\"text-editor.default\">\n\t\t\t\t<div class=\"elementor-widget-container\">\n\t\t\t\t\t\t\t\t\t<p>Mosqu\u00e9e Moulay Mekki<br \/>et son minaret octogonal caract\u00e9ristique<\/p>\t\t\t\t\t\t\t\t<\/div>\n\t\t\t\t<\/div>\n\t\t\t\t\t<\/div>\n\t\t<\/div>\n\t\t\t\t<div class=\"elementor-column elementor-col-25 elementor-top-column elementor-element elementor-element-c193f4d\" data-id=\"c193f4d\" data-element_type=\"column\" data-e-type=\"column\">\n\t\t\t<div class=\"elementor-widget-wrap elementor-element-populated\">\n\t\t\t\t\t\t<div class=\"elementor-element elementor-element-78cf45a elementor-widget elementor-widget-image\" data-id=\"78cf45a\" data-element_type=\"widget\" data-e-type=\"widget\" data-widget_type=\"image.default\">\n\t\t\t\t<div class=\"elementor-widget-container\">\n\t\t\t\t\t\t\t\t\t\t\t\t\t\t\t\t<a href=\"https:\/\/rabat-maroc.net\/rabat-maroc-V2\/wp-content\/uploads\/2024\/10\/jemaa-moulay-mekki-2019.jpg\" data-elementor-open-lightbox=\"yes\" data-elementor-lightbox-title=\"jemaa-moulay-mekki-2019\" data-e-action-hash=\"#elementor-action%3Aaction%3Dlightbox%26settings%3DeyJpZCI6MjQ3NCwidXJsIjoiaHR0cHM6XC9cL3JhYmF0LW1hcm9jLm5ldFwvcmFiYXQtbWFyb2MtVjJcL3dwLWNvbnRlbnRcL3VwbG9hZHNcLzIwMjRcLzEwXC9qZW1hYS1tb3VsYXktbWVra2ktMjAxOS5qcGcifQ%3D%3D\">\n\t\t\t\t\t\t\t<img loading=\"lazy\" decoding=\"async\" width=\"398\" height=\"600\" src=\"https:\/\/rabat-maroc.net\/rabat-maroc-V2\/wp-content\/uploads\/2024\/10\/jemaa-moulay-mekki-2019.jpg\" class=\"attachment-full size-full wp-image-2474\" alt=\"jemaa moulay mekki\" srcset=\"https:\/\/rabat-maroc.net\/rabat-maroc-V2\/wp-content\/uploads\/2024\/10\/jemaa-moulay-mekki-2019.jpg 398w, https:\/\/rabat-maroc.net\/rabat-maroc-V2\/wp-content\/uploads\/2024\/10\/jemaa-moulay-mekki-2019-199x300.jpg 199w\" sizes=\"(max-width: 398px) 100vw, 398px\" \/>\t\t\t\t\t\t\t\t<\/a>\n\t\t\t\t\t\t\t\t\t\t\t\t\t\t\t<\/div>\n\t\t\t\t<\/div>\n\t\t\t\t<div class=\"elementor-element elementor-element-60f1a1b elementor-widget elementor-widget-text-editor\" data-id=\"60f1a1b\" data-element_type=\"widget\" data-e-type=\"widget\" data-widget_type=\"text-editor.default\">\n\t\t\t\t<div class=\"elementor-widget-container\">\n\t\t\t\t\t\t\t\t\t<p>Plafond peint de l\u2019entr\u00e9e de la mosqu\u00e9e Mekki enti\u00e8rement r\u00e9nov\u00e9e en 2019. Il faut admirer de pr\u00e8s le travail remarquable.<\/p>\t\t\t\t\t\t\t\t<\/div>\n\t\t\t\t<\/div>\n\t\t\t\t\t<\/div>\n\t\t<\/div>\n\t\t\t\t<div class=\"elementor-column elementor-col-25 elementor-top-column elementor-element elementor-element-5e7d608\" data-id=\"5e7d608\" data-element_type=\"column\" data-e-type=\"column\">\n\t\t\t<div class=\"elementor-widget-wrap elementor-element-populated\">\n\t\t\t\t\t\t<div class=\"elementor-element elementor-element-b2032d1 elementor-widget elementor-widget-image\" data-id=\"b2032d1\" data-element_type=\"widget\" data-e-type=\"widget\" data-widget_type=\"image.default\">\n\t\t\t\t<div class=\"elementor-widget-container\">\n\t\t\t\t\t\t\t\t\t\t\t\t\t\t\t\t<a href=\"https:\/\/rabat-maroc.net\/rabat-maroc-V2\/wp-content\/uploads\/2024\/10\/peintre-sur-bois-large-1.jpg\" data-elementor-open-lightbox=\"yes\" data-elementor-lightbox-title=\"peintre-sur-bois-large-1\" data-e-action-hash=\"#elementor-action%3Aaction%3Dlightbox%26settings%3DeyJpZCI6MjQ4NiwidXJsIjoiaHR0cHM6XC9cL3JhYmF0LW1hcm9jLm5ldFwvcmFiYXQtbWFyb2MtVjJcL3dwLWNvbnRlbnRcL3VwbG9hZHNcLzIwMjRcLzEwXC9wZWludHJlLXN1ci1ib2lzLWxhcmdlLTEuanBnIn0%3D\">\n\t\t\t\t\t\t\t<img loading=\"lazy\" decoding=\"async\" width=\"225\" height=\"300\" src=\"https:\/\/rabat-maroc.net\/rabat-maroc-V2\/wp-content\/uploads\/2024\/10\/peintre-sur-bois-large-1.jpg\" class=\"attachment-full size-full wp-image-2486\" alt=\"peintre sur bois large\" \/>\t\t\t\t\t\t\t\t<\/a>\n\t\t\t\t\t\t\t\t\t\t\t\t\t\t\t<\/div>\n\t\t\t\t<\/div>\n\t\t\t\t<div class=\"elementor-element elementor-element-cb50c44 elementor-widget elementor-widget-text-editor\" data-id=\"cb50c44\" data-element_type=\"widget\" data-e-type=\"widget\" data-widget_type=\"text-editor.default\">\n\t\t\t\t<div class=\"elementor-widget-container\">\n\t\t\t\t\t\t\t\t\t<p>Les ateliers d\u2019artisanat sont nombreux dans ce quartier qui longe le boulevard El Alou.<\/p>\t\t\t\t\t\t\t\t<\/div>\n\t\t\t\t<\/div>\n\t\t\t\t\t<\/div>\n\t\t<\/div>\n\t\t\t\t<div class=\"elementor-column elementor-col-25 elementor-top-column elementor-element elementor-element-0ba4b2e\" data-id=\"0ba4b2e\" data-element_type=\"column\" data-e-type=\"column\">\n\t\t\t<div class=\"elementor-widget-wrap elementor-element-populated\">\n\t\t\t\t\t\t<div class=\"elementor-element elementor-element-9dc9ecb elementor-widget elementor-widget-image\" data-id=\"9dc9ecb\" data-element_type=\"widget\" data-e-type=\"widget\" data-widget_type=\"image.default\">\n\t\t\t\t<div class=\"elementor-widget-container\">\n\t\t\t\t\t\t\t\t\t\t\t\t\t\t\t\t<a href=\"https:\/\/rabat-maroc.net\/rabat-maroc-V2\/wp-content\/uploads\/2024\/10\/dar-mrini-1.jpg\" data-elementor-open-lightbox=\"yes\" data-elementor-lightbox-title=\"dar-mrini-1\" data-e-action-hash=\"#elementor-action%3Aaction%3Dlightbox%26settings%3DeyJpZCI6MjQ3MCwidXJsIjoiaHR0cHM6XC9cL3JhYmF0LW1hcm9jLm5ldFwvcmFiYXQtbWFyb2MtVjJcL3dwLWNvbnRlbnRcL3VwbG9hZHNcLzIwMjRcLzEwXC9kYXItbXJpbmktMS5qcGcifQ%3D%3D\">\n\t\t\t\t\t\t\t<img loading=\"lazy\" decoding=\"async\" width=\"165\" height=\"250\" src=\"https:\/\/rabat-maroc.net\/rabat-maroc-V2\/wp-content\/uploads\/2024\/10\/dar-mrini-1.jpg\" class=\"attachment-full size-full wp-image-2470\" alt=\"dar mrini\" \/>\t\t\t\t\t\t\t\t<\/a>\n\t\t\t\t\t\t\t\t\t\t\t\t\t\t\t<\/div>\n\t\t\t\t<\/div>\n\t\t\t\t<div class=\"elementor-element elementor-element-971ce60 elementor-widget elementor-widget-text-editor\" data-id=\"971ce60\" data-element_type=\"widget\" data-e-type=\"widget\" data-widget_type=\"text-editor.default\">\n\t\t\t\t<div class=\"elementor-widget-container\">\n\t\t\t\t\t\t\t\t\t<p>Dar Mrini rue Sekkat Benmekki.<\/p>\t\t\t\t\t\t\t\t<\/div>\n\t\t\t\t<\/div>\n\t\t\t\t\t<\/div>\n\t\t<\/div>\n\t\t\t\t\t<\/div>\n\t\t<\/section>\n\t\t<div class=\"elementor-element elementor-element-e609c16 e-flex e-con-boxed e-con e-parent\" data-id=\"e609c16\" data-element_type=\"container\" data-e-type=\"container\">\n\t\t\t\t\t<div class=\"e-con-inner\">\n\t\t\t\t<div class=\"elementor-element elementor-element-112c652 elementor-widget-divider--view-line elementor-widget elementor-widget-divider\" data-id=\"112c652\" data-element_type=\"widget\" data-e-type=\"widget\" data-widget_type=\"divider.default\">\n\t\t\t\t<div class=\"elementor-widget-container\">\n\t\t\t\t\t\t\t<div class=\"elementor-divider\">\n\t\t\t<span class=\"elementor-divider-separator\">\n\t\t\t\t\t\t<\/span>\n\t\t<\/div>\n\t\t\t\t\t\t<\/div>\n\t\t\t\t<\/div>\n\t\t\t\t\t<\/div>\n\t\t\t\t<\/div>\n\t\t\t\t<section class=\"elementor-section elementor-top-section elementor-element elementor-element-20b1c11 elementor-section-content-top elementor-section-boxed elementor-section-height-default elementor-section-height-default elementor-invisible\" data-id=\"20b1c11\" data-element_type=\"section\" data-e-type=\"section\" data-settings=\"{&quot;background_background&quot;:&quot;classic&quot;,&quot;animation&quot;:&quot;bounceInUp&quot;}\">\n\t\t\t\t\t\t\t<div class=\"elementor-background-overlay\"><\/div>\n\t\t\t\t\t\t\t<div class=\"elementor-container elementor-column-gap-no\">\n\t\t\t\t\t<div class=\"elementor-column elementor-col-100 elementor-top-column elementor-element elementor-element-4c5ab7d\" data-id=\"4c5ab7d\" data-element_type=\"column\" data-e-type=\"column\">\n\t\t\t<div class=\"elementor-widget-wrap elementor-element-populated\">\n\t\t\t\t\t\t<div class=\"elementor-element elementor-element-6b36920 elementor-widget elementor-widget-heading\" data-id=\"6b36920\" data-element_type=\"widget\" data-e-type=\"widget\" data-widget_type=\"heading.default\">\n\t\t\t\t<div class=\"elementor-widget-container\">\n\t\t\t\t\t<h2 class=\"elementor-heading-title elementor-size-default\">rue Sidi Fatah<\/h2>\t\t\t\t<\/div>\n\t\t\t\t<\/div>\n\t\t\t\t<div class=\"elementor-element elementor-element-4cd16cd elementor-widget elementor-widget-text-editor\" data-id=\"4cd16cd\" data-element_type=\"widget\" data-e-type=\"widget\" data-settings=\"{&quot;_animation&quot;:&quot;none&quot;}\" data-widget_type=\"text-editor.default\">\n\t\t\t\t<div class=\"elementor-widget-container\">\n\t\t\t\t\t\t\t\t\t<p><strong>C<\/strong>ette rue part du quartier du\u00a0<strong>march\u00e9 central<\/strong>\u00a0et arrive jusqu\u2019au\u00a0<strong><a href=\"https:\/\/www.rabat-maroc.net\/boulevard-el-alou\/\">boulevard El Alou.<\/a><\/strong>\u00a0Traditionnellement commer\u00e7ante dans sa premi\u00e8re partie o\u00f9 elle accueille magasins de v\u00eatements et kissaria de bijoutiers,des commerces sont propos\u00e9s d\u00e9sormais sur toute sa longueur.\u00a0<\/p><p><strong>L<\/strong>es familles nobles de Rabat y avaient leurs demeures. La rue porte le nom d\u2019un Saint,\u00a0<strong>Sidi Fatah<\/strong>, venu d\u2019<strong>Andalousie<\/strong>\u00a0au XVII \u00e8me si\u00e8cle. Cette rue est celle qui abrite le plus de marabouts et de mosqu\u00e9es, certaines tr\u00e8s discr\u00e8tes qu\u2019on devine \u00e0 peine. La plus c\u00e9l\u00e8bre et sans doute une des plus \u00e9l\u00e9gantes de tout le Maroc est la\u00a0<strong>mosqu\u00e9e Moulay Mekki<\/strong>, avec son\u00a0<strong>minaret octogonal<\/strong>, un des rares ainsi con\u00e7us de tout le Maroc.\u00a0<\/p><p><strong>O<\/strong>n p\u00e9n\u00e8tre dans cette mosqu\u00e9e par un de ces multiples passages couverts qui constituent la particularit\u00e9 de la m\u00e9dina de Rabat. A proximit\u00e9 imm\u00e9diate de la mosqu\u00e9e, se trouve le marabout du Saint Sidi Mohamed Ben Thami el Ouazzanile avec son toit en tuiles caract\u00e9ristique.\u00a0 L\u2019entr\u00e9e de la mosqu\u00e9e Mekki, ici sur la photo de gauche, est remarquable par le travail de sculpture des boiseries et des peintures multicolores de son auvent et de son plafond. Il faut pr\u00e9ciser qu\u2019ici vous \u00eates dans le quartier des \u00e9b\u00e9nistes et des menuisiers.\u00a0<\/p><p><strong>E<\/strong>n remontant vers le boulevard El Alou, vous pourrez admirer quelques unes de leurs oeuvres que les artisans exposent volontiers au public, fiers de pouvoir t\u00e9moigner de leur art ancestral.\u00a0<\/p><p>\u00a0<\/p><p><strong>L<\/strong>a m\u00e9dina de Rabat n\u2019est pas une m\u00e9dina class\u00e9e \u201cmonument historique\u201d dans son ensemble, seules certaines parties comme le mur des andalous l\u2019ont \u00e9t\u00e9. Elle a cependant fait l\u2019objet d\u2019une servitude d\u2019aspect depuis un arr\u00eat\u00e9 viziriel de 1922 qui \u00e9tait cens\u00e9 la conserver dans son environnement. Elle n\u2019est pas non plus le c\u0153ur historique de la ville de Rabat, mais c\u2019est sans nul doute ici que vous y trouverez son \u00e2me, celle d\u2019une ville andalouse qui a fond\u00e9, dans ces quartiers, son unit\u00e9.\u00a0La m\u00e9dina de Rabat est d\u00e9sormais un espace urbain identitaire qui appartient \u00e0 toutes les composantes sociales de la ville et dans lequel chaque Rbati retrouve ses racines.\u00a0<\/p><p><a href=\"https:\/\/www.rabat-maroc.net\/tous-les-plans-de-rabat\/plan-medina-rabat-interactif\/\"><strong>Parcourez la m\u00e9dina en visitant chaque rue gr\u00e2ce au Plan de la m\u00e9dina interactif avec les noms de toutes les rues tels qu\u2019ils figurent sur les plaques de rues.<\/strong><\/a>\u00a0<\/p><p><a href=\"https:\/\/www.rabat-maroc.net\/riads\/\"><strong>Les Riads de la m\u00e9dina de Rabat, visitez quatre Riads magiques de Rabat.<\/strong><\/a><\/p>\t\t\t\t\t\t\t\t<\/div>\n\t\t\t\t<\/div>\n\t\t\t\t\t<\/div>\n\t\t<\/div>\n\t\t\t\t\t<\/div>\n\t\t<\/section>\n\t\t<div class=\"elementor-element elementor-element-96d741c e-flex e-con-boxed e-con e-parent\" data-id=\"96d741c\" data-element_type=\"container\" data-e-type=\"container\">\n\t\t\t\t\t<div class=\"e-con-inner\">\n\t\t\t\t<div class=\"elementor-element elementor-element-2b569c7 elementor-widget-divider--view-line elementor-widget elementor-widget-divider\" data-id=\"2b569c7\" data-element_type=\"widget\" data-e-type=\"widget\" data-widget_type=\"divider.default\">\n\t\t\t\t<div class=\"elementor-widget-container\">\n\t\t\t\t\t\t\t<div class=\"elementor-divider\">\n\t\t\t<span class=\"elementor-divider-separator\">\n\t\t\t\t\t\t<\/span>\n\t\t<\/div>\n\t\t\t\t\t\t<\/div>\n\t\t\t\t<\/div>\n\t\t\t\t\t<\/div>\n\t\t\t\t<\/div>\n\t\t\t\t<\/div>\n\t\t","protected":false},"excerpt":{"rendered":"<p>Rabat de Lyautey \u00e0 Mohammed VI portail de Rabat, tourisme, histoire et culture. Plus d&rsquo;information M\u00e9dina, l\u2019\u00e2me de Rabat Une m\u00e9dina r\u00e9habilit\u00e9e dans la tradition Si vous ne connaissez pas\u00a0Rabat\u00a0et que vous souhaitez visiter sa m\u00e9dina, il faut tout de suite dissiper un malentendu. Ne comptez pas retrouver ici tout ce que vous avez lu, [&hellip;]<\/p>\n","protected":false},"author":1,"featured_media":0,"parent":0,"menu_order":0,"comment_status":"closed","ping_status":"closed","template":"","meta":{"_uag_custom_page_level_css":"","_monsterinsights_skip_tracking":false,"_monsterinsights_sitenote_active":false,"_monsterinsights_sitenote_note":"","_monsterinsights_sitenote_category":0,"_uf_show_specific_survey":0,"_uf_disable_surveys":false,"site-sidebar-layout":"no-sidebar","site-content-layout":"plain-container","ast-site-content-layout":"full-width-container","site-content-style":"unboxed","site-sidebar-style":"unboxed","ast-global-header-display":"","ast-banner-title-visibility":"","ast-main-header-display":"","ast-hfb-above-header-display":"","ast-hfb-below-header-display":"","ast-hfb-mobile-header-display":"","site-post-title":"disabled","ast-breadcrumbs-content":"","ast-featured-img":"","footer-sml-layout":"","theme-transparent-header-meta":"enabled","adv-header-id-meta":"","stick-header-meta":"","header-above-stick-meta":"","header-main-stick-meta":"","header-below-stick-meta":"","astra-migrate-meta-layouts":"set","ast-page-background-enabled":"default","ast-page-background-meta":{"desktop":{"background-color":"","background-image":"","background-repeat":"repeat","background-position":"center center","background-size":"auto","background-attachment":"scroll","background-type":"","background-media":"","overlay-type":"","overlay-color":"","overlay-opacity":"","overlay-gradient":""},"tablet":{"background-color":"","background-image":"","background-repeat":"repeat","background-position":"center center","background-size":"auto","background-attachment":"scroll","background-type":"","background-media":"","overlay-type":"","overlay-color":"","overlay-opacity":"","overlay-gradient":""},"mobile":{"background-color":"","background-image":"","background-repeat":"repeat","background-position":"center center","background-size":"auto","background-attachment":"scroll","background-type":"","background-media":"","overlay-type":"","overlay-color":"","overlay-opacity":"","overlay-gradient":""}},"ast-content-background-meta":{"desktop":{"background-color":"var(--ast-global-color-5)","background-image":"","background-repeat":"repeat","background-position":"center center","background-size":"auto","background-attachment":"scroll","background-type":"","background-media":"","overlay-type":"","overlay-color":"","overlay-opacity":"","overlay-gradient":""},"tablet":{"background-color":"var(--ast-global-color-5)","background-image":"","background-repeat":"repeat","background-position":"center center","background-size":"auto","background-attachment":"scroll","background-type":"","background-media":"","overlay-type":"","overlay-color":"","overlay-opacity":"","overlay-gradient":""},"mobile":{"background-color":"var(--ast-global-color-5)","background-image":"","background-repeat":"repeat","background-position":"center center","background-size":"auto","background-attachment":"scroll","background-type":"","background-media":"","overlay-type":"","overlay-color":"","overlay-opacity":"","overlay-gradient":""}},"footnotes":""},"class_list":["post-2461","page","type-page","status-publish","hentry"],"aioseo_notices":[],"uagb_featured_image_src":{"full":false,"thumbnail":false,"medium":false,"medium_large":false,"large":false,"1536x1536":false,"2048x2048":false},"uagb_author_info":{"display_name":"wmetequkjwqb","author_link":"https:\/\/rabat-maroc.net\/rabat-maroc-V2\/author\/wmetequkjwqb\/"},"uagb_comment_info":0,"uagb_excerpt":"Rabat de Lyautey \u00e0 Mohammed VI portail de Rabat, tourisme, histoire et culture. Plus d&rsquo;information M\u00e9dina, l\u2019\u00e2me de Rabat Une m\u00e9dina r\u00e9habilit\u00e9e dans la tradition Si vous ne connaissez pas\u00a0Rabat\u00a0et que vous souhaitez visiter sa m\u00e9dina, il faut tout de suite dissiper un malentendu. Ne comptez pas retrouver ici tout ce que vous avez lu,\u2026","jetpack_sharing_enabled":true,"_links":{"self":[{"href":"https:\/\/rabat-maroc.net\/rabat-maroc-V2\/wp-json\/wp\/v2\/pages\/2461","targetHints":{"allow":["GET"]}}],"collection":[{"href":"https:\/\/rabat-maroc.net\/rabat-maroc-V2\/wp-json\/wp\/v2\/pages"}],"about":[{"href":"https:\/\/rabat-maroc.net\/rabat-maroc-V2\/wp-json\/wp\/v2\/types\/page"}],"author":[{"embeddable":true,"href":"https:\/\/rabat-maroc.net\/rabat-maroc-V2\/wp-json\/wp\/v2\/users\/1"}],"replies":[{"embeddable":true,"href":"https:\/\/rabat-maroc.net\/rabat-maroc-V2\/wp-json\/wp\/v2\/comments?post=2461"}],"version-history":[{"count":160,"href":"https:\/\/rabat-maroc.net\/rabat-maroc-V2\/wp-json\/wp\/v2\/pages\/2461\/revisions"}],"predecessor-version":[{"id":6356,"href":"https:\/\/rabat-maroc.net\/rabat-maroc-V2\/wp-json\/wp\/v2\/pages\/2461\/revisions\/6356"}],"wp:attachment":[{"href":"https:\/\/rabat-maroc.net\/rabat-maroc-V2\/wp-json\/wp\/v2\/media?parent=2461"}],"curies":[{"name":"wp","href":"https:\/\/api.w.org\/{rel}","templated":true}]}}