{"id":2646,"date":"2024-10-21T10:58:15","date_gmt":"2024-10-21T10:58:15","guid":{"rendered":"https:\/\/rabat-maroc.net\/rabat-maroc-V2\/?page_id=2646"},"modified":"2024-11-04T20:05:27","modified_gmt":"2024-11-04T20:05:27","slug":"tous-les-derbs-de-la-medina","status":"publish","type":"page","link":"https:\/\/rabat-maroc.net\/rabat-maroc-V2\/tous-les-derbs-de-la-medina\/","title":{"rendered":"tous-les-derbs-de-la-medina"},"content":{"rendered":"\t\t<div data-elementor-type=\"wp-page\" data-elementor-id=\"2646\" class=\"elementor elementor-2646\">\n\t\t\t\t\t\t<section class=\"elementor-section elementor-top-section elementor-element elementor-element-wt2f15w elementor-section-boxed elementor-section-height-default elementor-section-height-default\" data-id=\"wt2f15w\" data-element_type=\"section\" data-e-type=\"section\" data-settings=\"{&quot;background_background&quot;:&quot;classic&quot;}\">\n\t\t\t\t\t\t\t<div class=\"elementor-background-overlay\"><\/div>\n\t\t\t\t\t\t\t<div class=\"elementor-container elementor-column-gap-default\">\n\t\t\t\t\t<div class=\"elementor-column elementor-col-100 elementor-top-column elementor-element elementor-element-78af2ff\" data-id=\"78af2ff\" data-element_type=\"column\" data-e-type=\"column\">\n\t\t\t<div class=\"elementor-widget-wrap elementor-element-populated\">\n\t\t\t\t\t\t<div class=\"elementor-element elementor-element-58ba8f4 elementor-widget elementor-widget-heading\" data-id=\"58ba8f4\" data-element_type=\"widget\" data-e-type=\"widget\" data-widget_type=\"heading.default\">\n\t\t\t\t<div class=\"elementor-widget-container\">\n\t\t\t\t\t<h1 class=\"elementor-heading-title elementor-size-default\">Rabat de Lyautey \u00e0 Mohammed VI<\/h1>\t\t\t\t<\/div>\n\t\t\t\t<\/div>\n\t\t\t\t<div class=\"elementor-element elementor-element-97cc7d6 elementor-widget elementor-widget-text-editor\" data-id=\"97cc7d6\" data-element_type=\"widget\" data-e-type=\"widget\" data-widget_type=\"text-editor.default\">\n\t\t\t\t<div class=\"elementor-widget-container\">\n\t\t\t\t\t\t\t\t\t<p>portail de Rabat, tourisme, histoire et culture.<\/p>\t\t\t\t\t\t\t\t<\/div>\n\t\t\t\t<\/div>\n\t\t\t\t<div class=\"elementor-element elementor-element-c4c3581 elementor-align-center elementor-widget elementor-widget-button\" data-id=\"c4c3581\" data-element_type=\"widget\" data-e-type=\"widget\" data-widget_type=\"button.default\">\n\t\t\t\t<div class=\"elementor-widget-container\">\n\t\t\t\t\t\t\t\t\t<div class=\"elementor-button-wrapper\">\n\t\t\t\t\t<a class=\"elementor-button elementor-button-link elementor-size-sm\" href=\"#\">\n\t\t\t\t\t\t<span class=\"elementor-button-content-wrapper\">\n\t\t\t\t\t\t\t\t\t<span class=\"elementor-button-text\">Plus d'information<\/span>\n\t\t\t\t\t<\/span>\n\t\t\t\t\t<\/a>\n\t\t\t\t<\/div>\n\t\t\t\t\t\t\t\t<\/div>\n\t\t\t\t<\/div>\n\t\t\t\t\t<\/div>\n\t\t<\/div>\n\t\t\t\t\t<\/div>\n\t\t<\/section>\n\t\t<div class=\"elementor-element elementor-element-b208350 e-flex e-con-boxed e-con e-parent\" data-id=\"b208350\" data-element_type=\"container\" data-e-type=\"container\">\n\t\t\t\t\t<div class=\"e-con-inner\">\n\t\t\t\t<div class=\"elementor-element elementor-element-bed5d70 elementor-widget-divider--view-line elementor-widget elementor-widget-divider\" data-id=\"bed5d70\" data-element_type=\"widget\" data-e-type=\"widget\" data-widget_type=\"divider.default\">\n\t\t\t\t<div class=\"elementor-widget-container\">\n\t\t\t\t\t\t\t<div class=\"elementor-divider\">\n\t\t\t<span class=\"elementor-divider-separator\">\n\t\t\t\t\t\t<\/span>\n\t\t<\/div>\n\t\t\t\t\t\t<\/div>\n\t\t\t\t<\/div>\n\t\t\t\t\t<\/div>\n\t\t\t\t<\/div>\n\t\t\t\t<section class=\"elementor-section elementor-top-section elementor-element elementor-element-2o21bk3 elementor-section-content-top elementor-section-boxed elementor-section-height-default elementor-section-height-default elementor-invisible\" data-id=\"2o21bk3\" data-element_type=\"section\" data-e-type=\"section\" data-settings=\"{&quot;background_background&quot;:&quot;classic&quot;,&quot;animation&quot;:&quot;rotateIn&quot;}\">\n\t\t\t\t\t\t\t<div class=\"elementor-background-overlay\"><\/div>\n\t\t\t\t\t\t\t<div class=\"elementor-container elementor-column-gap-no\">\n\t\t\t\t\t<div class=\"elementor-column elementor-col-100 elementor-top-column elementor-element elementor-element-5312e3d\" data-id=\"5312e3d\" data-element_type=\"column\" data-e-type=\"column\">\n\t\t\t<div class=\"elementor-widget-wrap elementor-element-populated\">\n\t\t\t\t\t\t<div class=\"elementor-element elementor-element-f8e2218 elementor-widget elementor-widget-heading\" data-id=\"f8e2218\" data-element_type=\"widget\" data-e-type=\"widget\" data-widget_type=\"heading.default\">\n\t\t\t\t<div class=\"elementor-widget-container\">\n\t\t\t\t\t<h2 class=\"elementor-heading-title elementor-size-default\">LES DERBS DE LA MEDINA DE RABAT<\/h2>\t\t\t\t<\/div>\n\t\t\t\t<\/div>\n\t\t\t\t<div class=\"elementor-element elementor-element-14524f7 elementor-widget elementor-widget-text-editor\" data-id=\"14524f7\" data-element_type=\"widget\" data-e-type=\"widget\" data-widget_type=\"text-editor.default\">\n\t\t\t\t<div class=\"elementor-widget-container\">\n\t\t\t\t\t\t\t\t\t<p>Parcourez et d\u00e9couvrez en photos chaque quartier de la m\u00e9dina de Rabat, rue par rue.<\/p>\t\t\t\t\t\t\t\t<\/div>\n\t\t\t\t<\/div>\n\t\t\t\t\t<\/div>\n\t\t<\/div>\n\t\t\t\t\t<\/div>\n\t\t<\/section>\n\t\t<div class=\"elementor-element elementor-element-bb9d257 e-flex e-con-boxed e-con e-parent\" data-id=\"bb9d257\" data-element_type=\"container\" data-e-type=\"container\">\n\t\t\t\t\t<div class=\"e-con-inner\">\n\t\t\t\t<div class=\"elementor-element elementor-element-f9bfda7 elementor-widget-divider--view-line elementor-widget elementor-widget-divider\" data-id=\"f9bfda7\" data-element_type=\"widget\" data-e-type=\"widget\" data-widget_type=\"divider.default\">\n\t\t\t\t<div class=\"elementor-widget-container\">\n\t\t\t\t\t\t\t<div class=\"elementor-divider\">\n\t\t\t<span class=\"elementor-divider-separator\">\n\t\t\t\t\t\t<\/span>\n\t\t<\/div>\n\t\t\t\t\t\t<\/div>\n\t\t\t\t<\/div>\n\t\t\t\t\t<\/div>\n\t\t\t\t<\/div>\n\t\t\t\t<section class=\"elementor-section elementor-top-section elementor-element elementor-element-b75da5d elementor-section-content-top elementor-section-boxed elementor-section-height-default elementor-section-height-default elementor-invisible\" data-id=\"b75da5d\" data-element_type=\"section\" data-e-type=\"section\" data-settings=\"{&quot;background_background&quot;:&quot;classic&quot;,&quot;animation&quot;:&quot;bounceInUp&quot;}\">\n\t\t\t\t\t\t\t<div class=\"elementor-background-overlay\"><\/div>\n\t\t\t\t\t\t\t<div class=\"elementor-container elementor-column-gap-wide\">\n\t\t\t\t\t<div class=\"elementor-column elementor-col-25 elementor-top-column elementor-element elementor-element-70cc630\" data-id=\"70cc630\" data-element_type=\"column\" data-e-type=\"column\">\n\t\t\t<div class=\"elementor-widget-wrap elementor-element-populated\">\n\t\t\t\t\t\t<div class=\"elementor-element elementor-element-fbb8567 elementor-widget elementor-widget-image\" data-id=\"fbb8567\" data-element_type=\"widget\" data-e-type=\"widget\" data-widget_type=\"image.default\">\n\t\t\t\t<div class=\"elementor-widget-container\">\n\t\t\t\t\t\t\t\t\t\t\t\t\t\t\t<img fetchpriority=\"high\" decoding=\"async\" width=\"600\" height=\"420\" src=\"https:\/\/rabat-maroc.net\/rabat-maroc-V2\/wp-content\/uploads\/2024\/10\/folderthumb.jpg\" class=\"attachment-full size-full wp-image-2682\" alt=\"Souika-Souk Sebbate-Fredj-Derb El Fassi\" srcset=\"https:\/\/rabat-maroc.net\/rabat-maroc-V2\/wp-content\/uploads\/2024\/10\/folderthumb.jpg 600w, https:\/\/rabat-maroc.net\/rabat-maroc-V2\/wp-content\/uploads\/2024\/10\/folderthumb-300x210.jpg 300w\" sizes=\"(max-width: 600px) 100vw, 600px\" \/>\t\t\t\t\t\t\t\t\t\t\t\t\t\t\t<\/div>\n\t\t\t\t<\/div>\n\t\t\t\t<div class=\"elementor-element elementor-element-1480f73 elementor-widget elementor-widget-text-editor\" data-id=\"1480f73\" data-element_type=\"widget\" data-e-type=\"widget\" data-widget_type=\"text-editor.default\">\n\t\t\t\t<div class=\"elementor-widget-container\">\n\t\t\t\t\t\t\t\t\t<p><a href=\"#\">Souika-Souk Sebbate-Fredj-Derb El Fassi.<\/a><\/p>\t\t\t\t\t\t\t\t<\/div>\n\t\t\t\t<\/div>\n\t\t\t\t\t<\/div>\n\t\t<\/div>\n\t\t\t\t<div class=\"elementor-column elementor-col-25 elementor-top-column elementor-element elementor-element-74ae4b3\" data-id=\"74ae4b3\" data-element_type=\"column\" data-e-type=\"column\">\n\t\t\t<div class=\"elementor-widget-wrap elementor-element-populated\">\n\t\t\t\t\t\t<div class=\"elementor-element elementor-element-90f19fe elementor-widget elementor-widget-image\" data-id=\"90f19fe\" data-element_type=\"widget\" data-e-type=\"widget\" data-widget_type=\"image.default\">\n\t\t\t\t<div class=\"elementor-widget-container\">\n\t\t\t\t\t\t\t\t\t\t\t\t\t\t\t<img decoding=\"async\" width=\"600\" height=\"399\" src=\"https:\/\/rabat-maroc.net\/rabat-maroc-V2\/wp-content\/uploads\/2024\/10\/folderthumb-autre.jpg\" class=\"attachment-full size-full wp-image-2681\" alt=\"\" srcset=\"https:\/\/rabat-maroc.net\/rabat-maroc-V2\/wp-content\/uploads\/2024\/10\/folderthumb-autre.jpg 600w, https:\/\/rabat-maroc.net\/rabat-maroc-V2\/wp-content\/uploads\/2024\/10\/folderthumb-autre-300x200.jpg 300w\" sizes=\"(max-width: 600px) 100vw, 600px\" \/>\t\t\t\t\t\t\t\t\t\t\t\t\t\t\t<\/div>\n\t\t\t\t<\/div>\n\t\t\t\t<div class=\"elementor-element elementor-element-de1d6c7 elementor-widget elementor-widget-text-editor\" data-id=\"de1d6c7\" data-element_type=\"widget\" data-e-type=\"widget\" data-widget_type=\"text-editor.default\">\n\t\t\t\t<div class=\"elementor-widget-container\">\n\t\t\t\t\t\t\t\t\t<p><a title=\"El Alou-Skaia Bel Mekki-El Daoui\" href=\"https:\/\/rabat-maroc.net\/rabat-maroc-V2\/el-alou-skaia-bel-mekki-el-daoui\/\">El Alou-Skaia Bel Mekki-El Daoui.<\/a><\/p>\t\t\t\t\t\t\t\t<\/div>\n\t\t\t\t<\/div>\n\t\t\t\t\t<\/div>\n\t\t<\/div>\n\t\t\t\t<div class=\"elementor-column elementor-col-25 elementor-top-column elementor-element elementor-element-dc68952\" data-id=\"dc68952\" data-element_type=\"column\" data-e-type=\"column\">\n\t\t\t<div class=\"elementor-widget-wrap elementor-element-populated\">\n\t\t\t\t\t\t<div class=\"elementor-element elementor-element-5f60b6b elementor-widget elementor-widget-image\" data-id=\"5f60b6b\" data-element_type=\"widget\" data-e-type=\"widget\" data-widget_type=\"image.default\">\n\t\t\t\t<div class=\"elementor-widget-container\">\n\t\t\t\t\t\t\t\t\t\t\t\t\t\t\t<img decoding=\"async\" width=\"600\" height=\"420\" src=\"https:\/\/rabat-maroc.net\/rabat-maroc-V2\/wp-content\/uploads\/2024\/10\/folderthumb-1-1.jpg\" class=\"attachment-full size-full wp-image-2679\" alt=\"Consuls-Msimer-El Hout-les fondouks-Zaou\u00efa Tijanya\" srcset=\"https:\/\/rabat-maroc.net\/rabat-maroc-V2\/wp-content\/uploads\/2024\/10\/folderthumb-1-1.jpg 600w, https:\/\/rabat-maroc.net\/rabat-maroc-V2\/wp-content\/uploads\/2024\/10\/folderthumb-1-1-300x210.jpg 300w\" sizes=\"(max-width: 600px) 100vw, 600px\" \/>\t\t\t\t\t\t\t\t\t\t\t\t\t\t\t<\/div>\n\t\t\t\t<\/div>\n\t\t\t\t<div class=\"elementor-element elementor-element-fc6638f elementor-widget elementor-widget-text-editor\" data-id=\"fc6638f\" data-element_type=\"widget\" data-e-type=\"widget\" data-widget_type=\"text-editor.default\">\n\t\t\t\t<div class=\"elementor-widget-container\">\n\t\t\t\t\t\t\t\t\t<p><a title=\"Consuls-Msimer-El Hout-les fondouks-Zaou\u00efa Tijanya.\" href=\"https:\/\/rabat-maroc.net\/rabat-maroc-V2\/consuls-msimer-el-hout-les-fondouks-zaouia-tijanya\/\">Consuls-Msimer-El Hout-les fondouks-Zaou\u00efa Tijanya.<\/a><\/p>\t\t\t\t\t\t\t\t<\/div>\n\t\t\t\t<\/div>\n\t\t\t\t\t<\/div>\n\t\t<\/div>\n\t\t\t\t<div class=\"elementor-column elementor-col-25 elementor-top-column elementor-element elementor-element-ca8b72d\" data-id=\"ca8b72d\" data-element_type=\"column\" data-e-type=\"column\">\n\t\t\t<div class=\"elementor-widget-wrap elementor-element-populated\">\n\t\t\t\t\t\t<div class=\"elementor-element elementor-element-7a4c929 elementor-widget elementor-widget-image\" data-id=\"7a4c929\" data-element_type=\"widget\" data-e-type=\"widget\" data-widget_type=\"image.default\">\n\t\t\t\t<div class=\"elementor-widget-container\">\n\t\t\t\t\t\t\t\t\t\t\t\t\t\t\t<img loading=\"lazy\" decoding=\"async\" width=\"600\" height=\"420\" src=\"https:\/\/rabat-maroc.net\/rabat-maroc-V2\/wp-content\/uploads\/2024\/10\/folderthumb-2-1.jpg\" class=\"attachment-full size-full wp-image-2680\" alt=\"El Gza-Boukroune-Sidi Fatah.\" srcset=\"https:\/\/rabat-maroc.net\/rabat-maroc-V2\/wp-content\/uploads\/2024\/10\/folderthumb-2-1.jpg 600w, https:\/\/rabat-maroc.net\/rabat-maroc-V2\/wp-content\/uploads\/2024\/10\/folderthumb-2-1-300x210.jpg 300w\" sizes=\"(max-width: 600px) 100vw, 600px\" \/>\t\t\t\t\t\t\t\t\t\t\t\t\t\t\t<\/div>\n\t\t\t\t<\/div>\n\t\t\t\t<div class=\"elementor-element elementor-element-0dae897 elementor-widget elementor-widget-text-editor\" data-id=\"0dae897\" data-element_type=\"widget\" data-e-type=\"widget\" data-widget_type=\"text-editor.default\">\n\t\t\t\t<div class=\"elementor-widget-container\">\n\t\t\t\t\t\t\t\t\t<p><a title=\"El Gza-Boukroune-Sidi Fatah.\" href=\"https:\/\/rabat-maroc.net\/rabat-maroc-V2\/el-gza-boukroune-sidi-fatah-2\/\">El Gza-Boukroune-Sidi Fatah.<\/a><\/p>\t\t\t\t\t\t\t\t<\/div>\n\t\t\t\t<\/div>\n\t\t\t\t\t<\/div>\n\t\t<\/div>\n\t\t\t\t\t<\/div>\n\t\t<\/section>\n\t\t\t\t<section class=\"elementor-section elementor-top-section elementor-element elementor-element-b9f6f16 elementor-section-content-middle elementor-section-boxed elementor-section-height-default elementor-section-height-default elementor-invisible\" data-id=\"b9f6f16\" data-element_type=\"section\" data-e-type=\"section\" data-settings=\"{&quot;background_background&quot;:&quot;classic&quot;,&quot;animation&quot;:&quot;bounceInUp&quot;}\">\n\t\t\t\t\t\t\t<div class=\"elementor-background-overlay\"><\/div>\n\t\t\t\t\t\t\t<div class=\"elementor-container elementor-column-gap-no\">\n\t\t\t\t\t<div class=\"elementor-column elementor-col-33 elementor-top-column elementor-element elementor-element-742922c\" data-id=\"742922c\" data-element_type=\"column\" data-e-type=\"column\">\n\t\t\t<div class=\"elementor-widget-wrap elementor-element-populated\">\n\t\t\t\t\t\t<div class=\"elementor-element elementor-element-cc27b60 elementor-widget elementor-widget-image\" data-id=\"cc27b60\" data-element_type=\"widget\" data-e-type=\"widget\" data-widget_type=\"image.default\">\n\t\t\t\t<div class=\"elementor-widget-container\">\n\t\t\t\t\t\t\t\t\t\t\t\t\t\t\t<img loading=\"lazy\" decoding=\"async\" width=\"600\" height=\"400\" src=\"https:\/\/rabat-maroc.net\/rabat-maroc-V2\/wp-content\/uploads\/2024\/10\/folderthumb-1.jpg\" class=\"attachment-full size-full wp-image-2676\" alt=\"\" srcset=\"https:\/\/rabat-maroc.net\/rabat-maroc-V2\/wp-content\/uploads\/2024\/10\/folderthumb-1.jpg 600w, https:\/\/rabat-maroc.net\/rabat-maroc-V2\/wp-content\/uploads\/2024\/10\/folderthumb-1-300x200.jpg 300w\" sizes=\"(max-width: 600px) 100vw, 600px\" \/>\t\t\t\t\t\t\t\t\t\t\t\t\t\t\t<\/div>\n\t\t\t\t<\/div>\n\t\t\t\t<div class=\"elementor-element elementor-element-de9c66c elementor-widget elementor-widget-text-editor\" data-id=\"de9c66c\" data-element_type=\"widget\" data-e-type=\"widget\" data-widget_type=\"text-editor.default\">\n\t\t\t\t<div class=\"elementor-widget-container\">\n\t\t\t\t\t\t\t\t\t<p><a title=\"Bab El Had-Bab Tajine El Gza-Bab Bouiba\" href=\"https:\/\/rabat-maroc.net\/rabat-maroc-V2\/bab-el-had-bab-tajine-el-gza-bab-bouiba\/\">Bab El Had-Bab Tajine El Gza-Bab Bouiba.<\/a><\/p>\t\t\t\t\t\t\t\t<\/div>\n\t\t\t\t<\/div>\n\t\t\t\t\t<\/div>\n\t\t<\/div>\n\t\t\t\t<div class=\"elementor-column elementor-col-33 elementor-top-column elementor-element elementor-element-8b2f913\" data-id=\"8b2f913\" data-element_type=\"column\" data-e-type=\"column\">\n\t\t\t<div class=\"elementor-widget-wrap elementor-element-populated\">\n\t\t\t\t\t\t<div class=\"elementor-element elementor-element-32bb48c elementor-widget elementor-widget-image\" data-id=\"32bb48c\" data-element_type=\"widget\" data-e-type=\"widget\" data-widget_type=\"image.default\">\n\t\t\t\t<div class=\"elementor-widget-container\">\n\t\t\t\t\t\t\t\t\t\t\t\t\t\t\t<img loading=\"lazy\" decoding=\"async\" width=\"600\" height=\"420\" src=\"https:\/\/rabat-maroc.net\/rabat-maroc-V2\/wp-content\/uploads\/2024\/10\/folderthumb-2.jpg\" class=\"attachment-full size-full wp-image-2677\" alt=\"\" srcset=\"https:\/\/rabat-maroc.net\/rabat-maroc-V2\/wp-content\/uploads\/2024\/10\/folderthumb-2.jpg 600w, https:\/\/rabat-maroc.net\/rabat-maroc-V2\/wp-content\/uploads\/2024\/10\/folderthumb-2-300x210.jpg 300w\" sizes=\"(max-width: 600px) 100vw, 600px\" \/>\t\t\t\t\t\t\t\t\t\t\t\t\t\t\t<\/div>\n\t\t\t\t<\/div>\n\t\t\t\t<div class=\"elementor-element elementor-element-7c663f8 elementor-widget elementor-widget-text-editor\" data-id=\"7c663f8\" data-element_type=\"widget\" data-e-type=\"widget\" data-widget_type=\"text-editor.default\">\n\t\t\t\t<div class=\"elementor-widget-container\">\n\t\t\t\t\t\t\t\t\t<p><a title=\"Bab Chellah\" href=\"https:\/\/rabat-maroc.net\/rabat-maroc-V2\/bab-chellah-2\/\">Bab Chellah.<\/a><\/p>\t\t\t\t\t\t\t\t<\/div>\n\t\t\t\t<\/div>\n\t\t\t\t\t<\/div>\n\t\t<\/div>\n\t\t\t\t<div class=\"elementor-column elementor-col-33 elementor-top-column elementor-element elementor-element-997c35a\" data-id=\"997c35a\" data-element_type=\"column\" data-e-type=\"column\">\n\t\t\t<div class=\"elementor-widget-wrap elementor-element-populated\">\n\t\t\t\t\t\t<div class=\"elementor-element elementor-element-950942e elementor-widget elementor-widget-image\" data-id=\"950942e\" data-element_type=\"widget\" data-e-type=\"widget\" data-widget_type=\"image.default\">\n\t\t\t\t<div class=\"elementor-widget-container\">\n\t\t\t\t\t\t\t\t\t\t\t\t\t\t\t<img loading=\"lazy\" decoding=\"async\" width=\"600\" height=\"399\" src=\"https:\/\/rabat-maroc.net\/rabat-maroc-V2\/wp-content\/uploads\/2024\/10\/folderthumb-3.jpg\" class=\"attachment-full size-full wp-image-2678\" alt=\"\" srcset=\"https:\/\/rabat-maroc.net\/rabat-maroc-V2\/wp-content\/uploads\/2024\/10\/folderthumb-3.jpg 600w, https:\/\/rabat-maroc.net\/rabat-maroc-V2\/wp-content\/uploads\/2024\/10\/folderthumb-3-300x200.jpg 300w\" sizes=\"(max-width: 600px) 100vw, 600px\" \/>\t\t\t\t\t\t\t\t\t\t\t\t\t\t\t<\/div>\n\t\t\t\t<\/div>\n\t\t\t\t<div class=\"elementor-element elementor-element-638212d elementor-widget elementor-widget-text-editor\" data-id=\"638212d\" data-element_type=\"widget\" data-e-type=\"widget\" data-widget_type=\"text-editor.default\">\n\t\t\t\t<div class=\"elementor-widget-container\">\n\t\t\t\t\t\t\t\t\t<p><a title=\"Mellah\" href=\"https:\/\/rabat-maroc.net\/rabat-maroc-V2\/mellah\/\">Mellah.<\/a><\/p>\t\t\t\t\t\t\t\t<\/div>\n\t\t\t\t<\/div>\n\t\t\t\t\t<\/div>\n\t\t<\/div>\n\t\t\t\t\t<\/div>\n\t\t<\/section>\n\t\t<div class=\"elementor-element elementor-element-be28280 e-flex e-con-boxed e-con e-parent\" data-id=\"be28280\" data-element_type=\"container\" data-e-type=\"container\">\n\t\t\t\t\t<div class=\"e-con-inner\">\n\t\t\t\t<div class=\"elementor-element elementor-element-1c910ad elementor-widget-divider--view-line elementor-widget elementor-widget-divider\" data-id=\"1c910ad\" data-element_type=\"widget\" data-e-type=\"widget\" data-widget_type=\"divider.default\">\n\t\t\t\t<div class=\"elementor-widget-container\">\n\t\t\t\t\t\t\t<div class=\"elementor-divider\">\n\t\t\t<span class=\"elementor-divider-separator\">\n\t\t\t\t\t\t<\/span>\n\t\t<\/div>\n\t\t\t\t\t\t<\/div>\n\t\t\t\t<\/div>\n\t\t\t\t\t<\/div>\n\t\t\t\t<\/div>\n\t\t\t\t<section class=\"elementor-section elementor-top-section elementor-element elementor-element-3943d4d elementor-section-content-top elementor-section-boxed elementor-section-height-default elementor-section-height-default elementor-invisible\" data-id=\"3943d4d\" data-element_type=\"section\" data-e-type=\"section\" data-settings=\"{&quot;background_background&quot;:&quot;classic&quot;,&quot;animation&quot;:&quot;bounceInUp&quot;}\">\n\t\t\t\t\t\t\t<div class=\"elementor-background-overlay\"><\/div>\n\t\t\t\t\t\t\t<div class=\"elementor-container elementor-column-gap-no\">\n\t\t\t\t\t<div class=\"elementor-column elementor-col-100 elementor-top-column elementor-element elementor-element-43cfe73\" data-id=\"43cfe73\" data-element_type=\"column\" data-e-type=\"column\">\n\t\t\t<div class=\"elementor-widget-wrap elementor-element-populated\">\n\t\t\t\t\t\t<div class=\"elementor-element elementor-element-ff842d0 elementor-widget elementor-widget-heading\" data-id=\"ff842d0\" data-element_type=\"widget\" data-e-type=\"widget\" data-widget_type=\"heading.default\">\n\t\t\t\t<div class=\"elementor-widget-container\">\n\t\t\t\t\t<h2 class=\"elementor-heading-title elementor-size-default\">M\u00e9dina, l'\u00e2me de Rabat<\/h2>\t\t\t\t<\/div>\n\t\t\t\t<\/div>\n\t\t\t\t<div class=\"elementor-element elementor-element-7d70438 elementor-widget elementor-widget-text-editor\" data-id=\"7d70438\" data-element_type=\"widget\" data-e-type=\"widget\" data-widget_type=\"text-editor.default\">\n\t\t\t\t<div class=\"elementor-widget-container\">\n\t\t\t\t\t\t\t\t\t<p><a title=\"medina-lame-de-rabat\" href=\"https:\/\/rabat-maroc.net\/rabat-maroc-V2\/medina-lame-de-rabat\/\">http:\/\/www.rabat-maroc.net\/medina-lame-de-rabat\/<\/a><\/p>\t\t\t\t\t\t\t\t<\/div>\n\t\t\t\t<\/div>\n\t\t\t\t\t<\/div>\n\t\t<\/div>\n\t\t\t\t\t<\/div>\n\t\t<\/section>\n\t\t<div class=\"elementor-element elementor-element-a5c047d e-flex e-con-boxed e-con e-parent\" data-id=\"a5c047d\" data-element_type=\"container\" data-e-type=\"container\">\n\t\t\t\t\t<div class=\"e-con-inner\">\n\t\t\t\t<div class=\"elementor-element elementor-element-eaae099 elementor-widget-divider--view-line elementor-widget elementor-widget-divider\" data-id=\"eaae099\" data-element_type=\"widget\" data-e-type=\"widget\" data-widget_type=\"divider.default\">\n\t\t\t\t<div class=\"elementor-widget-container\">\n\t\t\t\t\t\t\t<div class=\"elementor-divider\">\n\t\t\t<span class=\"elementor-divider-separator\">\n\t\t\t\t\t\t<\/span>\n\t\t<\/div>\n\t\t\t\t\t\t<\/div>\n\t\t\t\t<\/div>\n\t\t\t\t\t<\/div>\n\t\t\t\t<\/div>\n\t\t\t\t<section class=\"elementor-section elementor-top-section elementor-element elementor-element-5535daf elementor-section-content-top elementor-section-boxed elementor-section-height-default elementor-section-height-default elementor-invisible\" data-id=\"5535daf\" data-element_type=\"section\" data-e-type=\"section\" data-settings=\"{&quot;background_background&quot;:&quot;classic&quot;,&quot;animation&quot;:&quot;bounceInUp&quot;}\">\n\t\t\t\t\t\t\t<div class=\"elementor-background-overlay\"><\/div>\n\t\t\t\t\t\t\t<div class=\"elementor-container elementor-column-gap-no\">\n\t\t\t\t\t<div class=\"elementor-column elementor-col-100 elementor-top-column elementor-element elementor-element-dd159b1\" data-id=\"dd159b1\" data-element_type=\"column\" data-e-type=\"column\">\n\t\t\t<div class=\"elementor-widget-wrap elementor-element-populated\">\n\t\t\t\t\t\t<div class=\"elementor-element elementor-element-de9f1ea elementor-widget elementor-widget-heading\" data-id=\"de9f1ea\" data-element_type=\"widget\" data-e-type=\"widget\" data-widget_type=\"heading.default\">\n\t\t\t\t<div class=\"elementor-widget-container\">\n\t\t\t\t\t<h2 class=\"elementor-heading-title elementor-size-default\">Mots cl\u00e9s<\/h2>\t\t\t\t<\/div>\n\t\t\t\t<\/div>\n\t\t\t\t<div class=\"elementor-element elementor-element-1fd9a23 elementor-widget elementor-widget-text-editor\" data-id=\"1fd9a23\" data-element_type=\"widget\" data-e-type=\"widget\" data-widget_type=\"text-editor.default\">\n\t\t\t\t<div class=\"elementor-widget-container\">\n\t\t\t\t\t\t\t\t\t<p><a class=\"tag\">Assouli<\/a><a class=\"tag\">avenue de Chellah<\/a><a class=\"tag\">Avenue Hassan II &#8211; mur des Andalous<\/a><a class=\"tag\">Bab Al Bahr &#8211; av El Marsa<\/a><a class=\"tag\">Bab Al Bahr &#8211; rempart fluvial-2019<\/a><a class=\"tag\">Bab Al Marsa<\/a><a class=\"tag size-1\">Bab Alou\u00a0<sup>3<\/sup><\/a><a class=\"tag\">Bab Alou- mosqu\u00e9e Sidi Fatah<\/a><a class=\"tag size-2\">Bab Bouiba\u00a0<sup>5<\/sup><\/a><a class=\"tag\">Bab Bouiba Souika<\/a><a class=\"tag size-1\">Bab Chellah\u00a0<sup>3<\/sup><\/a><a class=\"tag\">BAB CHELLAH &#8211; SOUIKA &#8211; OUKASSA<\/a><a class=\"tag size-2\">Bab El Had\u00a0<sup>6<\/sup><\/a><a class=\"tag\">Bab El Had Dar Naji<\/a><a class=\"tag\">Bab El Had March\u00e9 central<\/a><a class=\"tag\">BAB EL HAD- BAB BOUIBA &#8211; LALLA OUM KENBACH<\/a><a class=\"tag\">Bab Es souk El Kheddarin<\/a><a class=\"tag\">Bab Mellah<\/a><a class=\"tag\">bab Oudayas<\/a><a class=\"tag size-1\">Bab Tajine\u00a0<sup>3<\/sup><\/a><a class=\"tag\">Bab Teben<\/a><a class=\"tag\">Beghazi<\/a><a class=\"tag size-1\">Bekkah\u00a0<sup>3<\/sup><\/a><a class=\"tag size-1\">Belghazi\u00a0<sup>2<\/sup><\/a><a class=\"tag\">Ben Acher El Jazoul<\/a><a class=\"tag size-1\">Ben Assia\u00a0<sup>2<\/sup><\/a><a class=\"tag size-1\">Ben Assila\u00a0<sup>2<\/sup><\/a><a class=\"tag size-1\">Ben Messaoud\u00a0<sup>2<\/sup><\/a><a class=\"tag\">Benattar<\/a><a class=\"tag\">Bencherki<\/a><a class=\"tag size-2\">Berkouk\u00a0<sup>4<\/sup><\/a><a class=\"tag\">Berkouk-El Behira<\/a><a class=\"tag\">Biyara<\/a><a class=\"tag\">Bonhouj<\/a><a class=\"tag\">Bouhbout<\/a><a class=\"tag size-1\">Bouinous\u00a0<sup>2<\/sup><\/a><a class=\"tag size-4\">Boukroune\u00a0<sup>20<\/sup><\/a><a class=\"tag size-2\">Boulevard El Alou\u00a0<sup>6<\/sup><\/a><a class=\"tag\">Boulevard El Alou &#8211;<\/a><a class=\"tag\">Boulevard El Alou &#8211; marabout Sidi Fatah<\/a><a class=\"tag\">Boulevard El Alou &#8211; Place des Oudayas<\/a><a class=\"tag\">Braham Martilio<\/a><a class=\"tag\">Brahim Martino<\/a><a class=\"tag\">Cabat Bargach<\/a><a class=\"tag size-2\">Cabat Bouhelal\u00a0<sup>4<\/sup><\/a><a class=\"tag size-1\">Cabat Bouhelal- Zou\u00efa Kadiria- El Hout\u00a0<sup>2<\/sup><\/a><a class=\"tag\">Ca\u00efd Bargach<\/a><a class=\"tag\">carrefour el Gza et Faran Kechen<\/a><a class=\"tag\">carrefour rue El Gza et impasse Moreno<\/a><a class=\"tag\">Chaloum Zaoui<\/a><a class=\"tag\">Cheik Daoud<\/a><a class=\"tag\">Cit\u00e9 du t\u00e9l\u00e9graphe<\/a><a class=\"tag size-1\">conseil scientifiques affaires religieuses\u00a0<sup>3<\/sup><\/a><a class=\"tag\">CONSULS &#8211; EL HOUT &#8211; ZAOUIA TIJANYA &#8211; EL BEHIRA<\/a><a class=\"tag\">Consuls-fontaine mosqu\u00e9e Al Wazzarin<\/a><a class=\"tag size-1\">Coursive Sidi Mekhlouf\u00a0<sup>2<\/sup><\/a><a class=\"tag size-2\">David Cohen\u00a0<sup>4<\/sup><\/a><a class=\"tag size-1\">Derb El Fassi\u00a0<sup>3<\/sup><\/a><a class=\"tag size-3\">Derb El Hout\u00a0<sup>10<\/sup><\/a><a class=\"tag size-2\">Derb El Hout &#8211; Rue des Consuls\u00a0<sup>6<\/sup><\/a><a class=\"tag\">Derb El Hout -riad Dar Alia<\/a><a class=\"tag\">El Ahounou &#8211; Riad Dar Yanis<\/a><a class=\"tag\">El Alou<\/a><a class=\"tag size-3\">El Behira\u00a0<sup>11<\/sup><\/a><a class=\"tag size-1\">El Farrane\u00a0<sup>2<\/sup><\/a><a class=\"tag size-3\">El Gza\u00a0<sup>11<\/sup><\/a><a class=\"tag\">EL GZA &#8211; SIDI FATAH-BOUKROUNE &#8211; DERB EL FASSI<\/a><a class=\"tag\">El Gza &#8211; av Mohammed V<\/a><a class=\"tag\">El GZa &#8211; av Mohammed V<\/a><a class=\"tag\">El Gza &#8211; souk semmara<\/a><a class=\"tag\">El Gza \u00e0 l&rsquo;approche du Bd El ALou<\/a><a class=\"tag\">El Gza en 2018<\/a><a class=\"tag\">El Gza- fen\u00eatres de l&rsquo;h\u00f4tel Darna<\/a><a class=\"tag\">El Hassan Dabid<\/a><a class=\"tag size-2\">El Isfi\u00a0<sup>4<\/sup><\/a><a class=\"tag\">El Isfi &#8211; Boukroune<\/a><a class=\"tag size-1\">El Kadiri\u00a0<sup>2<\/sup><\/a><a class=\"tag size-1\">El Kheddarin\u00a0<sup>3<\/sup><\/a><a class=\"tag\">El Kheddarin &#8211; boutique du peintre Yassine<\/a><a class=\"tag\">El Kheddarin &#8211; tableau du peintre Yassine<\/a><a class=\"tag size-1\">El Koubba\u00a0<sup>3<\/sup><\/a><a class=\"tag\">El Laidi<\/a><a class=\"tag size-3\">El Mellah\u00a0<sup>8<\/sup><\/a><a class=\"tag\">El Ouerdighi<\/a><a class=\"tag\">El Raissi<\/a><a class=\"tag size-1\">El Ra\u00efssi\u00a0<sup>2<\/sup><\/a><a class=\"tag size-1\">El Zobidi\u00a0<sup>2<\/sup><\/a><a class=\"tag\">Elbir<\/a><a class=\"tag size-1\">Esplanade des Oudayas\u00a0<sup>2<\/sup><\/a><a class=\"tag\">Esplanade des Oudayas- Antiquaires<\/a><a class=\"tag\">Falaise du Mellah<\/a><a class=\"tag\">Faran El Zitouna<\/a><a class=\"tag\">Faran Lakhdr<\/a><a class=\"tag\">Farane Snaki<\/a><a class=\"tag\">Ferran Sania &#8211; Sidi El Akkari<\/a><a class=\"tag size-2\">Fondouk Ben A\u00efssa\u00a0<sup>6<\/sup><\/a><a class=\"tag\">Fondouk des Tailleurs &#8211; rue des consuls<\/a><a class=\"tag\">Fontaine Al Wazzarin &#8211; rue des Consuls<\/a><a class=\"tag\">Fontaine restaur\u00e9e de la rue El Gza<\/a><a class=\"tag size-2\">Fontaine Ska\u00efa Bel Mekki\u00a0<sup>4<\/sup><\/a><a class=\"tag\">Fort Moulay Rachid<\/a><a class=\"tag\">Fort Moulay Rachid- mus\u00e9e des arts militaires<\/a><a class=\"tag size-3\">Fredj\u00a0<sup>8<\/sup><\/a><a class=\"tag\">Fredj &#8211; Porte Maoune<\/a><a class=\"tag\">Frej-Boukroune<\/a><a class=\"tag size-1\">Ghounam\u00a0<sup>2<\/sup><\/a><a class=\"tag size-2\">Hadi Ahmed\u00a0<sup>5<\/sup><\/a><a class=\"tag\">Hamam Guedira<\/a><a class=\"tag size-1\">Haut de la rue El Gza apr\u00e8s la r\u00e9novation de 2017\u00a0<sup>3<\/sup><\/a><a class=\"tag\">Hornachos<\/a><a class=\"tag\">Hornachos &#8211; Ska\u00efa Bel Mekki<\/a><a class=\"tag\">Impasse Attias<\/a><a class=\"tag\">Impasse Ben Abdellah<\/a><a class=\"tag\">Impasse Benanni<\/a><a class=\"tag\">Impasse Cabat Bargach<\/a><a class=\"tag\">impasse El Ahounou<\/a><a class=\"tag\">Impasse El A\u00efdi<\/a><a class=\"tag\">Impasse Fillal<\/a><a class=\"tag\">Impasse Marcil sur la rue des Consuls<\/a><a class=\"tag size-1\">Impasse Mekka\u00a0<sup>2<\/sup><\/a><a class=\"tag size-1\">Impasse Pirou\u00a0<sup>2<\/sup><\/a><a class=\"tag\">Impasse Roudias<\/a><a class=\"tag\">Impasse Sidi Larbi Ben Sayah<\/a><a class=\"tag size-1\">Impasse Souissi\u00a0<sup>2<\/sup><\/a><a class=\"tag size-1\">Jamaa Attia\u00a0<sup>2<\/sup><\/a><a class=\"tag\">Jamaat Iliou<\/a><a class=\"tag size-2\">Jardins de Bab Chellah\u00a0<sup>5<\/sup><\/a><a class=\"tag size-1\">Jdid\u00a0<sup>2<\/sup><\/a><a class=\"tag\">Jemaa El Kebir<\/a><a class=\"tag size-1\">Jemaa El K\u00e9bir\u00a0<sup>3<\/sup><\/a><a class=\"tag\">Jemaa El Kebir de nuit<\/a><a class=\"tag\">Jemaa Moreno<\/a><a class=\"tag\">Jemaa Moulay Abdellah<\/a><a class=\"tag\">Jirari<\/a><a class=\"tag\">Kharazine\/Moulay Brahim\/El krachlia<\/a><a class=\"tag\">Kharrazine Moulay Brahim El Krachlia<\/a><a class=\"tag\">kisariat Chabab<\/a><a class=\"tag size-3\">Kissaria Mouline\u00a0<sup>8<\/sup><\/a><a class=\"tag\">Kissaria Mouline &#8211; rue des Consuls<\/a><a class=\"tag\">Kobba<\/a><a class=\"tag\">La rue El Mellah r\u00e9nov\u00e9e<\/a><a class=\"tag\">La rue El Mellah r\u00e9nov\u00e9e<\/a><a class=\"tag\">la rue Mellah r\u00e9nov\u00e9e<\/a><a class=\"tag\">Marabout Sidi Bouazza Ben Malek<\/a><a class=\"tag size-3\">march\u00e9 central\u00a0<sup>10<\/sup><\/a><a class=\"tag\">Mazouti<\/a><a class=\"tag\">Mella cit\u00e9 t\u00e9l\u00e9graphe<\/a><a class=\"tag size-1\">Mellah\u00a0<sup>2<\/sup><\/a><a class=\"tag\">MELLAH &#8211; SIDI MEKHLOUF<\/a><a class=\"tag\">Mellah cit\u00e9 t\u00e9l\u00e9graphe r\u00e9nov\u00e9e<\/a><a class=\"tag\">Mosqu\u00e9e Ahl Nakhla<\/a><a class=\"tag\">Mosqu\u00e9e Al Wazzarin<\/a><a class=\"tag size-1\">Mosqu\u00e9e As Shouahada\u00a0<sup>2<\/sup><\/a><a class=\"tag size-1\">Mosqu\u00e9e El Mekki\u00a0<sup>3<\/sup><\/a><a class=\"tag\">mosqu\u00e9e Sidi Al Ghandour<\/a><a class=\"tag\">Mosqu\u00e9e Sidi Al Ghandour<\/a><a class=\"tag size-1\">Mosqu\u00e9e Sidi Fatah\u00a0<sup>2<\/sup><\/a><a class=\"tag\">Mosqu\u00e9e Souika Kouira<\/a><a class=\"tag\">Moulay Abdellah<\/a><a class=\"tag\">Moulay Brahim restaurant Dar Zaki<\/a><a class=\"tag\">Moulay Slimane<\/a><a class=\"tag\">moulay-brahim-zaou\u00efa-Gherbia<\/a><a class=\"tag size-2\">Msimer\u00a0<sup>4<\/sup><\/a><a class=\"tag size-2\">Msimer &#8211; boulanger\u00a0<sup>4<\/sup><\/a><a class=\"tag\">mur des Andalous El Bahia<\/a><a class=\"tag size-1\">Oukassa\u00a0<sup>2<\/sup><\/a><a class=\"tag size-3\">OUKASSA\u00a0<sup>11<\/sup><\/a><a class=\"tag size-1\">Parc Moulay Slimane\u00a0<sup>2<\/sup><\/a><a class=\"tag\">Passage Es\u00e7am Cabat Bouhelal<\/a><a class=\"tag\">Passage Sidi El Maati Joutia<\/a><a class=\"tag\">Passage vers rue Ska\u00efa<\/a><a class=\"tag\">Pirou<\/a><a class=\"tag size-1\">Place des Oudayas\u00a0<sup>2<\/sup><\/a><a class=\"tag\">Place Rabbah<\/a><a class=\"tag\">Place Rabbah\/Sebbaghine<\/a><a class=\"tag\">Plafond Mosqu\u00e9e El Mekki<\/a><a class=\"tag\">plafond mosqu\u00e9e Moulay EL Mekki<\/a><a class=\"tag\">Porte El Maoun El Kheddarin<\/a><a class=\"tag size-2\">Porte Maoun\u00a0<sup>5<\/sup><\/a><a class=\"tag size-1\">Porte Maoune\u00a0<sup>2<\/sup><\/a><a class=\"tag\">Porte Maoune- mosqu\u00e9e Al Snaki<\/a><a class=\"tag size-1\">Rabbah\u00a0<sup>2<\/sup><\/a><a class=\"tag\">Rempart fluvial rue Sebbaghine<\/a><a class=\"tag\">rue des consuls<\/a><a class=\"tag size-2\">Rue des Consuls\u00a0<sup>6<\/sup><\/a><a class=\"tag\">rue des consuls &#8211; Bab Al Marsa<\/a><a class=\"tag\">Rue des Consuls &#8211; Kissaria Mouline<\/a><a class=\"tag size-1\">Rue des Consuls &#8211; Vente de tapis\u00a0<sup>2<\/sup><\/a><a class=\"tag size-2\">Rue des Consuls 2019\u00a0<sup>4<\/sup><\/a><a class=\"tag size-1\">Rue du Mellah\u00a0<sup>3<\/sup><\/a><a class=\"tag\">Rue El Gza\/ Bd El Alou<\/a><a class=\"tag\">rue El Mellah r\u00e9nov\u00e9e<\/a><a class=\"tag\">rue El MEllah r\u00e9nov\u00e9e<\/a><a class=\"tag\">rue el Mellah r\u00e9nov\u00e9e<\/a><a class=\"tag\">rue El Mellah r\u00e9nov\u00e9e<\/a><a class=\"tag size-1\">rue Fredj\u00a0<sup>2<\/sup><\/a><a class=\"tag size-1\">rue Mellah r\u00e9nov\u00e9e\u00a0<sup>2<\/sup><\/a><a class=\"tag size-1\">Sabat El Isfi\u00a0<sup>3<\/sup><\/a><a class=\"tag\">Sahraoui<\/a><a class=\"tag\">Sebbaghine<\/a><a class=\"tag\">Sebbaghine apr\u00e8s r\u00e9novation<\/a><a class=\"tag\">Si Bidaoui<\/a><a class=\"tag\">Sidi Bou Berkat<\/a><a class=\"tag\">Sidi El Akkari<\/a><a class=\"tag size-1\">Sidi El Ghazi\u00a0<sup>2<\/sup><\/a><a class=\"tag\">Sidi El Ghzai- mosqu\u00e9e Lalla Tabernout<\/a><a class=\"tag size-1\">Sidi Fatah\u00a0<sup>2<\/sup><\/a><a class=\"tag\">Sidi Fatah &#8211; mosqu\u00e9e Moulay El Mekki<\/a><a class=\"tag\">Sidi Fatah &#8211; Souika<\/a><a class=\"tag\">Sidi Fatah &#8211; Zaou\u00efa Ghazia<\/a><a class=\"tag\">Sidi Fatah avant r\u00e9novation<\/a><a class=\"tag\">Sidi Fatah fontaine<\/a><a class=\"tag\">Sidi Fatah-mosqu\u00e9e Moulay Mekki<\/a><a class=\"tag\">Sidi Hacham &#8211; Boukroune<\/a><a class=\"tag size-2\">Sidi Med El Daoui\u00a0<sup>6<\/sup><\/a><a class=\"tag size-1\">Sidi Mel El Daoui\u00a0<sup>2<\/sup><\/a><a class=\"tag\">Sidi Tlem\u00e7ani<\/a><a class=\"tag size-3\">Ska\u00efa Bel Mekki\u00a0<sup>11<\/sup><\/a><a class=\"tag size-2\">Ska\u00efa Bel Mekki &#8211; Dar El Mrini\u00a0<sup>7<\/sup><\/a><a class=\"tag\">SKA\u00cfA BEL MEKKI &#8211; EL GZA &#8211; SIDI FATAH &#8211; LOBIRA<\/a><a class=\"tag size-1\">souika\u00a0<sup>3<\/sup><\/a><a class=\"tag size-3\">Souika\u00a0<sup>9<\/sup><\/a><a class=\"tag size-2\">SOUIKA\u00a0<sup>4<\/sup><\/a><a class=\"tag size-3\">Sou\u00efka\u00a0<sup>8<\/sup><\/a><a class=\"tag\">Souika &#8211; mosqu\u00e9e Jemaa El Kebir<\/a><a class=\"tag\">Souika &#8211; mosqu\u00e9e Moulay Slimane<\/a><a class=\"tag\">Souika &#8211; Sidi Bel Abbes fontaine<\/a><a class=\"tag\">Sou\u00efka &#8211; SIdi Fatah<\/a><a class=\"tag\">SOUIKA &#8211; SOUK SEBBATE &#8211; FREDJ-SEBBAGHINE<\/a><a class=\"tag\">Souika avant le passage souk sebbate<\/a><a class=\"tag\">Souika Jemaa El Kebir<\/a><a class=\"tag\">SOUIKA JEMAA MOULAY SLIMANE<\/a><a class=\"tag\">Souika mosqu\u00e9e Jemaa El Kebir<\/a><a class=\"tag size-1\">Souika Mosqu\u00e9e Jemaa El Kebir\u00a0<sup>3<\/sup><\/a><a class=\"tag\">Souika mosqu\u00e9e Kouira<\/a><a class=\"tag size-1\">Souika mosqu\u00e9e Moulay Slimane\u00a0<sup>2<\/sup><\/a><a class=\"tag\">Souika rue souk semmara<\/a><a class=\"tag\">SOUIKA- JEMAA KOUIRA<\/a><a class=\"tag\">Sou\u00efka-Souk Sebbate<\/a><a class=\"tag size-2\">Souissi\u00a0<sup>4<\/sup><\/a><a class=\"tag size-2\">Souk Sebbate\u00a0<sup>4<\/sup><\/a><a class=\"tag\">Souk Sebbate &#8211; avant travaux<\/a><a class=\"tag size-1\">Souk Sebbate avant\u00a0<sup>3<\/sup><\/a><a class=\"tag size-1\">Souk Sebbate avant travaux de r\u00e9novation\u00a0<sup>3<\/sup><\/a><a class=\"tag\">SOUK SEBBATE depuis sa r\u00e9novation<\/a><a class=\"tag\">Souk Sebbate Fontaine Kharazine<\/a><a class=\"tag size-1\">Souk Sebbate- avant travaux\u00a0<sup>3<\/sup><\/a><a class=\"tag\">Souk Sebbate- babouches de Rabat<\/a><a class=\"tag\">station tramway m\u00e9dina Rabat<\/a><a class=\"tag size-1\">Tahat El Hammam\u00a0<sup>2<\/sup><\/a><a class=\"tag\">Tahouna<\/a><a class=\"tag\">zaouia El assani sidi el Daoui<\/a><a class=\"tag size-3\">Zaou\u00efa Gherbia\u00a0<sup>8<\/sup><\/a><a class=\"tag size-2\">Zaou\u00efa Kadiria\u00a0<sup>4<\/sup><\/a><a class=\"tag\">Zaou\u00efa Kadiria &#8211; Berkouk<\/a><a class=\"tag\">Zaou\u00efa Kadiria-Farane Snaki<\/a><a class=\"tag\">zaouia sidi Larbi Ben Sayah<\/a><a class=\"tag size-3\">Zaou\u00efa Tijanya\u00a0<sup>10<\/sup><\/a><a class=\"tag\">zouia kadiria- Farane Saki<\/a><a class=\"tag\">Zou\u00efa Sidi Fatah<\/a><\/p>\t\t\t\t\t\t\t\t<\/div>\n\t\t\t\t<\/div>\n\t\t\t\t\t<\/div>\n\t\t<\/div>\n\t\t\t\t\t<\/div>\n\t\t<\/section>\n\t\t<div class=\"elementor-element elementor-element-064ef16 e-flex e-con-boxed e-con e-parent\" data-id=\"064ef16\" data-element_type=\"container\" data-e-type=\"container\">\n\t\t\t\t\t<div class=\"e-con-inner\">\n\t\t\t\t<div class=\"elementor-element elementor-element-2e817ec elementor-widget-divider--view-line elementor-widget elementor-widget-divider\" data-id=\"2e817ec\" data-element_type=\"widget\" data-e-type=\"widget\" data-widget_type=\"divider.default\">\n\t\t\t\t<div class=\"elementor-widget-container\">\n\t\t\t\t\t\t\t<div class=\"elementor-divider\">\n\t\t\t<span class=\"elementor-divider-separator\">\n\t\t\t\t\t\t<\/span>\n\t\t<\/div>\n\t\t\t\t\t\t<\/div>\n\t\t\t\t<\/div>\n\t\t\t\t\t<\/div>\n\t\t\t\t<\/div>\n\t\t\t\t<\/div>\n\t\t","protected":false},"excerpt":{"rendered":"<p>Rabat de Lyautey \u00e0 Mohammed VI portail de Rabat, tourisme, histoire et culture. Plus d&rsquo;information LES DERBS DE LA MEDINA DE RABAT Parcourez et d\u00e9couvrez en photos chaque quartier de la m\u00e9dina de Rabat, rue par rue. Souika-Souk Sebbate-Fredj-Derb El Fassi. El Alou-Skaia Bel Mekki-El Daoui. Consuls-Msimer-El Hout-les fondouks-Zaou\u00efa Tijanya. El Gza-Boukroune-Sidi Fatah. Bab El [&hellip;]<\/p>\n","protected":false},"author":1,"featured_media":0,"parent":0,"menu_order":0,"comment_status":"closed","ping_status":"closed","template":"","meta":{"_uag_custom_page_level_css":"","_monsterinsights_skip_tracking":false,"_monsterinsights_sitenote_active":false,"_monsterinsights_sitenote_note":"","_monsterinsights_sitenote_category":0,"_uf_show_specific_survey":0,"_uf_disable_surveys":false,"site-sidebar-layout":"no-sidebar","site-content-layout":"plain-container","ast-site-content-layout":"full-width-container","site-content-style":"unboxed","site-sidebar-style":"unboxed","ast-global-header-display":"","ast-banner-title-visibility":"","ast-main-header-display":"","ast-hfb-above-header-display":"","ast-hfb-below-header-display":"","ast-hfb-mobile-header-display":"","site-post-title":"disabled","ast-breadcrumbs-content":"","ast-featured-img":"","footer-sml-layout":"","theme-transparent-header-meta":"enabled","adv-header-id-meta":"","stick-header-meta":"","header-above-stick-meta":"","header-main-stick-meta":"","header-below-stick-meta":"","astra-migrate-meta-layouts":"set","ast-page-background-enabled":"default","ast-page-background-meta":{"desktop":{"background-color":"","background-image":"","background-repeat":"repeat","background-position":"center center","background-size":"auto","background-attachment":"scroll","background-type":"","background-media":"","overlay-type":"","overlay-color":"","overlay-opacity":"","overlay-gradient":""},"tablet":{"background-color":"","background-image":"","background-repeat":"repeat","background-position":"center center","background-size":"auto","background-attachment":"scroll","background-type":"","background-media":"","overlay-type":"","overlay-color":"","overlay-opacity":"","overlay-gradient":""},"mobile":{"background-color":"","background-image":"","background-repeat":"repeat","background-position":"center center","background-size":"auto","background-attachment":"scroll","background-type":"","background-media":"","overlay-type":"","overlay-color":"","overlay-opacity":"","overlay-gradient":""}},"ast-content-background-meta":{"desktop":{"background-color":"var(--ast-global-color-5)","background-image":"","background-repeat":"repeat","background-position":"center center","background-size":"auto","background-attachment":"scroll","background-type":"","background-media":"","overlay-type":"","overlay-color":"","overlay-opacity":"","overlay-gradient":""},"tablet":{"background-color":"var(--ast-global-color-5)","background-image":"","background-repeat":"repeat","background-position":"center center","background-size":"auto","background-attachment":"scroll","background-type":"","background-media":"","overlay-type":"","overlay-color":"","overlay-opacity":"","overlay-gradient":""},"mobile":{"background-color":"var(--ast-global-color-5)","background-image":"","background-repeat":"repeat","background-position":"center center","background-size":"auto","background-attachment":"scroll","background-type":"","background-media":"","overlay-type":"","overlay-color":"","overlay-opacity":"","overlay-gradient":""}},"footnotes":""},"class_list":["post-2646","page","type-page","status-publish","hentry"],"aioseo_notices":[],"uagb_featured_image_src":{"full":false,"thumbnail":false,"medium":false,"medium_large":false,"large":false,"1536x1536":false,"2048x2048":false},"uagb_author_info":{"display_name":"wmetequkjwqb","author_link":"https:\/\/rabat-maroc.net\/rabat-maroc-V2\/author\/wmetequkjwqb\/"},"uagb_comment_info":0,"uagb_excerpt":"Rabat de Lyautey \u00e0 Mohammed VI portail de Rabat, tourisme, histoire et culture. Plus d&rsquo;information LES DERBS DE LA MEDINA DE RABAT Parcourez et d\u00e9couvrez en photos chaque quartier de la m\u00e9dina de Rabat, rue par rue. Souika-Souk Sebbate-Fredj-Derb El Fassi. El Alou-Skaia Bel Mekki-El Daoui. Consuls-Msimer-El Hout-les fondouks-Zaou\u00efa Tijanya. El Gza-Boukroune-Sidi Fatah. Bab El\u2026","jetpack_sharing_enabled":true,"_links":{"self":[{"href":"https:\/\/rabat-maroc.net\/rabat-maroc-V2\/wp-json\/wp\/v2\/pages\/2646","targetHints":{"allow":["GET"]}}],"collection":[{"href":"https:\/\/rabat-maroc.net\/rabat-maroc-V2\/wp-json\/wp\/v2\/pages"}],"about":[{"href":"https:\/\/rabat-maroc.net\/rabat-maroc-V2\/wp-json\/wp\/v2\/types\/page"}],"author":[{"embeddable":true,"href":"https:\/\/rabat-maroc.net\/rabat-maroc-V2\/wp-json\/wp\/v2\/users\/1"}],"replies":[{"embeddable":true,"href":"https:\/\/rabat-maroc.net\/rabat-maroc-V2\/wp-json\/wp\/v2\/comments?post=2646"}],"version-history":[{"count":100,"href":"https:\/\/rabat-maroc.net\/rabat-maroc-V2\/wp-json\/wp\/v2\/pages\/2646\/revisions"}],"predecessor-version":[{"id":6418,"href":"https:\/\/rabat-maroc.net\/rabat-maroc-V2\/wp-json\/wp\/v2\/pages\/2646\/revisions\/6418"}],"wp:attachment":[{"href":"https:\/\/rabat-maroc.net\/rabat-maroc-V2\/wp-json\/wp\/v2\/media?parent=2646"}],"curies":[{"name":"wp","href":"https:\/\/api.w.org\/{rel}","templated":true}]}}