{"id":2920,"date":"2024-10-21T14:30:01","date_gmt":"2024-10-21T14:30:01","guid":{"rendered":"https:\/\/rabat-maroc.net\/rabat-maroc-V2\/?page_id=2920"},"modified":"2024-11-05T10:47:54","modified_gmt":"2024-11-05T10:47:54","slug":"bouregreg","status":"publish","type":"page","link":"https:\/\/rabat-maroc.net\/rabat-maroc-V2\/bouregreg\/","title":{"rendered":"bouregreg"},"content":{"rendered":"\t\t<div data-elementor-type=\"wp-page\" data-elementor-id=\"2920\" class=\"elementor elementor-2920\">\n\t\t\t\t\t\t<section class=\"elementor-section elementor-top-section elementor-element elementor-element-wt2f15w elementor-section-boxed elementor-section-height-default elementor-section-height-default\" data-id=\"wt2f15w\" data-element_type=\"section\" data-e-type=\"section\" data-settings=\"{&quot;background_background&quot;:&quot;classic&quot;}\">\n\t\t\t\t\t\t\t<div class=\"elementor-background-overlay\"><\/div>\n\t\t\t\t\t\t\t<div class=\"elementor-container elementor-column-gap-default\">\n\t\t\t\t\t<div class=\"elementor-column elementor-col-100 elementor-top-column elementor-element elementor-element-78af2ff\" data-id=\"78af2ff\" data-element_type=\"column\" data-e-type=\"column\">\n\t\t\t<div class=\"elementor-widget-wrap elementor-element-populated\">\n\t\t\t\t\t\t<div class=\"elementor-element elementor-element-58ba8f4 elementor-widget elementor-widget-heading\" data-id=\"58ba8f4\" data-element_type=\"widget\" data-e-type=\"widget\" data-widget_type=\"heading.default\">\n\t\t\t\t<div class=\"elementor-widget-container\">\n\t\t\t\t\t<h1 class=\"elementor-heading-title elementor-size-default\">Rabat de Lyautey \u00e0 Mohammed VI<\/h1>\t\t\t\t<\/div>\n\t\t\t\t<\/div>\n\t\t\t\t<div class=\"elementor-element elementor-element-97cc7d6 elementor-widget elementor-widget-text-editor\" data-id=\"97cc7d6\" data-element_type=\"widget\" data-e-type=\"widget\" data-widget_type=\"text-editor.default\">\n\t\t\t\t<div class=\"elementor-widget-container\">\n\t\t\t\t\t\t\t\t\t<p>portail de Rabat, tourisme, histoire et culture.<\/p>\t\t\t\t\t\t\t\t<\/div>\n\t\t\t\t<\/div>\n\t\t\t\t<div class=\"elementor-element elementor-element-c4c3581 elementor-align-center elementor-widget elementor-widget-button\" data-id=\"c4c3581\" data-element_type=\"widget\" data-e-type=\"widget\" data-widget_type=\"button.default\">\n\t\t\t\t<div class=\"elementor-widget-container\">\n\t\t\t\t\t\t\t\t\t<div class=\"elementor-button-wrapper\">\n\t\t\t\t\t<a class=\"elementor-button elementor-button-link elementor-size-sm\" href=\"#\">\n\t\t\t\t\t\t<span class=\"elementor-button-content-wrapper\">\n\t\t\t\t\t\t\t\t\t<span class=\"elementor-button-text\">Plus d'information<\/span>\n\t\t\t\t\t<\/span>\n\t\t\t\t\t<\/a>\n\t\t\t\t<\/div>\n\t\t\t\t\t\t\t\t<\/div>\n\t\t\t\t<\/div>\n\t\t\t\t\t<\/div>\n\t\t<\/div>\n\t\t\t\t\t<\/div>\n\t\t<\/section>\n\t\t<div class=\"elementor-element elementor-element-b208350 e-flex e-con-boxed e-con e-parent\" data-id=\"b208350\" data-element_type=\"container\" data-e-type=\"container\">\n\t\t\t\t\t<div class=\"e-con-inner\">\n\t\t\t\t<div class=\"elementor-element elementor-element-bed5d70 elementor-widget-divider--view-line elementor-widget elementor-widget-divider\" data-id=\"bed5d70\" data-element_type=\"widget\" data-e-type=\"widget\" data-widget_type=\"divider.default\">\n\t\t\t\t<div class=\"elementor-widget-container\">\n\t\t\t\t\t\t\t<div class=\"elementor-divider\">\n\t\t\t<span class=\"elementor-divider-separator\">\n\t\t\t\t\t\t<\/span>\n\t\t<\/div>\n\t\t\t\t\t\t<\/div>\n\t\t\t\t<\/div>\n\t\t\t\t\t<\/div>\n\t\t\t\t<\/div>\n\t\t\t\t<section class=\"elementor-section elementor-top-section elementor-element elementor-element-502c949 elementor-section-content-middle elementor-section-boxed elementor-section-height-default elementor-section-height-default elementor-invisible\" data-id=\"502c949\" data-element_type=\"section\" data-e-type=\"section\" data-settings=\"{&quot;background_background&quot;:&quot;classic&quot;,&quot;animation&quot;:&quot;lightSpeedIn&quot;}\">\n\t\t\t\t\t\t\t<div class=\"elementor-background-overlay\"><\/div>\n\t\t\t\t\t\t\t<div class=\"elementor-container elementor-column-gap-no\">\n\t\t\t\t\t<div class=\"elementor-column elementor-col-100 elementor-top-column elementor-element elementor-element-5f8cea8\" data-id=\"5f8cea8\" data-element_type=\"column\" data-e-type=\"column\">\n\t\t\t<div class=\"elementor-widget-wrap elementor-element-populated\">\n\t\t\t\t\t\t<div class=\"elementor-element elementor-element-66788ad elementor-widget elementor-widget-image\" data-id=\"66788ad\" data-element_type=\"widget\" data-e-type=\"widget\" data-widget_type=\"image.default\">\n\t\t\t\t<div class=\"elementor-widget-container\">\n\t\t\t\t\t\t\t\t\t\t\t\t\t\t\t\t<a href=\"https:\/\/rabat-maroc.net\/rabat-maroc-V2\/wp-content\/uploads\/2024\/10\/bouregreg-20-siecles-dhistoire.jpg\" data-elementor-open-lightbox=\"yes\" data-elementor-lightbox-title=\"bouregreg-20-siecles-dhistoire\" data-e-action-hash=\"#elementor-action%3Aaction%3Dlightbox%26settings%3DeyJpZCI6MjkyOCwidXJsIjoiaHR0cHM6XC9cL3JhYmF0LW1hcm9jLm5ldFwvcmFiYXQtbWFyb2MtVjJcL3dwLWNvbnRlbnRcL3VwbG9hZHNcLzIwMjRcLzEwXC9ib3VyZWdyZWctMjAtc2llY2xlcy1kaGlzdG9pcmUuanBnIn0%3D\">\n\t\t\t\t\t\t\t<img fetchpriority=\"high\" decoding=\"async\" width=\"800\" height=\"383\" src=\"https:\/\/rabat-maroc.net\/rabat-maroc-V2\/wp-content\/uploads\/2024\/10\/bouregreg-20-siecles-dhistoire.jpg\" class=\"attachment-full size-full wp-image-2928\" alt=\"bouregreg 20 siecle dhistoire\" srcset=\"https:\/\/rabat-maroc.net\/rabat-maroc-V2\/wp-content\/uploads\/2024\/10\/bouregreg-20-siecles-dhistoire.jpg 800w, https:\/\/rabat-maroc.net\/rabat-maroc-V2\/wp-content\/uploads\/2024\/10\/bouregreg-20-siecles-dhistoire-300x144.jpg 300w, https:\/\/rabat-maroc.net\/rabat-maroc-V2\/wp-content\/uploads\/2024\/10\/bouregreg-20-siecles-dhistoire-768x368.jpg 768w\" sizes=\"(max-width: 800px) 100vw, 800px\" \/>\t\t\t\t\t\t\t\t<\/a>\n\t\t\t\t\t\t\t\t\t\t\t\t\t\t\t<\/div>\n\t\t\t\t<\/div>\n\t\t\t\t\t<\/div>\n\t\t<\/div>\n\t\t\t\t\t<\/div>\n\t\t<\/section>\n\t\t\t\t<section class=\"elementor-section elementor-top-section elementor-element elementor-element-sy7tpyf elementor-section-content-top elementor-section-boxed elementor-section-height-default elementor-section-height-default elementor-invisible\" data-id=\"sy7tpyf\" data-element_type=\"section\" data-e-type=\"section\" data-settings=\"{&quot;background_background&quot;:&quot;classic&quot;,&quot;animation&quot;:&quot;bounceInUp&quot;}\">\n\t\t\t\t\t\t\t<div class=\"elementor-background-overlay\"><\/div>\n\t\t\t\t\t\t\t<div class=\"elementor-container elementor-column-gap-no\">\n\t\t\t\t\t<div class=\"elementor-column elementor-col-100 elementor-top-column elementor-element elementor-element-5312e3d\" data-id=\"5312e3d\" data-element_type=\"column\" data-e-type=\"column\">\n\t\t\t<div class=\"elementor-widget-wrap elementor-element-populated\">\n\t\t\t\t\t\t<div class=\"elementor-element elementor-element-f8e2218 elementor-widget elementor-widget-heading\" data-id=\"f8e2218\" data-element_type=\"widget\" data-e-type=\"widget\" data-widget_type=\"heading.default\">\n\t\t\t\t<div class=\"elementor-widget-container\">\n\t\t\t\t\t<h2 class=\"elementor-heading-title elementor-size-default\">BOUREGREG, fleuve charg\u00e9 d\u2019histoire<\/h2>\t\t\t\t<\/div>\n\t\t\t\t<\/div>\n\t\t\t\t<div class=\"elementor-element elementor-element-14524f7 elementor-widget elementor-widget-text-editor\" data-id=\"14524f7\" data-element_type=\"widget\" data-e-type=\"widget\" data-widget_type=\"text-editor.default\">\n\t\t\t\t<div class=\"elementor-widget-container\">\n\t\t\t\t\t\t\t\t\t<p><strong>L<\/strong>e Bouregreg en 2004, c\u2019\u00e9tait avant l\u2019am\u00e9nagement de la Vall\u00e9e du Bouregreg\u2026<\/p>\t\t\t\t\t\t\t\t<\/div>\n\t\t\t\t<\/div>\n\t\t\t\t\t<\/div>\n\t\t<\/div>\n\t\t\t\t\t<\/div>\n\t\t<\/section>\n\t\t<div class=\"elementor-element elementor-element-b47e331 e-flex e-con-boxed e-con e-parent\" data-id=\"b47e331\" data-element_type=\"container\" data-e-type=\"container\">\n\t\t\t\t\t<div class=\"e-con-inner\">\n\t\t\t\t<div class=\"elementor-element elementor-element-b569dba elementor-widget-divider--view-line elementor-widget elementor-widget-divider\" data-id=\"b569dba\" data-element_type=\"widget\" data-e-type=\"widget\" data-widget_type=\"divider.default\">\n\t\t\t\t<div class=\"elementor-widget-container\">\n\t\t\t\t\t\t\t<div class=\"elementor-divider\">\n\t\t\t<span class=\"elementor-divider-separator\">\n\t\t\t\t\t\t<\/span>\n\t\t<\/div>\n\t\t\t\t\t\t<\/div>\n\t\t\t\t<\/div>\n\t\t\t\t\t<\/div>\n\t\t\t\t<\/div>\n\t\t\t\t<section class=\"elementor-section elementor-top-section elementor-element elementor-element-9880f1c elementor-section-content-middle elementor-section-boxed elementor-section-height-default elementor-section-height-default elementor-invisible\" data-id=\"9880f1c\" data-element_type=\"section\" data-e-type=\"section\" data-settings=\"{&quot;background_background&quot;:&quot;classic&quot;,&quot;animation&quot;:&quot;bounceInUp&quot;}\">\n\t\t\t\t\t\t\t<div class=\"elementor-background-overlay\"><\/div>\n\t\t\t\t\t\t\t<div class=\"elementor-container elementor-column-gap-no\">\n\t\t\t\t\t<div class=\"elementor-column elementor-col-33 elementor-top-column elementor-element elementor-element-5c08b0e\" data-id=\"5c08b0e\" data-element_type=\"column\" data-e-type=\"column\">\n\t\t\t<div class=\"elementor-widget-wrap elementor-element-populated\">\n\t\t\t\t\t\t<div class=\"elementor-element elementor-element-c3e9f00 elementor-widget elementor-widget-image\" data-id=\"c3e9f00\" data-element_type=\"widget\" data-e-type=\"widget\" data-widget_type=\"image.default\">\n\t\t\t\t<div class=\"elementor-widget-container\">\n\t\t\t\t\t\t\t\t\t\t\t\t\t\t\t\t<a href=\"https:\/\/rabat-maroc.net\/rabat-maroc-V2\/wp-content\/uploads\/2024\/10\/bouregreg_vieil_homme.jpg\" data-elementor-open-lightbox=\"yes\" data-elementor-lightbox-title=\"bouregreg_vieil_homme\" data-e-action-hash=\"#elementor-action%3Aaction%3Dlightbox%26settings%3DeyJpZCI6MjkyNywidXJsIjoiaHR0cHM6XC9cL3JhYmF0LW1hcm9jLm5ldFwvcmFiYXQtbWFyb2MtVjJcL3dwLWNvbnRlbnRcL3VwbG9hZHNcLzIwMjRcLzEwXC9ib3VyZWdyZWdfdmllaWxfaG9tbWUuanBnIn0%3D\">\n\t\t\t\t\t\t\t<img decoding=\"async\" width=\"350\" height=\"263\" src=\"https:\/\/rabat-maroc.net\/rabat-maroc-V2\/wp-content\/uploads\/2024\/10\/bouregreg_vieil_homme.jpg\" class=\"attachment-full size-full wp-image-2927\" alt=\"\" srcset=\"https:\/\/rabat-maroc.net\/rabat-maroc-V2\/wp-content\/uploads\/2024\/10\/bouregreg_vieil_homme.jpg 350w, https:\/\/rabat-maroc.net\/rabat-maroc-V2\/wp-content\/uploads\/2024\/10\/bouregreg_vieil_homme-300x225.jpg 300w\" sizes=\"(max-width: 350px) 100vw, 350px\" \/>\t\t\t\t\t\t\t\t<\/a>\n\t\t\t\t\t\t\t\t\t\t\t\t\t\t\t<\/div>\n\t\t\t\t<\/div>\n\t\t\t\t\t<\/div>\n\t\t<\/div>\n\t\t\t\t<div class=\"elementor-column elementor-col-33 elementor-top-column elementor-element elementor-element-e26db6f\" data-id=\"e26db6f\" data-element_type=\"column\" data-e-type=\"column\">\n\t\t\t<div class=\"elementor-widget-wrap elementor-element-populated\">\n\t\t\t\t\t\t<div class=\"elementor-element elementor-element-f65ec9a elementor-widget elementor-widget-image\" data-id=\"f65ec9a\" data-element_type=\"widget\" data-e-type=\"widget\" data-widget_type=\"image.default\">\n\t\t\t\t<div class=\"elementor-widget-container\">\n\t\t\t\t\t\t\t\t\t\t\t\t\t\t\t\t<a href=\"https:\/\/rabat-maroc.net\/rabat-maroc-V2\/wp-content\/uploads\/2024\/10\/bouregreg_embarquement_bord.jpg\" data-elementor-open-lightbox=\"yes\" data-elementor-lightbox-title=\"bouregreg_embarquement_bord\" data-e-action-hash=\"#elementor-action%3Aaction%3Dlightbox%26settings%3DeyJpZCI6MjkyNiwidXJsIjoiaHR0cHM6XC9cL3JhYmF0LW1hcm9jLm5ldFwvcmFiYXQtbWFyb2MtVjJcL3dwLWNvbnRlbnRcL3VwbG9hZHNcLzIwMjRcLzEwXC9ib3VyZWdyZWdfZW1iYXJxdWVtZW50X2JvcmQuanBnIn0%3D\">\n\t\t\t\t\t\t\t<img decoding=\"async\" width=\"350\" height=\"268\" src=\"https:\/\/rabat-maroc.net\/rabat-maroc-V2\/wp-content\/uploads\/2024\/10\/bouregreg_embarquement_bord.jpg\" class=\"attachment-full size-full wp-image-2926\" alt=\"\" srcset=\"https:\/\/rabat-maroc.net\/rabat-maroc-V2\/wp-content\/uploads\/2024\/10\/bouregreg_embarquement_bord.jpg 350w, https:\/\/rabat-maroc.net\/rabat-maroc-V2\/wp-content\/uploads\/2024\/10\/bouregreg_embarquement_bord-300x230.jpg 300w\" sizes=\"(max-width: 350px) 100vw, 350px\" \/>\t\t\t\t\t\t\t\t<\/a>\n\t\t\t\t\t\t\t\t\t\t\t\t\t\t\t<\/div>\n\t\t\t\t<\/div>\n\t\t\t\t\t<\/div>\n\t\t<\/div>\n\t\t\t\t<div class=\"elementor-column elementor-col-33 elementor-top-column elementor-element elementor-element-180b161\" data-id=\"180b161\" data-element_type=\"column\" data-e-type=\"column\">\n\t\t\t<div class=\"elementor-widget-wrap elementor-element-populated\">\n\t\t\t\t\t\t<div class=\"elementor-element elementor-element-c422105 elementor-widget elementor-widget-image\" data-id=\"c422105\" data-element_type=\"widget\" data-e-type=\"widget\" data-widget_type=\"image.default\">\n\t\t\t\t<div class=\"elementor-widget-container\">\n\t\t\t\t\t\t\t\t\t\t\t\t\t\t\t\t<a href=\"https:\/\/rabat-maroc.net\/rabat-maroc-V2\/wp-content\/uploads\/2024\/10\/sale-arrivee-pecheurs_1.jpg\" data-elementor-open-lightbox=\"yes\" data-elementor-lightbox-title=\"sale-arrivee-pecheurs_1\" data-e-action-hash=\"#elementor-action%3Aaction%3Dlightbox%26settings%3DeyJpZCI6Mjk0MiwidXJsIjoiaHR0cHM6XC9cL3JhYmF0LW1hcm9jLm5ldFwvcmFiYXQtbWFyb2MtVjJcL3dwLWNvbnRlbnRcL3VwbG9hZHNcLzIwMjRcLzEwXC9zYWxlLWFycml2ZWUtcGVjaGV1cnNfMS5qcGcifQ%3D%3D\">\n\t\t\t\t\t\t\t<img loading=\"lazy\" decoding=\"async\" width=\"300\" height=\"225\" src=\"https:\/\/rabat-maroc.net\/rabat-maroc-V2\/wp-content\/uploads\/2024\/10\/sale-arrivee-pecheurs_1.jpg\" class=\"attachment-full size-full wp-image-2942\" alt=\"sale arrivee pecheurs\" \/>\t\t\t\t\t\t\t\t<\/a>\n\t\t\t\t\t\t\t\t\t\t\t\t\t\t\t<\/div>\n\t\t\t\t<\/div>\n\t\t\t\t\t<\/div>\n\t\t<\/div>\n\t\t\t\t\t<\/div>\n\t\t<\/section>\n\t\t\t\t<section class=\"elementor-section elementor-top-section elementor-element elementor-element-2a4aeag elementor-section-content-top elementor-section-boxed elementor-section-height-default elementor-section-height-default elementor-invisible\" data-id=\"2a4aeag\" data-element_type=\"section\" data-e-type=\"section\" data-settings=\"{&quot;background_background&quot;:&quot;classic&quot;,&quot;animation&quot;:&quot;bounceInUp&quot;}\">\n\t\t\t\t\t\t\t<div class=\"elementor-background-overlay\"><\/div>\n\t\t\t\t\t\t\t<div class=\"elementor-container elementor-column-gap-no\">\n\t\t\t\t\t<div class=\"elementor-column elementor-col-100 elementor-top-column elementor-element elementor-element-5312e3d\" data-id=\"5312e3d\" data-element_type=\"column\" data-e-type=\"column\">\n\t\t\t<div class=\"elementor-widget-wrap elementor-element-populated\">\n\t\t\t\t\t\t<div class=\"elementor-element elementor-element-f8e2218 elementor-widget elementor-widget-heading\" data-id=\"f8e2218\" data-element_type=\"widget\" data-e-type=\"widget\" data-widget_type=\"heading.default\">\n\t\t\t\t<div class=\"elementor-widget-container\">\n\t\t\t\t\t<h2 class=\"elementor-heading-title elementor-size-default\">LE BOUREGREG AVANT SA TRANSFORMATION<\/h2>\t\t\t\t<\/div>\n\t\t\t\t<\/div>\n\t\t\t\t<div class=\"elementor-element elementor-element-14524f7 elementor-widget elementor-widget-text-editor\" data-id=\"14524f7\" data-element_type=\"widget\" data-e-type=\"widget\" data-widget_type=\"text-editor.default\">\n\t\t\t\t<div class=\"elementor-widget-container\">\n\t\t\t\t\t\t\t\t\t<p><strong>C<\/strong>&lsquo;est \u00e0 l\u2019oued Bouregreg que Rabat et Sal\u00e9 doivent leur naissance, il y a plus de vingt si\u00e8cles. Jeune et imp\u00e9tueux, vif et sain, le Bouregreg \u00e9tait devenu sale et lent. La faute \u00e0 la pollution d\u2019une urbanisation rampante, et \u00e0 la cr\u00e9ation du <strong>barrage \u00ab Sidi Mohamed Ben Abdellah \u00bb<\/strong>\u00a0inaugur\u00e9 en 1974, juste au dessus de Rabat, qui a bien temp\u00e9r\u00e9 l\u2019ardeur de ses eaux souvent tumultueuses.<\/p><p>Bouregreg n\u2019impressionne plus ; m\u00eame s\u2019il n\u2019a jamais eu la majest\u00e9 de l<strong>\u2019Oum Er Rbia<\/strong>\u00a0ou l\u2019imp\u00e9tuosit\u00e9 du\u00a0<strong>Sebou,<\/strong>\u00a0ses crues soudaines rel\u00e8vent d\u00e9sormais du pass\u00e9. Quant \u00e0 sa capacit\u00e9 \u00e0 nourrir la population, le barrage a contribu\u00e9, avec la pollution, \u00e0 en r\u00e9duire sa faune. Pourtant, le Bouregreg \u00e9tait convoit\u00e9 autrefois pour l\u2019abondance de ses poissons, et pris\u00e9 notamment pour l\u2019alose, poisson d\u2019eau de mer qui remontait le fleuve sur plusieurs kilom\u00e8tres pour pondre ses oeufs en amont.<\/p><p>Les Rbatis ne connaissent gu\u00e8re d\u00e9sormais plus de lui que ses cinq derniers kilom\u00e8tres, et beaucoup ignorent encore qu\u2019il prend sa source dans le Moyen Atlas. Pour les Marocains, le Bouregreg c\u2019\u00e9tait surtout son estuaire et la \u00ab barre \u00bb, et au-del\u00e0, ils n\u2019imaginaient souvent pas ce qu\u2019\u00e9tait l\u2019oued.<\/p><p>Avant la construction des jet\u00e9es en 1920, le franchissement de cette\u00a0<a href=\"https:\/\/www.rabat-maroc.net\/wp-content\/uploads\/2020\/11\/rabat-embouchure-bouregreg-la-barre-1914.jpg\" target=\"_blank\" rel=\"noopener noreferrer\"><strong>\u00ab barre \u00bb<\/strong><\/a>\u00a0\u00e9tait redout\u00e9e de tous les marins, qui pour la plupart ne s\u2019y risquaient pas. Un banc de sable obstruait en permanence l\u2019embouchure du fleuve, la houle du large amplifi\u00e9e par le vent d\u2019ouest venait se briser sur cette \u00ab barre \u00bb.<\/p><p>Le\u00a0<a href=\"https:\/\/www.rabat-maroc.net\/wp-content\/uploads\/2020\/11\/rabat-l-embarcadere.jpg\"><strong>chenal navigable<\/strong><\/a>\u00a0\u00e9tait d\u2019une profondeur variable suivant les conditions climatiques, de 40 centim\u00e8tres \u00e0 mar\u00e9e basse, \u00e0 3 m\u00e8tres maximum \u00e0 mar\u00e9e haute, l\u2019acc\u00e8s des gros navires \u00e9tait donc interdit et pour les autres, un pilote connaissant les lieux \u00e9tait indispensable. Souvent probl\u00e8me, cette \u00ab barre \u00bb a pourtant \u00e9t\u00e9 pour les Rbatis et Slaouis un avantage ind\u00e9niable au cours des si\u00e8cles car elle les mettait \u00e0 l\u2019abri de bien de vaisseaux pr\u00e9dateurs (on le verra un peu plus loin ci-dessous).<\/p>\t\t\t\t\t\t\t\t<\/div>\n\t\t\t\t<\/div>\n\t\t\t\t\t<\/div>\n\t\t<\/div>\n\t\t\t\t\t<\/div>\n\t\t<\/section>\n\t\t<div class=\"elementor-element elementor-element-78072c9 e-flex e-con-boxed e-con e-parent\" data-id=\"78072c9\" data-element_type=\"container\" data-e-type=\"container\">\n\t\t\t\t\t<div class=\"e-con-inner\">\n\t\t\t\t<div class=\"elementor-element elementor-element-cead830 elementor-widget-divider--view-line elementor-widget elementor-widget-divider\" data-id=\"cead830\" data-element_type=\"widget\" data-e-type=\"widget\" data-widget_type=\"divider.default\">\n\t\t\t\t<div class=\"elementor-widget-container\">\n\t\t\t\t\t\t\t<div class=\"elementor-divider\">\n\t\t\t<span class=\"elementor-divider-separator\">\n\t\t\t\t\t\t<\/span>\n\t\t<\/div>\n\t\t\t\t\t\t<\/div>\n\t\t\t\t<\/div>\n\t\t\t\t\t<\/div>\n\t\t\t\t<\/div>\n\t\t\t\t<section class=\"elementor-section elementor-top-section elementor-element elementor-element-pebrchm elementor-section-content-top elementor-section-boxed elementor-section-height-default elementor-section-height-default elementor-invisible\" data-id=\"pebrchm\" data-element_type=\"section\" data-e-type=\"section\" data-settings=\"{&quot;background_background&quot;:&quot;classic&quot;,&quot;animation&quot;:&quot;bounceInUp&quot;}\">\n\t\t\t\t\t\t\t<div class=\"elementor-background-overlay\"><\/div>\n\t\t\t\t\t\t\t<div class=\"elementor-container elementor-column-gap-wide\">\n\t\t\t\t\t<div class=\"elementor-column elementor-col-25 elementor-top-column elementor-element elementor-element-b0fc45e\" data-id=\"b0fc45e\" data-element_type=\"column\" data-e-type=\"column\">\n\t\t\t<div class=\"elementor-widget-wrap elementor-element-populated\">\n\t\t\t\t\t\t<div class=\"elementor-element elementor-element-940f239 elementor-widget elementor-widget-image\" data-id=\"940f239\" data-element_type=\"widget\" data-e-type=\"widget\" data-widget_type=\"image.default\">\n\t\t\t\t<div class=\"elementor-widget-container\">\n\t\t\t\t\t\t\t\t\t\t\t\t\t\t\t\t<a href=\"https:\/\/rabat-maroc.net\/rabat-maroc-V2\/wp-content\/uploads\/2024\/10\/dhow_poupe_300x200-large.jpg\" data-elementor-open-lightbox=\"yes\" data-elementor-lightbox-title=\"dhow_poupe_300x200-large\" data-e-action-hash=\"#elementor-action%3Aaction%3Dlightbox%26settings%3DeyJpZCI6MjkzMiwidXJsIjoiaHR0cHM6XC9cL3JhYmF0LW1hcm9jLm5ldFwvcmFiYXQtbWFyb2MtVjJcL3dwLWNvbnRlbnRcL3VwbG9hZHNcLzIwMjRcLzEwXC9kaG93X3BvdXBlXzMwMHgyMDAtbGFyZ2UuanBnIn0%3D\">\n\t\t\t\t\t\t\t<img loading=\"lazy\" decoding=\"async\" width=\"302\" height=\"202\" src=\"https:\/\/rabat-maroc.net\/rabat-maroc-V2\/wp-content\/uploads\/2024\/10\/dhow_poupe_300x200-large.jpg\" class=\"attachment-full size-full wp-image-2932\" alt=\"dhow poupe\" srcset=\"https:\/\/rabat-maroc.net\/rabat-maroc-V2\/wp-content\/uploads\/2024\/10\/dhow_poupe_300x200-large.jpg 302w, https:\/\/rabat-maroc.net\/rabat-maroc-V2\/wp-content\/uploads\/2024\/10\/dhow_poupe_300x200-large-300x201.jpg 300w\" sizes=\"(max-width: 302px) 100vw, 302px\" \/>\t\t\t\t\t\t\t\t<\/a>\n\t\t\t\t\t\t\t\t\t\t\t\t\t\t\t<\/div>\n\t\t\t\t<\/div>\n\t\t\t\t<div class=\"elementor-element elementor-element-673530d elementor-widget elementor-widget-text-editor\" data-id=\"673530d\" data-element_type=\"widget\" data-e-type=\"widget\" data-widget_type=\"text-editor.default\">\n\t\t\t\t<div class=\"elementor-widget-container\">\n\t\t\t\t\t\t\t\t\t<p>Imaginez 15 voiliers et gal\u00e8res dans ce port. Cela a pourtant exist\u00e9 au XVIII\u00e8me si\u00e8cle. Merci au DHOW, le bateau-restaurant \u00e0 quai, de rappeler cet \u00e9pisode fabuleux de l\u2019histoire de Rabat et Sal\u00e9.<\/p>\t\t\t\t\t\t\t\t<\/div>\n\t\t\t\t<\/div>\n\t\t\t\t\t<\/div>\n\t\t<\/div>\n\t\t\t\t<div class=\"elementor-column elementor-col-25 elementor-top-column elementor-element elementor-element-f633001\" data-id=\"f633001\" data-element_type=\"column\" data-e-type=\"column\">\n\t\t\t<div class=\"elementor-widget-wrap elementor-element-populated\">\n\t\t\t\t\t\t<div class=\"elementor-element elementor-element-e0e85ce elementor-widget elementor-widget-image\" data-id=\"e0e85ce\" data-element_type=\"widget\" data-e-type=\"widget\" data-widget_type=\"image.default\">\n\t\t\t\t<div class=\"elementor-widget-container\">\n\t\t\t\t\t\t\t\t\t\t\t\t\t\t\t\t<a href=\"https:\/\/rabat-maroc.net\/rabat-maroc-V2\/wp-content\/uploads\/2024\/10\/dragage_bouregreg-large.jpg\" data-elementor-open-lightbox=\"yes\" data-elementor-lightbox-title=\"dragage_bouregreg-large\" data-e-action-hash=\"#elementor-action%3Aaction%3Dlightbox%26settings%3DeyJpZCI6MjkzNCwidXJsIjoiaHR0cHM6XC9cL3JhYmF0LW1hcm9jLm5ldFwvcmFiYXQtbWFyb2MtVjJcL3dwLWNvbnRlbnRcL3VwbG9hZHNcLzIwMjRcLzEwXC9kcmFnYWdlX2JvdXJlZ3JlZy1sYXJnZS5qcGcifQ%3D%3D\">\n\t\t\t\t\t\t\t<img loading=\"lazy\" decoding=\"async\" width=\"259\" height=\"184\" src=\"https:\/\/rabat-maroc.net\/rabat-maroc-V2\/wp-content\/uploads\/2024\/10\/dragage_bouregreg-large.jpg\" class=\"attachment-full size-full wp-image-2934\" alt=\"dragage bouregreg\" \/>\t\t\t\t\t\t\t\t<\/a>\n\t\t\t\t\t\t\t\t\t\t\t\t\t\t\t<\/div>\n\t\t\t\t<\/div>\n\t\t\t\t<div class=\"elementor-element elementor-element-a194d72 elementor-widget elementor-widget-text-editor\" data-id=\"a194d72\" data-element_type=\"widget\" data-e-type=\"widget\" data-widget_type=\"text-editor.default\">\n\t\t\t\t<div class=\"elementor-widget-container\">\n\t\t\t\t\t\t\t\t\t<p>Sans doute moins glorieux et pimpant que le Dhow, pourtant la navigation sur Bouregreg doit beaucoup aux bateaux dragueurs, qui font un travail \u00e0 renouveler sans cesse pour une meilleure navigation.<\/p>\t\t\t\t\t\t\t\t<\/div>\n\t\t\t\t<\/div>\n\t\t\t\t\t<\/div>\n\t\t<\/div>\n\t\t\t\t<div class=\"elementor-column elementor-col-25 elementor-top-column elementor-element elementor-element-da4fcd5\" data-id=\"da4fcd5\" data-element_type=\"column\" data-e-type=\"column\">\n\t\t\t<div class=\"elementor-widget-wrap elementor-element-populated\">\n\t\t\t\t\t\t<div class=\"elementor-element elementor-element-3a56048 elementor-widget elementor-widget-image\" data-id=\"3a56048\" data-element_type=\"widget\" data-e-type=\"widget\" data-widget_type=\"image.default\">\n\t\t\t\t<div class=\"elementor-widget-container\">\n\t\t\t\t\t\t\t\t\t\t\t\t\t\t\t\t<a href=\"https:\/\/rabat-maroc.net\/rabat-maroc-V2\/wp-content\/uploads\/2024\/10\/barcassiers-debarcadere-2019-400.jpg\" data-elementor-open-lightbox=\"yes\" data-elementor-lightbox-title=\"barcassiers-debarcadere-2019-400\" data-e-action-hash=\"#elementor-action%3Aaction%3Dlightbox%26settings%3DeyJpZCI6MjkyNCwidXJsIjoiaHR0cHM6XC9cL3JhYmF0LW1hcm9jLm5ldFwvcmFiYXQtbWFyb2MtVjJcL3dwLWNvbnRlbnRcL3VwbG9hZHNcLzIwMjRcLzEwXC9iYXJjYXNzaWVycy1kZWJhcmNhZGVyZS0yMDE5LTQwMC5qcGcifQ%3D%3D\">\n\t\t\t\t\t\t\t<img loading=\"lazy\" decoding=\"async\" width=\"400\" height=\"300\" src=\"https:\/\/rabat-maroc.net\/rabat-maroc-V2\/wp-content\/uploads\/2024\/10\/barcassiers-debarcadere-2019-400.jpg\" class=\"attachment-full size-full wp-image-2924\" alt=\"barcassiers debarcadere\" srcset=\"https:\/\/rabat-maroc.net\/rabat-maroc-V2\/wp-content\/uploads\/2024\/10\/barcassiers-debarcadere-2019-400.jpg 400w, https:\/\/rabat-maroc.net\/rabat-maroc-V2\/wp-content\/uploads\/2024\/10\/barcassiers-debarcadere-2019-400-300x225.jpg 300w\" sizes=\"(max-width: 400px) 100vw, 400px\" \/>\t\t\t\t\t\t\t\t<\/a>\n\t\t\t\t\t\t\t\t\t\t\t\t\t\t\t<\/div>\n\t\t\t\t<\/div>\n\t\t\t\t<div class=\"elementor-element elementor-element-a37d843 elementor-widget elementor-widget-text-editor\" data-id=\"a37d843\" data-element_type=\"widget\" data-e-type=\"widget\" data-widget_type=\"text-editor.default\">\n\t\t\t\t<div class=\"elementor-widget-container\">\n\t\t\t\t\t\t\t\t\t<p>Les barcassiers sont avec les p\u00eacheurs les figures immuables du Bouregreg qui traversent les si\u00e8cles et perp\u00e9tuent sans discontinuer leurs activit\u00e9s traditionnelles\u2026<\/p>\t\t\t\t\t\t\t\t<\/div>\n\t\t\t\t<\/div>\n\t\t\t\t\t<\/div>\n\t\t<\/div>\n\t\t\t\t<div class=\"elementor-column elementor-col-25 elementor-top-column elementor-element elementor-element-e3349d8\" data-id=\"e3349d8\" data-element_type=\"column\" data-e-type=\"column\">\n\t\t\t<div class=\"elementor-widget-wrap elementor-element-populated\">\n\t\t\t\t\t\t<div class=\"elementor-element elementor-element-56f1542 elementor-widget elementor-widget-image\" data-id=\"56f1542\" data-element_type=\"widget\" data-e-type=\"widget\" data-widget_type=\"image.default\">\n\t\t\t\t<div class=\"elementor-widget-container\">\n\t\t\t\t\t\t\t\t\t\t\t\t\t\t\t\t<a href=\"https:\/\/rabat-maroc.net\/rabat-maroc-V2\/wp-content\/uploads\/2024\/10\/aigrette_garzette2-large.jpg\" data-elementor-open-lightbox=\"yes\" data-elementor-lightbox-title=\"aigrette_garzette2-large\" data-e-action-hash=\"#elementor-action%3Aaction%3Dlightbox%26settings%3DeyJpZCI6MjkyMiwidXJsIjoiaHR0cHM6XC9cL3JhYmF0LW1hcm9jLm5ldFwvcmFiYXQtbWFyb2MtVjJcL3dwLWNvbnRlbnRcL3VwbG9hZHNcLzIwMjRcLzEwXC9haWdyZXR0ZV9nYXJ6ZXR0ZTItbGFyZ2UuanBnIn0%3D\">\n\t\t\t\t\t\t\t<img loading=\"lazy\" decoding=\"async\" width=\"302\" height=\"202\" src=\"https:\/\/rabat-maroc.net\/rabat-maroc-V2\/wp-content\/uploads\/2024\/10\/aigrette_garzette2-large.jpg\" class=\"attachment-full size-full wp-image-2922\" alt=\"\" srcset=\"https:\/\/rabat-maroc.net\/rabat-maroc-V2\/wp-content\/uploads\/2024\/10\/aigrette_garzette2-large.jpg 302w, https:\/\/rabat-maroc.net\/rabat-maroc-V2\/wp-content\/uploads\/2024\/10\/aigrette_garzette2-large-300x201.jpg 300w\" sizes=\"(max-width: 302px) 100vw, 302px\" \/>\t\t\t\t\t\t\t\t<\/a>\n\t\t\t\t\t\t\t\t\t\t\t\t\t\t\t<\/div>\n\t\t\t\t<\/div>\n\t\t\t\t<div class=\"elementor-element elementor-element-4d04634 elementor-widget elementor-widget-text-editor\" data-id=\"4d04634\" data-element_type=\"widget\" data-e-type=\"widget\" data-widget_type=\"text-editor.default\">\n\t\t\t\t<div class=\"elementor-widget-container\">\n\t\t\t\t\t\t\t\t\t<p>L&rsquo;aigrette garzette est devenue esp\u00e8ce courante sur les bords du Bouregreg, signe d\u2019une bonne sant\u00e9 retrouv\u00e9e du fleuve, pour le plus grand bonheur de certains\u2026 Baignade et p\u00eache interdites mais pas la chasse\u2026<\/p>\t\t\t\t\t\t\t\t<\/div>\n\t\t\t\t<\/div>\n\t\t\t\t\t<\/div>\n\t\t<\/div>\n\t\t\t\t\t<\/div>\n\t\t<\/section>\n\t\t<div class=\"elementor-element elementor-element-973fca1 e-flex e-con-boxed e-con e-parent\" data-id=\"973fca1\" data-element_type=\"container\" data-e-type=\"container\">\n\t\t\t\t\t<div class=\"e-con-inner\">\n\t\t\t\t<div class=\"elementor-element elementor-element-1c39262 elementor-widget-divider--view-line elementor-widget elementor-widget-divider\" data-id=\"1c39262\" data-element_type=\"widget\" data-e-type=\"widget\" data-widget_type=\"divider.default\">\n\t\t\t\t<div class=\"elementor-widget-container\">\n\t\t\t\t\t\t\t<div class=\"elementor-divider\">\n\t\t\t<span class=\"elementor-divider-separator\">\n\t\t\t\t\t\t<\/span>\n\t\t<\/div>\n\t\t\t\t\t\t<\/div>\n\t\t\t\t<\/div>\n\t\t\t\t\t<\/div>\n\t\t\t\t<\/div>\n\t\t\t\t<section class=\"elementor-section elementor-top-section elementor-element elementor-element-06a72df elementor-section-content-top elementor-section-boxed elementor-section-height-default elementor-section-height-default elementor-invisible\" data-id=\"06a72df\" data-element_type=\"section\" data-e-type=\"section\" data-settings=\"{&quot;background_background&quot;:&quot;classic&quot;,&quot;animation&quot;:&quot;bounceInUp&quot;}\">\n\t\t\t\t\t\t\t<div class=\"elementor-background-overlay\"><\/div>\n\t\t\t\t\t\t\t<div class=\"elementor-container elementor-column-gap-no\">\n\t\t\t\t\t<div class=\"elementor-column elementor-col-100 elementor-top-column elementor-element elementor-element-e432eb4\" data-id=\"e432eb4\" data-element_type=\"column\" data-e-type=\"column\">\n\t\t\t<div class=\"elementor-widget-wrap elementor-element-populated\">\n\t\t\t\t\t\t<div class=\"elementor-element elementor-element-7af6c13 elementor-widget elementor-widget-heading\" data-id=\"7af6c13\" data-element_type=\"widget\" data-e-type=\"widget\" data-widget_type=\"heading.default\">\n\t\t\t\t<div class=\"elementor-widget-container\">\n\t\t\t\t\t<h2 class=\"elementor-heading-title elementor-size-default\">L\u2019HISTOIRE DU BOUREGREG et de son activit\u00e9 ancestrale<\/h2>\t\t\t\t<\/div>\n\t\t\t\t<\/div>\n\t\t\t\t<div class=\"elementor-element elementor-element-a4992e7 elementor-widget elementor-widget-text-editor\" data-id=\"a4992e7\" data-element_type=\"widget\" data-e-type=\"widget\" data-widget_type=\"text-editor.default\">\n\t\t\t\t<div class=\"elementor-widget-container\">\n\t\t\t\t\t\t\t\t\t<p>L\u2018oued Bouregreg s\u2019appelait dans l\u2019antiquit\u00e9, <strong>Oued Sala<\/strong>\u00a0(la rivi\u00e8re sal\u00e9e), ce n\u2019est qu\u2019au XIII\u00e8me si\u00e8cle qu\u2019il devient Bouregreg, sans doute une \u00e9tymologie berb\u00e8re, \u00ab\u00a0regrag\u00a0\u00bb signifiant \u00ab\u00a0gravier\u00a0\u00bb en berb\u00e8re, mais les historiens n\u2019en sont pas trop s\u00fbrs ! C\u2019est au bord du Bouregreg que la famille<strong>\u00a0Beni Achara<\/strong>\u00a0fonda la ville de\u00a0<strong>Sal\u00e9<\/strong>\u00a0au XI\u00e8me si\u00e8cle et fut m\u00eame la capitale de l\u2019Empire de l<strong>\u2019Emir Tamin des Ifran.<\/strong><\/p><p><strong>T<\/strong>rait d\u2019union, cordon ombilical ou fronti\u00e8re, l\u2019attribut accol\u00e9 au Bouregreg pour qualifier la liaison parfois tumultueuse entre Rabat et Sal\u00e9 est toujours imag\u00e9. Soeurs rivales, parfois ennemies mais toujours complices, le Bouregreg a constamment pos\u00e9 des probl\u00e8mes pour sa travers\u00e9e, car malgr\u00e9 les conflits incessants entre les cit\u00e9s, il y a toujours eu un besoin d\u2019\u00e9change des populations qui ne se brassaient pas mais commer\u00e7aient en permanence. Depuis l\u2019origine, on traverse en<a href=\"https:\/\/www.rabat-maroc.net\/wp-content\/uploads\/2020\/11\/rabat-barcasses-pour-le-passage-du-bouregreg-1912.jpg\" target=\"_blank\" rel=\"noopener noreferrer\"><strong>\u00a0barques<\/strong><\/a>. Plusieurs ponts auraient exist\u00e9, du temps des Almohades, pendant la lutte entre les Andalous de\u00a0<strong>Sal\u00e9 le Neuf<\/strong>\u00a0et les Slaouis de\u00a0<strong>Sal\u00e9 le Vieux<\/strong>\u00a0au XVII\u00e8me si\u00e8cle, mais tous ont \u00e9t\u00e9 d\u00e9truits par les flots, les guerres ou le raz de mar\u00e9e de 1755.<\/p><p><strong>L<\/strong>e 1er pont routier date de 1919, mais largement en amont de l\u2019estuaire, il est peu pratique pour les populations. Il y eut ensuite le\u00a0<a href=\"https:\/\/www.rabat-maroc.net\/wp-content\/uploads\/2020\/11\/rabat-passage-du-bac-a-vapeur-1914.jpg\" target=\"_blank\" rel=\"noopener noreferrer\"><strong>bac \u00e0 vapeur<\/strong><\/a>\u00a0en 1913 et une\u00a0<strong><a href=\"https:\/\/www.rabat-maroc.net\/wp-content\/uploads\/2020\/11\/rabat-passerelle-metallique-1930.jpg\" target=\"_blank\" rel=\"noopener noreferrer\">passerelle m\u00e9tallique<\/a><\/strong>\u00a0emport\u00e9e par une crue. Le pont Moulay Hassan qui partait des pieds de la Tour Hassan pour desservir les remparts de Sal\u00e9 datait de 1957. C\u2019est dire qu\u2019on a pris son temps pour r\u00e9aliser ce pont, les Rbatis soup\u00e7onnaient m\u00eame la\u00a0<a href=\"https:\/\/www.rabat-maroc.net\/wp-content\/uploads\/2020\/11\/rabat-corporation-bourcassiers-.jpg\" target=\"_blank\" rel=\"noopener noreferrer\"><strong>confr\u00e9rie des barcassiers<\/strong><\/a>, toute puissante alors puisqu\u2019elle d\u00e9tenait un monopole, d\u2019user de son pouvoir pour entraver sa r\u00e9alisation. Depuis, on a mis en place le pont tant attendu, le\u00a0<a href=\"https:\/\/www.rabat-maroc.net\/wp-content\/uploads\/2020\/12\/pont-hassan-ii-2016-800.jpg\" target=\"_blank\" rel=\"noopener noreferrer\"><strong>pont Hassan II<\/strong><\/a>, qui avec ses trois tabliers a enfin permis un flux de circulation ne vous condamnant pas \u00e0 de longues minutes d\u2019attente dans les fum\u00e9es des gaz d\u2019\u00e9chappement.<\/p><p><strong>R<\/strong>abat et Sal\u00e9 doivent tout au Bouregreg, gr\u00e2ce \u00e0 lui Rabat disposait du plus grand port fluvial du Maroc au d\u00e9but du XX\u00e8me si\u00e8cle, et ce port fut m\u00eame, du XV au XVIII\u00e8me si\u00e8cle, \u00e9poque pendant laquelle les autres ports \u00e9taient aux mains des \u00e9trangers, Espagnols, Portugais ou Anglais, le seul port marocain qui pouvait ravitailler le pays. C\u2019est par ces villes et la r\u00e9publique des Pirates, et par l\u2019interm\u00e9diaire de leurs corsaires, que se firent les transactions pour l\u2019ensemble du Maroc et que se n\u00e9goci\u00e8rent les trait\u00e9s entre les \u00e9tats europ\u00e9ens et le royaume ch\u00e9rifien. C\u2019est par le commerce et la guerre de course que l\u2019estuaire du Bouregreg devint pendant cette longue p\u00e9riode, le grand port du Nord-Marocain qui exportait des cuirs, des laines, des plumes d\u2019autruches, du cuivre, des fruits et recevait pour l\u2019essentiel des draps, des velours, des cotons et des toiles.<\/p><p><strong>A<\/strong>pr\u00e8s une premi\u00e8re p\u00e9riode de piraterie qui consistait essentiellement au pillage par la population des navires qui s\u2019\u00e9chouaient sur les c\u00f4tes pi\u00e9geuses, les pirates de la R\u00e9publique du Bouregreg s\u2019engag\u00e8rent pour le compte du Sultan, la piraterie devint \u00ab\u00a0la course\u00a0\u00bb et les pirates des corsaires. Le port de Rabat aurait alors compter jusqu\u2019\u00e0 soixante vaisseaux en son sein. La \u00ab\u00a0course\u00a0\u00bb prit fin au d\u00e9but du XIX\u00e8me si\u00e8cle sous le r\u00e8gne de<strong>\u00a0Moulay Slimane<\/strong>. Pourquoi cet \u00e9pisode de l\u2019histoire de Rabat n\u2019est jamais plus \u00e9voqu\u00e9e par les Rbatis et Slaouis, cela reste encore un myst\u00e8re ?<\/p><p><strong>E<\/strong>n dehors de la course, le d\u00e9clin du\u00a0<a href=\"https:\/\/www.rabat-maroc.net\/wp-content\/uploads\/2020\/11\/rabat-bateaux-a-quais-1911-6.jpg\" target=\"_blank\" rel=\"noopener noreferrer\"><strong>port de Rabat<\/strong><\/a>\u00a0est d\u00fb \u00e0 plusieurs facteurs : d\u2019abord le tremblement de terre de Lisbonne de 1755 qui a sans doute renforc\u00e9 la \u00ab\u00a0barre\u00a0\u00bb oc\u00e9anique \u00e0 l\u2019embouchure de l\u2019oued, rendant encore plus difficile et al\u00e9atoire son acc\u00e8s, ensuite l\u2019envasement permanent qui s\u2019est aggrav\u00e9 par d\u00e9faut d\u2019entretien mais aussi par la construction du \u00ab\u00a0nouveau\u00a0\u00bb port en 1913, et enfin la concurrence du port de Casablanca nettement plus pratique pour les navires de gros tonnage.<\/p>\t\t\t\t\t\t\t\t<\/div>\n\t\t\t\t<\/div>\n\t\t\t\t\t<\/div>\n\t\t<\/div>\n\t\t\t\t\t<\/div>\n\t\t<\/section>\n\t\t\t\t<section class=\"elementor-section elementor-top-section elementor-element elementor-element-fb82329 elementor-section-content-middle elementor-section-boxed elementor-section-height-default elementor-section-height-default\" data-id=\"fb82329\" data-element_type=\"section\" data-e-type=\"section\" data-settings=\"{&quot;background_background&quot;:&quot;classic&quot;}\">\n\t\t\t\t\t\t\t<div class=\"elementor-background-overlay\"><\/div>\n\t\t\t\t\t\t\t<div class=\"elementor-container elementor-column-gap-no\">\n\t\t\t\t\t<div class=\"elementor-column elementor-col-33 elementor-top-column elementor-element elementor-element-ceb9b2d\" data-id=\"ceb9b2d\" data-element_type=\"column\" data-e-type=\"column\">\n\t\t\t<div class=\"elementor-widget-wrap elementor-element-populated\">\n\t\t\t\t\t\t<div class=\"elementor-element elementor-element-4cfa68f elementor-widget elementor-widget-image\" data-id=\"4cfa68f\" data-element_type=\"widget\" data-e-type=\"widget\" data-widget_type=\"image.default\">\n\t\t\t\t<div class=\"elementor-widget-container\">\n\t\t\t\t\t\t\t\t\t\t\t\t\t\t\t\t<a href=\"https:\/\/rabat-maroc.net\/rabat-maroc-V2\/wp-content\/uploads\/2024\/10\/oudayas-bouregreg-bab-al-bahr-2020-600.jpg\" data-elementor-open-lightbox=\"yes\" data-elementor-lightbox-title=\"oudayas-bouregreg-bab-al-bahr-2020-600\" data-e-action-hash=\"#elementor-action%3Aaction%3Dlightbox%26settings%3DeyJpZCI6MjkzNiwidXJsIjoiaHR0cHM6XC9cL3JhYmF0LW1hcm9jLm5ldFwvcmFiYXQtbWFyb2MtVjJcL3dwLWNvbnRlbnRcL3VwbG9hZHNcLzIwMjRcLzEwXC9vdWRheWFzLWJvdXJlZ3JlZy1iYWItYWwtYmFoci0yMDIwLTYwMC5qcGcifQ%3D%3D\">\n\t\t\t\t\t\t\t<img loading=\"lazy\" decoding=\"async\" width=\"600\" height=\"208\" src=\"https:\/\/rabat-maroc.net\/rabat-maroc-V2\/wp-content\/uploads\/2024\/10\/oudayas-bouregreg-bab-al-bahr-2020-600.jpg\" class=\"attachment-large size-large wp-image-2936\" alt=\"oudayas bouregreg bab al bahr\" srcset=\"https:\/\/rabat-maroc.net\/rabat-maroc-V2\/wp-content\/uploads\/2024\/10\/oudayas-bouregreg-bab-al-bahr-2020-600.jpg 600w, https:\/\/rabat-maroc.net\/rabat-maroc-V2\/wp-content\/uploads\/2024\/10\/oudayas-bouregreg-bab-al-bahr-2020-600-300x104.jpg 300w\" sizes=\"(max-width: 600px) 100vw, 600px\" \/>\t\t\t\t\t\t\t\t<\/a>\n\t\t\t\t\t\t\t\t\t\t\t\t\t\t\t<\/div>\n\t\t\t\t<\/div>\n\t\t\t\t<div class=\"elementor-element elementor-element-aa9e945 elementor-widget elementor-widget-text-editor\" data-id=\"aa9e945\" data-element_type=\"widget\" data-e-type=\"widget\" data-widget_type=\"text-editor.default\">\n\t\t\t\t<div class=\"elementor-widget-container\">\n\t\t\t\t\t\t\t\t\t<div class=\"et_pb_module et_pb_text et_pb_text_7  et_pb_text_align_center et_pb_bg_layout_light\"><div class=\"et_pb_text_inner\"><p>Remparts de Sal\u00e9 occult\u00e9s : m\u00e9moire du lieu effac\u00e9e\u2026 La barre d\u2019immeubles de Bab El Bahr a-t-elle gomm\u00e9 le trait d\u2019union entre Rabat et Sal\u00e9 ?<\/p><\/div><\/div><div class=\"et_pb_with_border et_pb_module et_pb_image et_pb_image_9\">\u00a0<\/div>\t\t\t\t\t\t\t\t<\/div>\n\t\t\t\t<\/div>\n\t\t\t\t\t<\/div>\n\t\t<\/div>\n\t\t\t\t<div class=\"elementor-column elementor-col-33 elementor-top-column elementor-element elementor-element-8dfdced\" data-id=\"8dfdced\" data-element_type=\"column\" data-e-type=\"column\">\n\t\t\t<div class=\"elementor-widget-wrap elementor-element-populated\">\n\t\t\t\t\t\t<div class=\"elementor-element elementor-element-dd95fbf elementor-widget elementor-widget-image\" data-id=\"dd95fbf\" data-element_type=\"widget\" data-e-type=\"widget\" data-widget_type=\"image.default\">\n\t\t\t\t<div class=\"elementor-widget-container\">\n\t\t\t\t\t\t\t\t\t\t\t\t\t\t\t\t<a href=\"https:\/\/rabat-maroc.net\/rabat-maroc-V2\/wp-content\/uploads\/2024\/10\/almabahia-3.jpg\" data-elementor-open-lightbox=\"yes\" data-elementor-lightbox-title=\"almabahia-3\" data-e-action-hash=\"#elementor-action%3Aaction%3Dlightbox%26settings%3DeyJpZCI6MjkyMywidXJsIjoiaHR0cHM6XC9cL3JhYmF0LW1hcm9jLm5ldFwvcmFiYXQtbWFyb2MtVjJcL3dwLWNvbnRlbnRcL3VwbG9hZHNcLzIwMjRcLzEwXC9hbG1hYmFoaWEtMy5qcGcifQ%3D%3D\">\n\t\t\t\t\t\t\t<img loading=\"lazy\" decoding=\"async\" width=\"600\" height=\"200\" src=\"https:\/\/rabat-maroc.net\/rabat-maroc-V2\/wp-content\/uploads\/2024\/10\/almabahia-3.jpg\" class=\"attachment-large size-large wp-image-2923\" alt=\"\" srcset=\"https:\/\/rabat-maroc.net\/rabat-maroc-V2\/wp-content\/uploads\/2024\/10\/almabahia-3.jpg 600w, https:\/\/rabat-maroc.net\/rabat-maroc-V2\/wp-content\/uploads\/2024\/10\/almabahia-3-300x100.jpg 300w\" sizes=\"(max-width: 600px) 100vw, 600px\" \/>\t\t\t\t\t\t\t\t<\/a>\n\t\t\t\t\t\t\t\t\t\t\t\t\t\t\t<\/div>\n\t\t\t\t<\/div>\n\t\t\t\t<div class=\"elementor-element elementor-element-8f4759b elementor-widget elementor-widget-text-editor\" data-id=\"8f4759b\" data-element_type=\"widget\" data-e-type=\"widget\" data-widget_type=\"text-editor.default\">\n\t\t\t\t<div class=\"elementor-widget-container\">\n\t\t\t\t\t\t\t\t\t<p>Il y avait longtemps que le port de Rabat n\u2019avait connu un tel mouvement : le Almabahia en manoeuvre dans le nouveau port de Rabat.<\/p>\t\t\t\t\t\t\t\t<\/div>\n\t\t\t\t<\/div>\n\t\t\t\t\t<\/div>\n\t\t<\/div>\n\t\t\t\t<div class=\"elementor-column elementor-col-33 elementor-top-column elementor-element elementor-element-5279960\" data-id=\"5279960\" data-element_type=\"column\" data-e-type=\"column\">\n\t\t\t<div class=\"elementor-widget-wrap elementor-element-populated\">\n\t\t\t\t\t\t<div class=\"elementor-element elementor-element-704cc75 elementor-widget elementor-widget-image\" data-id=\"704cc75\" data-element_type=\"widget\" data-e-type=\"widget\" data-widget_type=\"image.default\">\n\t\t\t\t<div class=\"elementor-widget-container\">\n\t\t\t\t\t\t\t\t\t\t\t\t\t\t\t\t<a href=\"https:\/\/rabat-maroc.net\/rabat-maroc-V2\/wp-content\/uploads\/2024\/10\/grand-theatre-rabat-pnt-hassan2-2019-600.jpg\" data-elementor-open-lightbox=\"yes\" data-elementor-lightbox-title=\"grand-theatre-rabat-pnt-hassan2-2019-600\" data-e-action-hash=\"#elementor-action%3Aaction%3Dlightbox%26settings%3DeyJpZCI6MjkzNSwidXJsIjoiaHR0cHM6XC9cL3JhYmF0LW1hcm9jLm5ldFwvcmFiYXQtbWFyb2MtVjJcL3dwLWNvbnRlbnRcL3VwbG9hZHNcLzIwMjRcLzEwXC9ncmFuZC10aGVhdHJlLXJhYmF0LXBudC1oYXNzYW4yLTIwMTktNjAwLmpwZyJ9\">\n\t\t\t\t\t\t\t<img loading=\"lazy\" decoding=\"async\" width=\"600\" height=\"200\" src=\"https:\/\/rabat-maroc.net\/rabat-maroc-V2\/wp-content\/uploads\/2024\/10\/grand-theatre-rabat-pnt-hassan2-2019-600.jpg\" class=\"attachment-large size-large wp-image-2935\" alt=\"grand theatre rabat pnt hassan 2\" srcset=\"https:\/\/rabat-maroc.net\/rabat-maroc-V2\/wp-content\/uploads\/2024\/10\/grand-theatre-rabat-pnt-hassan2-2019-600.jpg 600w, https:\/\/rabat-maroc.net\/rabat-maroc-V2\/wp-content\/uploads\/2024\/10\/grand-theatre-rabat-pnt-hassan2-2019-600-300x100.jpg 300w\" sizes=\"(max-width: 600px) 100vw, 600px\" \/>\t\t\t\t\t\t\t\t<\/a>\n\t\t\t\t\t\t\t\t\t\t\t\t\t\t\t<\/div>\n\t\t\t\t<\/div>\n\t\t\t\t<div class=\"elementor-element elementor-element-6e0f749 elementor-widget elementor-widget-text-editor\" data-id=\"6e0f749\" data-element_type=\"widget\" data-e-type=\"widget\" data-widget_type=\"text-editor.default\">\n\t\t\t\t<div class=\"elementor-widget-container\">\n\t\t\t\t\t\t\t\t\t<p>Le grand th\u00e9\u00e2tre de Rabat, plus grand th\u00e9\u00e2tre du monde arabe et d\u2019Afrique, con\u00e7u originellement par l\u2019architecte irakienne Zaha Hadid, le pont Hassan II oeuvre de Marc Mimram et le r\u00e9seau de tramway sont les principales r\u00e9alisations du projet d\u2019am\u00e9nagement de la vall\u00e9e du Bouregreg.<\/p>\t\t\t\t\t\t\t\t<\/div>\n\t\t\t\t<\/div>\n\t\t\t\t\t<\/div>\n\t\t<\/div>\n\t\t\t\t\t<\/div>\n\t\t<\/section>\n\t\t<div class=\"elementor-element elementor-element-f4f40b8 e-flex e-con-boxed e-con e-parent\" data-id=\"f4f40b8\" data-element_type=\"container\" data-e-type=\"container\">\n\t\t\t\t\t<div class=\"e-con-inner\">\n\t\t\t\t<div class=\"elementor-element elementor-element-bdc9ed7 elementor-widget-divider--view-line elementor-widget elementor-widget-divider\" data-id=\"bdc9ed7\" data-element_type=\"widget\" data-e-type=\"widget\" data-widget_type=\"divider.default\">\n\t\t\t\t<div class=\"elementor-widget-container\">\n\t\t\t\t\t\t\t<div class=\"elementor-divider\">\n\t\t\t<span class=\"elementor-divider-separator\">\n\t\t\t\t\t\t<\/span>\n\t\t<\/div>\n\t\t\t\t\t\t<\/div>\n\t\t\t\t<\/div>\n\t\t\t\t\t<\/div>\n\t\t\t\t<\/div>\n\t\t\t\t<section class=\"elementor-section elementor-top-section elementor-element elementor-element-cebe5cb elementor-section-content-top elementor-section-boxed elementor-section-height-default elementor-section-height-default elementor-invisible\" data-id=\"cebe5cb\" data-element_type=\"section\" data-e-type=\"section\" data-settings=\"{&quot;background_background&quot;:&quot;classic&quot;,&quot;animation&quot;:&quot;bounceInUp&quot;}\">\n\t\t\t\t\t\t\t<div class=\"elementor-background-overlay\"><\/div>\n\t\t\t\t\t\t\t<div class=\"elementor-container elementor-column-gap-no\">\n\t\t\t\t\t<div class=\"elementor-column elementor-col-100 elementor-top-column elementor-element elementor-element-a09de54\" data-id=\"a09de54\" data-element_type=\"column\" data-e-type=\"column\">\n\t\t\t<div class=\"elementor-widget-wrap elementor-element-populated\">\n\t\t\t\t\t\t<div class=\"elementor-element elementor-element-1e963ae elementor-widget elementor-widget-heading\" data-id=\"1e963ae\" data-element_type=\"widget\" data-e-type=\"widget\" data-widget_type=\"heading.default\">\n\t\t\t\t<div class=\"elementor-widget-container\">\n\t\t\t\t\t<h2 class=\"elementor-heading-title elementor-size-default\">Le BOUREGREG, l\u2019am\u00e9nagement<\/h2>\t\t\t\t<\/div>\n\t\t\t\t<\/div>\n\t\t\t\t<div class=\"elementor-element elementor-element-3a31c50 elementor-widget elementor-widget-text-editor\" data-id=\"3a31c50\" data-element_type=\"widget\" data-e-type=\"widget\" data-widget_type=\"text-editor.default\">\n\t\t\t\t<div class=\"elementor-widget-container\">\n\t\t\t\t\t\t\t\t\t<p>Depuis la suppression d\u00e9finitive de ses installations portuaires, le Bouregreg s\u2019\u00e9tait lentement assoupi au rythme de ses eaux calmes, jusqu\u2019\u00e0 ce que l\u2019annonce de sa transformation radicale le r\u00e9veille : seize milliards de dirhams de travaux en plusieurs tranches \u00e9taient investis pour am\u00e9nager, en cinq ans, la vall\u00e9e du Bouregreg (1,5 milliards d\u2019euros).<\/p><p><strong>C<\/strong>e projet, tout simplement pharaonique, \u00e9tait en pr\u00e9paration depuis plus de vingt ans pour faire face au sous-d\u00e9veloppement de la capitale. Il s\u2019agissait de hisser Rabat au rang des villes internationales, et ce projet d\u2019envergure nationale a \u00e9t\u00e9 confi\u00e9, non pas aux municipalit\u00e9s de Rabat et de Sal\u00e9, mais \u00e0 un \u00e9tablissement public cr\u00e9\u00e9 sp\u00e9cialement \u00e0 cet effet, la SABR, filiale de la C.D.G., avec des capitaux \u00e9trangers notamment des Emirats et de Duba\u00ef pour ce qui touche au tourisme et aux loisirs. Fonctionnant comme une soci\u00e9t\u00e9 priv\u00e9e, elle a \u00e9t\u00e9 dot\u00e9 des pouvoirs exorbitants de la puissance publique, avec notamment une arme redoutable, celle de l\u2019expropriation, dont elle a fait souvent usage.<\/p><p>La Wilaya, qui d\u00e9tient un r\u00f4le esssentiel en mati\u00e8re d\u2019urbanisme,en coordonnant notamment les acteurs publics sur le territoire, et son bras arm\u00e9, l\u2019Agence urbaine, son principal outil op\u00e9rationnel, se sont vues priv\u00e9es de leurs comp\u00e9tences sur ce territoire. Les communaut\u00e9s urbaines, quant \u00e0 elles, ont \u00e9t\u00e9 laiss\u00e9es de c\u00f4t\u00e9 pour ne pas ralentir cet immense projet, et seule l\u2019association Bouregreg a \u00e9t\u00e9 charg\u00e9e de jouer le r\u00f4le de courroie de transmission aupr\u00e8s des populations.<\/p>\t\t\t\t\t\t\t\t<\/div>\n\t\t\t\t<\/div>\n\t\t\t\t\t<\/div>\n\t\t<\/div>\n\t\t\t\t\t<\/div>\n\t\t<\/section>\n\t\t<div class=\"elementor-element elementor-element-3c27d3a e-flex e-con-boxed e-con e-parent\" data-id=\"3c27d3a\" data-element_type=\"container\" data-e-type=\"container\">\n\t\t\t\t\t<div class=\"e-con-inner\">\n\t\t\t\t<div class=\"elementor-element elementor-element-bafe984 elementor-widget-divider--view-line elementor-widget elementor-widget-divider\" data-id=\"bafe984\" data-element_type=\"widget\" data-e-type=\"widget\" data-widget_type=\"divider.default\">\n\t\t\t\t<div class=\"elementor-widget-container\">\n\t\t\t\t\t\t\t<div class=\"elementor-divider\">\n\t\t\t<span class=\"elementor-divider-separator\">\n\t\t\t\t\t\t<\/span>\n\t\t<\/div>\n\t\t\t\t\t\t<\/div>\n\t\t\t\t<\/div>\n\t\t\t\t\t<\/div>\n\t\t\t\t<\/div>\n\t\t\t\t<section class=\"elementor-section elementor-top-section elementor-element elementor-element-9pprwzy elementor-section-content-middle elementor-section-boxed elementor-section-height-default elementor-section-height-default elementor-invisible\" data-id=\"9pprwzy\" data-element_type=\"section\" data-e-type=\"section\" data-settings=\"{&quot;background_background&quot;:&quot;classic&quot;,&quot;animation&quot;:&quot;bounceInUp&quot;}\">\n\t\t\t\t\t\t\t<div class=\"elementor-background-overlay\"><\/div>\n\t\t\t\t\t\t\t<div class=\"elementor-container elementor-column-gap-no\">\n\t\t\t\t\t<div class=\"elementor-column elementor-col-50 elementor-top-column elementor-element elementor-element-d5abc8a\" data-id=\"d5abc8a\" data-element_type=\"column\" data-e-type=\"column\">\n\t\t\t<div class=\"elementor-widget-wrap elementor-element-populated\">\n\t\t\t\t\t\t<div class=\"elementor-element elementor-element-78825ce elementor-widget elementor-widget-image\" data-id=\"78825ce\" data-element_type=\"widget\" data-e-type=\"widget\" data-widget_type=\"image.default\">\n\t\t\t\t<div class=\"elementor-widget-container\">\n\t\t\t\t\t\t\t\t\t\t\t\t\t\t\t\t<a href=\"https:\/\/rabat-maroc.net\/rabat-maroc-V2\/wp-content\/uploads\/2024\/10\/barques-ponton-rabat-300-large.jpg\" data-elementor-open-lightbox=\"yes\" data-elementor-lightbox-title=\"barques-ponton-rabat-300-large\" data-e-action-hash=\"#elementor-action%3Aaction%3Dlightbox%26settings%3DeyJpZCI6MjkyNSwidXJsIjoiaHR0cHM6XC9cL3JhYmF0LW1hcm9jLm5ldFwvcmFiYXQtbWFyb2MtVjJcL3dwLWNvbnRlbnRcL3VwbG9hZHNcLzIwMjRcLzEwXC9iYXJxdWVzLXBvbnRvbi1yYWJhdC0zMDAtbGFyZ2UuanBnIn0%3D\">\n\t\t\t\t\t\t\t<img loading=\"lazy\" decoding=\"async\" width=\"302\" height=\"252\" src=\"https:\/\/rabat-maroc.net\/rabat-maroc-V2\/wp-content\/uploads\/2024\/10\/barques-ponton-rabat-300-large.jpg\" class=\"attachment-full size-full wp-image-2925\" alt=\"barques ponton rabat\" srcset=\"https:\/\/rabat-maroc.net\/rabat-maroc-V2\/wp-content\/uploads\/2024\/10\/barques-ponton-rabat-300-large.jpg 302w, https:\/\/rabat-maroc.net\/rabat-maroc-V2\/wp-content\/uploads\/2024\/10\/barques-ponton-rabat-300-large-300x250.jpg 300w\" sizes=\"(max-width: 302px) 100vw, 302px\" \/>\t\t\t\t\t\t\t\t<\/a>\n\t\t\t\t\t\t\t\t\t\t\t\t\t\t\t<\/div>\n\t\t\t\t<\/div>\n\t\t\t\t\t<\/div>\n\t\t<\/div>\n\t\t\t\t<div class=\"elementor-column elementor-col-50 elementor-top-column elementor-element elementor-element-1f377f6\" data-id=\"1f377f6\" data-element_type=\"column\" data-e-type=\"column\">\n\t\t\t<div class=\"elementor-widget-wrap elementor-element-populated\">\n\t\t\t\t\t\t<div class=\"elementor-element elementor-element-a16f8e5 elementor-widget elementor-widget-text-editor\" data-id=\"a16f8e5\" data-element_type=\"widget\" data-e-type=\"widget\" data-widget_type=\"text-editor.default\">\n\t\t\t\t<div class=\"elementor-widget-container\">\n\t\t\t\t\t\t\t\t\t<p>Des voyageurs europ\u00e9ens du XVII\u00e8me si\u00e9cle avaient surnomm\u00e9 Rabat, la Venise Rouge.<\/p>\t\t\t\t\t\t\t\t<\/div>\n\t\t\t\t<\/div>\n\t\t\t\t\t<\/div>\n\t\t<\/div>\n\t\t\t\t\t<\/div>\n\t\t<\/section>\n\t\t\t\t<section class=\"elementor-section elementor-top-section elementor-element elementor-element-7cb9ded elementor-section-content-top elementor-section-boxed elementor-section-height-default elementor-section-height-default elementor-invisible\" data-id=\"7cb9ded\" data-element_type=\"section\" data-e-type=\"section\" data-settings=\"{&quot;background_background&quot;:&quot;classic&quot;,&quot;animation&quot;:&quot;bounceInUp&quot;}\">\n\t\t\t\t\t\t\t<div class=\"elementor-background-overlay\"><\/div>\n\t\t\t\t\t\t\t<div class=\"elementor-container elementor-column-gap-wide\">\n\t\t\t\t\t<div class=\"elementor-column elementor-col-25 elementor-top-column elementor-element elementor-element-76f1acd\" data-id=\"76f1acd\" data-element_type=\"column\" data-e-type=\"column\">\n\t\t\t<div class=\"elementor-widget-wrap elementor-element-populated\">\n\t\t\t\t\t\t<div class=\"elementor-element elementor-element-11b6343 elementor-widget elementor-widget-image\" data-id=\"11b6343\" data-element_type=\"widget\" data-e-type=\"widget\" data-widget_type=\"image.default\">\n\t\t\t\t<div class=\"elementor-widget-container\">\n\t\t\t\t\t\t\t\t\t\t\t\t\t\t\t\t<a href=\"https:\/\/rabat-maroc.net\/rabat-maroc-V2\/wp-content\/uploads\/2024\/10\/dhow-bouregreg-quais-reparateur-filet-800.jpg\" data-elementor-open-lightbox=\"yes\" data-elementor-lightbox-title=\"dhow-bouregreg-quais-reparateur-filet-800\" data-e-action-hash=\"#elementor-action%3Aaction%3Dlightbox%26settings%3DeyJpZCI6MjkzMywidXJsIjoiaHR0cHM6XC9cL3JhYmF0LW1hcm9jLm5ldFwvcmFiYXQtbWFyb2MtVjJcL3dwLWNvbnRlbnRcL3VwbG9hZHNcLzIwMjRcLzEwXC9kaG93LWJvdXJlZ3JlZy1xdWFpcy1yZXBhcmF0ZXVyLWZpbGV0LTgwMC5qcGcifQ%3D%3D\">\n\t\t\t\t\t\t\t<img loading=\"lazy\" decoding=\"async\" width=\"800\" height=\"600\" src=\"https:\/\/rabat-maroc.net\/rabat-maroc-V2\/wp-content\/uploads\/2024\/10\/dhow-bouregreg-quais-reparateur-filet-800.jpg\" class=\"attachment-full size-full wp-image-2933\" alt=\"dhow bouregreg quais reparateur filet\" srcset=\"https:\/\/rabat-maroc.net\/rabat-maroc-V2\/wp-content\/uploads\/2024\/10\/dhow-bouregreg-quais-reparateur-filet-800.jpg 800w, https:\/\/rabat-maroc.net\/rabat-maroc-V2\/wp-content\/uploads\/2024\/10\/dhow-bouregreg-quais-reparateur-filet-800-300x225.jpg 300w, https:\/\/rabat-maroc.net\/rabat-maroc-V2\/wp-content\/uploads\/2024\/10\/dhow-bouregreg-quais-reparateur-filet-800-768x576.jpg 768w\" sizes=\"(max-width: 800px) 100vw, 800px\" \/>\t\t\t\t\t\t\t\t<\/a>\n\t\t\t\t\t\t\t\t\t\t\t\t\t\t\t<\/div>\n\t\t\t\t<\/div>\n\t\t\t\t<div class=\"elementor-element elementor-element-3791dea elementor-widget elementor-widget-text-editor\" data-id=\"3791dea\" data-element_type=\"widget\" data-e-type=\"widget\" data-widget_type=\"text-editor.default\">\n\t\t\t\t<div class=\"elementor-widget-container\">\n\t\t\t\t\t\t\t\t\t<p>Le ramendage des filets peut s\u2019effectuer d\u00e9sormais sur les quais \u00e0 Rabat.<\/p>\t\t\t\t\t\t\t\t<\/div>\n\t\t\t\t<\/div>\n\t\t\t\t\t<\/div>\n\t\t<\/div>\n\t\t\t\t<div class=\"elementor-column elementor-col-25 elementor-top-column elementor-element elementor-element-723756a\" data-id=\"723756a\" data-element_type=\"column\" data-e-type=\"column\">\n\t\t\t<div class=\"elementor-widget-wrap elementor-element-populated\">\n\t\t\t\t\t\t<div class=\"elementor-element elementor-element-e681ab4 elementor-widget elementor-widget-image\" data-id=\"e681ab4\" data-element_type=\"widget\" data-e-type=\"widget\" data-widget_type=\"image.default\">\n\t\t\t\t<div class=\"elementor-widget-container\">\n\t\t\t\t\t\t\t\t\t\t\t\t\t\t\t\t<a href=\"https:\/\/rabat-maroc.net\/rabat-maroc-V2\/wp-content\/uploads\/2024\/10\/bouregreg-entretien-barques-2019-300-1.jpg\" data-elementor-open-lightbox=\"yes\" data-elementor-lightbox-title=\"bouregreg-entretien-barques-2019-300-1\" data-e-action-hash=\"#elementor-action%3Aaction%3Dlightbox%26settings%3DeyJpZCI6MjkzMSwidXJsIjoiaHR0cHM6XC9cL3JhYmF0LW1hcm9jLm5ldFwvcmFiYXQtbWFyb2MtVjJcL3dwLWNvbnRlbnRcL3VwbG9hZHNcLzIwMjRcLzEwXC9ib3VyZWdyZWctZW50cmV0aWVuLWJhcnF1ZXMtMjAxOS0zMDAtMS5qcGcifQ%3D%3D\">\n\t\t\t\t\t\t\t<img loading=\"lazy\" decoding=\"async\" width=\"300\" height=\"225\" src=\"https:\/\/rabat-maroc.net\/rabat-maroc-V2\/wp-content\/uploads\/2024\/10\/bouregreg-entretien-barques-2019-300-1.jpg\" class=\"attachment-full size-full wp-image-2931\" alt=\"bouregreg entretien barques\" \/>\t\t\t\t\t\t\t\t<\/a>\n\t\t\t\t\t\t\t\t\t\t\t\t\t\t\t<\/div>\n\t\t\t\t<\/div>\n\t\t\t\t<div class=\"elementor-element elementor-element-243f4f6 elementor-widget elementor-widget-text-editor\" data-id=\"243f4f6\" data-element_type=\"widget\" data-e-type=\"widget\" data-widget_type=\"text-editor.default\">\n\t\t\t\t<div class=\"elementor-widget-container\">\n\t\t\t\t\t\t\t\t\t<p>Sur la rive droite du Bouregreg, \u00e0 Sal\u00e9, on peut encore entretenir son embarcation sur le sable\u2026<\/p>\t\t\t\t\t\t\t\t<\/div>\n\t\t\t\t<\/div>\n\t\t\t\t\t<\/div>\n\t\t<\/div>\n\t\t\t\t<div class=\"elementor-column elementor-col-25 elementor-top-column elementor-element elementor-element-18fac9b\" data-id=\"18fac9b\" data-element_type=\"column\" data-e-type=\"column\">\n\t\t\t<div class=\"elementor-widget-wrap elementor-element-populated\">\n\t\t\t\t\t\t<div class=\"elementor-element elementor-element-c60619f elementor-widget elementor-widget-image\" data-id=\"c60619f\" data-element_type=\"widget\" data-e-type=\"widget\" data-widget_type=\"image.default\">\n\t\t\t\t<div class=\"elementor-widget-container\">\n\t\t\t\t\t\t\t\t\t\t\t\t\t\t\t\t<a href=\"https:\/\/rabat-maroc.net\/rabat-maroc-V2\/wp-content\/uploads\/2024\/10\/bouregreg-baignade-2-rabat-400-2.jpg\" data-elementor-open-lightbox=\"yes\" data-elementor-lightbox-title=\"bouregreg-baignade-2-rabat-400-2\" data-e-action-hash=\"#elementor-action%3Aaction%3Dlightbox%26settings%3DeyJpZCI6MjkyOSwidXJsIjoiaHR0cHM6XC9cL3JhYmF0LW1hcm9jLm5ldFwvcmFiYXQtbWFyb2MtVjJcL3dwLWNvbnRlbnRcL3VwbG9hZHNcLzIwMjRcLzEwXC9ib3VyZWdyZWctYmFpZ25hZGUtMi1yYWJhdC00MDAtMi5qcGcifQ%3D%3D\">\n\t\t\t\t\t\t\t<img loading=\"lazy\" decoding=\"async\" width=\"400\" height=\"300\" src=\"https:\/\/rabat-maroc.net\/rabat-maroc-V2\/wp-content\/uploads\/2024\/10\/bouregreg-baignade-2-rabat-400-2.jpg\" class=\"attachment-full size-full wp-image-2929\" alt=\"\" srcset=\"https:\/\/rabat-maroc.net\/rabat-maroc-V2\/wp-content\/uploads\/2024\/10\/bouregreg-baignade-2-rabat-400-2.jpg 400w, https:\/\/rabat-maroc.net\/rabat-maroc-V2\/wp-content\/uploads\/2024\/10\/bouregreg-baignade-2-rabat-400-2-300x225.jpg 300w\" sizes=\"(max-width: 400px) 100vw, 400px\" \/>\t\t\t\t\t\t\t\t<\/a>\n\t\t\t\t\t\t\t\t\t\t\t\t\t\t\t<\/div>\n\t\t\t\t<\/div>\n\t\t\t\t<div class=\"elementor-element elementor-element-dc44320 elementor-widget elementor-widget-text-editor\" data-id=\"dc44320\" data-element_type=\"widget\" data-e-type=\"widget\" data-widget_type=\"text-editor.default\">\n\t\t\t\t<div class=\"elementor-widget-container\">\n\t\t\t\t\t\t\t\t\t<p>Pour les jeunes Rbatis et Slaouis, le Bouregreg est ind\u00e9fectible : la baignade dans le Bouregreg restera leur distraction pr\u00e9f\u00e8r\u00e9e.<\/p>\t\t\t\t\t\t\t\t<\/div>\n\t\t\t\t<\/div>\n\t\t\t\t\t<\/div>\n\t\t<\/div>\n\t\t\t\t<div class=\"elementor-column elementor-col-25 elementor-top-column elementor-element elementor-element-b044d55\" data-id=\"b044d55\" data-element_type=\"column\" data-e-type=\"column\">\n\t\t\t<div class=\"elementor-widget-wrap elementor-element-populated\">\n\t\t\t\t\t\t<div class=\"elementor-element elementor-element-7bc0ea2 elementor-widget elementor-widget-image\" data-id=\"7bc0ea2\" data-element_type=\"widget\" data-e-type=\"widget\" data-widget_type=\"image.default\">\n\t\t\t\t<div class=\"elementor-widget-container\">\n\t\t\t\t\t\t\t\t\t\t\t\t\t\t\t\t<a href=\"https:\/\/rabat-maroc.net\/rabat-maroc-V2\/wp-content\/uploads\/2024\/10\/bouregreg-barcasse-plaisance-jetski-400.jpg\" data-elementor-open-lightbox=\"yes\" data-elementor-lightbox-title=\"bouregreg-barcasse-plaisance-jetski-400\" data-e-action-hash=\"#elementor-action%3Aaction%3Dlightbox%26settings%3DeyJpZCI6MjkzMCwidXJsIjoiaHR0cHM6XC9cL3JhYmF0LW1hcm9jLm5ldFwvcmFiYXQtbWFyb2MtVjJcL3dwLWNvbnRlbnRcL3VwbG9hZHNcLzIwMjRcLzEwXC9ib3VyZWdyZWctYmFyY2Fzc2UtcGxhaXNhbmNlLWpldHNraS00MDAuanBnIn0%3D\">\n\t\t\t\t\t\t\t<img loading=\"lazy\" decoding=\"async\" width=\"400\" height=\"300\" src=\"https:\/\/rabat-maroc.net\/rabat-maroc-V2\/wp-content\/uploads\/2024\/10\/bouregreg-barcasse-plaisance-jetski-400.jpg\" class=\"attachment-full size-full wp-image-2930\" alt=\"\" srcset=\"https:\/\/rabat-maroc.net\/rabat-maroc-V2\/wp-content\/uploads\/2024\/10\/bouregreg-barcasse-plaisance-jetski-400.jpg 400w, https:\/\/rabat-maroc.net\/rabat-maroc-V2\/wp-content\/uploads\/2024\/10\/bouregreg-barcasse-plaisance-jetski-400-300x225.jpg 300w\" sizes=\"(max-width: 400px) 100vw, 400px\" \/>\t\t\t\t\t\t\t\t<\/a>\n\t\t\t\t\t\t\t\t\t\t\t\t\t\t\t<\/div>\n\t\t\t\t<\/div>\n\t\t\t\t<div class=\"elementor-element elementor-element-a0f566d elementor-widget elementor-widget-text-editor\" data-id=\"a0f566d\" data-element_type=\"widget\" data-e-type=\"widget\" data-widget_type=\"text-editor.default\">\n\t\t\t\t<div class=\"elementor-widget-container\">\n\t\t\t\t\t\t\t\t\t<p>D\u00e9riveur, jet-skis, barques de passeur, bateaux de p\u00eache\u2026 la navigation disparate provoque souvent des heurts toujours vite dissip\u00e9s.<\/p>\t\t\t\t\t\t\t\t<\/div>\n\t\t\t\t<\/div>\n\t\t\t\t\t<\/div>\n\t\t<\/div>\n\t\t\t\t\t<\/div>\n\t\t<\/section>\n\t\t<div class=\"elementor-element elementor-element-9f75ce1 e-flex e-con-boxed e-con e-parent\" data-id=\"9f75ce1\" data-element_type=\"container\" data-e-type=\"container\">\n\t\t\t\t\t<div class=\"e-con-inner\">\n\t\t\t\t<div class=\"elementor-element elementor-element-72e2d10 elementor-widget-divider--view-line elementor-widget elementor-widget-divider\" data-id=\"72e2d10\" data-element_type=\"widget\" data-e-type=\"widget\" data-widget_type=\"divider.default\">\n\t\t\t\t<div class=\"elementor-widget-container\">\n\t\t\t\t\t\t\t<div class=\"elementor-divider\">\n\t\t\t<span class=\"elementor-divider-separator\">\n\t\t\t\t\t\t<\/span>\n\t\t<\/div>\n\t\t\t\t\t\t<\/div>\n\t\t\t\t<\/div>\n\t\t\t\t\t<\/div>\n\t\t\t\t<\/div>\n\t\t\t\t<section class=\"elementor-section elementor-top-section elementor-element elementor-element-0986dff elementor-section-content-middle elementor-section-boxed elementor-section-height-default elementor-section-height-default\" data-id=\"0986dff\" data-element_type=\"section\" data-e-type=\"section\" data-settings=\"{&quot;background_background&quot;:&quot;classic&quot;}\">\n\t\t\t\t\t\t\t<div class=\"elementor-background-overlay\"><\/div>\n\t\t\t\t\t\t\t<div class=\"elementor-container elementor-column-gap-no\">\n\t\t\t\t\t<div class=\"elementor-column elementor-col-33 elementor-top-column elementor-element elementor-element-7c412d4\" data-id=\"7c412d4\" data-element_type=\"column\" data-e-type=\"column\">\n\t\t\t<div class=\"elementor-widget-wrap elementor-element-populated\">\n\t\t\t\t\t\t<div class=\"elementor-element elementor-element-93937dc elementor-widget elementor-widget-image\" data-id=\"93937dc\" data-element_type=\"widget\" data-e-type=\"widget\" data-widget_type=\"image.default\">\n\t\t\t\t<div class=\"elementor-widget-container\">\n\t\t\t\t\t\t\t\t\t\t\t\t\t\t\t\t<a href=\"https:\/\/rabat-maroc.net\/rabat-maroc-V2\/wp-content\/uploads\/2024\/10\/port-atlantique-sale-500pix-large.jpg\" data-elementor-open-lightbox=\"yes\" data-elementor-lightbox-title=\"port-atlantique-sale-500pix-large\" data-e-action-hash=\"#elementor-action%3Aaction%3Dlightbox%26settings%3DeyJpZCI6Mjk0MCwidXJsIjoiaHR0cHM6XC9cL3JhYmF0LW1hcm9jLm5ldFwvcmFiYXQtbWFyb2MtVjJcL3dwLWNvbnRlbnRcL3VwbG9hZHNcLzIwMjRcLzEwXC9wb3J0LWF0bGFudGlxdWUtc2FsZS01MDBwaXgtbGFyZ2UuanBnIn0%3D\">\n\t\t\t\t\t\t\t<img loading=\"lazy\" decoding=\"async\" width=\"500\" height=\"283\" src=\"https:\/\/rabat-maroc.net\/rabat-maroc-V2\/wp-content\/uploads\/2024\/10\/port-atlantique-sale-500pix-large.jpg\" class=\"attachment-large size-large wp-image-2940\" alt=\"port atlantique sale\" srcset=\"https:\/\/rabat-maroc.net\/rabat-maroc-V2\/wp-content\/uploads\/2024\/10\/port-atlantique-sale-500pix-large.jpg 500w, https:\/\/rabat-maroc.net\/rabat-maroc-V2\/wp-content\/uploads\/2024\/10\/port-atlantique-sale-500pix-large-300x170.jpg 300w\" sizes=\"(max-width: 500px) 100vw, 500px\" \/>\t\t\t\t\t\t\t\t<\/a>\n\t\t\t\t\t\t\t\t\t\t\t\t\t\t\t<\/div>\n\t\t\t\t<\/div>\n\t\t\t\t<div class=\"elementor-element elementor-element-70fc833 elementor-widget elementor-widget-text-editor\" data-id=\"70fc833\" data-element_type=\"widget\" data-e-type=\"widget\" data-widget_type=\"text-editor.default\">\n\t\t\t\t<div class=\"elementor-widget-container\">\n\t\t\t\t\t\t\t\t\t<div class=\"et_pb_module et_pb_text et_pb_text_7 et_pb_text_align_center et_pb_bg_layout_light\"><div class=\"et_pb_text_inner\"><p>Arriv\u00e9e des p\u00eacheurs au nouveau port de Sal\u00e9.\u00a0Le nouveau port de p\u00eache de Sal\u00e9-Rabat se trouve d\u00e9sormais d\u00e8s l\u2019entr\u00e9e du chenal apr\u00e8s la barre. L\u2019acc\u00e8s est bien plus facile surtout en cas de mauvais temps.<\/p><\/div><\/div><div class=\"et_pb_with_border et_pb_module et_pb_image et_pb_image_9\">\u00a0<\/div>\t\t\t\t\t\t\t\t<\/div>\n\t\t\t\t<\/div>\n\t\t\t\t\t<\/div>\n\t\t<\/div>\n\t\t\t\t<div class=\"elementor-column elementor-col-33 elementor-top-column elementor-element elementor-element-a23d588\" data-id=\"a23d588\" data-element_type=\"column\" data-e-type=\"column\">\n\t\t\t<div class=\"elementor-widget-wrap elementor-element-populated\">\n\t\t\t\t\t\t<div class=\"elementor-element elementor-element-6282d76 elementor-widget elementor-widget-image\" data-id=\"6282d76\" data-element_type=\"widget\" data-e-type=\"widget\" data-widget_type=\"image.default\">\n\t\t\t\t<div class=\"elementor-widget-container\">\n\t\t\t\t\t\t\t\t\t\t\t\t\t\t\t\t<a href=\"https:\/\/rabat-maroc.net\/rabat-maroc-V2\/wp-content\/uploads\/2024\/10\/pecheurs-retrour-sale-mouettes.jpg\" data-elementor-open-lightbox=\"yes\" data-elementor-lightbox-title=\"pecheurs-retrour-sale-mouettes\" data-e-action-hash=\"#elementor-action%3Aaction%3Dlightbox%26settings%3DeyJpZCI6MjkzOSwidXJsIjoiaHR0cHM6XC9cL3JhYmF0LW1hcm9jLm5ldFwvcmFiYXQtbWFyb2MtVjJcL3dwLWNvbnRlbnRcL3VwbG9hZHNcLzIwMjRcLzEwXC9wZWNoZXVycy1yZXRyb3VyLXNhbGUtbW91ZXR0ZXMuanBnIn0%3D\">\n\t\t\t\t\t\t\t<img loading=\"lazy\" decoding=\"async\" width=\"800\" height=\"600\" src=\"https:\/\/rabat-maroc.net\/rabat-maroc-V2\/wp-content\/uploads\/2024\/10\/pecheurs-retrour-sale-mouettes.jpg\" class=\"attachment-large size-large wp-image-2939\" alt=\"pecheurs retour sale mouettes\" srcset=\"https:\/\/rabat-maroc.net\/rabat-maroc-V2\/wp-content\/uploads\/2024\/10\/pecheurs-retrour-sale-mouettes.jpg 800w, https:\/\/rabat-maroc.net\/rabat-maroc-V2\/wp-content\/uploads\/2024\/10\/pecheurs-retrour-sale-mouettes-300x225.jpg 300w, https:\/\/rabat-maroc.net\/rabat-maroc-V2\/wp-content\/uploads\/2024\/10\/pecheurs-retrour-sale-mouettes-768x576.jpg 768w\" sizes=\"(max-width: 800px) 100vw, 800px\" \/>\t\t\t\t\t\t\t\t<\/a>\n\t\t\t\t\t\t\t\t\t\t\t\t\t\t\t<\/div>\n\t\t\t\t<\/div>\n\t\t\t\t<div class=\"elementor-element elementor-element-ed4d6e5 elementor-widget elementor-widget-text-editor\" data-id=\"ed4d6e5\" data-element_type=\"widget\" data-e-type=\"widget\" data-widget_type=\"text-editor.default\">\n\t\t\t\t<div class=\"elementor-widget-container\">\n\t\t\t\t\t\t\t\t\t<p>L\u2019arriv\u00e9e des p\u00eacheurs sur les rives du Bouregreg \u00e0 Sal\u00e9 est toujours un spectacle plein de couleurs\u2026<\/p>\t\t\t\t\t\t\t\t<\/div>\n\t\t\t\t<\/div>\n\t\t\t\t\t<\/div>\n\t\t<\/div>\n\t\t\t\t<div class=\"elementor-column elementor-col-33 elementor-top-column elementor-element elementor-element-d536ceb\" data-id=\"d536ceb\" data-element_type=\"column\" data-e-type=\"column\">\n\t\t\t<div class=\"elementor-widget-wrap elementor-element-populated\">\n\t\t\t\t\t\t<div class=\"elementor-element elementor-element-a6a4ed3 elementor-widget elementor-widget-image\" data-id=\"a6a4ed3\" data-element_type=\"widget\" data-e-type=\"widget\" data-widget_type=\"image.default\">\n\t\t\t\t<div class=\"elementor-widget-container\">\n\t\t\t\t\t\t\t\t\t\t\t\t\t\t\t\t<a href=\"https:\/\/rabat-maroc.net\/rabat-maroc-V2\/wp-content\/uploads\/2024\/10\/pecheur-quais-bouregreg-oudayas-2-400-2.jpg\" data-elementor-open-lightbox=\"yes\" data-elementor-lightbox-title=\"pecheur-quais-bouregreg-oudayas-2-400-2\" data-e-action-hash=\"#elementor-action%3Aaction%3Dlightbox%26settings%3DeyJpZCI6MjkzOCwidXJsIjoiaHR0cHM6XC9cL3JhYmF0LW1hcm9jLm5ldFwvcmFiYXQtbWFyb2MtVjJcL3dwLWNvbnRlbnRcL3VwbG9hZHNcLzIwMjRcLzEwXC9wZWNoZXVyLXF1YWlzLWJvdXJlZ3JlZy1vdWRheWFzLTItNDAwLTIuanBnIn0%3D\">\n\t\t\t\t\t\t\t<img loading=\"lazy\" decoding=\"async\" width=\"400\" height=\"300\" src=\"https:\/\/rabat-maroc.net\/rabat-maroc-V2\/wp-content\/uploads\/2024\/10\/pecheur-quais-bouregreg-oudayas-2-400-2.jpg\" class=\"attachment-large size-large wp-image-2938\" alt=\"\" srcset=\"https:\/\/rabat-maroc.net\/rabat-maroc-V2\/wp-content\/uploads\/2024\/10\/pecheur-quais-bouregreg-oudayas-2-400-2.jpg 400w, https:\/\/rabat-maroc.net\/rabat-maroc-V2\/wp-content\/uploads\/2024\/10\/pecheur-quais-bouregreg-oudayas-2-400-2-300x225.jpg 300w\" sizes=\"(max-width: 400px) 100vw, 400px\" \/>\t\t\t\t\t\t\t\t<\/a>\n\t\t\t\t\t\t\t\t\t\t\t\t\t\t\t<\/div>\n\t\t\t\t<\/div>\n\t\t\t\t<div class=\"elementor-element elementor-element-4da7fc7 elementor-widget elementor-widget-text-editor\" data-id=\"4da7fc7\" data-element_type=\"widget\" data-e-type=\"widget\" data-widget_type=\"text-editor.default\">\n\t\t\t\t<div class=\"elementor-widget-container\">\n\t\t\t\t\t\t\t\t\t<p>La p\u00eache \u00e0 la ligne sur les rives du Bouregreg est redevenue tendance, depuis que les eaux plus saines ont retrouv\u00e9 une faune plus abondante.<\/p>\t\t\t\t\t\t\t\t<\/div>\n\t\t\t\t<\/div>\n\t\t\t\t\t<\/div>\n\t\t<\/div>\n\t\t\t\t\t<\/div>\n\t\t<\/section>\n\t\t<div class=\"elementor-element elementor-element-b5e37af e-flex e-con-boxed e-con e-parent\" data-id=\"b5e37af\" data-element_type=\"container\" data-e-type=\"container\">\n\t\t\t\t\t<div class=\"e-con-inner\">\n\t\t\t\t<div class=\"elementor-element elementor-element-21f8b88 elementor-widget-divider--view-line elementor-widget elementor-widget-divider\" data-id=\"21f8b88\" data-element_type=\"widget\" data-e-type=\"widget\" data-widget_type=\"divider.default\">\n\t\t\t\t<div class=\"elementor-widget-container\">\n\t\t\t\t\t\t\t<div class=\"elementor-divider\">\n\t\t\t<span class=\"elementor-divider-separator\">\n\t\t\t\t\t\t<\/span>\n\t\t<\/div>\n\t\t\t\t\t\t<\/div>\n\t\t\t\t<\/div>\n\t\t\t\t\t<\/div>\n\t\t\t\t<\/div>\n\t\t\t\t<section class=\"elementor-section elementor-top-section elementor-element elementor-element-89d2ec3 elementor-section-content-middle elementor-section-boxed elementor-section-height-default elementor-section-height-default elementor-invisible\" data-id=\"89d2ec3\" data-element_type=\"section\" data-e-type=\"section\" data-settings=\"{&quot;background_background&quot;:&quot;classic&quot;,&quot;animation&quot;:&quot;bounceInUp&quot;}\">\n\t\t\t\t\t\t\t<div class=\"elementor-background-overlay\"><\/div>\n\t\t\t\t\t\t\t<div class=\"elementor-container elementor-column-gap-no\">\n\t\t\t\t\t<div class=\"elementor-column elementor-col-50 elementor-top-column elementor-element elementor-element-756bd51\" data-id=\"756bd51\" data-element_type=\"column\" data-e-type=\"column\">\n\t\t\t<div class=\"elementor-widget-wrap elementor-element-populated\">\n\t\t\t\t\t\t<div class=\"elementor-element elementor-element-0e295de elementor-widget elementor-widget-image\" data-id=\"0e295de\" data-element_type=\"widget\" data-e-type=\"widget\" data-widget_type=\"image.default\">\n\t\t\t\t<div class=\"elementor-widget-container\">\n\t\t\t\t\t\t\t\t\t\t\t\t\t\t\t\t<a href=\"https:\/\/rabat-maroc.net\/rabat-maroc-V2\/wp-content\/uploads\/2024\/10\/Panorama-23-Vallee-du-Bouregreg-derriere-chellah-2.jpg\" data-elementor-open-lightbox=\"yes\" data-elementor-lightbox-title=\"Panorama-23-Vallee-du-Bouregreg-derriere-chellah-2\" data-e-action-hash=\"#elementor-action%3Aaction%3Dlightbox%26settings%3DeyJpZCI6MjkzNywidXJsIjoiaHR0cHM6XC9cL3JhYmF0LW1hcm9jLm5ldFwvcmFiYXQtbWFyb2MtVjJcL3dwLWNvbnRlbnRcL3VwbG9hZHNcLzIwMjRcLzEwXC9QYW5vcmFtYS0yMy1WYWxsZWUtZHUtQm91cmVncmVnLWRlcnJpZXJlLWNoZWxsYWgtMi5qcGcifQ%3D%3D\">\n\t\t\t\t\t\t\t<img loading=\"lazy\" decoding=\"async\" width=\"900\" height=\"177\" src=\"https:\/\/rabat-maroc.net\/rabat-maroc-V2\/wp-content\/uploads\/2024\/10\/Panorama-23-Vallee-du-Bouregreg-derriere-chellah-2.jpg\" class=\"attachment-full size-full wp-image-2937\" alt=\"panorama 23 vallee du Bouregreg derrire chellah\" srcset=\"https:\/\/rabat-maroc.net\/rabat-maroc-V2\/wp-content\/uploads\/2024\/10\/Panorama-23-Vallee-du-Bouregreg-derriere-chellah-2.jpg 900w, https:\/\/rabat-maroc.net\/rabat-maroc-V2\/wp-content\/uploads\/2024\/10\/Panorama-23-Vallee-du-Bouregreg-derriere-chellah-2-300x59.jpg 300w, https:\/\/rabat-maroc.net\/rabat-maroc-V2\/wp-content\/uploads\/2024\/10\/Panorama-23-Vallee-du-Bouregreg-derriere-chellah-2-768x151.jpg 768w\" sizes=\"(max-width: 900px) 100vw, 900px\" \/>\t\t\t\t\t\t\t\t<\/a>\n\t\t\t\t\t\t\t\t\t\t\t\t\t\t\t<\/div>\n\t\t\t\t<\/div>\n\t\t\t\t\t<\/div>\n\t\t<\/div>\n\t\t\t\t<div class=\"elementor-column elementor-col-50 elementor-top-column elementor-element elementor-element-c5be1d7\" data-id=\"c5be1d7\" data-element_type=\"column\" data-e-type=\"column\">\n\t\t\t<div class=\"elementor-widget-wrap elementor-element-populated\">\n\t\t\t\t\t\t<div class=\"elementor-element elementor-element-bf350ce elementor-widget elementor-widget-text-editor\" data-id=\"bf350ce\" data-element_type=\"widget\" data-e-type=\"widget\" data-widget_type=\"text-editor.default\">\n\t\t\t\t<div class=\"elementor-widget-container\">\n\t\t\t\t\t\t\t\t\t<div class=\"et_pb_column et_pb_column_1_2 et_pb_column_18  et_pb_css_mix_blend_mode_passthrough\"><div class=\"et_pb_module et_pb_text et_pb_text_20  et_pb_text_align_left et_pb_bg_layout_light\"><div class=\"et_pb_text_inner\"><p>Entre le bassin du barrage Sidi Mohammed Ben Abdallah et l\u2019embouchure, le Bouregreg serpente dans de larges m\u00e9andres \u00e0 travers les marais.\u00a0Dans la plaine de l\u2019Oulja,\u00a0l\u2019urbanisation g\u00e9n\u00e9r\u00e9e par l\u2019am\u00e9nagement de la vall\u00e9e a provoqu\u00e9 le d\u00e9part des activit\u00e9s traditionnelles artisanales pr\u00e9tendument polluantes\u00a0et la disparition de terrains\u00a0agricoles consid\u00e9r\u00e9s comme peu rentables. La d\u00e9charge du plateau d\u2019Akreuch en surplomb de la vall\u00e9e a \u00e9t\u00e9 supprim\u00e9e, ce qui a grandement contribu\u00e9 \u00e0 am\u00e9liorer la qualit\u00e9 des eaux du Bouregreg en m\u00eame temps que la captation des rejets\u00a0sauvages\u00a0d\u2019eaux us\u00e9es\u00a0 vers le r\u00e9seau d\u2019assainissement existant.<\/p><\/div><\/div><\/div><div class=\"et_pb_column et_pb_column_1_2 et_pb_column_19  et_pb_css_mix_blend_mode_passthrough et-last-child\"><div class=\"et_pb_with_border et_pb_module et_pb_image et_pb_image_20\">\u00a0<\/div><\/div>\t\t\t\t\t\t\t\t<\/div>\n\t\t\t\t<\/div>\n\t\t\t\t\t<\/div>\n\t\t<\/div>\n\t\t\t\t\t<\/div>\n\t\t<\/section>\n\t\t\t\t<section class=\"elementor-section elementor-top-section elementor-element elementor-element-3wio8z2 elementor-section-content-middle elementor-reverse-mobile elementor-section-boxed elementor-section-height-default elementor-section-height-default elementor-invisible\" data-id=\"3wio8z2\" data-element_type=\"section\" data-e-type=\"section\" data-settings=\"{&quot;background_background&quot;:&quot;classic&quot;,&quot;animation&quot;:&quot;bounceInUp&quot;}\">\n\t\t\t\t\t\t\t<div class=\"elementor-background-overlay\"><\/div>\n\t\t\t\t\t\t\t<div class=\"elementor-container elementor-column-gap-no\">\n\t\t\t\t\t<div class=\"elementor-column elementor-col-50 elementor-top-column elementor-element elementor-element-0c36485\" data-id=\"0c36485\" data-element_type=\"column\" data-e-type=\"column\">\n\t\t\t<div class=\"elementor-widget-wrap elementor-element-populated\">\n\t\t\t\t\t\t<div class=\"elementor-element elementor-element-de68298 elementor-widget elementor-widget-text-editor\" data-id=\"de68298\" data-element_type=\"widget\" data-e-type=\"widget\" data-widget_type=\"text-editor.default\">\n\t\t\t\t<div class=\"elementor-widget-container\">\n\t\t\t\t\t\t\t\t\t<p>Le nouveau port de p\u00eache de Sal\u00e9, s\u2019il n\u2019est pas l\u2019ouvrage le plus spectaculaire de l\u2019am\u00e9nagement de la vall\u00e9e du Bouregreg est une r\u00e9alisation attendue par les professionnels, m\u00eame s\u2019il est sans doute sous-dimensionn\u00e9.\u00a0Ce port, r\u00e9alis\u00e9 en partenariat avec l\u2019Office National de la P\u00eache, comprend une nouvelle plateforme destin\u00e9e \u00e0 recevoir\u00a0 \u00e9quipements et mat\u00e9riels de travail\u00a0(moteurs, filets, etc.) et 58 boxes individuels pour stocker l\u2019attirail des p\u00eacheurs (source :\u00a0HAMIDI Le\u00efla, \u00e9tude \u201c<a href=\"http:\/\/www.applis.univ-tours.fr\/scd\/EPU_DA\/2011PFE_HAMIDI.Leila.pdf\"><i>Le projet d\u2019am\u00e9nagement de la vall\u00e9e du Bouregreg, un projet social ?<\/i><\/a><em>)<\/em><\/p>\t\t\t\t\t\t\t\t<\/div>\n\t\t\t\t<\/div>\n\t\t\t\t\t<\/div>\n\t\t<\/div>\n\t\t\t\t<div class=\"elementor-column elementor-col-50 elementor-top-column elementor-element elementor-element-26fcf8e\" data-id=\"26fcf8e\" data-element_type=\"column\" data-e-type=\"column\">\n\t\t\t<div class=\"elementor-widget-wrap elementor-element-populated\">\n\t\t\t\t\t\t<div class=\"elementor-element elementor-element-ff4cfca elementor-widget elementor-widget-image\" data-id=\"ff4cfca\" data-element_type=\"widget\" data-e-type=\"widget\" data-widget_type=\"image.default\">\n\t\t\t\t<div class=\"elementor-widget-container\">\n\t\t\t\t\t\t\t\t\t\t\t\t\t\t\t\t<a href=\"https:\/\/rabat-maroc.net\/rabat-maroc-V2\/wp-content\/uploads\/2024\/10\/port-de-peche-sale-2019-1080-2.jpg\" data-elementor-open-lightbox=\"yes\" data-elementor-lightbox-title=\"port-de-peche-sale-2019-1080-2\" data-e-action-hash=\"#elementor-action%3Aaction%3Dlightbox%26settings%3DeyJpZCI6Mjk0MSwidXJsIjoiaHR0cHM6XC9cL3JhYmF0LW1hcm9jLm5ldFwvcmFiYXQtbWFyb2MtVjJcL3dwLWNvbnRlbnRcL3VwbG9hZHNcLzIwMjRcLzEwXC9wb3J0LWRlLXBlY2hlLXNhbGUtMjAxOS0xMDgwLTIuanBnIn0%3D\">\n\t\t\t\t\t\t\t<img loading=\"lazy\" decoding=\"async\" width=\"1024\" height=\"318\" src=\"https:\/\/rabat-maroc.net\/rabat-maroc-V2\/wp-content\/uploads\/2024\/10\/port-de-peche-sale-2019-1080-2-1024x318.jpg\" class=\"attachment-large size-large wp-image-2941\" alt=\"\" srcset=\"https:\/\/rabat-maroc.net\/rabat-maroc-V2\/wp-content\/uploads\/2024\/10\/port-de-peche-sale-2019-1080-2-1024x318.jpg 1024w, https:\/\/rabat-maroc.net\/rabat-maroc-V2\/wp-content\/uploads\/2024\/10\/port-de-peche-sale-2019-1080-2-300x93.jpg 300w, https:\/\/rabat-maroc.net\/rabat-maroc-V2\/wp-content\/uploads\/2024\/10\/port-de-peche-sale-2019-1080-2-768x238.jpg 768w, https:\/\/rabat-maroc.net\/rabat-maroc-V2\/wp-content\/uploads\/2024\/10\/port-de-peche-sale-2019-1080-2.jpg 1080w\" sizes=\"(max-width: 1024px) 100vw, 1024px\" \/>\t\t\t\t\t\t\t\t<\/a>\n\t\t\t\t\t\t\t\t\t\t\t\t\t\t\t<\/div>\n\t\t\t\t<\/div>\n\t\t\t\t\t<\/div>\n\t\t<\/div>\n\t\t\t\t\t<\/div>\n\t\t<\/section>\n\t\t<div class=\"elementor-element elementor-element-3980804 e-flex e-con-boxed e-con e-parent\" data-id=\"3980804\" data-element_type=\"container\" data-e-type=\"container\">\n\t\t\t\t\t<div class=\"e-con-inner\">\n\t\t\t\t<div class=\"elementor-element elementor-element-e1d55b2 elementor-widget-divider--view-line elementor-widget elementor-widget-divider\" data-id=\"e1d55b2\" data-element_type=\"widget\" data-e-type=\"widget\" data-widget_type=\"divider.default\">\n\t\t\t\t<div class=\"elementor-widget-container\">\n\t\t\t\t\t\t\t<div class=\"elementor-divider\">\n\t\t\t<span class=\"elementor-divider-separator\">\n\t\t\t\t\t\t<\/span>\n\t\t<\/div>\n\t\t\t\t\t\t<\/div>\n\t\t\t\t<\/div>\n\t\t\t\t\t<\/div>\n\t\t\t\t<\/div>\n\t\t\t\t<\/div>\n\t\t","protected":false},"excerpt":{"rendered":"<p>Rabat de Lyautey \u00e0 Mohammed VI portail de Rabat, tourisme, histoire et culture. Plus d&rsquo;information BOUREGREG, fleuve charg\u00e9 d\u2019histoire Le Bouregreg en 2004, c\u2019\u00e9tait avant l\u2019am\u00e9nagement de la Vall\u00e9e du Bouregreg\u2026 LE BOUREGREG AVANT SA TRANSFORMATION C&lsquo;est \u00e0 l\u2019oued Bouregreg que Rabat et Sal\u00e9 doivent leur naissance, il y a plus de vingt si\u00e8cles. Jeune [&hellip;]<\/p>\n","protected":false},"author":1,"featured_media":0,"parent":0,"menu_order":0,"comment_status":"closed","ping_status":"closed","template":"","meta":{"_uag_custom_page_level_css":"","_monsterinsights_skip_tracking":false,"_monsterinsights_sitenote_active":false,"_monsterinsights_sitenote_note":"","_monsterinsights_sitenote_category":0,"_uf_show_specific_survey":0,"_uf_disable_surveys":false,"site-sidebar-layout":"no-sidebar","site-content-layout":"plain-container","ast-site-content-layout":"full-width-container","site-content-style":"unboxed","site-sidebar-style":"unboxed","ast-global-header-display":"","ast-banner-title-visibility":"","ast-main-header-display":"","ast-hfb-above-header-display":"","ast-hfb-below-header-display":"","ast-hfb-mobile-header-display":"","site-post-title":"disabled","ast-breadcrumbs-content":"","ast-featured-img":"","footer-sml-layout":"","theme-transparent-header-meta":"enabled","adv-header-id-meta":"","stick-header-meta":"","header-above-stick-meta":"","header-main-stick-meta":"","header-below-stick-meta":"","astra-migrate-meta-layouts":"set","ast-page-background-enabled":"default","ast-page-background-meta":{"desktop":{"background-color":"","background-image":"","background-repeat":"repeat","background-position":"center center","background-size":"auto","background-attachment":"scroll","background-type":"","background-media":"","overlay-type":"","overlay-color":"","overlay-opacity":"","overlay-gradient":""},"tablet":{"background-color":"","background-image":"","background-repeat":"repeat","background-position":"center center","background-size":"auto","background-attachment":"scroll","background-type":"","background-media":"","overlay-type":"","overlay-color":"","overlay-opacity":"","overlay-gradient":""},"mobile":{"background-color":"","background-image":"","background-repeat":"repeat","background-position":"center center","background-size":"auto","background-attachment":"scroll","background-type":"","background-media":"","overlay-type":"","overlay-color":"","overlay-opacity":"","overlay-gradient":""}},"ast-content-background-meta":{"desktop":{"background-color":"var(--ast-global-color-5)","background-image":"","background-repeat":"repeat","background-position":"center center","background-size":"auto","background-attachment":"scroll","background-type":"","background-media":"","overlay-type":"","overlay-color":"","overlay-opacity":"","overlay-gradient":""},"tablet":{"background-color":"var(--ast-global-color-5)","background-image":"","background-repeat":"repeat","background-position":"center center","background-size":"auto","background-attachment":"scroll","background-type":"","background-media":"","overlay-type":"","overlay-color":"","overlay-opacity":"","overlay-gradient":""},"mobile":{"background-color":"var(--ast-global-color-5)","background-image":"","background-repeat":"repeat","background-position":"center center","background-size":"auto","background-attachment":"scroll","background-type":"","background-media":"","overlay-type":"","overlay-color":"","overlay-opacity":"","overlay-gradient":""}},"footnotes":""},"class_list":["post-2920","page","type-page","status-publish","hentry"],"aioseo_notices":[],"uagb_featured_image_src":{"full":false,"thumbnail":false,"medium":false,"medium_large":false,"large":false,"1536x1536":false,"2048x2048":false},"uagb_author_info":{"display_name":"wmetequkjwqb","author_link":"https:\/\/rabat-maroc.net\/rabat-maroc-V2\/author\/wmetequkjwqb\/"},"uagb_comment_info":0,"uagb_excerpt":"Rabat de Lyautey \u00e0 Mohammed VI portail de Rabat, tourisme, histoire et culture. Plus d&rsquo;information BOUREGREG, fleuve charg\u00e9 d\u2019histoire Le Bouregreg en 2004, c\u2019\u00e9tait avant l\u2019am\u00e9nagement de la Vall\u00e9e du Bouregreg\u2026 LE BOUREGREG AVANT SA TRANSFORMATION C&lsquo;est \u00e0 l\u2019oued Bouregreg que Rabat et Sal\u00e9 doivent leur naissance, il y a plus de vingt si\u00e8cles. Jeune\u2026","jetpack_sharing_enabled":true,"_links":{"self":[{"href":"https:\/\/rabat-maroc.net\/rabat-maroc-V2\/wp-json\/wp\/v2\/pages\/2920","targetHints":{"allow":["GET"]}}],"collection":[{"href":"https:\/\/rabat-maroc.net\/rabat-maroc-V2\/wp-json\/wp\/v2\/pages"}],"about":[{"href":"https:\/\/rabat-maroc.net\/rabat-maroc-V2\/wp-json\/wp\/v2\/types\/page"}],"author":[{"embeddable":true,"href":"https:\/\/rabat-maroc.net\/rabat-maroc-V2\/wp-json\/wp\/v2\/users\/1"}],"replies":[{"embeddable":true,"href":"https:\/\/rabat-maroc.net\/rabat-maroc-V2\/wp-json\/wp\/v2\/comments?post=2920"}],"version-history":[{"count":172,"href":"https:\/\/rabat-maroc.net\/rabat-maroc-V2\/wp-json\/wp\/v2\/pages\/2920\/revisions"}],"predecessor-version":[{"id":6465,"href":"https:\/\/rabat-maroc.net\/rabat-maroc-V2\/wp-json\/wp\/v2\/pages\/2920\/revisions\/6465"}],"wp:attachment":[{"href":"https:\/\/rabat-maroc.net\/rabat-maroc-V2\/wp-json\/wp\/v2\/media?parent=2920"}],"curies":[{"name":"wp","href":"https:\/\/api.w.org\/{rel}","templated":true}]}}