{"id":3655,"date":"2024-10-22T14:40:26","date_gmt":"2024-10-22T14:40:26","guid":{"rendered":"https:\/\/rabat-maroc.net\/rabat-maroc-V2\/?page_id=3655"},"modified":"2024-10-22T14:56:53","modified_gmt":"2024-10-22T14:56:53","slug":"dates-cles-1927-1934","status":"publish","type":"page","link":"https:\/\/rabat-maroc.net\/rabat-maroc-V2\/dates-cles-1927-1934\/","title":{"rendered":"dates-cles-1927-1934"},"content":{"rendered":"\t\t<div data-elementor-type=\"wp-page\" data-elementor-id=\"3655\" class=\"elementor elementor-3655\">\n\t\t\t\t\t\t<section class=\"elementor-section elementor-top-section elementor-element elementor-element-wt2f15w elementor-section-boxed elementor-section-height-default elementor-section-height-default\" data-id=\"wt2f15w\" data-element_type=\"section\" data-e-type=\"section\" data-settings=\"{&quot;background_background&quot;:&quot;classic&quot;}\">\n\t\t\t\t\t\t\t<div class=\"elementor-background-overlay\"><\/div>\n\t\t\t\t\t\t\t<div class=\"elementor-container elementor-column-gap-default\">\n\t\t\t\t\t<div class=\"elementor-column elementor-col-100 elementor-top-column elementor-element elementor-element-78af2ff\" data-id=\"78af2ff\" data-element_type=\"column\" data-e-type=\"column\">\n\t\t\t<div class=\"elementor-widget-wrap elementor-element-populated\">\n\t\t\t\t\t\t<div class=\"elementor-element elementor-element-58ba8f4 elementor-widget elementor-widget-heading\" data-id=\"58ba8f4\" data-element_type=\"widget\" data-e-type=\"widget\" data-widget_type=\"heading.default\">\n\t\t\t\t<div class=\"elementor-widget-container\">\n\t\t\t\t\t<h1 class=\"elementor-heading-title elementor-size-default\">Rabat de Lyautey \u00e0 Mohammed VI<\/h1>\t\t\t\t<\/div>\n\t\t\t\t<\/div>\n\t\t\t\t<div class=\"elementor-element elementor-element-97cc7d6 elementor-widget elementor-widget-text-editor\" data-id=\"97cc7d6\" data-element_type=\"widget\" data-e-type=\"widget\" data-widget_type=\"text-editor.default\">\n\t\t\t\t<div class=\"elementor-widget-container\">\n\t\t\t\t\t\t\t\t\t<p>portail de Rabat, tourisme, histoire et culture.<\/p>\t\t\t\t\t\t\t\t<\/div>\n\t\t\t\t<\/div>\n\t\t\t\t<div class=\"elementor-element elementor-element-c4c3581 elementor-align-center elementor-widget elementor-widget-button\" data-id=\"c4c3581\" data-element_type=\"widget\" data-e-type=\"widget\" data-widget_type=\"button.default\">\n\t\t\t\t<div class=\"elementor-widget-container\">\n\t\t\t\t\t\t\t\t\t<div class=\"elementor-button-wrapper\">\n\t\t\t\t\t<a class=\"elementor-button elementor-button-link elementor-size-sm\" href=\"#\">\n\t\t\t\t\t\t<span class=\"elementor-button-content-wrapper\">\n\t\t\t\t\t\t\t\t\t<span class=\"elementor-button-text\">Plus d'information<\/span>\n\t\t\t\t\t<\/span>\n\t\t\t\t\t<\/a>\n\t\t\t\t<\/div>\n\t\t\t\t\t\t\t\t<\/div>\n\t\t\t\t<\/div>\n\t\t\t\t\t<\/div>\n\t\t<\/div>\n\t\t\t\t\t<\/div>\n\t\t<\/section>\n\t\t<div class=\"elementor-element elementor-element-b208350 e-flex e-con-boxed e-con e-parent\" data-id=\"b208350\" data-element_type=\"container\" data-e-type=\"container\">\n\t\t\t\t\t<div class=\"e-con-inner\">\n\t\t\t\t<div class=\"elementor-element elementor-element-bed5d70 elementor-widget-divider--view-line elementor-widget elementor-widget-divider\" data-id=\"bed5d70\" data-element_type=\"widget\" data-e-type=\"widget\" data-widget_type=\"divider.default\">\n\t\t\t\t<div class=\"elementor-widget-container\">\n\t\t\t\t\t\t\t<div class=\"elementor-divider\">\n\t\t\t<span class=\"elementor-divider-separator\">\n\t\t\t\t\t\t<\/span>\n\t\t<\/div>\n\t\t\t\t\t\t<\/div>\n\t\t\t\t<\/div>\n\t\t\t\t\t<\/div>\n\t\t\t\t<\/div>\n\t\t\t\t<section class=\"elementor-section elementor-top-section elementor-element elementor-element-13un3ve elementor-section-content-middle elementor-section-boxed elementor-section-height-default elementor-section-height-default elementor-invisible\" data-id=\"13un3ve\" data-element_type=\"section\" data-e-type=\"section\" data-settings=\"{&quot;background_background&quot;:&quot;classic&quot;,&quot;animation&quot;:&quot;zoomInUp&quot;}\">\n\t\t\t\t\t\t\t<div class=\"elementor-background-overlay\"><\/div>\n\t\t\t\t\t\t\t<div class=\"elementor-container elementor-column-gap-no\">\n\t\t\t\t\t<div class=\"elementor-column elementor-col-100 elementor-top-column elementor-element elementor-element-f69add9\" data-id=\"f69add9\" data-element_type=\"column\" data-e-type=\"column\">\n\t\t\t<div class=\"elementor-widget-wrap elementor-element-populated\">\n\t\t\t\t\t\t<div class=\"elementor-element elementor-element-8b7d1ee elementor-widget elementor-widget-image\" data-id=\"8b7d1ee\" data-element_type=\"widget\" data-e-type=\"widget\" data-widget_type=\"image.default\">\n\t\t\t\t<div class=\"elementor-widget-container\">\n\t\t\t\t\t\t\t\t\t\t\t\t\t\t\t<img fetchpriority=\"high\" decoding=\"async\" width=\"1184\" height=\"230\" src=\"https:\/\/rabat-maroc.net\/rabat-maroc-V2\/wp-content\/uploads\/2024\/10\/titre-dates-cles-2-large.gif\" class=\"attachment-full size-full wp-image-3493\" alt=\"titre dates\" \/>\t\t\t\t\t\t\t\t\t\t\t\t\t\t\t<\/div>\n\t\t\t\t<\/div>\n\t\t\t\t<div class=\"elementor-element elementor-element-0c78bee elementor-widget elementor-widget-heading\" data-id=\"0c78bee\" data-element_type=\"widget\" data-e-type=\"widget\" data-widget_type=\"heading.default\">\n\t\t\t\t<div class=\"elementor-widget-container\">\n\t\t\t\t\t<h2 class=\"elementor-heading-title elementor-size-default\">Les dates-cl\u00e9s du protectorat du Maroc : de 1927 \u00e0 1934, la naissance du mouvement nationaliste marocain.\n<\/h2>\t\t\t\t<\/div>\n\t\t\t\t<\/div>\n\t\t\t\t\t<\/div>\n\t\t<\/div>\n\t\t\t\t\t<\/div>\n\t\t<\/section>\n\t\t<div class=\"elementor-element elementor-element-7cc1ed0 e-flex e-con-boxed e-con e-parent\" data-id=\"7cc1ed0\" data-element_type=\"container\" data-e-type=\"container\">\n\t\t\t\t\t<div class=\"e-con-inner\">\n\t\t\t\t<div class=\"elementor-element elementor-element-3381d2e elementor-widget-divider--view-line elementor-widget elementor-widget-divider\" data-id=\"3381d2e\" data-element_type=\"widget\" data-e-type=\"widget\" data-widget_type=\"divider.default\">\n\t\t\t\t<div class=\"elementor-widget-container\">\n\t\t\t\t\t\t\t<div class=\"elementor-divider\">\n\t\t\t<span class=\"elementor-divider-separator\">\n\t\t\t\t\t\t<\/span>\n\t\t<\/div>\n\t\t\t\t\t\t<\/div>\n\t\t\t\t<\/div>\n\t\t\t\t\t<\/div>\n\t\t\t\t<\/div>\n\t\t\t\t<section class=\"elementor-section elementor-top-section elementor-element elementor-element-qqnoxo5 elementor-section-content-top elementor-section-boxed elementor-section-height-default elementor-section-height-default elementor-invisible\" data-id=\"qqnoxo5\" data-element_type=\"section\" data-e-type=\"section\" data-settings=\"{&quot;background_background&quot;:&quot;classic&quot;,&quot;animation&quot;:&quot;zoomInDown&quot;}\">\n\t\t\t\t\t\t\t<div class=\"elementor-background-overlay\"><\/div>\n\t\t\t\t\t\t\t<div class=\"elementor-container elementor-column-gap-wide\">\n\t\t\t\t\t<div class=\"elementor-column elementor-col-25 elementor-top-column elementor-element elementor-element-b0fc45e\" data-id=\"b0fc45e\" data-element_type=\"column\" data-e-type=\"column\">\n\t\t\t<div class=\"elementor-widget-wrap elementor-element-populated\">\n\t\t\t\t\t\t<div class=\"elementor-element elementor-element-db2cdda elementor-widget elementor-widget-video\" data-id=\"db2cdda\" data-element_type=\"widget\" data-e-type=\"widget\" data-settings=\"{&quot;youtube_url&quot;:&quot;https:\\\/\\\/youtu.be\\\/4SrDyTdU06A&quot;,&quot;video_type&quot;:&quot;youtube&quot;,&quot;controls&quot;:&quot;yes&quot;}\" data-widget_type=\"video.default\">\n\t\t\t\t<div class=\"elementor-widget-container\">\n\t\t\t\t\t\t\t<div class=\"elementor-wrapper elementor-open-inline\">\n\t\t\t<div class=\"elementor-video\"><\/div>\t\t<\/div>\n\t\t\t\t\t\t<\/div>\n\t\t\t\t<\/div>\n\t\t\t\t<div class=\"elementor-element elementor-element-673530d elementor-widget elementor-widget-text-editor\" data-id=\"673530d\" data-element_type=\"widget\" data-e-type=\"widget\" data-widget_type=\"text-editor.default\">\n\t\t\t\t<div class=\"elementor-widget-container\">\n\t\t\t\t\t\t\t\t\t<p>12-24 octobre 1930 \u2013 Voyage du pr\u00e9sident Doumergue au Maroc re\u00e7u par le sultan Sidi Mohammed Ben Youssef.<\/p>\t\t\t\t\t\t\t\t<\/div>\n\t\t\t\t<\/div>\n\t\t\t\t\t<\/div>\n\t\t<\/div>\n\t\t\t\t<div class=\"elementor-column elementor-col-25 elementor-top-column elementor-element elementor-element-f633001\" data-id=\"f633001\" data-element_type=\"column\" data-e-type=\"column\">\n\t\t\t<div class=\"elementor-widget-wrap elementor-element-populated\">\n\t\t\t\t\t\t<div class=\"elementor-element elementor-element-2c9b658 elementor-widget elementor-widget-video\" data-id=\"2c9b658\" data-element_type=\"widget\" data-e-type=\"widget\" data-settings=\"{&quot;youtube_url&quot;:&quot;https:\\\/\\\/youtu.be\\\/ganeeEZnVyU&quot;,&quot;video_type&quot;:&quot;youtube&quot;,&quot;controls&quot;:&quot;yes&quot;}\" data-widget_type=\"video.default\">\n\t\t\t\t<div class=\"elementor-widget-container\">\n\t\t\t\t\t\t\t<div class=\"elementor-wrapper elementor-open-inline\">\n\t\t\t<div class=\"elementor-video\"><\/div>\t\t<\/div>\n\t\t\t\t\t\t<\/div>\n\t\t\t\t<\/div>\n\t\t\t\t<div class=\"elementor-element elementor-element-a194d72 elementor-widget elementor-widget-text-editor\" data-id=\"a194d72\" data-element_type=\"widget\" data-e-type=\"widget\" data-widget_type=\"text-editor.default\">\n\t\t\t\t<div class=\"elementor-widget-container\">\n\t\t\t\t\t\t\t\t\t<p>7 Ao\u00fbt 1931 \u2013 exposition coloniale de Paris \u2013 inauguration du pavillon du Maroc par le Sultan Sidi Mohammed Ben Youssef.<\/p>\t\t\t\t\t\t\t\t<\/div>\n\t\t\t\t<\/div>\n\t\t\t\t\t<\/div>\n\t\t<\/div>\n\t\t\t\t<div class=\"elementor-column elementor-col-25 elementor-top-column elementor-element elementor-element-da4fcd5\" data-id=\"da4fcd5\" data-element_type=\"column\" data-e-type=\"column\">\n\t\t\t<div class=\"elementor-widget-wrap elementor-element-populated\">\n\t\t\t\t\t\t<div class=\"elementor-element elementor-element-3a56048 elementor-widget elementor-widget-image\" data-id=\"3a56048\" data-element_type=\"widget\" data-e-type=\"widget\" data-widget_type=\"image.default\">\n\t\t\t\t<div class=\"elementor-widget-container\">\n\t\t\t\t\t\t\t\t\t\t\t\t\t\t\t<img decoding=\"async\" width=\"501\" height=\"636\" src=\"https:\/\/rabat-maroc.net\/rabat-maroc-V2\/wp-content\/uploads\/2024\/10\/sidi-mohammed-expo-coloniale-paris-1930.jpg\" class=\"attachment-full size-full wp-image-3676\" alt=\"sidi mohammed expo coloniale paris\" srcset=\"https:\/\/rabat-maroc.net\/rabat-maroc-V2\/wp-content\/uploads\/2024\/10\/sidi-mohammed-expo-coloniale-paris-1930.jpg 501w, https:\/\/rabat-maroc.net\/rabat-maroc-V2\/wp-content\/uploads\/2024\/10\/sidi-mohammed-expo-coloniale-paris-1930-236x300.jpg 236w\" sizes=\"(max-width: 501px) 100vw, 501px\" \/>\t\t\t\t\t\t\t\t\t\t\t\t\t\t\t<\/div>\n\t\t\t\t<\/div>\n\t\t\t\t\t<\/div>\n\t\t<\/div>\n\t\t\t\t<div class=\"elementor-column elementor-col-25 elementor-top-column elementor-element elementor-element-e3349d8\" data-id=\"e3349d8\" data-element_type=\"column\" data-e-type=\"column\">\n\t\t\t<div class=\"elementor-widget-wrap elementor-element-populated\">\n\t\t\t\t\t\t<div class=\"elementor-element elementor-element-56f1542 elementor-widget elementor-widget-image\" data-id=\"56f1542\" data-element_type=\"widget\" data-e-type=\"widget\" data-widget_type=\"image.default\">\n\t\t\t\t<div class=\"elementor-widget-container\">\n\t\t\t\t\t\t\t\t\t\t\t\t\t\t\t<img decoding=\"async\" width=\"2214\" height=\"1773\" src=\"https:\/\/rabat-maroc.net\/rabat-maroc-V2\/wp-content\/uploads\/2024\/10\/l-action-du-peuple.gif\" class=\"attachment-full size-full wp-image-3674\" alt=\"action du peuple\" \/>\t\t\t\t\t\t\t\t\t\t\t\t\t\t\t<\/div>\n\t\t\t\t<\/div>\n\t\t\t\t\t<\/div>\n\t\t<\/div>\n\t\t\t\t\t<\/div>\n\t\t<\/section>\n\t\t\t\t<section class=\"elementor-section elementor-top-section elementor-element elementor-element-98836b5 elementor-section-content-top elementor-section-boxed elementor-section-height-default elementor-section-height-default elementor-invisible\" data-id=\"98836b5\" data-element_type=\"section\" data-e-type=\"section\" data-settings=\"{&quot;background_background&quot;:&quot;classic&quot;,&quot;animation&quot;:&quot;zoomInDown&quot;}\">\n\t\t\t\t\t\t\t<div class=\"elementor-background-overlay\"><\/div>\n\t\t\t\t\t\t\t<div class=\"elementor-container elementor-column-gap-no\">\n\t\t\t\t\t<div class=\"elementor-column elementor-col-100 elementor-top-column elementor-element elementor-element-605e2e0\" data-id=\"605e2e0\" data-element_type=\"column\" data-e-type=\"column\">\n\t\t\t<div class=\"elementor-widget-wrap elementor-element-populated\">\n\t\t\t\t\t\t<div class=\"elementor-element elementor-element-c89dfc6 elementor-widget elementor-widget-text-editor\" data-id=\"c89dfc6\" data-element_type=\"widget\" data-e-type=\"widget\" data-widget_type=\"text-editor.default\">\n\t\t\t\t<div class=\"elementor-widget-container\">\n\t\t\t\t\t\t\t\t\t<h3><strong>de 1927 \u00e0 1930<\/strong><\/h3><p>SIDI MOHAMMED succ\u00e8de \u00e0 Moulay Youssef dans la discr\u00e9tion, le Maroc tout entier est encore sous le choc de la soumission d\u2019Abd El Krim Le jeune sultan entend, cependant, ne conc\u00e9der aux Fran\u00e7ais que le minimum de souverainet\u00e9.<\/p><p>C\u2019est \u00e0 partir de 1930 que va commencer \u00e0 s\u2019organiser tr\u00e8s lentement le mouvement nationaliste marocain d\u2019abord aupr\u00e8s de la jeunesse \u00e9tudiante.<\/p><p>D\u00e8s la publication du dahir berb\u00e8re, une manifestation populaire de r\u00e9sistance est organis\u00e9e \u00e0 la mosqu\u00e9e de la Karaouyine de F\u00e8s \u00e0 l\u2019occasion de la pri\u00e8re du vendredi, apr\u00e8s la r\u00e9citation du Lat\u00eff . Il s\u2019agit de la premi\u00e8re manifestation d\u2019opposition \u00e0 l\u2019occupation coloniale connue.<\/p><p>En 1931, \u00e0 la suite du dahir berb\u00e8re, Mohammed Hassan Ouazzani publie en France un ouvrage intitul\u00e9 \u201cTemp\u00eate sur le Maroc ou les erreurs d\u2019une politique berb\u00e8re\u201d avec l\u2019appui de milieux intellectuels fran\u00e7ais oppos\u00e9s \u00e0 la politique coloniale du gouvernement.<\/p><p>Cet ouvrage obtient un \u00e9cho \u00e0 l\u2019international et son auteur est oblig\u00e9 de se r\u00e9fugier en Suisse pendant deux ans pour \u00e9chapper \u00e0 la police fran\u00e7aise.<\/p><h3><strong>16 mai 1930<\/strong><\/h3><p>Si la r\u00e9volte d\u2019Abd-El-Krim est l\u2019\u00e9v\u00e8nement qui provoque le r\u00e9veil du nationalisme marocain, c\u2019est bien le \u201cdahir berb\u00e8re\u201d du 16 mai 1930 qui est \u00e0 l\u2019origine du mouvement nationaliste marocain de l\u2019entre deux-guerres.<br \/>Le jeune souverain qui signe ce dahir, ne prend d\u2019ailleurs pas imm\u00e9diatement la mesure de ce que ce dahir repr\u00e9sentera pour la nation marocaine. De nos jours, ce dahir divise encore les communaut\u00e9s berb\u00e8res et arabes marocaines, certains berb\u00e9rophones n\u2019h\u00e9sitant pas \u00e0 dire que l\u2019exploitation politique du dahir a fait beaucoup de mal \u00e0 la cause amazighe pendant plusieurs d\u00e9cennies.<br \/>D\u00e8s 1914, Lyautey avait souhait\u00e9 respecter les coutumes berb\u00e8res dans les tribus pacifi\u00e9es, et avait initi\u00e9 le dahir du 11 septembre 1914 qui prescrivait le respect des coutumes berb\u00e8res dans ces tribus.<br \/>Les djemaa judiciaires, organes d\u2019arbitrage traditionnel, \u00e9taient devenues de v\u00e9ritables juridictions en 1915.<br \/>Le dahir du 16 mai 1930 que signe le jeune sultan Sidi Mohammed va plus loin, puisque il cr\u00e9e des tribunaux coutumiers de 1\u00e8re instance et des tribunaux coutumiers d\u2019appel, mais au-del\u00e0 c\u2019est son article 6 qui provoque la col\u00e8re des musulmans.<br \/>Par cet article, il est stipul\u00e9 que \u201cpour la r\u00e9pression des crimes commis en pays Berb\u00e8re, les juridictions fran\u00e7aises seraient comp\u00e9tentes , quelque soit la condition de l\u2019auteur\u201d. Les deux composantes de la nation marocaine sont ainsi s\u00e9par\u00e9es, et les Berb\u00e8res soustraits au droit coranique et au pouvoir du sultan qui ne peut plus exercer la \u201ccharia\u201d. La propagande catholique des Franciscains est montr\u00e9e du doigt et suspect\u00e9e de vouloir christianiser les Berb\u00e8res.<br \/>La campagne contre le dahir berb\u00e8re a des r\u00e9percussions un peu partout dans le monde. Par l\u2019interm\u00e9diaire des mosqu\u00e9es, elle gagne \u00e0 partir de F\u00e8s et Sal\u00e9, toutes les villes du Maroc.<\/p><h3><strong>9 f\u00e9vrier 1934<\/strong><\/h3><p>Gr\u00e2ce \u00e0 l\u2019article paru dans la Volont\u00e9 du peuple, les jeunes nationalistes marocains obtiennent un premier succ\u00e8s politique essentiel : le Maroc sous protectorat fran\u00e7ais ne sera pas rattach\u00e9 au nouveau Minist\u00e8re de la France d\u2019Outre-Mer du gouvernement pr\u00e9sid\u00e9 par Edouard Daladier mais continuera de relever du Minist\u00e8re des affaires \u00e9trang\u00e8res.<\/p><h3><strong>8 mai 1934<\/strong><\/h3><p>Le dahir berb\u00e8re du 16 mai 1930 est en partie abrog\u00e9 par le dahir du 8 avril 1934, qui confie aux pachas et aux ca\u00efds les jugements des d\u00e9lits mineurs et au Haut Tribunal Ch\u00e9rifien les d\u00e9lits et crimes les plus importants. Mais d\u00e9sormais, le nationalisme Marocain est n\u00e9.<\/p><h3><strong>Novembre 1934<\/strong><\/h3><p>La visite du sultan \u00e0 F\u00e8s et Moulay Idris provoque une \u00e9meute anti-fran\u00e7aise.<br \/>Des revues nationalistes telles que \u201cl\u2019Action du peuple\u201d et \u201cla volont\u00e9 du peuple \u201d sont interdites par les Fran\u00e7ais.<br \/>Dans la mouvance des partis nationalistes cr\u00e9\u00e9s en Tunisie et Alg\u00e9rie, dix jeunes intellectuels fondent une association qui prend le nom de \u201cAction Marocaine\u201d, de fait le premier parti politique du Maroc.<\/p><p>Ses principaux dirigeants et instigateurs sont: Mohammed el-Ouazzani, Hadj Ahmed Balafredj et Allal el Fassi,<\/p><h3><strong>1er d\u00e9cembre 1934<\/strong><\/h3><p>Un manifeste intitul\u00e9 \u201cPlan de R\u00e9formes Marocaines\u201d achev\u00e9 en novembre est pr\u00e9sent\u00e9 aux autorit\u00e9s franco-marocaines.<\/p>\t\t\t\t\t\t\t\t<\/div>\n\t\t\t\t<\/div>\n\t\t\t\t\t<\/div>\n\t\t<\/div>\n\t\t\t\t\t<\/div>\n\t\t<\/section>\n\t\t<div class=\"elementor-element elementor-element-e2f29f4 e-flex e-con-boxed e-con e-parent\" data-id=\"e2f29f4\" data-element_type=\"container\" data-e-type=\"container\">\n\t\t\t\t\t<div class=\"e-con-inner\">\n\t\t\t\t<div class=\"elementor-element elementor-element-30122eb elementor-widget-divider--view-line elementor-widget elementor-widget-divider\" data-id=\"30122eb\" data-element_type=\"widget\" data-e-type=\"widget\" data-widget_type=\"divider.default\">\n\t\t\t\t<div class=\"elementor-widget-container\">\n\t\t\t\t\t\t\t<div class=\"elementor-divider\">\n\t\t\t<span class=\"elementor-divider-separator\">\n\t\t\t\t\t\t<\/span>\n\t\t<\/div>\n\t\t\t\t\t\t<\/div>\n\t\t\t\t<\/div>\n\t\t\t\t\t<\/div>\n\t\t\t\t<\/div>\n\t\t\t\t<section class=\"elementor-section elementor-top-section elementor-element elementor-element-dc93ghk elementor-section-content-middle elementor-section-boxed elementor-section-height-default elementor-section-height-default elementor-invisible\" data-id=\"dc93ghk\" data-element_type=\"section\" data-e-type=\"section\" data-settings=\"{&quot;background_background&quot;:&quot;classic&quot;,&quot;animation&quot;:&quot;zoomInDown&quot;}\">\n\t\t\t\t\t\t\t<div class=\"elementor-background-overlay\"><\/div>\n\t\t\t\t\t\t\t<div class=\"elementor-container elementor-column-gap-no\">\n\t\t\t\t\t<div class=\"elementor-column elementor-col-50 elementor-top-column elementor-element elementor-element-05c2928\" data-id=\"05c2928\" data-element_type=\"column\" data-e-type=\"column\" data-settings=\"{&quot;background_background&quot;:&quot;classic&quot;}\">\n\t\t\t<div class=\"elementor-widget-wrap elementor-element-populated\">\n\t\t\t\t\t\t<div class=\"elementor-element elementor-element-86866f3 elementor-widget elementor-widget-video\" data-id=\"86866f3\" data-element_type=\"widget\" data-e-type=\"widget\" data-settings=\"{&quot;youtube_url&quot;:&quot;https:\\\/\\\/youtu.be\\\/ZB-HI9fQBE0&quot;,&quot;video_type&quot;:&quot;youtube&quot;,&quot;controls&quot;:&quot;yes&quot;}\" data-widget_type=\"video.default\">\n\t\t\t\t<div class=\"elementor-widget-container\">\n\t\t\t\t\t\t\t<div class=\"elementor-wrapper elementor-open-inline\">\n\t\t\t<div class=\"elementor-video\"><\/div>\t\t<\/div>\n\t\t\t\t\t\t<\/div>\n\t\t\t\t<\/div>\n\t\t\t\t<div class=\"elementor-element elementor-element-88781ca elementor-widget elementor-widget-text-editor\" data-id=\"88781ca\" data-element_type=\"widget\" data-e-type=\"widget\" data-widget_type=\"text-editor.default\">\n\t\t\t\t<div class=\"elementor-widget-container\">\n\t\t\t\t\t\t\t\t\t<p>Une video sur la ville de Rabat dans les ann\u00e9es 30, on peut y voir notamment, la rue Sidi Fatah, la rue Souika et le centre-ville, le Bouregreg\u2026<\/p>\t\t\t\t\t\t\t\t<\/div>\n\t\t\t\t<\/div>\n\t\t\t\t\t<\/div>\n\t\t<\/div>\n\t\t\t\t<div class=\"elementor-column elementor-col-50 elementor-top-column elementor-element elementor-element-31c4cbc\" data-id=\"31c4cbc\" data-element_type=\"column\" data-e-type=\"column\">\n\t\t\t<div class=\"elementor-widget-wrap elementor-element-populated\">\n\t\t\t\t\t\t<div class=\"elementor-element elementor-element-5ca7fe6 elementor-widget elementor-widget-image\" data-id=\"5ca7fe6\" data-element_type=\"widget\" data-e-type=\"widget\" data-widget_type=\"image.default\">\n\t\t\t\t<div class=\"elementor-widget-container\">\n\t\t\t\t\t\t\t\t\t\t\t\t\t\t\t<img loading=\"lazy\" decoding=\"async\" width=\"646\" height=\"838\" src=\"https:\/\/rabat-maroc.net\/rabat-maroc-V2\/wp-content\/uploads\/2024\/10\/plan-de-reformes-marocaines-1934.gif\" class=\"attachment-full size-full wp-image-3675\" alt=\"plan de reformes marocaines\" \/>\t\t\t\t\t\t\t\t\t\t\t\t\t\t\t<\/div>\n\t\t\t\t<\/div>\n\t\t\t\t\t<\/div>\n\t\t<\/div>\n\t\t\t\t\t<\/div>\n\t\t<\/section>\n\t\t<div class=\"elementor-element elementor-element-c05073e e-flex e-con-boxed e-con e-parent\" data-id=\"c05073e\" data-element_type=\"container\" data-e-type=\"container\">\n\t\t\t\t\t<div class=\"e-con-inner\">\n\t\t\t\t<div class=\"elementor-element elementor-element-f94f3eb elementor-widget-divider--view-line elementor-widget elementor-widget-divider\" data-id=\"f94f3eb\" data-element_type=\"widget\" data-e-type=\"widget\" data-widget_type=\"divider.default\">\n\t\t\t\t<div class=\"elementor-widget-container\">\n\t\t\t\t\t\t\t<div class=\"elementor-divider\">\n\t\t\t<span class=\"elementor-divider-separator\">\n\t\t\t\t\t\t<\/span>\n\t\t<\/div>\n\t\t\t\t\t\t<\/div>\n\t\t\t\t<\/div>\n\t\t\t\t\t<\/div>\n\t\t\t\t<\/div>\n\t\t\t\t<section class=\"elementor-section elementor-top-section elementor-element elementor-element-22af491 elementor-section-content-middle elementor-section-boxed elementor-section-height-default elementor-section-height-default elementor-invisible\" data-id=\"22af491\" data-element_type=\"section\" data-e-type=\"section\" data-settings=\"{&quot;background_background&quot;:&quot;classic&quot;,&quot;animation&quot;:&quot;zoomInUp&quot;}\">\n\t\t\t\t\t\t\t<div class=\"elementor-background-overlay\"><\/div>\n\t\t\t\t\t\t\t<div class=\"elementor-container elementor-column-gap-no\">\n\t\t\t\t\t<div class=\"elementor-column elementor-col-100 elementor-top-column elementor-element elementor-element-3489297\" data-id=\"3489297\" data-element_type=\"column\" data-e-type=\"column\">\n\t\t\t<div class=\"elementor-widget-wrap elementor-element-populated\">\n\t\t\t\t\t\t<div class=\"elementor-element elementor-element-7483cce elementor-widget elementor-widget-heading\" data-id=\"7483cce\" data-element_type=\"widget\" data-e-type=\"widget\" data-widget_type=\"heading.default\">\n\t\t\t\t<div class=\"elementor-widget-container\">\n\t\t\t\t\t<h2 class=\"elementor-heading-title elementor-size-default\">Les dates-cl\u00e9s du protectorat du Maroc de 1934 \u00e0 la fin du protectorat 1956.<\/h2>\t\t\t\t<\/div>\n\t\t\t\t<\/div>\n\t\t\t\t\t<\/div>\n\t\t<\/div>\n\t\t\t\t\t<\/div>\n\t\t<\/section>\n\t\t<div class=\"elementor-element elementor-element-18b3f39 e-flex e-con-boxed e-con e-parent\" data-id=\"18b3f39\" data-element_type=\"container\" data-e-type=\"container\">\n\t\t\t\t\t<div class=\"e-con-inner\">\n\t\t\t\t<div class=\"elementor-element elementor-element-ddd2b11 elementor-widget-divider--view-line elementor-widget elementor-widget-divider\" data-id=\"ddd2b11\" data-element_type=\"widget\" data-e-type=\"widget\" data-widget_type=\"divider.default\">\n\t\t\t\t<div class=\"elementor-widget-container\">\n\t\t\t\t\t\t\t<div class=\"elementor-divider\">\n\t\t\t<span class=\"elementor-divider-separator\">\n\t\t\t\t\t\t<\/span>\n\t\t<\/div>\n\t\t\t\t\t\t<\/div>\n\t\t\t\t<\/div>\n\t\t\t\t\t<\/div>\n\t\t\t\t<\/div>\n\t\t\t\t<\/div>\n\t\t","protected":false},"excerpt":{"rendered":"<p>Rabat de Lyautey \u00e0 Mohammed VI portail de Rabat, tourisme, histoire et culture. Plus d&rsquo;information Les dates-cl\u00e9s du protectorat du Maroc : de 1927 \u00e0 1934, la naissance du mouvement nationaliste marocain. https:\/\/youtu.be\/4SrDyTdU06A 12-24 octobre 1930 \u2013 Voyage du pr\u00e9sident Doumergue au Maroc re\u00e7u par le sultan Sidi Mohammed Ben Youssef. https:\/\/youtu.be\/ganeeEZnVyU 7 Ao\u00fbt 1931 [&hellip;]<\/p>\n","protected":false},"author":1,"featured_media":0,"parent":0,"menu_order":0,"comment_status":"closed","ping_status":"closed","template":"","meta":{"_uag_custom_page_level_css":"","_monsterinsights_skip_tracking":false,"_monsterinsights_sitenote_active":false,"_monsterinsights_sitenote_note":"","_monsterinsights_sitenote_category":0,"_uf_show_specific_survey":0,"_uf_disable_surveys":false,"site-sidebar-layout":"no-sidebar","site-content-layout":"plain-container","ast-site-content-layout":"full-width-container","site-content-style":"unboxed","site-sidebar-style":"unboxed","ast-global-header-display":"","ast-banner-title-visibility":"","ast-main-header-display":"","ast-hfb-above-header-display":"","ast-hfb-below-header-display":"","ast-hfb-mobile-header-display":"","site-post-title":"disabled","ast-breadcrumbs-content":"","ast-featured-img":"","footer-sml-layout":"","theme-transparent-header-meta":"enabled","adv-header-id-meta":"","stick-header-meta":"","header-above-stick-meta":"","header-main-stick-meta":"","header-below-stick-meta":"","astra-migrate-meta-layouts":"set","ast-page-background-enabled":"default","ast-page-background-meta":{"desktop":{"background-color":"","background-image":"","background-repeat":"repeat","background-position":"center center","background-size":"auto","background-attachment":"scroll","background-type":"","background-media":"","overlay-type":"","overlay-color":"","overlay-opacity":"","overlay-gradient":""},"tablet":{"background-color":"","background-image":"","background-repeat":"repeat","background-position":"center center","background-size":"auto","background-attachment":"scroll","background-type":"","background-media":"","overlay-type":"","overlay-color":"","overlay-opacity":"","overlay-gradient":""},"mobile":{"background-color":"","background-image":"","background-repeat":"repeat","background-position":"center center","background-size":"auto","background-attachment":"scroll","background-type":"","background-media":"","overlay-type":"","overlay-color":"","overlay-opacity":"","overlay-gradient":""}},"ast-content-background-meta":{"desktop":{"background-color":"var(--ast-global-color-5)","background-image":"","background-repeat":"repeat","background-position":"center center","background-size":"auto","background-attachment":"scroll","background-type":"","background-media":"","overlay-type":"","overlay-color":"","overlay-opacity":"","overlay-gradient":""},"tablet":{"background-color":"var(--ast-global-color-5)","background-image":"","background-repeat":"repeat","background-position":"center center","background-size":"auto","background-attachment":"scroll","background-type":"","background-media":"","overlay-type":"","overlay-color":"","overlay-opacity":"","overlay-gradient":""},"mobile":{"background-color":"var(--ast-global-color-5)","background-image":"","background-repeat":"repeat","background-position":"center center","background-size":"auto","background-attachment":"scroll","background-type":"","background-media":"","overlay-type":"","overlay-color":"","overlay-opacity":"","overlay-gradient":""}},"footnotes":""},"class_list":["post-3655","page","type-page","status-publish","hentry"],"aioseo_notices":[],"uagb_featured_image_src":{"full":false,"thumbnail":false,"medium":false,"medium_large":false,"large":false,"1536x1536":false,"2048x2048":false},"uagb_author_info":{"display_name":"wmetequkjwqb","author_link":"https:\/\/rabat-maroc.net\/rabat-maroc-V2\/author\/wmetequkjwqb\/"},"uagb_comment_info":0,"uagb_excerpt":"Rabat de Lyautey \u00e0 Mohammed VI portail de Rabat, tourisme, histoire et culture. Plus d&rsquo;information Les dates-cl\u00e9s du protectorat du Maroc : de 1927 \u00e0 1934, la naissance du mouvement nationaliste marocain. https:\/\/youtu.be\/4SrDyTdU06A 12-24 octobre 1930 \u2013 Voyage du pr\u00e9sident Doumergue au Maroc re\u00e7u par le sultan Sidi Mohammed Ben Youssef. https:\/\/youtu.be\/ganeeEZnVyU 7 Ao\u00fbt 1931\u2026","jetpack_sharing_enabled":true,"_links":{"self":[{"href":"https:\/\/rabat-maroc.net\/rabat-maroc-V2\/wp-json\/wp\/v2\/pages\/3655","targetHints":{"allow":["GET"]}}],"collection":[{"href":"https:\/\/rabat-maroc.net\/rabat-maroc-V2\/wp-json\/wp\/v2\/pages"}],"about":[{"href":"https:\/\/rabat-maroc.net\/rabat-maroc-V2\/wp-json\/wp\/v2\/types\/page"}],"author":[{"embeddable":true,"href":"https:\/\/rabat-maroc.net\/rabat-maroc-V2\/wp-json\/wp\/v2\/users\/1"}],"replies":[{"embeddable":true,"href":"https:\/\/rabat-maroc.net\/rabat-maroc-V2\/wp-json\/wp\/v2\/comments?post=3655"}],"version-history":[{"count":37,"href":"https:\/\/rabat-maroc.net\/rabat-maroc-V2\/wp-json\/wp\/v2\/pages\/3655\/revisions"}],"predecessor-version":[{"id":3698,"href":"https:\/\/rabat-maroc.net\/rabat-maroc-V2\/wp-json\/wp\/v2\/pages\/3655\/revisions\/3698"}],"wp:attachment":[{"href":"https:\/\/rabat-maroc.net\/rabat-maroc-V2\/wp-json\/wp\/v2\/media?parent=3655"}],"curies":[{"name":"wp","href":"https:\/\/api.w.org\/{rel}","templated":true}]}}