{"id":3797,"date":"2024-10-23T14:01:48","date_gmt":"2024-10-23T14:01:48","guid":{"rendered":"https:\/\/rabat-maroc.net\/rabat-maroc-V2\/?page_id=3797"},"modified":"2024-10-23T14:59:15","modified_gmt":"2024-10-23T14:59:15","slug":"dates-cles-1934-1956","status":"publish","type":"page","link":"https:\/\/rabat-maroc.net\/rabat-maroc-V2\/dates-cles-1934-1956\/","title":{"rendered":"dates-cles-1934-1956"},"content":{"rendered":"\t\t<div data-elementor-type=\"wp-page\" data-elementor-id=\"3797\" class=\"elementor elementor-3797\">\n\t\t\t\t\t\t<section class=\"elementor-section elementor-top-section elementor-element elementor-element-wt2f15w elementor-section-boxed elementor-section-height-default elementor-section-height-default\" data-id=\"wt2f15w\" data-element_type=\"section\" data-e-type=\"section\" data-settings=\"{&quot;background_background&quot;:&quot;classic&quot;}\">\n\t\t\t\t\t\t\t<div class=\"elementor-background-overlay\"><\/div>\n\t\t\t\t\t\t\t<div class=\"elementor-container elementor-column-gap-default\">\n\t\t\t\t\t<div class=\"elementor-column elementor-col-100 elementor-top-column elementor-element elementor-element-78af2ff\" data-id=\"78af2ff\" data-element_type=\"column\" data-e-type=\"column\">\n\t\t\t<div class=\"elementor-widget-wrap elementor-element-populated\">\n\t\t\t\t\t\t<div class=\"elementor-element elementor-element-58ba8f4 elementor-widget elementor-widget-heading\" data-id=\"58ba8f4\" data-element_type=\"widget\" data-e-type=\"widget\" data-widget_type=\"heading.default\">\n\t\t\t\t<div class=\"elementor-widget-container\">\n\t\t\t\t\t<h1 class=\"elementor-heading-title elementor-size-default\">Rabat de Lyautey \u00e0 Mohammed VI<\/h1>\t\t\t\t<\/div>\n\t\t\t\t<\/div>\n\t\t\t\t<div class=\"elementor-element elementor-element-97cc7d6 elementor-widget elementor-widget-text-editor\" data-id=\"97cc7d6\" data-element_type=\"widget\" data-e-type=\"widget\" data-widget_type=\"text-editor.default\">\n\t\t\t\t<div class=\"elementor-widget-container\">\n\t\t\t\t\t\t\t\t\t<p>portail de Rabat, tourisme, histoire et culture.<\/p>\t\t\t\t\t\t\t\t<\/div>\n\t\t\t\t<\/div>\n\t\t\t\t<div class=\"elementor-element elementor-element-c4c3581 elementor-align-center elementor-widget elementor-widget-button\" data-id=\"c4c3581\" data-element_type=\"widget\" data-e-type=\"widget\" data-widget_type=\"button.default\">\n\t\t\t\t<div class=\"elementor-widget-container\">\n\t\t\t\t\t\t\t\t\t<div class=\"elementor-button-wrapper\">\n\t\t\t\t\t<a class=\"elementor-button elementor-button-link elementor-size-sm\" href=\"#\">\n\t\t\t\t\t\t<span class=\"elementor-button-content-wrapper\">\n\t\t\t\t\t\t\t\t\t<span class=\"elementor-button-text\">Plus d'information<\/span>\n\t\t\t\t\t<\/span>\n\t\t\t\t\t<\/a>\n\t\t\t\t<\/div>\n\t\t\t\t\t\t\t\t<\/div>\n\t\t\t\t<\/div>\n\t\t\t\t\t<\/div>\n\t\t<\/div>\n\t\t\t\t\t<\/div>\n\t\t<\/section>\n\t\t<div class=\"elementor-element elementor-element-b208350 e-flex e-con-boxed e-con e-parent\" data-id=\"b208350\" data-element_type=\"container\" data-e-type=\"container\">\n\t\t\t\t\t<div class=\"e-con-inner\">\n\t\t\t\t<div class=\"elementor-element elementor-element-bed5d70 elementor-widget-divider--view-line elementor-widget elementor-widget-divider\" data-id=\"bed5d70\" data-element_type=\"widget\" data-e-type=\"widget\" data-widget_type=\"divider.default\">\n\t\t\t\t<div class=\"elementor-widget-container\">\n\t\t\t\t\t\t\t<div class=\"elementor-divider\">\n\t\t\t<span class=\"elementor-divider-separator\">\n\t\t\t\t\t\t<\/span>\n\t\t<\/div>\n\t\t\t\t\t\t<\/div>\n\t\t\t\t<\/div>\n\t\t\t\t\t<\/div>\n\t\t\t\t<\/div>\n\t\t\t\t<section class=\"elementor-section elementor-top-section elementor-element elementor-element-13un3ve elementor-section-content-middle elementor-section-boxed elementor-section-height-default elementor-section-height-default elementor-invisible\" data-id=\"13un3ve\" data-element_type=\"section\" data-e-type=\"section\" data-settings=\"{&quot;background_background&quot;:&quot;classic&quot;,&quot;animation&quot;:&quot;zoomInUp&quot;}\">\n\t\t\t\t\t\t\t<div class=\"elementor-background-overlay\"><\/div>\n\t\t\t\t\t\t\t<div class=\"elementor-container elementor-column-gap-no\">\n\t\t\t\t\t<div class=\"elementor-column elementor-col-100 elementor-top-column elementor-element elementor-element-f69add9\" data-id=\"f69add9\" data-element_type=\"column\" data-e-type=\"column\">\n\t\t\t<div class=\"elementor-widget-wrap elementor-element-populated\">\n\t\t\t\t\t\t<div class=\"elementor-element elementor-element-8b7d1ee elementor-widget elementor-widget-image\" data-id=\"8b7d1ee\" data-element_type=\"widget\" data-e-type=\"widget\" data-widget_type=\"image.default\">\n\t\t\t\t<div class=\"elementor-widget-container\">\n\t\t\t\t\t\t\t\t\t\t\t\t\t\t\t<img fetchpriority=\"high\" decoding=\"async\" width=\"1184\" height=\"230\" src=\"https:\/\/rabat-maroc.net\/rabat-maroc-V2\/wp-content\/uploads\/2024\/10\/titre-dates-cles-2-large.gif\" class=\"attachment-full size-full wp-image-3493\" alt=\"titre dates\" \/>\t\t\t\t\t\t\t\t\t\t\t\t\t\t\t<\/div>\n\t\t\t\t<\/div>\n\t\t\t\t<div class=\"elementor-element elementor-element-0c78bee elementor-widget elementor-widget-heading\" data-id=\"0c78bee\" data-element_type=\"widget\" data-e-type=\"widget\" data-widget_type=\"heading.default\">\n\t\t\t\t<div class=\"elementor-widget-container\">\n\t\t\t\t\t<h2 class=\"elementor-heading-title elementor-size-default\">Les dates-cl\u00e9s du protectorat du Maroc de 1934 \u00e0 la fin du protectorat 1956\n<\/h2>\t\t\t\t<\/div>\n\t\t\t\t<\/div>\n\t\t\t\t\t<\/div>\n\t\t<\/div>\n\t\t\t\t\t<\/div>\n\t\t<\/section>\n\t\t<div class=\"elementor-element elementor-element-7cc1ed0 e-flex e-con-boxed e-con e-parent\" data-id=\"7cc1ed0\" data-element_type=\"container\" data-e-type=\"container\">\n\t\t\t\t\t<div class=\"e-con-inner\">\n\t\t\t\t<div class=\"elementor-element elementor-element-3381d2e elementor-widget-divider--view-line elementor-widget elementor-widget-divider\" data-id=\"3381d2e\" data-element_type=\"widget\" data-e-type=\"widget\" data-widget_type=\"divider.default\">\n\t\t\t\t<div class=\"elementor-widget-container\">\n\t\t\t\t\t\t\t<div class=\"elementor-divider\">\n\t\t\t<span class=\"elementor-divider-separator\">\n\t\t\t\t\t\t<\/span>\n\t\t<\/div>\n\t\t\t\t\t\t<\/div>\n\t\t\t\t<\/div>\n\t\t\t\t\t<\/div>\n\t\t\t\t<\/div>\n\t\t\t\t<section class=\"elementor-section elementor-top-section elementor-element elementor-element-xawnp3c elementor-section-content-middle elementor-section-boxed elementor-section-height-default elementor-section-height-default elementor-invisible\" data-id=\"xawnp3c\" data-element_type=\"section\" data-e-type=\"section\" data-settings=\"{&quot;background_background&quot;:&quot;classic&quot;,&quot;animation&quot;:&quot;zoomInDown&quot;}\">\n\t\t\t\t\t\t\t<div class=\"elementor-background-overlay\"><\/div>\n\t\t\t\t\t\t\t<div class=\"elementor-container elementor-column-gap-no\">\n\t\t\t\t\t<div class=\"elementor-column elementor-col-50 elementor-top-column elementor-element elementor-element-d5abc8a\" data-id=\"d5abc8a\" data-element_type=\"column\" data-e-type=\"column\">\n\t\t\t<div class=\"elementor-widget-wrap elementor-element-populated\">\n\t\t\t\t\t\t<div class=\"elementor-element elementor-element-78825ce elementor-widget elementor-widget-image\" data-id=\"78825ce\" data-element_type=\"widget\" data-e-type=\"widget\" data-widget_type=\"image.default\">\n\t\t\t\t<div class=\"elementor-widget-container\">\n\t\t\t\t\t\t\t\t\t\t\t\t\t\t\t<img decoding=\"async\" width=\"256\" height=\"192\" src=\"https:\/\/rabat-maroc.net\/rabat-maroc-V2\/wp-content\/uploads\/2024\/10\/256px-sultan-mohammed-chez-le-marechal.jpg\" class=\"attachment-full size-full wp-image-3704\" alt=\"SULTAN MOHAMMED CHEZ LE MARECHAL\" \/>\t\t\t\t\t\t\t\t\t\t\t\t\t\t\t<\/div>\n\t\t\t\t<\/div>\n\t\t\t\t\t<\/div>\n\t\t<\/div>\n\t\t\t\t<div class=\"elementor-column elementor-col-50 elementor-top-column elementor-element elementor-element-1f377f6\" data-id=\"1f377f6\" data-element_type=\"column\" data-e-type=\"column\">\n\t\t\t<div class=\"elementor-widget-wrap elementor-element-populated\">\n\t\t\t\t\t\t<div class=\"elementor-element elementor-element-a16f8e5 elementor-widget elementor-widget-text-editor\" data-id=\"a16f8e5\" data-element_type=\"widget\" data-e-type=\"widget\" data-widget_type=\"text-editor.default\">\n\t\t\t\t<div class=\"elementor-widget-container\">\n\t\t\t\t\t\t\t\t\t<p>Le sultan Sidi Mohammed Ben Youssef, le Marechal Lyautey et le Prince Moulay Hassan, futur Hassan II, \u00e0 Thorey, quelques jours avant la mort de Lyautey.<\/p>\t\t\t\t\t\t\t\t<\/div>\n\t\t\t\t<\/div>\n\t\t\t\t\t<\/div>\n\t\t<\/div>\n\t\t\t\t\t<\/div>\n\t\t<\/section>\n\t\t\t\t<section class=\"elementor-section elementor-top-section elementor-element elementor-element-4hx2cil elementor-section-content-top elementor-section-boxed elementor-section-height-default elementor-section-height-default elementor-invisible\" data-id=\"4hx2cil\" data-element_type=\"section\" data-e-type=\"section\" data-settings=\"{&quot;background_background&quot;:&quot;classic&quot;,&quot;animation&quot;:&quot;zoomInDown&quot;}\">\n\t\t\t\t\t\t\t<div class=\"elementor-background-overlay\"><\/div>\n\t\t\t\t\t\t\t<div class=\"elementor-container elementor-column-gap-wide\">\n\t\t\t\t\t<div class=\"elementor-column elementor-col-25 elementor-top-column elementor-element elementor-element-b0fc45e\" data-id=\"b0fc45e\" data-element_type=\"column\" data-e-type=\"column\">\n\t\t\t<div class=\"elementor-widget-wrap elementor-element-populated\">\n\t\t\t\t\t\t<div class=\"elementor-element elementor-element-940f239 elementor-widget elementor-widget-image\" data-id=\"940f239\" data-element_type=\"widget\" data-e-type=\"widget\" data-widget_type=\"image.default\">\n\t\t\t\t<div class=\"elementor-widget-container\">\n\t\t\t\t\t\t\t\t\t\t\t\t\t\t\t<img decoding=\"async\" width=\"1269\" height=\"808\" src=\"https:\/\/rabat-maroc.net\/rabat-maroc-V2\/wp-content\/uploads\/2024\/10\/douar-doum-rabat.jpeg\" class=\"attachment-full size-full wp-image-3710\" alt=\"\" srcset=\"https:\/\/rabat-maroc.net\/rabat-maroc-V2\/wp-content\/uploads\/2024\/10\/douar-doum-rabat.jpeg 1269w, https:\/\/rabat-maroc.net\/rabat-maroc-V2\/wp-content\/uploads\/2024\/10\/douar-doum-rabat-300x191.jpeg 300w, https:\/\/rabat-maroc.net\/rabat-maroc-V2\/wp-content\/uploads\/2024\/10\/douar-doum-rabat-1024x652.jpeg 1024w, https:\/\/rabat-maroc.net\/rabat-maroc-V2\/wp-content\/uploads\/2024\/10\/douar-doum-rabat-768x489.jpeg 768w\" sizes=\"(max-width: 1269px) 100vw, 1269px\" \/>\t\t\t\t\t\t\t\t\t\t\t\t\t\t\t<\/div>\n\t\t\t\t<\/div>\n\t\t\t\t<div class=\"elementor-element elementor-element-673530d elementor-widget elementor-widget-text-editor\" data-id=\"673530d\" data-element_type=\"widget\" data-e-type=\"widget\" data-widget_type=\"text-editor.default\">\n\t\t\t\t<div class=\"elementor-widget-container\">\n\t\t\t\t\t\t\t\t\t<p>Le derb Doum de Rabat, un bidonville n\u00e9 dans les ann\u00e9es 30.<\/p>\t\t\t\t\t\t\t\t<\/div>\n\t\t\t\t<\/div>\n\t\t\t\t\t<\/div>\n\t\t<\/div>\n\t\t\t\t<div class=\"elementor-column elementor-col-25 elementor-top-column elementor-element elementor-element-f633001\" data-id=\"f633001\" data-element_type=\"column\" data-e-type=\"column\">\n\t\t\t<div class=\"elementor-widget-wrap elementor-element-populated\">\n\t\t\t\t\t\t<div class=\"elementor-element elementor-element-e0e85ce elementor-widget elementor-widget-image\" data-id=\"e0e85ce\" data-element_type=\"widget\" data-e-type=\"widget\" data-widget_type=\"image.default\">\n\t\t\t\t<div class=\"elementor-widget-container\">\n\t\t\t\t\t\t\t\t\t\t\t\t\t\t\t<img loading=\"lazy\" decoding=\"async\" width=\"600\" height=\"411\" src=\"https:\/\/rabat-maroc.net\/rabat-maroc-V2\/wp-content\/uploads\/2024\/10\/nogues-m5-600.jpg\" class=\"attachment-full size-full wp-image-3716\" alt=\"\" srcset=\"https:\/\/rabat-maroc.net\/rabat-maroc-V2\/wp-content\/uploads\/2024\/10\/nogues-m5-600.jpg 600w, https:\/\/rabat-maroc.net\/rabat-maroc-V2\/wp-content\/uploads\/2024\/10\/nogues-m5-600-300x206.jpg 300w\" sizes=\"(max-width: 600px) 100vw, 600px\" \/>\t\t\t\t\t\t\t\t\t\t\t\t\t\t\t<\/div>\n\t\t\t\t<\/div>\n\t\t\t\t<div class=\"elementor-element elementor-element-a194d72 elementor-widget elementor-widget-text-editor\" data-id=\"a194d72\" data-element_type=\"widget\" data-e-type=\"widget\" data-widget_type=\"text-editor.default\">\n\t\t\t\t<div class=\"elementor-widget-container\">\n\t\t\t\t\t\t\t\t\t<p>Le r\u00e9sident g\u00e9n\u00e9ral, le G\u00e9n\u00e9ral Nogu\u00e8s et le sultan Sidi Mohammed Ben Youssef.<\/p>\t\t\t\t\t\t\t\t<\/div>\n\t\t\t\t<\/div>\n\t\t\t\t\t<\/div>\n\t\t<\/div>\n\t\t\t\t<div class=\"elementor-column elementor-col-25 elementor-top-column elementor-element elementor-element-da4fcd5\" data-id=\"da4fcd5\" data-element_type=\"column\" data-e-type=\"column\">\n\t\t\t<div class=\"elementor-widget-wrap elementor-element-populated\">\n\t\t\t\t\t\t<div class=\"elementor-element elementor-element-3a56048 elementor-widget elementor-widget-image\" data-id=\"3a56048\" data-element_type=\"widget\" data-e-type=\"widget\" data-widget_type=\"image.default\">\n\t\t\t\t<div class=\"elementor-widget-container\">\n\t\t\t\t\t\t\t\t\t\t\t\t\t\t\t<img loading=\"lazy\" decoding=\"async\" width=\"350\" height=\"510\" src=\"https:\/\/rabat-maroc.net\/rabat-maroc-V2\/wp-content\/uploads\/2024\/10\/fruits-et-primeurs-maroc.jpg\" class=\"attachment-full size-full wp-image-3711\" alt=\"fruits et primeurs maroc\" srcset=\"https:\/\/rabat-maroc.net\/rabat-maroc-V2\/wp-content\/uploads\/2024\/10\/fruits-et-primeurs-maroc.jpg 350w, https:\/\/rabat-maroc.net\/rabat-maroc-V2\/wp-content\/uploads\/2024\/10\/fruits-et-primeurs-maroc-206x300.jpg 206w\" sizes=\"(max-width: 350px) 100vw, 350px\" \/>\t\t\t\t\t\t\t\t\t\t\t\t\t\t\t<\/div>\n\t\t\t\t<\/div>\n\t\t\t\t\t<\/div>\n\t\t<\/div>\n\t\t\t\t<div class=\"elementor-column elementor-col-25 elementor-top-column elementor-element elementor-element-e3349d8\" data-id=\"e3349d8\" data-element_type=\"column\" data-e-type=\"column\">\n\t\t\t<div class=\"elementor-widget-wrap elementor-element-populated\">\n\t\t\t\t\t\t<div class=\"elementor-element elementor-element-56f1542 elementor-widget elementor-widget-image\" data-id=\"56f1542\" data-element_type=\"widget\" data-e-type=\"widget\" data-widget_type=\"image.default\">\n\t\t\t\t<div class=\"elementor-widget-container\">\n\t\t\t\t\t\t\t\t\t\t\t\t\t\t\t<img loading=\"lazy\" decoding=\"async\" width=\"250\" height=\"143\" src=\"https:\/\/rabat-maroc.net\/rabat-maroc-V2\/wp-content\/uploads\/2024\/10\/resident-nogues-1936-large.jpg\" class=\"attachment-full size-full wp-image-3717\" alt=\"\" \/>\t\t\t\t\t\t\t\t\t\t\t\t\t\t\t<\/div>\n\t\t\t\t<\/div>\n\t\t\t\t<div class=\"elementor-element elementor-element-4d04634 elementor-widget elementor-widget-text-editor\" data-id=\"4d04634\" data-element_type=\"widget\" data-e-type=\"widget\" data-widget_type=\"text-editor.default\">\n\t\t\t\t<div class=\"elementor-widget-container\">\n\t\t\t\t\t\t\t\t\t<p>Le r\u00e9sident Nogues.<\/p>\t\t\t\t\t\t\t\t<\/div>\n\t\t\t\t<\/div>\n\t\t\t\t\t<\/div>\n\t\t<\/div>\n\t\t\t\t\t<\/div>\n\t\t<\/section>\n\t\t\t\t<section class=\"elementor-section elementor-top-section elementor-element elementor-element-9c5d194 elementor-section-content-top elementor-section-boxed elementor-section-height-default elementor-section-height-default elementor-invisible\" data-id=\"9c5d194\" data-element_type=\"section\" data-e-type=\"section\" data-settings=\"{&quot;background_background&quot;:&quot;classic&quot;,&quot;animation&quot;:&quot;zoomInDown&quot;}\">\n\t\t\t\t\t\t\t<div class=\"elementor-background-overlay\"><\/div>\n\t\t\t\t\t\t\t<div class=\"elementor-container elementor-column-gap-no\">\n\t\t\t\t\t<div class=\"elementor-column elementor-col-100 elementor-top-column elementor-element elementor-element-a36c369\" data-id=\"a36c369\" data-element_type=\"column\" data-e-type=\"column\">\n\t\t\t<div class=\"elementor-widget-wrap elementor-element-populated\">\n\t\t\t\t\t\t<div class=\"elementor-element elementor-element-f1d1fb9 elementor-widget elementor-widget-text-editor\" data-id=\"f1d1fb9\" data-element_type=\"widget\" data-e-type=\"widget\" data-widget_type=\"text-editor.default\">\n\t\t\t\t<div class=\"elementor-widget-container\">\n\t\t\t\t\t\t\t\t\t<h3><strong>1934<\/strong><\/h3><p>Le sultan Sidi Mohammed accompagn\u00e9 du jeune prince Moulay Hassan rend visite \u00e0 Lyautey dans sa r\u00e9sidence de Thorey. Le jeune souverain ne connaissait que tr\u00e8s peu Lyautey, mais il avait une grande admiration pour lui.<\/p><p>Lyautey mourut quelques semaines plus tard le 27 juillet 1934, Lyautey fut enseveli \u00e0 Rabat. En 1961, sa d\u00e9pouille sera ramen\u00e9e en France pour \u00eatre d\u00e9pos\u00e9e \u00e0 l\u2019H\u00f4tel des Invalides.<\/p><p>Le gouvernement Fran\u00e7ais veut que l\u2019administration du protectorat soit d\u00e9tach\u00e9e aupr\u00e8s du minist\u00e8re de la France d\u2019Outre Mer et non plus du Minist\u00e8re des Affaires Etrang\u00e8res. L\u2019 Action Marocaine avait pr\u00e9c\u00e9demment inform\u00e9 l\u2019opinion publique marocaine de cette violation de la souverainet\u00e9 du Maroc. Cette fois-ci, le sultan Sidi Mohammed r\u00e9agit vivement et voit l\u00e0 une man\u0153uvre d\u2019annexion du Maroc. Il obtient que cette mesure soit rapport\u00e9e.<\/p><h3><strong>1935<\/strong><\/h3><p>L\u2019ann\u00e9e 1935 marque le d\u00e9but de trois ann\u00e9es terribles pour la population notamment dans les zones rurales, en raison de la s\u00e9cheresse qui frappe le pays et qui s\u2019ajoute \u00e0 la crise \u00e9conomique mondiale. Les paysans sont appauvris par l\u2019effondrement du prix des c\u00e9r\u00e9ales de base comme le bl\u00e9, l\u2019orge et le ma\u00efs. La r\u00e9colte de 1935 est particuli\u00e8rement mauvaise et compromet l\u2019\u00e9quilibre alimentaire.<\/p><p>La crise qui frappe l\u2019\u00e9conomie occidentale a aussi des r\u00e9percussions au Maroc. L\u2019industrie mini\u00e8re subit de plein fouet la crise mondiale et les exportations s\u2019effondrent. L\u2019activit\u00e9 \u00e9conomique de mani\u00e8re g\u00e9n\u00e9rale ralentit, y compris dans la r\u00e9alisation d\u2019infrastructures et dans la construction. Baisse importante des salaires, ch\u00f4mage partiel ou total, absence de syndicats ou de r\u00e9glementation sur le salaire minimum\u00a0 aggravent les difficult\u00e9s des marocains.<\/p><p>Les r\u00e9percussions sociales de cette r\u00e9gression \u00e9conomiques sont imm\u00e9diates. Les ruraux qui avaient afflu\u00e9 depuis 1930 dans les grandes villes attir\u00e9s par le besoin de main d\u2019oeuvre sont d\u00e9sormais entass\u00e9s dans les bidonvilles \u00e0 la lisi\u00e8re des villes.\u00a0 D\u00e9munis, ils sont incapables de rentrer au pays. Plus de la moiti\u00e9 des marocains des grandes villes habitent dans ces bidonvilles :\u00a0 ce sont les derbs Doum et Debagh (17000 habitants) \u00e0 Rabat ou Ben Msik (46000 habitants) et les carri\u00e8res centrales \u00e0 Casablanca (25000 habitants).<\/p><div><a href=\"https:\/\/www.traditionrolex.com\/21\">traditionrolex.com<\/a><\/div><h3>1<strong>9<\/strong>36<\/h3><p>La victoire \u00e9lectorale en France des partis de gauche am\u00e8ne l\u2019espoir que les ouvriers du Maroc puissent b\u00e9n\u00e9ficier des m\u00eames avantages que ceux obtenus en France. Le r\u00e9sident g\u00e9n\u00e9ral Peyrouton nomm\u00e9 le 5 mai 1936 ne souhaite pas que ces avantages soient attribu\u00e9s aux ouvriers marocains. Pour \u00e9viter d\u2019aborder ce sujet, le r\u00e9sident d\u00e9cide de limiter le conseil du gouvernement aux seules discussions budg\u00e9taires.<\/p><h3><strong>11 juin 1936<\/strong><\/h3><p>De grandes gr\u00e8ves suivies par les ouvriers europ\u00e9ens et marocains sont d\u00e9clench\u00e9es dans de grandes entreprises de Casablanca, de Rabat et de F\u00e8s. Les travailleurs gr\u00e9vistes obtiennent en partie satisfaction.<\/p><h3><strong>18 juin 1936<\/strong><\/h3><p>Par un dahir abrog\u00e9 seulement en 2003, la dur\u00e9e de la journ\u00e9e de travail est limit\u00e9e \u00e0 8 heures sans r\u00e9duction de salaire. Le salaire minimum ne peut \u00eatre inf\u00e9rieur \u00e0 4 francs. Les amendes qui frappent lourdement les employ\u00e9s sont d\u00e9sormais interdites. Cependant, le droit syndical n\u2019est toujours pas reconnu aux marocains.<\/p><p>Le Maroc vient de vivre la premi\u00e8re crise sociale de son histoire.<\/p><h3><strong>8<\/strong>\u00a0<strong>octobre 1936<\/strong><\/h3><p>Nomination d\u2019un nouveau r\u00e9sident g\u00e9n\u00e9ral au Maroc, le g\u00e9n\u00e9ral Nogu\u00e8s. Sidi Mohammed Ben Youssef lui fait part aussit\u00f4t de la d\u00e9sapprobation du peuple marocain. Le Sultan et le R\u00e9sident g\u00e9n\u00e9ral Nogues entretiendront par la suite de bonnes relations franches mais courtoises.<\/p>\t\t\t\t\t\t\t\t<\/div>\n\t\t\t\t<\/div>\n\t\t\t\t\t<\/div>\n\t\t<\/div>\n\t\t\t\t\t<\/div>\n\t\t<\/section>\n\t\t<div class=\"elementor-element elementor-element-acc98ae e-flex e-con-boxed e-con e-parent\" data-id=\"acc98ae\" data-element_type=\"container\" data-e-type=\"container\">\n\t\t\t\t\t<div class=\"e-con-inner\">\n\t\t\t\t<div class=\"elementor-element elementor-element-50643cc elementor-widget-divider--view-line elementor-widget elementor-widget-divider\" data-id=\"50643cc\" data-element_type=\"widget\" data-e-type=\"widget\" data-widget_type=\"divider.default\">\n\t\t\t\t<div class=\"elementor-widget-container\">\n\t\t\t\t\t\t\t<div class=\"elementor-divider\">\n\t\t\t<span class=\"elementor-divider-separator\">\n\t\t\t\t\t\t<\/span>\n\t\t<\/div>\n\t\t\t\t\t\t<\/div>\n\t\t\t\t<\/div>\n\t\t\t\t\t<\/div>\n\t\t\t\t<\/div>\n\t\t\t\t<section class=\"elementor-section elementor-top-section elementor-element elementor-element-48fe13f elementor-section-content-middle elementor-section-boxed elementor-section-height-default elementor-section-height-default elementor-invisible\" data-id=\"48fe13f\" data-element_type=\"section\" data-e-type=\"section\" data-settings=\"{&quot;background_background&quot;:&quot;classic&quot;,&quot;animation&quot;:&quot;zoomInDown&quot;}\">\n\t\t\t\t\t\t\t<div class=\"elementor-background-overlay\"><\/div>\n\t\t\t\t\t\t\t<div class=\"elementor-container elementor-column-gap-no\">\n\t\t\t\t\t<div class=\"elementor-column elementor-col-50 elementor-top-column elementor-element elementor-element-3adb690\" data-id=\"3adb690\" data-element_type=\"column\" data-e-type=\"column\">\n\t\t\t<div class=\"elementor-widget-wrap elementor-element-populated\">\n\t\t\t\t\t\t<div class=\"elementor-element elementor-element-fe663f1 elementor-widget elementor-widget-image\" data-id=\"fe663f1\" data-element_type=\"widget\" data-e-type=\"widget\" data-widget_type=\"image.default\">\n\t\t\t\t<div class=\"elementor-widget-container\">\n\t\t\t\t\t\t\t\t\t\t\t\t\t\t\t<img loading=\"lazy\" decoding=\"async\" width=\"450\" height=\"197\" src=\"https:\/\/rabat-maroc.net\/rabat-maroc-V2\/wp-content\/uploads\/2024\/10\/torch-1942-450.jpg\" class=\"attachment-full size-full wp-image-3723\" alt=\"\" srcset=\"https:\/\/rabat-maroc.net\/rabat-maroc-V2\/wp-content\/uploads\/2024\/10\/torch-1942-450.jpg 450w, https:\/\/rabat-maroc.net\/rabat-maroc-V2\/wp-content\/uploads\/2024\/10\/torch-1942-450-300x131.jpg 300w\" sizes=\"(max-width: 450px) 100vw, 450px\" \/>\t\t\t\t\t\t\t\t\t\t\t\t\t\t\t<\/div>\n\t\t\t\t<\/div>\n\t\t\t\t\t<\/div>\n\t\t<\/div>\n\t\t\t\t<div class=\"elementor-column elementor-col-50 elementor-top-column elementor-element elementor-element-b0cd08e\" data-id=\"b0cd08e\" data-element_type=\"column\" data-e-type=\"column\">\n\t\t\t<div class=\"elementor-widget-wrap elementor-element-populated\">\n\t\t\t\t\t\t<div class=\"elementor-element elementor-element-8899d38 elementor-widget elementor-widget-text-editor\" data-id=\"8899d38\" data-element_type=\"widget\" data-e-type=\"widget\" data-widget_type=\"text-editor.default\">\n\t\t\t\t<div class=\"elementor-widget-container\">\n\t\t\t\t\t\t\t\t\t<p>Les alli\u00e9s d\u00e9barquent sur les plages de F\u00e9dala (Mohammedia), Mehdia et Safi \u00e0 5h00 du matin le 8 novembre 1942. L\u2019amiral Darlan d\u00e9p\u00each\u00e9 de France, ordonne aux troupes fran\u00e7aises de cesser le feu le 10 novembre.<\/p>\t\t\t\t\t\t\t\t<\/div>\n\t\t\t\t<\/div>\n\t\t\t\t\t<\/div>\n\t\t<\/div>\n\t\t\t\t\t<\/div>\n\t\t<\/section>\n\t\t\t\t<section class=\"elementor-section elementor-top-section elementor-element elementor-element-b4910b7 elementor-section-content-top elementor-section-boxed elementor-section-height-default elementor-section-height-default elementor-invisible\" data-id=\"b4910b7\" data-element_type=\"section\" data-e-type=\"section\" data-settings=\"{&quot;background_background&quot;:&quot;classic&quot;,&quot;animation&quot;:&quot;zoomInDown&quot;}\">\n\t\t\t\t\t\t\t<div class=\"elementor-background-overlay\"><\/div>\n\t\t\t\t\t\t\t<div class=\"elementor-container elementor-column-gap-wide\">\n\t\t\t\t\t<div class=\"elementor-column elementor-col-25 elementor-top-column elementor-element elementor-element-109e53e\" data-id=\"109e53e\" data-element_type=\"column\" data-e-type=\"column\">\n\t\t\t<div class=\"elementor-widget-wrap elementor-element-populated\">\n\t\t\t\t\t\t<div class=\"elementor-element elementor-element-eeb7ca9 elementor-widget elementor-widget-image\" data-id=\"eeb7ca9\" data-element_type=\"widget\" data-e-type=\"widget\" data-widget_type=\"image.default\">\n\t\t\t\t<div class=\"elementor-widget-container\">\n\t\t\t\t\t\t\t\t\t\t\t\t\t\t\t<img loading=\"lazy\" decoding=\"async\" width=\"994\" height=\"1289\" src=\"https:\/\/rabat-maroc.net\/rabat-maroc-V2\/wp-content\/uploads\/2024\/10\/action-marocaine-1934.jpg\" class=\"attachment-full size-full wp-image-3705\" alt=\"\" srcset=\"https:\/\/rabat-maroc.net\/rabat-maroc-V2\/wp-content\/uploads\/2024\/10\/action-marocaine-1934.jpg 994w, https:\/\/rabat-maroc.net\/rabat-maroc-V2\/wp-content\/uploads\/2024\/10\/action-marocaine-1934-231x300.jpg 231w, https:\/\/rabat-maroc.net\/rabat-maroc-V2\/wp-content\/uploads\/2024\/10\/action-marocaine-1934-790x1024.jpg 790w, https:\/\/rabat-maroc.net\/rabat-maroc-V2\/wp-content\/uploads\/2024\/10\/action-marocaine-1934-768x996.jpg 768w\" sizes=\"(max-width: 994px) 100vw, 994px\" \/>\t\t\t\t\t\t\t\t\t\t\t\t\t\t\t<\/div>\n\t\t\t\t<\/div>\n\t\t\t\t\t<\/div>\n\t\t<\/div>\n\t\t\t\t<div class=\"elementor-column elementor-col-25 elementor-top-column elementor-element elementor-element-dfec070\" data-id=\"dfec070\" data-element_type=\"column\" data-e-type=\"column\">\n\t\t\t<div class=\"elementor-widget-wrap elementor-element-populated\">\n\t\t\t\t\t\t<div class=\"elementor-element elementor-element-a17a21f elementor-widget elementor-widget-image\" data-id=\"a17a21f\" data-element_type=\"widget\" data-e-type=\"widget\" data-widget_type=\"image.default\">\n\t\t\t\t<div class=\"elementor-widget-container\">\n\t\t\t\t\t\t\t\t\t\t\t\t\t\t\t<img loading=\"lazy\" decoding=\"async\" width=\"658\" height=\"324\" src=\"https:\/\/rabat-maroc.net\/rabat-maroc-V2\/wp-content\/uploads\/2024\/10\/conference-anfa-1943.png\" class=\"attachment-full size-full wp-image-3709\" alt=\"\" srcset=\"https:\/\/rabat-maroc.net\/rabat-maroc-V2\/wp-content\/uploads\/2024\/10\/conference-anfa-1943.png 658w, https:\/\/rabat-maroc.net\/rabat-maroc-V2\/wp-content\/uploads\/2024\/10\/conference-anfa-1943-300x148.png 300w\" sizes=\"(max-width: 658px) 100vw, 658px\" \/>\t\t\t\t\t\t\t\t\t\t\t\t\t\t\t<\/div>\n\t\t\t\t<\/div>\n\t\t\t\t<div class=\"elementor-element elementor-element-53551e5 elementor-widget elementor-widget-text-editor\" data-id=\"53551e5\" data-element_type=\"widget\" data-e-type=\"widget\" data-widget_type=\"text-editor.default\">\n\t\t\t\t<div class=\"elementor-widget-container\">\n\t\t\t\t\t\t\t\t\t<p>Conf\u00e9rence d\u2019Anfa : Mohammed V et le Prince Moulay Hassan avec le Pr\u00e9sident Roosevelt et le 1er Ministre Churchill.<\/p>\t\t\t\t\t\t\t\t<\/div>\n\t\t\t\t<\/div>\n\t\t\t\t\t<\/div>\n\t\t<\/div>\n\t\t\t\t<div class=\"elementor-column elementor-col-25 elementor-top-column elementor-element elementor-element-1cebb1d\" data-id=\"1cebb1d\" data-element_type=\"column\" data-e-type=\"column\">\n\t\t\t<div class=\"elementor-widget-wrap elementor-element-populated\">\n\t\t\t\t\t\t<div class=\"elementor-element elementor-element-ac858ab elementor-widget elementor-widget-image\" data-id=\"ac858ab\" data-element_type=\"widget\" data-e-type=\"widget\" data-widget_type=\"image.default\">\n\t\t\t\t<div class=\"elementor-widget-container\">\n\t\t\t\t\t\t\t\t\t\t\t\t\t\t\t<img loading=\"lazy\" decoding=\"async\" width=\"280\" height=\"438\" src=\"https:\/\/rabat-maroc.net\/rabat-maroc-V2\/wp-content\/uploads\/2024\/10\/texte_manifeste_independance_1944.jpg\" class=\"attachment-full size-full wp-image-3721\" alt=\"\" srcset=\"https:\/\/rabat-maroc.net\/rabat-maroc-V2\/wp-content\/uploads\/2024\/10\/texte_manifeste_independance_1944.jpg 280w, https:\/\/rabat-maroc.net\/rabat-maroc-V2\/wp-content\/uploads\/2024\/10\/texte_manifeste_independance_1944-192x300.jpg 192w\" sizes=\"(max-width: 280px) 100vw, 280px\" \/>\t\t\t\t\t\t\t\t\t\t\t\t\t\t\t<\/div>\n\t\t\t\t<\/div>\n\t\t\t\t<div class=\"elementor-element elementor-element-283391f elementor-widget elementor-widget-text-editor\" data-id=\"283391f\" data-element_type=\"widget\" data-e-type=\"widget\" data-widget_type=\"text-editor.default\">\n\t\t\t\t<div class=\"elementor-widget-container\">\n\t\t\t\t\t\t\t\t\t<p>Original du manifeste du 11 janvier en arabe.<\/p>\t\t\t\t\t\t\t\t<\/div>\n\t\t\t\t<\/div>\n\t\t\t\t\t<\/div>\n\t\t<\/div>\n\t\t\t\t<div class=\"elementor-column elementor-col-25 elementor-top-column elementor-element elementor-element-afaafeb\" data-id=\"afaafeb\" data-element_type=\"column\" data-e-type=\"column\">\n\t\t\t<div class=\"elementor-widget-wrap elementor-element-populated\">\n\t\t\t\t\t\t<div class=\"elementor-element elementor-element-f0f1416 elementor-widget elementor-widget-image\" data-id=\"f0f1416\" data-element_type=\"widget\" data-e-type=\"widget\" data-widget_type=\"image.default\">\n\t\t\t\t<div class=\"elementor-widget-container\">\n\t\t\t\t\t\t\t\t\t\t\t\t\t\t\t<img loading=\"lazy\" decoding=\"async\" width=\"432\" height=\"273\" src=\"https:\/\/rabat-maroc.net\/rabat-maroc-V2\/wp-content\/uploads\/2024\/10\/goumiers_cavaliers_cassino-large-large.jpg\" class=\"attachment-full size-full wp-image-3713\" alt=\"goumiers cavaliers cassino\" srcset=\"https:\/\/rabat-maroc.net\/rabat-maroc-V2\/wp-content\/uploads\/2024\/10\/goumiers_cavaliers_cassino-large-large.jpg 432w, https:\/\/rabat-maroc.net\/rabat-maroc-V2\/wp-content\/uploads\/2024\/10\/goumiers_cavaliers_cassino-large-large-300x190.jpg 300w\" sizes=\"(max-width: 432px) 100vw, 432px\" \/>\t\t\t\t\t\t\t\t\t\t\t\t\t\t\t<\/div>\n\t\t\t\t<\/div>\n\t\t\t\t<div class=\"elementor-element elementor-element-d36bc31 elementor-widget elementor-widget-text-editor\" data-id=\"d36bc31\" data-element_type=\"widget\" data-e-type=\"widget\" data-widget_type=\"text-editor.default\">\n\t\t\t\t<div class=\"elementor-widget-container\">\n\t\t\t\t\t\t\t\t\t<p>Troupes marocaines pendant la campagne d\u2019Italie.<\/p>\t\t\t\t\t\t\t\t<\/div>\n\t\t\t\t<\/div>\n\t\t\t\t\t<\/div>\n\t\t<\/div>\n\t\t\t\t\t<\/div>\n\t\t<\/section>\n\t\t\t\t<section class=\"elementor-section elementor-top-section elementor-element elementor-element-adfac99 elementor-section-content-top elementor-section-boxed elementor-section-height-default elementor-section-height-default elementor-invisible\" data-id=\"adfac99\" data-element_type=\"section\" data-e-type=\"section\" data-settings=\"{&quot;background_background&quot;:&quot;classic&quot;,&quot;animation&quot;:&quot;zoomInDown&quot;}\">\n\t\t\t\t\t\t\t<div class=\"elementor-background-overlay\"><\/div>\n\t\t\t\t\t\t\t<div class=\"elementor-container elementor-column-gap-wide\">\n\t\t\t\t\t<div class=\"elementor-column elementor-col-25 elementor-top-column elementor-element elementor-element-71b7f1a\" data-id=\"71b7f1a\" data-element_type=\"column\" data-e-type=\"column\">\n\t\t\t<div class=\"elementor-widget-wrap elementor-element-populated\">\n\t\t\t\t\t\t<div class=\"elementor-element elementor-element-4e12f12 elementor-widget elementor-widget-image\" data-id=\"4e12f12\" data-element_type=\"widget\" data-e-type=\"widget\" data-widget_type=\"image.default\">\n\t\t\t\t<div class=\"elementor-widget-container\">\n\t\t\t\t\t\t\t\t\t\t\t\t\t\t\t<img loading=\"lazy\" decoding=\"async\" width=\"124\" height=\"119\" src=\"https:\/\/rabat-maroc.net\/rabat-maroc-V2\/wp-content\/uploads\/2024\/10\/m5_liberation-large.jpg\" class=\"attachment-full size-full wp-image-3714\" alt=\"M5 liberation\" \/>\t\t\t\t\t\t\t\t\t\t\t\t\t\t\t<\/div>\n\t\t\t\t<\/div>\n\t\t\t\t<div class=\"elementor-element elementor-element-f1d3774 elementor-widget elementor-widget-text-editor\" data-id=\"f1d3774\" data-element_type=\"widget\" data-e-type=\"widget\" data-widget_type=\"text-editor.default\">\n\t\t\t\t<div class=\"elementor-widget-container\">\n\t\t\t\t\t\t\t\t\t<p>Sidi Mohammed Ben Youssef, Compagnon de la Lib\u00e9ration.<\/p>\t\t\t\t\t\t\t\t<\/div>\n\t\t\t\t<\/div>\n\t\t\t\t\t<\/div>\n\t\t<\/div>\n\t\t\t\t<div class=\"elementor-column elementor-col-25 elementor-top-column elementor-element elementor-element-9c53254\" data-id=\"9c53254\" data-element_type=\"column\" data-e-type=\"column\">\n\t\t\t<div class=\"elementor-widget-wrap elementor-element-populated\">\n\t\t\t\t\t\t<div class=\"elementor-element elementor-element-37cb1dc elementor-widget elementor-widget-image\" data-id=\"37cb1dc\" data-element_type=\"widget\" data-e-type=\"widget\" data-widget_type=\"image.default\">\n\t\t\t\t<div class=\"elementor-widget-container\">\n\t\t\t\t\t\t\t\t\t\t\t\t\t\t\t<img loading=\"lazy\" decoding=\"async\" width=\"200\" height=\"266\" src=\"https:\/\/rabat-maroc.net\/rabat-maroc-V2\/wp-content\/uploads\/2024\/10\/boniface-et-juin-large.jpg\" class=\"attachment-full size-full wp-image-3707\" alt=\"\" \/>\t\t\t\t\t\t\t\t\t\t\t\t\t\t\t<\/div>\n\t\t\t\t<\/div>\n\t\t\t\t<div class=\"elementor-element elementor-element-2464c71 elementor-widget elementor-widget-text-editor\" data-id=\"2464c71\" data-element_type=\"widget\" data-e-type=\"widget\" data-widget_type=\"text-editor.default\">\n\t\t\t\t<div class=\"elementor-widget-container\">\n\t\t\t\t\t\t\t\t\t<p>Boniface \u00e0 gauche et Juin.<\/p>\t\t\t\t\t\t\t\t<\/div>\n\t\t\t\t<\/div>\n\t\t\t\t\t<\/div>\n\t\t<\/div>\n\t\t\t\t<div class=\"elementor-column elementor-col-25 elementor-top-column elementor-element elementor-element-da6e039\" data-id=\"da6e039\" data-element_type=\"column\" data-e-type=\"column\">\n\t\t\t<div class=\"elementor-widget-wrap elementor-element-populated\">\n\t\t\t\t\t\t<div class=\"elementor-element elementor-element-8ad42ee elementor-widget elementor-widget-image\" data-id=\"8ad42ee\" data-element_type=\"widget\" data-e-type=\"widget\" data-widget_type=\"image.default\">\n\t\t\t\t<div class=\"elementor-widget-container\">\n\t\t\t\t\t\t\t\t\t\t\t\t\t\t\t<img loading=\"lazy\" decoding=\"async\" width=\"220\" height=\"250\" src=\"https:\/\/rabat-maroc.net\/rabat-maroc-V2\/wp-content\/uploads\/2024\/10\/general_guillaume-large-220x250-1.jpg\" class=\"attachment-full size-full wp-image-3712\" alt=\"general guillaume\" \/>\t\t\t\t\t\t\t\t\t\t\t\t\t\t\t<\/div>\n\t\t\t\t<\/div>\n\t\t\t\t<div class=\"elementor-element elementor-element-6a0a447 elementor-widget elementor-widget-text-editor\" data-id=\"6a0a447\" data-element_type=\"widget\" data-e-type=\"widget\" data-widget_type=\"text-editor.default\">\n\t\t\t\t<div class=\"elementor-widget-container\">\n\t\t\t\t\t\t\t\t\t<p>Le g\u00e9n\u00e9ral Guillaume ici sur la photo succ\u00e8de \u00e0 Juin.<\/p>\t\t\t\t\t\t\t\t<\/div>\n\t\t\t\t<\/div>\n\t\t\t\t\t<\/div>\n\t\t<\/div>\n\t\t\t\t<div class=\"elementor-column elementor-col-25 elementor-top-column elementor-element elementor-element-ea1cbc1\" data-id=\"ea1cbc1\" data-element_type=\"column\" data-e-type=\"column\">\n\t\t\t<div class=\"elementor-widget-wrap elementor-element-populated\">\n\t\t\t\t\t\t<div class=\"elementor-element elementor-element-8817dc1 elementor-widget elementor-widget-image\" data-id=\"8817dc1\" data-element_type=\"widget\" data-e-type=\"widget\" data-widget_type=\"image.default\">\n\t\t\t\t<div class=\"elementor-widget-container\">\n\t\t\t\t\t\t\t\t\t\t\t\t\t\t\t<img loading=\"lazy\" decoding=\"async\" width=\"994\" height=\"597\" src=\"https:\/\/rabat-maroc.net\/rabat-maroc-V2\/wp-content\/uploads\/2024\/10\/tanger-1947.jpg\" class=\"attachment-full size-full wp-image-3719\" alt=\"tanger\" srcset=\"https:\/\/rabat-maroc.net\/rabat-maroc-V2\/wp-content\/uploads\/2024\/10\/tanger-1947.jpg 994w, https:\/\/rabat-maroc.net\/rabat-maroc-V2\/wp-content\/uploads\/2024\/10\/tanger-1947-300x180.jpg 300w, https:\/\/rabat-maroc.net\/rabat-maroc-V2\/wp-content\/uploads\/2024\/10\/tanger-1947-768x461.jpg 768w\" sizes=\"(max-width: 994px) 100vw, 994px\" \/>\t\t\t\t\t\t\t\t\t\t\t\t\t\t\t<\/div>\n\t\t\t\t<\/div>\n\t\t\t\t<div class=\"elementor-element elementor-element-29b7e09 elementor-widget elementor-widget-text-editor\" data-id=\"29b7e09\" data-element_type=\"widget\" data-e-type=\"widget\" data-widget_type=\"text-editor.default\">\n\t\t\t\t<div class=\"elementor-widget-container\">\n\t\t\t\t\t\t\t\t\t<p>Discours de Tanger 1947.<\/p>\t\t\t\t\t\t\t\t<\/div>\n\t\t\t\t<\/div>\n\t\t\t\t\t<\/div>\n\t\t<\/div>\n\t\t\t\t\t<\/div>\n\t\t<\/section>\n\t\t\t\t<section class=\"elementor-section elementor-top-section elementor-element elementor-element-868c6f9 elementor-section-content-top elementor-section-boxed elementor-section-height-default elementor-section-height-default elementor-invisible\" data-id=\"868c6f9\" data-element_type=\"section\" data-e-type=\"section\" data-settings=\"{&quot;background_background&quot;:&quot;classic&quot;,&quot;animation&quot;:&quot;zoomInDown&quot;}\">\n\t\t\t\t\t\t\t<div class=\"elementor-background-overlay\"><\/div>\n\t\t\t\t\t\t\t<div class=\"elementor-container elementor-column-gap-no\">\n\t\t\t\t\t<div class=\"elementor-column elementor-col-100 elementor-top-column elementor-element elementor-element-6243568\" data-id=\"6243568\" data-element_type=\"column\" data-e-type=\"column\">\n\t\t\t<div class=\"elementor-widget-wrap elementor-element-populated\">\n\t\t\t\t\t\t<div class=\"elementor-element elementor-element-fbca8c3 elementor-widget elementor-widget-text-editor\" data-id=\"fbca8c3\" data-element_type=\"widget\" data-e-type=\"widget\" data-widget_type=\"text-editor.default\">\n\t\t\t\t<div class=\"elementor-widget-container\">\n\t\t\t\t\t\t\t\t\t<h3><strong>f\u00e9vrier 1937<\/strong><\/h3><p>Trois ans \u00e0 peine apr\u00e8s sa cr\u00e9ation, scission de l\u2019Action Marocaine : Ouazzani fonde le mouvement populaire qui deviendra apr\u00e8s la guerre 39-45 le parti d\u00e9mocratique de l\u2019ind\u00e9pendance (PDI) tandis qu\u2019Allal Al Fassi cr\u00e9\u00e9 le parti National le 23 juillet 1937, parti pour le triomphe des r\u00e9formes, qui se transformera en parti de l\u2019Istiqlal.<\/p><p>Dans le Maghreb, la m\u00eame recomposition politique des mouvements nationalistes a lieu : en Alg\u00e9rie, dissolution de l\u2019Etoile Africaine et cr\u00e9ation du parti du peuple Alg\u00e9rien de Messali Hadj et en Tunisie, c\u2019est Bourguiba qui fait scission au sein du parti Destour .<\/p><p>La politique instaur\u00e9e par le gouvernement de Gauche du Front Populaire ne r\u00e9pond pas aux attentes des nationalistes marocains. Apr\u00e8s une p\u00e9riode d\u2019agitation politique et des troubles dans tout le Maroc, le gouvernement Fran\u00e7ais d\u00e9cide d\u2019exiler Allal El Fassi et Ouazzani qu\u2019ils tiennent pour les principaux responsables de ces agitations.<\/p><p>Ouazzani sera envoy\u00e9 au Sahara, tandis que Allal Al Fassi sera d\u00e9port\u00e9 au Gabon d\u2019o\u00f9 il ne reviendra qu\u2019en 1943, pour fonder le parti de l\u2019Istiqlal.<\/p><h3><strong>septembre 1939<\/strong><\/h3><p>Apr\u00e8s le d\u00e9clenchement de la seconde guerre mondiale, le Sultan Mohammed Ben Youssef lance un appel dans les mosqu\u00e9es et demande au peuple Marocain de soutenir la France, engag\u00e9e dans la deuxi\u00e8me guerre mondiale.<\/p><h3><strong>8<\/strong>\u00a0<strong>novembre 1942<\/strong><\/h3><p>Le Sultan Mohammed Ben Youssef refuse l\u2019application des lois anti-juives de Vichy \u00e0 ses sujets Marocains de religion isra\u00e9lite.<\/p><p>D\u00e9but de l\u2019op\u00e9ration TORCH. Les forces am\u00e9ricano-britanniques d\u00e9barquent \u00e0 Safi, K\u00e9nitra, Oran et Alger. Les troupes fran\u00e7aises et marocaines aux ordres de Vichy opposent une faible r\u00e9sistance arm\u00e9e, cependant les combats provoqueront plusieurs milliers de morts.<\/p><h3><strong>22 janvier 1943<\/strong><\/h3><p>Le 1er ministre britannique Winston Churchill, le Pr\u00e9sident des Etats-Unis Roosevelt auxquels se joindront les g\u00e9n\u00e9raux Fran\u00e7ais De Gaulle et Giraud se rencontrent \u00e0 la Conf\u00e9rence d\u2019Anfa pour d\u00e9cider du sort du monde apr\u00e8s la guerre.<\/p><p>Le futur roi Mohammed V et le Pr\u00e9sident am\u00e9ricain Roosevelt se rencontrent et d\u00eenent en appart\u00e9 \u00e0 Casablanca. Roosevelet apporte son soutien tacite dans le combat futur que m\u00e8nera le souverain pour l\u2019ind\u00e9pendance du Maroc.<\/p><p>Puaux, d\u00e9sign\u00e9 par le Gouvernement des Forces Fran\u00e7aises Libres, remplace Nogu\u00e8s (jug\u00e9 trop proche du gouvernement de Vichy) \u00e0 la r\u00e9sidence g\u00e9n\u00e9rale au Maroc.<\/p><h3><strong>11 janvier 1944<\/strong><\/h3><p>Publication du manifeste en faveur de la suppression du protectorat. Les manifestations de soutien sont s\u00e9v\u00e8rement r\u00e9prim\u00e9es.<\/p><h3><strong>28 janvier 1944<\/strong><\/h3><p>Le G\u00e9n\u00e9ral De Gaulle pressent l\u2019impatience des nationalistes marocains, mais a besoin du soutien des \u201ccolonies\u201d d\u2019Afrique pour faire entendre la voix de la France aupr\u00e8s des alli\u00e9s. Il demande au Sultan Mohammed Ben Youssef par l\u2019interm\u00e9diaire de son \u00e9missaire aux Affaires \u00e9trang\u00e8res \u00e0 Rabat, Ren\u00e9 Massigli, de respecter les dispositions du trait\u00e9 de F\u00e8s. De nombreuses manifestations sont malgr\u00e9 tout r\u00e9prim\u00e9es dans le sang. A F\u00e8s, les Oul\u00e9mas sont arr\u00eat\u00e9s ainsi que les principaux chefs nationalistes dont Balafredj et Lyazidi.<\/p><h3><strong>22 mars 1945<\/strong><\/h3><p>Victoire des alli\u00e9s \u00e0 la 2\u00e8me guerre mondiale et signature de l\u2019armistice qui met fin aux hostilit\u00e9s. Au total plus de 90.000 Marocains se sont battus de 1939 \u00e0 1945, sous le drapeau fran\u00e7ais, pour le triomphe de la libert\u00e9. Selon les estimations, entre 10.000 et 15.000 d\u2019entre eux auraient trouv\u00e9 la mort dans les combats o\u00f9 leur bravoure a \u00e9t\u00e9 c\u00e9l\u00e9br\u00e9e \u2013 lors du d\u00e9barquement de Provence mais aussi, tout au long du conflit mondial, sur les champs de bataille de Tunisie, de Sicile, de Corse, en Italie, sur l\u2019\u00eele d\u2019Elbe, en Autriche, en Allemagne et du sud au nord de la France.<\/p><p>Le g\u00e9n\u00e9ral De Gaulle re\u00e7oit \u00e0 l\u2019Elys\u00e9e le Sultan Mohammed Ben Youssef, et le d\u00e9core \u201cCompagnon de la Lib\u00e9ration\u201d.<br \/>Apr\u00e8s le d\u00e9part du G\u00e9n\u00e9ral De Gaulle du gouvernement Fran\u00e7ais, un civil, Eirik Labonne est nomm\u00e9 nouveau r\u00e9sident g\u00e9n\u00e9ral au Maroc.<\/p><h3><strong>7 avril 1947<\/strong><\/h3><p>A Casablanca, \u00e0 la nouvelle m\u00e9dina, les tirailleurs S\u00e9n\u00e9galais ouvrent le feu sur la foule marocaine sans motif apparent. Ils font plusieurs centaines de morts. La police command\u00e9e par le contr\u00f4leur Philippe Boniface n\u2019interviendra pour les d\u00e9sarmer que plusieurs heures plus tard. Cet \u00e9v\u00e9nement sanglant, plus ou moins organis\u00e9, \u00e9tait destin\u00e9 \u00e0 dissuader le sultan de se rendre \u00e0 Tanger.<\/p><p>Boniface contribuera \u00a0au rappel du r\u00e9sident Eirik Labonne et \u00e0 la destitution du sultan Sidi Mohammed ben Youssef.<\/p><h3><strong>10 avril 1947<\/strong><\/h3><p>Le Sultan Mohammed Ben Youssef qui s\u2019\u00e9tait d\u00e9plac\u00e9 \u00e0 Casablanca et encore meurtri par les \u00e9v\u00e8nements, prononce le discours de Tanger le 10 avril 1947 aux jardins de la Mandoubia, r\u00e9clamant l\u2019ind\u00e9pendance du pays et son int\u00e9grit\u00e9 territoriale. Ce discours provoque le limogeage de Labonne consid\u00e9r\u00e9 comme trop tol\u00e9rant envers les nationalistes.<\/p><h3><strong>13 mai 1947<\/strong><\/h3><p>Le G\u00e9n\u00e9ral Juin, natif d\u2019Alg\u00e9rie, et chef d\u2019Etat major g\u00e9n\u00e9ral de la d\u00e9fense nationale, est nomm\u00e9 par le gouvernement Fran\u00e7ais r\u00e9sident g\u00e9n\u00e9ral au Maroc.<\/p><p>Au cours d\u2019un voyage officiel en France, le Sultan Mohammed Ben Youssef pr\u00e9sente un memorandum au gouvernement Fran\u00e7ais qui ne r\u00e9pond pas. A son retour au Maroc, violente altercation au conseil du Gouvernement entre les leaders politiques marocains et le g\u00e9n\u00e9ral Juin.<\/p><p>Le G\u00e9n\u00e9ral Juin, soutenu par les colons conservateurs fran\u00e7ais et les extr\u00e9mistes du parti \u201cpr\u00e9sence fran\u00e7aise\u201d, menace de destitution le Sultan Mohammed Ben Youssef s\u2019il ne d\u00e9savoue pas le parti de l\u2019Istiqlal.<\/p><p>D\u00e9part du g\u00e9n\u00e9ral Juin et passation de pouvoirs au g\u00e9n\u00e9ral Augustin Guillaume. Ami du G\u00e9n\u00e9ral Juin et connu pour avoir men\u00e9 \u201cses Goumiers Marocains\u201d \u00e0 l\u2019assaut du Monte Cassino, le G\u00e9n\u00e9ral Guillaume a fait une bonne partie de sa carri\u00e8re d\u2019officier au Maroc.<\/p><p>La r\u00e9sidence g\u00e9n\u00e9rale organise des \u00e9lections des chambres consultatives marocaines, boycott\u00e9es par le peuple marocain. Manifestations \u00e0 Casablanca.<\/p><p>A l\u2019ONU, les pays arabes demandent l\u2019inscription de l\u2019affaire Marocaine \u00e0 l\u2019odre du jour de l\u2019assembl\u00e9e g\u00e9n\u00e9rale.<\/p><p>Le Sultan Mohammed Ben Youssef envoie un nouveau message \u00e0 Paris appelant notamment la France \u00e0 accorder l\u2019ind\u00e9pendance du Royaume, \u00e0 permettre aux Marocains de jouir de toutes les libert\u00e9s publiques, et \u00e0 donner aux travailleurs le droit de former des syndicats et de participer \u00e0 des n\u00e9gociations conduisant \u00e0 l\u2019ind\u00e9pendance du pays.<\/p><p>La France propose de suivre la politique de l\u2019interd\u00e9pendance, de cr\u00e9er une administration et des conseils communs et d\u2019ouvrir des n\u00e9gociations sur la base des dispositions du trait\u00e9 de F\u00e8s. Le Sultan Mohammed Ben Youssef rejette cette proposition. Il fait la gr\u00e8ve de la signature des dahirs.<\/p><p>Quelques semaines plus tard, plusieurs chefs nationalistes seront arr\u00eat\u00e9s dont El Ouazzani.<\/p><p>Distribution d\u2019un manifeste sign\u00e9 par une vingtaine de notables, Marocains Pro-fran\u00e7ais, accusant \u00ab le Sultan de conduire le pays vers le chaos \u00bb et de s\u2019allier \u00e0 \u201cdes partis politiques ill\u00e9gitimes\u201d.<\/p><h3><strong>1er juin 1953<\/strong><\/h3><p>Le Sultan Mohammed Ben Youssef demande \u00e0 la France de mettre un terme \u00e0 cette dissidence maniganc\u00e9e et organis\u00e9e par des Pachas et ca\u00efds collaborateurs du lobby des Colons.<\/p><p>Le ministre fran\u00e7ais des Affaires \u00e9trang\u00e8res, Georges Bidault, adresse un message au G\u00e9n\u00e9ral Guillaume pour lui demander de \u00ab calmer El Glaoui \u00bb.<\/p><p>La France demande au Sultan, sous la menace de le d\u00e9poser, de renoncer \u00e0 la majorit\u00e9 de ses droits politiques.<\/p><p>Manifestations anti-fran\u00e7aises, r\u00e9prim\u00e9es dans le sang, \u00e0 Marrakech, F\u00e8s, Casablanca, Rabat, Sal\u00e9, Mekn\u00e8s et Oujda.<\/p><p>Le lobby des colons exige et obtient du gouvernement fran\u00e7ais l\u2019exil du Sultan Mohammed Ben Youssef et de la famille royale en Corse puis \u00e0 Madagascar (Antsirab\u00e9). Un nouveau sultan Ben Arafa est \u00e9lu par les Oul\u00e9mas avec l\u2019appui du Pacha de Marrakech Thami El Glaoui. D\u00e9clenchement de la r\u00e9volution du Roi et du peuple.<\/p><p>Manifestations fr\u00e9quentes qui se terminent souvent dans un bain de sang, o\u00f9 l\u2019on remarque la pr\u00e9sence en grand nombre de femmes aux cris de \u00ab yahya el malik Mohammed al khamis !! \u00bb. D\u2019ao\u00fbt 1953 \u00e0 avril 1956, on d\u00e9nombrera pr\u00e8s d\u2019un millier de victimes de la r\u00e9sistance arm\u00e9e.<\/p><p>Le r\u00e9sistant Allal Ben Abdellah tente d\u2019assassiner Ben Arafa, le \u201cnouveau\u201d sultan \u00e0 la sortie du palais royal de Rabat sur le mechouar.<\/p><p>Le 11 mars 1954 Ben Arafa est vis\u00e9 \u00e0 nouveau par une grenade en pleine pri\u00e8re du vendredi, \u00e0 la mosqu\u00e9e Berrima de Marrakech .<\/p><h3><strong>d\u00e9cembre 1953<\/strong><\/h3><p>Les Etats arabes pr\u00e9sentent aux Nations unies un projet de r\u00e9solution demandant d\u2019accorder au Maroc le droit \u00e0 l\u2019autod\u00e9termination. Cette r\u00e9solution est adopt\u00e9e par l\u2019assembl\u00e9e g\u00e9n\u00e9rale. L\u2019annonce de cette adoption provoque des affrontements sanglants entre nationalistes et colons.<\/p><p>Le gouvernement Fran\u00e7ais est de plus en plus mal \u00e0 l\u2019aise face \u00e0 la pression internationale : le g\u00e9n\u00e9ral Guillaume tenu pour responsable de cette situation est remplac\u00e9 par un civil, Francis Lacoste.<\/p><h3><strong>23 ao\u00fbt 1955<\/strong><\/h3><p>Rencontre franco-marocaine \u00e0 Aix-les Bains au cours de laquelle il est d\u00e9cid\u00e9 de d\u00e9poser Ibn Arafa, de former un conseil de tutelle et d\u2019acc\u00e9l\u00e9rer la formation d\u2019un gouvernement marocain repr\u00e9sentatif de toutes les appartenances politiques.<\/p><p>Entretiens avec le ministre fran\u00e7ais des Affaires \u00e9trang\u00e8res, M. Antoine Pinay, \u00e0 Saint-Germain en pr\u00e9sence de Dubois, r\u00e9sident g\u00e9n\u00e9ral au Maroc, sur les conditions de retour au Maroc du Sultan Sidi Mohammed Ben Youssef et sur l\u2019ouverture de n\u00e9gociations entre la France et le Maroc.<\/p><h3>16\u00a0<strong>novembre 1955<\/strong><\/h3><p>Retour triomphal de Mohammed Ben Youssef, futur roi Mohammed V, \u00e0 Rabat.<\/p><h3><strong>18 novembre 1955<\/strong><\/h3><p>Sidi Mohammed Ben Youssef c\u00e9l\u00e8bre la f\u00eate du tr\u00f4ne \u00e0 la Tour Hassan de Rabat.<\/p><h3><strong>7 d\u00e9cembre 1955<\/strong><\/h3><p>Formation du premier gouvernement ind\u00e9pendant de coalition, pr\u00e9sid\u00e9 par M. Mohamed El Bekka\u00ef.<\/p><h3>15 f\u00e9vrier 1956<\/h3><p>Visite de Sidi Mohammed Ben Youssef en France. Ouverture des n\u00e9gociations franco-marocaines sur l\u2019ind\u00e9pendance du Maroc et l\u2019abrogation du trait\u00e9 de F\u00e8s de 1912 \u00e9tablissant le protectorat fran\u00e7ais sur le Maroc. Bouabid, Lyazidi, et Ben Barka repr\u00e9sentant le parti Istiqlal, et Boutaleb, Cherkaoui le PDI participent \u00e0 ces n\u00e9gociations.<\/p><h3><strong>7 mars 1956<\/strong><\/h3><p>Mohammed V annonce au peuple Marocain l\u2019ind\u00e9pendance du Maroc.<\/p><h3>7 avril 1956<\/h3><p>Un accord est sign\u00e9 \u00e0 Madrid entre Mohammed V et le g\u00e9n\u00e9ral Franco mettant fin \u00e0 la souverainet\u00e9 espagnole sur le nord du pays. Le 20 octobre, la zone de Tanger, qui \u00e9tait soumise \u00e0 un statut international particulier, est elle aussi r\u00e9int\u00e9gr\u00e9e au Maroc.<\/p>\t\t\t\t\t\t\t\t<\/div>\n\t\t\t\t<\/div>\n\t\t\t\t\t<\/div>\n\t\t<\/div>\n\t\t\t\t\t<\/div>\n\t\t<\/section>\n\t\t\t\t<section class=\"elementor-section elementor-top-section elementor-element elementor-element-d3ffda4 elementor-section-content-top elementor-section-boxed elementor-section-height-default elementor-section-height-default elementor-invisible\" data-id=\"d3ffda4\" data-element_type=\"section\" data-e-type=\"section\" data-settings=\"{&quot;background_background&quot;:&quot;classic&quot;,&quot;animation&quot;:&quot;zoomInDown&quot;}\">\n\t\t\t\t\t\t\t<div class=\"elementor-background-overlay\"><\/div>\n\t\t\t\t\t\t\t<div class=\"elementor-container elementor-column-gap-wide\">\n\t\t\t\t\t<div class=\"elementor-column elementor-col-33 elementor-top-column elementor-element elementor-element-4175489\" data-id=\"4175489\" data-element_type=\"column\" data-e-type=\"column\">\n\t\t\t<div class=\"elementor-widget-wrap elementor-element-populated\">\n\t\t\t\t\t\t<div class=\"elementor-element elementor-element-dd01c69 elementor-widget elementor-widget-image\" data-id=\"dd01c69\" data-element_type=\"widget\" data-e-type=\"widget\" data-widget_type=\"image.default\">\n\t\t\t\t<div class=\"elementor-widget-container\">\n\t\t\t\t\t\t\t\t\t\t\t\t\t\t\t<img loading=\"lazy\" decoding=\"async\" width=\"530\" height=\"710\" src=\"https:\/\/rabat-maroc.net\/rabat-maroc-V2\/wp-content\/uploads\/2024\/10\/thami-el-glaoui.jpg\" class=\"attachment-full size-full wp-image-3722\" alt=\"thami el glaoui\" srcset=\"https:\/\/rabat-maroc.net\/rabat-maroc-V2\/wp-content\/uploads\/2024\/10\/thami-el-glaoui.jpg 530w, https:\/\/rabat-maroc.net\/rabat-maroc-V2\/wp-content\/uploads\/2024\/10\/thami-el-glaoui-224x300.jpg 224w\" sizes=\"(max-width: 530px) 100vw, 530px\" \/>\t\t\t\t\t\t\t\t\t\t\t\t\t\t\t<\/div>\n\t\t\t\t<\/div>\n\t\t\t\t<div class=\"elementor-element elementor-element-df9b06c elementor-widget elementor-widget-text-editor\" data-id=\"df9b06c\" data-element_type=\"widget\" data-e-type=\"widget\" data-widget_type=\"text-editor.default\">\n\t\t\t\t<div class=\"elementor-widget-container\">\n\t\t\t\t\t\t\t\t\t<p>Thami El Glaoui.<\/p>\t\t\t\t\t\t\t\t<\/div>\n\t\t\t\t<\/div>\n\t\t\t\t\t<\/div>\n\t\t<\/div>\n\t\t\t\t<div class=\"elementor-column elementor-col-33 elementor-top-column elementor-element elementor-element-6b43e1e\" data-id=\"6b43e1e\" data-element_type=\"column\" data-e-type=\"column\">\n\t\t\t<div class=\"elementor-widget-wrap elementor-element-populated\">\n\t\t\t\t\t\t<div class=\"elementor-element elementor-element-a633ee2 elementor-widget elementor-widget-image\" data-id=\"a633ee2\" data-element_type=\"widget\" data-e-type=\"widget\" data-widget_type=\"image.default\">\n\t\t\t\t<div class=\"elementor-widget-container\">\n\t\t\t\t\t\t\t\t\t\t\t\t\t\t\t<img loading=\"lazy\" decoding=\"async\" width=\"300\" height=\"197\" src=\"https:\/\/rabat-maroc.net\/rabat-maroc-V2\/wp-content\/uploads\/2024\/10\/tentative-assassinat-sultan-ben-arafa-large-300x197-1.png\" class=\"attachment-full size-full wp-image-3720\" alt=\"\" \/>\t\t\t\t\t\t\t\t\t\t\t\t\t\t\t<\/div>\n\t\t\t\t<\/div>\n\t\t\t\t<div class=\"elementor-element elementor-element-a7a170d elementor-widget elementor-widget-text-editor\" data-id=\"a7a170d\" data-element_type=\"widget\" data-e-type=\"widget\" data-widget_type=\"text-editor.default\">\n\t\t\t\t<div class=\"elementor-widget-container\">\n\t\t\t\t\t\t\t\t\t<p>Tentative d\u2019assassinat du sultan Ben Arafa au mechouar de Rabat.<\/p>\t\t\t\t\t\t\t\t<\/div>\n\t\t\t\t<\/div>\n\t\t\t\t\t<\/div>\n\t\t<\/div>\n\t\t\t\t<div class=\"elementor-column elementor-col-33 elementor-top-column elementor-element elementor-element-4a82fe9\" data-id=\"4a82fe9\" data-element_type=\"column\" data-e-type=\"column\">\n\t\t\t<div class=\"elementor-widget-wrap elementor-element-populated\">\n\t\t\t\t\t\t<div class=\"elementor-element elementor-element-fb43ae2 elementor-widget elementor-widget-image\" data-id=\"fb43ae2\" data-element_type=\"widget\" data-e-type=\"widget\" data-widget_type=\"image.default\">\n\t\t\t\t<div class=\"elementor-widget-container\">\n\t\t\t\t\t\t\t\t\t\t\t\t\t\t\t<img loading=\"lazy\" decoding=\"async\" width=\"600\" height=\"597\" src=\"https:\/\/rabat-maroc.net\/rabat-maroc-V2\/wp-content\/uploads\/2024\/10\/bouabid-et-coty-600.jpg\" class=\"attachment-full size-full wp-image-3708\" alt=\"\" srcset=\"https:\/\/rabat-maroc.net\/rabat-maroc-V2\/wp-content\/uploads\/2024\/10\/bouabid-et-coty-600.jpg 600w, https:\/\/rabat-maroc.net\/rabat-maroc-V2\/wp-content\/uploads\/2024\/10\/bouabid-et-coty-600-300x300.jpg 300w, https:\/\/rabat-maroc.net\/rabat-maroc-V2\/wp-content\/uploads\/2024\/10\/bouabid-et-coty-600-150x150.jpg 150w\" sizes=\"(max-width: 600px) 100vw, 600px\" \/>\t\t\t\t\t\t\t\t\t\t\t\t\t\t\t<\/div>\n\t\t\t\t<\/div>\n\t\t\t\t<div class=\"elementor-element elementor-element-c02dd2e elementor-widget elementor-widget-text-editor\" data-id=\"c02dd2e\" data-element_type=\"widget\" data-e-type=\"widget\" data-widget_type=\"text-editor.default\">\n\t\t\t\t<div class=\"elementor-widget-container\">\n\t\t\t\t\t\t\t\t\t<p>Abderrahim Bouabid, avocat, et Ministre d\u2019\u00c9tat charg\u00e9 des n\u00e9gociations du 1er gouvernement, figure de proue de la gauche marocaine jusqu\u2019en 1992, date de sa mort.<\/p>\t\t\t\t\t\t\t\t<\/div>\n\t\t\t\t<\/div>\n\t\t\t\t\t<\/div>\n\t\t<\/div>\n\t\t\t\t\t<\/div>\n\t\t<\/section>\n\t\t<div class=\"elementor-element elementor-element-d52bed7 e-flex e-con-boxed e-con e-parent\" data-id=\"d52bed7\" data-element_type=\"container\" data-e-type=\"container\">\n\t\t\t\t\t<div class=\"e-con-inner\">\n\t\t\t\t<div class=\"elementor-element elementor-element-9e8f7b5 elementor-widget-divider--view-line elementor-widget elementor-widget-divider\" data-id=\"9e8f7b5\" data-element_type=\"widget\" data-e-type=\"widget\" data-widget_type=\"divider.default\">\n\t\t\t\t<div class=\"elementor-widget-container\">\n\t\t\t\t\t\t\t<div class=\"elementor-divider\">\n\t\t\t<span class=\"elementor-divider-separator\">\n\t\t\t\t\t\t<\/span>\n\t\t<\/div>\n\t\t\t\t\t\t<\/div>\n\t\t\t\t<\/div>\n\t\t\t\t\t<\/div>\n\t\t\t\t<\/div>\n\t\t\t\t<section class=\"elementor-section elementor-top-section elementor-element elementor-element-7dcb97e elementor-section-content-top elementor-section-boxed elementor-section-height-default elementor-section-height-default elementor-invisible\" data-id=\"7dcb97e\" data-element_type=\"section\" data-e-type=\"section\" data-settings=\"{&quot;background_background&quot;:&quot;classic&quot;,&quot;animation&quot;:&quot;zoomInDown&quot;}\">\n\t\t\t\t\t\t\t<div class=\"elementor-background-overlay\"><\/div>\n\t\t\t\t\t\t\t<div class=\"elementor-container elementor-column-gap-wide\">\n\t\t\t\t\t<div class=\"elementor-column elementor-col-25 elementor-top-column elementor-element elementor-element-aa3fd11\" data-id=\"aa3fd11\" data-element_type=\"column\" data-e-type=\"column\">\n\t\t\t<div class=\"elementor-widget-wrap elementor-element-populated\">\n\t\t\t\t\t\t<div class=\"elementor-element elementor-element-7e00e75 elementor-widget elementor-widget-image\" data-id=\"7e00e75\" data-element_type=\"widget\" data-e-type=\"widget\" data-widget_type=\"image.default\">\n\t\t\t\t<div class=\"elementor-widget-container\">\n\t\t\t\t\t\t\t\t\t\t\t\t\t\t\t<img loading=\"lazy\" decoding=\"async\" width=\"250\" height=\"196\" src=\"https:\/\/rabat-maroc.net\/rabat-maroc-V2\/wp-content\/uploads\/2024\/10\/retour-de-M5-a-rabat-large.jpg\" class=\"attachment-full size-full wp-image-3718\" alt=\"retour de M5 a rabat\" \/>\t\t\t\t\t\t\t\t\t\t\t\t\t\t\t<\/div>\n\t\t\t\t<\/div>\n\t\t\t\t<div class=\"elementor-element elementor-element-b59532c elementor-widget elementor-widget-text-editor\" data-id=\"b59532c\" data-element_type=\"widget\" data-e-type=\"widget\" data-widget_type=\"text-editor.default\">\n\t\t\t\t<div class=\"elementor-widget-container\">\n\t\t\t\t\t\t\t\t\t<p>photo : retour triomphal de Mohammed V \u00e0 Rabat, devant les Oudayas)<\/p>\t\t\t\t\t\t\t\t<\/div>\n\t\t\t\t<\/div>\n\t\t\t\t\t<\/div>\n\t\t<\/div>\n\t\t\t\t<div class=\"elementor-column elementor-col-25 elementor-top-column elementor-element elementor-element-42712f1\" data-id=\"42712f1\" data-element_type=\"column\" data-e-type=\"column\">\n\t\t\t<div class=\"elementor-widget-wrap elementor-element-populated\">\n\t\t\t\t\t\t<div class=\"elementor-element elementor-element-aa42feb elementor-widget elementor-widget-image\" data-id=\"aa42feb\" data-element_type=\"widget\" data-e-type=\"widget\" data-widget_type=\"image.default\">\n\t\t\t\t<div class=\"elementor-widget-container\">\n\t\t\t\t\t\t\t\t\t\t\t\t\t\t\t<img loading=\"lazy\" decoding=\"async\" width=\"400\" height=\"273\" src=\"https:\/\/rabat-maroc.net\/rabat-maroc-V2\/wp-content\/uploads\/2024\/10\/18-nov-1955-tour-hassan.jpg\" class=\"attachment-full size-full wp-image-3703\" alt=\"18 nov 1955 tour hassan\" srcset=\"https:\/\/rabat-maroc.net\/rabat-maroc-V2\/wp-content\/uploads\/2024\/10\/18-nov-1955-tour-hassan.jpg 400w, https:\/\/rabat-maroc.net\/rabat-maroc-V2\/wp-content\/uploads\/2024\/10\/18-nov-1955-tour-hassan-300x205.jpg 300w\" sizes=\"(max-width: 400px) 100vw, 400px\" \/>\t\t\t\t\t\t\t\t\t\t\t\t\t\t\t<\/div>\n\t\t\t\t<\/div>\n\t\t\t\t<div class=\"elementor-element elementor-element-40709b5 elementor-widget elementor-widget-text-editor\" data-id=\"40709b5\" data-element_type=\"widget\" data-e-type=\"widget\" data-widget_type=\"text-editor.default\">\n\t\t\t\t<div class=\"elementor-widget-container\">\n\t\t\t\t\t\t\t\t\t<p>18 novembre 1955, jour de la f\u00eate du tr\u00f4ne et jour de l\u2019ind\u00e9pendance.<\/p>\t\t\t\t\t\t\t\t<\/div>\n\t\t\t\t<\/div>\n\t\t\t\t\t<\/div>\n\t\t<\/div>\n\t\t\t\t<div class=\"elementor-column elementor-col-25 elementor-top-column elementor-element elementor-element-54a95d7\" data-id=\"54a95d7\" data-element_type=\"column\" data-e-type=\"column\">\n\t\t\t<div class=\"elementor-widget-wrap elementor-element-populated\">\n\t\t\t\t\t\t<div class=\"elementor-element elementor-element-ccf341b elementor-widget elementor-widget-image\" data-id=\"ccf341b\" data-element_type=\"widget\" data-e-type=\"widget\" data-widget_type=\"image.default\">\n\t\t\t\t<div class=\"elementor-widget-container\">\n\t\t\t\t\t\t\t\t\t\t\t\t\t\t\t<img loading=\"lazy\" decoding=\"async\" width=\"332\" height=\"232\" src=\"https:\/\/rabat-maroc.net\/rabat-maroc-V2\/wp-content\/uploads\/2024\/10\/mohamed_v_franco-large.jpg\" class=\"attachment-full size-full wp-image-3715\" alt=\"Mohamed V franco\" srcset=\"https:\/\/rabat-maroc.net\/rabat-maroc-V2\/wp-content\/uploads\/2024\/10\/mohamed_v_franco-large.jpg 332w, https:\/\/rabat-maroc.net\/rabat-maroc-V2\/wp-content\/uploads\/2024\/10\/mohamed_v_franco-large-300x210.jpg 300w\" sizes=\"(max-width: 332px) 100vw, 332px\" \/>\t\t\t\t\t\t\t\t\t\t\t\t\t\t\t<\/div>\n\t\t\t\t<\/div>\n\t\t\t\t<div class=\"elementor-element elementor-element-b9e38c4 elementor-widget elementor-widget-text-editor\" data-id=\"b9e38c4\" data-element_type=\"widget\" data-e-type=\"widget\" data-widget_type=\"text-editor.default\">\n\t\t\t\t<div class=\"elementor-widget-container\">\n\t\t\t\t\t\t\t\t\t<p>Sidi Mohammed Ben Youssef et Franco signent le trait\u00e9 d\u2019abrogation du protectorat de l\u2019Espagne au Maroc.<\/p>\t\t\t\t\t\t\t\t<\/div>\n\t\t\t\t<\/div>\n\t\t\t\t\t<\/div>\n\t\t<\/div>\n\t\t\t\t<div class=\"elementor-column elementor-col-25 elementor-top-column elementor-element elementor-element-051ec2e\" data-id=\"051ec2e\" data-element_type=\"column\" data-e-type=\"column\">\n\t\t\t<div class=\"elementor-widget-wrap elementor-element-populated\">\n\t\t\t\t\t\t<div class=\"elementor-element elementor-element-fa33d68 elementor-widget elementor-widget-image\" data-id=\"fa33d68\" data-element_type=\"widget\" data-e-type=\"widget\" data-widget_type=\"image.default\">\n\t\t\t\t<div class=\"elementor-widget-container\">\n\t\t\t\t\t\t\t\t\t\t\t\t\t\t\t<img loading=\"lazy\" decoding=\"async\" width=\"238\" height=\"148\" src=\"https:\/\/rabat-maroc.net\/rabat-maroc-V2\/wp-content\/uploads\/2024\/10\/ben_-barka_allal_al_fassi.jpg\" class=\"attachment-full size-full wp-image-3706\" alt=\"ben barka allal al fassi\" \/>\t\t\t\t\t\t\t\t\t\t\t\t\t\t\t<\/div>\n\t\t\t\t<\/div>\n\t\t\t\t<div class=\"elementor-element elementor-element-3034d39 elementor-widget elementor-widget-text-editor\" data-id=\"3034d39\" data-element_type=\"widget\" data-e-type=\"widget\" data-widget_type=\"text-editor.default\">\n\t\t\t\t<div class=\"elementor-widget-container\">\n\t\t\t\t\t\t\t\t\t<p>Mehdi Ben Barka et Allal Al Fassi, encore unis dans le parti Istiqlal.<\/p>\t\t\t\t\t\t\t\t<\/div>\n\t\t\t\t<\/div>\n\t\t\t\t\t<\/div>\n\t\t<\/div>\n\t\t\t\t\t<\/div>\n\t\t<\/section>\n\t\t<div class=\"elementor-element elementor-element-fdcbc29 e-flex e-con-boxed e-con e-parent\" data-id=\"fdcbc29\" data-element_type=\"container\" data-e-type=\"container\">\n\t\t\t\t\t<div class=\"e-con-inner\">\n\t\t\t\t<div class=\"elementor-element elementor-element-4180587 elementor-widget-divider--view-line elementor-widget elementor-widget-divider\" data-id=\"4180587\" data-element_type=\"widget\" data-e-type=\"widget\" data-widget_type=\"divider.default\">\n\t\t\t\t<div class=\"elementor-widget-container\">\n\t\t\t\t\t\t\t<div class=\"elementor-divider\">\n\t\t\t<span class=\"elementor-divider-separator\">\n\t\t\t\t\t\t<\/span>\n\t\t<\/div>\n\t\t\t\t\t\t<\/div>\n\t\t\t\t<\/div>\n\t\t\t\t\t<\/div>\n\t\t\t\t<\/div>\n\t\t\t\t<section class=\"elementor-section elementor-top-section elementor-element elementor-element-22af491 elementor-section-content-middle elementor-section-boxed elementor-section-height-default elementor-section-height-default elementor-invisible\" data-id=\"22af491\" data-element_type=\"section\" data-e-type=\"section\" data-settings=\"{&quot;background_background&quot;:&quot;classic&quot;,&quot;animation&quot;:&quot;zoomInUp&quot;}\">\n\t\t\t\t\t\t\t<div class=\"elementor-background-overlay\"><\/div>\n\t\t\t\t\t\t\t<div class=\"elementor-container elementor-column-gap-no\">\n\t\t\t\t\t<div class=\"elementor-column elementor-col-100 elementor-top-column elementor-element elementor-element-3489297\" data-id=\"3489297\" data-element_type=\"column\" data-e-type=\"column\">\n\t\t\t<div class=\"elementor-widget-wrap elementor-element-populated\">\n\t\t\t\t\t\t<div class=\"elementor-element elementor-element-7483cce elementor-widget elementor-widget-heading\" data-id=\"7483cce\" data-element_type=\"widget\" data-e-type=\"widget\" data-widget_type=\"heading.default\">\n\t\t\t\t<div class=\"elementor-widget-container\">\n\t\t\t\t\t<h2 class=\"elementor-heading-title elementor-size-default\">Les dates-cl\u00e9s de l\u2019histoire contemporaine du Maroc, de l\u2019ind\u00e9pendance 1956 \u00e0 la mort de Mohammed V 1961<\/h2>\t\t\t\t<\/div>\n\t\t\t\t<\/div>\n\t\t\t\t\t<\/div>\n\t\t<\/div>\n\t\t\t\t\t<\/div>\n\t\t<\/section>\n\t\t<div class=\"elementor-element elementor-element-18b3f39 e-flex e-con-boxed e-con e-parent\" data-id=\"18b3f39\" data-element_type=\"container\" data-e-type=\"container\">\n\t\t\t\t\t<div class=\"e-con-inner\">\n\t\t\t\t<div class=\"elementor-element elementor-element-ddd2b11 elementor-widget-divider--view-line elementor-widget elementor-widget-divider\" data-id=\"ddd2b11\" data-element_type=\"widget\" data-e-type=\"widget\" data-widget_type=\"divider.default\">\n\t\t\t\t<div class=\"elementor-widget-container\">\n\t\t\t\t\t\t\t<div class=\"elementor-divider\">\n\t\t\t<span class=\"elementor-divider-separator\">\n\t\t\t\t\t\t<\/span>\n\t\t<\/div>\n\t\t\t\t\t\t<\/div>\n\t\t\t\t<\/div>\n\t\t\t\t\t<\/div>\n\t\t\t\t<\/div>\n\t\t\t\t<\/div>\n\t\t","protected":false},"excerpt":{"rendered":"<p>Rabat de Lyautey \u00e0 Mohammed VI portail de Rabat, tourisme, histoire et culture. Plus d&rsquo;information Les dates-cl\u00e9s du protectorat du Maroc de 1934 \u00e0 la fin du protectorat 1956 Le sultan Sidi Mohammed Ben Youssef, le Marechal Lyautey et le Prince Moulay Hassan, futur Hassan II, \u00e0 Thorey, quelques jours avant la mort de Lyautey. [&hellip;]<\/p>\n","protected":false},"author":1,"featured_media":0,"parent":0,"menu_order":0,"comment_status":"closed","ping_status":"closed","template":"","meta":{"_uag_custom_page_level_css":"","_monsterinsights_skip_tracking":false,"_monsterinsights_sitenote_active":false,"_monsterinsights_sitenote_note":"","_monsterinsights_sitenote_category":0,"_uf_show_specific_survey":0,"_uf_disable_surveys":false,"site-sidebar-layout":"no-sidebar","site-content-layout":"plain-container","ast-site-content-layout":"full-width-container","site-content-style":"unboxed","site-sidebar-style":"unboxed","ast-global-header-display":"","ast-banner-title-visibility":"","ast-main-header-display":"","ast-hfb-above-header-display":"","ast-hfb-below-header-display":"","ast-hfb-mobile-header-display":"","site-post-title":"disabled","ast-breadcrumbs-content":"","ast-featured-img":"","footer-sml-layout":"","theme-transparent-header-meta":"enabled","adv-header-id-meta":"","stick-header-meta":"","header-above-stick-meta":"","header-main-stick-meta":"","header-below-stick-meta":"","astra-migrate-meta-layouts":"set","ast-page-background-enabled":"default","ast-page-background-meta":{"desktop":{"background-color":"","background-image":"","background-repeat":"repeat","background-position":"center center","background-size":"auto","background-attachment":"scroll","background-type":"","background-media":"","overlay-type":"","overlay-color":"","overlay-opacity":"","overlay-gradient":""},"tablet":{"background-color":"","background-image":"","background-repeat":"repeat","background-position":"center center","background-size":"auto","background-attachment":"scroll","background-type":"","background-media":"","overlay-type":"","overlay-color":"","overlay-opacity":"","overlay-gradient":""},"mobile":{"background-color":"","background-image":"","background-repeat":"repeat","background-position":"center center","background-size":"auto","background-attachment":"scroll","background-type":"","background-media":"","overlay-type":"","overlay-color":"","overlay-opacity":"","overlay-gradient":""}},"ast-content-background-meta":{"desktop":{"background-color":"var(--ast-global-color-5)","background-image":"","background-repeat":"repeat","background-position":"center center","background-size":"auto","background-attachment":"scroll","background-type":"","background-media":"","overlay-type":"","overlay-color":"","overlay-opacity":"","overlay-gradient":""},"tablet":{"background-color":"var(--ast-global-color-5)","background-image":"","background-repeat":"repeat","background-position":"center center","background-size":"auto","background-attachment":"scroll","background-type":"","background-media":"","overlay-type":"","overlay-color":"","overlay-opacity":"","overlay-gradient":""},"mobile":{"background-color":"var(--ast-global-color-5)","background-image":"","background-repeat":"repeat","background-position":"center center","background-size":"auto","background-attachment":"scroll","background-type":"","background-media":"","overlay-type":"","overlay-color":"","overlay-opacity":"","overlay-gradient":""}},"footnotes":""},"class_list":["post-3797","page","type-page","status-publish","hentry"],"aioseo_notices":[],"uagb_featured_image_src":{"full":false,"thumbnail":false,"medium":false,"medium_large":false,"large":false,"1536x1536":false,"2048x2048":false},"uagb_author_info":{"display_name":"wmetequkjwqb","author_link":"https:\/\/rabat-maroc.net\/rabat-maroc-V2\/author\/wmetequkjwqb\/"},"uagb_comment_info":0,"uagb_excerpt":"Rabat de Lyautey \u00e0 Mohammed VI portail de Rabat, tourisme, histoire et culture. Plus d&rsquo;information Les dates-cl\u00e9s du protectorat du Maroc de 1934 \u00e0 la fin du protectorat 1956 Le sultan Sidi Mohammed Ben Youssef, le Marechal Lyautey et le Prince Moulay Hassan, futur Hassan II, \u00e0 Thorey, quelques jours avant la mort de Lyautey.\u2026","jetpack_sharing_enabled":true,"_links":{"self":[{"href":"https:\/\/rabat-maroc.net\/rabat-maroc-V2\/wp-json\/wp\/v2\/pages\/3797","targetHints":{"allow":["GET"]}}],"collection":[{"href":"https:\/\/rabat-maroc.net\/rabat-maroc-V2\/wp-json\/wp\/v2\/pages"}],"about":[{"href":"https:\/\/rabat-maroc.net\/rabat-maroc-V2\/wp-json\/wp\/v2\/types\/page"}],"author":[{"embeddable":true,"href":"https:\/\/rabat-maroc.net\/rabat-maroc-V2\/wp-json\/wp\/v2\/users\/1"}],"replies":[{"embeddable":true,"href":"https:\/\/rabat-maroc.net\/rabat-maroc-V2\/wp-json\/wp\/v2\/comments?post=3797"}],"version-history":[{"count":5,"href":"https:\/\/rabat-maroc.net\/rabat-maroc-V2\/wp-json\/wp\/v2\/pages\/3797\/revisions"}],"predecessor-version":[{"id":3900,"href":"https:\/\/rabat-maroc.net\/rabat-maroc-V2\/wp-json\/wp\/v2\/pages\/3797\/revisions\/3900"}],"wp:attachment":[{"href":"https:\/\/rabat-maroc.net\/rabat-maroc-V2\/wp-json\/wp\/v2\/media?parent=3797"}],"curies":[{"name":"wp","href":"https:\/\/api.w.org\/{rel}","templated":true}]}}