{"id":3891,"date":"2024-10-23T14:42:05","date_gmt":"2024-10-23T14:42:05","guid":{"rendered":"https:\/\/rabat-maroc.net\/rabat-maroc-V2\/?page_id=3891"},"modified":"2024-10-23T15:41:45","modified_gmt":"2024-10-23T15:41:45","slug":"dates-cles-1956-1961","status":"publish","type":"page","link":"https:\/\/rabat-maroc.net\/rabat-maroc-V2\/dates-cles-1956-1961\/","title":{"rendered":"dates-cles-1956-1961"},"content":{"rendered":"\t\t<div data-elementor-type=\"wp-page\" data-elementor-id=\"3891\" class=\"elementor elementor-3891\">\n\t\t\t\t\t\t<section class=\"elementor-section elementor-top-section elementor-element elementor-element-wt2f15w elementor-section-boxed elementor-section-height-default elementor-section-height-default\" data-id=\"wt2f15w\" data-element_type=\"section\" data-e-type=\"section\" data-settings=\"{&quot;background_background&quot;:&quot;classic&quot;}\">\n\t\t\t\t\t\t\t<div class=\"elementor-background-overlay\"><\/div>\n\t\t\t\t\t\t\t<div class=\"elementor-container elementor-column-gap-default\">\n\t\t\t\t\t<div class=\"elementor-column elementor-col-100 elementor-top-column elementor-element elementor-element-78af2ff\" data-id=\"78af2ff\" data-element_type=\"column\" data-e-type=\"column\">\n\t\t\t<div class=\"elementor-widget-wrap elementor-element-populated\">\n\t\t\t\t\t\t<div class=\"elementor-element elementor-element-58ba8f4 elementor-widget elementor-widget-heading\" data-id=\"58ba8f4\" data-element_type=\"widget\" data-e-type=\"widget\" data-widget_type=\"heading.default\">\n\t\t\t\t<div class=\"elementor-widget-container\">\n\t\t\t\t\t<h1 class=\"elementor-heading-title elementor-size-default\">Rabat de Lyautey \u00e0 Mohammed VI<\/h1>\t\t\t\t<\/div>\n\t\t\t\t<\/div>\n\t\t\t\t<div class=\"elementor-element elementor-element-97cc7d6 elementor-widget elementor-widget-text-editor\" data-id=\"97cc7d6\" data-element_type=\"widget\" data-e-type=\"widget\" data-widget_type=\"text-editor.default\">\n\t\t\t\t<div class=\"elementor-widget-container\">\n\t\t\t\t\t\t\t\t\t<p>portail de Rabat, tourisme, histoire et culture.<\/p>\t\t\t\t\t\t\t\t<\/div>\n\t\t\t\t<\/div>\n\t\t\t\t<div class=\"elementor-element elementor-element-c4c3581 elementor-align-center elementor-widget elementor-widget-button\" data-id=\"c4c3581\" data-element_type=\"widget\" data-e-type=\"widget\" data-widget_type=\"button.default\">\n\t\t\t\t<div class=\"elementor-widget-container\">\n\t\t\t\t\t\t\t\t\t<div class=\"elementor-button-wrapper\">\n\t\t\t\t\t<a class=\"elementor-button elementor-button-link elementor-size-sm\" href=\"#\">\n\t\t\t\t\t\t<span class=\"elementor-button-content-wrapper\">\n\t\t\t\t\t\t\t\t\t<span class=\"elementor-button-text\">Plus d'information<\/span>\n\t\t\t\t\t<\/span>\n\t\t\t\t\t<\/a>\n\t\t\t\t<\/div>\n\t\t\t\t\t\t\t\t<\/div>\n\t\t\t\t<\/div>\n\t\t\t\t\t<\/div>\n\t\t<\/div>\n\t\t\t\t\t<\/div>\n\t\t<\/section>\n\t\t<div class=\"elementor-element elementor-element-b208350 e-flex e-con-boxed e-con e-parent\" data-id=\"b208350\" data-element_type=\"container\" data-e-type=\"container\">\n\t\t\t\t\t<div class=\"e-con-inner\">\n\t\t\t\t<div class=\"elementor-element elementor-element-bed5d70 elementor-widget-divider--view-line elementor-widget elementor-widget-divider\" data-id=\"bed5d70\" data-element_type=\"widget\" data-e-type=\"widget\" data-widget_type=\"divider.default\">\n\t\t\t\t<div class=\"elementor-widget-container\">\n\t\t\t\t\t\t\t<div class=\"elementor-divider\">\n\t\t\t<span class=\"elementor-divider-separator\">\n\t\t\t\t\t\t<\/span>\n\t\t<\/div>\n\t\t\t\t\t\t<\/div>\n\t\t\t\t<\/div>\n\t\t\t\t\t<\/div>\n\t\t\t\t<\/div>\n\t\t\t\t<section class=\"elementor-section elementor-top-section elementor-element elementor-element-13un3ve elementor-section-content-middle elementor-section-boxed elementor-section-height-default elementor-section-height-default elementor-invisible\" data-id=\"13un3ve\" data-element_type=\"section\" data-e-type=\"section\" data-settings=\"{&quot;background_background&quot;:&quot;classic&quot;,&quot;animation&quot;:&quot;zoomInUp&quot;}\">\n\t\t\t\t\t\t\t<div class=\"elementor-background-overlay\"><\/div>\n\t\t\t\t\t\t\t<div class=\"elementor-container elementor-column-gap-no\">\n\t\t\t\t\t<div class=\"elementor-column elementor-col-100 elementor-top-column elementor-element elementor-element-f69add9\" data-id=\"f69add9\" data-element_type=\"column\" data-e-type=\"column\">\n\t\t\t<div class=\"elementor-widget-wrap elementor-element-populated\">\n\t\t\t\t\t\t<div class=\"elementor-element elementor-element-8b7d1ee elementor-widget elementor-widget-image\" data-id=\"8b7d1ee\" data-element_type=\"widget\" data-e-type=\"widget\" data-widget_type=\"image.default\">\n\t\t\t\t<div class=\"elementor-widget-container\">\n\t\t\t\t\t\t\t\t\t\t\t\t\t\t\t<img fetchpriority=\"high\" decoding=\"async\" width=\"1184\" height=\"230\" src=\"https:\/\/rabat-maroc.net\/rabat-maroc-V2\/wp-content\/uploads\/2024\/10\/titre-dates-cles-2-large.gif\" class=\"attachment-full size-full wp-image-3493\" alt=\"titre dates\" \/>\t\t\t\t\t\t\t\t\t\t\t\t\t\t\t<\/div>\n\t\t\t\t<\/div>\n\t\t\t\t<div class=\"elementor-element elementor-element-0c78bee elementor-widget elementor-widget-heading\" data-id=\"0c78bee\" data-element_type=\"widget\" data-e-type=\"widget\" data-widget_type=\"heading.default\">\n\t\t\t\t<div class=\"elementor-widget-container\">\n\t\t\t\t\t<h2 class=\"elementor-heading-title elementor-size-default\">Les dates-cl\u00e9s de l\u2019histoire contemporaine du Maroc, de l\u2019ind\u00e9pendance 1956 \u00e0 la mort de Mohammed V 1961.<\/h2>\t\t\t\t<\/div>\n\t\t\t\t<\/div>\n\t\t\t\t\t<\/div>\n\t\t<\/div>\n\t\t\t\t\t<\/div>\n\t\t<\/section>\n\t\t<div class=\"elementor-element elementor-element-7cc1ed0 e-flex e-con-boxed e-con e-parent\" data-id=\"7cc1ed0\" data-element_type=\"container\" data-e-type=\"container\">\n\t\t\t\t\t<div class=\"e-con-inner\">\n\t\t\t\t<div class=\"elementor-element elementor-element-3381d2e elementor-widget-divider--view-line elementor-widget elementor-widget-divider\" data-id=\"3381d2e\" data-element_type=\"widget\" data-e-type=\"widget\" data-widget_type=\"divider.default\">\n\t\t\t\t<div class=\"elementor-widget-container\">\n\t\t\t\t\t\t\t<div class=\"elementor-divider\">\n\t\t\t<span class=\"elementor-divider-separator\">\n\t\t\t\t\t\t<\/span>\n\t\t<\/div>\n\t\t\t\t\t\t<\/div>\n\t\t\t\t<\/div>\n\t\t\t\t\t<\/div>\n\t\t\t\t<\/div>\n\t\t\t\t<section class=\"elementor-section elementor-top-section elementor-element elementor-element-baa7880 elementor-section-content-top elementor-section-boxed elementor-section-height-default elementor-section-height-default elementor-invisible\" data-id=\"baa7880\" data-element_type=\"section\" data-e-type=\"section\" data-settings=\"{&quot;background_background&quot;:&quot;classic&quot;,&quot;animation&quot;:&quot;zoomInDown&quot;}\">\n\t\t\t\t\t\t\t<div class=\"elementor-background-overlay\"><\/div>\n\t\t\t\t\t\t\t<div class=\"elementor-container elementor-column-gap-no\">\n\t\t\t\t\t<div class=\"elementor-column elementor-col-100 elementor-top-column elementor-element elementor-element-8e69b06\" data-id=\"8e69b06\" data-element_type=\"column\" data-e-type=\"column\">\n\t\t\t<div class=\"elementor-widget-wrap elementor-element-populated\">\n\t\t\t\t\t\t<div class=\"elementor-element elementor-element-6e5180b elementor-widget elementor-widget-text-editor\" data-id=\"6e5180b\" data-element_type=\"widget\" data-e-type=\"widget\" data-widget_type=\"text-editor.default\">\n\t\t\t\t<div class=\"elementor-widget-container\">\n\t\t\t\t\t\t\t\t\t<h3><strong>7 d\u00e9cembre 1955<\/strong><\/h3><p>Au lendemain du retour du roi (\u00e0 ce moment-l\u00e0 encore sultan), trois forces vont s\u2019opposer : le tr\u00f4ne, la r\u00e9sistance et l\u2019Istiqlal.<\/p><p>Mohammed V indique vouloir instaurer une monarche constitutionnelle bas\u00e9e sur la s\u00e9paration des pouvoirs quand les conditions permettant une libre consultation populaire seront r\u00e9unies. Un conseil national consultatif sous la pr\u00e9sidence de Ben Barka est cr\u00e9\u00e9 et si\u00e8ge au pavillon de la musique du palais de la Mamounia de Rabat. Tous ses membres sont nomm\u00e9s par le sultan.<\/p><p>Le 1er gouvernement du Maroc ind\u00e9pendant est pr\u00e9sid\u00e9 par M\u2019Barek Bekka\u00ef, ancien officier de l\u2019arm\u00e9e fran\u00e7aise d\u2019origine Berb\u00e8re, ancien pacha de Sefrou qui s\u2019\u00e9tait oppos\u00e9 \u00e0 la d\u00e9position de Mohammed V. La f\u00e9odalit\u00e9 rurale ainsi que le parti de la choura (PDI) de Mohamed Belhassan Ouazzani sont bien repr\u00e9sent\u00e9s dans ce gouvernement, tandis que les partisans de l\u2019Istiqlal n\u2019ont que des postes secondaires.<\/p><p>Allal El Fassi qui se trouve encore au Caire ne participe pas \u00e0 ce gouvernement.<\/p><p>Ce gouvernement d\u00e9missionnera le 27 Octobre 1956.<\/p>\t\t\t\t\t\t\t\t<\/div>\n\t\t\t\t<\/div>\n\t\t\t\t\t<\/div>\n\t\t<\/div>\n\t\t\t\t\t<\/div>\n\t\t<\/section>\n\t\t<div class=\"elementor-element elementor-element-7719b9c e-flex e-con-boxed e-con e-parent\" data-id=\"7719b9c\" data-element_type=\"container\" data-e-type=\"container\">\n\t\t\t\t\t<div class=\"e-con-inner\">\n\t\t\t\t<div class=\"elementor-element elementor-element-889380b elementor-widget-divider--view-line elementor-widget elementor-widget-divider\" data-id=\"889380b\" data-element_type=\"widget\" data-e-type=\"widget\" data-widget_type=\"divider.default\">\n\t\t\t\t<div class=\"elementor-widget-container\">\n\t\t\t\t\t\t\t<div class=\"elementor-divider\">\n\t\t\t<span class=\"elementor-divider-separator\">\n\t\t\t\t\t\t<\/span>\n\t\t<\/div>\n\t\t\t\t\t\t<\/div>\n\t\t\t\t<\/div>\n\t\t\t\t\t<\/div>\n\t\t\t\t<\/div>\n\t\t\t\t<section class=\"elementor-section elementor-top-section elementor-element elementor-element-9d78035 elementor-section-content-top elementor-section-boxed elementor-section-height-default elementor-section-height-default elementor-invisible\" data-id=\"9d78035\" data-element_type=\"section\" data-e-type=\"section\" data-settings=\"{&quot;background_background&quot;:&quot;classic&quot;,&quot;animation&quot;:&quot;zoomInDown&quot;}\">\n\t\t\t\t\t\t\t<div class=\"elementor-background-overlay\"><\/div>\n\t\t\t\t\t\t\t<div class=\"elementor-container elementor-column-gap-wide\">\n\t\t\t\t\t<div class=\"elementor-column elementor-col-33 elementor-top-column elementor-element elementor-element-649e54c\" data-id=\"649e54c\" data-element_type=\"column\" data-e-type=\"column\">\n\t\t\t<div class=\"elementor-widget-wrap elementor-element-populated\">\n\t\t\t\t\t\t<div class=\"elementor-element elementor-element-df08d24 elementor-widget elementor-widget-image\" data-id=\"df08d24\" data-element_type=\"widget\" data-e-type=\"widget\" data-widget_type=\"image.default\">\n\t\t\t\t<div class=\"elementor-widget-container\">\n\t\t\t\t\t\t\t\t\t\t\t\t\t\t\t<img decoding=\"async\" width=\"250\" height=\"167\" src=\"https:\/\/rabat-maroc.net\/rabat-maroc-V2\/wp-content\/uploads\/2024\/10\/si_bekkai_abrogation_traite_fes-2-large.jpg\" class=\"attachment-full size-full wp-image-3822\" alt=\"\" \/>\t\t\t\t\t\t\t\t\t\t\t\t\t\t\t<\/div>\n\t\t\t\t<\/div>\n\t\t\t\t\t<\/div>\n\t\t<\/div>\n\t\t\t\t<div class=\"elementor-column elementor-col-33 elementor-top-column elementor-element elementor-element-875ac4b\" data-id=\"875ac4b\" data-element_type=\"column\" data-e-type=\"column\">\n\t\t\t<div class=\"elementor-widget-wrap elementor-element-populated\">\n\t\t\t\t\t\t<div class=\"elementor-element elementor-element-8f90d41 elementor-widget elementor-widget-image\" data-id=\"8f90d41\" data-element_type=\"widget\" data-e-type=\"widget\" data-widget_type=\"image.default\">\n\t\t\t\t<div class=\"elementor-widget-container\">\n\t\t\t\t\t\t\t\t\t\t\t\t\t\t\t<img decoding=\"async\" width=\"522\" height=\"218\" src=\"https:\/\/rabat-maroc.net\/rabat-maroc-V2\/wp-content\/uploads\/2024\/10\/el-fassi-ben-barka-400.jpg\" class=\"attachment-full size-full wp-image-3816\" alt=\"el fassi ben barka\" srcset=\"https:\/\/rabat-maroc.net\/rabat-maroc-V2\/wp-content\/uploads\/2024\/10\/el-fassi-ben-barka-400.jpg 522w, https:\/\/rabat-maroc.net\/rabat-maroc-V2\/wp-content\/uploads\/2024\/10\/el-fassi-ben-barka-400-300x125.jpg 300w\" sizes=\"(max-width: 522px) 100vw, 522px\" \/>\t\t\t\t\t\t\t\t\t\t\t\t\t\t\t<\/div>\n\t\t\t\t<\/div>\n\t\t\t\t\t<\/div>\n\t\t<\/div>\n\t\t\t\t<div class=\"elementor-column elementor-col-33 elementor-top-column elementor-element elementor-element-75c9cbd\" data-id=\"75c9cbd\" data-element_type=\"column\" data-e-type=\"column\">\n\t\t\t<div class=\"elementor-widget-wrap elementor-element-populated\">\n\t\t\t\t\t\t<div class=\"elementor-element elementor-element-f4b104e elementor-widget elementor-widget-image\" data-id=\"f4b104e\" data-element_type=\"widget\" data-e-type=\"widget\" data-widget_type=\"image.default\">\n\t\t\t\t<div class=\"elementor-widget-container\">\n\t\t\t\t\t\t\t\t\t\t\t\t\t\t\t<img loading=\"lazy\" decoding=\"async\" width=\"184\" height=\"120\" src=\"https:\/\/rabat-maroc.net\/rabat-maroc-V2\/wp-content\/uploads\/2024\/10\/ibrahim_torres_guevara.jpg\" class=\"attachment-full size-full wp-image-3817\" alt=\"\" \/>\t\t\t\t\t\t\t\t\t\t\t\t\t\t\t<\/div>\n\t\t\t\t<\/div>\n\t\t\t\t\t<\/div>\n\t\t<\/div>\n\t\t\t\t\t<\/div>\n\t\t<\/section>\n\t\t<div class=\"elementor-element elementor-element-58984c6 e-flex e-con-boxed e-con e-parent\" data-id=\"58984c6\" data-element_type=\"container\" data-e-type=\"container\">\n\t\t\t\t\t<div class=\"e-con-inner\">\n\t\t\t\t<div class=\"elementor-element elementor-element-a8eea11 elementor-widget-divider--view-line elementor-widget elementor-widget-divider\" data-id=\"a8eea11\" data-element_type=\"widget\" data-e-type=\"widget\" data-widget_type=\"divider.default\">\n\t\t\t\t<div class=\"elementor-widget-container\">\n\t\t\t\t\t\t\t<div class=\"elementor-divider\">\n\t\t\t<span class=\"elementor-divider-separator\">\n\t\t\t\t\t\t<\/span>\n\t\t<\/div>\n\t\t\t\t\t\t<\/div>\n\t\t\t\t<\/div>\n\t\t\t\t\t<\/div>\n\t\t\t\t<\/div>\n\t\t\t\t<section class=\"elementor-section elementor-top-section elementor-element elementor-element-4a4644a elementor-section-content-top elementor-section-boxed elementor-section-height-default elementor-section-height-default elementor-invisible\" data-id=\"4a4644a\" data-element_type=\"section\" data-e-type=\"section\" data-settings=\"{&quot;background_background&quot;:&quot;classic&quot;,&quot;animation&quot;:&quot;zoomInDown&quot;}\">\n\t\t\t\t\t\t\t<div class=\"elementor-background-overlay\"><\/div>\n\t\t\t\t\t\t\t<div class=\"elementor-container elementor-column-gap-no\">\n\t\t\t\t\t<div class=\"elementor-column elementor-col-100 elementor-top-column elementor-element elementor-element-55e52a0\" data-id=\"55e52a0\" data-element_type=\"column\" data-e-type=\"column\">\n\t\t\t<div class=\"elementor-widget-wrap elementor-element-populated\">\n\t\t\t\t\t\t<div class=\"elementor-element elementor-element-2713667 elementor-widget elementor-widget-text-editor\" data-id=\"2713667\" data-element_type=\"widget\" data-e-type=\"widget\" data-widget_type=\"text-editor.default\">\n\t\t\t\t<div class=\"elementor-widget-container\">\n\t\t\t\t\t\t\t\t\t<h4><strong>2 mars 1956<\/strong><\/h4><p>Signature \u00e0 Paris de l\u2019accord mettant fin au protectorat Fran\u00e7ais sur le Maroc et au Trait\u00e9 de F\u00e8s du 30 Mars 1912.<br \/>Le protectorat Espagnol sur la Zone Nord est abrog\u00e9 et le Maroc r\u00e9cup\u00e8re les territorires occup\u00e9s sauf un certain nombres d\u2019enclaves (CEUTA et MELILLA au nord et Ifni et Tarfaya au sud) et les possessions Espagnoles du Sahara (Rio de Oro).<\/p><h4><strong>7 avril 1956<\/strong><\/h4><p>La zone Nord est strat\u00e9gique, car elle est le si\u00e8ge de la plus importante organisation arm\u00e9e r\u00e9sistante, l\u2019Arm\u00e9e de Lib\u00e9ration nationale (ALN). Un des ses chefs, Abdelkhaleq Torres, apr\u00e8s avoir lutt\u00e9 les armes \u00e0 la main contre les Espagnols sera nomm\u00e9 Ambassadeur du Maroc \u00e0 Madrid.<br \/>Il sera par la suite d\u00e9plac\u00e9 comme Ambassadeur en Egypte.<\/p><p>L\u2019administration marocaine n\u2019est pas encore en place.<br \/>Seuls, l\u2019Istiqlal (100.000 militants) et le tout r\u00e9cent syndicat de l\u2019UMT (200.000 militants) de Mahjoub Ben Seddik sont r\u00e9ellement structur\u00e9s \u00e0 travers le pays.<\/p><p>L\u2019Istiqlal, de fait, remplit la t\u00e2che qui incombe au Minist\u00e8re de l\u2019Int\u00e9rieur : il s\u00e9curise le territoire et r\u00e9cup\u00e9re les r\u00e9sistants qui n\u2019ont pas encore d\u00e9pos\u00e9 les armes. L\u2019ins\u00e9curit\u00e9 dans les villes et campagnes est grande, les r\u00e8glements de compte entre les membres de l\u2019Istiqlal, du Croissant Noir du Parti communiste marocain, et du PDI notamment, se multiplient : pour y mettre fin, le Prince Moulay Hassan est charg\u00e9 par le Roi de cr\u00e9er et d\u2019organiser les Forces Arm\u00e9es Royales (FAR) qui prennent pour devise : \u201cDieu, la Patrie, le Roi\u201d.<\/p><p>1er d\u00e9fil\u00e9 des FAR \u00e0 Rabat. Aid\u00e9 de Mohammed Oufkir, ancien officier de l\u2019arm\u00e9e fran\u00e7aise, le Prince a constitu\u00e9 une arm\u00e9e de 15.000 hommes int\u00e9grant d\u2019anciens goumiers et tirailleurs de l\u2019arm\u00e9e fran\u00e7aise ainsi que des mhallas de l\u2019arm\u00e9e espagnole, des officiers de l\u2019arm\u00e9e coloniale (plus de 400) et des soldats ralli\u00e9s de l\u2019ALN.<\/p><h4><strong>14 mai 1956<\/strong><\/h4><p>Quelques bataillons d\u2019artillerie de Rabat (Moulay Isma\u00ebl) et Marrakech, quelques blind\u00e9s, et une aviation tr\u00e8s limit\u00e9e compl\u00e8tent les effectifs. Les g\u00e9n\u00e9raux Kettani et Meziane (ancien g\u00e9n\u00e9ral de l\u2019arm\u00e9e espagnole) encadrent les soldats.<\/p><p>Les dirigeants de l\u2019ALN sont divis\u00e9s sur l\u2019int\u00e9gration de l\u2019Arm\u00e9e de Lib\u00e9ration au sein des FAR. De nombreux chefs de l\u2019arm\u00e9e de lib\u00e9ration s\u2019indignent que les troupes fran\u00e7aises soient encore autoris\u00e9es \u00e0 stationner sur le territoire marocain alors que l\u2019arm\u00e9e fran\u00e7aise \u00e9st en guerre contre le FLN Alg\u00e9rien.<\/p><h4><strong>29 Mai 1956<\/strong><\/h4><p>La branche Nord de l\u2019Arm\u00e9e de Lib\u00e9ration la plus puissante, d\u00e9cide de rejoindre les FAR (5000 hommes sur 10000 au total). La branche Sud d\u00e9cide elle, de continuer le combat contre les forces coloniales.<\/p><p><strong>Abbas Messaadi<\/strong>, un des chefs de l\u2019ALN, commandant des forces du Rif, qui s\u2019\u00e9tait oppos\u00e9 violemment \u00e0 Ben Barka parce qu\u2019il ne voulait pas se soumettre \u00e0 l\u2019emprise de l\u2019Istiqlal est assassin\u00e9 \u00e0 F\u00e8s.<\/p>\t\t\t\t\t\t\t\t<\/div>\n\t\t\t\t<\/div>\n\t\t\t\t\t<\/div>\n\t\t<\/div>\n\t\t\t\t\t<\/div>\n\t\t<\/section>\n\t\t<div class=\"elementor-element elementor-element-78de4dc e-flex e-con-boxed e-con e-parent\" data-id=\"78de4dc\" data-element_type=\"container\" data-e-type=\"container\">\n\t\t\t\t\t<div class=\"e-con-inner\">\n\t\t\t\t<div class=\"elementor-element elementor-element-051a36a elementor-widget-divider--view-line elementor-widget elementor-widget-divider\" data-id=\"051a36a\" data-element_type=\"widget\" data-e-type=\"widget\" data-widget_type=\"divider.default\">\n\t\t\t\t<div class=\"elementor-widget-container\">\n\t\t\t\t\t\t\t<div class=\"elementor-divider\">\n\t\t\t<span class=\"elementor-divider-separator\">\n\t\t\t\t\t\t<\/span>\n\t\t<\/div>\n\t\t\t\t\t\t<\/div>\n\t\t\t\t<\/div>\n\t\t\t\t\t<\/div>\n\t\t\t\t<\/div>\n\t\t\t\t<section class=\"elementor-section elementor-top-section elementor-element elementor-element-531c6b5 elementor-section-content-top elementor-section-boxed elementor-section-height-default elementor-section-height-default elementor-invisible\" data-id=\"531c6b5\" data-element_type=\"section\" data-e-type=\"section\" data-settings=\"{&quot;background_background&quot;:&quot;classic&quot;,&quot;animation&quot;:&quot;zoomInDown&quot;}\">\n\t\t\t\t\t\t\t<div class=\"elementor-background-overlay\"><\/div>\n\t\t\t\t\t\t\t<div class=\"elementor-container elementor-column-gap-wide\">\n\t\t\t\t\t<div class=\"elementor-column elementor-col-25 elementor-top-column elementor-element elementor-element-2d60345\" data-id=\"2d60345\" data-element_type=\"column\" data-e-type=\"column\">\n\t\t\t<div class=\"elementor-widget-wrap elementor-element-populated\">\n\t\t\t\t\t\t<div class=\"elementor-element elementor-element-ee05432 elementor-widget elementor-widget-image\" data-id=\"ee05432\" data-element_type=\"widget\" data-e-type=\"widget\" data-widget_type=\"image.default\">\n\t\t\t\t<div class=\"elementor-widget-container\">\n\t\t\t\t\t\t\t\t\t\t\t\t\t\t\t<img loading=\"lazy\" decoding=\"async\" width=\"133\" height=\"150\" src=\"https:\/\/rabat-maroc.net\/rabat-maroc-V2\/wp-content\/uploads\/2024\/10\/abbas_messadi-large-133x150-1.jpg\" class=\"attachment-full size-full wp-image-3813\" alt=\"abbas messadi\" \/>\t\t\t\t\t\t\t\t\t\t\t\t\t\t\t<\/div>\n\t\t\t\t<\/div>\n\t\t\t\t\t<\/div>\n\t\t<\/div>\n\t\t\t\t<div class=\"elementor-column elementor-col-25 elementor-top-column elementor-element elementor-element-3eb1e4d\" data-id=\"3eb1e4d\" data-element_type=\"column\" data-e-type=\"column\">\n\t\t\t<div class=\"elementor-widget-wrap elementor-element-populated\">\n\t\t\t\t\t\t<div class=\"elementor-element elementor-element-1b76253 elementor-widget elementor-widget-image\" data-id=\"1b76253\" data-element_type=\"widget\" data-e-type=\"widget\" data-widget_type=\"image.default\">\n\t\t\t\t<div class=\"elementor-widget-container\">\n\t\t\t\t\t\t\t\t\t\t\t\t\t\t\t<img loading=\"lazy\" decoding=\"async\" width=\"400\" height=\"378\" src=\"https:\/\/rabat-maroc.net\/rabat-maroc-V2\/wp-content\/uploads\/2024\/10\/14051956-defile-far-400x378-1.jpg\" class=\"attachment-full size-full wp-image-3812\" alt=\"\" srcset=\"https:\/\/rabat-maroc.net\/rabat-maroc-V2\/wp-content\/uploads\/2024\/10\/14051956-defile-far-400x378-1.jpg 400w, https:\/\/rabat-maroc.net\/rabat-maroc-V2\/wp-content\/uploads\/2024\/10\/14051956-defile-far-400x378-1-300x284.jpg 300w\" sizes=\"(max-width: 400px) 100vw, 400px\" \/>\t\t\t\t\t\t\t\t\t\t\t\t\t\t\t<\/div>\n\t\t\t\t<\/div>\n\t\t\t\t\t<\/div>\n\t\t<\/div>\n\t\t\t\t<div class=\"elementor-column elementor-col-25 elementor-top-column elementor-element elementor-element-6cc6a29\" data-id=\"6cc6a29\" data-element_type=\"column\" data-e-type=\"column\">\n\t\t\t<div class=\"elementor-widget-wrap elementor-element-populated\">\n\t\t\t\t\t\t<div class=\"elementor-element elementor-element-9a9d059 elementor-widget elementor-widget-image\" data-id=\"9a9d059\" data-element_type=\"widget\" data-e-type=\"widget\" data-widget_type=\"image.default\">\n\t\t\t\t<div class=\"elementor-widget-container\">\n\t\t\t\t\t\t\t\t\t\t\t\t\t\t\t<img loading=\"lazy\" decoding=\"async\" width=\"300\" height=\"222\" src=\"https:\/\/rabat-maroc.net\/rabat-maroc-V2\/wp-content\/uploads\/2024\/10\/kettani-hassan-II-300x222-1.jpg\" class=\"attachment-full size-full wp-image-3818\" alt=\"\" \/>\t\t\t\t\t\t\t\t\t\t\t\t\t\t\t<\/div>\n\t\t\t\t<\/div>\n\t\t\t\t\t<\/div>\n\t\t<\/div>\n\t\t\t\t<div class=\"elementor-column elementor-col-25 elementor-top-column elementor-element elementor-element-0e95a5f\" data-id=\"0e95a5f\" data-element_type=\"column\" data-e-type=\"column\">\n\t\t\t<div class=\"elementor-widget-wrap elementor-element-populated\">\n\t\t\t\t\t\t<div class=\"elementor-element elementor-element-fd8d6ad elementor-widget elementor-widget-image\" data-id=\"fd8d6ad\" data-element_type=\"widget\" data-e-type=\"widget\" data-widget_type=\"image.default\">\n\t\t\t\t<div class=\"elementor-widget-container\">\n\t\t\t\t\t\t\t\t\t\t\t\t\t\t\t<img loading=\"lazy\" decoding=\"async\" width=\"198\" height=\"154\" src=\"https:\/\/rabat-maroc.net\/rabat-maroc-V2\/wp-content\/uploads\/2024\/10\/benseddik_abderrazak.jpg\" class=\"attachment-full size-full wp-image-3814\" alt=\"\" \/>\t\t\t\t\t\t\t\t\t\t\t\t\t\t\t<\/div>\n\t\t\t\t<\/div>\n\t\t\t\t\t<\/div>\n\t\t<\/div>\n\t\t\t\t\t<\/div>\n\t\t<\/section>\n\t\t<div class=\"elementor-element elementor-element-29da1af e-flex e-con-boxed e-con e-parent\" data-id=\"29da1af\" data-element_type=\"container\" data-e-type=\"container\">\n\t\t\t\t\t<div class=\"e-con-inner\">\n\t\t\t\t<div class=\"elementor-element elementor-element-a40458b elementor-widget-divider--view-line elementor-widget elementor-widget-divider\" data-id=\"a40458b\" data-element_type=\"widget\" data-e-type=\"widget\" data-widget_type=\"divider.default\">\n\t\t\t\t<div class=\"elementor-widget-container\">\n\t\t\t\t\t\t\t<div class=\"elementor-divider\">\n\t\t\t<span class=\"elementor-divider-separator\">\n\t\t\t\t\t\t<\/span>\n\t\t<\/div>\n\t\t\t\t\t\t<\/div>\n\t\t\t\t<\/div>\n\t\t\t\t\t<\/div>\n\t\t\t\t<\/div>\n\t\t\t\t<section class=\"elementor-section elementor-top-section elementor-element elementor-element-xawnp3c elementor-section-content-middle elementor-section-boxed elementor-section-height-default elementor-section-height-default elementor-invisible\" data-id=\"xawnp3c\" data-element_type=\"section\" data-e-type=\"section\" data-settings=\"{&quot;background_background&quot;:&quot;classic&quot;,&quot;animation&quot;:&quot;zoomInDown&quot;}\">\n\t\t\t\t\t\t\t<div class=\"elementor-background-overlay\"><\/div>\n\t\t\t\t\t\t\t<div class=\"elementor-container elementor-column-gap-no\">\n\t\t\t\t\t<div class=\"elementor-column elementor-col-100 elementor-top-column elementor-element elementor-element-d5abc8a\" data-id=\"d5abc8a\" data-element_type=\"column\" data-e-type=\"column\">\n\t\t\t<div class=\"elementor-widget-wrap elementor-element-populated\">\n\t\t\t\t\t\t<div class=\"elementor-element elementor-element-78825ce elementor-widget elementor-widget-image\" data-id=\"78825ce\" data-element_type=\"widget\" data-e-type=\"widget\" data-widget_type=\"image.default\">\n\t\t\t\t<div class=\"elementor-widget-container\">\n\t\t\t\t\t\t\t\t\t\t\t\t\t\t\t<img loading=\"lazy\" decoding=\"async\" width=\"272\" height=\"250\" src=\"https:\/\/rabat-maroc.net\/rabat-maroc-V2\/wp-content\/uploads\/2024\/10\/mohammedv_mh_ben_barka-large-272x250-1.jpg\" class=\"attachment-full size-full wp-image-3821\" alt=\"mohammed V mah ben barka\" \/>\t\t\t\t\t\t\t\t\t\t\t\t\t\t\t<\/div>\n\t\t\t\t<\/div>\n\t\t\t\t\t<\/div>\n\t\t<\/div>\n\t\t\t\t\t<\/div>\n\t\t<\/section>\n\t\t<div class=\"elementor-element elementor-element-19459df e-flex e-con-boxed e-con e-parent\" data-id=\"19459df\" data-element_type=\"container\" data-e-type=\"container\">\n\t\t\t\t\t<div class=\"e-con-inner\">\n\t\t\t\t<div class=\"elementor-element elementor-element-9dca020 elementor-widget-divider--view-line elementor-widget elementor-widget-divider\" data-id=\"9dca020\" data-element_type=\"widget\" data-e-type=\"widget\" data-widget_type=\"divider.default\">\n\t\t\t\t<div class=\"elementor-widget-container\">\n\t\t\t\t\t\t\t<div class=\"elementor-divider\">\n\t\t\t<span class=\"elementor-divider-separator\">\n\t\t\t\t\t\t<\/span>\n\t\t<\/div>\n\t\t\t\t\t\t<\/div>\n\t\t\t\t<\/div>\n\t\t\t\t\t<\/div>\n\t\t\t\t<\/div>\n\t\t\t\t<section class=\"elementor-section elementor-top-section elementor-element elementor-element-3359fe7 elementor-section-content-top elementor-section-boxed elementor-section-height-default elementor-section-height-default elementor-invisible\" data-id=\"3359fe7\" data-element_type=\"section\" data-e-type=\"section\" data-settings=\"{&quot;background_background&quot;:&quot;classic&quot;,&quot;animation&quot;:&quot;zoomInDown&quot;}\">\n\t\t\t\t\t\t\t<div class=\"elementor-background-overlay\"><\/div>\n\t\t\t\t\t\t\t<div class=\"elementor-container elementor-column-gap-no\">\n\t\t\t\t\t<div class=\"elementor-column elementor-col-100 elementor-top-column elementor-element elementor-element-f37b09d\" data-id=\"f37b09d\" data-element_type=\"column\" data-e-type=\"column\">\n\t\t\t<div class=\"elementor-widget-wrap elementor-element-populated\">\n\t\t\t\t\t\t<div class=\"elementor-element elementor-element-649eff4 elementor-widget elementor-widget-text-editor\" data-id=\"649eff4\" data-element_type=\"widget\" data-e-type=\"widget\" data-widget_type=\"text-editor.default\">\n\t\t\t\t<div class=\"elementor-widget-container\">\n\t\t\t\t\t\t\t\t\t<h4><strong>27 juin 1956<\/strong><\/h4><p>Ben Barka et le Fqih Basri, chefs de file de l\u2019aile progressiste de l\u2019Istiqlal, sont \u201csoup\u00e7onn\u00e9s\u201d par leurs adversaires politiques d\u2019avoir commandit\u00e9 l\u2019\u00e9limination de Messaadi. Les autres partis ou constituantes de la r\u00e9sistance (PDI, parti communiste, A.L.N.) d\u00e9noncent l\u2019h\u00e9g\u00e9monie du parti (l\u2019Istiqlal) et son impitoyable politique de r\u00e9pression .<\/p><h4><strong>3 juillet 1956<\/strong><\/h4><p>A Rabat, c\u00e9r\u00e9monie officielle de soumission au sultan Mohammed Ben Youssef des chefs de l\u2019A.L.N. en pr\u00e9sence du prince Moulay Hassan. Cette all\u00e9geance ne touche qu\u2019une partie de ses chefs, mais par la suite l\u2019ensemble des composantes de l\u2019A.L.N. d\u00e9posera les armes ou adh\u00e8rera aux F.A.R.<\/p><h4><strong>ao\u00fbt 1956<\/strong><\/h4><p>Allal El Fassi, rentr\u00e9 au pays, devient Pr\u00e9sident de l\u2019Istiqlal : il r\u00e9clame la lib\u00e9ration des territoires du Sahara Espagnol, de la Mauritanie ainsi que des territoires annex\u00e9s \u00e0 l\u2019Alg\u00e9rie par la France. Il soutient l\u2019ALN qui combat les troupes fran\u00e7aises dans le Sud.<\/p><h4><strong>22 octobre 1956<\/strong><\/h4><p>L\u2019avion qui transporte Ben Bella \u00e0 Tunis est arraisonn\u00e9 en vol par la France. Ben Bella est emprisonn\u00e9 : la position de l\u2019ALN proche du FLN se radicalise, certains de ses membres souhaitent une intervention du Maroc dans le conflit. De violentes manifestations anti-fran\u00e7aises ont lieu \u00e0 Mekn\u00e8s qui font plusieurs dizaines de morts.<\/p><h4><strong>29 octobre 1956<\/strong><\/h4><p>Sous la pression de l\u2019Istiqlal qui demande un cabinet plus homog\u00e8ne et plus repr\u00e9sentatif, M\u2019Barek Bekka\u00ef remanie le gouvernement : l\u2019Istiqlal obtient 10 si\u00e8ges sur 16, les portefeuilles de l\u2019Int\u00e9rieur et des Affaires Etrang\u00e8res et l\u2019\u00e9limination des ministres du PDI.<\/p><p>Le statut international de la Ville de Tanger est aboli.<\/p><h4><strong>janvier 1957<\/strong><\/h4><p>Le pouvoir en place doit faire face \u00e0 une rebellion du ca\u00efd Addi Ou Bihi du Tafilalet : les FAR nouvellement constitu\u00e9s obtiennent facilement, sans combattre, la reddition des 40.000 rebelles qui rendent les armes.<\/p><p>Cr\u00e9ation de l\u2019UNEM (Union Nationale des Etudiants Marocains) avec, pour fondement, quatre grands principes : unification, g\u00e9n\u00e9ralisation de l\u2019enseignement, marocanisation et arabisation. L\u2019UNEM se situe d\u2019embl\u00e9e \u00e0 l\u2019aile gauche de l\u2019Isitqlal sous la tutelle de Ben Barka.<\/p><h4><strong>9 juillet 1957<\/strong><\/h4><p>Le jour de ses vingt huit ans, le prince Moulay Hassan est investi par dahir du m\u00eame jour du titre de Prince h\u00e9ritier. La r\u00e9gle s\u00e9culaire marocaine excluant toute succesison automatique au tr\u00f4ne par primog\u00e9niture est ainsi rompue. Le Conseil National Constitutif pr\u00e9sid\u00e9 par Ben Barka avait pris une r\u00e9solution favorable \u00e0 ce dahir.<\/p><h4><strong>15 ao\u00fbt 1957<\/strong><\/h4><p>Le sultan Mohammed Ben Youssef se fait couronner roi sous le nom de Mohammed V.<\/p>\t\t\t\t\t\t\t\t<\/div>\n\t\t\t\t<\/div>\n\t\t\t\t\t<\/div>\n\t\t<\/div>\n\t\t\t\t\t<\/div>\n\t\t<\/section>\n\t\t<div class=\"elementor-element elementor-element-bb74442 e-flex e-con-boxed e-con e-parent\" data-id=\"bb74442\" data-element_type=\"container\" data-e-type=\"container\">\n\t\t\t\t\t<div class=\"e-con-inner\">\n\t\t\t\t<div class=\"elementor-element elementor-element-20b42b5 elementor-widget-divider--view-line elementor-widget elementor-widget-divider\" data-id=\"20b42b5\" data-element_type=\"widget\" data-e-type=\"widget\" data-widget_type=\"divider.default\">\n\t\t\t\t<div class=\"elementor-widget-container\">\n\t\t\t\t\t\t\t<div class=\"elementor-divider\">\n\t\t\t<span class=\"elementor-divider-separator\">\n\t\t\t\t\t\t<\/span>\n\t\t<\/div>\n\t\t\t\t\t\t<\/div>\n\t\t\t\t<\/div>\n\t\t\t\t\t<\/div>\n\t\t\t\t<\/div>\n\t\t\t\t<section class=\"elementor-section elementor-top-section elementor-element elementor-element-94ys1zs elementor-section-content-middle elementor-reverse-mobile elementor-section-boxed elementor-section-height-default elementor-section-height-default elementor-invisible\" data-id=\"94ys1zs\" data-element_type=\"section\" data-e-type=\"section\" data-settings=\"{&quot;background_background&quot;:&quot;classic&quot;,&quot;animation&quot;:&quot;zoomInDown&quot;}\">\n\t\t\t\t\t\t\t<div class=\"elementor-background-overlay\"><\/div>\n\t\t\t\t\t\t\t<div class=\"elementor-container elementor-column-gap-no\">\n\t\t\t\t\t<div class=\"elementor-column elementor-col-50 elementor-top-column elementor-element elementor-element-0c36485\" data-id=\"0c36485\" data-element_type=\"column\" data-e-type=\"column\">\n\t\t\t<div class=\"elementor-widget-wrap elementor-element-populated\">\n\t\t\t\t\t\t<div class=\"elementor-element elementor-element-de68298 elementor-widget elementor-widget-text-editor\" data-id=\"de68298\" data-element_type=\"widget\" data-e-type=\"widget\" data-widget_type=\"text-editor.default\">\n\t\t\t\t<div class=\"elementor-widget-container\">\n\t\t\t\t\t\t\t\t\t<h4><strong>Et\u00e9 1957<\/strong><\/h4><p>La mise en oeuvre par Ben Barka d\u2019un vaste chantier de jeunesse, selon un mode socialiste \u00e0 la chinoise, \u201cla route de l\u2019unit\u00e9\u201d, qui occupe 12.000 jeunes pour la construction d\u2019une route entre F\u00e8s et la m\u00e9diterran\u00e9e, inqui\u00e8te la bourgeoisie conservatrice marocaine, qui y voit la tentative d\u2019instauration d\u2019une sociale-monarchie.<\/p><p>Le chantier dura 3 mois et ouvrit une route depuis Taounate jusqu\u00e0 Ketama, soit une longueur de 65 kilom\u00e8tres au c\u0153ur du Rif. Il s\u2019agit de l\u2019actuelle N8.<\/p><h4><strong>Octobre 1957<\/strong><\/h4><p>L\u2019arm\u00e9e de lib\u00e9ration du Sud renforc\u00e9e par des \u00e9l\u00e9ments de l\u2019arm\u00e9e du Nord qui n\u2019ont pas voulu rendre les armes et par quelques tribus sahraouies m\u00e8nent des op\u00e9rations de guerilla contre les troupes de Franco et font quelques incursions en Mauritanie sous contr\u00f4le fran\u00e7ais. La France confront\u00e9e \u00e0 la guerre d\u2019ind\u00e9pendance en Alg\u00e9rie souhaite faire cesser ces troubles. Elle obtient la passivit\u00e9 du gouvernement marocain qui n\u2019avait pas les moyens d\u2019une guerre contre les anciennes puissances coloniales. Par l\u2019op\u00e9ration Ecouvillon, qui va utiliser 15.000 hommes ainsi que des blind\u00e9s et l\u2019aviation,la France et l\u2019Espagne de Franco d\u00e9ciment l\u2019arm\u00e9e de lib\u00e9ration du Sud.<\/p><h4><strong>Novembre 1957<\/strong><\/h4><p>La Mauritanie devient r\u00e9publique autonome et ses territoires ne pourront plus \u00eatre int\u00e9gr\u00e9s au Royaume du Maroc.<\/p>\t\t\t\t\t\t\t\t<\/div>\n\t\t\t\t<\/div>\n\t\t\t\t\t<\/div>\n\t\t<\/div>\n\t\t\t\t<div class=\"elementor-column elementor-col-50 elementor-top-column elementor-element elementor-element-26fcf8e\" data-id=\"26fcf8e\" data-element_type=\"column\" data-e-type=\"column\">\n\t\t\t<div class=\"elementor-widget-wrap elementor-element-populated\">\n\t\t\t\t\t\t<div class=\"elementor-element elementor-element-ff4cfca elementor-widget elementor-widget-image\" data-id=\"ff4cfca\" data-element_type=\"widget\" data-e-type=\"widget\" data-widget_type=\"image.default\">\n\t\t\t\t<div class=\"elementor-widget-container\">\n\t\t\t\t\t\t\t\t\t\t\t\t\t\t\t<img loading=\"lazy\" decoding=\"async\" width=\"250\" height=\"188\" src=\"https:\/\/rabat-maroc.net\/rabat-maroc-V2\/wp-content\/uploads\/2024\/10\/la_route_de_l_unite.jpg\" class=\"attachment-large size-large wp-image-3819\" alt=\"\" \/>\t\t\t\t\t\t\t\t\t\t\t\t\t\t\t<\/div>\n\t\t\t\t<\/div>\n\t\t\t\t\t<\/div>\n\t\t<\/div>\n\t\t\t\t\t<\/div>\n\t\t<\/section>\n\t\t<div class=\"elementor-element elementor-element-88e7b11 e-flex e-con-boxed e-con e-parent\" data-id=\"88e7b11\" data-element_type=\"container\" data-e-type=\"container\">\n\t\t\t\t\t<div class=\"e-con-inner\">\n\t\t\t\t<div class=\"elementor-element elementor-element-ec5b2f0 elementor-widget-divider--view-line elementor-widget elementor-widget-divider\" data-id=\"ec5b2f0\" data-element_type=\"widget\" data-e-type=\"widget\" data-widget_type=\"divider.default\">\n\t\t\t\t<div class=\"elementor-widget-container\">\n\t\t\t\t\t\t\t<div class=\"elementor-divider\">\n\t\t\t<span class=\"elementor-divider-separator\">\n\t\t\t\t\t\t<\/span>\n\t\t<\/div>\n\t\t\t\t\t\t<\/div>\n\t\t\t\t<\/div>\n\t\t\t\t\t<\/div>\n\t\t\t\t<\/div>\n\t\t\t\t<section class=\"elementor-section elementor-top-section elementor-element elementor-element-7f37f14 elementor-section-content-top elementor-section-boxed elementor-section-height-default elementor-section-height-default elementor-invisible\" data-id=\"7f37f14\" data-element_type=\"section\" data-e-type=\"section\" data-settings=\"{&quot;background_background&quot;:&quot;classic&quot;,&quot;animation&quot;:&quot;zoomInDown&quot;}\">\n\t\t\t\t\t\t\t<div class=\"elementor-background-overlay\"><\/div>\n\t\t\t\t\t\t\t<div class=\"elementor-container elementor-column-gap-no\">\n\t\t\t\t\t<div class=\"elementor-column elementor-col-100 elementor-top-column elementor-element elementor-element-96f2ccf\" data-id=\"96f2ccf\" data-element_type=\"column\" data-e-type=\"column\">\n\t\t\t<div class=\"elementor-widget-wrap elementor-element-populated\">\n\t\t\t\t\t\t<div class=\"elementor-element elementor-element-cd4f2c4 elementor-widget elementor-widget-text-editor\" data-id=\"cd4f2c4\" data-element_type=\"widget\" data-e-type=\"widget\" data-widget_type=\"text-editor.default\">\n\t\t\t\t<div class=\"elementor-widget-container\">\n\t\t\t\t\t\t\t\t\t<h4><strong>mai 1958<\/strong><\/h4><p>Ahmed Balafrej est nomm\u00e9 1er ministre. Majoritairement Istiqlalien, l\u2019aile monarchiste et conservatrice est nettement mieux repr\u00e9sent\u00e9e que la gauche pr\u00e9sente seulement avec Bouabid.<\/p><h4><strong>d\u00e9cembre 1958<\/strong><\/h4><p>La pression populaire \u00e9tant de plus en plus forte, Mohammed V nomme un repr\u00e9sentant de l\u2019aile<\/p><p>gauche de l\u2019Istiqlal \u00e0 la t\u00eate du gouvernement.<\/p><h4><strong>janvier 1959<\/strong><\/h4><p>Sous l\u2019impulsion des leaders Mahjoubi Aherdane et Abderrahmane Khetabib pourtant d\u00e9vou\u00e9s \u00e0 la cause royale, une insurrection populaire dirig\u00e9e contre le pouvoir en place se d\u00e9clenche dans le Rif et le Moyen Atlas \u00e0 l\u2019occasion du transfert de la d\u00e9pouille de Abbes Messaadi.<\/p><h4><strong>11 janvier 1959<\/strong><\/h4><p>Le congr\u00e8s de l\u2019Istiqlal qui devait avoir lieu le jour anniversaire de la publication du Manifeste est report\u00e9.<\/p><h4><strong>16 janvier 1959<\/strong><\/h4><p>Apr\u00e8s 10 jours de combats tr\u00e8s violents qui font plusieurs milliers de morts, Ibrahim et le Prince Moulay Hassa entrent dans Al Hoceima. Les insurg\u00e9s se soumettent. Aherdane et Khatib font all\u00e9geance au Roi et cr\u00e9ent le Mouvement Populaire (MP), parti rural et berb\u00e9riste.<\/p>\t\t\t\t\t\t\t\t<\/div>\n\t\t\t\t<\/div>\n\t\t\t\t\t<\/div>\n\t\t<\/div>\n\t\t\t\t\t<\/div>\n\t\t<\/section>\n\t\t<div class=\"elementor-element elementor-element-9c99db2 e-flex e-con-boxed e-con e-parent\" data-id=\"9c99db2\" data-element_type=\"container\" data-e-type=\"container\">\n\t\t\t\t\t<div class=\"e-con-inner\">\n\t\t\t\t<div class=\"elementor-element elementor-element-4bd5354 elementor-widget-divider--view-line elementor-widget elementor-widget-divider\" data-id=\"4bd5354\" data-element_type=\"widget\" data-e-type=\"widget\" data-widget_type=\"divider.default\">\n\t\t\t\t<div class=\"elementor-widget-container\">\n\t\t\t\t\t\t\t<div class=\"elementor-divider\">\n\t\t\t<span class=\"elementor-divider-separator\">\n\t\t\t\t\t\t<\/span>\n\t\t<\/div>\n\t\t\t\t\t\t<\/div>\n\t\t\t\t<\/div>\n\t\t\t\t\t<\/div>\n\t\t\t\t<\/div>\n\t\t\t\t<section class=\"elementor-section elementor-top-section elementor-element elementor-element-1c41fd1 elementor-section-content-top elementor-section-boxed elementor-section-height-default elementor-section-height-default elementor-invisible\" data-id=\"1c41fd1\" data-element_type=\"section\" data-e-type=\"section\" data-settings=\"{&quot;background_background&quot;:&quot;classic&quot;,&quot;animation&quot;:&quot;zoomInDown&quot;}\">\n\t\t\t\t\t\t\t<div class=\"elementor-background-overlay\"><\/div>\n\t\t\t\t\t\t\t<div class=\"elementor-container elementor-column-gap-no\">\n\t\t\t\t\t<div class=\"elementor-column elementor-col-100 elementor-top-column elementor-element elementor-element-6835a09\" data-id=\"6835a09\" data-element_type=\"column\" data-e-type=\"column\">\n\t\t\t<div class=\"elementor-widget-wrap elementor-element-populated\">\n\t\t\t\t\t\t<div class=\"elementor-element elementor-element-1b1320d elementor-widget elementor-widget-text-editor\" data-id=\"1b1320d\" data-element_type=\"widget\" data-e-type=\"widget\" data-widget_type=\"text-editor.default\">\n\t\t\t\t<div class=\"elementor-widget-container\">\n\t\t\t\t\t\t\t\t\t<h4><strong>25 janvier 1959<\/strong><\/h4><p>Ben Barka d\u00e9missionne du comit\u00e9 ex\u00e9cutif de l\u2019Istiqlal. Allal El Fassi fait exclure 7 militants des plus hautes instances dont Ben Barka, Benseddik, le fqui Basri. Ibrahim le nouveau 1er ministre est maintenu ainsi que Bouabid.<\/p><h4><strong>27 janvier 1959<\/strong><\/h4><p>De son c\u00f4t\u00e9 Ben Barka f\u00e9d\u00e8re les f\u00e9d\u00e9rations r\u00e9gionales dissidentes en une conf\u00e9d\u00e9ration nationale de l\u2019Istiqlal. Ce n\u2019est que le 6 septembre 1959 que ces comit\u00e9s donneront naissance \u00e0 l\u2019UNFP \u2013 Union Nationale des Forces Populaires. Ce parti obtiendra tout de suite l\u2019adh\u00e9sion des jeunes.<\/p><p>Ibrahim et Bouabid sont confront\u00e9s \u00e0 une situation \u00e9conomique catastrophique : deux tiers des actifs travaillent dans l\u2019agriculture qui ne fournit qu\u2019un tiers du P.I.B., une industrie lourde inexistante, un pays d\u00e9pendant presque enti\u00e8rement pour ses \u00e9changes ext\u00e9rieurs de la zone franc, une fuite massive des capitaux.<\/p><h4><strong>1959<\/strong><\/h4><p>Ibrahim lance un 1er plan biennal pour tenter de sortir le pays du sous-d\u00e9veloppement, soumet une r\u00e9forme agraire, cr\u00e9e le dirham pour remplacer le franc marocain, nationalise la Banque d\u2019Etat du Maroc et supprime le privil\u00e8ge de libre convertibilit\u00e9. Les r\u00e9sultats tardent \u00e0 venir et l\u2019\u00e9conomie se d\u00e9grade lentement.<\/p><h4><strong>d\u00e9cembre 1959<\/strong><\/h4><p>Le fqih Basri et Abderrahman Youssefi, membres de l\u2019UNFP nouvellement cr\u00e9\u00e9, sont arr\u00eat\u00e9s et plac\u00e9s en d\u00e9tention en raison de leur qualit\u00e9 de directeur et r\u00e9dacteur en chef du quotidien du parti At-Tahir (Lib\u00e9ration), pour la publication d\u2019un article offensant le roi. Cela provoque la fuite de Ben Barka en Allemagne.<\/p>\t\t\t\t\t\t\t\t<\/div>\n\t\t\t\t<\/div>\n\t\t\t\t\t<\/div>\n\t\t<\/div>\n\t\t\t\t\t<\/div>\n\t\t<\/section>\n\t\t<div class=\"elementor-element elementor-element-910eaae e-flex e-con-boxed e-con e-parent\" data-id=\"910eaae\" data-element_type=\"container\" data-e-type=\"container\">\n\t\t\t\t\t<div class=\"e-con-inner\">\n\t\t\t\t<div class=\"elementor-element elementor-element-aa8461c elementor-widget-divider--view-line elementor-widget elementor-widget-divider\" data-id=\"aa8461c\" data-element_type=\"widget\" data-e-type=\"widget\" data-widget_type=\"divider.default\">\n\t\t\t\t<div class=\"elementor-widget-container\">\n\t\t\t\t\t\t\t<div class=\"elementor-divider\">\n\t\t\t<span class=\"elementor-divider-separator\">\n\t\t\t\t\t\t<\/span>\n\t\t<\/div>\n\t\t\t\t\t\t<\/div>\n\t\t\t\t<\/div>\n\t\t\t\t\t<\/div>\n\t\t\t\t<\/div>\n\t\t\t\t<section class=\"elementor-section elementor-top-section elementor-element elementor-element-8a6a011 elementor-section-content-top elementor-section-boxed elementor-section-height-default elementor-section-height-default elementor-invisible\" data-id=\"8a6a011\" data-element_type=\"section\" data-e-type=\"section\" data-settings=\"{&quot;background_background&quot;:&quot;classic&quot;,&quot;animation&quot;:&quot;zoomInDown&quot;}\">\n\t\t\t\t\t\t\t<div class=\"elementor-background-overlay\"><\/div>\n\t\t\t\t\t\t\t<div class=\"elementor-container elementor-column-gap-wide\">\n\t\t\t\t\t<div class=\"elementor-column elementor-col-50 elementor-top-column elementor-element elementor-element-7630968\" data-id=\"7630968\" data-element_type=\"column\" data-e-type=\"column\">\n\t\t\t<div class=\"elementor-widget-wrap elementor-element-populated\">\n\t\t\t\t\t\t<div class=\"elementor-element elementor-element-49d618a elementor-widget elementor-widget-image\" data-id=\"49d618a\" data-element_type=\"widget\" data-e-type=\"widget\" data-widget_type=\"image.default\">\n\t\t\t\t<div class=\"elementor-widget-container\">\n\t\t\t\t\t\t\t\t\t\t\t\t\t\t\t<img loading=\"lazy\" decoding=\"async\" width=\"300\" height=\"186\" src=\"https:\/\/rabat-maroc.net\/rabat-maroc-V2\/wp-content\/uploads\/2024\/10\/m5-abdelkrim-1959.jpg\" class=\"attachment-full size-full wp-image-3820\" alt=\"\" \/>\t\t\t\t\t\t\t\t\t\t\t\t\t\t\t<\/div>\n\t\t\t\t<\/div>\n\t\t\t\t\t<\/div>\n\t\t<\/div>\n\t\t\t\t<div class=\"elementor-column elementor-col-50 elementor-top-column elementor-element elementor-element-e01753f\" data-id=\"e01753f\" data-element_type=\"column\" data-e-type=\"column\">\n\t\t\t<div class=\"elementor-widget-wrap elementor-element-populated\">\n\t\t\t\t\t\t<div class=\"elementor-element elementor-element-9a27aa5 elementor-widget elementor-widget-image\" data-id=\"9a27aa5\" data-element_type=\"widget\" data-e-type=\"widget\" data-widget_type=\"image.default\">\n\t\t\t\t<div class=\"elementor-widget-container\">\n\t\t\t\t\t\t\t\t\t\t\t\t\t\t\t<img loading=\"lazy\" decoding=\"async\" width=\"486\" height=\"377\" src=\"https:\/\/rabat-maroc.net\/rabat-maroc-V2\/wp-content\/uploads\/2024\/10\/congres_fondateur-unfp_1959.jpg\" class=\"attachment-full size-full wp-image-3815\" alt=\"congres fondateur unfp\" srcset=\"https:\/\/rabat-maroc.net\/rabat-maroc-V2\/wp-content\/uploads\/2024\/10\/congres_fondateur-unfp_1959.jpg 486w, https:\/\/rabat-maroc.net\/rabat-maroc-V2\/wp-content\/uploads\/2024\/10\/congres_fondateur-unfp_1959-300x233.jpg 300w\" sizes=\"(max-width: 486px) 100vw, 486px\" \/>\t\t\t\t\t\t\t\t\t\t\t\t\t\t\t<\/div>\n\t\t\t\t<\/div>\n\t\t\t\t\t<\/div>\n\t\t<\/div>\n\t\t\t\t\t<\/div>\n\t\t<\/section>\n\t\t<div class=\"elementor-element elementor-element-ebad4f2 e-flex e-con-boxed e-con e-parent\" data-id=\"ebad4f2\" data-element_type=\"container\" data-e-type=\"container\">\n\t\t\t\t\t<div class=\"e-con-inner\">\n\t\t\t\t<div class=\"elementor-element elementor-element-2e8210b elementor-widget-divider--view-line elementor-widget elementor-widget-divider\" data-id=\"2e8210b\" data-element_type=\"widget\" data-e-type=\"widget\" data-widget_type=\"divider.default\">\n\t\t\t\t<div class=\"elementor-widget-container\">\n\t\t\t\t\t\t\t<div class=\"elementor-divider\">\n\t\t\t<span class=\"elementor-divider-separator\">\n\t\t\t\t\t\t<\/span>\n\t\t<\/div>\n\t\t\t\t\t\t<\/div>\n\t\t\t\t<\/div>\n\t\t\t\t\t<\/div>\n\t\t\t\t<\/div>\n\t\t\t\t<section class=\"elementor-section elementor-top-section elementor-element elementor-element-24fc2a2 elementor-section-content-top elementor-section-boxed elementor-section-height-default elementor-section-height-default elementor-invisible\" data-id=\"24fc2a2\" data-element_type=\"section\" data-e-type=\"section\" data-settings=\"{&quot;background_background&quot;:&quot;classic&quot;,&quot;animation&quot;:&quot;zoomInDown&quot;}\">\n\t\t\t\t\t\t\t<div class=\"elementor-background-overlay\"><\/div>\n\t\t\t\t\t\t\t<div class=\"elementor-container elementor-column-gap-no\">\n\t\t\t\t\t<div class=\"elementor-column elementor-col-100 elementor-top-column elementor-element elementor-element-f050334\" data-id=\"f050334\" data-element_type=\"column\" data-e-type=\"column\">\n\t\t\t<div class=\"elementor-widget-wrap elementor-element-populated\">\n\t\t\t\t\t\t<div class=\"elementor-element elementor-element-2471f1e elementor-widget elementor-widget-text-editor\" data-id=\"2471f1e\" data-element_type=\"widget\" data-e-type=\"widget\" data-widget_type=\"text-editor.default\">\n\t\t\t\t<div class=\"elementor-widget-container\">\n\t\t\t\t\t\t\t\t\t<h4><strong>5 ao\u00fbt 1960<\/strong><\/h4><p>Mohammed V re\u00e7oit \u00e0 Rabat le 1er ministre Congolais Patrice Lumumba.<\/p><p>Le souverain Marocain manifeste son soutien \u00e0 la politique anti-imp\u00e9rialiste men\u00e9e par le leader congolais. Ce dernier sera destitu\u00e9 quelques semaines plus tard, et emprisonn\u00e9 puis assassin\u00e9.<\/p><h4><strong>novembre 1960<\/strong><\/h4><p>Allal El Fassi se voit confier la pr\u00e9sidence d\u2019un conseil constitutionnel avec la charge de pr\u00e9parer la r\u00e9daction d\u2019un projet de constitution. Le d\u00e9part des troupes \u00e9trang\u00e8res et la politique anti-imp\u00e9riailiste du souverain satisfait le parti de l\u2019Istiqlal.<\/p><h4><strong>janvier 1961<\/strong><\/h4><p>A Casablanca se tient la conf\u00e9rence des Pays Africains en vue de la cr\u00e9tion de l\u2019Unit\u00e9 Africaine. Mohammed V range le Maroc du c\u00f4t\u00e9 des pays progressistes oppos\u00e9s \u00e0 l\u2019alignement sur l\u2019Occident et au colonialisme.<\/p><h4><strong>26 f\u00e9vrier 1961<\/strong><\/h4><p>Le Roi Mohammed V meurt sur la table d\u2019op\u00e9ration de la clinique du palais \u00e0 Rabat, \u00e0 la suite d\u2019une banale intervention chirurgicale de la cloison nasale pratiqu\u00e9e par un chirurgien Suisse.<\/p>\t\t\t\t\t\t\t\t<\/div>\n\t\t\t\t<\/div>\n\t\t\t\t\t<\/div>\n\t\t<\/div>\n\t\t\t\t\t<\/div>\n\t\t<\/section>\n\t\t<div class=\"elementor-element elementor-element-019e4dd e-flex e-con-boxed e-con e-parent\" data-id=\"019e4dd\" data-element_type=\"container\" data-e-type=\"container\">\n\t\t\t\t\t<div class=\"e-con-inner\">\n\t\t\t\t<div class=\"elementor-element elementor-element-af71ccf elementor-widget-divider--view-line elementor-widget elementor-widget-divider\" data-id=\"af71ccf\" data-element_type=\"widget\" data-e-type=\"widget\" data-widget_type=\"divider.default\">\n\t\t\t\t<div class=\"elementor-widget-container\">\n\t\t\t\t\t\t\t<div class=\"elementor-divider\">\n\t\t\t<span class=\"elementor-divider-separator\">\n\t\t\t\t\t\t<\/span>\n\t\t<\/div>\n\t\t\t\t\t\t<\/div>\n\t\t\t\t<\/div>\n\t\t\t\t\t<\/div>\n\t\t\t\t<\/div>\n\t\t\t\t<section class=\"elementor-section elementor-top-section elementor-element elementor-element-22af491 elementor-section-content-middle elementor-section-boxed elementor-section-height-default elementor-section-height-default elementor-invisible\" data-id=\"22af491\" data-element_type=\"section\" data-e-type=\"section\" data-settings=\"{&quot;background_background&quot;:&quot;classic&quot;,&quot;animation&quot;:&quot;zoomInUp&quot;}\">\n\t\t\t\t\t\t\t<div class=\"elementor-background-overlay\"><\/div>\n\t\t\t\t\t\t\t<div class=\"elementor-container elementor-column-gap-no\">\n\t\t\t\t\t<div class=\"elementor-column elementor-col-100 elementor-top-column elementor-element elementor-element-3489297\" data-id=\"3489297\" data-element_type=\"column\" data-e-type=\"column\">\n\t\t\t<div class=\"elementor-widget-wrap elementor-element-populated\">\n\t\t\t\t\t\t<div class=\"elementor-element elementor-element-7483cce elementor-widget elementor-widget-heading\" data-id=\"7483cce\" data-element_type=\"widget\" data-e-type=\"widget\" data-widget_type=\"heading.default\">\n\t\t\t\t<div class=\"elementor-widget-container\">\n\t\t\t\t\t<h2 class=\"elementor-heading-title elementor-size-default\">Dates-cl\u00e9s de l\u2019histoire contemporaine du Maroc de 1961 \u00e0 1965, de l\u2019av\u00e8nement de Hassan II \u00e0 la disparition de Ben Barka<\/h2>\t\t\t\t<\/div>\n\t\t\t\t<\/div>\n\t\t\t\t\t<\/div>\n\t\t<\/div>\n\t\t\t\t\t<\/div>\n\t\t<\/section>\n\t\t<div class=\"elementor-element elementor-element-18b3f39 e-flex e-con-boxed e-con e-parent\" data-id=\"18b3f39\" data-element_type=\"container\" data-e-type=\"container\">\n\t\t\t\t\t<div class=\"e-con-inner\">\n\t\t\t\t<div class=\"elementor-element elementor-element-ddd2b11 elementor-widget-divider--view-line elementor-widget elementor-widget-divider\" data-id=\"ddd2b11\" data-element_type=\"widget\" data-e-type=\"widget\" data-widget_type=\"divider.default\">\n\t\t\t\t<div class=\"elementor-widget-container\">\n\t\t\t\t\t\t\t<div class=\"elementor-divider\">\n\t\t\t<span class=\"elementor-divider-separator\">\n\t\t\t\t\t\t<\/span>\n\t\t<\/div>\n\t\t\t\t\t\t<\/div>\n\t\t\t\t<\/div>\n\t\t\t\t\t<\/div>\n\t\t\t\t<\/div>\n\t\t\t\t<\/div>\n\t\t","protected":false},"excerpt":{"rendered":"<p>Rabat de Lyautey \u00e0 Mohammed VI portail de Rabat, tourisme, histoire et culture. Plus d&rsquo;information Les dates-cl\u00e9s de l\u2019histoire contemporaine du Maroc, de l\u2019ind\u00e9pendance 1956 \u00e0 la mort de Mohammed V 1961. 7 d\u00e9cembre 1955 Au lendemain du retour du roi (\u00e0 ce moment-l\u00e0 encore sultan), trois forces vont s\u2019opposer : le tr\u00f4ne, la r\u00e9sistance [&hellip;]<\/p>\n","protected":false},"author":1,"featured_media":0,"parent":0,"menu_order":0,"comment_status":"closed","ping_status":"closed","template":"","meta":{"_uag_custom_page_level_css":"","_monsterinsights_skip_tracking":false,"_monsterinsights_sitenote_active":false,"_monsterinsights_sitenote_note":"","_monsterinsights_sitenote_category":0,"_uf_show_specific_survey":0,"_uf_disable_surveys":false,"site-sidebar-layout":"no-sidebar","site-content-layout":"plain-container","ast-site-content-layout":"full-width-container","site-content-style":"unboxed","site-sidebar-style":"unboxed","ast-global-header-display":"","ast-banner-title-visibility":"","ast-main-header-display":"","ast-hfb-above-header-display":"","ast-hfb-below-header-display":"","ast-hfb-mobile-header-display":"","site-post-title":"disabled","ast-breadcrumbs-content":"","ast-featured-img":"","footer-sml-layout":"","theme-transparent-header-meta":"enabled","adv-header-id-meta":"","stick-header-meta":"","header-above-stick-meta":"","header-main-stick-meta":"","header-below-stick-meta":"","astra-migrate-meta-layouts":"set","ast-page-background-enabled":"default","ast-page-background-meta":{"desktop":{"background-color":"","background-image":"","background-repeat":"repeat","background-position":"center center","background-size":"auto","background-attachment":"scroll","background-type":"","background-media":"","overlay-type":"","overlay-color":"","overlay-opacity":"","overlay-gradient":""},"tablet":{"background-color":"","background-image":"","background-repeat":"repeat","background-position":"center center","background-size":"auto","background-attachment":"scroll","background-type":"","background-media":"","overlay-type":"","overlay-color":"","overlay-opacity":"","overlay-gradient":""},"mobile":{"background-color":"","background-image":"","background-repeat":"repeat","background-position":"center center","background-size":"auto","background-attachment":"scroll","background-type":"","background-media":"","overlay-type":"","overlay-color":"","overlay-opacity":"","overlay-gradient":""}},"ast-content-background-meta":{"desktop":{"background-color":"var(--ast-global-color-5)","background-image":"","background-repeat":"repeat","background-position":"center center","background-size":"auto","background-attachment":"scroll","background-type":"","background-media":"","overlay-type":"","overlay-color":"","overlay-opacity":"","overlay-gradient":""},"tablet":{"background-color":"var(--ast-global-color-5)","background-image":"","background-repeat":"repeat","background-position":"center center","background-size":"auto","background-attachment":"scroll","background-type":"","background-media":"","overlay-type":"","overlay-color":"","overlay-opacity":"","overlay-gradient":""},"mobile":{"background-color":"var(--ast-global-color-5)","background-image":"","background-repeat":"repeat","background-position":"center center","background-size":"auto","background-attachment":"scroll","background-type":"","background-media":"","overlay-type":"","overlay-color":"","overlay-opacity":"","overlay-gradient":""}},"footnotes":""},"class_list":["post-3891","page","type-page","status-publish","hentry"],"aioseo_notices":[],"uagb_featured_image_src":{"full":false,"thumbnail":false,"medium":false,"medium_large":false,"large":false,"1536x1536":false,"2048x2048":false},"uagb_author_info":{"display_name":"wmetequkjwqb","author_link":"https:\/\/rabat-maroc.net\/rabat-maroc-V2\/author\/wmetequkjwqb\/"},"uagb_comment_info":0,"uagb_excerpt":"Rabat de Lyautey \u00e0 Mohammed VI portail de Rabat, tourisme, histoire et culture. Plus d&rsquo;information Les dates-cl\u00e9s de l\u2019histoire contemporaine du Maroc, de l\u2019ind\u00e9pendance 1956 \u00e0 la mort de Mohammed V 1961. 7 d\u00e9cembre 1955 Au lendemain du retour du roi (\u00e0 ce moment-l\u00e0 encore sultan), trois forces vont s\u2019opposer : le tr\u00f4ne, la r\u00e9sistance\u2026","jetpack_sharing_enabled":true,"_links":{"self":[{"href":"https:\/\/rabat-maroc.net\/rabat-maroc-V2\/wp-json\/wp\/v2\/pages\/3891","targetHints":{"allow":["GET"]}}],"collection":[{"href":"https:\/\/rabat-maroc.net\/rabat-maroc-V2\/wp-json\/wp\/v2\/pages"}],"about":[{"href":"https:\/\/rabat-maroc.net\/rabat-maroc-V2\/wp-json\/wp\/v2\/types\/page"}],"author":[{"embeddable":true,"href":"https:\/\/rabat-maroc.net\/rabat-maroc-V2\/wp-json\/wp\/v2\/users\/1"}],"replies":[{"embeddable":true,"href":"https:\/\/rabat-maroc.net\/rabat-maroc-V2\/wp-json\/wp\/v2\/comments?post=3891"}],"version-history":[{"count":5,"href":"https:\/\/rabat-maroc.net\/rabat-maroc-V2\/wp-json\/wp\/v2\/pages\/3891\/revisions"}],"predecessor-version":[{"id":3899,"href":"https:\/\/rabat-maroc.net\/rabat-maroc-V2\/wp-json\/wp\/v2\/pages\/3891\/revisions\/3899"}],"wp:attachment":[{"href":"https:\/\/rabat-maroc.net\/rabat-maroc-V2\/wp-json\/wp\/v2\/media?parent=3891"}],"curies":[{"name":"wp","href":"https:\/\/api.w.org\/{rel}","templated":true}]}}