{"id":3903,"date":"2024-10-23T15:05:46","date_gmt":"2024-10-23T15:05:46","guid":{"rendered":"https:\/\/rabat-maroc.net\/rabat-maroc-V2\/?page_id=3903"},"modified":"2024-10-23T15:21:34","modified_gmt":"2024-10-23T15:21:34","slug":"dates-cles-1965-1967","status":"publish","type":"page","link":"https:\/\/rabat-maroc.net\/rabat-maroc-V2\/dates-cles-1965-1967\/","title":{"rendered":"dates-cles-1965-1967"},"content":{"rendered":"\t\t<div data-elementor-type=\"wp-page\" data-elementor-id=\"3903\" class=\"elementor elementor-3903\">\n\t\t\t\t\t\t<section class=\"elementor-section elementor-top-section elementor-element elementor-element-wt2f15w elementor-section-boxed elementor-section-height-default elementor-section-height-default\" data-id=\"wt2f15w\" data-element_type=\"section\" data-e-type=\"section\" data-settings=\"{&quot;background_background&quot;:&quot;classic&quot;}\">\n\t\t\t\t\t\t\t<div class=\"elementor-background-overlay\"><\/div>\n\t\t\t\t\t\t\t<div class=\"elementor-container elementor-column-gap-default\">\n\t\t\t\t\t<div class=\"elementor-column elementor-col-100 elementor-top-column elementor-element elementor-element-78af2ff\" data-id=\"78af2ff\" data-element_type=\"column\" data-e-type=\"column\">\n\t\t\t<div class=\"elementor-widget-wrap elementor-element-populated\">\n\t\t\t\t\t\t<div class=\"elementor-element elementor-element-58ba8f4 elementor-widget elementor-widget-heading\" data-id=\"58ba8f4\" data-element_type=\"widget\" data-e-type=\"widget\" data-widget_type=\"heading.default\">\n\t\t\t\t<div class=\"elementor-widget-container\">\n\t\t\t\t\t<h1 class=\"elementor-heading-title elementor-size-default\">Rabat de Lyautey \u00e0 Mohammed VI<\/h1>\t\t\t\t<\/div>\n\t\t\t\t<\/div>\n\t\t\t\t<div class=\"elementor-element elementor-element-97cc7d6 elementor-widget elementor-widget-text-editor\" data-id=\"97cc7d6\" data-element_type=\"widget\" data-e-type=\"widget\" data-widget_type=\"text-editor.default\">\n\t\t\t\t<div class=\"elementor-widget-container\">\n\t\t\t\t\t\t\t\t\t<p>portail de Rabat, tourisme, histoire et culture.<\/p>\t\t\t\t\t\t\t\t<\/div>\n\t\t\t\t<\/div>\n\t\t\t\t<div class=\"elementor-element elementor-element-c4c3581 elementor-align-center elementor-widget elementor-widget-button\" data-id=\"c4c3581\" data-element_type=\"widget\" data-e-type=\"widget\" data-widget_type=\"button.default\">\n\t\t\t\t<div class=\"elementor-widget-container\">\n\t\t\t\t\t\t\t\t\t<div class=\"elementor-button-wrapper\">\n\t\t\t\t\t<a class=\"elementor-button elementor-button-link elementor-size-sm\" href=\"#\">\n\t\t\t\t\t\t<span class=\"elementor-button-content-wrapper\">\n\t\t\t\t\t\t\t\t\t<span class=\"elementor-button-text\">Plus d'information<\/span>\n\t\t\t\t\t<\/span>\n\t\t\t\t\t<\/a>\n\t\t\t\t<\/div>\n\t\t\t\t\t\t\t\t<\/div>\n\t\t\t\t<\/div>\n\t\t\t\t\t<\/div>\n\t\t<\/div>\n\t\t\t\t\t<\/div>\n\t\t<\/section>\n\t\t<div class=\"elementor-element elementor-element-b208350 e-flex e-con-boxed e-con e-parent\" data-id=\"b208350\" data-element_type=\"container\" data-e-type=\"container\">\n\t\t\t\t\t<div class=\"e-con-inner\">\n\t\t\t\t<div class=\"elementor-element elementor-element-bed5d70 elementor-widget-divider--view-line elementor-widget elementor-widget-divider\" data-id=\"bed5d70\" data-element_type=\"widget\" data-e-type=\"widget\" data-widget_type=\"divider.default\">\n\t\t\t\t<div class=\"elementor-widget-container\">\n\t\t\t\t\t\t\t<div class=\"elementor-divider\">\n\t\t\t<span class=\"elementor-divider-separator\">\n\t\t\t\t\t\t<\/span>\n\t\t<\/div>\n\t\t\t\t\t\t<\/div>\n\t\t\t\t<\/div>\n\t\t\t\t\t<\/div>\n\t\t\t\t<\/div>\n\t\t\t\t<section class=\"elementor-section elementor-top-section elementor-element elementor-element-13un3ve elementor-section-content-middle elementor-section-boxed elementor-section-height-default elementor-section-height-default elementor-invisible\" data-id=\"13un3ve\" data-element_type=\"section\" data-e-type=\"section\" data-settings=\"{&quot;background_background&quot;:&quot;classic&quot;,&quot;animation&quot;:&quot;zoomInUp&quot;}\">\n\t\t\t\t\t\t\t<div class=\"elementor-background-overlay\"><\/div>\n\t\t\t\t\t\t\t<div class=\"elementor-container elementor-column-gap-no\">\n\t\t\t\t\t<div class=\"elementor-column elementor-col-100 elementor-top-column elementor-element elementor-element-f69add9\" data-id=\"f69add9\" data-element_type=\"column\" data-e-type=\"column\">\n\t\t\t<div class=\"elementor-widget-wrap elementor-element-populated\">\n\t\t\t\t\t\t<div class=\"elementor-element elementor-element-8b7d1ee elementor-widget elementor-widget-image\" data-id=\"8b7d1ee\" data-element_type=\"widget\" data-e-type=\"widget\" data-widget_type=\"image.default\">\n\t\t\t\t<div class=\"elementor-widget-container\">\n\t\t\t\t\t\t\t\t\t\t\t\t\t\t\t<img fetchpriority=\"high\" decoding=\"async\" width=\"1184\" height=\"230\" src=\"https:\/\/rabat-maroc.net\/rabat-maroc-V2\/wp-content\/uploads\/2024\/10\/titre-dates-cles-2-large.gif\" class=\"attachment-full size-full wp-image-3493\" alt=\"titre dates\" \/>\t\t\t\t\t\t\t\t\t\t\t\t\t\t\t<\/div>\n\t\t\t\t<\/div>\n\t\t\t\t<div class=\"elementor-element elementor-element-0c78bee elementor-widget elementor-widget-heading\" data-id=\"0c78bee\" data-element_type=\"widget\" data-e-type=\"widget\" data-widget_type=\"heading.default\">\n\t\t\t\t<div class=\"elementor-widget-container\">\n\t\t\t\t\t<h2 class=\"elementor-heading-title elementor-size-default\">Dates-cl\u00e9s de l\u2019histoire contemporaine du Maroc de 1961 \u00e0 1965, de l\u2019av\u00e8nement de Hassan II \u00e0 la disparition de Ben Barka.<\/h2>\t\t\t\t<\/div>\n\t\t\t\t<\/div>\n\t\t\t\t\t<\/div>\n\t\t<\/div>\n\t\t\t\t\t<\/div>\n\t\t<\/section>\n\t\t<div class=\"elementor-element elementor-element-7cc1ed0 e-flex e-con-boxed e-con e-parent\" data-id=\"7cc1ed0\" data-element_type=\"container\" data-e-type=\"container\">\n\t\t\t\t\t<div class=\"e-con-inner\">\n\t\t\t\t<div class=\"elementor-element elementor-element-3381d2e elementor-widget-divider--view-line elementor-widget elementor-widget-divider\" data-id=\"3381d2e\" data-element_type=\"widget\" data-e-type=\"widget\" data-widget_type=\"divider.default\">\n\t\t\t\t<div class=\"elementor-widget-container\">\n\t\t\t\t\t\t\t<div class=\"elementor-divider\">\n\t\t\t<span class=\"elementor-divider-separator\">\n\t\t\t\t\t\t<\/span>\n\t\t<\/div>\n\t\t\t\t\t\t<\/div>\n\t\t\t\t<\/div>\n\t\t\t\t\t<\/div>\n\t\t\t\t<\/div>\n\t\t\t\t<section class=\"elementor-section elementor-top-section elementor-element elementor-element-baa7880 elementor-section-content-top elementor-section-boxed elementor-section-height-default elementor-section-height-default elementor-invisible\" data-id=\"baa7880\" data-element_type=\"section\" data-e-type=\"section\" data-settings=\"{&quot;background_background&quot;:&quot;classic&quot;,&quot;animation&quot;:&quot;zoomInDown&quot;}\">\n\t\t\t\t\t\t\t<div class=\"elementor-background-overlay\"><\/div>\n\t\t\t\t\t\t\t<div class=\"elementor-container elementor-column-gap-no\">\n\t\t\t\t\t<div class=\"elementor-column elementor-col-100 elementor-top-column elementor-element elementor-element-8e69b06\" data-id=\"8e69b06\" data-element_type=\"column\" data-e-type=\"column\">\n\t\t\t<div class=\"elementor-widget-wrap elementor-element-populated\">\n\t\t\t\t\t\t<div class=\"elementor-element elementor-element-6e5180b elementor-widget elementor-widget-text-editor\" data-id=\"6e5180b\" data-element_type=\"widget\" data-e-type=\"widget\" data-widget_type=\"text-editor.default\">\n\t\t\t\t<div class=\"elementor-widget-container\">\n\t\t\t\t\t\t\t\t\t<h4><strong>16 mai 1962<\/strong><\/h4><p>Ben Barka rentre de Paris : il est accueilli triomphalement \u00e0 Rabat par la foule.<\/p><h4><strong>7 d\u00e9cembre 1962<\/strong><\/h4><p>Le roi Hassan II fait approuver par r\u00e9f\u00e9rendum la constitution qu\u2019il a lui-m\u00eame r\u00e9dig\u00e9. L\u2019UNFP appelle \u00e0 l\u2019abstention. La Constitution est approuv\u00e9e par 97% des votants.<\/p><p>Ben Barka, pr\u00e8s de Bouznika, est victime d\u2019un accident provoqu\u00e9 par une voiture qui prend la fuite: il \u00e9chappe de peu \u00e0 la mort et a une vert\u00e8bre cervicale bris\u00e9e.<\/p><h4><strong>2 janvier 1963<\/strong><\/h4><p>D\u00e9mission des 3 ministres de l\u2019Istiqlal du gouvernement pour protester contre l\u2019omnipotence du Chef du Cabinet du Roi Guedira.<\/p><p>Quelques jours plus tard, l\u2019Istiqlal passe officiellement \u00e0 l\u2019opposition tout en reconnaissant l\u2019autorit\u00e9 du Roi. L\u2019Istiqlal fait une tentative de rapprochement avec l\u2019UNFP sans succ\u00e8s.<\/p><h4><strong>13 au 15 Mars 1963<\/strong><\/h4><p>Hassan II est en visite officielle en Alg\u00e9rie. A cette occasion, Hassan II rappelle au pr\u00e9sident Alg\u00e9rien Ben Bella l\u2019accord conclu avec le GPRA relatif aux fronti\u00e8res maroco-alg\u00e9riennes.<\/p><p>Les fronti\u00e8res entre l\u2019Alg\u00e9rie et le Maroc au Sahara avaient, en effet, \u00e9t\u00e9 \u00e9tablies par la France au gr\u00e9 de ses int\u00e9r\u00eats. En 1961, le Maroc et la Tunisie, Etats souverains, avaient conclu un accord avec le GPRA (Gouvernement provisoire de la R\u00e9publique alg\u00e9rienne), selon lequel aucune question territoriale ne serait soulev\u00e9e avant l\u2019ind\u00e9pendance. Le GPRA avait admis, de son c\u00f4t\u00e9, que les fronti\u00e8res coloniales n\u2019\u00e9taient pas opposables \u00e0 ses voisins.<\/p><p>Le Pr\u00e9sident Ben Bella demande du temps, la r\u00e9publique alg\u00e9rienne \u00e9tant encore naissante.<\/p><h4><strong>20 mars 1963<\/strong><\/h4><p>Guedira annonce la tenue d\u2019\u00e9lections l\u00e9gislatives prochaines et la cr\u00e9ation d\u2019un parti: le FDIC (front national pour la d\u00e9fense des institutions constitutionnelles) dans lequel on retrouve le MP d\u2019Aherdane et le PDC d\u2019Hassan El Ouazanni.<\/p><h4><strong>17 mai 1963<\/strong><\/h4><p>Les \u00e9lections sont un succ\u00e8s pour l\u2019UNFP qui conquiert \u201cofficiellement\u201d 28 si\u00e8ges sur 144. Les deux grands partis Istiqlal et UNFP ont la majorit\u00e9 en nombre de voix. Cependant, le d\u00e9coupage \u00e9lectoral et des trucages \u00e9lectoraux minorent effectivement le score de l\u2019UNFP et de l\u2019Istiqlal.<\/p><p>L\u2019Istiqlal a 41 d\u00e9put\u00e9s, le parti du Roi emporte 69 si\u00e8ges et peut gouverner avec la majorit\u00e9.<\/p><p>Ben Barka est \u00e9lu d\u00e9put\u00e9 de Rabat dans la circonscription du quartier populaire de Yacoub El Mansour. Il devient le leader de l\u2019opposition au Roi.<\/p><h4><strong>16 juillet 1963<\/strong><\/h4><p>La police investit le si\u00e8ge de l\u2019UNFP en pleine pr\u00e9paration des \u00e9lections cantonales et municipales qui ont \u00e9t\u00e9 report\u00e9es, mais dont l\u2019UNFP est le grand favori.<br \/>Abderrahim Bouabid, l\u2019ancien ministre du cabinet Ibrahim est lib\u00e9r\u00e9, mais 100 militants sont emprisonn\u00e9s. Ben Barka en visite au Caire \u00e9chappe \u00e0 la rafle, mais dans tout le pays les arrestations des militants de l\u2019UNFP se succ\u00e8dent : plus de 5.000 au total.<\/p><h4><strong>17 Ao\u00fbt 1963<\/strong><\/h4><p>Le ministre de la justice Ahmed Bahnini annonce que les arrestations sont cons\u00e9cutives \u00e0 un complot d\u00e9jou\u00e9 contre le Roi. Le fquih Basri est d\u00e9sign\u00e9 comme le chef du complot, et parmi les comploteurs d\u2019anciens r\u00e9sistants, Cheik el-Arab, Moumen Diouri et Ben Barka avec l\u2019aide de fonds qui proviendraient des r\u00e9gimes progressistes d\u2019Alg\u00e9rie, d\u2019Irak et de Syrie.<\/p><h4><strong>8 octobre 1963<\/strong><\/h4><p>La guerre des sables entre l\u2019Alg\u00e9rie et le Maroc intervient dans un contexte politique int\u00e9rieur particuli\u00e8rement tendu. La rivalit\u00e9 entre les deux pays est non seulement territoriale mais elle est aussi id\u00e9ologique.<\/p><p>L\u2019\u00e9lite r\u00e9volutionnaire alg\u00e9rienne de la R\u00e9publique Alg\u00e9rienne socialisante est en effet proche des id\u00e9aux de Ben Barka.<\/p><p>Apr\u00e8s que le Maroc ait d\u00e9ploy\u00e9 des troupes en plusieurs points de la zone d\u00e9sertique qui s\u2019\u00e9tendait entre le Hamada du Dra\u00e2 et B\u00e9char, le Pr\u00e9sident Ben Bella estime que l\u2019int\u00e9grit\u00e9 territoriale de l\u2019Alg\u00e9rie est menac\u00e9e et attaque les FAR \u00e0 Hassi Beida.<\/p><p>Les combats sont acharn\u00e9s durant trois jours et rapidement l\u2019arm\u00e9e Marocaine mieux entra\u00een\u00e9e \u00e0 ce type de conflit et mieux \u00e9quip\u00e9e prend le dessus. L\u2019OUA par l\u2019entremise de Ha\u00efl\u00e9 S\u00e9lassi\u00e9, l\u2019Empereur d\u2019Ethiopie, regroupe le roi du Maroc, le pr\u00e9sident Ben Bella et Modibo Keita, Pr\u00e9sident de la R\u00e9publique du Mali autour de la table de n\u00e9gociation.<\/p><p>Un accord de cessez-le-feu sera sign\u00e9 le 2 novembre et aboutit \u00e0 un modus vivendi soulignant qu\u2019il n\u2019y a ni vainqueur ni vaincu.<\/p><h4><strong>16 octobre 1963<\/strong><\/h4><p>L\u2019appel de Ben Barka depuis le Caire appelant \u00e0 d\u00e9jouer la machination n\u00e9o-colonialiste est mal per\u00e7ue par l\u2019opinion publique marocaine. L\u2019UNFP se d\u00e9chire sur le comportement \u00e0 adopter.<\/p><h4><strong>13 novembre 1963<\/strong><\/h4><p>Formation d\u2019un nouveau gouvernement confi\u00e9 \u00e0 Ahmed Bahnini.<\/p>\t\t\t\t\t\t\t\t<\/div>\n\t\t\t\t<\/div>\n\t\t\t\t\t<\/div>\n\t\t<\/div>\n\t\t\t\t\t<\/div>\n\t\t<\/section>\n\t\t<div class=\"elementor-element elementor-element-7719b9c e-flex e-con-boxed e-con e-parent\" data-id=\"7719b9c\" data-element_type=\"container\" data-e-type=\"container\">\n\t\t\t\t\t<div class=\"e-con-inner\">\n\t\t\t\t<div class=\"elementor-element elementor-element-889380b elementor-widget-divider--view-line elementor-widget elementor-widget-divider\" data-id=\"889380b\" data-element_type=\"widget\" data-e-type=\"widget\" data-widget_type=\"divider.default\">\n\t\t\t\t<div class=\"elementor-widget-container\">\n\t\t\t\t\t\t\t<div class=\"elementor-divider\">\n\t\t\t<span class=\"elementor-divider-separator\">\n\t\t\t\t\t\t<\/span>\n\t\t<\/div>\n\t\t\t\t\t\t<\/div>\n\t\t\t\t<\/div>\n\t\t\t\t\t<\/div>\n\t\t\t\t<\/div>\n\t\t\t\t<section class=\"elementor-section elementor-top-section elementor-element elementor-element-9d78035 elementor-section-content-top elementor-section-boxed elementor-section-height-default elementor-section-height-default elementor-invisible\" data-id=\"9d78035\" data-element_type=\"section\" data-e-type=\"section\" data-settings=\"{&quot;background_background&quot;:&quot;classic&quot;,&quot;animation&quot;:&quot;zoomInDown&quot;}\">\n\t\t\t\t\t\t\t<div class=\"elementor-background-overlay\"><\/div>\n\t\t\t\t\t\t\t<div class=\"elementor-container elementor-column-gap-wide\">\n\t\t\t\t\t<div class=\"elementor-column elementor-col-20 elementor-top-column elementor-element elementor-element-649e54c\" data-id=\"649e54c\" data-element_type=\"column\" data-e-type=\"column\">\n\t\t\t<div class=\"elementor-widget-wrap elementor-element-populated\">\n\t\t\t\t\t\t<div class=\"elementor-element elementor-element-df08d24 elementor-widget elementor-widget-image\" data-id=\"df08d24\" data-element_type=\"widget\" data-e-type=\"widget\" data-widget_type=\"image.default\">\n\t\t\t\t<div class=\"elementor-widget-container\">\n\t\t\t\t\t\t\t\t\t\t\t\t\t\t\t<img decoding=\"async\" width=\"565\" height=\"306\" src=\"https:\/\/rabat-maroc.net\/rabat-maroc-V2\/wp-content\/uploads\/2024\/10\/ben-bella-hassan-2-1963.jpg\" class=\"attachment-full size-full wp-image-3911\" alt=\"ben bella hassan 2 1963\" srcset=\"https:\/\/rabat-maroc.net\/rabat-maroc-V2\/wp-content\/uploads\/2024\/10\/ben-bella-hassan-2-1963.jpg 565w, https:\/\/rabat-maroc.net\/rabat-maroc-V2\/wp-content\/uploads\/2024\/10\/ben-bella-hassan-2-1963-300x162.jpg 300w\" sizes=\"(max-width: 565px) 100vw, 565px\" \/>\t\t\t\t\t\t\t\t\t\t\t\t\t\t\t<\/div>\n\t\t\t\t<\/div>\n\t\t\t\t\t<\/div>\n\t\t<\/div>\n\t\t\t\t<div class=\"elementor-column elementor-col-20 elementor-top-column elementor-element elementor-element-875ac4b\" data-id=\"875ac4b\" data-element_type=\"column\" data-e-type=\"column\">\n\t\t\t<div class=\"elementor-widget-wrap elementor-element-populated\">\n\t\t\t\t\t\t<div class=\"elementor-element elementor-element-8f90d41 elementor-widget elementor-widget-image\" data-id=\"8f90d41\" data-element_type=\"widget\" data-e-type=\"widget\" data-widget_type=\"image.default\">\n\t\t\t\t<div class=\"elementor-widget-container\">\n\t\t\t\t\t\t\t\t\t\t\t\t\t\t\t<img decoding=\"async\" width=\"352\" height=\"350\" src=\"https:\/\/rabat-maroc.net\/rabat-maroc-V2\/wp-content\/uploads\/2024\/10\/mohamed_fqih_-basri_mehdi_ben_barka-1.jpg\" class=\"attachment-full size-full wp-image-3913\" alt=\"\" srcset=\"https:\/\/rabat-maroc.net\/rabat-maroc-V2\/wp-content\/uploads\/2024\/10\/mohamed_fqih_-basri_mehdi_ben_barka-1.jpg 352w, https:\/\/rabat-maroc.net\/rabat-maroc-V2\/wp-content\/uploads\/2024\/10\/mohamed_fqih_-basri_mehdi_ben_barka-1-300x298.jpg 300w, https:\/\/rabat-maroc.net\/rabat-maroc-V2\/wp-content\/uploads\/2024\/10\/mohamed_fqih_-basri_mehdi_ben_barka-1-150x150.jpg 150w\" sizes=\"(max-width: 352px) 100vw, 352px\" \/>\t\t\t\t\t\t\t\t\t\t\t\t\t\t\t<\/div>\n\t\t\t\t<\/div>\n\t\t\t\t\t<\/div>\n\t\t<\/div>\n\t\t\t\t<div class=\"elementor-column elementor-col-20 elementor-top-column elementor-element elementor-element-75c9cbd\" data-id=\"75c9cbd\" data-element_type=\"column\" data-e-type=\"column\">\n\t\t\t<div class=\"elementor-widget-wrap elementor-element-populated\">\n\t\t\t\t\t\t<div class=\"elementor-element elementor-element-f4b104e elementor-widget elementor-widget-image\" data-id=\"f4b104e\" data-element_type=\"widget\" data-e-type=\"widget\" data-widget_type=\"image.default\">\n\t\t\t\t<div class=\"elementor-widget-container\">\n\t\t\t\t\t\t\t\t\t\t\t\t\t\t\t<img loading=\"lazy\" decoding=\"async\" width=\"250\" height=\"185\" src=\"https:\/\/rabat-maroc.net\/rabat-maroc-V2\/wp-content\/uploads\/2024\/10\/benbarka_et_maotsetoung.jpg\" class=\"attachment-full size-full wp-image-3916\" alt=\"benbarka et maostsetoung\" \/>\t\t\t\t\t\t\t\t\t\t\t\t\t\t\t<\/div>\n\t\t\t\t<\/div>\n\t\t\t\t\t<\/div>\n\t\t<\/div>\n\t\t\t\t<div class=\"elementor-column elementor-col-20 elementor-top-column elementor-element elementor-element-40ccb85\" data-id=\"40ccb85\" data-element_type=\"column\" data-e-type=\"column\">\n\t\t\t<div class=\"elementor-widget-wrap elementor-element-populated\">\n\t\t\t\t\t\t<div class=\"elementor-element elementor-element-290c28f elementor-widget elementor-widget-image\" data-id=\"290c28f\" data-element_type=\"widget\" data-e-type=\"widget\" data-widget_type=\"image.default\">\n\t\t\t\t<div class=\"elementor-widget-container\">\n\t\t\t\t\t\t\t\t\t\t\t\t\t\t\t<img loading=\"lazy\" decoding=\"async\" width=\"109\" height=\"150\" src=\"https:\/\/rabat-maroc.net\/rabat-maroc-V2\/wp-content\/uploads\/2024\/10\/cheikh_el_arab-109x150-1.jpg\" class=\"attachment-full size-full wp-image-3917\" alt=\"cheikh el arab\" \/>\t\t\t\t\t\t\t\t\t\t\t\t\t\t\t<\/div>\n\t\t\t\t<\/div>\n\t\t\t\t\t<\/div>\n\t\t<\/div>\n\t\t\t\t<div class=\"elementor-column elementor-col-20 elementor-top-column elementor-element elementor-element-fe9d3ef\" data-id=\"fe9d3ef\" data-element_type=\"column\" data-e-type=\"column\">\n\t\t\t<div class=\"elementor-widget-wrap elementor-element-populated\">\n\t\t\t\t\t\t<div class=\"elementor-element elementor-element-992bcb9 elementor-widget elementor-widget-image\" data-id=\"992bcb9\" data-element_type=\"widget\" data-e-type=\"widget\" data-widget_type=\"image.default\">\n\t\t\t\t<div class=\"elementor-widget-container\">\n\t\t\t\t\t\t\t\t\t\t\t\t\t\t\t<img loading=\"lazy\" decoding=\"async\" width=\"491\" height=\"384\" src=\"https:\/\/rabat-maroc.net\/rabat-maroc-V2\/wp-content\/uploads\/2024\/10\/accord_bamako_1963.jpg\" class=\"attachment-full size-full wp-image-3910\" alt=\"\" srcset=\"https:\/\/rabat-maroc.net\/rabat-maroc-V2\/wp-content\/uploads\/2024\/10\/accord_bamako_1963.jpg 491w, https:\/\/rabat-maroc.net\/rabat-maroc-V2\/wp-content\/uploads\/2024\/10\/accord_bamako_1963-300x235.jpg 300w\" sizes=\"(max-width: 491px) 100vw, 491px\" \/>\t\t\t\t\t\t\t\t\t\t\t\t\t\t\t<\/div>\n\t\t\t\t<\/div>\n\t\t\t\t\t<\/div>\n\t\t<\/div>\n\t\t\t\t\t<\/div>\n\t\t<\/section>\n\t\t<div class=\"elementor-element elementor-element-58984c6 e-flex e-con-boxed e-con e-parent\" data-id=\"58984c6\" data-element_type=\"container\" data-e-type=\"container\">\n\t\t\t\t\t<div class=\"e-con-inner\">\n\t\t\t\t<div class=\"elementor-element elementor-element-a8eea11 elementor-widget-divider--view-line elementor-widget elementor-widget-divider\" data-id=\"a8eea11\" data-element_type=\"widget\" data-e-type=\"widget\" data-widget_type=\"divider.default\">\n\t\t\t\t<div class=\"elementor-widget-container\">\n\t\t\t\t\t\t\t<div class=\"elementor-divider\">\n\t\t\t<span class=\"elementor-divider-separator\">\n\t\t\t\t\t\t<\/span>\n\t\t<\/div>\n\t\t\t\t\t\t<\/div>\n\t\t\t\t<\/div>\n\t\t\t\t\t<\/div>\n\t\t\t\t<\/div>\n\t\t\t\t<section class=\"elementor-section elementor-top-section elementor-element elementor-element-4a4644a elementor-section-content-top elementor-section-boxed elementor-section-height-default elementor-section-height-default elementor-invisible\" data-id=\"4a4644a\" data-element_type=\"section\" data-e-type=\"section\" data-settings=\"{&quot;background_background&quot;:&quot;classic&quot;,&quot;animation&quot;:&quot;zoomInDown&quot;}\">\n\t\t\t\t\t\t\t<div class=\"elementor-background-overlay\"><\/div>\n\t\t\t\t\t\t\t<div class=\"elementor-container elementor-column-gap-no\">\n\t\t\t\t\t<div class=\"elementor-column elementor-col-100 elementor-top-column elementor-element elementor-element-55e52a0\" data-id=\"55e52a0\" data-element_type=\"column\" data-e-type=\"column\">\n\t\t\t<div class=\"elementor-widget-wrap elementor-element-populated\">\n\t\t\t\t\t\t<div class=\"elementor-element elementor-element-2713667 elementor-widget elementor-widget-text-editor\" data-id=\"2713667\" data-element_type=\"widget\" data-e-type=\"widget\" data-widget_type=\"text-editor.default\">\n\t\t\t\t<div class=\"elementor-widget-container\">\n\t\t\t\t\t\t\t\t\t<h4><strong>22 novembre 1963<\/strong><\/h4><p>Ouverture du proc\u00e8s des conjur\u00e9s. Quatre vingt six sont pr\u00e9sents mais dix sept sont absents dont Ben Barka.<\/p><p>Le verdict apr\u00e8s plusieurs mois de proc\u00e8s ne sera rendu que le 14 mars 1964 : Basri, Diouri et Benjelloun sont condamn\u00e9s \u00e0 mort. Ben Barka et Cheik el-Arab sont condamn\u00e9s \u00e0 mort par contumace. Le B\u00e2tonnier Abderrahman Youssoufi b\u00e9n\u00e9ficie d\u2019une peine de prison avec sursis. Les autres sont condamn\u00e9s \u00e0 de lourdes peines de prison.<\/p><h4><strong>D\u00e9cembre 1963<\/strong><\/h4><p>L\u2019ann\u00e9e 1963 qui s\u2019ach\u00e8ve voit la derni\u00e8re grande \u00e9migration juive du Maroc. Le pays comptait 270.000 juifs en 1948, et seulement 164.000 en 1960. Plus de la moiti\u00e9, soit 102.000 \u00e9migrent entre 1961 et 1964 pour Isra\u00ebl ou pour l\u2019Europe et l\u2019Am\u00e9rique, apr\u00e8s que l\u2019\u00e9migration collective, d\u2019abord officiellement interdite, ait \u00e9t\u00e9 tol\u00e9r\u00e9e.<\/p><h4><strong>Avril 1964<\/strong><\/h4><p>Un nouveau parti est constitu\u00e9, n\u00e9 des cendres du FDIC : il s\u2019appelle le PSD (parti socialiste d\u00e9mocrate) et a pour pr\u00e9sident le 1er Ministre Bahnini. Il est anim\u00e9 par Gu\u00e9dira.<\/p><h4><strong>Juin 1964<\/strong><\/h4><p>Adoption du principe d\u2019arabisation de la justice et nationalisation de la presse aux mains d\u2019\u00e9trangers.<\/p><h4><strong>7 ao\u00fbt 1964<\/strong><\/h4><p>Cheik el Arab, l\u2019ancien r\u00e9sistant, apr\u00e8s une longue traque qui tient en haleine tout le Maroc est abattu par les policiers d\u2019Oufkir \u00e0 Casablanca. Selon la l\u00e9gende, il se serait suicid\u00e9 devant Oufkir lui-m\u00eame plut\u00f4t que de se livrer.<\/p><h4><strong>19 ao\u00fbt 1964<\/strong><\/h4><p>Remaniement minist\u00e9riel : Oufkir est nomm\u00e9 \u00e0 l\u2019Int\u00e9rieur et Meziane \u00e0 la D\u00e9fense, Mohammed Cherkaoui beau-fr\u00e8re du roi, aux affaires \u00e9conomiques. La suppression du Minist\u00e8re de la Mauritanie et du Sahara Occidental est mal per\u00e7ue par l\u2019Istiqlal.<\/p><h4><strong>20 ao\u00fbt 1964<\/strong><\/h4><p>Les condamn\u00e9s \u00e0 mort du complot du 16 juillet 1963 sont gr\u00e2ci\u00e9s par Hassan II et leur peine est commu\u00e9e en prison \u00e0 perp\u00e9tuit\u00e9.<\/p><p><strong>22 mars 1965<\/strong><\/p><p>Une circulaire fixant la limite d\u2019\u00e2ge \u00e0 17 ans pour acc\u00e9der au secondaire provoque la col\u00e8re des lyc\u00e9ens : la plupart, en effet, se voyaient ainsi bloquer l\u2019acc\u00e8s aux \u00e9tudes et \u00e0 tout espoir de vie meilleure.<\/p><h4><strong>23 mars 1965<\/strong><\/h4><p>Les syndicats et l\u2019UNEM s\u2019\u00e9tant joints au mouvement, les lyc\u00e9ens casablancais bient\u00f4t suivis de ceux de F\u00e8s et de Rabat se mettent en gr\u00e8ve : les jeunes non scolaris\u00e9s rejoignent les gr\u00e9vistes, la r\u00e9pression polici\u00e8re est violente et on assiste alors \u00e0 des sc\u00e8nes d\u2019\u00e9meute \u00e0 Casablanca.<\/p><p>Le gouvernement pris de court fait appel \u00e0 l\u2019arm\u00e9e pour r\u00e9primer violemment les manifestations. Oufkir en personne dirige la r\u00e9pression, qui fait probablement plusieurs centaines de morts.<\/p><h4><strong>Avril 1965<\/strong><\/h4><p>Le Roi propose \u00e0 l\u2019ensemble des partis politiques la constitution d\u2019un gouvernement d\u2019union nationale refus\u00e9e par les partis de l\u2019opposition. En signe de bonne volont\u00e9, il accorde une amnistie g\u00e9n\u00e9rale \u00e0 tous les prisonniers politiques : le fquih Basri, Diouri et Benjelloun en b\u00e9n\u00e9ficient.<\/p><h4><strong>25 avril 1965<\/strong><\/h4><p>Ben Barka rencontre \u00e0 Francfort, chez son fr\u00e8re, le Prince Moulay Ali cousin et \u00e9missaire du Roi. La rencontre n\u2019aboutit \u00e0 aucune conciliation possible entre Ben Barka et le pouvoir royal.<\/p><h4><strong>7 juin 1965<\/strong><\/h4><p>Dans l\u2019impossibilit\u00e9 de constituer un gouvernement d\u2019union nationale et de disposer d\u2019une majorit\u00e9 au Parlement, Hassan II utilise l\u2019article 35 de la constitution qui lui donne les pleins pouvoirs l\u00e9gislatif et ex\u00e9cutif.<\/p><p>Hassan II refuse de proc\u00e9der \u00e0 de nouvelles \u00e9lections avant d\u2019avoir r\u00e9viser la constitution. Il forme un nouveau gouvernement dont il prend la t\u00eate.<\/p><p>L\u2019Istiqlal d\u00e9nonce l\u2019\u00e9tat d\u2019exception et demande le retour de la l\u00e9galit\u00e9. L\u2019UNFP demande que la nouvelle constitution soit plus d\u00e9mocratique.<\/p><h4><strong>29 octobre 1965<\/strong><\/h4><p>Mehdi Ben Barka qui faisait fr\u00e9quemment des voyages entre la Suisse, la France et l\u2019Egypte o\u00f9 il s\u2019\u00e9tait exil\u00e9, est enlev\u00e9 par deux policiers fran\u00e7ais, aid\u00e9 de truands, devant la brasserie Lipp \u00e0 Paris, o\u00f9 il devait rencontrer un cin\u00e9aste en vue de la pr\u00e9paration d\u2019un film \u00e0 projeter lors de l\u2019ouverture de la Conf\u00e9rence Tricontinentale qu\u2019il \u00e9tait charg\u00e9 d\u2019organiser.<\/p><p>La disparition de Ben Barka plonge le monde politique Marocain et International dans la consternation.<\/p>\t\t\t\t\t\t\t\t<\/div>\n\t\t\t\t<\/div>\n\t\t\t\t\t<\/div>\n\t\t<\/div>\n\t\t\t\t\t<\/div>\n\t\t<\/section>\n\t\t<div class=\"elementor-element elementor-element-78de4dc e-flex e-con-boxed e-con e-parent\" data-id=\"78de4dc\" data-element_type=\"container\" data-e-type=\"container\">\n\t\t\t\t\t<div class=\"e-con-inner\">\n\t\t\t\t<div class=\"elementor-element elementor-element-051a36a elementor-widget-divider--view-line elementor-widget elementor-widget-divider\" data-id=\"051a36a\" data-element_type=\"widget\" data-e-type=\"widget\" data-widget_type=\"divider.default\">\n\t\t\t\t<div class=\"elementor-widget-container\">\n\t\t\t\t\t\t\t<div class=\"elementor-divider\">\n\t\t\t<span class=\"elementor-divider-separator\">\n\t\t\t\t\t\t<\/span>\n\t\t<\/div>\n\t\t\t\t\t\t<\/div>\n\t\t\t\t<\/div>\n\t\t\t\t\t<\/div>\n\t\t\t\t<\/div>\n\t\t\t\t<section class=\"elementor-section elementor-top-section elementor-element elementor-element-531c6b5 elementor-section-content-top elementor-section-boxed elementor-section-height-default elementor-section-height-default elementor-invisible\" data-id=\"531c6b5\" data-element_type=\"section\" data-e-type=\"section\" data-settings=\"{&quot;background_background&quot;:&quot;classic&quot;,&quot;animation&quot;:&quot;zoomInDown&quot;}\">\n\t\t\t\t\t\t\t<div class=\"elementor-background-overlay\"><\/div>\n\t\t\t\t\t\t\t<div class=\"elementor-container elementor-column-gap-wide\">\n\t\t\t\t\t<div class=\"elementor-column elementor-col-25 elementor-top-column elementor-element elementor-element-2d60345\" data-id=\"2d60345\" data-element_type=\"column\" data-e-type=\"column\">\n\t\t\t<div class=\"elementor-widget-wrap elementor-element-populated\">\n\t\t\t\t\t\t<div class=\"elementor-element elementor-element-ee05432 elementor-widget elementor-widget-image\" data-id=\"ee05432\" data-element_type=\"widget\" data-e-type=\"widget\" data-widget_type=\"image.default\">\n\t\t\t\t<div class=\"elementor-widget-container\">\n\t\t\t\t\t\t\t\t\t\t\t\t\t\t\t<img loading=\"lazy\" decoding=\"async\" width=\"100\" height=\"112\" src=\"https:\/\/rabat-maroc.net\/rabat-maroc-V2\/wp-content\/uploads\/2024\/10\/hadj_ahmed_bahnini.jpg\" class=\"attachment-full size-full wp-image-3912\" alt=\"hadj ahmed bahnini\" \/>\t\t\t\t\t\t\t\t\t\t\t\t\t\t\t<\/div>\n\t\t\t\t<\/div>\n\t\t\t\t<div class=\"elementor-element elementor-element-e74c2d3 elementor-widget elementor-widget-text-editor\" data-id=\"e74c2d3\" data-element_type=\"widget\" data-e-type=\"widget\" data-widget_type=\"text-editor.default\">\n\t\t\t\t<div class=\"elementor-widget-container\">\n\t\t\t\t\t\t\t\t\t<p>Ahmed Bahnini ministre de la justice puis 1er ministre du 13 novembre 1963 au 8 novembre 1965, est mort \u00e0 Skhirat lors du coup d\u2019\u00c9tat du 10 juillet 1971. Ahmed Bahnini a eu un parcours atypique parmi les hommes politiques du r\u00e8gne de Hassan II : apr\u00e8s avoir \u00e9t\u00e9 de ceux qui ont reconnu le sultan Mohamed Ben Arafa en 1953, il obtint malgr\u00e9 tout les faveurs de Hassan II.<\/p>\t\t\t\t\t\t\t\t<\/div>\n\t\t\t\t<\/div>\n\t\t\t\t\t<\/div>\n\t\t<\/div>\n\t\t\t\t<div class=\"elementor-column elementor-col-25 elementor-top-column elementor-element elementor-element-3eb1e4d\" data-id=\"3eb1e4d\" data-element_type=\"column\" data-e-type=\"column\">\n\t\t\t<div class=\"elementor-widget-wrap elementor-element-populated\">\n\t\t\t\t\t\t<div class=\"elementor-element elementor-element-1b76253 elementor-widget elementor-widget-image\" data-id=\"1b76253\" data-element_type=\"widget\" data-e-type=\"widget\" data-widget_type=\"image.default\">\n\t\t\t\t<div class=\"elementor-widget-container\">\n\t\t\t\t\t\t\t\t\t\t\t\t\t\t\t<img loading=\"lazy\" decoding=\"async\" width=\"266\" height=\"355\" src=\"https:\/\/rabat-maroc.net\/rabat-maroc-V2\/wp-content\/uploads\/2024\/10\/abderrahman_youssoufi.jpg\" class=\"attachment-full size-full wp-image-3909\" alt=\"abderrahman youssoufi\" srcset=\"https:\/\/rabat-maroc.net\/rabat-maroc-V2\/wp-content\/uploads\/2024\/10\/abderrahman_youssoufi.jpg 266w, https:\/\/rabat-maroc.net\/rabat-maroc-V2\/wp-content\/uploads\/2024\/10\/abderrahman_youssoufi-225x300.jpg 225w\" sizes=\"(max-width: 266px) 100vw, 266px\" \/>\t\t\t\t\t\t\t\t\t\t\t\t\t\t\t<\/div>\n\t\t\t\t<\/div>\n\t\t\t\t<div class=\"elementor-element elementor-element-6df9342 elementor-widget elementor-widget-text-editor\" data-id=\"6df9342\" data-element_type=\"widget\" data-e-type=\"widget\" data-widget_type=\"text-editor.default\">\n\t\t\t\t<div class=\"elementor-widget-container\">\n\t\t\t\t\t\t\t\t\t<p>Abderrahman Youssoufi figure embl\u00e9matique de la gauche marocaine, n\u00e9 en 1924, un des fondateurs de l\u2019UNFP devenu UFSP, passe 15 ans en exil \u00e0 la disparition de Ben Barka, gr\u00e2ci\u00e9 il rentre au Maroc en 1980, succ\u00e8de \u00e0 Bouabid en 1992, s\u2019exile \u00e0 nouveau volontairement en 1993 pendant 2 ans, il est nomm\u00e9 1er ministre apr\u00e8s le succ\u00e8s de la gauche en 1997 jusqu\u2019en 2002, il quitte la politique en 2003.<\/p>\t\t\t\t\t\t\t\t<\/div>\n\t\t\t\t<\/div>\n\t\t\t\t\t<\/div>\n\t\t<\/div>\n\t\t\t\t<div class=\"elementor-column elementor-col-25 elementor-top-column elementor-element elementor-element-6cc6a29\" data-id=\"6cc6a29\" data-element_type=\"column\" data-e-type=\"column\">\n\t\t\t<div class=\"elementor-widget-wrap elementor-element-populated\">\n\t\t\t\t\t\t<div class=\"elementor-element elementor-element-9a9d059 elementor-widget elementor-widget-image\" data-id=\"9a9d059\" data-element_type=\"widget\" data-e-type=\"widget\" data-widget_type=\"image.default\">\n\t\t\t\t<div class=\"elementor-widget-container\">\n\t\t\t\t\t\t\t\t\t\t\t\t\t\t\t<img loading=\"lazy\" decoding=\"async\" width=\"279\" height=\"372\" src=\"https:\/\/rabat-maroc.net\/rabat-maroc-V2\/wp-content\/uploads\/2024\/10\/omar_benjelloun.jpg\" class=\"attachment-full size-full wp-image-3915\" alt=\"omar benjelloun\" srcset=\"https:\/\/rabat-maroc.net\/rabat-maroc-V2\/wp-content\/uploads\/2024\/10\/omar_benjelloun.jpg 279w, https:\/\/rabat-maroc.net\/rabat-maroc-V2\/wp-content\/uploads\/2024\/10\/omar_benjelloun-225x300.jpg 225w\" sizes=\"(max-width: 279px) 100vw, 279px\" \/>\t\t\t\t\t\t\t\t\t\t\t\t\t\t\t<\/div>\n\t\t\t\t<\/div>\n\t\t\t\t<div class=\"elementor-element elementor-element-ec85ece elementor-widget elementor-widget-text-editor\" data-id=\"ec85ece\" data-element_type=\"widget\" data-e-type=\"widget\" data-widget_type=\"text-editor.default\">\n\t\t\t\t<div class=\"elementor-widget-container\">\n\t\t\t\t\t\t\t\t\t<p>Omar Benjelloun avocat, syndicaliste et journaliste, id\u00e9ologue du parti UNFP, condamn\u00e9 \u00e0 mort avec Ben Barka en 1963, il est plusieurs fois arr\u00eat\u00e9 et tortur\u00e9, victime d\u2019attentat en 1973 en m\u00eame temps que Mohamed El Yazghi, il est assassin\u00e9 en 1975 par des membres de l\u2019organisation islamiste Chabiba Islamiya.<\/p>\t\t\t\t\t\t\t\t<\/div>\n\t\t\t\t<\/div>\n\t\t\t\t\t<\/div>\n\t\t<\/div>\n\t\t\t\t<div class=\"elementor-column elementor-col-25 elementor-top-column elementor-element elementor-element-0e95a5f\" data-id=\"0e95a5f\" data-element_type=\"column\" data-e-type=\"column\">\n\t\t\t<div class=\"elementor-widget-wrap elementor-element-populated\">\n\t\t\t\t\t\t<div class=\"elementor-element elementor-element-fd8d6ad elementor-widget elementor-widget-image\" data-id=\"fd8d6ad\" data-element_type=\"widget\" data-e-type=\"widget\" data-widget_type=\"image.default\">\n\t\t\t\t<div class=\"elementor-widget-container\">\n\t\t\t\t\t\t\t\t\t\t\t\t\t\t\t<img loading=\"lazy\" decoding=\"async\" width=\"620\" height=\"470\" src=\"https:\/\/rabat-maroc.net\/rabat-maroc-V2\/wp-content\/uploads\/2024\/10\/mohamed_hassan_ouazzani-1.jpg\" class=\"attachment-full size-full wp-image-3914\" alt=\"\" srcset=\"https:\/\/rabat-maroc.net\/rabat-maroc-V2\/wp-content\/uploads\/2024\/10\/mohamed_hassan_ouazzani-1.jpg 620w, https:\/\/rabat-maroc.net\/rabat-maroc-V2\/wp-content\/uploads\/2024\/10\/mohamed_hassan_ouazzani-1-300x227.jpg 300w\" sizes=\"(max-width: 620px) 100vw, 620px\" \/>\t\t\t\t\t\t\t\t\t\t\t\t\t\t\t<\/div>\n\t\t\t\t<\/div>\n\t\t\t\t<div class=\"elementor-element elementor-element-8222b8a elementor-widget elementor-widget-text-editor\" data-id=\"8222b8a\" data-element_type=\"widget\" data-e-type=\"widget\" data-widget_type=\"text-editor.default\">\n\t\t\t\t<div class=\"elementor-widget-container\">\n\t\t\t\t\t\t\t\t\t<p>Mohamed Hassan Ouazzani un des premiers militants de la lutte pour l\u2019ind\u00e9pendance, fondateur de l\u2019Action Marocaine, 1er parti politique marocain. Une figure de la politique appr\u00e9ci\u00e9e par ses amis comme ses adversaires politiques, int\u00e8gre et droit. Bless\u00e9 \u00e0 Skhirat lors du coup d\u2019\u00e9tat contre Hassan II, il meurt en 1978 des suites de ses blessures.<\/p>\t\t\t\t\t\t\t\t<\/div>\n\t\t\t\t<\/div>\n\t\t\t\t\t<\/div>\n\t\t<\/div>\n\t\t\t\t\t<\/div>\n\t\t<\/section>\n\t\t<div class=\"elementor-element elementor-element-29da1af e-flex e-con-boxed e-con e-parent\" data-id=\"29da1af\" data-element_type=\"container\" data-e-type=\"container\">\n\t\t\t\t\t<div class=\"e-con-inner\">\n\t\t\t\t<div class=\"elementor-element elementor-element-a40458b elementor-widget-divider--view-line elementor-widget elementor-widget-divider\" data-id=\"a40458b\" data-element_type=\"widget\" data-e-type=\"widget\" data-widget_type=\"divider.default\">\n\t\t\t\t<div class=\"elementor-widget-container\">\n\t\t\t\t\t\t\t<div class=\"elementor-divider\">\n\t\t\t<span class=\"elementor-divider-separator\">\n\t\t\t\t\t\t<\/span>\n\t\t<\/div>\n\t\t\t\t\t\t<\/div>\n\t\t\t\t<\/div>\n\t\t\t\t\t<\/div>\n\t\t\t\t<\/div>\n\t\t\t\t<section class=\"elementor-section elementor-top-section elementor-element elementor-element-22af491 elementor-section-content-middle elementor-section-boxed elementor-section-height-default elementor-section-height-default elementor-invisible\" data-id=\"22af491\" data-element_type=\"section\" data-e-type=\"section\" data-settings=\"{&quot;background_background&quot;:&quot;classic&quot;,&quot;animation&quot;:&quot;zoomInUp&quot;}\">\n\t\t\t\t\t\t\t<div class=\"elementor-background-overlay\"><\/div>\n\t\t\t\t\t\t\t<div class=\"elementor-container elementor-column-gap-no\">\n\t\t\t\t\t<div class=\"elementor-column elementor-col-100 elementor-top-column elementor-element elementor-element-3489297\" data-id=\"3489297\" data-element_type=\"column\" data-e-type=\"column\">\n\t\t\t<div class=\"elementor-widget-wrap elementor-element-populated\">\n\t\t\t\t\t\t<div class=\"elementor-element elementor-element-7483cce elementor-widget elementor-widget-heading\" data-id=\"7483cce\" data-element_type=\"widget\" data-e-type=\"widget\" data-widget_type=\"heading.default\">\n\t\t\t\t<div class=\"elementor-widget-container\">\n\t\t\t\t\t<h2 class=\"elementor-heading-title elementor-size-default\">Les dates-cl\u00e9s de l\u2019histoire contemporaine du Maroc : de 1965 \u00e0 1971, de l\u2019\u00e9tat d\u2019exception aux coups d\u2019\u00e9tat.<\/h2>\t\t\t\t<\/div>\n\t\t\t\t<\/div>\n\t\t\t\t\t<\/div>\n\t\t<\/div>\n\t\t\t\t\t<\/div>\n\t\t<\/section>\n\t\t<div class=\"elementor-element elementor-element-18b3f39 e-flex e-con-boxed e-con e-parent\" data-id=\"18b3f39\" data-element_type=\"container\" data-e-type=\"container\">\n\t\t\t\t\t<div class=\"e-con-inner\">\n\t\t\t\t<div class=\"elementor-element elementor-element-ddd2b11 elementor-widget-divider--view-line elementor-widget elementor-widget-divider\" data-id=\"ddd2b11\" data-element_type=\"widget\" data-e-type=\"widget\" data-widget_type=\"divider.default\">\n\t\t\t\t<div class=\"elementor-widget-container\">\n\t\t\t\t\t\t\t<div class=\"elementor-divider\">\n\t\t\t<span class=\"elementor-divider-separator\">\n\t\t\t\t\t\t<\/span>\n\t\t<\/div>\n\t\t\t\t\t\t<\/div>\n\t\t\t\t<\/div>\n\t\t\t\t\t<\/div>\n\t\t\t\t<\/div>\n\t\t\t\t<\/div>\n\t\t","protected":false},"excerpt":{"rendered":"<p>Rabat de Lyautey \u00e0 Mohammed VI portail de Rabat, tourisme, histoire et culture. Plus d&rsquo;information Dates-cl\u00e9s de l\u2019histoire contemporaine du Maroc de 1961 \u00e0 1965, de l\u2019av\u00e8nement de Hassan II \u00e0 la disparition de Ben Barka. 16 mai 1962 Ben Barka rentre de Paris : il est accueilli triomphalement \u00e0 Rabat par la foule. 7 [&hellip;]<\/p>\n","protected":false},"author":1,"featured_media":0,"parent":0,"menu_order":0,"comment_status":"closed","ping_status":"closed","template":"","meta":{"_uag_custom_page_level_css":"","_monsterinsights_skip_tracking":false,"_monsterinsights_sitenote_active":false,"_monsterinsights_sitenote_note":"","_monsterinsights_sitenote_category":0,"_uf_show_specific_survey":0,"_uf_disable_surveys":false,"site-sidebar-layout":"no-sidebar","site-content-layout":"plain-container","ast-site-content-layout":"full-width-container","site-content-style":"unboxed","site-sidebar-style":"unboxed","ast-global-header-display":"","ast-banner-title-visibility":"","ast-main-header-display":"","ast-hfb-above-header-display":"","ast-hfb-below-header-display":"","ast-hfb-mobile-header-display":"","site-post-title":"disabled","ast-breadcrumbs-content":"","ast-featured-img":"","footer-sml-layout":"","theme-transparent-header-meta":"enabled","adv-header-id-meta":"","stick-header-meta":"","header-above-stick-meta":"","header-main-stick-meta":"","header-below-stick-meta":"","astra-migrate-meta-layouts":"set","ast-page-background-enabled":"default","ast-page-background-meta":{"desktop":{"background-color":"","background-image":"","background-repeat":"repeat","background-position":"center center","background-size":"auto","background-attachment":"scroll","background-type":"","background-media":"","overlay-type":"","overlay-color":"","overlay-opacity":"","overlay-gradient":""},"tablet":{"background-color":"","background-image":"","background-repeat":"repeat","background-position":"center center","background-size":"auto","background-attachment":"scroll","background-type":"","background-media":"","overlay-type":"","overlay-color":"","overlay-opacity":"","overlay-gradient":""},"mobile":{"background-color":"","background-image":"","background-repeat":"repeat","background-position":"center center","background-size":"auto","background-attachment":"scroll","background-type":"","background-media":"","overlay-type":"","overlay-color":"","overlay-opacity":"","overlay-gradient":""}},"ast-content-background-meta":{"desktop":{"background-color":"var(--ast-global-color-5)","background-image":"","background-repeat":"repeat","background-position":"center center","background-size":"auto","background-attachment":"scroll","background-type":"","background-media":"","overlay-type":"","overlay-color":"","overlay-opacity":"","overlay-gradient":""},"tablet":{"background-color":"var(--ast-global-color-5)","background-image":"","background-repeat":"repeat","background-position":"center center","background-size":"auto","background-attachment":"scroll","background-type":"","background-media":"","overlay-type":"","overlay-color":"","overlay-opacity":"","overlay-gradient":""},"mobile":{"background-color":"var(--ast-global-color-5)","background-image":"","background-repeat":"repeat","background-position":"center center","background-size":"auto","background-attachment":"scroll","background-type":"","background-media":"","overlay-type":"","overlay-color":"","overlay-opacity":"","overlay-gradient":""}},"footnotes":""},"class_list":["post-3903","page","type-page","status-publish","hentry"],"aioseo_notices":[],"uagb_featured_image_src":{"full":false,"thumbnail":false,"medium":false,"medium_large":false,"large":false,"1536x1536":false,"2048x2048":false},"uagb_author_info":{"display_name":"wmetequkjwqb","author_link":"https:\/\/rabat-maroc.net\/rabat-maroc-V2\/author\/wmetequkjwqb\/"},"uagb_comment_info":0,"uagb_excerpt":"Rabat de Lyautey \u00e0 Mohammed VI portail de Rabat, tourisme, histoire et culture. Plus d&rsquo;information Dates-cl\u00e9s de l\u2019histoire contemporaine du Maroc de 1961 \u00e0 1965, de l\u2019av\u00e8nement de Hassan II \u00e0 la disparition de Ben Barka. 16 mai 1962 Ben Barka rentre de Paris : il est accueilli triomphalement \u00e0 Rabat par la foule. 7\u2026","jetpack_sharing_enabled":true,"_links":{"self":[{"href":"https:\/\/rabat-maroc.net\/rabat-maroc-V2\/wp-json\/wp\/v2\/pages\/3903","targetHints":{"allow":["GET"]}}],"collection":[{"href":"https:\/\/rabat-maroc.net\/rabat-maroc-V2\/wp-json\/wp\/v2\/pages"}],"about":[{"href":"https:\/\/rabat-maroc.net\/rabat-maroc-V2\/wp-json\/wp\/v2\/types\/page"}],"author":[{"embeddable":true,"href":"https:\/\/rabat-maroc.net\/rabat-maroc-V2\/wp-json\/wp\/v2\/users\/1"}],"replies":[{"embeddable":true,"href":"https:\/\/rabat-maroc.net\/rabat-maroc-V2\/wp-json\/wp\/v2\/comments?post=3903"}],"version-history":[{"count":25,"href":"https:\/\/rabat-maroc.net\/rabat-maroc-V2\/wp-json\/wp\/v2\/pages\/3903\/revisions"}],"predecessor-version":[{"id":3938,"href":"https:\/\/rabat-maroc.net\/rabat-maroc-V2\/wp-json\/wp\/v2\/pages\/3903\/revisions\/3938"}],"wp:attachment":[{"href":"https:\/\/rabat-maroc.net\/rabat-maroc-V2\/wp-json\/wp\/v2\/media?parent=3903"}],"curies":[{"name":"wp","href":"https:\/\/api.w.org\/{rel}","templated":true}]}}