{"id":3940,"date":"2024-10-23T15:24:42","date_gmt":"2024-10-23T15:24:42","guid":{"rendered":"https:\/\/rabat-maroc.net\/rabat-maroc-V2\/?page_id=3940"},"modified":"2024-10-23T15:41:55","modified_gmt":"2024-10-23T15:41:55","slug":"dates-cles-1965-1975","status":"publish","type":"page","link":"https:\/\/rabat-maroc.net\/rabat-maroc-V2\/dates-cles-1965-1975\/","title":{"rendered":"dates-cles-1965-1975"},"content":{"rendered":"\t\t<div data-elementor-type=\"wp-page\" data-elementor-id=\"3940\" class=\"elementor elementor-3940\">\n\t\t\t\t\t\t<section class=\"elementor-section elementor-top-section elementor-element elementor-element-wt2f15w elementor-section-boxed elementor-section-height-default elementor-section-height-default\" data-id=\"wt2f15w\" data-element_type=\"section\" data-e-type=\"section\" data-settings=\"{&quot;background_background&quot;:&quot;classic&quot;}\">\n\t\t\t\t\t\t\t<div class=\"elementor-background-overlay\"><\/div>\n\t\t\t\t\t\t\t<div class=\"elementor-container elementor-column-gap-default\">\n\t\t\t\t\t<div class=\"elementor-column elementor-col-100 elementor-top-column elementor-element elementor-element-78af2ff\" data-id=\"78af2ff\" data-element_type=\"column\" data-e-type=\"column\">\n\t\t\t<div class=\"elementor-widget-wrap elementor-element-populated\">\n\t\t\t\t\t\t<div class=\"elementor-element elementor-element-58ba8f4 elementor-widget elementor-widget-heading\" data-id=\"58ba8f4\" data-element_type=\"widget\" data-e-type=\"widget\" data-widget_type=\"heading.default\">\n\t\t\t\t<div class=\"elementor-widget-container\">\n\t\t\t\t\t<h1 class=\"elementor-heading-title elementor-size-default\">Rabat de Lyautey \u00e0 Mohammed VI<\/h1>\t\t\t\t<\/div>\n\t\t\t\t<\/div>\n\t\t\t\t<div class=\"elementor-element elementor-element-97cc7d6 elementor-widget elementor-widget-text-editor\" data-id=\"97cc7d6\" data-element_type=\"widget\" data-e-type=\"widget\" data-widget_type=\"text-editor.default\">\n\t\t\t\t<div class=\"elementor-widget-container\">\n\t\t\t\t\t\t\t\t\t<p>portail de Rabat, tourisme, histoire et culture.<\/p>\t\t\t\t\t\t\t\t<\/div>\n\t\t\t\t<\/div>\n\t\t\t\t<div class=\"elementor-element elementor-element-c4c3581 elementor-align-center elementor-widget elementor-widget-button\" data-id=\"c4c3581\" data-element_type=\"widget\" data-e-type=\"widget\" data-widget_type=\"button.default\">\n\t\t\t\t<div class=\"elementor-widget-container\">\n\t\t\t\t\t\t\t\t\t<div class=\"elementor-button-wrapper\">\n\t\t\t\t\t<a class=\"elementor-button elementor-button-link elementor-size-sm\" href=\"#\">\n\t\t\t\t\t\t<span class=\"elementor-button-content-wrapper\">\n\t\t\t\t\t\t\t\t\t<span class=\"elementor-button-text\">Plus d'information<\/span>\n\t\t\t\t\t<\/span>\n\t\t\t\t\t<\/a>\n\t\t\t\t<\/div>\n\t\t\t\t\t\t\t\t<\/div>\n\t\t\t\t<\/div>\n\t\t\t\t\t<\/div>\n\t\t<\/div>\n\t\t\t\t\t<\/div>\n\t\t<\/section>\n\t\t<div class=\"elementor-element elementor-element-b208350 e-flex e-con-boxed e-con e-parent\" data-id=\"b208350\" data-element_type=\"container\" data-e-type=\"container\">\n\t\t\t\t\t<div class=\"e-con-inner\">\n\t\t\t\t<div class=\"elementor-element elementor-element-bed5d70 elementor-widget-divider--view-line elementor-widget elementor-widget-divider\" data-id=\"bed5d70\" data-element_type=\"widget\" data-e-type=\"widget\" data-widget_type=\"divider.default\">\n\t\t\t\t<div class=\"elementor-widget-container\">\n\t\t\t\t\t\t\t<div class=\"elementor-divider\">\n\t\t\t<span class=\"elementor-divider-separator\">\n\t\t\t\t\t\t<\/span>\n\t\t<\/div>\n\t\t\t\t\t\t<\/div>\n\t\t\t\t<\/div>\n\t\t\t\t\t<\/div>\n\t\t\t\t<\/div>\n\t\t\t\t<section class=\"elementor-section elementor-top-section elementor-element elementor-element-13un3ve elementor-section-content-middle elementor-section-boxed elementor-section-height-default elementor-section-height-default elementor-invisible\" data-id=\"13un3ve\" data-element_type=\"section\" data-e-type=\"section\" data-settings=\"{&quot;background_background&quot;:&quot;classic&quot;,&quot;animation&quot;:&quot;zoomInUp&quot;}\">\n\t\t\t\t\t\t\t<div class=\"elementor-background-overlay\"><\/div>\n\t\t\t\t\t\t\t<div class=\"elementor-container elementor-column-gap-no\">\n\t\t\t\t\t<div class=\"elementor-column elementor-col-100 elementor-top-column elementor-element elementor-element-f69add9\" data-id=\"f69add9\" data-element_type=\"column\" data-e-type=\"column\">\n\t\t\t<div class=\"elementor-widget-wrap elementor-element-populated\">\n\t\t\t\t\t\t<div class=\"elementor-element elementor-element-8b7d1ee elementor-widget elementor-widget-image\" data-id=\"8b7d1ee\" data-element_type=\"widget\" data-e-type=\"widget\" data-widget_type=\"image.default\">\n\t\t\t\t<div class=\"elementor-widget-container\">\n\t\t\t\t\t\t\t\t\t\t\t\t\t\t\t<img fetchpriority=\"high\" decoding=\"async\" width=\"1184\" height=\"230\" src=\"https:\/\/rabat-maroc.net\/rabat-maroc-V2\/wp-content\/uploads\/2024\/10\/titre-dates-cles-2-large.gif\" class=\"attachment-full size-full wp-image-3493\" alt=\"titre dates\" \/>\t\t\t\t\t\t\t\t\t\t\t\t\t\t\t<\/div>\n\t\t\t\t<\/div>\n\t\t\t\t<div class=\"elementor-element elementor-element-0c78bee elementor-widget elementor-widget-heading\" data-id=\"0c78bee\" data-element_type=\"widget\" data-e-type=\"widget\" data-widget_type=\"heading.default\">\n\t\t\t\t<div class=\"elementor-widget-container\">\n\t\t\t\t\t<h2 class=\"elementor-heading-title elementor-size-default\">Les dates-cl\u00e9s de l\u2019histoire contemporaine du Maroc : de 1965 \u00e0 1971, de l\u2019\u00e9tat d\u2019exception aux coups d\u2019\u00e9tat.<\/h2>\t\t\t\t<\/div>\n\t\t\t\t<\/div>\n\t\t\t\t\t<\/div>\n\t\t<\/div>\n\t\t\t\t\t<\/div>\n\t\t<\/section>\n\t\t<div class=\"elementor-element elementor-element-7cc1ed0 e-flex e-con-boxed e-con e-parent\" data-id=\"7cc1ed0\" data-element_type=\"container\" data-e-type=\"container\">\n\t\t\t\t\t<div class=\"e-con-inner\">\n\t\t\t\t<div class=\"elementor-element elementor-element-3381d2e elementor-widget-divider--view-line elementor-widget elementor-widget-divider\" data-id=\"3381d2e\" data-element_type=\"widget\" data-e-type=\"widget\" data-widget_type=\"divider.default\">\n\t\t\t\t<div class=\"elementor-widget-container\">\n\t\t\t\t\t\t\t<div class=\"elementor-divider\">\n\t\t\t<span class=\"elementor-divider-separator\">\n\t\t\t\t\t\t<\/span>\n\t\t<\/div>\n\t\t\t\t\t\t<\/div>\n\t\t\t\t<\/div>\n\t\t\t\t\t<\/div>\n\t\t\t\t<\/div>\n\t\t\t\t<section class=\"elementor-section elementor-top-section elementor-element elementor-element-baa7880 elementor-section-content-top elementor-section-boxed elementor-section-height-default elementor-section-height-default elementor-invisible\" data-id=\"baa7880\" data-element_type=\"section\" data-e-type=\"section\" data-settings=\"{&quot;background_background&quot;:&quot;classic&quot;,&quot;animation&quot;:&quot;zoomInDown&quot;}\">\n\t\t\t\t\t\t\t<div class=\"elementor-background-overlay\"><\/div>\n\t\t\t\t\t\t\t<div class=\"elementor-container elementor-column-gap-no\">\n\t\t\t\t\t<div class=\"elementor-column elementor-col-100 elementor-top-column elementor-element elementor-element-8e69b06\" data-id=\"8e69b06\" data-element_type=\"column\" data-e-type=\"column\">\n\t\t\t<div class=\"elementor-widget-wrap elementor-element-populated\">\n\t\t\t\t\t\t<div class=\"elementor-element elementor-element-6e5180b elementor-widget elementor-widget-text-editor\" data-id=\"6e5180b\" data-element_type=\"widget\" data-e-type=\"widget\" data-widget_type=\"text-editor.default\">\n\t\t\t\t<div class=\"elementor-widget-container\">\n\t\t\t\t\t\t\t\t\t<h4><strong>12 novembre 1965<\/strong><\/h4><p>Si la disparition de Ben Barka a soulev\u00e9 l\u2019\u00e9moi des dirigeants de la classe politique, notamment dans les rangs de l\u2019UNFP, aucun slogan relatif \u00e0 Ben Barka n\u2019est lanc\u00e9 lors des gr\u00e8ves provoqu\u00e9es fin 1965 par l\u2019UGTM puis relay\u00e9e par l\u2019UMT. L\u2019UNFP ne participe pas officiellement \u00e0 ces manifestations populaires de rues. La censure officielle r\u00e9prime les articles de journaux sur l\u2019affaire Ben Barka. \u00ab\u00a0Lib\u00e9ration\u00a0\u00bb l\u2019organe officiel de l\u2019UNFP suspend de lui-m\u00eame sa publication.<\/p><h4><strong>d\u00e9cembre 1965<\/strong><\/h4><p>Le bilan \u00e9conomique de l\u2019ann\u00e9e 1965 pour le Maroc est d\u00e9cevant. Sur le plan agricole, les r\u00e9coltes sont toutefois suffisantes pour parvenir \u00e0 l\u2019autonomie alimentaire du Maroc. Mais si en raison de la s\u00e9cheresse, les r\u00e9coltes de bl\u00e9 dur, ma\u00efs et l\u00e9gumineux sont exc\u00e9dentaires, on a d\u00fb importer en masse du bl\u00e9 tendre compens\u00e9 en partie par les exportations d\u2019agrumes.<\/p><p>Sur le plan industriel, l\u2019inauguration du complexe chimique de Safi en juin 1965 est la premi\u00e8re grande r\u00e9alisation du Maroc dans le domaine de l\u2019industrie lourde et marque une \u00e9tape importante pour l\u2019\u00e9conomie marocaine. Gr\u00e2ce aux gisements des phosphates de Yousouffia et de phosphates d\u2019ammonium, l\u2019usine pourra produire de l\u2019acide phosphorique, mais aussi des engrais de trois types (TSP, ASP et NPK).<\/p><p>La production des industries alimentaires et de transformation a chut\u00e9. Seuls, la minoterie et l\u2019industrie textile pour la satisfaction des besoins locaux a progress\u00e9. De mani\u00e8re g\u00e9n\u00e9rale, les importations ont augment\u00e9 et les exportations ont diminu\u00e9. Si le pouvoir d\u2019achat est stable, l\u2019\u00e9conomie marocaine montre fin 1965 un ralentissement certain.<\/p><h4><strong>10 janvier 1966<\/strong><\/h4><p>L\u2019Express, hebdomadaire fran\u00e7ais, publie un r\u00e9cit du truand fran\u00e7ais Figon, barbouze des services secrets fran\u00e7ais, intitul\u00e9 : \u00ab\u00a0J\u2019ai vu tuer Ben Barka\u00a0\u00bb. Il met en cause nomm\u00e9ment Oufkir, Ministre de l\u2019int\u00e9rieur et le commandant Dlimi, chef du CAB1, les services secrets. Figon est retrouv\u00e9 suicid\u00e9 dans son appartement parisien le 17 janvier. Le G\u00e9n\u00e9ral De Gaulle, chef de l\u2019Etat fran\u00e7ais, s\u2019emporte contre les services secrets marocains qu\u2019il met en cause dans le rapt de Ben Barka. Il rappelle l\u2019ambassadeur en poste \u00e0 Rabat<\/p>\t\t\t\t\t\t\t\t<\/div>\n\t\t\t\t<\/div>\n\t\t\t\t\t<\/div>\n\t\t<\/div>\n\t\t\t\t\t<\/div>\n\t\t<\/section>\n\t\t<div class=\"elementor-element elementor-element-7719b9c e-flex e-con-boxed e-con e-parent\" data-id=\"7719b9c\" data-element_type=\"container\" data-e-type=\"container\">\n\t\t\t\t\t<div class=\"e-con-inner\">\n\t\t\t\t<div class=\"elementor-element elementor-element-889380b elementor-widget-divider--view-line elementor-widget elementor-widget-divider\" data-id=\"889380b\" data-element_type=\"widget\" data-e-type=\"widget\" data-widget_type=\"divider.default\">\n\t\t\t\t<div class=\"elementor-widget-container\">\n\t\t\t\t\t\t\t<div class=\"elementor-divider\">\n\t\t\t<span class=\"elementor-divider-separator\">\n\t\t\t\t\t\t<\/span>\n\t\t<\/div>\n\t\t\t\t\t\t<\/div>\n\t\t\t\t<\/div>\n\t\t\t\t\t<\/div>\n\t\t\t\t<\/div>\n\t\t\t\t<section class=\"elementor-section elementor-top-section elementor-element elementor-element-714ebe9 elementor-section-content-top elementor-section-boxed elementor-section-height-default elementor-section-height-default elementor-invisible\" data-id=\"714ebe9\" data-element_type=\"section\" data-e-type=\"section\" data-settings=\"{&quot;background_background&quot;:&quot;classic&quot;,&quot;animation&quot;:&quot;zoomInDown&quot;}\">\n\t\t\t\t\t\t\t<div class=\"elementor-background-overlay\"><\/div>\n\t\t\t\t\t\t\t<div class=\"elementor-container elementor-column-gap-no\">\n\t\t\t\t\t<div class=\"elementor-column elementor-col-100 elementor-top-column elementor-element elementor-element-b3c0133\" data-id=\"b3c0133\" data-element_type=\"column\" data-e-type=\"column\">\n\t\t\t<div class=\"elementor-widget-wrap elementor-element-populated\">\n\t\t\t\t\t\t<div class=\"elementor-element elementor-element-45f6a10 elementor-widget elementor-widget-text-editor\" data-id=\"45f6a10\" data-element_type=\"widget\" data-e-type=\"widget\" data-widget_type=\"text-editor.default\">\n\t\t\t\t<div class=\"elementor-widget-container\">\n\t\t\t\t\t\t\t\t\t<h4><strong>12 novembre 1965<\/strong><\/h4><p>Si la disparition de Ben Barka a soulev\u00e9 l\u2019\u00e9moi des dirigeants de la classe politique, notamment dans les rangs de l\u2019UNFP, aucun slogan relatif \u00e0 Ben Barka n\u2019est lanc\u00e9 lors des gr\u00e8ves provoqu\u00e9es fin 1965 par l\u2019UGTM puis relay\u00e9e par l\u2019UMT. L\u2019UNFP ne participe pas officiellement \u00e0 ces manifestations populaires de rues. La censure officielle r\u00e9prime les articles de journaux sur l\u2019affaire Ben Barka. \u00ab\u00a0Lib\u00e9ration\u00a0\u00bb l\u2019organe officiel de l\u2019UNFP suspend de lui-m\u00eame sa publication.<\/p><h4><strong>d\u00e9cembre 1965<\/strong><\/h4><p>Le bilan \u00e9conomique de l\u2019ann\u00e9e 1965 pour le Maroc est d\u00e9cevant. Sur le plan agricole, les r\u00e9coltes sont toutefois suffisantes pour parvenir \u00e0 l\u2019autonomie alimentaire du Maroc. Mais si en raison de la s\u00e9cheresse, les r\u00e9coltes de bl\u00e9 dur, ma\u00efs et l\u00e9gumineux sont exc\u00e9dentaires, on a d\u00fb importer en masse du bl\u00e9 tendre compens\u00e9 en partie par les exportations d\u2019agrumes.<\/p><p>Sur le plan industriel, l\u2019inauguration du complexe chimique de Safi en juin 1965 est la premi\u00e8re grande r\u00e9alisation du Maroc dans le domaine de l\u2019industrie lourde et marque une \u00e9tape importante pour l\u2019\u00e9conomie marocaine. Gr\u00e2ce aux gisements des phosphates de Yousouffia et de phosphates d\u2019ammonium, l\u2019usine pourra produire de l\u2019acide phosphorique, mais aussi des engrais de trois types (TSP, ASP et NPK).<\/p><p>La production des industries alimentaires et de transformation a chut\u00e9. Seuls, la minoterie et l\u2019industrie textile pour la satisfaction des besoins locaux a progress\u00e9. De mani\u00e8re g\u00e9n\u00e9rale, les importations ont augment\u00e9 et les exportations ont diminu\u00e9. Si le pouvoir d\u2019achat est stable, l\u2019\u00e9conomie marocaine montre fin 1965 un ralentissement certain.<\/p><h4><strong>10 janvier 1966<\/strong><\/h4><p>L\u2019Express, hebdomadaire fran\u00e7ais, publie un r\u00e9cit du truand fran\u00e7ais Figon, barbouze des services secrets fran\u00e7ais, intitul\u00e9 : \u00ab\u00a0J\u2019ai vu tuer Ben Barka\u00a0\u00bb. Il met en cause nomm\u00e9ment Oufkir, Ministre de l\u2019int\u00e9rieur et le commandant Dlimi, chef du CAB1, les services secrets. Figon est retrouv\u00e9 suicid\u00e9 dans son appartement parisien le 17 janvier. Le G\u00e9n\u00e9ral De Gaulle, chef de l\u2019Etat fran\u00e7ais, s\u2019emporte contre les services secrets marocains qu\u2019il met en cause dans le rapt de Ben Barka. Il rappelle l\u2019ambassadeur en poste \u00e0 Rabat<\/p>\t\t\t\t\t\t\t\t<\/div>\n\t\t\t\t<\/div>\n\t\t\t\t\t<\/div>\n\t\t<\/div>\n\t\t\t\t\t<\/div>\n\t\t<\/section>\n\t\t<div class=\"elementor-element elementor-element-9b36ce5 e-flex e-con-boxed e-con e-parent\" data-id=\"9b36ce5\" data-element_type=\"container\" data-e-type=\"container\">\n\t\t\t\t\t<div class=\"e-con-inner\">\n\t\t\t\t<div class=\"elementor-element elementor-element-6159073 elementor-widget-divider--view-line elementor-widget elementor-widget-divider\" data-id=\"6159073\" data-element_type=\"widget\" data-e-type=\"widget\" data-widget_type=\"divider.default\">\n\t\t\t\t<div class=\"elementor-widget-container\">\n\t\t\t\t\t\t\t<div class=\"elementor-divider\">\n\t\t\t<span class=\"elementor-divider-separator\">\n\t\t\t\t\t\t<\/span>\n\t\t<\/div>\n\t\t\t\t\t\t<\/div>\n\t\t\t\t<\/div>\n\t\t\t\t\t<\/div>\n\t\t\t\t<\/div>\n\t\t\t\t<section class=\"elementor-section elementor-top-section elementor-element elementor-element-9d78035 elementor-section-content-top elementor-section-boxed elementor-section-height-default elementor-section-height-default elementor-invisible\" data-id=\"9d78035\" data-element_type=\"section\" data-e-type=\"section\" data-settings=\"{&quot;background_background&quot;:&quot;classic&quot;,&quot;animation&quot;:&quot;zoomInDown&quot;}\">\n\t\t\t\t\t\t\t<div class=\"elementor-background-overlay\"><\/div>\n\t\t\t\t\t\t\t<div class=\"elementor-container elementor-column-gap-wide\">\n\t\t\t\t\t<div class=\"elementor-column elementor-col-25 elementor-top-column elementor-element elementor-element-649e54c\" data-id=\"649e54c\" data-element_type=\"column\" data-e-type=\"column\">\n\t\t\t<div class=\"elementor-widget-wrap elementor-element-populated\">\n\t\t\t\t\t\t<div class=\"elementor-element elementor-element-df08d24 elementor-widget elementor-widget-image\" data-id=\"df08d24\" data-element_type=\"widget\" data-e-type=\"widget\" data-widget_type=\"image.default\">\n\t\t\t\t<div class=\"elementor-widget-container\">\n\t\t\t\t\t\t\t\t\t\t\t\t\t\t\t<img decoding=\"async\" width=\"300\" height=\"191\" src=\"https:\/\/rabat-maroc.net\/rabat-maroc-V2\/wp-content\/uploads\/2024\/10\/usine-safi-1965-large.jpg\" class=\"attachment-full size-full wp-image-3956\" alt=\"usine safi 1965\" \/>\t\t\t\t\t\t\t\t\t\t\t\t\t\t\t<\/div>\n\t\t\t\t<\/div>\n\t\t\t\t\t<\/div>\n\t\t<\/div>\n\t\t\t\t<div class=\"elementor-column elementor-col-25 elementor-top-column elementor-element elementor-element-875ac4b\" data-id=\"875ac4b\" data-element_type=\"column\" data-e-type=\"column\">\n\t\t\t<div class=\"elementor-widget-wrap elementor-element-populated\">\n\t\t\t\t\t\t<div class=\"elementor-element elementor-element-8f90d41 elementor-widget elementor-widget-image\" data-id=\"8f90d41\" data-element_type=\"widget\" data-e-type=\"widget\" data-widget_type=\"image.default\">\n\t\t\t\t<div class=\"elementor-widget-container\">\n\t\t\t\t\t\t\t\t\t\t\t\t\t\t\t<img decoding=\"async\" width=\"204\" height=\"280\" src=\"https:\/\/rabat-maroc.net\/rabat-maroc-V2\/wp-content\/uploads\/2024\/10\/ahmed_dlimi_et_m6_1974-.jpg\" class=\"attachment-full size-full wp-image-3949\" alt=\"\" \/>\t\t\t\t\t\t\t\t\t\t\t\t\t\t\t<\/div>\n\t\t\t\t<\/div>\n\t\t\t\t\t<\/div>\n\t\t<\/div>\n\t\t\t\t<div class=\"elementor-column elementor-col-25 elementor-top-column elementor-element elementor-element-75c9cbd\" data-id=\"75c9cbd\" data-element_type=\"column\" data-e-type=\"column\">\n\t\t\t<div class=\"elementor-widget-wrap elementor-element-populated\">\n\t\t\t\t\t\t<div class=\"elementor-element elementor-element-f4b104e elementor-widget elementor-widget-image\" data-id=\"f4b104e\" data-element_type=\"widget\" data-e-type=\"widget\" data-widget_type=\"image.default\">\n\t\t\t\t<div class=\"elementor-widget-container\">\n\t\t\t\t\t\t\t\t\t\t\t\t\t\t\t<img loading=\"lazy\" decoding=\"async\" width=\"160\" height=\"218\" src=\"https:\/\/rabat-maroc.net\/rabat-maroc-V2\/wp-content\/uploads\/2024\/10\/j-ai-vu-tuer-ben-barka.jpg\" class=\"attachment-full size-full wp-image-3954\" alt=\"j ai vu tuer ben barka\" \/>\t\t\t\t\t\t\t\t\t\t\t\t\t\t\t<\/div>\n\t\t\t\t<\/div>\n\t\t\t\t\t<\/div>\n\t\t<\/div>\n\t\t\t\t<div class=\"elementor-column elementor-col-25 elementor-top-column elementor-element elementor-element-fe9d3ef\" data-id=\"fe9d3ef\" data-element_type=\"column\" data-e-type=\"column\">\n\t\t\t<div class=\"elementor-widget-wrap elementor-element-populated\">\n\t\t\t\t\t\t<div class=\"elementor-element elementor-element-992bcb9 elementor-widget elementor-widget-image\" data-id=\"992bcb9\" data-element_type=\"widget\" data-e-type=\"widget\" data-widget_type=\"image.default\">\n\t\t\t\t<div class=\"elementor-widget-container\">\n\t\t\t\t\t\t\t\t\t\t\t\t\t\t\t<img loading=\"lazy\" decoding=\"async\" width=\"262\" height=\"279\" src=\"https:\/\/rabat-maroc.net\/rabat-maroc-V2\/wp-content\/uploads\/2024\/10\/benhima.jpg\" class=\"attachment-full size-full wp-image-3951\" alt=\"\" \/>\t\t\t\t\t\t\t\t\t\t\t\t\t\t\t<\/div>\n\t\t\t\t<\/div>\n\t\t\t\t\t<\/div>\n\t\t<\/div>\n\t\t\t\t\t<\/div>\n\t\t<\/section>\n\t\t<div class=\"elementor-element elementor-element-58984c6 e-flex e-con-boxed e-con e-parent\" data-id=\"58984c6\" data-element_type=\"container\" data-e-type=\"container\">\n\t\t\t\t\t<div class=\"e-con-inner\">\n\t\t\t\t<div class=\"elementor-element elementor-element-a8eea11 elementor-widget-divider--view-line elementor-widget elementor-widget-divider\" data-id=\"a8eea11\" data-element_type=\"widget\" data-e-type=\"widget\" data-widget_type=\"divider.default\">\n\t\t\t\t<div class=\"elementor-widget-container\">\n\t\t\t\t\t\t\t<div class=\"elementor-divider\">\n\t\t\t<span class=\"elementor-divider-separator\">\n\t\t\t\t\t\t<\/span>\n\t\t<\/div>\n\t\t\t\t\t\t<\/div>\n\t\t\t\t<\/div>\n\t\t\t\t\t<\/div>\n\t\t\t\t<\/div>\n\t\t\t\t<section class=\"elementor-section elementor-top-section elementor-element elementor-element-4a4644a elementor-section-content-top elementor-section-boxed elementor-section-height-default elementor-section-height-default elementor-invisible\" data-id=\"4a4644a\" data-element_type=\"section\" data-e-type=\"section\" data-settings=\"{&quot;background_background&quot;:&quot;classic&quot;,&quot;animation&quot;:&quot;zoomInDown&quot;}\">\n\t\t\t\t\t\t\t<div class=\"elementor-background-overlay\"><\/div>\n\t\t\t\t\t\t\t<div class=\"elementor-container elementor-column-gap-no\">\n\t\t\t\t\t<div class=\"elementor-column elementor-col-100 elementor-top-column elementor-element elementor-element-55e52a0\" data-id=\"55e52a0\" data-element_type=\"column\" data-e-type=\"column\">\n\t\t\t<div class=\"elementor-widget-wrap elementor-element-populated\">\n\t\t\t\t\t\t<div class=\"elementor-element elementor-element-2713667 elementor-widget elementor-widget-text-editor\" data-id=\"2713667\" data-element_type=\"widget\" data-e-type=\"widget\" data-widget_type=\"text-editor.default\">\n\t\t\t\t<div class=\"elementor-widget-container\">\n\t\t\t\t\t\t\t\t\t<h4><strong>20 janvier 1966<\/strong><\/h4><p>Un mandat d\u2019arr\u00eat international est lanc\u00e9 contre Oufkir et Dlimi. Hassan II manifeste publiquement son soutien \u00e0 Oufkir. L\u2019opinion publique marocaine le conforte dans cette posture. L\u2019UNFP est silencieuse.<\/p><h4><strong>3 mars 1966<\/strong><\/h4><p>Un dahir du 10 f\u00e9vrier 1966 surprend le monde politique mais surtout militaire : il fixe la nouvelle composition de la garde royale qui comprend d\u00e9sormais une formation a\u00e9roport\u00e9e et parachutiste. Ce dahir souligne la d\u00e9fiance de Hassan II \u00e0 l\u2019\u00e9gard des F.A.R. On constatera par la suite, lors des tentatives de coup d\u2019\u00e9tat, l\u2019importance de ce dahir.<\/p><h4><strong>6 avril 1966<\/strong><\/h4><p>Lors d\u2019une conf\u00e9rence du presse, le ministre de l\u2019\u00e9ducation nationale, le Dr Benhima, remet en cause le processus d\u2019arabisation et pr\u00f4ne une s\u00e9lection pour l\u2019entr\u00e9e du secondaire. Aussit\u00f4t les organisations syndicales ouvri\u00e8res et \u00e9tudiantes, UMT, UGEM et UNEM se mobilisent en organisant des manifestations de protestation qui recueillent un grand soutien dans la population.<\/p><p>Les \u00e9tudiants, dans la mouvance de l\u2019agitation \u00e9tudiante qui existe dans le monde occidental, notamment en Allemagne et en France en 1968, maintiennnent r\u00e9guli\u00e8rement des mouvements de protestation jusqu\u2019en 1971. Hassan Isma\u00efl le vice-pr\u00e9sident de l\u2019UNEM et l\u2019avocat Omar Benjelloun sont condamn\u00e9s \u00e0 de lourdes peines de prison pour incitation \u00e0 la gr\u00e8ve.<\/p><h4><strong>9 juin 1966<\/strong><\/h4><p>Institution de par la Loi d\u2019un service militaire obligatoire de 18 mois pour tous les marocains \u00e2g\u00e9s de 18 ans : le service militaire se veut un instrument de modernisation et un moyen de promotion sociale.<\/p><h4><strong>4 juillet 1966<\/strong><\/h4><p>Publication des d\u00e9crets d\u2019application de la r\u00e9forme agraire : l\u2019Etat marocain doit remettre \u00e0 des paysans marocains plus de 303.000 hectares r\u00e9cup\u00e9r\u00e9s sur les terres exploit\u00e9es par les colons fran\u00e7ais. Dans les faits, quelques milliers d\u2019hectares sont r\u00e9ellement remis aux paysans en 1966, la plus grande partie se fera en 1972. L\u2019essentiel des terres r\u00e9cup\u00e9r\u00e9es sur les lots de colonisation du temps du protectorat est c\u00e9d\u00e9 aux provinces pour leur exploitation afin que leurs recettes soient affect\u00e9es aux budgets provinciaux.<br \/>A l\u2019ind\u00e9pendance, sur 4,5 millions d\u2019hectares cultivables, 1 million d\u2019hectares \u00e9tait exploit\u00e9 par 5400 colons fran\u00e7ais, 1,8 millions d\u2019hectares par 7500 f\u00e9odaux marocains tandis que les 600.000 paysans se partageaient un peu moins de 2 millions d\u2019hectares.<\/p><h4><strong>5 septembre 1966<\/strong><\/h4><p>Le proc\u00e8s des principaux impliqu\u00e9s dans l\u2019affaire du rapt de Ben Barka s\u2019ouvre \u00e0 Paris. Dlimi, mis en cause, se pr\u00e9sentera lui-m\u00eame au palais de justice le 19 octobre 1966 pour \u00ab\u00a0laver l\u2019honneur de son pays\u00a0\u00bb. Le proc\u00e8s est remis pour suppl\u00e9ment d\u2019instruction, Dlimi est plac\u00e9 en d\u00e9tention provisoire. Il est promu aussit\u00f4t Lieutenant-colonel par le roi.<\/p><h4><strong>16 f\u00e9vrier 1967<\/strong><\/h4><p>L\u2019arrestation d\u2019\u00e9tudiants dans l\u2019enceinte m\u00eame de l\u2019universit\u00e9 de Rabat, montre l\u2019impossibilit\u00e9 d\u2019un dialogue entre l\u2019UNEM et le pouvoir.<\/p><h4><strong>3 mars 1967<\/strong><\/h4><p>Discours du tr\u00f4ne : le roi annonce une prochaine r\u00e9forme de la constitution en vue de la lev\u00e9e de l\u2019\u00e9tat d\u2019exception en vigueur depuis le 4 juin 1965.<\/p><h4><strong>5 juin 1967<\/strong><\/h4><p>Apr\u00e8s ouverture du nouveau proc\u00e8s du rapt de Ben Barka, le verdict tombe : les principaux accus\u00e9s fran\u00e7ais Lopez et Souchon sont condamn\u00e9s \u00e0 8 ans. Dlimi est acquitt\u00e9 faute preuve et sort de prison. Oufkir est condamn\u00e9 \u00e0 perp\u00e9tuit\u00e9 par contumace. En rentrant triomphalement au Maroc, Dlimi est nomm\u00e9 directeur du cabinet militaire du roi.<\/p><p>Le verdict du proc\u00e8s des ravisseurs de Ben Barka ne suscite pas d\u2019\u00e9motion particuli\u00e8re au Maroc, car l\u2019attention de toute la population se porte vers le conflit israelo-palestinien. A Rabat, des manifestations de soutien \u00e0 la cause palestinienne sont organis\u00e9es par l\u2019U.M.T. L\u2019ambassade des Etats-Unis est endommag\u00e9e. A Casablanca, quatre navires am\u00e9ricains sont bloqu\u00e9s dans le port par des ouvriers de l\u2019UMT. A Mekn\u00e8s, deux isra\u00e9lites sont tu\u00e9s au cours de manifestations antisionistes.<\/p><p>Cette p\u00e9riode marque la derni\u00e8re des vagues d\u2019\u00e9migration des juifs marocains vers les U.S.A, le Canada, la France et Isra\u00ebl (l\u2019\u00e9migration juive vers Isra\u00ebl interdite \u00e0 l\u2019ind\u00e9pendance avait \u00e9t\u00e9 autoris\u00e9e \u00e0 nouveau en 1961, apr\u00e8s la naufrage du bateau \u00ab\u00a0le Pisces\u00a0\u00bb rempli d\u2019\u00e9migrants clandestins, provoquant la mort de 42 juifs marocains). Du 5 juin au 1er novembre 1967, 7000 juifs auraient ainsi quitt\u00e9 le pays (chiffre non officiel).<\/p><h4><strong>6 juillet 1967<\/strong><\/h4><p>Hassan II abandonne le poste de chef du gouvernement qu\u2019il occupait depuis le 7 juin 1965. Nomination de Mohammed Benhima (sans \u00e9tiquette) comme premier ministre, et constitution d\u2019un nouveau gouvernement. Oufkir fait partie du cabinet minist\u00e9riel. Il est nomm\u00e9, par ailleurs, g\u00e9n\u00e9ral de division. L\u2019Istiqlal reste dans l\u2019opposition.<\/p><h4><strong>14 juillet 1967<\/strong><\/h4><p>La r\u00e9pression s\u2019accentue sur les politiques de gauche comme sur la presse d\u2019opposition. Parmi eux, quatre directeurs de journaux sont arr\u00eat\u00e9s, Berrada, directeur de l\u2019Opinion (Istiqlal) et El Yazghi, directeur de Lib\u00e9ration (UNFP), pour \u00ab\u00a0atteinte \u00e0 l\u2019ordre public\u00a0\u00bb.<\/p><p>Le 28 juillet 1967, le gouvernement interdit la r\u00e9union du congr\u00e9s annuel de l\u2019UNEM.<\/p>\t\t\t\t\t\t\t\t<\/div>\n\t\t\t\t<\/div>\n\t\t\t\t\t<\/div>\n\t\t<\/div>\n\t\t\t\t\t<\/div>\n\t\t<\/section>\n\t\t<div class=\"elementor-element elementor-element-78de4dc e-flex e-con-boxed e-con e-parent\" data-id=\"78de4dc\" data-element_type=\"container\" data-e-type=\"container\">\n\t\t\t\t\t<div class=\"e-con-inner\">\n\t\t\t\t<div class=\"elementor-element elementor-element-051a36a elementor-widget-divider--view-line elementor-widget elementor-widget-divider\" data-id=\"051a36a\" data-element_type=\"widget\" data-e-type=\"widget\" data-widget_type=\"divider.default\">\n\t\t\t\t<div class=\"elementor-widget-container\">\n\t\t\t\t\t\t\t<div class=\"elementor-divider\">\n\t\t\t<span class=\"elementor-divider-separator\">\n\t\t\t\t\t\t<\/span>\n\t\t<\/div>\n\t\t\t\t\t\t<\/div>\n\t\t\t\t<\/div>\n\t\t\t\t\t<\/div>\n\t\t\t\t<\/div>\n\t\t\t\t<section class=\"elementor-section elementor-top-section elementor-element elementor-element-531c6b5 elementor-section-content-top elementor-section-boxed elementor-section-height-default elementor-section-height-default elementor-invisible\" data-id=\"531c6b5\" data-element_type=\"section\" data-e-type=\"section\" data-settings=\"{&quot;background_background&quot;:&quot;classic&quot;,&quot;animation&quot;:&quot;zoomInDown&quot;}\">\n\t\t\t\t\t\t\t<div class=\"elementor-background-overlay\"><\/div>\n\t\t\t\t\t\t\t<div class=\"elementor-container elementor-column-gap-wide\">\n\t\t\t\t\t<div class=\"elementor-column elementor-col-25 elementor-top-column elementor-element elementor-element-2d60345\" data-id=\"2d60345\" data-element_type=\"column\" data-e-type=\"column\">\n\t\t\t<div class=\"elementor-widget-wrap elementor-element-populated\">\n\t\t\t\t\t\t<div class=\"elementor-element elementor-element-ee05432 elementor-widget elementor-widget-image\" data-id=\"ee05432\" data-element_type=\"widget\" data-e-type=\"widget\" data-widget_type=\"image.default\">\n\t\t\t\t<div class=\"elementor-widget-container\">\n\t\t\t\t\t\t\t\t\t\t\t\t\t\t\t<img loading=\"lazy\" decoding=\"async\" width=\"300\" height=\"222\" src=\"https:\/\/rabat-maroc.net\/rabat-maroc-V2\/wp-content\/uploads\/2024\/10\/barrage_mohamed5-large-300x222-1.jpg\" class=\"attachment-full size-full wp-image-3950\" alt=\"barrage mohamed 5\" \/>\t\t\t\t\t\t\t\t\t\t\t\t\t\t\t<\/div>\n\t\t\t\t<\/div>\n\t\t\t\t\t<\/div>\n\t\t<\/div>\n\t\t\t\t<div class=\"elementor-column elementor-col-25 elementor-top-column elementor-element elementor-element-3eb1e4d\" data-id=\"3eb1e4d\" data-element_type=\"column\" data-e-type=\"column\">\n\t\t\t<div class=\"elementor-widget-wrap elementor-element-populated\">\n\t\t\t\t\t\t<div class=\"elementor-element elementor-element-1b76253 elementor-widget elementor-widget-image\" data-id=\"1b76253\" data-element_type=\"widget\" data-e-type=\"widget\" data-widget_type=\"image.default\">\n\t\t\t\t<div class=\"elementor-widget-container\">\n\t\t\t\t\t\t\t\t\t\t\t\t\t\t\t<img loading=\"lazy\" decoding=\"async\" width=\"264\" height=\"263\" src=\"https:\/\/rabat-maroc.net\/rabat-maroc-V2\/wp-content\/uploads\/2024\/10\/abderrahim-bouabid-el-yazghi.jpg\" class=\"attachment-full size-full wp-image-3948\" alt=\"\" srcset=\"https:\/\/rabat-maroc.net\/rabat-maroc-V2\/wp-content\/uploads\/2024\/10\/abderrahim-bouabid-el-yazghi.jpg 264w, https:\/\/rabat-maroc.net\/rabat-maroc-V2\/wp-content\/uploads\/2024\/10\/abderrahim-bouabid-el-yazghi-150x150.jpg 150w\" sizes=\"(max-width: 264px) 100vw, 264px\" \/>\t\t\t\t\t\t\t\t\t\t\t\t\t\t\t<\/div>\n\t\t\t\t<\/div>\n\t\t\t\t\t<\/div>\n\t\t<\/div>\n\t\t\t\t<div class=\"elementor-column elementor-col-25 elementor-top-column elementor-element elementor-element-6cc6a29\" data-id=\"6cc6a29\" data-element_type=\"column\" data-e-type=\"column\">\n\t\t\t<div class=\"elementor-widget-wrap elementor-element-populated\">\n\t\t\t\t\t\t<div class=\"elementor-element elementor-element-9a9d059 elementor-widget elementor-widget-image\" data-id=\"9a9d059\" data-element_type=\"widget\" data-e-type=\"widget\" data-widget_type=\"image.default\">\n\t\t\t\t<div class=\"elementor-widget-container\">\n\t\t\t\t\t\t\t\t\t\t\t\t\t\t\t<img loading=\"lazy\" decoding=\"async\" width=\"300\" height=\"188\" src=\"https:\/\/rabat-maroc.net\/rabat-maroc-V2\/wp-content\/uploads\/2024\/10\/hassan-ii-oufkir-large.jpg\" class=\"attachment-full size-full wp-image-3953\" alt=\"hassan II oufkir\" \/>\t\t\t\t\t\t\t\t\t\t\t\t\t\t\t<\/div>\n\t\t\t\t<\/div>\n\t\t\t\t\t<\/div>\n\t\t<\/div>\n\t\t\t\t<div class=\"elementor-column elementor-col-25 elementor-top-column elementor-element elementor-element-0e95a5f\" data-id=\"0e95a5f\" data-element_type=\"column\" data-e-type=\"column\">\n\t\t\t<div class=\"elementor-widget-wrap elementor-element-populated\">\n\t\t\t\t\t\t<div class=\"elementor-element elementor-element-fd8d6ad elementor-widget elementor-widget-image\" data-id=\"fd8d6ad\" data-element_type=\"widget\" data-e-type=\"widget\" data-widget_type=\"image.default\">\n\t\t\t\t<div class=\"elementor-widget-container\">\n\t\t\t\t\t\t\t\t\t\t\t\t\t\t\t<img loading=\"lazy\" decoding=\"async\" width=\"297\" height=\"190\" src=\"https:\/\/rabat-maroc.net\/rabat-maroc-V2\/wp-content\/uploads\/2024\/10\/groupe-de-juifs-du-maroc.jpg\" class=\"attachment-full size-full wp-image-3952\" alt=\"\" \/>\t\t\t\t\t\t\t\t\t\t\t\t\t\t\t<\/div>\n\t\t\t\t<\/div>\n\t\t\t\t\t<\/div>\n\t\t<\/div>\n\t\t\t\t\t<\/div>\n\t\t<\/section>\n\t\t<div class=\"elementor-element elementor-element-29da1af e-flex e-con-boxed e-con e-parent\" data-id=\"29da1af\" data-element_type=\"container\" data-e-type=\"container\">\n\t\t\t\t\t<div class=\"e-con-inner\">\n\t\t\t\t<div class=\"elementor-element elementor-element-a40458b elementor-widget-divider--view-line elementor-widget elementor-widget-divider\" data-id=\"a40458b\" data-element_type=\"widget\" data-e-type=\"widget\" data-widget_type=\"divider.default\">\n\t\t\t\t<div class=\"elementor-widget-container\">\n\t\t\t\t\t\t\t<div class=\"elementor-divider\">\n\t\t\t<span class=\"elementor-divider-separator\">\n\t\t\t\t\t\t<\/span>\n\t\t<\/div>\n\t\t\t\t\t\t<\/div>\n\t\t\t\t<\/div>\n\t\t\t\t\t<\/div>\n\t\t\t\t<\/div>\n\t\t\t\t<section class=\"elementor-section elementor-top-section elementor-element elementor-element-5311ec2 elementor-section-content-top elementor-section-boxed elementor-section-height-default elementor-section-height-default elementor-invisible\" data-id=\"5311ec2\" data-element_type=\"section\" data-e-type=\"section\" data-settings=\"{&quot;background_background&quot;:&quot;classic&quot;,&quot;animation&quot;:&quot;zoomInDown&quot;}\">\n\t\t\t\t\t\t\t<div class=\"elementor-background-overlay\"><\/div>\n\t\t\t\t\t\t\t<div class=\"elementor-container elementor-column-gap-no\">\n\t\t\t\t\t<div class=\"elementor-column elementor-col-100 elementor-top-column elementor-element elementor-element-b04d2f4\" data-id=\"b04d2f4\" data-element_type=\"column\" data-e-type=\"column\">\n\t\t\t<div class=\"elementor-widget-wrap elementor-element-populated\">\n\t\t\t\t\t\t<div class=\"elementor-element elementor-element-15e429e elementor-widget elementor-widget-text-editor\" data-id=\"15e429e\" data-element_type=\"widget\" data-e-type=\"widget\" data-widget_type=\"text-editor.default\">\n\t\t\t\t<div class=\"elementor-widget-container\">\n\t\t\t\t\t\t\t\t\t<h4><strong>18 septembre 1967<\/strong><\/h4><p>Lors d\u2019un discours \u00e0 Tanger, Hassan II lance le projet pharaonique d\u2019irriguer 1 million d\u2019hectares alors que 150.000 hectares \u00e9taient jusqu\u2019alors irrigu\u00e9s. La direction de l\u2019hydraulique est cr\u00e9\u00e9e, et rattach\u00e9e au minist\u00e8re des travaux publics. La r\u00e9alisation d\u2019une s\u00e9rie de 6 barrages est lanc\u00e9e. Depuis, plus de 100 barrages ont \u00e9t\u00e9 \u00e9difi\u00e9s et le million d\u2019hectares a \u00e9t\u00e9 effectivement irrigu\u00e9 en 1997. Le savoir-faire marocain en mati\u00e8re de gestion de l\u2019eau est d\u00e9sormais mondialement reconnu pas les plus hautes instances internationales.<\/p><h4><strong>26 septembre 1967<\/strong><\/h4><p>Ouverture d\u2019un stage pour 1023 enseignants recrut\u00e9s en France dans le cadre des accords culturels entre la France et le Maroc. Au total ce sont 7000 enseignants fran\u00e7ais qui d\u00e9pendent en 1967 du Minist\u00e8re marocain de l\u2019\u00e9ducation nationale.<\/p><h4><strong>4 octobre 1967<\/strong><\/h4><p>Scission au sein du Mouvement Populaire. Ce parti politique historique compos\u00e9 de notables ruraux et essentiellement berb\u00e8res est rest\u00e9 loyaliste. Aherdane conserve la direction du MP et Khatib cr\u00e9\u00e9e un parti dissident, le MPC.<\/p><h4><strong>11 novembre 1967<\/strong><\/h4><p>Ben Seddik, secr\u00e9taire g\u00e9n\u00e9ral de l\u2019UMT, coupable en pleine guerre des 6 jours, d\u2019accusations \u00ab\u00a0pro-sionistes\u00a0\u00bb \u00e0 l\u2019\u00e9gard du gouvernement, est condamn\u00e9 \u00e0 18 mois de prison par la cour d\u2019appel.<\/p><h4><strong>29 d\u00e9cembre 1967<\/strong><\/h4><p>Le ministre des Finances, Mamoun Tahiri, pr\u00e9sente un \u00ab modeste budget de convalescence \u00bb selon ses propres termes. Apr\u00e8s une ann\u00e9e d\u2019\u00ab aust\u00e9rit\u00e9 positive \u00bb, on constate cependant un assainissement financier.<\/p><h4><strong>15 janvier 1968<\/strong><\/h4><p>D\u00e9c\u00e8s de Mgr Am\u00e9d\u00e9e Lef\u00e8vre, archev\u00eaque de Rabat, qui avait l\u2019estime des Marocains pour s\u2019\u00eatre prononc\u00e9 en faveur de l\u2019ind\u00e9pendance pendant les ann\u00e9es 1950.<\/p><h4><strong>3 mars 1968<\/strong><\/h4><p>Dans son discours du tr\u00f4ne, le roi Hassan II insiste \u00e0 nouveau tr\u00e8s fermement sur l\u2019importance primordiale de l\u2019instruction religieuse pour les Marocains. L\u2019opposition, et notamment l\u2019Istiqlal, regrette que rien ne soit dit au sujet de la fin de l\u2019\u00e9tat d\u2019exception et de l\u2019\u00e9laboration de la nouvelle constitution et des \u00e9lections libres.<\/p><h4><strong>16, 17 et 18 mars 1968<\/strong><\/h4><p>La diva Egyptienne Oum Kalthoum fait une exceptionnelle s\u00e9rie de trois concerts \u00e0 Rabat au th\u00e9\u00e2tre Mohammed V. Elle s\u00e9journera trois semaines au Maroc et laissera un souvenir imp\u00e9rissable aux milliers de spectateurs marocains chanceux qui auront pu l\u2019entendre. Elle provoque des attroupement incroyables lors de ses visites dans les m\u00e9dinas notamment \u00e0 F\u00e8s et Marrakech.<br \/>Les concerts sont retransmis \u00e0 la radio et \u00e0 la t\u00e9l\u00e9vision et sont suivis par des millions de marocains.<\/p><h4><strong>8 avril 1968<\/strong><\/h4><p>Par d\u00e9cret, Hassan II renforce son contr\u00f4le sur les forces arm\u00e9es et institue une maison militaire royale dirig\u00e9e par le g\u00e9n\u00e9ral Mohamed Medbouh qui fut ancien ministre dans le gouvernement Ibrahim.<\/p><h4><strong>avril 1968<\/strong><\/h4><p>Hassan II entreprend un long voyage \u00e0 l\u2019\u00e9tranger, au Proche Orient se rendant \u00e0 Ankara, T\u00e9h\u00e9ran, Riyad o\u00f9 il s\u2019entretient avec le roi Hussein de Jordanie et le roi Fay\u00e7al d\u2019Arabie\u00a0Saoudite.<\/p><h4><strong>avril 1968<\/strong><\/h4><p>Emprunt forc\u00e9 pour tous les Marocains, dont le taux va de 0,50 \u00e0 1,50 %, applicable aux revenus annuels selon leur importance.<\/p><h4><strong>1er mai 1968<\/strong><\/h4><p>D\u00e9fil\u00e9s de l\u2019U.M.T. et de l\u2019U.G.T.M. dans les principales villes du Maroc. Discours de M. Benaissa.<\/p><h4><strong>8 mai 1968<\/strong><\/h4><p>D\u00e9buts de nombreux remaniements minist\u00e9riels qui dur\u00e8rent toute l\u2019ann\u00e9e mais sans aucune signification politique hormis, sans doute, la nomination de M. Mohammed El-Fassi membre du comit\u00e9 ex\u00e9cutif de l\u2019Istiqlal, au minist\u00e8re des Affaires culturelles.<\/p><h4><strong>28 mai 1968<\/strong><\/h4><p>Le Conseil national de l\u2019U.M.T. renouvelle son v\u0153u de voir lib\u00e9rer Mahjoub Ben Seddiq et annonce une action en ce sens.<\/p><h4><strong>7 juin 1968<\/strong><\/h4><p>Pour le troisi\u00e8me anniversaire de l\u2019\u00e9tat d\u2019exception (7 juin 1965) l\u2019Istiqlal demande la fin et des \u00e9lections \u00ablibres\u00bb pour la d\u00e9signation d\u2019une nouvelle Chambre des repr\u00e9sentants.<\/p><h4><strong>25 juin 1968<\/strong><\/h4><p>Nouvelle saisie de l\u2019Opinion, journal de l\u2019Istiqlal. Ces saisies seront tr\u00e8s fr\u00e9quentes pendant toute la dur\u00e9e de l\u2019\u00e9tat d\u2019exception.<\/p><h4><strong>7 juillet 1968<\/strong><\/h4><p>Nombreux meetings de travailleurs dans tout le Maroc pour la lib\u00e9ration de Mahjoub BEN SEDDIQ.<\/p><h4><strong>8 juillet 1968<\/strong><\/h4><p>Naissance d\u2019un nouveau groupement politique, le Parti de la lib\u00e9ration et du socialisme (P.L.S.), qui n\u2019est que le parti Communiste Marocain reconstitu\u00e9.<\/p><h4><strong>12 juillet 1968<\/strong><\/h4><p>M. Mohamed El Fassi prend cong\u00e9 du Parti de l\u2019Istiqlal.<\/p><h4><strong>17 juillet 1968<\/strong><\/h4><p>Congr\u00e8s de l\u2019U.N.E.M. \u00e0 Rabat plac\u00e9 sous le signe de la \u00ab\u00a0participation\u00a0\u00bb et du soutien \u00e0 la \u00ab\u00a0lutte \u00e9tudiante dans le monde\u00a0\u00bb.<\/p><h4><strong>22 juillet 1968<\/strong><\/h4><p>A la suite d\u2019une intervention de d\u00e9l\u00e9gu\u00e9s de l\u2019UMT devant le B. I. T. r\u00e9clamant la mise en libert\u00e9 provisoire de Mahjoub BEN SEDDIQ, arrestation de deux responsables syndicaux.<\/p><p>La Soci\u00e9t\u00e9 Marocaine de Construction Automobile (SOMACA) sort de son usine de Casablanca la 1\u00e8re Simca 1100. L\u2019usine en produira 29.268 exemplaires mais loin derri\u00e8re la 4L 95.250 voitures construites, le best-seller, et la R12 38.850 voitures.<\/p><h4><strong>29 ao\u00fbt 1968<\/strong><\/h4><p>Le Ministre de la jeunesse et des sports refuse \u00e0 l\u2019\u00e9quipe marocaine de Football l\u2019autorisation\u00a0de se rendre \u00e0 Mexico pour rencontrer l\u2019\u00e9quipe d\u2019Isra\u00ebl dans le m\u00eame groupe, aux jeux olympiques de Mexico. Le Ghana remplacera le Maroc.<\/p><h4><strong>21 septembre 1968<\/strong><\/h4><p>Dans une interview \u00e0 l\u2019Opinion, le Ministre de l\u2019enseignement secondaire et technique d\u00e9clare que d\u2019ici 1973, le Maroc aura besoin de 30000 bacheliers alors que le plan n\u2019en pr\u00e9voit que 21700.<\/p><h4><strong>9\u00a0 octobre 1968<\/strong><\/h4><p>Hassan II lance \u00e0 l\u2019occasion de la rentr\u00e9e scolaire l\u2019op\u00e9ration \u00ab\u00e9coles coraniques\u00bb\u00a0: avant de fr\u00e9quenter l\u2019\u00e9cole primaire, les enfants marocains des deux sexes devront passer deux ans \u00e0 l\u2019\u00e9cole coranique pour recevoir une formation islamique de base indispensable aux Marocains.<\/p><h4><strong>17 octobre 1968<\/strong><\/h4><p>Le Ministre de l\u2019enseignement secondaire et technique indique que les effectifs des \u00e9l\u00e8ves dans le second degr\u00e9 public d\u00e9passeront 260 000 \u00e9l\u00e8ves ce qui n\u00e9cessitera le recrutement de 1435 professeurs fran\u00e7ais.<\/p><h4>8\u00a0<strong>novembre<\/strong>\u00a01968<\/h4><p>Gr\u00e8ve des \u00e9tudiants de la facult\u00e9 des lettres de Rabat et de l\u2019Ecole normale sup\u00e9rieure suivie peu apr\u00e8s des \u00e9tudiants en droit de Rabat et de lettres et de droit de F\u00e8s.<\/p><h4><strong>13 novembre 1968<\/strong><\/h4><p>Par crainte d\u2019une escalade de l\u2019agitation \u00e9tudiante \u00e0 l\u2019image de ce qui s\u2019est pass\u00e9 en France, le Roi d\u00e9cide la cr\u00e9ation d\u2019un Conseil sup\u00e9rieur de l\u2019enseignement, l\u2019\u00e9dification de nouvelles facult\u00e9s dans le cadre du nouveau plan quinquennal, et la marocanisation des cadres enseignants.<\/p><h4><strong>17 novembre 1968<\/strong><\/h4><p>A l\u2019occasion des f\u00eates anniversaires de l\u2019ind\u00e9pendance, le g\u00e9n\u00e9ral OUFKIR est \u00e9lev\u00e9 au grade de lieutenant-g\u00e9n\u00e9ral.<\/p><h4><strong>21 novembre 1968<\/strong><\/h4><p>La Facult\u00e9 des lettres de Rabat est \u00e9vacu\u00e9e par la police mais par solidarit\u00e9 les \u00e9tudiants de m\u00e9decine et de sciences se mettent \u00e0 leur tour en gr\u00e8ve.<\/p><h4><strong>27 novembre 1968<\/strong><\/h4><p>La tentative de complot du 23 octobre 1963 \u00e0 Marrakech est jug\u00e9e \u00e0 Rabat en novembre 1968.\u00a0Le tribunal rendit son verdict le 14 janvier : condamnation \u00e0 mort de quatre accus\u00e9s dont trois \u00e9taient en fuite, dix peines de prison de dur\u00e9e diverse et deux acquittements.<\/p><h4><strong>1er d\u00e9cembre 1968<\/strong><\/h4><p>A l\u2019occasion de l\u2019anniversaire de la mort de MOHAMMED V, lib\u00e9ration anticip\u00e9e de M. Mahjoub BEN SEDDIQ, arr\u00eat\u00e9 en juillet 1967, par mesure de gr\u00e2ce royale avec 43 autres condamn\u00e9s qui sont lib\u00e9r\u00e9s et 8 condamn\u00e9s \u00e0 mort gr\u00e2ci\u00e9s.<\/p><h4><strong>31 d\u00e9cembre 1968<\/strong><\/h4><p>Le bilan \u00e9conomique de l\u2019ann\u00e9e 1968 est plut\u00f4t positif par rapport \u00e0 1967, notamment d\u00fb \u00e0 la production agricole particuli\u00e8rement favoris\u00e9e par les conditions atmosph\u00e9riques cl\u00e9mentes qui s\u2019est accrue de mani\u00e8re g\u00e9n\u00e9rale de 30%, notamment la production c\u00e9r\u00e9ali\u00e8re qui a plus que doubl\u00e9 par rapport \u00e0 1967.\u00a0L\u2019extraction des phosphates (moiti\u00e9 des r\u00e9serves mondiales) reste la principale richesse du Maroc, et repr\u00e9sente le 1\/4 des ressources en devises mais l\u2019exportation des autres secteurs miniers r\u00e9gresse. La production d\u2019\u00e9nergie \u00e9lectrique totale d\u00fb \u00e0 l\u2019\u00e9nergie hydro-\u00e9lectrique des nouveaux barrages s\u2019est av\u00e9r\u00e9e en progression \u00e0 la suite des pr\u00e9cipitations importantes pendant l\u2019ann\u00e9e.<br \/>Le complexe chimique de Safi, con\u00e7u pour une capacit\u00e9 productive de 320000 tonnes d\u2019engrais compos\u00e9s a atteint 300000 tonnes d\u2019engrais. La SOMACA a fabriqu\u00e9 11362 v\u00e9hicules de tourisme et 3485 camions pour 9 constructeur diff\u00e9rents.\u00a0Si le Maroc s\u2019enrichit, le peuple marocain ne profite pas de cet enrichissement. Sur le plan agricole, les ruraux souffrent de la concurrence tr\u00e8s forte sur le march\u00e9 international notamment espagnole et italienne pour les agrumes. \u00a0Le ch\u00f4mage atteint 50\u00a0% de la population sans grand espoir pour les ann\u00e9es suivantes \u00e0 cause d\u2019une croissance d\u00e9mographique galopante qui laisse que peu de perspectives \u00e0 la jeunesse notamment.<br \/>Enfin, la situation politique particuli\u00e8rement tendue a fait fuir de nombreux salari\u00e9s \u00e9trangers.<\/p><h4><strong>26 janvier 1969<\/strong><\/h4><p>A l\u2019occasion des c\u00e9r\u00e9monies de fun\u00e9railles de Mhammed ben Abdelkrim, fr\u00e8re du h\u00e9ros rifain, d\u00e9c\u00e9d\u00e9 le 17 d\u00e9cembre 1968 un rassemblement d\u2019hommes politiques et de tribus rifaines est pr\u00e9vu le 26 janvier. Les hommes politiques (Khatib et Aherdane, Bouabid et Mohammed ben el Hassan el-Ouezzani, ainsi que des dirigeants communistes, des chefs de l\u2019Istiqlal et de l\u2019ancienne arm\u00e9e de lib\u00e9ration marocaine) se rassemblent, mais le rassemblement des tribus est interdit.<\/p><h4><strong>11 f\u00e9vrier 1969 et 9 mars 1969<\/strong><\/h4><p>Morts de Mhammed Zeghari, vice-pr\u00e9sident du conseil des ministres lors du 1er gouvernement apr\u00e8s l\u2019ind\u00e9pendance en 1955, et Driss Mhammedi, Ministre d\u2019\u00c9tat dans le m\u00eame gouvernement, deux figures du mouvement nationaliste marocain, signataires du manifeste du 11 janvier 1944, artisans de l\u2019ind\u00e9pendance et collaborateurs directs de Mohammed V.<\/p><h4><strong>19 f\u00e9vrier 1969<\/strong><\/h4><p>Gr\u00e9ves des \u00e9tudiants de la Fac de Lettres et de Droit suivie par les lyc\u00e9ens de Casablanca et des grandes villes du Maroc. Ces gr\u00e9ves et mouvements \u00e9tudiants divers perdurent toute l\u2019ann\u00e9e 1969.<\/p>\t\t\t\t\t\t\t\t<\/div>\n\t\t\t\t<\/div>\n\t\t\t\t\t<\/div>\n\t\t<\/div>\n\t\t\t\t\t<\/div>\n\t\t<\/section>\n\t\t\t\t<section class=\"elementor-section elementor-top-section elementor-element elementor-element-c2yhppy elementor-section-content-middle elementor-section-boxed elementor-section-height-default elementor-section-height-default elementor-invisible\" data-id=\"c2yhppy\" data-element_type=\"section\" data-e-type=\"section\" data-settings=\"{&quot;background_background&quot;:&quot;classic&quot;,&quot;animation&quot;:&quot;zoomInDown&quot;}\">\n\t\t\t\t\t\t\t<div class=\"elementor-background-overlay\"><\/div>\n\t\t\t\t\t\t\t<div class=\"elementor-container elementor-column-gap-no\">\n\t\t\t\t\t<div class=\"elementor-column elementor-col-50 elementor-top-column elementor-element elementor-element-d5abc8a\" data-id=\"d5abc8a\" data-element_type=\"column\" data-e-type=\"column\">\n\t\t\t<div class=\"elementor-widget-wrap elementor-element-populated\">\n\t\t\t\t\t\t<div class=\"elementor-element elementor-element-78825ce elementor-widget elementor-widget-image\" data-id=\"78825ce\" data-element_type=\"widget\" data-e-type=\"widget\" data-widget_type=\"image.default\">\n\t\t\t\t<div class=\"elementor-widget-container\">\n\t\t\t\t\t\t\t\t\t\t\t\t\t\t\t<img loading=\"lazy\" decoding=\"async\" width=\"229\" height=\"108\" src=\"https:\/\/rabat-maroc.net\/rabat-maroc-V2\/wp-content\/uploads\/2024\/10\/mosquee-assounna-rabat-1961.jpg\" class=\"attachment-full size-full wp-image-3955\" alt=\"\" \/>\t\t\t\t\t\t\t\t\t\t\t\t\t\t\t<\/div>\n\t\t\t\t<\/div>\n\t\t\t\t\t<\/div>\n\t\t<\/div>\n\t\t\t\t<div class=\"elementor-column elementor-col-50 elementor-top-column elementor-element elementor-element-1f377f6\" data-id=\"1f377f6\" data-element_type=\"column\" data-e-type=\"column\">\n\t\t\t<div class=\"elementor-widget-wrap elementor-element-populated\">\n\t\t\t\t\t\t<div class=\"elementor-element elementor-element-a16f8e5 elementor-widget elementor-widget-text-editor\" data-id=\"a16f8e5\" data-element_type=\"widget\" data-e-type=\"widget\" data-widget_type=\"text-editor.default\">\n\t\t\t\t<div class=\"elementor-widget-container\">\n\t\t\t\t\t\t\t\t\t<h4><strong>11 juillet 1969<\/strong><\/h4><p>Inauguration de la mosqu\u00e9e Al Sunna de Rabat apr\u00e8s travaux et reconstitution de son minaret.<\/p>\t\t\t\t\t\t\t\t<\/div>\n\t\t\t\t<\/div>\n\t\t\t\t\t<\/div>\n\t\t<\/div>\n\t\t\t\t\t<\/div>\n\t\t<\/section>\n\t\t<div class=\"elementor-element elementor-element-39b245c e-flex e-con-boxed e-con e-parent\" data-id=\"39b245c\" data-element_type=\"container\" data-e-type=\"container\">\n\t\t\t\t\t<div class=\"e-con-inner\">\n\t\t\t\t<div class=\"elementor-element elementor-element-024f599 elementor-widget-divider--view-line elementor-widget elementor-widget-divider\" data-id=\"024f599\" data-element_type=\"widget\" data-e-type=\"widget\" data-widget_type=\"divider.default\">\n\t\t\t\t<div class=\"elementor-widget-container\">\n\t\t\t\t\t\t\t<div class=\"elementor-divider\">\n\t\t\t<span class=\"elementor-divider-separator\">\n\t\t\t\t\t\t<\/span>\n\t\t<\/div>\n\t\t\t\t\t\t<\/div>\n\t\t\t\t<\/div>\n\t\t\t\t\t<\/div>\n\t\t\t\t<\/div>\n\t\t\t\t<section class=\"elementor-section elementor-top-section elementor-element elementor-element-bdda7a9 elementor-section-content-top elementor-section-boxed elementor-section-height-default elementor-section-height-default elementor-invisible\" data-id=\"bdda7a9\" data-element_type=\"section\" data-e-type=\"section\" data-settings=\"{&quot;background_background&quot;:&quot;classic&quot;,&quot;animation&quot;:&quot;zoomInDown&quot;}\">\n\t\t\t\t\t\t\t<div class=\"elementor-background-overlay\"><\/div>\n\t\t\t\t\t\t\t<div class=\"elementor-container elementor-column-gap-no\">\n\t\t\t\t\t<div class=\"elementor-column elementor-col-100 elementor-top-column elementor-element elementor-element-ca7fe18\" data-id=\"ca7fe18\" data-element_type=\"column\" data-e-type=\"column\">\n\t\t\t<div class=\"elementor-widget-wrap elementor-element-populated\">\n\t\t\t\t\t\t<div class=\"elementor-element elementor-element-a3d1d7a elementor-widget elementor-widget-text-editor\" data-id=\"a3d1d7a\" data-element_type=\"widget\" data-e-type=\"widget\" data-widget_type=\"text-editor.default\">\n\t\t\t\t<div class=\"elementor-widget-container\">\n\t\t\t\t\t\t\t\t\t<h4><strong>19 septembre 1969<\/strong><\/h4><p>Le parti PLS, reconstitution du parti communiste, est dissout et ses dirigeants condamn\u00e9s \u00e0 la prison par le tribunal de Rabat.<\/p><h4><strong>3 octobre 1969<\/strong><\/h4><p><strong>Renouvellement des assembl\u00e9es communales et municipales et des assembl\u00e9es des provinces et de pr\u00e9fectures. L\u2019UNFP ne participe pas \u00e0 ces \u00e9lections. Participation \u00e9lectorale de 70\u00a0% sauf dans les grandes villes o\u00f9 elle est inf\u00e9rieure.<\/strong><\/p><h4><strong>6 octobre 1969<\/strong><\/h4><p><strong>Ahmed Laraki<\/strong>\u00a0est nomm\u00e9 1er ministre tandis que les comp\u00e9tences de<strong>\u00a0Oufkir<\/strong>\u00a0ministre de l\u2019int\u00e9rieur sont accrues.<\/p><h4><strong>4 f\u00e9vrier 1970<\/strong><\/h4><p>A l\u2019occasion de la visite de Hassan II \u00e0 Paris, d\u00e9gel des relations franco-marocaines.<\/p><h4><strong>20 f\u00e9vrier 1970<\/strong><\/h4><p><strong>Ahmed Reda Guedira<\/strong>\u00a0en d\u00e9saccord avec Hassan II sur la politique \u00e9tudiante quitte le gouvernement et il s\u2019en suit un remaniement minist\u00e9riel.<\/p><h4><strong>23 f\u00e9vrier 1970<\/strong><\/h4><p>Poursuite des gr\u00e8ves dans plusieurs facult\u00e9s et \u00e9tablissements secondaires du royaume.<\/p><h4><strong>3 mars 1970<\/strong><\/h4><p>Les cosmonautes d\u2019Apollo XII arrivent \u00e0 Rabat o\u00fb ils assistent \u00e0 la F\u00eate du Tr\u00f4ne.<\/p><h4><strong>4 mars 1970<\/strong><\/h4><p>Le Ministre de l\u2019Education lance un ultimatum aux \u00e9l\u00e8ves du secondaire pour la reprise des cours sous peine d\u2019exclusion. L\u2019UNEM demande la reprise des cours.<\/p><h4><strong>15 mars 1970<\/strong><\/h4><p>Au cours du colloque d\u2019Ifrane sur l\u2019enseignement, Hassan II d\u00e9cide de r\u00e9int\u00e9grer 784 \u00e9l\u00e8ves exclus \u00e0 la suite des gr\u00e9ves.<\/p><h4><strong>31 mars 1970<\/strong><\/h4><p>Inauguration du 1er vol de la Royal Air Inter.<\/p><h4><strong>28 avril 1970<\/strong><\/h4><p>Le journal fran\u00e7ais \u00ab\u00a0Le Figaro\u00a0\u00bb fait \u00e9tat de la d\u00e9couverte d\u2019un complot baasiste contre Hassan II.<\/p><h4><strong>20 mai 1970<\/strong><\/h4><p>Le gouvernement demande la cessation des gr\u00e8ves \u00e9tudiantes.<\/p><h4><strong>24 mai 1970<\/strong><\/h4><p>Le Parti de l \u2018Istiqlal lance un appel national pour un programme d\u2019urgence : lev\u00e9e de l\u2019\u00e9tat d\u2019exception, restitution des terres aux paysans, participation des ouvriers \u00e0 la gestion des entreprises et lib\u00e9ration des territoires spoli\u00e9s.<\/p><h4><strong>27 mai 1970<\/strong><\/h4><p>D\u00e9c\u00e8s de\u00a0<strong>Abdelkhalek TORRES<\/strong>, h\u00e9ros de la guerre d\u2019ind\u00e9pendance.<\/p><h4><strong>8 juillet 1970<\/strong><\/h4><p>Hassan II d\u00e9clare la fin de l\u2019\u00e9tat d\u2019exception et fixe au 24 juillet la date du r\u00e9f\u00e9rendum pour une nouvelle constitution modifiant celle de 1962.<\/p><h4><strong>19 juillet 1970<\/strong><\/h4><p>L\u2019U.N.F.P., l\u2019Istiqlal , l\u2019U.M.T. et l\u2019U.G.E.M. se prononcent contre le projet de constitution. Seul le Mouvement Populaire (MP) se prononce favorablement.<\/p><h4><strong>25 juillet 1970<\/strong><\/h4><p>Proclamation des r\u00e9sultats officiels du R\u00e9f\u00e9rendum. La Constitution a \u00e9t\u00e9 approuv\u00e9e \u00e0 la quasi unanimit\u00e9.<\/p><h4><strong>Ao\u00fbt 1970<\/strong><\/h4><p>Cr\u00e9ation du parti politique Ilal Amam (issu essentiellement du PCM) d\u2019inspiration marxiste l\u00e9niniste et du premier parti islamiste, la\u00a0<strong>Chabiba islamiya<\/strong>\u00a0(Jeunesse islamique) d\u2019Abdelkrim Mouti\u00ee, \u00e0 l\u2019origine du parti PJD.<br \/>Constitution dans le m\u00eame temps du\u00a0<strong>bloc national la Koutla<\/strong>, alliance de l\u2019Istiql\u00e2l et de l\u2019UNFP.<\/p><h4><strong>21 ao\u00fbt 1970<\/strong><\/h4><p>Elections l\u00e9gislatives au suffrage indirect auxquelles ne participent ni l\u2019Istiqlal ni l\u2019UNFP. En repr\u00e9sailles, le gouvernement saisit la presse d\u2019opposition \u00e0 plusieurs reprises et encourage la cr\u00e9ation de nombreux journaux pour briser le monopole de la presse quotidienne d\u00e9tenue par l\u2019Istiqlal. La participation \u00e0 ces \u00e9lections aurait atteint plus de 86 %.<\/p><h4><strong>7 ao\u00fbt 1970<\/strong><\/h4><p><strong>Mohamed Benhima<\/strong>\u00a0ministre de l\u2019agriculture et<strong>\u00a0Mohamed Imani\u00a0<\/strong>ministre des Travaux Publics sont d\u00e9mis de leur fonction. Benhima reviendra au gouvernement le 12 avril 1972.<\/p><h4><strong>25 septembre 1970<\/strong><\/h4><p>Publication d\u2019une circulaire minist\u00e9rielle pr\u00e9voyant pour la rentr\u00e9e d\u2019octobre l\u2019arabisation de la philosophie, de la g\u00e9ographie et de l\u2019histoire, dans le secondaire et le technique.<\/p><h4><strong>2 octobre 1970<\/strong><\/h4><p>Ahmed Osman beau-fr\u00e8re du roi et Ahmed Bahnini font leur retour au gouvernement.<\/p><h4><strong>17 novembre 1970<\/strong><\/h4><p>Le g\u00e9n\u00e9ral\u00a0<strong>MEZZIANE<\/strong>\u00a0Ministre d\u2019\u00c9tat devient le 1er Mar\u00e9chal marocain.<\/p><h4><strong>28 novembre 1970<\/strong><\/h4><p>Soul\u00e8vement populaire rural contre la r\u00e9forme agraire \u00e0 Souk El Tleta du Gharb qui fait 5 morts.<\/p><h4><strong>3 d\u00e9cembre 1970<\/strong><\/h4><p>L\u2019Istiqlal se d\u00e9clare solidaire de M.<strong>\u00a0El YAZGH<\/strong>I, dont on est sans nouvelles depuis le 16 octobre 1970.\u00a0<\/p><h4><strong>7 d\u00e9cembre 1970<\/strong><\/h4><p>La police judiciaire, la police de Casablanca annonce l\u2019arrestation de M.<strong>\u00a0EL YAZGHI<\/strong>.<\/p>\t\t\t\t\t\t\t\t<\/div>\n\t\t\t\t<\/div>\n\t\t\t\t\t<\/div>\n\t\t<\/div>\n\t\t\t\t\t<\/div>\n\t\t<\/section>\n\t\t<div class=\"elementor-element elementor-element-9935715 e-flex e-con-boxed e-con e-parent\" data-id=\"9935715\" data-element_type=\"container\" data-e-type=\"container\">\n\t\t\t\t\t<div class=\"e-con-inner\">\n\t\t\t\t<div class=\"elementor-element elementor-element-452c292 elementor-widget-divider--view-line elementor-widget elementor-widget-divider\" data-id=\"452c292\" data-element_type=\"widget\" data-e-type=\"widget\" data-widget_type=\"divider.default\">\n\t\t\t\t<div class=\"elementor-widget-container\">\n\t\t\t\t\t\t\t<div class=\"elementor-divider\">\n\t\t\t<span class=\"elementor-divider-separator\">\n\t\t\t\t\t\t<\/span>\n\t\t<\/div>\n\t\t\t\t\t\t<\/div>\n\t\t\t\t<\/div>\n\t\t\t\t\t<\/div>\n\t\t\t\t<\/div>\n\t\t\t\t<section class=\"elementor-section elementor-top-section elementor-element elementor-element-22af491 elementor-section-content-middle elementor-section-boxed elementor-section-height-default elementor-section-height-default elementor-invisible\" data-id=\"22af491\" data-element_type=\"section\" data-e-type=\"section\" data-settings=\"{&quot;background_background&quot;:&quot;classic&quot;,&quot;animation&quot;:&quot;zoomInUp&quot;}\">\n\t\t\t\t\t\t\t<div class=\"elementor-background-overlay\"><\/div>\n\t\t\t\t\t\t\t<div class=\"elementor-container elementor-column-gap-no\">\n\t\t\t\t\t<div class=\"elementor-column elementor-col-100 elementor-top-column elementor-element elementor-element-3489297\" data-id=\"3489297\" data-element_type=\"column\" data-e-type=\"column\">\n\t\t\t<div class=\"elementor-widget-wrap elementor-element-populated\">\n\t\t\t\t\t\t<div class=\"elementor-element elementor-element-7483cce elementor-widget elementor-widget-heading\" data-id=\"7483cce\" data-element_type=\"widget\" data-e-type=\"widget\" data-widget_type=\"heading.default\">\n\t\t\t\t<div class=\"elementor-widget-container\">\n\t\t\t\t\t<h2 class=\"elementor-heading-title elementor-size-default\">L\u2019ann\u00e9e 1971 du coup d\u2019\u00e9tat au Palais Royal de Skhirat.<\/h2>\t\t\t\t<\/div>\n\t\t\t\t<\/div>\n\t\t\t\t\t<\/div>\n\t\t<\/div>\n\t\t\t\t\t<\/div>\n\t\t<\/section>\n\t\t<div class=\"elementor-element elementor-element-18b3f39 e-flex e-con-boxed e-con e-parent\" data-id=\"18b3f39\" data-element_type=\"container\" data-e-type=\"container\">\n\t\t\t\t\t<div class=\"e-con-inner\">\n\t\t\t\t<div class=\"elementor-element elementor-element-ddd2b11 elementor-widget-divider--view-line elementor-widget elementor-widget-divider\" data-id=\"ddd2b11\" data-element_type=\"widget\" data-e-type=\"widget\" data-widget_type=\"divider.default\">\n\t\t\t\t<div class=\"elementor-widget-container\">\n\t\t\t\t\t\t\t<div class=\"elementor-divider\">\n\t\t\t<span class=\"elementor-divider-separator\">\n\t\t\t\t\t\t<\/span>\n\t\t<\/div>\n\t\t\t\t\t\t<\/div>\n\t\t\t\t<\/div>\n\t\t\t\t\t<\/div>\n\t\t\t\t<\/div>\n\t\t\t\t<\/div>\n\t\t","protected":false},"excerpt":{"rendered":"<p>Rabat de Lyautey \u00e0 Mohammed VI portail de Rabat, tourisme, histoire et culture. Plus d&rsquo;information Les dates-cl\u00e9s de l\u2019histoire contemporaine du Maroc : de 1965 \u00e0 1971, de l\u2019\u00e9tat d\u2019exception aux coups d\u2019\u00e9tat. 12 novembre 1965 Si la disparition de Ben Barka a soulev\u00e9 l\u2019\u00e9moi des dirigeants de la classe politique, notamment dans les rangs [&hellip;]<\/p>\n","protected":false},"author":1,"featured_media":0,"parent":0,"menu_order":0,"comment_status":"closed","ping_status":"closed","template":"","meta":{"_uag_custom_page_level_css":"","_monsterinsights_skip_tracking":false,"_monsterinsights_sitenote_active":false,"_monsterinsights_sitenote_note":"","_monsterinsights_sitenote_category":0,"_uf_show_specific_survey":0,"_uf_disable_surveys":false,"site-sidebar-layout":"no-sidebar","site-content-layout":"plain-container","ast-site-content-layout":"full-width-container","site-content-style":"unboxed","site-sidebar-style":"unboxed","ast-global-header-display":"","ast-banner-title-visibility":"","ast-main-header-display":"","ast-hfb-above-header-display":"","ast-hfb-below-header-display":"","ast-hfb-mobile-header-display":"","site-post-title":"disabled","ast-breadcrumbs-content":"","ast-featured-img":"","footer-sml-layout":"","theme-transparent-header-meta":"enabled","adv-header-id-meta":"","stick-header-meta":"","header-above-stick-meta":"","header-main-stick-meta":"","header-below-stick-meta":"","astra-migrate-meta-layouts":"set","ast-page-background-enabled":"default","ast-page-background-meta":{"desktop":{"background-color":"","background-image":"","background-repeat":"repeat","background-position":"center center","background-size":"auto","background-attachment":"scroll","background-type":"","background-media":"","overlay-type":"","overlay-color":"","overlay-opacity":"","overlay-gradient":""},"tablet":{"background-color":"","background-image":"","background-repeat":"repeat","background-position":"center center","background-size":"auto","background-attachment":"scroll","background-type":"","background-media":"","overlay-type":"","overlay-color":"","overlay-opacity":"","overlay-gradient":""},"mobile":{"background-color":"","background-image":"","background-repeat":"repeat","background-position":"center center","background-size":"auto","background-attachment":"scroll","background-type":"","background-media":"","overlay-type":"","overlay-color":"","overlay-opacity":"","overlay-gradient":""}},"ast-content-background-meta":{"desktop":{"background-color":"var(--ast-global-color-5)","background-image":"","background-repeat":"repeat","background-position":"center center","background-size":"auto","background-attachment":"scroll","background-type":"","background-media":"","overlay-type":"","overlay-color":"","overlay-opacity":"","overlay-gradient":""},"tablet":{"background-color":"var(--ast-global-color-5)","background-image":"","background-repeat":"repeat","background-position":"center center","background-size":"auto","background-attachment":"scroll","background-type":"","background-media":"","overlay-type":"","overlay-color":"","overlay-opacity":"","overlay-gradient":""},"mobile":{"background-color":"var(--ast-global-color-5)","background-image":"","background-repeat":"repeat","background-position":"center center","background-size":"auto","background-attachment":"scroll","background-type":"","background-media":"","overlay-type":"","overlay-color":"","overlay-opacity":"","overlay-gradient":""}},"footnotes":""},"class_list":["post-3940","page","type-page","status-publish","hentry"],"aioseo_notices":[],"uagb_featured_image_src":{"full":false,"thumbnail":false,"medium":false,"medium_large":false,"large":false,"1536x1536":false,"2048x2048":false},"uagb_author_info":{"display_name":"wmetequkjwqb","author_link":"https:\/\/rabat-maroc.net\/rabat-maroc-V2\/author\/wmetequkjwqb\/"},"uagb_comment_info":0,"uagb_excerpt":"Rabat de Lyautey \u00e0 Mohammed VI portail de Rabat, tourisme, histoire et culture. Plus d&rsquo;information Les dates-cl\u00e9s de l\u2019histoire contemporaine du Maroc : de 1965 \u00e0 1971, de l\u2019\u00e9tat d\u2019exception aux coups d\u2019\u00e9tat. 12 novembre 1965 Si la disparition de Ben Barka a soulev\u00e9 l\u2019\u00e9moi des dirigeants de la classe politique, notamment dans les rangs\u2026","jetpack_sharing_enabled":true,"_links":{"self":[{"href":"https:\/\/rabat-maroc.net\/rabat-maroc-V2\/wp-json\/wp\/v2\/pages\/3940","targetHints":{"allow":["GET"]}}],"collection":[{"href":"https:\/\/rabat-maroc.net\/rabat-maroc-V2\/wp-json\/wp\/v2\/pages"}],"about":[{"href":"https:\/\/rabat-maroc.net\/rabat-maroc-V2\/wp-json\/wp\/v2\/types\/page"}],"author":[{"embeddable":true,"href":"https:\/\/rabat-maroc.net\/rabat-maroc-V2\/wp-json\/wp\/v2\/users\/1"}],"replies":[{"embeddable":true,"href":"https:\/\/rabat-maroc.net\/rabat-maroc-V2\/wp-json\/wp\/v2\/comments?post=3940"}],"version-history":[{"count":46,"href":"https:\/\/rabat-maroc.net\/rabat-maroc-V2\/wp-json\/wp\/v2\/pages\/3940\/revisions"}],"predecessor-version":[{"id":3996,"href":"https:\/\/rabat-maroc.net\/rabat-maroc-V2\/wp-json\/wp\/v2\/pages\/3940\/revisions\/3996"}],"wp:attachment":[{"href":"https:\/\/rabat-maroc.net\/rabat-maroc-V2\/wp-json\/wp\/v2\/media?parent=3940"}],"curies":[{"name":"wp","href":"https:\/\/api.w.org\/{rel}","templated":true}]}}