{"id":3998,"date":"2024-10-23T15:44:36","date_gmt":"2024-10-23T15:44:36","guid":{"rendered":"https:\/\/rabat-maroc.net\/rabat-maroc-V2\/?page_id=3998"},"modified":"2024-10-23T15:56:59","modified_gmt":"2024-10-23T15:56:59","slug":"dates-cles-de-lhistoire-contemporaine-du-maroc-1971-coup-detat-du-palais-de-skihrat","status":"publish","type":"page","link":"https:\/\/rabat-maroc.net\/rabat-maroc-V2\/dates-cles-de-lhistoire-contemporaine-du-maroc-1971-coup-detat-du-palais-de-skihrat\/","title":{"rendered":"dates-cles-de-lhistoire-contemporaine-du-maroc-1971-coup-detat-du-palais-de-skihrat"},"content":{"rendered":"\t\t<div data-elementor-type=\"wp-page\" data-elementor-id=\"3998\" class=\"elementor elementor-3998\">\n\t\t\t\t\t\t<section class=\"elementor-section elementor-top-section elementor-element elementor-element-wt2f15w elementor-section-boxed elementor-section-height-default elementor-section-height-default\" data-id=\"wt2f15w\" data-element_type=\"section\" data-e-type=\"section\" data-settings=\"{&quot;background_background&quot;:&quot;classic&quot;}\">\n\t\t\t\t\t\t\t<div class=\"elementor-background-overlay\"><\/div>\n\t\t\t\t\t\t\t<div class=\"elementor-container elementor-column-gap-default\">\n\t\t\t\t\t<div class=\"elementor-column elementor-col-100 elementor-top-column elementor-element elementor-element-78af2ff\" data-id=\"78af2ff\" data-element_type=\"column\" data-e-type=\"column\">\n\t\t\t<div class=\"elementor-widget-wrap elementor-element-populated\">\n\t\t\t\t\t\t<div class=\"elementor-element elementor-element-58ba8f4 elementor-widget elementor-widget-heading\" data-id=\"58ba8f4\" data-element_type=\"widget\" data-e-type=\"widget\" data-widget_type=\"heading.default\">\n\t\t\t\t<div class=\"elementor-widget-container\">\n\t\t\t\t\t<h1 class=\"elementor-heading-title elementor-size-default\">Rabat de Lyautey \u00e0 Mohammed VI<\/h1>\t\t\t\t<\/div>\n\t\t\t\t<\/div>\n\t\t\t\t<div class=\"elementor-element elementor-element-97cc7d6 elementor-widget elementor-widget-text-editor\" data-id=\"97cc7d6\" data-element_type=\"widget\" data-e-type=\"widget\" data-widget_type=\"text-editor.default\">\n\t\t\t\t<div class=\"elementor-widget-container\">\n\t\t\t\t\t\t\t\t\t<p>portail de Rabat, tourisme, histoire et culture.<\/p>\t\t\t\t\t\t\t\t<\/div>\n\t\t\t\t<\/div>\n\t\t\t\t<div class=\"elementor-element elementor-element-c4c3581 elementor-align-center elementor-widget elementor-widget-button\" data-id=\"c4c3581\" data-element_type=\"widget\" data-e-type=\"widget\" data-widget_type=\"button.default\">\n\t\t\t\t<div class=\"elementor-widget-container\">\n\t\t\t\t\t\t\t\t\t<div class=\"elementor-button-wrapper\">\n\t\t\t\t\t<a class=\"elementor-button elementor-button-link elementor-size-sm\" href=\"#\">\n\t\t\t\t\t\t<span class=\"elementor-button-content-wrapper\">\n\t\t\t\t\t\t\t\t\t<span class=\"elementor-button-text\">Plus d'information<\/span>\n\t\t\t\t\t<\/span>\n\t\t\t\t\t<\/a>\n\t\t\t\t<\/div>\n\t\t\t\t\t\t\t\t<\/div>\n\t\t\t\t<\/div>\n\t\t\t\t\t<\/div>\n\t\t<\/div>\n\t\t\t\t\t<\/div>\n\t\t<\/section>\n\t\t<div class=\"elementor-element elementor-element-b208350 e-flex e-con-boxed e-con e-parent\" data-id=\"b208350\" data-element_type=\"container\" data-e-type=\"container\">\n\t\t\t\t\t<div class=\"e-con-inner\">\n\t\t\t\t<div class=\"elementor-element elementor-element-bed5d70 elementor-widget-divider--view-line elementor-widget elementor-widget-divider\" data-id=\"bed5d70\" data-element_type=\"widget\" data-e-type=\"widget\" data-widget_type=\"divider.default\">\n\t\t\t\t<div class=\"elementor-widget-container\">\n\t\t\t\t\t\t\t<div class=\"elementor-divider\">\n\t\t\t<span class=\"elementor-divider-separator\">\n\t\t\t\t\t\t<\/span>\n\t\t<\/div>\n\t\t\t\t\t\t<\/div>\n\t\t\t\t<\/div>\n\t\t\t\t\t<\/div>\n\t\t\t\t<\/div>\n\t\t\t\t<section class=\"elementor-section elementor-top-section elementor-element elementor-element-13un3ve elementor-section-content-middle elementor-section-boxed elementor-section-height-default elementor-section-height-default elementor-invisible\" data-id=\"13un3ve\" data-element_type=\"section\" data-e-type=\"section\" data-settings=\"{&quot;background_background&quot;:&quot;classic&quot;,&quot;animation&quot;:&quot;zoomInUp&quot;}\">\n\t\t\t\t\t\t\t<div class=\"elementor-background-overlay\"><\/div>\n\t\t\t\t\t\t\t<div class=\"elementor-container elementor-column-gap-no\">\n\t\t\t\t\t<div class=\"elementor-column elementor-col-100 elementor-top-column elementor-element elementor-element-f69add9\" data-id=\"f69add9\" data-element_type=\"column\" data-e-type=\"column\">\n\t\t\t<div class=\"elementor-widget-wrap elementor-element-populated\">\n\t\t\t\t\t\t<div class=\"elementor-element elementor-element-8b7d1ee elementor-widget elementor-widget-image\" data-id=\"8b7d1ee\" data-element_type=\"widget\" data-e-type=\"widget\" data-widget_type=\"image.default\">\n\t\t\t\t<div class=\"elementor-widget-container\">\n\t\t\t\t\t\t\t\t\t\t\t\t\t\t\t<img fetchpriority=\"high\" decoding=\"async\" width=\"1184\" height=\"230\" src=\"https:\/\/rabat-maroc.net\/rabat-maroc-V2\/wp-content\/uploads\/2024\/10\/titre-dates-cles-2-large.gif\" class=\"attachment-full size-full wp-image-3493\" alt=\"titre dates\" \/>\t\t\t\t\t\t\t\t\t\t\t\t\t\t\t<\/div>\n\t\t\t\t<\/div>\n\t\t\t\t<div class=\"elementor-element elementor-element-0c78bee elementor-widget elementor-widget-heading\" data-id=\"0c78bee\" data-element_type=\"widget\" data-e-type=\"widget\" data-widget_type=\"heading.default\">\n\t\t\t\t<div class=\"elementor-widget-container\">\n\t\t\t\t\t<h2 class=\"elementor-heading-title elementor-size-default\">Dates-cl\u00e9s de l\u2019histoire contemporaine du Maroc \u2013 1971 \u2013 coup d\u2019\u00e9tat du palais de Skhirat.<\/h2>\t\t\t\t<\/div>\n\t\t\t\t<\/div>\n\t\t\t\t\t<\/div>\n\t\t<\/div>\n\t\t\t\t\t<\/div>\n\t\t<\/section>\n\t\t<div class=\"elementor-element elementor-element-7cc1ed0 e-flex e-con-boxed e-con e-parent\" data-id=\"7cc1ed0\" data-element_type=\"container\" data-e-type=\"container\">\n\t\t\t\t\t<div class=\"e-con-inner\">\n\t\t\t\t<div class=\"elementor-element elementor-element-3381d2e elementor-widget-divider--view-line elementor-widget elementor-widget-divider\" data-id=\"3381d2e\" data-element_type=\"widget\" data-e-type=\"widget\" data-widget_type=\"divider.default\">\n\t\t\t\t<div class=\"elementor-widget-container\">\n\t\t\t\t\t\t\t<div class=\"elementor-divider\">\n\t\t\t<span class=\"elementor-divider-separator\">\n\t\t\t\t\t\t<\/span>\n\t\t<\/div>\n\t\t\t\t\t\t<\/div>\n\t\t\t\t<\/div>\n\t\t\t\t\t<\/div>\n\t\t\t\t<\/div>\n\t\t\t\t<section class=\"elementor-section elementor-top-section elementor-element elementor-element-4b864ba elementor-section-content-top elementor-section-boxed elementor-section-height-default elementor-section-height-default elementor-invisible\" data-id=\"4b864ba\" data-element_type=\"section\" data-e-type=\"section\" data-settings=\"{&quot;background_background&quot;:&quot;classic&quot;,&quot;animation&quot;:&quot;zoomInDown&quot;}\">\n\t\t\t\t\t\t\t<div class=\"elementor-background-overlay\"><\/div>\n\t\t\t\t\t\t\t<div class=\"elementor-container elementor-column-gap-wide\">\n\t\t\t\t\t<div class=\"elementor-column elementor-col-50 elementor-top-column elementor-element elementor-element-24fef61\" data-id=\"24fef61\" data-element_type=\"column\" data-e-type=\"column\">\n\t\t\t<div class=\"elementor-widget-wrap elementor-element-populated\">\n\t\t\t\t\t\t<div class=\"elementor-element elementor-element-12ce09b elementor-widget elementor-widget-image\" data-id=\"12ce09b\" data-element_type=\"widget\" data-e-type=\"widget\" data-widget_type=\"image.default\">\n\t\t\t\t<div class=\"elementor-widget-container\">\n\t\t\t\t\t\t\t\t\t\t\t\t\t\t\t<img decoding=\"async\" width=\"503\" height=\"335\" src=\"https:\/\/rabat-maroc.net\/rabat-maroc-V2\/wp-content\/uploads\/2024\/10\/hassan2-medbouh.jpg\" class=\"attachment-full size-full wp-image-4009\" alt=\"hassan 2 medbouh\" srcset=\"https:\/\/rabat-maroc.net\/rabat-maroc-V2\/wp-content\/uploads\/2024\/10\/hassan2-medbouh.jpg 503w, https:\/\/rabat-maroc.net\/rabat-maroc-V2\/wp-content\/uploads\/2024\/10\/hassan2-medbouh-300x200.jpg 300w\" sizes=\"(max-width: 503px) 100vw, 503px\" \/>\t\t\t\t\t\t\t\t\t\t\t\t\t\t\t<\/div>\n\t\t\t\t<\/div>\n\t\t\t\t\t<\/div>\n\t\t<\/div>\n\t\t\t\t<div class=\"elementor-column elementor-col-50 elementor-top-column elementor-element elementor-element-81ba2b6\" data-id=\"81ba2b6\" data-element_type=\"column\" data-e-type=\"column\">\n\t\t\t<div class=\"elementor-widget-wrap elementor-element-populated\">\n\t\t\t\t\t\t<div class=\"elementor-element elementor-element-c113eaa elementor-widget elementor-widget-image\" data-id=\"c113eaa\" data-element_type=\"widget\" data-e-type=\"widget\" data-widget_type=\"image.default\">\n\t\t\t\t<div class=\"elementor-widget-container\">\n\t\t\t\t\t\t\t\t\t\t\t\t\t\t\t<img decoding=\"async\" width=\"619\" height=\"579\" src=\"https:\/\/rabat-maroc.net\/rabat-maroc-V2\/wp-content\/uploads\/2024\/10\/dlimi-oufkir-1.jpg\" class=\"attachment-full size-full wp-image-4006\" alt=\"dlimi oufkri\" srcset=\"https:\/\/rabat-maroc.net\/rabat-maroc-V2\/wp-content\/uploads\/2024\/10\/dlimi-oufkir-1.jpg 619w, https:\/\/rabat-maroc.net\/rabat-maroc-V2\/wp-content\/uploads\/2024\/10\/dlimi-oufkir-1-300x281.jpg 300w\" sizes=\"(max-width: 619px) 100vw, 619px\" \/>\t\t\t\t\t\t\t\t\t\t\t\t\t\t\t<\/div>\n\t\t\t\t<\/div>\n\t\t\t\t\t<\/div>\n\t\t<\/div>\n\t\t\t\t\t<\/div>\n\t\t<\/section>\n\t\t\t\t<section class=\"elementor-section elementor-top-section elementor-element elementor-element-baa7880 elementor-section-content-top elementor-section-boxed elementor-section-height-default elementor-section-height-default elementor-invisible\" data-id=\"baa7880\" data-element_type=\"section\" data-e-type=\"section\" data-settings=\"{&quot;background_background&quot;:&quot;classic&quot;,&quot;animation&quot;:&quot;zoomInDown&quot;}\">\n\t\t\t\t\t\t\t<div class=\"elementor-background-overlay\"><\/div>\n\t\t\t\t\t\t\t<div class=\"elementor-container elementor-column-gap-no\">\n\t\t\t\t\t<div class=\"elementor-column elementor-col-100 elementor-top-column elementor-element elementor-element-8e69b06\" data-id=\"8e69b06\" data-element_type=\"column\" data-e-type=\"column\">\n\t\t\t<div class=\"elementor-widget-wrap elementor-element-populated\">\n\t\t\t\t\t\t<div class=\"elementor-element elementor-element-6e5180b elementor-widget elementor-widget-text-editor\" data-id=\"6e5180b\" data-element_type=\"widget\" data-e-type=\"widget\" data-widget_type=\"text-editor.default\">\n\t\t\t\t<div class=\"elementor-widget-container\">\n\t\t\t\t\t\t\t\t\t<h4>10 juillet 1971<\/h4><p>\u00a0<\/p><p>Le roi\u00a0<strong>Hassan<\/strong>\u00a0II donne une grande r\u00e9ception, \u00e0 l\u2019occasion de son 42\u00e8me anniversaire, au palais de\u00a0<strong>Skhirat<\/strong>\u00a0o\u00f9 sont convi\u00e9es plus de 1000 personnes dont de nombreuses personnalit\u00e9s \u00e9trang\u00e8res.<\/p><p>1200 cadets de l\u2019Ecole militaire d\u2019<strong>Ahermoumou<\/strong>\u00a0(une des quatre \u00e9coles militaires marocaines) situ\u00e9e pr\u00e8s de F\u00e8s, partis t\u00f4t le matin dans 25 camions avec 8 tonnes d\u2019armes et de munitions, dirig\u00e9s par le colonel\u00a0<strong>M\u2019hamed Ababou,\u00a0<\/strong>chef de l\u2019\u00e9cole militaire d\u2019Ahermoumou, lui-m\u00eame second\u00e9 par son propre fr\u00e8re<strong>\u00a0<\/strong>le lieutenant-colonel<strong>\u00a0Mohamed Ababou<\/strong>, font irruption dans l\u2019enceinte du palais et donnent l\u2019assaut, au cours de la r\u00e9ception, vers 13h45.<\/p><p>Une fusillade \u00e9clate imm\u00e9diatement, et les mutins s\u2019en prennent aux invit\u00e9s, notamment les militaires grad\u00e9s, en les mitraillant et en lan\u00e7ant des grenades parmi les invit\u00e9s pour emp\u00eacher toute tentative de fuite. Il s\u2019agit d\u2019une tentative de putsch longuement pr\u00e9par\u00e9e et dirig\u00e9e par le g\u00e9n\u00e9ral\u00a0<strong>MEDBOUH<\/strong>, directeur du cabinet militaire du Roi et commandant la garde Royale Marocaine, avec la complicit\u00e9 pr\u00e9sum\u00e9e de tr\u00e8s hauts grad\u00e9s.\u00a0Initialement pr\u00e9vu le 14 mai 1971, lors de manoeuvres militaires \u00e0 El Hajeb (pr\u00e8s de F\u00e8s), ce projet de renversement de la monarchie a \u00e9t\u00e9 finalement report\u00e9 au 10 juillet, lors de la r\u00e9ception organis\u00e9e pour l\u2019anniversaire du roi.<\/p><p>Le roi \u00e9chappe aux cadets mutins et se r\u00e9fugie pendant plus de deux heures dans un exigu local pr\u00e8s du b\u00e2timent officiel, en compagnie de proches membres du gouvernement, parmi lesquels le g\u00e9n\u00e9ral\u00a0<strong>Oufkir<\/strong>. Deux vedettes qui croisent au large semblent vouloir emp\u00eacher toute fuite des participants par la mer. Selon les informations qui ont pu \u00eatre recueillies par la suite (et notamment selon les dires du roi Hassan II lui-m\u00eame), le g\u00e9n\u00e9ral\u00a0<strong>Medbouh<\/strong>\u00a0aurait assez rapidement localis\u00e9 le roi et tent\u00e9 de parlementer avec lui pour le forcer \u00e0 abdiquer, en tenant<strong>\u00a0Ababou<\/strong>\u00a0dans l\u2019ignorance de ces entretiens. Le roi\u00a0<strong>Hassan II<\/strong>\u00a0aurait fermement refus\u00e9 de se soumettre.<\/p><p>Il semble que les mutins aient eu ensuite une dissension dans leurs rangs sur la conduite \u00e0 tenir. En fin d\u2019apr\u00e8s-midi, alors que les tirs semblent diminuer,\u00a0<strong>Medbouh<\/strong>\u00a0est abattu dans des circonstances myst\u00e9rieuses, peut-\u00eatre par\u00a0<strong>M\u2019hamed Ababou<\/strong>\u00a0lui-m\u00eame, \u00e0 la suite d\u2019un diff\u00e9rend entre les deux insurg\u00e9s sur le sort \u00e0 r\u00e9server au roi.<\/p><p><strong>Ababou<\/strong>\u00a0et l\u2019essentiel des jeunes cadets filent alors pr\u00e9cipitamment vers Rabat, persuad\u00e9s que\u00a0<strong>Medbouh<\/strong>\u00a0a volontairement laiss\u00e9 le roi s\u2019enfuir en h\u00e9licopt\u00e8re vers Rabat. Le roi et les convives sont d\u00e9couverts par les quelques cadets encore pr\u00e9sents et sont extraits de leur local mains en l\u2019air. Un de ces cadets reconna\u00eet alors le roi<strong>\u00a0Hassan II<\/strong>. Ce dernier lui demande de lui baiser la main, de s\u2019agenouiller et ils r\u00e9citent ensemble la Fatiha (1er verset du Coran). D\u00e8s lors, tous les autres cadets baissent leurs armes et Hassan II reprend la situation en mains en investissant imm\u00e9diatement le g\u00e9n\u00e9ral\u00a0<strong>OUFKIR<\/strong>\u00a0des pleins pouvoirs militaires.<\/p><p>Entretemps, l\u2019\u00e9tat major des F.A.R et l\u2019immeuble de la Radio-T\u00e9l\u00e9vision ainsi que le Minist\u00e8re de l\u2019int\u00e9rieur sont pris d\u2019assaut par les troupes rebelles men\u00e9es notamment par l\u2019adjudant-chef\u00a0<strong>Harrouch\u00a0Akka<\/strong>, bras droit du colonel\u00a0<strong>Ababou<\/strong>.<\/p><p>A 16 h 45, un premier message est diffus\u00e9 sur les ondes de la RTM, dont les locaux sont situ\u00e9s\u00a0rue Brihi,\u00a0au nom d\u2019un comit\u00e9 de la r\u00e9volution, qui annonce la fin du r\u00e9gime. Les rues de Rabat sont d\u00e9sert\u00e9es par la population civile.\u00a0<strong>Ababou<\/strong>\u00a0r\u00e9unit les officiers comploteurs \u00e0 l\u2019Etat Major, parmi lesquels certains g\u00e9n\u00e9raux commandants de r\u00e9gions militaires.<\/p><p>D\u00e8s le d\u00e9but de soir\u00e9e, les troupes loyalistes dont la Brigade l\u00e9g\u00e8re de s\u00e9curit\u00e9, \u00adcommand\u00e9e par le colonel\u00a0<strong>Assari<\/strong>, investissent le quartier des minist\u00e8res du Touarga. Au cours de la nuit, les troupes gouvernementales sous les ordres d\u2019<strong>Oufkir<\/strong>\u00a0reprennent un par un les b\u00e2timents occup\u00e9s et d\u00e9sarment les insurg\u00e9s.<\/p><p>Les unit\u00e9s sp\u00e9ciales sous les ordres du\u00a0 g\u00e9n\u00e9ral\u00a0<strong>Bachir Bouhali<\/strong>, commandant des FAR, reprennent l\u2019\u00e9tat-major.\u00a0<strong>M\u2019hamed Ababou<\/strong>\u00a0est tr\u00e8s rapidement tu\u00e9 lors de ces affrontements, mais\u00a0le g\u00e9n\u00e9ral\u00a0<strong>Bachir Bouhali<\/strong>\u00a0y perd la vie abattu par le rebelle, l\u2019adjudant-chef\u00a0<strong>Akka<\/strong>, d\u2019une rafale d\u2019arme automatique.<\/p><p><strong>Bilan de cette journ\u00e9e : environ 150 morts dont 60 invit\u00e9s et plusieurs centaines de bless\u00e9s, mais le bilan r\u00e9el des victimes n\u2019a jamais \u00e9t\u00e9 officialis\u00e9.<\/strong><\/p><h4><strong>13 juillet 1971<\/strong><\/h4><p>Le roi annonce officiellement l\u2019\u00e9chec du putsch.<\/p><p>A 11h15, sur\u00a0le champ de tir d\u2019El-Menzel\u00a0dix officiers, dont quatre g\u00e9n\u00e9raux (les chefs de r\u00e9gions militaires qui auraient \u00e9t\u00e9 complices) sont fusill\u00e9s. Il s\u2019agit des g\u00e9n\u00e9raux\u00a0<strong>Hamou, Bougrine, Habibi, Moustapha<\/strong>, des colonels\u00a0<strong>Chelouati, Feneri, Lakbir Belabsir, Ammi, Abou Sar<\/strong>i et du commandant\u00a0<strong>Manouzi<\/strong>. Apr\u00e8s ces tragiques \u00e9v\u00e9nements, l\u2019arm\u00e9e marocaine est d\u00e9cim\u00e9e : elle perd neuf g\u00e9n\u00e9raux sur quatorze.<\/p><p>Hassan II prend une s\u00e9rie de mesures destin\u00e9es \u00e0 renforcer l\u2019ordre et la s\u00e9curit\u00e9 dans le pays : il\u00a0 proc\u00e9de \u00e0 diverses nominations et place le port de Casablanca sous le contr\u00f4le direct de l\u2019arm\u00e9e.<\/p>\t\t\t\t\t\t\t\t<\/div>\n\t\t\t\t<\/div>\n\t\t\t\t\t<\/div>\n\t\t<\/div>\n\t\t\t\t\t<\/div>\n\t\t<\/section>\n\t\t<div class=\"elementor-element elementor-element-7719b9c e-flex e-con-boxed e-con e-parent\" data-id=\"7719b9c\" data-element_type=\"container\" data-e-type=\"container\">\n\t\t\t\t\t<div class=\"e-con-inner\">\n\t\t\t\t<div class=\"elementor-element elementor-element-889380b elementor-widget-divider--view-line elementor-widget elementor-widget-divider\" data-id=\"889380b\" data-element_type=\"widget\" data-e-type=\"widget\" data-widget_type=\"divider.default\">\n\t\t\t\t<div class=\"elementor-widget-container\">\n\t\t\t\t\t\t\t<div class=\"elementor-divider\">\n\t\t\t<span class=\"elementor-divider-separator\">\n\t\t\t\t\t\t<\/span>\n\t\t<\/div>\n\t\t\t\t\t\t<\/div>\n\t\t\t\t<\/div>\n\t\t\t\t\t<\/div>\n\t\t\t\t<\/div>\n\t\t\t\t<section class=\"elementor-section elementor-top-section elementor-element elementor-element-714ebe9 elementor-section-content-top elementor-section-boxed elementor-section-height-default elementor-section-height-default elementor-invisible\" data-id=\"714ebe9\" data-element_type=\"section\" data-e-type=\"section\" data-settings=\"{&quot;background_background&quot;:&quot;classic&quot;,&quot;animation&quot;:&quot;zoomInDown&quot;}\">\n\t\t\t\t\t\t\t<div class=\"elementor-background-overlay\"><\/div>\n\t\t\t\t\t\t\t<div class=\"elementor-container elementor-column-gap-no\">\n\t\t\t\t\t<div class=\"elementor-column elementor-col-100 elementor-top-column elementor-element elementor-element-b3c0133\" data-id=\"b3c0133\" data-element_type=\"column\" data-e-type=\"column\">\n\t\t\t<div class=\"elementor-widget-wrap elementor-element-populated\">\n\t\t\t\t\t\t<div class=\"elementor-element elementor-element-45f6a10 elementor-widget elementor-widget-text-editor\" data-id=\"45f6a10\" data-element_type=\"widget\" data-e-type=\"widget\" data-widget_type=\"text-editor.default\">\n\t\t\t\t<div class=\"elementor-widget-container\">\n\t\t\t\t\t\t\t\t\t<h4><strong>23 avril 1971<\/strong><\/h4><p>Le roi Hassan II proc\u00e8de en urgence \u00e0 un remaniement minist\u00e9riel important\u00a0: quatre ministres sont d\u00e9mis de leur fonction de m\u00eame que plusieurs hauts fonctionnaires \u00e0 la suite de la rumeur d\u2019arrestation de l\u2019homme d\u2019affaires\u00a0<strong>Omar Ben Messaoud<\/strong>\u00a0aux relations haut plac\u00e9es.<\/p><h4><strong>17 mai 1971<\/strong><\/h4><p>Ouverture \u00e0 Marrakech du proc\u00e8s de 191 personnes inculp\u00e9es pour atteinte \u00e0 la s\u00fbret\u00e9 de l\u2019\u00c9tat. 161 inculp\u00e9s sont pr\u00e9sents et 30 sont absents et en fuite \u00e0 l\u2019\u00e9tranger, dont\u00a0<strong>Mohamed Basri<\/strong>, ancien leader de l\u2019opposition, d\u00e9j\u00e0 condamn\u00e9 \u00e0 mort lors du proc\u00e8s de 1963 et gr\u00e2ci\u00e9 en 1965.<\/p>\t\t\t\t\t\t\t\t<\/div>\n\t\t\t\t<\/div>\n\t\t\t\t\t<\/div>\n\t\t<\/div>\n\t\t\t\t\t<\/div>\n\t\t<\/section>\n\t\t<div class=\"elementor-element elementor-element-9b36ce5 e-flex e-con-boxed e-con e-parent\" data-id=\"9b36ce5\" data-element_type=\"container\" data-e-type=\"container\">\n\t\t\t\t\t<div class=\"e-con-inner\">\n\t\t\t\t<div class=\"elementor-element elementor-element-6159073 elementor-widget-divider--view-line elementor-widget elementor-widget-divider\" data-id=\"6159073\" data-element_type=\"widget\" data-e-type=\"widget\" data-widget_type=\"divider.default\">\n\t\t\t\t<div class=\"elementor-widget-container\">\n\t\t\t\t\t\t\t<div class=\"elementor-divider\">\n\t\t\t<span class=\"elementor-divider-separator\">\n\t\t\t\t\t\t<\/span>\n\t\t<\/div>\n\t\t\t\t\t\t<\/div>\n\t\t\t\t<\/div>\n\t\t\t\t\t<\/div>\n\t\t\t\t<\/div>\n\t\t\t\t<section class=\"elementor-section elementor-top-section elementor-element elementor-element-9d78035 elementor-section-content-top elementor-section-boxed elementor-section-height-default elementor-section-height-default elementor-invisible\" data-id=\"9d78035\" data-element_type=\"section\" data-e-type=\"section\" data-settings=\"{&quot;background_background&quot;:&quot;classic&quot;,&quot;animation&quot;:&quot;zoomInDown&quot;}\">\n\t\t\t\t\t\t\t<div class=\"elementor-background-overlay\"><\/div>\n\t\t\t\t\t\t\t<div class=\"elementor-container elementor-column-gap-wide\">\n\t\t\t\t\t<div class=\"elementor-column elementor-col-33 elementor-top-column elementor-element elementor-element-649e54c\" data-id=\"649e54c\" data-element_type=\"column\" data-e-type=\"column\">\n\t\t\t<div class=\"elementor-widget-wrap elementor-element-populated\">\n\t\t\t\t\t\t<div class=\"elementor-element elementor-element-df08d24 elementor-widget elementor-widget-image\" data-id=\"df08d24\" data-element_type=\"widget\" data-e-type=\"widget\" data-widget_type=\"image.default\">\n\t\t\t\t<div class=\"elementor-widget-container\">\n\t\t\t\t\t\t\t\t\t\t\t\t\t\t\t<img loading=\"lazy\" decoding=\"async\" width=\"376\" height=\"400\" src=\"https:\/\/rabat-maroc.net\/rabat-maroc-V2\/wp-content\/uploads\/2024\/10\/ababou1-1.jpg\" class=\"attachment-full size-full wp-image-4004\" alt=\"ababou\" srcset=\"https:\/\/rabat-maroc.net\/rabat-maroc-V2\/wp-content\/uploads\/2024\/10\/ababou1-1.jpg 376w, https:\/\/rabat-maroc.net\/rabat-maroc-V2\/wp-content\/uploads\/2024\/10\/ababou1-1-282x300.jpg 282w\" sizes=\"(max-width: 376px) 100vw, 376px\" \/>\t\t\t\t\t\t\t\t\t\t\t\t\t\t\t<\/div>\n\t\t\t\t<\/div>\n\t\t\t\t\t<\/div>\n\t\t<\/div>\n\t\t\t\t<div class=\"elementor-column elementor-col-33 elementor-top-column elementor-element elementor-element-875ac4b\" data-id=\"875ac4b\" data-element_type=\"column\" data-e-type=\"column\">\n\t\t\t<div class=\"elementor-widget-wrap elementor-element-populated\">\n\t\t\t\t\t\t<div class=\"elementor-element elementor-element-8f90d41 elementor-widget elementor-widget-image\" data-id=\"8f90d41\" data-element_type=\"widget\" data-e-type=\"widget\" data-widget_type=\"image.default\">\n\t\t\t\t<div class=\"elementor-widget-container\">\n\t\t\t\t\t\t\t\t\t\t\t\t\t\t\t<img loading=\"lazy\" decoding=\"async\" width=\"373\" height=\"693\" src=\"https:\/\/rabat-maroc.net\/rabat-maroc-V2\/wp-content\/uploads\/2024\/10\/adjudant-chef-Harrouch-Akka.jpg\" class=\"attachment-full size-full wp-image-4005\" alt=\"adjudant chef Harrouch Akka\" srcset=\"https:\/\/rabat-maroc.net\/rabat-maroc-V2\/wp-content\/uploads\/2024\/10\/adjudant-chef-Harrouch-Akka.jpg 373w, https:\/\/rabat-maroc.net\/rabat-maroc-V2\/wp-content\/uploads\/2024\/10\/adjudant-chef-Harrouch-Akka-161x300.jpg 161w\" sizes=\"(max-width: 373px) 100vw, 373px\" \/>\t\t\t\t\t\t\t\t\t\t\t\t\t\t\t<\/div>\n\t\t\t\t<\/div>\n\t\t\t\t\t<\/div>\n\t\t<\/div>\n\t\t\t\t<div class=\"elementor-column elementor-col-33 elementor-top-column elementor-element elementor-element-fe9d3ef\" data-id=\"fe9d3ef\" data-element_type=\"column\" data-e-type=\"column\">\n\t\t\t<div class=\"elementor-widget-wrap elementor-element-populated\">\n\t\t\t\t\t\t<div class=\"elementor-element elementor-element-992bcb9 elementor-widget elementor-widget-image\" data-id=\"992bcb9\" data-element_type=\"widget\" data-e-type=\"widget\" data-widget_type=\"image.default\">\n\t\t\t\t<div class=\"elementor-widget-container\">\n\t\t\t\t\t\t\t\t\t\t\t\t\t\t\t<img loading=\"lazy\" decoding=\"async\" width=\"697\" height=\"1096\" src=\"https:\/\/rabat-maroc.net\/rabat-maroc-V2\/wp-content\/uploads\/2024\/10\/general-Bachir-Bouhali-ET-le-futur-mm6.jpg\" class=\"attachment-full size-full wp-image-4007\" alt=\"\" srcset=\"https:\/\/rabat-maroc.net\/rabat-maroc-V2\/wp-content\/uploads\/2024\/10\/general-Bachir-Bouhali-ET-le-futur-mm6.jpg 697w, https:\/\/rabat-maroc.net\/rabat-maroc-V2\/wp-content\/uploads\/2024\/10\/general-Bachir-Bouhali-ET-le-futur-mm6-191x300.jpg 191w, https:\/\/rabat-maroc.net\/rabat-maroc-V2\/wp-content\/uploads\/2024\/10\/general-Bachir-Bouhali-ET-le-futur-mm6-651x1024.jpg 651w\" sizes=\"(max-width: 697px) 100vw, 697px\" \/>\t\t\t\t\t\t\t\t\t\t\t\t\t\t\t<\/div>\n\t\t\t\t<\/div>\n\t\t\t\t\t<\/div>\n\t\t<\/div>\n\t\t\t\t\t<\/div>\n\t\t<\/section>\n\t\t\t\t<section class=\"elementor-section elementor-top-section elementor-element elementor-element-4a4644a elementor-section-content-top elementor-section-boxed elementor-section-height-default elementor-section-height-default elementor-invisible\" data-id=\"4a4644a\" data-element_type=\"section\" data-e-type=\"section\" data-settings=\"{&quot;background_background&quot;:&quot;classic&quot;,&quot;animation&quot;:&quot;zoomInDown&quot;}\">\n\t\t\t\t\t\t\t<div class=\"elementor-background-overlay\"><\/div>\n\t\t\t\t\t\t\t<div class=\"elementor-container elementor-column-gap-no\">\n\t\t\t\t\t<div class=\"elementor-column elementor-col-100 elementor-top-column elementor-element elementor-element-55e52a0\" data-id=\"55e52a0\" data-element_type=\"column\" data-e-type=\"column\">\n\t\t\t<div class=\"elementor-widget-wrap elementor-element-populated\">\n\t\t\t\t\t\t<div class=\"elementor-element elementor-element-2713667 elementor-widget elementor-widget-text-editor\" data-id=\"2713667\" data-element_type=\"widget\" data-e-type=\"widget\" data-widget_type=\"text-editor.default\">\n\t\t\t\t<div class=\"elementor-widget-container\">\n\t\t\t\t\t\t\t\t\t<h4><strong>20 janvier 1966<\/strong><\/h4><p>Un mandat d\u2019arr\u00eat international est lanc\u00e9 contre Oufkir et Dlimi. Hassan II manifeste publiquement son soutien \u00e0 Oufkir. L\u2019opinion publique marocaine le conforte dans cette posture. L\u2019UNFP est silencieuse.<\/p><h4><strong>3 mars 1966<\/strong><\/h4><p>Un dahir du 10 f\u00e9vrier 1966 surprend le monde politique mais surtout militaire : il fixe la nouvelle composition de la garde royale qui comprend d\u00e9sormais une formation a\u00e9roport\u00e9e et parachutiste. Ce dahir souligne la d\u00e9fiance de Hassan II \u00e0 l\u2019\u00e9gard des F.A.R. On constatera par la suite, lors des tentatives de coup d\u2019\u00e9tat, l\u2019importance de ce dahir.<\/p><h4><strong>6 avril 1966<\/strong><\/h4><p>Lors d\u2019une conf\u00e9rence du presse, le ministre de l\u2019\u00e9ducation nationale, le Dr Benhima, remet en cause le processus d\u2019arabisation et pr\u00f4ne une s\u00e9lection pour l\u2019entr\u00e9e du secondaire. Aussit\u00f4t les organisations syndicales ouvri\u00e8res et \u00e9tudiantes, UMT, UGEM et UNEM se mobilisent en organisant des manifestations de protestation qui recueillent un grand soutien dans la population.<\/p><p>Les \u00e9tudiants, dans la mouvance de l\u2019agitation \u00e9tudiante qui existe dans le monde occidental, notamment en Allemagne et en France en 1968, maintiennnent r\u00e9guli\u00e8rement des mouvements de protestation jusqu\u2019en 1971. Hassan Isma\u00efl le vice-pr\u00e9sident de l\u2019UNEM et l\u2019avocat Omar Benjelloun sont condamn\u00e9s \u00e0 de lourdes peines de prison pour incitation \u00e0 la gr\u00e8ve.<\/p><h4><strong>9 juin 1966<\/strong><\/h4><p>Institution de par la Loi d\u2019un service militaire obligatoire de 18 mois pour tous les marocains \u00e2g\u00e9s de 18 ans : le service militaire se veut un instrument de modernisation et un moyen de promotion sociale.<\/p><h4><strong>4 juillet 1966<\/strong><\/h4><p>Publication des d\u00e9crets d\u2019application de la r\u00e9forme agraire : l\u2019Etat marocain doit remettre \u00e0 des paysans marocains plus de 303.000 hectares r\u00e9cup\u00e9r\u00e9s sur les terres exploit\u00e9es par les colons fran\u00e7ais. Dans les faits, quelques milliers d\u2019hectares sont r\u00e9ellement remis aux paysans en 1966, la plus grande partie se fera en 1972. L\u2019essentiel des terres r\u00e9cup\u00e9r\u00e9es sur les lots de colonisation du temps du protectorat est c\u00e9d\u00e9 aux provinces pour leur exploitation afin que leurs recettes soient affect\u00e9es aux budgets provinciaux.<br \/>A l\u2019ind\u00e9pendance, sur 4,5 millions d\u2019hectares cultivables, 1 million d\u2019hectares \u00e9tait exploit\u00e9 par 5400 colons fran\u00e7ais, 1,8 millions d\u2019hectares par 7500 f\u00e9odaux marocains tandis que les 600.000 paysans se partageaient un peu moins de 2 millions d\u2019hectares.<\/p><h4><strong>5 septembre 1966<\/strong><\/h4><p>Le proc\u00e8s des principaux impliqu\u00e9s dans l\u2019affaire du rapt de Ben Barka s\u2019ouvre \u00e0 Paris. Dlimi, mis en cause, se pr\u00e9sentera lui-m\u00eame au palais de justice le 19 octobre 1966 pour \u00ab\u00a0laver l\u2019honneur de son pays\u00a0\u00bb. Le proc\u00e8s est remis pour suppl\u00e9ment d\u2019instruction, Dlimi est plac\u00e9 en d\u00e9tention provisoire. Il est promu aussit\u00f4t Lieutenant-colonel par le roi.<\/p><h4><strong>16 f\u00e9vrier 1967<\/strong><\/h4><p>L\u2019arrestation d\u2019\u00e9tudiants dans l\u2019enceinte m\u00eame de l\u2019universit\u00e9 de Rabat, montre l\u2019impossibilit\u00e9 d\u2019un dialogue entre l\u2019UNEM et le pouvoir.<\/p><h4><strong>3 mars 1967<\/strong><\/h4><p>Discours du tr\u00f4ne : le roi annonce une prochaine r\u00e9forme de la constitution en vue de la lev\u00e9e de l\u2019\u00e9tat d\u2019exception en vigueur depuis le 4 juin 1965.<\/p><h4><strong>5 juin 1967<\/strong><\/h4><p>Apr\u00e8s ouverture du nouveau proc\u00e8s du rapt de Ben Barka, le verdict tombe : les principaux accus\u00e9s fran\u00e7ais Lopez et Souchon sont condamn\u00e9s \u00e0 8 ans. Dlimi est acquitt\u00e9 faute preuve et sort de prison. Oufkir est condamn\u00e9 \u00e0 perp\u00e9tuit\u00e9 par contumace. En rentrant triomphalement au Maroc, Dlimi est nomm\u00e9 directeur du cabinet militaire du roi.<\/p><p>Le verdict du proc\u00e8s des ravisseurs de Ben Barka ne suscite pas d\u2019\u00e9motion particuli\u00e8re au Maroc, car l\u2019attention de toute la population se porte vers le conflit israelo-palestinien. A Rabat, des manifestations de soutien \u00e0 la cause palestinienne sont organis\u00e9es par l\u2019U.M.T. L\u2019ambassade des Etats-Unis est endommag\u00e9e. A Casablanca, quatre navires am\u00e9ricains sont bloqu\u00e9s dans le port par des ouvriers de l\u2019UMT. A Mekn\u00e8s, deux isra\u00e9lites sont tu\u00e9s au cours de manifestations antisionistes.<\/p><p>Cette p\u00e9riode marque la derni\u00e8re des vagues d\u2019\u00e9migration des juifs marocains vers les U.S.A, le Canada, la France et Isra\u00ebl (l\u2019\u00e9migration juive vers Isra\u00ebl interdite \u00e0 l\u2019ind\u00e9pendance avait \u00e9t\u00e9 autoris\u00e9e \u00e0 nouveau en 1961, apr\u00e8s la naufrage du bateau \u00ab\u00a0le Pisces\u00a0\u00bb rempli d\u2019\u00e9migrants clandestins, provoquant la mort de 42 juifs marocains). Du 5 juin au 1er novembre 1967, 7000 juifs auraient ainsi quitt\u00e9 le pays (chiffre non officiel).<\/p><h4><strong>6 juillet 1967<\/strong><\/h4><p>Hassan II abandonne le poste de chef du gouvernement qu\u2019il occupait depuis le 7 juin 1965. Nomination de Mohammed Benhima (sans \u00e9tiquette) comme premier ministre, et constitution d\u2019un nouveau gouvernement. Oufkir fait partie du cabinet minist\u00e9riel. Il est nomm\u00e9, par ailleurs, g\u00e9n\u00e9ral de division. L\u2019Istiqlal reste dans l\u2019opposition.<\/p><h4><strong>14 juillet 1967<\/strong><\/h4><p>La r\u00e9pression s\u2019accentue sur les politiques de gauche comme sur la presse d\u2019opposition. Parmi eux, quatre directeurs de journaux sont arr\u00eat\u00e9s, Berrada, directeur de l\u2019Opinion (Istiqlal) et El Yazghi, directeur de Lib\u00e9ration (UNFP), pour \u00ab\u00a0atteinte \u00e0 l\u2019ordre public\u00a0\u00bb.<\/p><p>Le 28 juillet 1967, le gouvernement interdit la r\u00e9union du congr\u00e9s annuel de l\u2019UNEM.<\/p>\t\t\t\t\t\t\t\t<\/div>\n\t\t\t\t<\/div>\n\t\t\t\t\t<\/div>\n\t\t<\/div>\n\t\t\t\t\t<\/div>\n\t\t<\/section>\n\t\t<div class=\"elementor-element elementor-element-78de4dc e-flex e-con-boxed e-con e-parent\" data-id=\"78de4dc\" data-element_type=\"container\" data-e-type=\"container\">\n\t\t\t\t\t<div class=\"e-con-inner\">\n\t\t\t\t<div class=\"elementor-element elementor-element-051a36a elementor-widget-divider--view-line elementor-widget elementor-widget-divider\" data-id=\"051a36a\" data-element_type=\"widget\" data-e-type=\"widget\" data-widget_type=\"divider.default\">\n\t\t\t\t<div class=\"elementor-widget-container\">\n\t\t\t\t\t\t\t<div class=\"elementor-divider\">\n\t\t\t<span class=\"elementor-divider-separator\">\n\t\t\t\t\t\t<\/span>\n\t\t<\/div>\n\t\t\t\t\t\t<\/div>\n\t\t\t\t<\/div>\n\t\t\t\t\t<\/div>\n\t\t\t\t<\/div>\n\t\t\t\t<section class=\"elementor-section elementor-top-section elementor-element elementor-element-531c6b5 elementor-section-content-top elementor-section-boxed elementor-section-height-default elementor-section-height-default elementor-invisible\" data-id=\"531c6b5\" data-element_type=\"section\" data-e-type=\"section\" data-settings=\"{&quot;background_background&quot;:&quot;classic&quot;,&quot;animation&quot;:&quot;zoomInDown&quot;}\">\n\t\t\t\t\t\t\t<div class=\"elementor-background-overlay\"><\/div>\n\t\t\t\t\t\t\t<div class=\"elementor-container elementor-column-gap-wide\">\n\t\t\t\t\t<div class=\"elementor-column elementor-col-25 elementor-top-column elementor-element elementor-element-2d60345\" data-id=\"2d60345\" data-element_type=\"column\" data-e-type=\"column\">\n\t\t\t<div class=\"elementor-widget-wrap elementor-element-populated\">\n\t\t\t\t\t\t<div class=\"elementor-element elementor-element-ee05432 elementor-widget elementor-widget-image\" data-id=\"ee05432\" data-element_type=\"widget\" data-e-type=\"widget\" data-widget_type=\"image.default\">\n\t\t\t\t<div class=\"elementor-widget-container\">\n\t\t\t\t\t\t\t\t\t\t\t\t\t\t\t<img loading=\"lazy\" decoding=\"async\" width=\"800\" height=\"390\" src=\"https:\/\/rabat-maroc.net\/rabat-maroc-V2\/wp-content\/uploads\/2024\/10\/plan-du-palais-de-skihrat-10-07-1971.jpg\" class=\"attachment-full size-full wp-image-4011\" alt=\"plan du palais de skihart 10 07 1971\" srcset=\"https:\/\/rabat-maroc.net\/rabat-maroc-V2\/wp-content\/uploads\/2024\/10\/plan-du-palais-de-skihrat-10-07-1971.jpg 800w, https:\/\/rabat-maroc.net\/rabat-maroc-V2\/wp-content\/uploads\/2024\/10\/plan-du-palais-de-skihrat-10-07-1971-300x146.jpg 300w, https:\/\/rabat-maroc.net\/rabat-maroc-V2\/wp-content\/uploads\/2024\/10\/plan-du-palais-de-skihrat-10-07-1971-768x374.jpg 768w\" sizes=\"(max-width: 800px) 100vw, 800px\" \/>\t\t\t\t\t\t\t\t\t\t\t\t\t\t\t<\/div>\n\t\t\t\t<\/div>\n\t\t\t\t\t<\/div>\n\t\t<\/div>\n\t\t\t\t<div class=\"elementor-column elementor-col-25 elementor-top-column elementor-element elementor-element-3eb1e4d\" data-id=\"3eb1e4d\" data-element_type=\"column\" data-e-type=\"column\">\n\t\t\t<div class=\"elementor-widget-wrap elementor-element-populated\">\n\t\t\t\t\t\t<div class=\"elementor-element elementor-element-1b76253 elementor-widget elementor-widget-image\" data-id=\"1b76253\" data-element_type=\"widget\" data-e-type=\"widget\" data-widget_type=\"image.default\">\n\t\t\t\t<div class=\"elementor-widget-container\">\n\t\t\t\t\t\t\t\t\t\t\t\t\t\t\t<img loading=\"lazy\" decoding=\"async\" width=\"1737\" height=\"798\" src=\"https:\/\/rabat-maroc.net\/rabat-maroc-V2\/wp-content\/uploads\/2024\/10\/palais-de-skhirat-10-juillet-1971-2.jpg\" class=\"attachment-full size-full wp-image-4010\" alt=\"\" srcset=\"https:\/\/rabat-maroc.net\/rabat-maroc-V2\/wp-content\/uploads\/2024\/10\/palais-de-skhirat-10-juillet-1971-2.jpg 1737w, https:\/\/rabat-maroc.net\/rabat-maroc-V2\/wp-content\/uploads\/2024\/10\/palais-de-skhirat-10-juillet-1971-2-300x138.jpg 300w, https:\/\/rabat-maroc.net\/rabat-maroc-V2\/wp-content\/uploads\/2024\/10\/palais-de-skhirat-10-juillet-1971-2-1024x470.jpg 1024w, https:\/\/rabat-maroc.net\/rabat-maroc-V2\/wp-content\/uploads\/2024\/10\/palais-de-skhirat-10-juillet-1971-2-768x353.jpg 768w, https:\/\/rabat-maroc.net\/rabat-maroc-V2\/wp-content\/uploads\/2024\/10\/palais-de-skhirat-10-juillet-1971-2-1536x706.jpg 1536w\" sizes=\"(max-width: 1737px) 100vw, 1737px\" \/>\t\t\t\t\t\t\t\t\t\t\t\t\t\t\t<\/div>\n\t\t\t\t<\/div>\n\t\t\t\t\t<\/div>\n\t\t<\/div>\n\t\t\t\t<div class=\"elementor-column elementor-col-25 elementor-top-column elementor-element elementor-element-6cc6a29\" data-id=\"6cc6a29\" data-element_type=\"column\" data-e-type=\"column\">\n\t\t\t<div class=\"elementor-widget-wrap elementor-element-populated\">\n\t\t\t\t\t\t<div class=\"elementor-element elementor-element-9a9d059 elementor-widget elementor-widget-image\" data-id=\"9a9d059\" data-element_type=\"widget\" data-e-type=\"widget\" data-widget_type=\"image.default\">\n\t\t\t\t<div class=\"elementor-widget-container\">\n\t\t\t\t\t\t\t\t\t\t\t\t\t\t\t<img loading=\"lazy\" decoding=\"async\" width=\"1699\" height=\"733\" src=\"https:\/\/rabat-maroc.net\/rabat-maroc-V2\/wp-content\/uploads\/2024\/10\/rtm-11-juillet-1971-rue-bihri.jpg\" class=\"attachment-full size-full wp-image-4012\" alt=\"\" srcset=\"https:\/\/rabat-maroc.net\/rabat-maroc-V2\/wp-content\/uploads\/2024\/10\/rtm-11-juillet-1971-rue-bihri.jpg 1699w, https:\/\/rabat-maroc.net\/rabat-maroc-V2\/wp-content\/uploads\/2024\/10\/rtm-11-juillet-1971-rue-bihri-300x129.jpg 300w, https:\/\/rabat-maroc.net\/rabat-maroc-V2\/wp-content\/uploads\/2024\/10\/rtm-11-juillet-1971-rue-bihri-1024x442.jpg 1024w, https:\/\/rabat-maroc.net\/rabat-maroc-V2\/wp-content\/uploads\/2024\/10\/rtm-11-juillet-1971-rue-bihri-768x331.jpg 768w, https:\/\/rabat-maroc.net\/rabat-maroc-V2\/wp-content\/uploads\/2024\/10\/rtm-11-juillet-1971-rue-bihri-1536x663.jpg 1536w\" sizes=\"(max-width: 1699px) 100vw, 1699px\" \/>\t\t\t\t\t\t\t\t\t\t\t\t\t\t\t<\/div>\n\t\t\t\t<\/div>\n\t\t\t\t\t<\/div>\n\t\t<\/div>\n\t\t\t\t<div class=\"elementor-column elementor-col-25 elementor-top-column elementor-element elementor-element-0e95a5f\" data-id=\"0e95a5f\" data-element_type=\"column\" data-e-type=\"column\">\n\t\t\t<div class=\"elementor-widget-wrap elementor-element-populated\">\n\t\t\t\t\t\t<div class=\"elementor-element elementor-element-fd8d6ad elementor-widget elementor-widget-image\" data-id=\"fd8d6ad\" data-element_type=\"widget\" data-e-type=\"widget\" data-widget_type=\"image.default\">\n\t\t\t\t<div class=\"elementor-widget-container\">\n\t\t\t\t\t\t\t\t\t\t\t\t\t\t\t<img loading=\"lazy\" decoding=\"async\" width=\"800\" height=\"510\" src=\"https:\/\/rabat-maroc.net\/rabat-maroc-V2\/wp-content\/uploads\/2024\/10\/habibi-bougrine.jpg\" class=\"attachment-full size-full wp-image-4008\" alt=\"\" srcset=\"https:\/\/rabat-maroc.net\/rabat-maroc-V2\/wp-content\/uploads\/2024\/10\/habibi-bougrine.jpg 800w, https:\/\/rabat-maroc.net\/rabat-maroc-V2\/wp-content\/uploads\/2024\/10\/habibi-bougrine-300x191.jpg 300w, https:\/\/rabat-maroc.net\/rabat-maroc-V2\/wp-content\/uploads\/2024\/10\/habibi-bougrine-768x490.jpg 768w\" sizes=\"(max-width: 800px) 100vw, 800px\" \/>\t\t\t\t\t\t\t\t\t\t\t\t\t\t\t<\/div>\n\t\t\t\t<\/div>\n\t\t\t\t\t<\/div>\n\t\t<\/div>\n\t\t\t\t\t<\/div>\n\t\t<\/section>\n\t\t<div class=\"elementor-element elementor-element-29da1af e-flex e-con-boxed e-con e-parent\" data-id=\"29da1af\" data-element_type=\"container\" data-e-type=\"container\">\n\t\t\t\t\t<div class=\"e-con-inner\">\n\t\t\t\t<div class=\"elementor-element elementor-element-a40458b elementor-widget-divider--view-line elementor-widget elementor-widget-divider\" data-id=\"a40458b\" data-element_type=\"widget\" data-e-type=\"widget\" data-widget_type=\"divider.default\">\n\t\t\t\t<div class=\"elementor-widget-container\">\n\t\t\t\t\t\t\t<div class=\"elementor-divider\">\n\t\t\t<span class=\"elementor-divider-separator\">\n\t\t\t\t\t\t<\/span>\n\t\t<\/div>\n\t\t\t\t\t\t<\/div>\n\t\t\t\t<\/div>\n\t\t\t\t\t<\/div>\n\t\t\t\t<\/div>\n\t\t\t\t<section class=\"elementor-section elementor-top-section elementor-element elementor-element-22af491 elementor-section-content-middle elementor-section-boxed elementor-section-height-default elementor-section-height-default elementor-invisible\" data-id=\"22af491\" data-element_type=\"section\" data-e-type=\"section\" data-settings=\"{&quot;background_background&quot;:&quot;classic&quot;,&quot;animation&quot;:&quot;zoomInUp&quot;}\">\n\t\t\t\t\t\t\t<div class=\"elementor-background-overlay\"><\/div>\n\t\t\t\t\t\t\t<div class=\"elementor-container elementor-column-gap-no\">\n\t\t\t\t\t<div class=\"elementor-column elementor-col-100 elementor-top-column elementor-element elementor-element-3489297\" data-id=\"3489297\" data-element_type=\"column\" data-e-type=\"column\">\n\t\t\t<div class=\"elementor-widget-wrap elementor-element-populated\">\n\t\t\t\t\t\t<div class=\"elementor-element elementor-element-7483cce elementor-widget elementor-widget-heading\" data-id=\"7483cce\" data-element_type=\"widget\" data-e-type=\"widget\" data-widget_type=\"heading.default\">\n\t\t\t\t<div class=\"elementor-widget-container\">\n\t\t\t\t\t<h2 class=\"elementor-heading-title elementor-size-default\">Prochainement, 1972, la tentative de coup d\u2019\u00e9tat des aviateurs de K\u00e9nitra, le mitraillage du Boeing royal\u2026<\/h2>\t\t\t\t<\/div>\n\t\t\t\t<\/div>\n\t\t\t\t\t<\/div>\n\t\t<\/div>\n\t\t\t\t\t<\/div>\n\t\t<\/section>\n\t\t\t\t<section class=\"elementor-section elementor-top-section elementor-element elementor-element-1da9fe4 elementor-section-content-middle elementor-section-boxed elementor-section-height-default elementor-section-height-default elementor-invisible\" data-id=\"1da9fe4\" data-element_type=\"section\" data-e-type=\"section\" data-settings=\"{&quot;background_background&quot;:&quot;classic&quot;,&quot;animation&quot;:&quot;zoomInUp&quot;}\">\n\t\t\t\t\t\t\t<div class=\"elementor-background-overlay\"><\/div>\n\t\t\t\t\t\t\t<div class=\"elementor-container elementor-column-gap-no\">\n\t\t\t\t\t<div class=\"elementor-column elementor-col-100 elementor-top-column elementor-element elementor-element-2ec1962\" data-id=\"2ec1962\" data-element_type=\"column\" data-e-type=\"column\">\n\t\t\t<div class=\"elementor-widget-wrap elementor-element-populated\">\n\t\t\t\t\t\t<div class=\"elementor-element elementor-element-dd9c2fd elementor-widget elementor-widget-heading\" data-id=\"dd9c2fd\" data-element_type=\"widget\" data-e-type=\"widget\" data-widget_type=\"heading.default\">\n\t\t\t\t<div class=\"elementor-widget-container\">\n\t\t\t\t\t<h2 class=\"elementor-heading-title elementor-size-default\">la suite des dates-cl\u00e9s de l\u2019histoire contemporaine du Maroc, bient\u00f4t\u2026<\/h2>\t\t\t\t<\/div>\n\t\t\t\t<\/div>\n\t\t\t\t\t<\/div>\n\t\t<\/div>\n\t\t\t\t\t<\/div>\n\t\t<\/section>\n\t\t<div class=\"elementor-element elementor-element-18b3f39 e-flex e-con-boxed e-con e-parent\" data-id=\"18b3f39\" data-element_type=\"container\" data-e-type=\"container\">\n\t\t\t\t\t<div class=\"e-con-inner\">\n\t\t\t\t<div class=\"elementor-element elementor-element-ddd2b11 elementor-widget-divider--view-line elementor-widget elementor-widget-divider\" data-id=\"ddd2b11\" data-element_type=\"widget\" data-e-type=\"widget\" data-widget_type=\"divider.default\">\n\t\t\t\t<div class=\"elementor-widget-container\">\n\t\t\t\t\t\t\t<div class=\"elementor-divider\">\n\t\t\t<span class=\"elementor-divider-separator\">\n\t\t\t\t\t\t<\/span>\n\t\t<\/div>\n\t\t\t\t\t\t<\/div>\n\t\t\t\t<\/div>\n\t\t\t\t\t<\/div>\n\t\t\t\t<\/div>\n\t\t\t\t<\/div>\n\t\t","protected":false},"excerpt":{"rendered":"<p>Rabat de Lyautey \u00e0 Mohammed VI portail de Rabat, tourisme, histoire et culture. Plus d&rsquo;information Dates-cl\u00e9s de l\u2019histoire contemporaine du Maroc \u2013 1971 \u2013 coup d\u2019\u00e9tat du palais de Skhirat. 10 juillet 1971 \u00a0 Le roi\u00a0Hassan\u00a0II donne une grande r\u00e9ception, \u00e0 l\u2019occasion de son 42\u00e8me anniversaire, au palais de\u00a0Skhirat\u00a0o\u00f9 sont convi\u00e9es plus de 1000 personnes [&hellip;]<\/p>\n","protected":false},"author":1,"featured_media":0,"parent":0,"menu_order":0,"comment_status":"closed","ping_status":"closed","template":"","meta":{"_uag_custom_page_level_css":"","_monsterinsights_skip_tracking":false,"_monsterinsights_sitenote_active":false,"_monsterinsights_sitenote_note":"","_monsterinsights_sitenote_category":0,"_uf_show_specific_survey":0,"_uf_disable_surveys":false,"site-sidebar-layout":"no-sidebar","site-content-layout":"plain-container","ast-site-content-layout":"full-width-container","site-content-style":"unboxed","site-sidebar-style":"unboxed","ast-global-header-display":"","ast-banner-title-visibility":"","ast-main-header-display":"","ast-hfb-above-header-display":"","ast-hfb-below-header-display":"","ast-hfb-mobile-header-display":"","site-post-title":"disabled","ast-breadcrumbs-content":"","ast-featured-img":"","footer-sml-layout":"","theme-transparent-header-meta":"enabled","adv-header-id-meta":"","stick-header-meta":"","header-above-stick-meta":"","header-main-stick-meta":"","header-below-stick-meta":"","astra-migrate-meta-layouts":"set","ast-page-background-enabled":"default","ast-page-background-meta":{"desktop":{"background-color":"","background-image":"","background-repeat":"repeat","background-position":"center center","background-size":"auto","background-attachment":"scroll","background-type":"","background-media":"","overlay-type":"","overlay-color":"","overlay-opacity":"","overlay-gradient":""},"tablet":{"background-color":"","background-image":"","background-repeat":"repeat","background-position":"center center","background-size":"auto","background-attachment":"scroll","background-type":"","background-media":"","overlay-type":"","overlay-color":"","overlay-opacity":"","overlay-gradient":""},"mobile":{"background-color":"","background-image":"","background-repeat":"repeat","background-position":"center center","background-size":"auto","background-attachment":"scroll","background-type":"","background-media":"","overlay-type":"","overlay-color":"","overlay-opacity":"","overlay-gradient":""}},"ast-content-background-meta":{"desktop":{"background-color":"var(--ast-global-color-5)","background-image":"","background-repeat":"repeat","background-position":"center center","background-size":"auto","background-attachment":"scroll","background-type":"","background-media":"","overlay-type":"","overlay-color":"","overlay-opacity":"","overlay-gradient":""},"tablet":{"background-color":"var(--ast-global-color-5)","background-image":"","background-repeat":"repeat","background-position":"center center","background-size":"auto","background-attachment":"scroll","background-type":"","background-media":"","overlay-type":"","overlay-color":"","overlay-opacity":"","overlay-gradient":""},"mobile":{"background-color":"var(--ast-global-color-5)","background-image":"","background-repeat":"repeat","background-position":"center center","background-size":"auto","background-attachment":"scroll","background-type":"","background-media":"","overlay-type":"","overlay-color":"","overlay-opacity":"","overlay-gradient":""}},"footnotes":""},"class_list":["post-3998","page","type-page","status-publish","hentry"],"aioseo_notices":[],"uagb_featured_image_src":{"full":false,"thumbnail":false,"medium":false,"medium_large":false,"large":false,"1536x1536":false,"2048x2048":false},"uagb_author_info":{"display_name":"wmetequkjwqb","author_link":"https:\/\/rabat-maroc.net\/rabat-maroc-V2\/author\/wmetequkjwqb\/"},"uagb_comment_info":0,"uagb_excerpt":"Rabat de Lyautey \u00e0 Mohammed VI portail de Rabat, tourisme, histoire et culture. Plus d&rsquo;information Dates-cl\u00e9s de l\u2019histoire contemporaine du Maroc \u2013 1971 \u2013 coup d\u2019\u00e9tat du palais de Skhirat. 10 juillet 1971 \u00a0 Le roi\u00a0Hassan\u00a0II donne une grande r\u00e9ception, \u00e0 l\u2019occasion de son 42\u00e8me anniversaire, au palais de\u00a0Skhirat\u00a0o\u00f9 sont convi\u00e9es plus de 1000 personnes\u2026","jetpack_sharing_enabled":true,"_links":{"self":[{"href":"https:\/\/rabat-maroc.net\/rabat-maroc-V2\/wp-json\/wp\/v2\/pages\/3998","targetHints":{"allow":["GET"]}}],"collection":[{"href":"https:\/\/rabat-maroc.net\/rabat-maroc-V2\/wp-json\/wp\/v2\/pages"}],"about":[{"href":"https:\/\/rabat-maroc.net\/rabat-maroc-V2\/wp-json\/wp\/v2\/types\/page"}],"author":[{"embeddable":true,"href":"https:\/\/rabat-maroc.net\/rabat-maroc-V2\/wp-json\/wp\/v2\/users\/1"}],"replies":[{"embeddable":true,"href":"https:\/\/rabat-maroc.net\/rabat-maroc-V2\/wp-json\/wp\/v2\/comments?post=3998"}],"version-history":[{"count":28,"href":"https:\/\/rabat-maroc.net\/rabat-maroc-V2\/wp-json\/wp\/v2\/pages\/3998\/revisions"}],"predecessor-version":[{"id":4036,"href":"https:\/\/rabat-maroc.net\/rabat-maroc-V2\/wp-json\/wp\/v2\/pages\/3998\/revisions\/4036"}],"wp:attachment":[{"href":"https:\/\/rabat-maroc.net\/rabat-maroc-V2\/wp-json\/wp\/v2\/media?parent=3998"}],"curies":[{"name":"wp","href":"https:\/\/api.w.org\/{rel}","templated":true}]}}