{"id":6536,"date":"2024-11-05T11:54:48","date_gmt":"2024-11-05T11:54:48","guid":{"rendered":"https:\/\/rabat-maroc.net\/rabat-maroc-V2\/?page_id=6536"},"modified":"2024-11-05T12:07:16","modified_gmt":"2024-11-05T12:07:16","slug":"rabathier_bouregreg-2","status":"publish","type":"page","link":"https:\/\/rabat-maroc.net\/rabat-maroc-V2\/rabathier_bouregreg-2\/","title":{"rendered":"rabathier_bouregreg"},"content":{"rendered":"\t\t<div data-elementor-type=\"wp-page\" data-elementor-id=\"6536\" class=\"elementor elementor-6536\">\n\t\t\t\t\t\t<section class=\"elementor-section elementor-top-section elementor-element elementor-element-wt2f15w elementor-section-boxed elementor-section-height-default elementor-section-height-default\" data-id=\"wt2f15w\" data-element_type=\"section\" data-e-type=\"section\" data-settings=\"{&quot;background_background&quot;:&quot;classic&quot;}\">\n\t\t\t\t\t\t\t<div class=\"elementor-background-overlay\"><\/div>\n\t\t\t\t\t\t\t<div class=\"elementor-container elementor-column-gap-default\">\n\t\t\t\t\t<div class=\"elementor-column elementor-col-100 elementor-top-column elementor-element elementor-element-78af2ff\" data-id=\"78af2ff\" data-element_type=\"column\" data-e-type=\"column\">\n\t\t\t<div class=\"elementor-widget-wrap elementor-element-populated\">\n\t\t\t\t\t\t<div class=\"elementor-element elementor-element-58ba8f4 elementor-widget elementor-widget-heading\" data-id=\"58ba8f4\" data-element_type=\"widget\" data-e-type=\"widget\" data-widget_type=\"heading.default\">\n\t\t\t\t<div class=\"elementor-widget-container\">\n\t\t\t\t\t<h1 class=\"elementor-heading-title elementor-size-default\">Rabat<\/h1>\t\t\t\t<\/div>\n\t\t\t\t<\/div>\n\t\t\t\t<div class=\"elementor-element elementor-element-97cc7d6 elementor-widget elementor-widget-text-editor\" data-id=\"97cc7d6\" data-element_type=\"widget\" data-e-type=\"widget\" data-widget_type=\"text-editor.default\">\n\t\t\t\t<div class=\"elementor-widget-container\">\n\t\t\t\t\t\t\t\t\t<p>portail de Rabat, tourisme, histoire et culture.<\/p>\t\t\t\t\t\t\t\t<\/div>\n\t\t\t\t<\/div>\n\t\t\t\t<div class=\"elementor-element elementor-element-c4c3581 elementor-align-center elementor-widget elementor-widget-button\" data-id=\"c4c3581\" data-element_type=\"widget\" data-e-type=\"widget\" data-widget_type=\"button.default\">\n\t\t\t\t<div class=\"elementor-widget-container\">\n\t\t\t\t\t\t\t\t\t<div class=\"elementor-button-wrapper\">\n\t\t\t\t\t<a class=\"elementor-button elementor-button-link elementor-size-sm\" href=\"#\">\n\t\t\t\t\t\t<span class=\"elementor-button-content-wrapper\">\n\t\t\t\t\t\t\t\t\t<span class=\"elementor-button-text\">Plus d'information<\/span>\n\t\t\t\t\t<\/span>\n\t\t\t\t\t<\/a>\n\t\t\t\t<\/div>\n\t\t\t\t\t\t\t\t<\/div>\n\t\t\t\t<\/div>\n\t\t\t\t\t<\/div>\n\t\t<\/div>\n\t\t\t\t\t<\/div>\n\t\t<\/section>\n\t\t<div class=\"elementor-element elementor-element-b208350 e-flex e-con-boxed e-con e-parent\" data-id=\"b208350\" data-element_type=\"container\" data-e-type=\"container\">\n\t\t\t\t\t<div class=\"e-con-inner\">\n\t\t\t\t<div class=\"elementor-element elementor-element-bed5d70 elementor-widget-divider--view-line elementor-widget elementor-widget-divider\" data-id=\"bed5d70\" data-element_type=\"widget\" data-e-type=\"widget\" data-widget_type=\"divider.default\">\n\t\t\t\t<div class=\"elementor-widget-container\">\n\t\t\t\t\t\t\t<div class=\"elementor-divider\">\n\t\t\t<span class=\"elementor-divider-separator\">\n\t\t\t\t\t\t<\/span>\n\t\t<\/div>\n\t\t\t\t\t\t<\/div>\n\t\t\t\t<\/div>\n\t\t\t\t\t<\/div>\n\t\t\t\t<\/div>\n\t\t\t\t<section class=\"elementor-section elementor-top-section elementor-element elementor-element-13un3ve elementor-section-content-middle elementor-section-boxed elementor-section-height-default elementor-section-height-default elementor-invisible\" data-id=\"13un3ve\" data-element_type=\"section\" data-e-type=\"section\" data-settings=\"{&quot;background_background&quot;:&quot;classic&quot;,&quot;animation&quot;:&quot;zoomIn&quot;}\">\n\t\t\t\t\t\t\t<div class=\"elementor-background-overlay\"><\/div>\n\t\t\t\t\t\t\t<div class=\"elementor-container elementor-column-gap-no\">\n\t\t\t\t\t<div class=\"elementor-column elementor-col-100 elementor-top-column elementor-element elementor-element-f69add9\" data-id=\"f69add9\" data-element_type=\"column\" data-e-type=\"column\">\n\t\t\t<div class=\"elementor-widget-wrap elementor-element-populated\">\n\t\t\t\t\t\t<div class=\"elementor-element elementor-element-8b7d1ee elementor-widget elementor-widget-image\" data-id=\"8b7d1ee\" data-element_type=\"widget\" data-e-type=\"widget\" data-widget_type=\"image.default\">\n\t\t\t\t<div class=\"elementor-widget-container\">\n\t\t\t\t\t\t\t\t\t\t\t\t\t\t\t\t<a href=\"https:\/\/rabat-maroc.net\/rabat-maroc-V2\/rabat-hier\/\">\n\t\t\t\t\t\t\t<img fetchpriority=\"high\" decoding=\"async\" width=\"900\" height=\"200\" src=\"https:\/\/rabat-maroc.net\/rabat-maroc-V2\/wp-content\/uploads\/2024\/10\/titre-rabat-hier-9-2.gif\" class=\"attachment-full size-full wp-image-4047\" alt=\"rabat hier\" \/>\t\t\t\t\t\t\t\t<\/a>\n\t\t\t\t\t\t\t\t\t\t\t\t\t\t\t<\/div>\n\t\t\t\t<\/div>\n\t\t\t\t<div class=\"elementor-element elementor-element-0c78bee elementor-widget elementor-widget-heading\" data-id=\"0c78bee\" data-element_type=\"widget\" data-e-type=\"widget\" data-widget_type=\"heading.default\">\n\t\t\t\t<div class=\"elementor-widget-container\">\n\t\t\t\t\t<h2 class=\"elementor-heading-title elementor-size-default\">M\u00e9moire de Rabat, le Bouregreg<\/h2>\t\t\t\t<\/div>\n\t\t\t\t<\/div>\n\t\t\t\t\t<\/div>\n\t\t<\/div>\n\t\t\t\t\t<\/div>\n\t\t<\/section>\n\t\t<div class=\"elementor-element elementor-element-7cc1ed0 e-flex e-con-boxed e-con e-parent\" data-id=\"7cc1ed0\" data-element_type=\"container\" data-e-type=\"container\">\n\t\t\t\t\t<div class=\"e-con-inner\">\n\t\t\t\t<div class=\"elementor-element elementor-element-3381d2e elementor-widget-divider--view-line elementor-widget elementor-widget-divider\" data-id=\"3381d2e\" data-element_type=\"widget\" data-e-type=\"widget\" data-widget_type=\"divider.default\">\n\t\t\t\t<div class=\"elementor-widget-container\">\n\t\t\t\t\t\t\t<div class=\"elementor-divider\">\n\t\t\t<span class=\"elementor-divider-separator\">\n\t\t\t\t\t\t<\/span>\n\t\t<\/div>\n\t\t\t\t\t\t<\/div>\n\t\t\t\t<\/div>\n\t\t\t\t\t<\/div>\n\t\t\t\t<\/div>\n\t\t\t\t<section class=\"elementor-section elementor-top-section elementor-element elementor-element-9623b2e elementor-section-content-top elementor-section-boxed elementor-section-height-default elementor-section-height-default elementor-invisible\" data-id=\"9623b2e\" data-element_type=\"section\" data-e-type=\"section\" data-settings=\"{&quot;background_background&quot;:&quot;classic&quot;,&quot;animation&quot;:&quot;zoomIn&quot;}\">\n\t\t\t\t\t\t\t<div class=\"elementor-background-overlay\"><\/div>\n\t\t\t\t\t\t\t<div class=\"elementor-container elementor-column-gap-wide\">\n\t\t\t\t\t<div class=\"elementor-column elementor-col-33 elementor-top-column elementor-element elementor-element-195b86d\" data-id=\"195b86d\" data-element_type=\"column\" data-e-type=\"column\">\n\t\t\t<div class=\"elementor-widget-wrap elementor-element-populated\">\n\t\t\t\t\t\t<div class=\"elementor-element elementor-element-2241135 elementor-widget elementor-widget-image\" data-id=\"2241135\" data-element_type=\"widget\" data-e-type=\"widget\" data-widget_type=\"image.default\">\n\t\t\t\t<div class=\"elementor-widget-container\">\n\t\t\t\t\t\t\t\t\t\t\t\t\t\t\t\t<a href=\"https:\/\/rabat-maroc.net\/rabat-maroc-V2\/wp-content\/uploads\/2024\/11\/bateau-bou-regreg.jpg\" data-elementor-open-lightbox=\"yes\" data-elementor-lightbox-title=\"bateau-bou-regreg\" data-e-action-hash=\"#elementor-action%3Aaction%3Dlightbox%26settings%3DeyJpZCI6NjUzOSwidXJsIjoiaHR0cHM6XC9cL3JhYmF0LW1hcm9jLm5ldFwvcmFiYXQtbWFyb2MtVjJcL3dwLWNvbnRlbnRcL3VwbG9hZHNcLzIwMjRcLzExXC9iYXRlYXUtYm91LXJlZ3JlZy5qcGcifQ%3D%3D\">\n\t\t\t\t\t\t\t<img decoding=\"async\" width=\"401\" height=\"228\" src=\"https:\/\/rabat-maroc.net\/rabat-maroc-V2\/wp-content\/uploads\/2024\/11\/bateau-bou-regreg.jpg\" class=\"attachment-full size-full wp-image-6539\" alt=\"bateau bouregreg\" srcset=\"https:\/\/rabat-maroc.net\/rabat-maroc-V2\/wp-content\/uploads\/2024\/11\/bateau-bou-regreg.jpg 401w, https:\/\/rabat-maroc.net\/rabat-maroc-V2\/wp-content\/uploads\/2024\/11\/bateau-bou-regreg-300x171.jpg 300w\" sizes=\"(max-width: 401px) 100vw, 401px\" \/>\t\t\t\t\t\t\t\t<\/a>\n\t\t\t\t\t\t\t\t\t\t\t\t\t\t\t<\/div>\n\t\t\t\t<\/div>\n\t\t\t\t<div class=\"elementor-element elementor-element-79cd3f4 elementor-widget elementor-widget-heading\" data-id=\"79cd3f4\" data-element_type=\"widget\" data-e-type=\"widget\" data-widget_type=\"heading.default\">\n\t\t\t\t<div class=\"elementor-widget-container\">\n\t\t\t\t\t<div class=\"elementor-heading-title elementor-size-default\">Le port de Rabat : photos des ann\u00e9es 1920<\/div>\t\t\t\t<\/div>\n\t\t\t\t<\/div>\n\t\t\t\t\t<\/div>\n\t\t<\/div>\n\t\t\t\t<div class=\"elementor-column elementor-col-33 elementor-top-column elementor-element elementor-element-ac41191\" data-id=\"ac41191\" data-element_type=\"column\" data-e-type=\"column\">\n\t\t\t<div class=\"elementor-widget-wrap elementor-element-populated\">\n\t\t\t\t\t\t<div class=\"elementor-element elementor-element-d1ec742 elementor-widget elementor-widget-image\" data-id=\"d1ec742\" data-element_type=\"widget\" data-e-type=\"widget\" data-widget_type=\"image.default\">\n\t\t\t\t<div class=\"elementor-widget-container\">\n\t\t\t\t\t\t\t\t\t\t\t\t\t\t\t\t<a href=\"https:\/\/rabat-maroc.net\/rabat-maroc-V2\/wp-content\/uploads\/2024\/11\/rabat-1915-le-port-2.jpg\" data-elementor-open-lightbox=\"yes\" data-elementor-lightbox-title=\"rabat-1915-le-port-2\" data-e-action-hash=\"#elementor-action%3Aaction%3Dlightbox%26settings%3DeyJpZCI6NjU0NywidXJsIjoiaHR0cHM6XC9cL3JhYmF0LW1hcm9jLm5ldFwvcmFiYXQtbWFyb2MtVjJcL3dwLWNvbnRlbnRcL3VwbG9hZHNcLzIwMjRcLzExXC9yYWJhdC0xOTE1LWxlLXBvcnQtMi5qcGcifQ%3D%3D\">\n\t\t\t\t\t\t\t<img decoding=\"async\" width=\"638\" height=\"417\" src=\"https:\/\/rabat-maroc.net\/rabat-maroc-V2\/wp-content\/uploads\/2024\/11\/rabat-1915-le-port-2.jpg\" class=\"attachment-full size-full wp-image-6547\" alt=\"\" srcset=\"https:\/\/rabat-maroc.net\/rabat-maroc-V2\/wp-content\/uploads\/2024\/11\/rabat-1915-le-port-2.jpg 638w, https:\/\/rabat-maroc.net\/rabat-maroc-V2\/wp-content\/uploads\/2024\/11\/rabat-1915-le-port-2-300x196.jpg 300w\" sizes=\"(max-width: 638px) 100vw, 638px\" \/>\t\t\t\t\t\t\t\t<\/a>\n\t\t\t\t\t\t\t\t\t\t\t\t\t\t\t<\/div>\n\t\t\t\t<\/div>\n\t\t\t\t<div class=\"elementor-element elementor-element-c11d4d2 elementor-widget elementor-widget-heading\" data-id=\"c11d4d2\" data-element_type=\"widget\" data-e-type=\"widget\" data-widget_type=\"heading.default\">\n\t\t\t\t<div class=\"elementor-widget-container\">\n\t\t\t\t\t<div class=\"elementor-heading-title elementor-size-default\">Voici comment se pr\u00e9sentait le port avant 1913 et sa darse.<\/div>\t\t\t\t<\/div>\n\t\t\t\t<\/div>\n\t\t\t\t\t<\/div>\n\t\t<\/div>\n\t\t\t\t<div class=\"elementor-column elementor-col-33 elementor-top-column elementor-element elementor-element-a9aa3da\" data-id=\"a9aa3da\" data-element_type=\"column\" data-e-type=\"column\">\n\t\t\t<div class=\"elementor-widget-wrap elementor-element-populated\">\n\t\t\t\t\t\t<div class=\"elementor-element elementor-element-fd25dd0 elementor-widget elementor-widget-image\" data-id=\"fd25dd0\" data-element_type=\"widget\" data-e-type=\"widget\" data-widget_type=\"image.default\">\n\t\t\t\t<div class=\"elementor-widget-container\">\n\t\t\t\t\t\t\t\t\t\t\t\t\t\t\t\t<a href=\"https:\/\/rabat-maroc.net\/rabat-maroc-V2\/wp-content\/uploads\/2024\/11\/rabat-1915-douane-quai.jpg\" data-elementor-open-lightbox=\"yes\" data-elementor-lightbox-title=\"rabat-1915-douane-quai\" data-e-action-hash=\"#elementor-action%3Aaction%3Dlightbox%26settings%3DeyJpZCI6NjU0NiwidXJsIjoiaHR0cHM6XC9cL3JhYmF0LW1hcm9jLm5ldFwvcmFiYXQtbWFyb2MtVjJcL3dwLWNvbnRlbnRcL3VwbG9hZHNcLzIwMjRcLzExXC9yYWJhdC0xOTE1LWRvdWFuZS1xdWFpLmpwZyJ9\">\n\t\t\t\t\t\t\t<img loading=\"lazy\" decoding=\"async\" width=\"640\" height=\"372\" src=\"https:\/\/rabat-maroc.net\/rabat-maroc-V2\/wp-content\/uploads\/2024\/11\/rabat-1915-douane-quai.jpg\" class=\"attachment-full size-full wp-image-6546\" alt=\"rabat 1915 douane quai\" srcset=\"https:\/\/rabat-maroc.net\/rabat-maroc-V2\/wp-content\/uploads\/2024\/11\/rabat-1915-douane-quai.jpg 640w, https:\/\/rabat-maroc.net\/rabat-maroc-V2\/wp-content\/uploads\/2024\/11\/rabat-1915-douane-quai-300x174.jpg 300w\" sizes=\"(max-width: 640px) 100vw, 640px\" \/>\t\t\t\t\t\t\t\t<\/a>\n\t\t\t\t\t\t\t\t\t\t\t\t\t\t\t<\/div>\n\t\t\t\t<\/div>\n\t\t\t\t<div class=\"elementor-element elementor-element-0e0cb30 elementor-widget elementor-widget-heading\" data-id=\"0e0cb30\" data-element_type=\"widget\" data-e-type=\"widget\" data-widget_type=\"heading.default\">\n\t\t\t\t<div class=\"elementor-widget-container\">\n\t\t\t\t\t<div class=\"elementor-heading-title elementor-size-default\">\nLe port et le nouveau quai de la douane allong\u00e9.<\/div>\t\t\t\t<\/div>\n\t\t\t\t<\/div>\n\t\t\t\t\t<\/div>\n\t\t<\/div>\n\t\t\t\t\t<\/div>\n\t\t<\/section>\n\t\t\t\t<section class=\"elementor-section elementor-top-section elementor-element elementor-element-9e2b436 elementor-section-content-top elementor-section-boxed elementor-section-height-default elementor-section-height-default elementor-invisible\" data-id=\"9e2b436\" data-element_type=\"section\" data-e-type=\"section\" data-settings=\"{&quot;background_background&quot;:&quot;classic&quot;,&quot;animation&quot;:&quot;zoomIn&quot;}\">\n\t\t\t\t\t\t\t<div class=\"elementor-background-overlay\"><\/div>\n\t\t\t\t\t\t\t<div class=\"elementor-container elementor-column-gap-wide\">\n\t\t\t\t\t<div class=\"elementor-column elementor-col-33 elementor-top-column elementor-element elementor-element-491321e\" data-id=\"491321e\" data-element_type=\"column\" data-e-type=\"column\">\n\t\t\t<div class=\"elementor-widget-wrap elementor-element-populated\">\n\t\t\t\t\t\t<div class=\"elementor-element elementor-element-2c89f7f elementor-widget elementor-widget-image\" data-id=\"2c89f7f\" data-element_type=\"widget\" data-e-type=\"widget\" data-widget_type=\"image.default\">\n\t\t\t\t<div class=\"elementor-widget-container\">\n\t\t\t\t\t\t\t\t\t\t\t\t\t\t\t<img loading=\"lazy\" decoding=\"async\" width=\"432\" height=\"278\" src=\"https:\/\/rabat-maroc.net\/rabat-maroc-V2\/wp-content\/uploads\/2024\/11\/bouregreg-large.gif\" class=\"attachment-full size-full wp-image-6541\" alt=\"bouregreg large\" \/>\t\t\t\t\t\t\t\t\t\t\t\t\t\t\t<\/div>\n\t\t\t\t<\/div>\n\t\t\t\t<div class=\"elementor-element elementor-element-dddb257 elementor-widget elementor-widget-heading\" data-id=\"dddb257\" data-element_type=\"widget\" data-e-type=\"widget\" data-widget_type=\"heading.default\">\n\t\t\t\t<div class=\"elementor-widget-container\">\n\t\t\t\t\t<div class=\"elementor-heading-title elementor-size-default\">Barcassiers du Bouregreg et Bac \u00e0 vapeur<\/div>\t\t\t\t<\/div>\n\t\t\t\t<\/div>\n\t\t\t\t\t<\/div>\n\t\t<\/div>\n\t\t\t\t<div class=\"elementor-column elementor-col-33 elementor-top-column elementor-element elementor-element-3a8af79\" data-id=\"3a8af79\" data-element_type=\"column\" data-e-type=\"column\">\n\t\t\t<div class=\"elementor-widget-wrap elementor-element-populated\">\n\t\t\t\t\t\t<div class=\"elementor-element elementor-element-025ff3c elementor-widget elementor-widget-image\" data-id=\"025ff3c\" data-element_type=\"widget\" data-e-type=\"widget\" data-widget_type=\"image.default\">\n\t\t\t\t<div class=\"elementor-widget-container\">\n\t\t\t\t\t\t\t\t\t\t\t\t\t\t\t<img loading=\"lazy\" decoding=\"async\" width=\"800\" height=\"515\" src=\"https:\/\/rabat-maroc.net\/rabat-maroc-V2\/wp-content\/uploads\/2024\/11\/rabat-1913-bac-sale.jpg\" class=\"attachment-full size-full wp-image-6545\" alt=\"rabat 1913 bac sale\" srcset=\"https:\/\/rabat-maroc.net\/rabat-maroc-V2\/wp-content\/uploads\/2024\/11\/rabat-1913-bac-sale.jpg 800w, https:\/\/rabat-maroc.net\/rabat-maroc-V2\/wp-content\/uploads\/2024\/11\/rabat-1913-bac-sale-300x193.jpg 300w, https:\/\/rabat-maroc.net\/rabat-maroc-V2\/wp-content\/uploads\/2024\/11\/rabat-1913-bac-sale-768x494.jpg 768w\" sizes=\"(max-width: 800px) 100vw, 800px\" \/>\t\t\t\t\t\t\t\t\t\t\t\t\t\t\t<\/div>\n\t\t\t\t<\/div>\n\t\t\t\t<div class=\"elementor-element elementor-element-6bc764a elementor-widget elementor-widget-heading\" data-id=\"6bc764a\" data-element_type=\"widget\" data-e-type=\"widget\" data-widget_type=\"heading.default\">\n\t\t\t\t<div class=\"elementor-widget-container\">\n\t\t\t\t\t<div class=\"elementor-heading-title elementor-size-default\">Le c\u00e9l\u00e8bre bac \u00e0 vapeur a probablement \u00e9t\u00e9 victime d\u2019une crue de l\u2019oued en 1936<\/div>\t\t\t\t<\/div>\n\t\t\t\t<\/div>\n\t\t\t\t\t<\/div>\n\t\t<\/div>\n\t\t\t\t<div class=\"elementor-column elementor-col-33 elementor-top-column elementor-element elementor-element-a0da8f9\" data-id=\"a0da8f9\" data-element_type=\"column\" data-e-type=\"column\">\n\t\t\t<div class=\"elementor-widget-wrap elementor-element-populated\">\n\t\t\t\t\t\t<div class=\"elementor-element elementor-element-6df3ab4 elementor-widget elementor-widget-image\" data-id=\"6df3ab4\" data-element_type=\"widget\" data-e-type=\"widget\" data-widget_type=\"image.default\">\n\t\t\t\t<div class=\"elementor-widget-container\">\n\t\t\t\t\t\t\t\t\t\t\t\t\t\t\t<img loading=\"lazy\" decoding=\"async\" width=\"399\" height=\"248\" src=\"https:\/\/rabat-maroc.net\/rabat-maroc-V2\/wp-content\/uploads\/2024\/11\/hier2_0.jpg\" class=\"attachment-full size-full wp-image-6543\" alt=\"\" srcset=\"https:\/\/rabat-maroc.net\/rabat-maroc-V2\/wp-content\/uploads\/2024\/11\/hier2_0.jpg 399w, https:\/\/rabat-maroc.net\/rabat-maroc-V2\/wp-content\/uploads\/2024\/11\/hier2_0-300x186.jpg 300w\" sizes=\"(max-width: 399px) 100vw, 399px\" \/>\t\t\t\t\t\t\t\t\t\t\t\t\t\t\t<\/div>\n\t\t\t\t<\/div>\n\t\t\t\t<div class=\"elementor-element elementor-element-bac4eae elementor-widget elementor-widget-heading\" data-id=\"bac4eae\" data-element_type=\"widget\" data-e-type=\"widget\" data-widget_type=\"heading.default\">\n\t\t\t\t<div class=\"elementor-widget-container\">\n\t\t\t\t\t<div class=\"elementor-heading-title elementor-size-default\">Les barcassiers r\u00e9unis en confr\u00e9rie tr\u00e8s puissante pendant plusieurs si\u00e8cles, pouvaient aussi, en fonction des saisons, exercer une activit\u00e9 de p\u00eache.<\/div>\t\t\t\t<\/div>\n\t\t\t\t<\/div>\n\t\t\t\t\t<\/div>\n\t\t<\/div>\n\t\t\t\t\t<\/div>\n\t\t<\/section>\n\t\t\t\t<section class=\"elementor-section elementor-top-section elementor-element elementor-element-04c7ee4 elementor-section-content-top elementor-section-boxed elementor-section-height-default elementor-section-height-default elementor-invisible\" data-id=\"04c7ee4\" data-element_type=\"section\" data-e-type=\"section\" data-settings=\"{&quot;background_background&quot;:&quot;classic&quot;,&quot;animation&quot;:&quot;zoomIn&quot;}\">\n\t\t\t\t\t\t\t<div class=\"elementor-background-overlay\"><\/div>\n\t\t\t\t\t\t\t<div class=\"elementor-container elementor-column-gap-wide\">\n\t\t\t\t\t<div class=\"elementor-column elementor-col-33 elementor-top-column elementor-element elementor-element-fb996e1\" data-id=\"fb996e1\" data-element_type=\"column\" data-e-type=\"column\">\n\t\t\t<div class=\"elementor-widget-wrap elementor-element-populated\">\n\t\t\t\t\t\t<div class=\"elementor-element elementor-element-7fa6b10 elementor-widget elementor-widget-image\" data-id=\"7fa6b10\" data-element_type=\"widget\" data-e-type=\"widget\" data-widget_type=\"image.default\">\n\t\t\t\t<div class=\"elementor-widget-container\">\n\t\t\t\t\t\t\t\t\t\t\t\t\t\t\t<img loading=\"lazy\" decoding=\"async\" width=\"401\" height=\"244\" src=\"https:\/\/rabat-maroc.net\/rabat-maroc-V2\/wp-content\/uploads\/2024\/11\/bouregreg_depuis_semaphore.jpg\" class=\"attachment-full size-full wp-image-6540\" alt=\"bouregreg depuis semaphore\" srcset=\"https:\/\/rabat-maroc.net\/rabat-maroc-V2\/wp-content\/uploads\/2024\/11\/bouregreg_depuis_semaphore.jpg 401w, https:\/\/rabat-maroc.net\/rabat-maroc-V2\/wp-content\/uploads\/2024\/11\/bouregreg_depuis_semaphore-300x183.jpg 300w\" sizes=\"(max-width: 401px) 100vw, 401px\" \/>\t\t\t\t\t\t\t\t\t\t\t\t\t\t\t<\/div>\n\t\t\t\t<\/div>\n\t\t\t\t<div class=\"elementor-element elementor-element-015d6d0 elementor-widget elementor-widget-heading\" data-id=\"015d6d0\" data-element_type=\"widget\" data-e-type=\"widget\" data-widget_type=\"heading.default\">\n\t\t\t\t<div class=\"elementor-widget-container\">\n\t\t\t\t\t<div class=\"elementor-heading-title elementor-size-default\">L'oued Bouregreg, les Oudayas et la Tour Hassan<\/div>\t\t\t\t<\/div>\n\t\t\t\t<\/div>\n\t\t\t\t\t<\/div>\n\t\t<\/div>\n\t\t\t\t<div class=\"elementor-column elementor-col-33 elementor-top-column elementor-element elementor-element-ad1aeda\" data-id=\"ad1aeda\" data-element_type=\"column\" data-e-type=\"column\">\n\t\t\t<div class=\"elementor-widget-wrap elementor-element-populated\">\n\t\t\t\t\t\t<div class=\"elementor-element elementor-element-f2ffdcb elementor-widget elementor-widget-image\" data-id=\"f2ffdcb\" data-element_type=\"widget\" data-e-type=\"widget\" data-widget_type=\"image.default\">\n\t\t\t\t<div class=\"elementor-widget-container\">\n\t\t\t\t\t\t\t\t\t\t\t\t\t\t\t<img loading=\"lazy\" decoding=\"async\" width=\"371\" height=\"281\" src=\"https:\/\/rabat-maroc.net\/rabat-maroc-V2\/wp-content\/uploads\/2024\/11\/hier1_0.jpg\" class=\"attachment-full size-full wp-image-6542\" alt=\"\" srcset=\"https:\/\/rabat-maroc.net\/rabat-maroc-V2\/wp-content\/uploads\/2024\/11\/hier1_0.jpg 371w, https:\/\/rabat-maroc.net\/rabat-maroc-V2\/wp-content\/uploads\/2024\/11\/hier1_0-300x227.jpg 300w\" sizes=\"(max-width: 371px) 100vw, 371px\" \/>\t\t\t\t\t\t\t\t\t\t\t\t\t\t\t<\/div>\n\t\t\t\t<\/div>\n\t\t\t\t\t<\/div>\n\t\t<\/div>\n\t\t\t\t<div class=\"elementor-column elementor-col-33 elementor-top-column elementor-element elementor-element-8fbf70e\" data-id=\"8fbf70e\" data-element_type=\"column\" data-e-type=\"column\">\n\t\t\t<div class=\"elementor-widget-wrap elementor-element-populated\">\n\t\t\t\t\t\t<div class=\"elementor-element elementor-element-cc3cb49 elementor-widget elementor-widget-image\" data-id=\"cc3cb49\" data-element_type=\"widget\" data-e-type=\"widget\" data-widget_type=\"image.default\">\n\t\t\t\t<div class=\"elementor-widget-container\">\n\t\t\t\t\t\t\t\t\t\t\t\t\t\t\t<img loading=\"lazy\" decoding=\"async\" width=\"432\" height=\"288\" src=\"https:\/\/rabat-maroc.net\/rabat-maroc-V2\/wp-content\/uploads\/2024\/11\/tour_hassan-bouregreg_pont-chemin_fer.jpg\" class=\"attachment-full size-full wp-image-6550\" alt=\"\" srcset=\"https:\/\/rabat-maroc.net\/rabat-maroc-V2\/wp-content\/uploads\/2024\/11\/tour_hassan-bouregreg_pont-chemin_fer.jpg 432w, https:\/\/rabat-maroc.net\/rabat-maroc-V2\/wp-content\/uploads\/2024\/11\/tour_hassan-bouregreg_pont-chemin_fer-300x200.jpg 300w\" sizes=\"(max-width: 432px) 100vw, 432px\" \/>\t\t\t\t\t\t\t\t\t\t\t\t\t\t\t<\/div>\n\t\t\t\t<\/div>\n\t\t\t\t\t<\/div>\n\t\t<\/div>\n\t\t\t\t\t<\/div>\n\t\t<\/section>\n\t\t\t\t<section class=\"elementor-section elementor-top-section elementor-element elementor-element-118a093 elementor-section-content-top elementor-section-boxed elementor-section-height-default elementor-section-height-default elementor-invisible\" data-id=\"118a093\" data-element_type=\"section\" data-e-type=\"section\" data-settings=\"{&quot;background_background&quot;:&quot;classic&quot;,&quot;animation&quot;:&quot;zoomIn&quot;}\">\n\t\t\t\t\t\t\t<div class=\"elementor-background-overlay\"><\/div>\n\t\t\t\t\t\t\t<div class=\"elementor-container elementor-column-gap-wide\">\n\t\t\t\t\t<div class=\"elementor-column elementor-col-33 elementor-top-column elementor-element elementor-element-c713dcd\" data-id=\"c713dcd\" data-element_type=\"column\" data-e-type=\"column\">\n\t\t\t<div class=\"elementor-widget-wrap elementor-element-populated\">\n\t\t\t\t\t\t<div class=\"elementor-element elementor-element-982ab69 elementor-widget elementor-widget-image\" data-id=\"982ab69\" data-element_type=\"widget\" data-e-type=\"widget\" data-widget_type=\"image.default\">\n\t\t\t\t<div class=\"elementor-widget-container\">\n\t\t\t\t\t\t\t\t\t\t\t\t\t\t\t<img loading=\"lazy\" decoding=\"async\" width=\"1600\" height=\"1018\" src=\"https:\/\/rabat-maroc.net\/rabat-maroc-V2\/wp-content\/uploads\/2024\/11\/rabat-oudaia-laveur-de-laine.jpg\" class=\"attachment-full size-full wp-image-6548\" alt=\"rabat oudala laveur de laine\" srcset=\"https:\/\/rabat-maroc.net\/rabat-maroc-V2\/wp-content\/uploads\/2024\/11\/rabat-oudaia-laveur-de-laine.jpg 1600w, https:\/\/rabat-maroc.net\/rabat-maroc-V2\/wp-content\/uploads\/2024\/11\/rabat-oudaia-laveur-de-laine-300x191.jpg 300w, https:\/\/rabat-maroc.net\/rabat-maroc-V2\/wp-content\/uploads\/2024\/11\/rabat-oudaia-laveur-de-laine-1024x652.jpg 1024w, https:\/\/rabat-maroc.net\/rabat-maroc-V2\/wp-content\/uploads\/2024\/11\/rabat-oudaia-laveur-de-laine-768x489.jpg 768w, https:\/\/rabat-maroc.net\/rabat-maroc-V2\/wp-content\/uploads\/2024\/11\/rabat-oudaia-laveur-de-laine-1536x977.jpg 1536w\" sizes=\"(max-width: 1600px) 100vw, 1600px\" \/>\t\t\t\t\t\t\t\t\t\t\t\t\t\t\t<\/div>\n\t\t\t\t<\/div>\n\t\t\t\t<div class=\"elementor-element elementor-element-41999a3 elementor-widget elementor-widget-heading\" data-id=\"41999a3\" data-element_type=\"widget\" data-e-type=\"widget\" data-widget_type=\"heading.default\">\n\t\t\t\t<div class=\"elementor-widget-container\">\n\t\t\t\t\t<div class=\"elementor-heading-title elementor-size-default\">L\u2019activit\u00e9 de la laine, de la poterie et de la briquetterie \u00e9tait tr\u00e8s pr\u00e9sente du c\u00f4t\u00e9 de Sal\u00e9 au bord du Bouregreg.<\/div>\t\t\t\t<\/div>\n\t\t\t\t<\/div>\n\t\t\t\t\t<\/div>\n\t\t<\/div>\n\t\t\t\t<div class=\"elementor-column elementor-col-33 elementor-top-column elementor-element elementor-element-931dfe9\" data-id=\"931dfe9\" data-element_type=\"column\" data-e-type=\"column\">\n\t\t\t<div class=\"elementor-widget-wrap elementor-element-populated\">\n\t\t\t\t\t\t<div class=\"elementor-element elementor-element-98b8609 elementor-widget elementor-widget-image\" data-id=\"98b8609\" data-element_type=\"widget\" data-e-type=\"widget\" data-widget_type=\"image.default\">\n\t\t\t\t<div class=\"elementor-widget-container\">\n\t\t\t\t\t\t\t\t\t\t\t\t\t\t\t<img loading=\"lazy\" decoding=\"async\" width=\"698\" height=\"824\" src=\"https:\/\/rabat-maroc.net\/rabat-maroc-V2\/wp-content\/uploads\/2024\/11\/potiers-sale-1940.jpeg\" class=\"attachment-full size-full wp-image-6544\" alt=\"potiers sale 1940\" srcset=\"https:\/\/rabat-maroc.net\/rabat-maroc-V2\/wp-content\/uploads\/2024\/11\/potiers-sale-1940.jpeg 698w, https:\/\/rabat-maroc.net\/rabat-maroc-V2\/wp-content\/uploads\/2024\/11\/potiers-sale-1940-254x300.jpeg 254w\" sizes=\"(max-width: 698px) 100vw, 698px\" \/>\t\t\t\t\t\t\t\t\t\t\t\t\t\t\t<\/div>\n\t\t\t\t<\/div>\n\t\t\t\t\t<\/div>\n\t\t<\/div>\n\t\t\t\t<div class=\"elementor-column elementor-col-33 elementor-top-column elementor-element elementor-element-940abb3\" data-id=\"940abb3\" data-element_type=\"column\" data-e-type=\"column\">\n\t\t\t<div class=\"elementor-widget-wrap elementor-element-populated\">\n\t\t\t\t\t\t<div class=\"elementor-element elementor-element-2d48605 elementor-widget elementor-widget-image\" data-id=\"2d48605\" data-element_type=\"widget\" data-e-type=\"widget\" data-widget_type=\"image.default\">\n\t\t\t\t<div class=\"elementor-widget-container\">\n\t\t\t\t\t\t\t\t\t\t\t\t\t\t\t<img loading=\"lazy\" decoding=\"async\" width=\"283\" height=\"178\" src=\"https:\/\/rabat-maroc.net\/rabat-maroc-V2\/wp-content\/uploads\/2024\/11\/rabat-passerelle-bouregreg.jpg\" class=\"attachment-full size-full wp-image-6549\" alt=\"rabat passerelle bouregreg\" \/>\t\t\t\t\t\t\t\t\t\t\t\t\t\t\t<\/div>\n\t\t\t\t<\/div>\n\t\t\t\t\t<\/div>\n\t\t<\/div>\n\t\t\t\t\t<\/div>\n\t\t<\/section>\n\t\t\t\t<section class=\"elementor-section elementor-top-section elementor-element elementor-element-c104c3a elementor-section-content-top elementor-section-boxed elementor-section-height-default elementor-section-height-default elementor-invisible\" data-id=\"c104c3a\" data-element_type=\"section\" data-e-type=\"section\" data-settings=\"{&quot;background_background&quot;:&quot;classic&quot;,&quot;animation&quot;:&quot;zoomIn&quot;}\">\n\t\t\t\t\t\t\t<div class=\"elementor-background-overlay\"><\/div>\n\t\t\t\t\t\t\t<div class=\"elementor-container elementor-column-gap-wide\">\n\t\t\t\t\t<div class=\"elementor-column elementor-col-100 elementor-top-column elementor-element elementor-element-1b6557f\" data-id=\"1b6557f\" data-element_type=\"column\" data-e-type=\"column\">\n\t\t\t<div class=\"elementor-widget-wrap elementor-element-populated\">\n\t\t\t\t\t\t<div class=\"elementor-element elementor-element-8c54f97 elementor-widget elementor-widget-text-editor\" data-id=\"8c54f97\" data-element_type=\"widget\" data-e-type=\"widget\" data-widget_type=\"text-editor.default\">\n\t\t\t\t<div class=\"elementor-widget-container\">\n\t\t\t\t\t\t\t\t\t<p>L\u2019activit\u00e9 du port de Rabat \u00e9tait intense au d\u00e9but du si\u00e8cle et les navires de commerce n\u2019h\u00e9sitaient pas \u00e0 remonter le Bouregreg. R\u00e9duire le Bouregreg \u00e0 sa seule activit\u00e9 bateli\u00e8re et portuaire ne refl\u00e8te pas la r\u00e9alit\u00e9 \u00e9conomique du fleuve pour la population.<\/p><p>L\u2019embouchure du Bouregreg constitue ce qu\u2019on appelle un ria, une \u00e9tendue de mer p\u00e9n\u00e9trant \u00e0 l\u2019int\u00e9rieur des terres. Cette ria est emplie d\u2019alluvions (de la marne n\u00e9og\u00e8ne) qui ont fait la prosp\u00e9rit\u00e9 des briquetiers et potiers de Sal\u00e9, maintenant install\u00e9s un peu plus loin en remontant le Bouregreg \u00e0 Oulja. Mais il y a peu les briquetiers et potiers \u00e9taient pr\u00e9sents au bout de l\u2019embarcad\u00e8re \u00e0 Sal\u00e9, au bord du Bouregreg.<\/p><p>Ils cohabitaient avec les laveurs de laine qui profitaient de l\u2019eau abondante du Bouregreg pour leur activit\u00e9 de lainier.<\/p><p>Le port subit la concurrence de celui de Casablanca, plus grand et plus facile d\u2019acc\u00e8s, la liaison ferroviaire avec Rabat acc\u00e9l\u00e8rera le d\u00e9clin du port de Rabat.<\/p><p>Le Bac \u00e0 vapeur sur le Bouregreg a fait la navette entre Rabat et Sal\u00e9 de 1913 jusqu\u2019en 1936 : il transportait jusqu\u2019\u00e0 300 ersonnes et\/ou chevaux et 10 v\u00e9hicules pour un poids total de 25 tonnes. Le bac mettait 2 minutes pour traverser et les op\u00e9rations d\u2019embarquement et d\u00e9barquement \u00e9taient particuli\u00e8rement rapides.<\/p><p>Une passerelle mobile \u00e0 la fin des ann\u00e9es 40 prit le relais pour le passage des pi\u00e9tons entre Rabat et Sal\u00e9 et a contribu\u00e9 \u00e0 la perte des barcassiers. Cette passerelle a elle-m\u00eame \u00e9t\u00e9 d\u00e9mont\u00e9e lors de l\u2019ouverture du pont Hassan II, en 1957. Depuis, un nouveau pont con\u00e7u par l\u2019architecte Mimram sur lequel cohabitent pi\u00e9tons, voitures et tramway a \u00e9t\u00e9 ouvert \u00e0 la circulation en 2011 et a remplac\u00e9 l\u2019ancien pont.<\/p>\t\t\t\t\t\t\t\t<\/div>\n\t\t\t\t<\/div>\n\t\t\t\t\t<\/div>\n\t\t<\/div>\n\t\t\t\t\t<\/div>\n\t\t<\/section>\n\t\t\t\t<section class=\"elementor-section elementor-top-section elementor-element elementor-element-e366d2b elementor-section-content-top elementor-section-boxed elementor-section-height-default elementor-section-height-default elementor-invisible\" data-id=\"e366d2b\" data-element_type=\"section\" data-e-type=\"section\" data-settings=\"{&quot;background_background&quot;:&quot;classic&quot;,&quot;animation&quot;:&quot;zoomIn&quot;}\">\n\t\t\t\t\t\t\t<div class=\"elementor-background-overlay\"><\/div>\n\t\t\t\t\t\t\t<div class=\"elementor-container elementor-column-gap-wide\">\n\t\t\t\t\t<div class=\"elementor-column elementor-col-50 elementor-top-column elementor-element elementor-element-226632b\" data-id=\"226632b\" data-element_type=\"column\" data-e-type=\"column\">\n\t\t\t<div class=\"elementor-widget-wrap elementor-element-populated\">\n\t\t\t\t\t\t<div class=\"elementor-element elementor-element-c1e684a elementor-widget elementor-widget-heading\" data-id=\"c1e684a\" data-element_type=\"widget\" data-e-type=\"widget\" data-widget_type=\"heading.default\">\n\t\t\t\t<div class=\"elementor-widget-container\">\n\t\t\t\t\t<div class=\"elementor-heading-title elementor-size-default\">\u2190 M\u00e9moire de Rabat, porte et murailles<\/div>\t\t\t\t<\/div>\n\t\t\t\t<\/div>\n\t\t\t\t\t<\/div>\n\t\t<\/div>\n\t\t\t\t<div class=\"elementor-column elementor-col-50 elementor-top-column elementor-element elementor-element-23785dc\" data-id=\"23785dc\" data-element_type=\"column\" data-e-type=\"column\">\n\t\t\t<div class=\"elementor-widget-wrap elementor-element-populated\">\n\t\t\t\t\t\t<div class=\"elementor-element elementor-element-9bf7a22 elementor-widget elementor-widget-heading\" data-id=\"9bf7a22\" data-element_type=\"widget\" data-e-type=\"widget\" data-widget_type=\"heading.default\">\n\t\t\t\t<div class=\"elementor-widget-container\">\n\t\t\t\t\t<div class=\"elementor-heading-title elementor-size-default\">M\u00e9moire de Rabat, la m\u00e9dina \u2192<\/div>\t\t\t\t<\/div>\n\t\t\t\t<\/div>\n\t\t\t\t\t<\/div>\n\t\t<\/div>\n\t\t\t\t\t<\/div>\n\t\t<\/section>\n\t\t<div class=\"elementor-element elementor-element-18b3f39 e-flex e-con-boxed e-con e-parent\" data-id=\"18b3f39\" data-element_type=\"container\" data-e-type=\"container\">\n\t\t\t\t\t<div class=\"e-con-inner\">\n\t\t\t\t<div class=\"elementor-element elementor-element-ddd2b11 elementor-widget-divider--view-line elementor-widget elementor-widget-divider\" data-id=\"ddd2b11\" data-element_type=\"widget\" data-e-type=\"widget\" data-widget_type=\"divider.default\">\n\t\t\t\t<div class=\"elementor-widget-container\">\n\t\t\t\t\t\t\t<div class=\"elementor-divider\">\n\t\t\t<span class=\"elementor-divider-separator\">\n\t\t\t\t\t\t<\/span>\n\t\t<\/div>\n\t\t\t\t\t\t<\/div>\n\t\t\t\t<\/div>\n\t\t\t\t\t<\/div>\n\t\t\t\t<\/div>\n\t\t\t\t<\/div>\n\t\t","protected":false},"excerpt":{"rendered":"<p>Rabat portail de Rabat, tourisme, histoire et culture. Plus d&rsquo;information M\u00e9moire de Rabat, le Bouregreg Le port de Rabat : photos des ann\u00e9es 1920 Voici comment se pr\u00e9sentait le port avant 1913 et sa darse. Le port et le nouveau quai de la douane allong\u00e9. Barcassiers du Bouregreg et Bac \u00e0 vapeur Le c\u00e9l\u00e8bre bac [&hellip;]<\/p>\n","protected":false},"author":1,"featured_media":0,"parent":0,"menu_order":0,"comment_status":"closed","ping_status":"closed","template":"","meta":{"_uag_custom_page_level_css":"","_monsterinsights_skip_tracking":false,"_monsterinsights_sitenote_active":false,"_monsterinsights_sitenote_note":"","_monsterinsights_sitenote_category":0,"_uf_show_specific_survey":0,"_uf_disable_surveys":false,"site-sidebar-layout":"no-sidebar","site-content-layout":"plain-container","ast-site-content-layout":"full-width-container","site-content-style":"unboxed","site-sidebar-style":"unboxed","ast-global-header-display":"","ast-banner-title-visibility":"","ast-main-header-display":"","ast-hfb-above-header-display":"","ast-hfb-below-header-display":"","ast-hfb-mobile-header-display":"","site-post-title":"disabled","ast-breadcrumbs-content":"","ast-featured-img":"","footer-sml-layout":"","theme-transparent-header-meta":"enabled","adv-header-id-meta":"","stick-header-meta":"","header-above-stick-meta":"","header-main-stick-meta":"","header-below-stick-meta":"","astra-migrate-meta-layouts":"set","ast-page-background-enabled":"default","ast-page-background-meta":{"desktop":{"background-color":"","background-image":"","background-repeat":"repeat","background-position":"center center","background-size":"auto","background-attachment":"scroll","background-type":"","background-media":"","overlay-type":"","overlay-color":"","overlay-opacity":"","overlay-gradient":""},"tablet":{"background-color":"","background-image":"","background-repeat":"repeat","background-position":"center center","background-size":"auto","background-attachment":"scroll","background-type":"","background-media":"","overlay-type":"","overlay-color":"","overlay-opacity":"","overlay-gradient":""},"mobile":{"background-color":"","background-image":"","background-repeat":"repeat","background-position":"center center","background-size":"auto","background-attachment":"scroll","background-type":"","background-media":"","overlay-type":"","overlay-color":"","overlay-opacity":"","overlay-gradient":""}},"ast-content-background-meta":{"desktop":{"background-color":"var(--ast-global-color-5)","background-image":"","background-repeat":"repeat","background-position":"center center","background-size":"auto","background-attachment":"scroll","background-type":"","background-media":"","overlay-type":"","overlay-color":"","overlay-opacity":"","overlay-gradient":""},"tablet":{"background-color":"var(--ast-global-color-5)","background-image":"","background-repeat":"repeat","background-position":"center center","background-size":"auto","background-attachment":"scroll","background-type":"","background-media":"","overlay-type":"","overlay-color":"","overlay-opacity":"","overlay-gradient":""},"mobile":{"background-color":"var(--ast-global-color-5)","background-image":"","background-repeat":"repeat","background-position":"center center","background-size":"auto","background-attachment":"scroll","background-type":"","background-media":"","overlay-type":"","overlay-color":"","overlay-opacity":"","overlay-gradient":""}},"footnotes":""},"class_list":["post-6536","page","type-page","status-publish","hentry"],"aioseo_notices":[],"uagb_featured_image_src":{"full":false,"thumbnail":false,"medium":false,"medium_large":false,"large":false,"1536x1536":false,"2048x2048":false},"uagb_author_info":{"display_name":"wmetequkjwqb","author_link":"https:\/\/rabat-maroc.net\/rabat-maroc-V2\/author\/wmetequkjwqb\/"},"uagb_comment_info":0,"uagb_excerpt":"Rabat portail de Rabat, tourisme, histoire et culture. Plus d&rsquo;information M\u00e9moire de Rabat, le Bouregreg Le port de Rabat : photos des ann\u00e9es 1920 Voici comment se pr\u00e9sentait le port avant 1913 et sa darse. Le port et le nouveau quai de la douane allong\u00e9. Barcassiers du Bouregreg et Bac \u00e0 vapeur Le c\u00e9l\u00e8bre bac\u2026","jetpack_sharing_enabled":true,"_links":{"self":[{"href":"https:\/\/rabat-maroc.net\/rabat-maroc-V2\/wp-json\/wp\/v2\/pages\/6536","targetHints":{"allow":["GET"]}}],"collection":[{"href":"https:\/\/rabat-maroc.net\/rabat-maroc-V2\/wp-json\/wp\/v2\/pages"}],"about":[{"href":"https:\/\/rabat-maroc.net\/rabat-maroc-V2\/wp-json\/wp\/v2\/types\/page"}],"author":[{"embeddable":true,"href":"https:\/\/rabat-maroc.net\/rabat-maroc-V2\/wp-json\/wp\/v2\/users\/1"}],"replies":[{"embeddable":true,"href":"https:\/\/rabat-maroc.net\/rabat-maroc-V2\/wp-json\/wp\/v2\/comments?post=6536"}],"version-history":[{"count":22,"href":"https:\/\/rabat-maroc.net\/rabat-maroc-V2\/wp-json\/wp\/v2\/pages\/6536\/revisions"}],"predecessor-version":[{"id":6571,"href":"https:\/\/rabat-maroc.net\/rabat-maroc-V2\/wp-json\/wp\/v2\/pages\/6536\/revisions\/6571"}],"wp:attachment":[{"href":"https:\/\/rabat-maroc.net\/rabat-maroc-V2\/wp-json\/wp\/v2\/media?parent=6536"}],"curies":[{"name":"wp","href":"https:\/\/api.w.org\/{rel}","templated":true}]}}