{"id":6719,"date":"2024-11-06T09:44:26","date_gmt":"2024-11-06T09:44:26","guid":{"rendered":"https:\/\/rabat-maroc.net\/rabat-maroc-V2\/?page_id=6719"},"modified":"2024-11-06T10:23:03","modified_gmt":"2024-11-06T10:23:03","slug":"gare-rabat-agdal","status":"publish","type":"page","link":"https:\/\/rabat-maroc.net\/rabat-maroc-V2\/gare-rabat-agdal\/","title":{"rendered":"gare-rabat-agdal"},"content":{"rendered":"\t\t<div data-elementor-type=\"wp-page\" data-elementor-id=\"6719\" class=\"elementor elementor-6719\">\n\t\t\t\t\t\t<section class=\"elementor-section elementor-top-section elementor-element elementor-element-wt2f15w elementor-section-boxed elementor-section-height-default elementor-section-height-default\" data-id=\"wt2f15w\" data-element_type=\"section\" data-e-type=\"section\" data-settings=\"{&quot;background_background&quot;:&quot;classic&quot;}\">\n\t\t\t\t\t\t\t<div class=\"elementor-background-overlay\"><\/div>\n\t\t\t\t\t\t\t<div class=\"elementor-container elementor-column-gap-default\">\n\t\t\t\t\t<div class=\"elementor-column elementor-col-100 elementor-top-column elementor-element elementor-element-78af2ff\" data-id=\"78af2ff\" data-element_type=\"column\" data-e-type=\"column\">\n\t\t\t<div class=\"elementor-widget-wrap elementor-element-populated\">\n\t\t\t\t\t\t<div class=\"elementor-element elementor-element-58ba8f4 elementor-widget elementor-widget-heading\" data-id=\"58ba8f4\" data-element_type=\"widget\" data-e-type=\"widget\" data-widget_type=\"heading.default\">\n\t\t\t\t<div class=\"elementor-widget-container\">\n\t\t\t\t\t<h1 class=\"elementor-heading-title elementor-size-default\">Rabat de Lyautey \u00e0 Mohammed VI<\/h1>\t\t\t\t<\/div>\n\t\t\t\t<\/div>\n\t\t\t\t<div class=\"elementor-element elementor-element-97cc7d6 elementor-widget elementor-widget-text-editor\" data-id=\"97cc7d6\" data-element_type=\"widget\" data-e-type=\"widget\" data-widget_type=\"text-editor.default\">\n\t\t\t\t<div class=\"elementor-widget-container\">\n\t\t\t\t\t\t\t\t\t<p>portail de Rabat, tourisme, histoire et culture.<\/p>\t\t\t\t\t\t\t\t<\/div>\n\t\t\t\t<\/div>\n\t\t\t\t<div class=\"elementor-element elementor-element-c4c3581 elementor-align-center elementor-widget elementor-widget-button\" data-id=\"c4c3581\" data-element_type=\"widget\" data-e-type=\"widget\" data-widget_type=\"button.default\">\n\t\t\t\t<div class=\"elementor-widget-container\">\n\t\t\t\t\t\t\t\t\t<div class=\"elementor-button-wrapper\">\n\t\t\t\t\t<a class=\"elementor-button elementor-button-link elementor-size-sm\" href=\"#\">\n\t\t\t\t\t\t<span class=\"elementor-button-content-wrapper\">\n\t\t\t\t\t\t\t\t\t<span class=\"elementor-button-text\">Plus d'information<\/span>\n\t\t\t\t\t<\/span>\n\t\t\t\t\t<\/a>\n\t\t\t\t<\/div>\n\t\t\t\t\t\t\t\t<\/div>\n\t\t\t\t<\/div>\n\t\t\t\t\t<\/div>\n\t\t<\/div>\n\t\t\t\t\t<\/div>\n\t\t<\/section>\n\t\t<div class=\"elementor-element elementor-element-b208350 e-flex e-con-boxed e-con e-parent\" data-id=\"b208350\" data-element_type=\"container\" data-e-type=\"container\">\n\t\t\t\t\t<div class=\"e-con-inner\">\n\t\t\t\t<div class=\"elementor-element elementor-element-bed5d70 elementor-widget-divider--view-line elementor-widget elementor-widget-divider\" data-id=\"bed5d70\" data-element_type=\"widget\" data-e-type=\"widget\" data-widget_type=\"divider.default\">\n\t\t\t\t<div class=\"elementor-widget-container\">\n\t\t\t\t\t\t\t<div class=\"elementor-divider\">\n\t\t\t<span class=\"elementor-divider-separator\">\n\t\t\t\t\t\t<\/span>\n\t\t<\/div>\n\t\t\t\t\t\t<\/div>\n\t\t\t\t<\/div>\n\t\t\t\t\t<\/div>\n\t\t\t\t<\/div>\n\t\t\t\t<section class=\"elementor-section elementor-top-section elementor-element elementor-element-yhy07ip elementor-section-content-top elementor-section-boxed elementor-section-height-default elementor-section-height-default\" data-id=\"yhy07ip\" data-element_type=\"section\" data-e-type=\"section\" data-settings=\"{&quot;background_background&quot;:&quot;classic&quot;}\">\n\t\t\t\t\t\t\t<div class=\"elementor-background-overlay\"><\/div>\n\t\t\t\t\t\t\t<div class=\"elementor-container elementor-column-gap-no\">\n\t\t\t\t\t<div class=\"elementor-column elementor-col-100 elementor-top-column elementor-element elementor-element-5312e3d\" data-id=\"5312e3d\" data-element_type=\"column\" data-e-type=\"column\">\n\t\t\t<div class=\"elementor-widget-wrap elementor-element-populated\">\n\t\t\t\t\t\t<div class=\"elementor-element elementor-element-f8e2218 elementor-invisible elementor-widget elementor-widget-heading\" data-id=\"f8e2218\" data-element_type=\"widget\" data-e-type=\"widget\" data-settings=\"{&quot;_animation&quot;:&quot;bounceInUp&quot;}\" data-widget_type=\"heading.default\">\n\t\t\t\t<div class=\"elementor-widget-container\">\n\t\t\t\t\t<h2 class=\"elementor-heading-title elementor-size-default\">Gare Rabat-Agdal<\/h2>\t\t\t\t<\/div>\n\t\t\t\t<\/div>\n\t\t\t\t\t<\/div>\n\t\t<\/div>\n\t\t\t\t\t<\/div>\n\t\t<\/section>\n\t\t\t\t<section class=\"elementor-section elementor-top-section elementor-element elementor-element-bufwxzm elementor-section-content-middle elementor-section-boxed elementor-section-height-default elementor-section-height-default elementor-invisible\" data-id=\"bufwxzm\" data-element_type=\"section\" data-e-type=\"section\" data-settings=\"{&quot;background_background&quot;:&quot;classic&quot;,&quot;animation&quot;:&quot;zoomIn&quot;}\">\n\t\t\t\t\t\t\t<div class=\"elementor-background-overlay\"><\/div>\n\t\t\t\t\t\t\t<div class=\"elementor-container elementor-column-gap-no\">\n\t\t\t\t\t<div class=\"elementor-column elementor-col-50 elementor-top-column elementor-element elementor-element-05c2928\" data-id=\"05c2928\" data-element_type=\"column\" data-e-type=\"column\" data-settings=\"{&quot;background_background&quot;:&quot;classic&quot;}\">\n\t\t\t<div class=\"elementor-widget-wrap elementor-element-populated\">\n\t\t\t\t\t\t<div class=\"elementor-element elementor-element-85cbfc5 elementor-widget elementor-widget-image\" data-id=\"85cbfc5\" data-element_type=\"widget\" data-e-type=\"widget\" data-widget_type=\"image.default\">\n\t\t\t\t<div class=\"elementor-widget-container\">\n\t\t\t\t\t\t\t\t\t\t\t\t\t\t\t<img fetchpriority=\"high\" decoding=\"async\" width=\"600\" height=\"450\" src=\"https:\/\/rabat-maroc.net\/rabat-maroc-V2\/wp-content\/uploads\/2024\/11\/grare-rabat-agdal-entree-av-charkaoui.jpg\" class=\"attachment-full size-full wp-image-6725\" alt=\"gare rabat agdal entree av charkaoui\" srcset=\"https:\/\/rabat-maroc.net\/rabat-maroc-V2\/wp-content\/uploads\/2024\/11\/grare-rabat-agdal-entree-av-charkaoui.jpg 600w, https:\/\/rabat-maroc.net\/rabat-maroc-V2\/wp-content\/uploads\/2024\/11\/grare-rabat-agdal-entree-av-charkaoui-300x225.jpg 300w\" sizes=\"(max-width: 600px) 100vw, 600px\" \/>\t\t\t\t\t\t\t\t\t\t\t\t\t\t\t<\/div>\n\t\t\t\t<\/div>\n\t\t\t\t\t<\/div>\n\t\t<\/div>\n\t\t\t\t<div class=\"elementor-column elementor-col-50 elementor-top-column elementor-element elementor-element-31c4cbc\" data-id=\"31c4cbc\" data-element_type=\"column\" data-e-type=\"column\">\n\t\t\t<div class=\"elementor-widget-wrap elementor-element-populated\">\n\t\t\t\t\t\t<div class=\"elementor-element elementor-element-5ca7fe6 elementor-widget elementor-widget-image\" data-id=\"5ca7fe6\" data-element_type=\"widget\" data-e-type=\"widget\" data-widget_type=\"image.default\">\n\t\t\t\t<div class=\"elementor-widget-container\">\n\t\t\t\t\t\t\t\t\t\t\t\t\t\t\t<img decoding=\"async\" width=\"600\" height=\"450\" src=\"https:\/\/rabat-maroc.net\/rabat-maroc-V2\/wp-content\/uploads\/2024\/11\/grare-rabat-agdal-pelouse-av-charkaoui.jpg\" class=\"attachment-full size-full wp-image-6726\" alt=\"gare rabat agdal pelouse av charkaoui\" srcset=\"https:\/\/rabat-maroc.net\/rabat-maroc-V2\/wp-content\/uploads\/2024\/11\/grare-rabat-agdal-pelouse-av-charkaoui.jpg 600w, https:\/\/rabat-maroc.net\/rabat-maroc-V2\/wp-content\/uploads\/2024\/11\/grare-rabat-agdal-pelouse-av-charkaoui-300x225.jpg 300w\" sizes=\"(max-width: 600px) 100vw, 600px\" \/>\t\t\t\t\t\t\t\t\t\t\t\t\t\t\t<\/div>\n\t\t\t\t<\/div>\n\t\t\t\t\t<\/div>\n\t\t<\/div>\n\t\t\t\t\t<\/div>\n\t\t<\/section>\n\t\t\t\t<section class=\"elementor-section elementor-top-section elementor-element elementor-element-c7dc2dd elementor-section-content-middle elementor-section-boxed elementor-section-height-default elementor-section-height-default elementor-invisible\" data-id=\"c7dc2dd\" data-element_type=\"section\" data-e-type=\"section\" data-settings=\"{&quot;background_background&quot;:&quot;classic&quot;,&quot;animation&quot;:&quot;zoomIn&quot;}\">\n\t\t\t\t\t\t\t<div class=\"elementor-background-overlay\"><\/div>\n\t\t\t\t\t\t\t<div class=\"elementor-container elementor-column-gap-no\">\n\t\t\t\t\t<div class=\"elementor-column elementor-col-50 elementor-top-column elementor-element elementor-element-1eb2a6f\" data-id=\"1eb2a6f\" data-element_type=\"column\" data-e-type=\"column\" data-settings=\"{&quot;background_background&quot;:&quot;classic&quot;}\">\n\t\t\t<div class=\"elementor-widget-wrap elementor-element-populated\">\n\t\t\t\t\t\t<div class=\"elementor-element elementor-element-bd4ee0c elementor-widget elementor-widget-image\" data-id=\"bd4ee0c\" data-element_type=\"widget\" data-e-type=\"widget\" data-widget_type=\"image.default\">\n\t\t\t\t<div class=\"elementor-widget-container\">\n\t\t\t\t\t\t\t\t\t\t\t\t\t\t\t<img decoding=\"async\" width=\"600\" height=\"450\" src=\"https:\/\/rabat-maroc.net\/rabat-maroc-V2\/wp-content\/uploads\/2024\/11\/grare-rabat-agdal-rdc-voyageurs.jpg\" class=\"attachment-full size-full wp-image-6727\" alt=\"gare rabat agdal rdc voyageurs\" srcset=\"https:\/\/rabat-maroc.net\/rabat-maroc-V2\/wp-content\/uploads\/2024\/11\/grare-rabat-agdal-rdc-voyageurs.jpg 600w, https:\/\/rabat-maroc.net\/rabat-maroc-V2\/wp-content\/uploads\/2024\/11\/grare-rabat-agdal-rdc-voyageurs-300x225.jpg 300w\" sizes=\"(max-width: 600px) 100vw, 600px\" \/>\t\t\t\t\t\t\t\t\t\t\t\t\t\t\t<\/div>\n\t\t\t\t<\/div>\n\t\t\t\t\t<\/div>\n\t\t<\/div>\n\t\t\t\t<div class=\"elementor-column elementor-col-50 elementor-top-column elementor-element elementor-element-779cb9a\" data-id=\"779cb9a\" data-element_type=\"column\" data-e-type=\"column\">\n\t\t\t<div class=\"elementor-widget-wrap elementor-element-populated\">\n\t\t\t\t\t\t<div class=\"elementor-element elementor-element-5bb8c72 elementor-widget elementor-widget-image\" data-id=\"5bb8c72\" data-element_type=\"widget\" data-e-type=\"widget\" data-widget_type=\"image.default\">\n\t\t\t\t<div class=\"elementor-widget-container\">\n\t\t\t\t\t\t\t\t\t\t\t\t\t\t\t<img loading=\"lazy\" decoding=\"async\" width=\"600\" height=\"450\" src=\"https:\/\/rabat-maroc.net\/rabat-maroc-V2\/wp-content\/uploads\/2024\/11\/plafond-hall-gare-rabat-agdal-2019.jpg\" class=\"attachment-full size-full wp-image-6728\" alt=\"plafond hall gare rabat agdal 2019\" srcset=\"https:\/\/rabat-maroc.net\/rabat-maroc-V2\/wp-content\/uploads\/2024\/11\/plafond-hall-gare-rabat-agdal-2019.jpg 600w, https:\/\/rabat-maroc.net\/rabat-maroc-V2\/wp-content\/uploads\/2024\/11\/plafond-hall-gare-rabat-agdal-2019-300x225.jpg 300w\" sizes=\"(max-width: 600px) 100vw, 600px\" \/>\t\t\t\t\t\t\t\t\t\t\t\t\t\t\t<\/div>\n\t\t\t\t<\/div>\n\t\t\t\t\t<\/div>\n\t\t<\/div>\n\t\t\t\t\t<\/div>\n\t\t<\/section>\n\t\t\t\t<section class=\"elementor-section elementor-top-section elementor-element elementor-element-8685694 elementor-section-content-middle elementor-section-boxed elementor-section-height-default elementor-section-height-default elementor-invisible\" data-id=\"8685694\" data-element_type=\"section\" data-e-type=\"section\" data-settings=\"{&quot;background_background&quot;:&quot;classic&quot;,&quot;animation&quot;:&quot;zoomIn&quot;}\">\n\t\t\t\t\t\t\t<div class=\"elementor-background-overlay\"><\/div>\n\t\t\t\t\t\t\t<div class=\"elementor-container elementor-column-gap-no\">\n\t\t\t\t\t<div class=\"elementor-column elementor-col-50 elementor-top-column elementor-element elementor-element-68b0450\" data-id=\"68b0450\" data-element_type=\"column\" data-e-type=\"column\" data-settings=\"{&quot;background_background&quot;:&quot;classic&quot;}\">\n\t\t\t<div class=\"elementor-widget-wrap elementor-element-populated\">\n\t\t\t\t\t\t<div class=\"elementor-element elementor-element-4031c15 elementor-widget elementor-widget-image\" data-id=\"4031c15\" data-element_type=\"widget\" data-e-type=\"widget\" data-widget_type=\"image.default\">\n\t\t\t\t<div class=\"elementor-widget-container\">\n\t\t\t\t\t\t\t\t\t\t\t\t\t\t\t<img loading=\"lazy\" decoding=\"async\" width=\"900\" height=\"513\" src=\"https:\/\/rabat-maroc.net\/rabat-maroc-V2\/wp-content\/uploads\/2024\/11\/gare-rabat-agdal-hassanII-2019.jpg\" class=\"attachment-full size-full wp-image-6724\" alt=\"\" srcset=\"https:\/\/rabat-maroc.net\/rabat-maroc-V2\/wp-content\/uploads\/2024\/11\/gare-rabat-agdal-hassanII-2019.jpg 900w, https:\/\/rabat-maroc.net\/rabat-maroc-V2\/wp-content\/uploads\/2024\/11\/gare-rabat-agdal-hassanII-2019-300x171.jpg 300w, https:\/\/rabat-maroc.net\/rabat-maroc-V2\/wp-content\/uploads\/2024\/11\/gare-rabat-agdal-hassanII-2019-768x438.jpg 768w\" sizes=\"(max-width: 900px) 100vw, 900px\" \/>\t\t\t\t\t\t\t\t\t\t\t\t\t\t\t<\/div>\n\t\t\t\t<\/div>\n\t\t\t\t\t<\/div>\n\t\t<\/div>\n\t\t\t\t<div class=\"elementor-column elementor-col-50 elementor-top-column elementor-element elementor-element-21b2981\" data-id=\"21b2981\" data-element_type=\"column\" data-e-type=\"column\">\n\t\t\t<div class=\"elementor-widget-wrap elementor-element-populated\">\n\t\t\t\t\t\t<div class=\"elementor-element elementor-element-d08e096 elementor-widget elementor-widget-image\" data-id=\"d08e096\" data-element_type=\"widget\" data-e-type=\"widget\" data-widget_type=\"image.default\">\n\t\t\t\t<div class=\"elementor-widget-container\">\n\t\t\t\t\t\t\t\t\t\t\t\t\t\t\t<img loading=\"lazy\" decoding=\"async\" width=\"897\" height=\"513\" src=\"https:\/\/rabat-maroc.net\/rabat-maroc-V2\/wp-content\/uploads\/2024\/11\/al-boraq-2019.jpg\" class=\"attachment-full size-full wp-image-6721\" alt=\"al boraq 2019\" srcset=\"https:\/\/rabat-maroc.net\/rabat-maroc-V2\/wp-content\/uploads\/2024\/11\/al-boraq-2019.jpg 897w, https:\/\/rabat-maroc.net\/rabat-maroc-V2\/wp-content\/uploads\/2024\/11\/al-boraq-2019-300x172.jpg 300w, https:\/\/rabat-maroc.net\/rabat-maroc-V2\/wp-content\/uploads\/2024\/11\/al-boraq-2019-768x439.jpg 768w\" sizes=\"(max-width: 897px) 100vw, 897px\" \/>\t\t\t\t\t\t\t\t\t\t\t\t\t\t\t<\/div>\n\t\t\t\t<\/div>\n\t\t\t\t\t<\/div>\n\t\t<\/div>\n\t\t\t\t\t<\/div>\n\t\t<\/section>\n\t\t\t\t<section class=\"elementor-section elementor-top-section elementor-element elementor-element-f46d085 elementor-section-content-middle elementor-section-boxed elementor-section-height-default elementor-section-height-default elementor-invisible\" data-id=\"f46d085\" data-element_type=\"section\" data-e-type=\"section\" data-settings=\"{&quot;background_background&quot;:&quot;classic&quot;,&quot;animation&quot;:&quot;zoomIn&quot;}\">\n\t\t\t\t\t\t\t<div class=\"elementor-background-overlay\"><\/div>\n\t\t\t\t\t\t\t<div class=\"elementor-container elementor-column-gap-no\">\n\t\t\t\t\t<div class=\"elementor-column elementor-col-50 elementor-top-column elementor-element elementor-element-493ed9d\" data-id=\"493ed9d\" data-element_type=\"column\" data-e-type=\"column\" data-settings=\"{&quot;background_background&quot;:&quot;classic&quot;}\">\n\t\t\t<div class=\"elementor-widget-wrap elementor-element-populated\">\n\t\t\t\t\t\t<div class=\"elementor-element elementor-element-99f422f elementor-widget elementor-widget-image\" data-id=\"99f422f\" data-element_type=\"widget\" data-e-type=\"widget\" data-widget_type=\"image.default\">\n\t\t\t\t<div class=\"elementor-widget-container\">\n\t\t\t\t\t\t\t\t\t\t\t\t\t\t\t<img loading=\"lazy\" decoding=\"async\" width=\"600\" height=\"450\" src=\"https:\/\/rabat-maroc.net\/rabat-maroc-V2\/wp-content\/uploads\/2024\/11\/gare-rabat-agdal-av-charkaoui-2019.jpg\" class=\"attachment-full size-full wp-image-6722\" alt=\"\" srcset=\"https:\/\/rabat-maroc.net\/rabat-maroc-V2\/wp-content\/uploads\/2024\/11\/gare-rabat-agdal-av-charkaoui-2019.jpg 600w, https:\/\/rabat-maroc.net\/rabat-maroc-V2\/wp-content\/uploads\/2024\/11\/gare-rabat-agdal-av-charkaoui-2019-300x225.jpg 300w\" sizes=\"(max-width: 600px) 100vw, 600px\" \/>\t\t\t\t\t\t\t\t\t\t\t\t\t\t\t<\/div>\n\t\t\t\t<\/div>\n\t\t\t\t\t<\/div>\n\t\t<\/div>\n\t\t\t\t<div class=\"elementor-column elementor-col-50 elementor-top-column elementor-element elementor-element-c634222\" data-id=\"c634222\" data-element_type=\"column\" data-e-type=\"column\">\n\t\t\t<div class=\"elementor-widget-wrap elementor-element-populated\">\n\t\t\t\t\t\t<div class=\"elementor-element elementor-element-3ff038c elementor-widget elementor-widget-image\" data-id=\"3ff038c\" data-element_type=\"widget\" data-e-type=\"widget\" data-widget_type=\"image.default\">\n\t\t\t\t<div class=\"elementor-widget-container\">\n\t\t\t\t\t\t\t\t\t\t\t\t\t\t\t<img loading=\"lazy\" decoding=\"async\" width=\"900\" height=\"336\" src=\"https:\/\/rabat-maroc.net\/rabat-maroc-V2\/wp-content\/uploads\/2024\/11\/gare-rabat-agdal-hall-2019.jpg\" class=\"attachment-full size-full wp-image-6723\" alt=\"gare rabat agdal hall 2019\" srcset=\"https:\/\/rabat-maroc.net\/rabat-maroc-V2\/wp-content\/uploads\/2024\/11\/gare-rabat-agdal-hall-2019.jpg 900w, https:\/\/rabat-maroc.net\/rabat-maroc-V2\/wp-content\/uploads\/2024\/11\/gare-rabat-agdal-hall-2019-300x112.jpg 300w, https:\/\/rabat-maroc.net\/rabat-maroc-V2\/wp-content\/uploads\/2024\/11\/gare-rabat-agdal-hall-2019-768x287.jpg 768w\" sizes=\"(max-width: 900px) 100vw, 900px\" \/>\t\t\t\t\t\t\t\t\t\t\t\t\t\t\t<\/div>\n\t\t\t\t<\/div>\n\t\t\t\t\t<\/div>\n\t\t<\/div>\n\t\t\t\t\t<\/div>\n\t\t<\/section>\n\t\t<div class=\"elementor-element elementor-element-ff3bb5c e-flex e-con-boxed e-con e-parent\" data-id=\"ff3bb5c\" data-element_type=\"container\" data-e-type=\"container\">\n\t\t\t\t\t<div class=\"e-con-inner\">\n\t\t\t\t<div class=\"elementor-element elementor-element-e478da5 elementor-widget-divider--view-line elementor-widget elementor-widget-divider\" data-id=\"e478da5\" data-element_type=\"widget\" data-e-type=\"widget\" data-widget_type=\"divider.default\">\n\t\t\t\t<div class=\"elementor-widget-container\">\n\t\t\t\t\t\t\t<div class=\"elementor-divider\">\n\t\t\t<span class=\"elementor-divider-separator\">\n\t\t\t\t\t\t<\/span>\n\t\t<\/div>\n\t\t\t\t\t\t<\/div>\n\t\t\t\t<\/div>\n\t\t\t\t\t<\/div>\n\t\t\t\t<\/div>\n\t\t\t\t<section class=\"elementor-section elementor-top-section elementor-element elementor-element-dq4v8qv elementor-section-content-middle elementor-section-boxed elementor-section-height-default elementor-section-height-default elementor-invisible\" data-id=\"dq4v8qv\" data-element_type=\"section\" data-e-type=\"section\" data-settings=\"{&quot;background_background&quot;:&quot;classic&quot;,&quot;animation&quot;:&quot;bounceInUp&quot;}\">\n\t\t\t\t\t\t\t<div class=\"elementor-background-overlay\"><\/div>\n\t\t\t\t\t\t\t<div class=\"elementor-container elementor-column-gap-no\">\n\t\t\t\t\t<div class=\"elementor-column elementor-col-50 elementor-top-column elementor-element elementor-element-2fe83d4\" data-id=\"2fe83d4\" data-element_type=\"column\" data-e-type=\"column\">\n\t\t\t<div class=\"elementor-widget-wrap elementor-element-populated\">\n\t\t\t\t\t\t<div class=\"elementor-element elementor-element-4b34f05 elementor-widget elementor-widget-google_maps\" data-id=\"4b34f05\" data-element_type=\"widget\" data-e-type=\"widget\" data-widget_type=\"google_maps.default\">\n\t\t\t\t<div class=\"elementor-widget-container\">\n\t\t\t\t\t\t\t<div class=\"elementor-custom-embed\">\n\t\t\t<iframe loading=\"lazy\"\n\t\t\t\t\tsrc=\"https:\/\/maps.google.com\/maps?q=Gare%20de%20Rabat%20Agdal&#038;t=m&#038;z=10&#038;output=embed&#038;iwloc=near\"\n\t\t\t\t\ttitle=\"Gare de Rabat Agdal\"\n\t\t\t\t\taria-label=\"Gare de Rabat Agdal\"\n\t\t\t><\/iframe>\n\t\t<\/div>\n\t\t\t\t\t\t<\/div>\n\t\t\t\t<\/div>\n\t\t\t\t\t<\/div>\n\t\t<\/div>\n\t\t\t\t<div class=\"elementor-column elementor-col-50 elementor-top-column elementor-element elementor-element-7c492c6\" data-id=\"7c492c6\" data-element_type=\"column\" data-e-type=\"column\">\n\t\t\t<div class=\"elementor-widget-wrap elementor-element-populated\">\n\t\t\t\t\t\t<div class=\"elementor-element elementor-element-a83a2af elementor-widget elementor-widget-text-editor\" data-id=\"a83a2af\" data-element_type=\"widget\" data-e-type=\"widget\" data-widget_type=\"text-editor.default\">\n\t\t\t\t<div class=\"elementor-widget-container\">\n\t\t\t\t\t\t\t\t\t<p><strong>P<\/strong>our ceux qui ont connu l\u2019ancienne Gare Rabat Agdal, nul doute que le choc visuel de ce b\u00e2timent qui accueille Al Bora, le TGV reliant Casblanca \u00e0 Tanger en 2h20mn, est stup\u00e9fiant. Car vous avez devant vos yeux la plus grande et la plus moderne gare d\u2019Afrique continentale !<\/p><p>Anciennement gare de fret essentiellement fr\u00e9quent\u00e9e pour les voyageurs, par des cadres en poste \u00e0 Casablanca et habitant les quartiers Agdal et Hay Riad, la nouvelle gare Rabat-Agdal a \u00e9t\u00e9 con\u00e7ue par l\u2019architecte marocain Meheli Youssef comme la gare LGV de Tanger ainsi que celle de Marrakech, et \u00e9rig\u00e9e en un temps record inf\u00e9rieur \u00e0 30 mois, sans interruption de trafic.<\/p><p>L\u2019id\u00e9e de g\u00e9nie, fruit de l\u2019imagination de l\u2019architecte-urbaniste, c\u2019\u00e9tait de concevoir le b\u00e2timent comme un pont, permettant de relier les quartiers populaires de Yacoub Al Mansour et Akkari de l\u2019autre c\u00f4t\u00e9 de l\u2019avenue Hassan II aux quartiers bourgeois et hupp\u00e9s de Agdal et Souissi et leurs immeubles des hautes administrations et d\u2019\u00e9coles de prestige.<\/p><p>Ainsi, depuis l\u2019inauguration de cette gare en novembre 2018, l\u2019avenue Hassan II n\u2019est plus v\u00e9cue comme une v\u00e9ritable fronti\u00e8re entre ces deux mondes. Les deux populations peuvent ainsi se retrouver dans la gare de Rabat Agdal, v\u00e9ritable lieu de vie. A l\u2019int\u00e9rieur de ce pont-b\u00e2timent accessible des deux c\u00f4t\u00e9s, vous avez outre une grande salle de billetterie, des halls d\u2019embarquement climatis\u00e9s, des salons grands voyageurs ainsi que de multiples enseignes commerciales essentiellement de restauration.<\/p><p>La seconde trouvaille de Meheli Youssef, c\u2019est de m\u00ealer dans un m\u00eame b\u00e2timent, authenticit\u00e9 propre au savoir faire marocain et modernit\u00e9. Authenticit\u00e9 pour ce qui touche aux mat\u00e9riaux de construction, modernit\u00e9 dans la conception bioclimatique, l\u2019endroit est imagin\u00e9 comme un lieu de d\u00e9tente o\u00f9 vous pouvez, comme dans les a\u00e9roports d\u2019autrefois, venir en famille pour d\u00e9guster une glace ou un tacos, faire un achat dans une des multiples boutiques, ou tout simplement vous reposer dans une atmosph\u00e8re fra\u00eeche et d\u00e9licieusement d\u00e9cor\u00e9e de plantes grasses et fleuries.<\/p><p><a href=\"https:\/\/www.high-endrolex.com\/16\">https:\/\/www.high-endrolex.com\/16<\/a><\/p><p>Dans l\u2019attente de la fin des travaux de la gare Rabat-Ville, nous encourageons tous les voyageurs se rendant \u00e0 Rabat par le train, \u00e0 descendre \u00e0 Rabat-Agdal, une belle surprise les accueillera.<\/p><p>Seul probl\u00e8me tenant \u00e0 des infrastructures pas encore pr\u00eates, le noeud multimodal devant accueillir tram, bus et taxis c\u00f4t\u00e9 avenue Hassan II n\u2019est pas encore en place, et la station de trawway la plus proche celle du terminal \u201cHopital Moulay Youssef\u201d, est \u00e0 20 bonnes minutes de marche. Quant aux taxis bleus parqu\u00e9s de l\u2019autre c\u00f4t\u00e9 de l\u2019avenue Charkaoui, ils sont peu enclins \u00e0 prendre une course pour de courts trajets, pr\u00e9f\u00e9rant s\u2019arracher les clients habituels pour des destinations plus lointaines et r\u00e9mun\u00e9ratrices\u2026 dommage ! Les touristes peu au fait de ces pratiques peuvent rester ainsi plusieurs dizaines de minutes sans prise en charge alors que plusieurs taxis libres pr\u00e9f\u00e8rent se \u201cbattre\u201d entre eux pour des courses plus profitables !<\/p>\t\t\t\t\t\t\t\t<\/div>\n\t\t\t\t<\/div>\n\t\t\t\t\t<\/div>\n\t\t<\/div>\n\t\t\t\t\t<\/div>\n\t\t<\/section>\n\t\t<div class=\"elementor-element elementor-element-0e41d0f e-flex e-con-boxed e-con e-parent\" data-id=\"0e41d0f\" data-element_type=\"container\" data-e-type=\"container\">\n\t\t\t\t\t<div class=\"e-con-inner\">\n\t\t\t\t<div class=\"elementor-element elementor-element-11088f4 elementor-widget-divider--view-line elementor-widget elementor-widget-divider\" data-id=\"11088f4\" data-element_type=\"widget\" data-e-type=\"widget\" data-widget_type=\"divider.default\">\n\t\t\t\t<div class=\"elementor-widget-container\">\n\t\t\t\t\t\t\t<div class=\"elementor-divider\">\n\t\t\t<span class=\"elementor-divider-separator\">\n\t\t\t\t\t\t<\/span>\n\t\t<\/div>\n\t\t\t\t\t\t<\/div>\n\t\t\t\t<\/div>\n\t\t\t\t\t<\/div>\n\t\t\t\t<\/div>\n\t\t\t\t<\/div>\n\t\t","protected":false},"excerpt":{"rendered":"<p>Rabat de Lyautey \u00e0 Mohammed VI portail de Rabat, tourisme, histoire et culture. Plus d&rsquo;information Gare Rabat-Agdal Pour ceux qui ont connu l\u2019ancienne Gare Rabat Agdal, nul doute que le choc visuel de ce b\u00e2timent qui accueille Al Bora, le TGV reliant Casblanca \u00e0 Tanger en 2h20mn, est stup\u00e9fiant. Car vous avez devant vos yeux [&hellip;]<\/p>\n","protected":false},"author":1,"featured_media":0,"parent":0,"menu_order":0,"comment_status":"closed","ping_status":"closed","template":"","meta":{"_uag_custom_page_level_css":"","_monsterinsights_skip_tracking":false,"_monsterinsights_sitenote_active":false,"_monsterinsights_sitenote_note":"","_monsterinsights_sitenote_category":0,"_uf_show_specific_survey":0,"_uf_disable_surveys":false,"site-sidebar-layout":"no-sidebar","site-content-layout":"plain-container","ast-site-content-layout":"full-width-container","site-content-style":"unboxed","site-sidebar-style":"unboxed","ast-global-header-display":"","ast-banner-title-visibility":"","ast-main-header-display":"","ast-hfb-above-header-display":"","ast-hfb-below-header-display":"","ast-hfb-mobile-header-display":"","site-post-title":"disabled","ast-breadcrumbs-content":"","ast-featured-img":"","footer-sml-layout":"","theme-transparent-header-meta":"enabled","adv-header-id-meta":"","stick-header-meta":"","header-above-stick-meta":"","header-main-stick-meta":"","header-below-stick-meta":"","astra-migrate-meta-layouts":"set","ast-page-background-enabled":"default","ast-page-background-meta":{"desktop":{"background-color":"","background-image":"","background-repeat":"repeat","background-position":"center center","background-size":"auto","background-attachment":"scroll","background-type":"","background-media":"","overlay-type":"","overlay-color":"","overlay-opacity":"","overlay-gradient":""},"tablet":{"background-color":"","background-image":"","background-repeat":"repeat","background-position":"center center","background-size":"auto","background-attachment":"scroll","background-type":"","background-media":"","overlay-type":"","overlay-color":"","overlay-opacity":"","overlay-gradient":""},"mobile":{"background-color":"","background-image":"","background-repeat":"repeat","background-position":"center center","background-size":"auto","background-attachment":"scroll","background-type":"","background-media":"","overlay-type":"","overlay-color":"","overlay-opacity":"","overlay-gradient":""}},"ast-content-background-meta":{"desktop":{"background-color":"var(--ast-global-color-5)","background-image":"","background-repeat":"repeat","background-position":"center center","background-size":"auto","background-attachment":"scroll","background-type":"","background-media":"","overlay-type":"","overlay-color":"","overlay-opacity":"","overlay-gradient":""},"tablet":{"background-color":"var(--ast-global-color-5)","background-image":"","background-repeat":"repeat","background-position":"center center","background-size":"auto","background-attachment":"scroll","background-type":"","background-media":"","overlay-type":"","overlay-color":"","overlay-opacity":"","overlay-gradient":""},"mobile":{"background-color":"var(--ast-global-color-5)","background-image":"","background-repeat":"repeat","background-position":"center center","background-size":"auto","background-attachment":"scroll","background-type":"","background-media":"","overlay-type":"","overlay-color":"","overlay-opacity":"","overlay-gradient":""}},"footnotes":""},"class_list":["post-6719","page","type-page","status-publish","hentry"],"aioseo_notices":[],"uagb_featured_image_src":{"full":false,"thumbnail":false,"medium":false,"medium_large":false,"large":false,"1536x1536":false,"2048x2048":false},"uagb_author_info":{"display_name":"wmetequkjwqb","author_link":"https:\/\/rabat-maroc.net\/rabat-maroc-V2\/author\/wmetequkjwqb\/"},"uagb_comment_info":0,"uagb_excerpt":"Rabat de Lyautey \u00e0 Mohammed VI portail de Rabat, tourisme, histoire et culture. Plus d&rsquo;information Gare Rabat-Agdal Pour ceux qui ont connu l\u2019ancienne Gare Rabat Agdal, nul doute que le choc visuel de ce b\u00e2timent qui accueille Al Bora, le TGV reliant Casblanca \u00e0 Tanger en 2h20mn, est stup\u00e9fiant. Car vous avez devant vos yeux\u2026","jetpack_sharing_enabled":true,"_links":{"self":[{"href":"https:\/\/rabat-maroc.net\/rabat-maroc-V2\/wp-json\/wp\/v2\/pages\/6719","targetHints":{"allow":["GET"]}}],"collection":[{"href":"https:\/\/rabat-maroc.net\/rabat-maroc-V2\/wp-json\/wp\/v2\/pages"}],"about":[{"href":"https:\/\/rabat-maroc.net\/rabat-maroc-V2\/wp-json\/wp\/v2\/types\/page"}],"author":[{"embeddable":true,"href":"https:\/\/rabat-maroc.net\/rabat-maroc-V2\/wp-json\/wp\/v2\/users\/1"}],"replies":[{"embeddable":true,"href":"https:\/\/rabat-maroc.net\/rabat-maroc-V2\/wp-json\/wp\/v2\/comments?post=6719"}],"version-history":[{"count":25,"href":"https:\/\/rabat-maroc.net\/rabat-maroc-V2\/wp-json\/wp\/v2\/pages\/6719\/revisions"}],"predecessor-version":[{"id":6795,"href":"https:\/\/rabat-maroc.net\/rabat-maroc-V2\/wp-json\/wp\/v2\/pages\/6719\/revisions\/6795"}],"wp:attachment":[{"href":"https:\/\/rabat-maroc.net\/rabat-maroc-V2\/wp-json\/wp\/v2\/media?parent=6719"}],"curies":[{"name":"wp","href":"https:\/\/api.w.org\/{rel}","templated":true}]}}